{"id":18646,"date":"2021-02-23T17:30:31","date_gmt":"2021-02-23T16:30:31","guid":{"rendered":"https:\/\/cafelapalma.com\/?page_id=18646"},"modified":"2021-02-26T20:21:52","modified_gmt":"2021-02-26T19:21:52","slug":"politica-de-privacidad-y-proteccion-de-datos","status":"publish","type":"page","link":"https:\/\/cafelapalma.com\/en\/politica-de-privacidad-y-proteccion-de-datos\/","title":{"rendered":"Pol\u00edtica de Privacidad y Protecci\u00f3n de Datos."},"content":{"rendered":"\n<p class=\"wp-block-paragraph\">[:es]<\/p>\n\n\n\n<p class=\"has-text-align-justify wp-block-paragraph\"><strong>Finalidad de los datos recabados<\/strong>.<br><br>Se informa al USUARIO que, mediante los formularios de registro de la web, se recaban datos, que se almacenan en un fichero, con la exclusiva finalidad de env\u00edo de comunicaciones electr\u00f3nicas, tales como: boletines (newsletters), nuevas entradas (posts), as\u00ed como otras comunicaciones que\u00a0<a rel=\"noreferrer noopener\" href=\"https:\/\/cafelapalma.com\/\" target=\"_blank\">cafelapalma.com<\/a>\u00a0entiende interesantes para sus USUARIOS. Los campos marcados como de cumplimentaci\u00f3n obligatoria, son imprescindibles para realizar la finalidad expresada.<br><br>Los datos de contacto de los USUARIOS tambi\u00e9n habr\u00e1n podido ser recogidos de fuentes de acceso al p\u00fablico, tales como gu\u00edas telef\u00f3nicas, gu\u00edas del espect\u00e1culo, gu\u00edas de profesionales, etc.<br><br>\u00danicamente el titular tendr\u00e1 acceso a sus datos, y bajo ning\u00fan concepto, estos datos ser\u00e1n cedidos, compartidos, transferidos, ni vendidos a ning\u00fan tercero.<br><br>La aceptaci\u00f3n de la pol\u00edtica de privacidad\u00a0\u00a0se entender\u00e1 a todos los efectos como la prestaci\u00f3n de CONSENTIMIENTO EXPRESO E INEQU\u00cdVOCO del USUARIO al tratamiento de los datos de car\u00e1cter personal en los t\u00e9rminos que se exponen en el presente documento, as\u00ed como a la transferencia internacional de datos que se produce, exclusivamente debido a la ubicaci\u00f3n f\u00edsica de las instalaciones de los proveedores de servicios y encargados del tratamiento de datos.<br><br><strong>Cumplimiento de la normativa de aplicaci\u00f3n<\/strong>.<br><br>Le informamos que los datos suministrados, as\u00ed como aquellos datos derivados de su navegaci\u00f3n, podr\u00e1n ser almacenados en los ficheros de\u00a0<a rel=\"noreferrer noopener\" href=\"https:\/\/cafelapalma.com\/\" target=\"_blank\">cafelapalma.com<\/a>\u00a0y tratados para la finalidad de atender su solicitud y el mantenimiento de la relaci\u00f3n que se establezca en los formularios que suscriba.<br><br>Adicionalmente, el USUARIO consiente el tratamiento de sus datos con la finalidad de informarles, por cualquier medio, incluido el correo electr\u00f3nico, de productos y servicios de\u00a0<a rel=\"noreferrer noopener\" href=\"https:\/\/cafelapalma.com\/\" target=\"_blank\">cafelapalma.com<\/a>.<br><br>En caso de no autorizar el tratamiento de sus datos con la finalidad se\u00f1alada anteriormente, el USUARIO podr\u00e1 ejercer su derecho de oposici\u00f3n al tratamiento de sus datos en los t\u00e9rminos y condiciones previstos m\u00e1s adelante en el apartado \u201cEjercicio de Derechos ARCO\u201d.<br><br><strong>Medidas de Seguridad<\/strong>.<br><br><a rel=\"noreferrer noopener\" href=\"https:\/\/cafelapalma.com\/\" target=\"_blank\">Cafelapalma.com<\/a>\u00a0informa que tiene implantadas las medidas de seguridad de \u00edndole t\u00e9cnica y organizativas necesarias para garantizar la seguridad de sus datos de car\u00e1cter personal y evitar su alteraci\u00f3n, p\u00e9rdida y tratamiento y\/o acceso no autorizado, habida cuenta del estado de la tecnolog\u00eda, la naturaleza de los datos almacenados y los riesgos a que est\u00e1n expuestos, ya provengan de la acci\u00f3n humana o del medio f\u00edsico o natural. Todo ello de conformidad con lo previsto en el Art. 9 de la LOPD y el T\u00edtulo VIII del RLOPD.<br><br>Asimismo,\u00a0<a rel=\"noreferrer noopener\" href=\"https:\/\/cafelapalma.com\/\" target=\"_blank\">cafelapalma.com<\/a>\u00a0ha establecido medidas adicionales en orden a reforzar la confidencialidad e integridad de la informaci\u00f3n en su organizaci\u00f3n. Manteniendo continuamente la supervisi\u00f3n, control y evaluaci\u00f3n de los procesos para asegurar el respeto a la privacidad de los datos.<br><br><strong>Ejercicio de Derechos ARCO: Acceso, Rectificaci\u00f3n, Cancelaci\u00f3n y Oposici\u00f3n<\/strong>.<br><br>Los usuarios podr\u00e1n dirigirse a\u00a0<a rel=\"noreferrer noopener\" href=\"https:\/\/cafelapalma.com\/\" target=\"_blank\">cafelapalma.com<\/a>\u00a0con el fin de poder ejercitar gratuitamente sus derechos de acceso, rectificaci\u00f3n, cancelaci\u00f3n y oposici\u00f3n respecto de los datos incorporados en sus ficheros.<br><br>El interesado podr\u00e1 ejercitar sus derechos mediante comunicaci\u00f3n por email dirigida a\u00a0<em>cafelapalma (a) cafelapalma . com<\/em>\u00a0con la referencia \u201cProtecci\u00f3n de datos\/<a rel=\"noreferrer noopener\" href=\"https:\/\/cafelapalma.com\/\" target=\"_blank\">cafelapalma.com<\/a>\u00a0, especificando sus datos, acreditando su identidad y los motivos de su solicitud.<br><br><strong>Links<\/strong>.<br><br>Como un servicio a nuestros visitantes, nuestro sitio web puede incluir hiperv\u00ednculos a otros sitios que no son operados o controlados por\u00a0<a rel=\"noreferrer noopener\" href=\"https:\/\/cafelapalma.com\/\" target=\"_blank\">cafelapalma.com<\/a>. \u00a0Por ello\u00a0<a rel=\"noreferrer noopener\" href=\"https:\/\/cafelapalma.com\/\" target=\"_blank\">cafelapalma.com<\/a>\u00a0no garantiza, ni se hace responsable de la licitud, fiabilidad, utilidad, veracidad y actualidad de los contenidos de tales sitios web o de sus pr\u00e1cticas de privacidad. Por favor, antes de proporcionar su informaci\u00f3n personal a estos sitios web ajenos a\u00a0<a rel=\"noreferrer noopener\" href=\"https:\/\/cafelapalma.com\/\" target=\"_blank\">cafelapalma.com<\/a>, \u00a0tenga en cuenta que sus pr\u00e1cticas de privacidad pueden diferir de las nuestras.<br><br><br><strong>Pol\u00edtica de \u201cCookies\u201d<\/strong>.<br><br>Una cookie es un archivo de informaci\u00f3n que el servidor de este sitio web env\u00eda al dispositivo (ordenador, smartphone, tablet, etc.) de quien accede a la p\u00e1gina para almacenar y recuperar informaci\u00f3n sobre la navegaci\u00f3n que se efect\u00faa desde dicho equipo.<br><br><a rel=\"noreferrer noopener\" href=\"https:\/\/cafelapalma.com\/\" target=\"_blank\">cafelapalma.com<\/a>\u00a0utiliza diversos tipos de cookies (t\u00e9cnicas, anal\u00edticas y sociales) \u00fanicamente con la finalidad de mejorar la navegaci\u00f3n del usuario en el sitio web, sin ning\u00fan tipo de objeto publicitario o similar, para el an\u00e1lisis y elaboraci\u00f3n de estad\u00edsticas de la navegaci\u00f3n que el USUARIO realiza en el sitio web, a\u00ed como para compartir los contenidos en redes sociales (Google+, Twitter, Linkedin, Disqus).<br><br><strong>Menores de edad<\/strong>.<br><br>La web de\u00a0<a rel=\"noreferrer noopener\" href=\"https:\/\/cafelapalma.com\/\" target=\"_blank\">cafelapalma.com<\/a>\u00a0no se dirige a menores de edad. El titular de la web\u00a0declina cualquier responsabilidad por el incumplimiento de este requisito.<br><br><strong>Identificaci\u00f3n de la promotora.<br><\/strong><br>Caf\u00e9 La Palma.<br><a href=\"https:\/\/maps.google.com\/?q=Calle+La+Palma,+62.+28015.+Madrid&amp;entry=gmail&amp;source=g\">Calle La Palma, 62. 28015. Madrid<\/a>.<br>Tel 91 522 5031<br><em>cafelapalma (a) cafelapalma . com<\/em><br><\/p>\n\n\n\n<p class=\"wp-block-paragraph\">[:en]<\/p>\n\n\n\n<p class=\"wp-block-paragraph\">English version is currently not avaiable. Sorry for the inconvenience.<\/p>\n\n\n\n<p class=\"wp-block-paragraph\">[:]<\/p>\n","protected":false},"excerpt":{"rendered":"<p>[:es] Finalidad de los datos recabados. Se informa al USUARIO que, mediante los formularios de registro de la web, se recaban datos, que se almacenan en un fichero, con la exclusiva finalidad de env\u00edo de comunicaciones electr\u00f3nicas, tales como: boletines (newsletters), nuevas entradas (posts), as\u00ed como otras comunicaciones que\u00a0cafelapalma.com\u00a0entiende interesantes para sus USUARIOS. Los campos &hellip; <\/p>\n","protected":false},"author":2,"featured_media":0,"parent":0,"menu_order":0,"comment_status":"closed","ping_status":"closed","template":"","meta":{"_tec_requires_first_save":true,"_uag_custom_page_level_css":"","loftloader_page_shortcode":"","_EventAllDay":false,"_EventTimezone":"","_EventStartDate":"","_EventEndDate":"","_EventStartDateUTC":"","_EventEndDateUTC":"","_EventShowMap":false,"_EventShowMapLink":false,"_EventURL":"","_EventCost":"","_EventCostDescription":"","_EventCurrencySymbol":"","_EventCurrencyCode":"","_EventCurrencyPosition":"","_EventDateTimeSeparator":"","_EventTimeRangeSeparator":"","_EventOrganizerID":[],"_EventVenueID":[],"_OrganizerEmail":"","_OrganizerPhone":"","_OrganizerWebsite":"","_VenueAddress":"","_VenueCity":"","_VenueCountry":"","_VenueProvince":"","_VenueState":"","_VenueZip":"","_VenuePhone":"","_VenueURL":"","_VenueStateProvince":"","_VenueLat":"","_VenueLng":"","_VenueShowMap":false,"_VenueShowMapLink":false,"_tribe_blocks_recurrence_rules":"","_tribe_blocks_recurrence_description":"","_tribe_blocks_recurrence_exclusions":"","_ecp_custom_2":"","footnotes":""},"class_list":["post-18646","page","type-page","status-publish","hentry"],"uagb_featured_image_src":{"full":false,"thumbnail":false,"medium":false,"medium_large":false,"large":false,"1536x1536":false,"2048x2048":false,"trp-custom-language-flag":false,"blossom-feminine-slider":false,"blossom-feminine-featured":false,"blossom-feminine-with-sidebar":false,"blossom-feminine-blog":false,"blossom-feminine-cat":false,"blossom-feminine-related":false,"blossom-feminine-schema":false},"uagb_author_info":{"display_name":"Victor","author_link":"https:\/\/cafelapalma.com\/en\/author\/comunicacion\/"},"uagb_comment_info":0,"uagb_excerpt":"[:es] Finalidad de los datos recabados. Se informa al USUARIO que, mediante los formularios de registro de la web, se recaban datos, que se almacenan en un fichero, con la exclusiva finalidad de env\u00edo de comunicaciones electr\u00f3nicas, tales como: boletines (newsletters), nuevas entradas (posts), as\u00ed como otras comunicaciones que\u00a0cafelapalma.com\u00a0entiende interesantes para sus USUARIOS. Los campos&hellip;","_links":{"self":[{"href":"https:\/\/cafelapalma.com\/en\/wp-json\/wp\/v2\/pages\/18646","targetHints":{"allow":["GET"]}}],"collection":[{"href":"https:\/\/cafelapalma.com\/en\/wp-json\/wp\/v2\/pages"}],"about":[{"href":"https:\/\/cafelapalma.com\/en\/wp-json\/wp\/v2\/types\/page"}],"author":[{"embeddable":true,"href":"https:\/\/cafelapalma.com\/en\/wp-json\/wp\/v2\/users\/2"}],"replies":[{"embeddable":true,"href":"https:\/\/cafelapalma.com\/en\/wp-json\/wp\/v2\/comments?post=18646"}],"version-history":[{"count":0,"href":"https:\/\/cafelapalma.com\/en\/wp-json\/wp\/v2\/pages\/18646\/revisions"}],"wp:attachment":[{"href":"https:\/\/cafelapalma.com\/en\/wp-json\/wp\/v2\/media?parent=18646"}],"curies":[{"name":"wp","href":"https:\/\/api.w.org\/{rel}","templated":true}]}}