{"id":19545,"date":"2021-03-17T17:05:38","date_gmt":"2021-03-17T16:05:38","guid":{"rendered":"https:\/\/cafelapalma.com\/?post_type=tribe_events&#038;p=19545"},"modified":"2021-04-21T17:09:18","modified_gmt":"2021-04-21T15:09:18","slug":"rosin-de-palo","status":"publish","type":"tribe_events","link":"https:\/\/cafelapalma.com\/en\/programacion\/rosin-de-palo\/","title":{"rendered":"INTERNATIONAL JAZZ MADRID 2021: ROSIN DE PALO"},"content":{"rendered":"<div  class=\"tribe-events-schedule tribe-clearfix\" >\n\t<p class=\"tribe-events-schedule__datetime\">\n\t\t<span class=\"tribe-events-schedule__date tribe-events-schedule__date--start\">\n\t\t\t01  May  2021\t\t<\/span>\n\n\t\t\t\t\t<span class=\"tribe-events-schedule__separator tribe-events-schedule__separator--date\">\n\t\t\t\t@\t\t\t<\/span>\n\t\t\t<span class=\"tribe-events-schedule__time tribe-events-schedule__time--start\">\n\t\t\t\t13:00\t\t\t<\/span>\n\t\t\n\t\t\t\t\t\t\t\t\t<span class=\"tribe-events-schedule__separator tribe-events-schedule__separator--time\">\n\t\t\t\t\t&#8211;\t\t\t\t<\/span>\n\t\t\t\n\t\t\t\t\t\t\t<span class=\"tribe-events-schedule__time tribe-events-schedule__time--end\">\n\t\t\t\t\t15:00\t\t\t\t<\/span>\n\t\t\t\n\t\t\t\t\t\t<\/p>\n<\/div>\n\n\n<div  class=\"tribe-block tribe-block__event-price\" >\n\t\t\t\t<span class=\"tribe-block__event-price__description\">ENTRADAS AGOTADAS<\/span>\n\t<\/div>\n\n\n\n<div class=\"wp-block-columns is-layout-flex wp-container-core-columns-is-layout-8f761849 wp-block-columns-is-layout-flex\">\n<div class=\"wp-block-column is-layout-flow wp-block-column-is-layout-flow\" style=\"flex-basis:33.33%\">\n<figure class=\"wp-block-image size-large\"><img loading=\"lazy\" decoding=\"async\" width=\"399\" height=\"487\" src=\"https:\/\/cafelapalma.com\/wp-content\/uploads\/2021\/04\/CAFE-LA-PALMA-ROSIN-DE-PALO-2-2.png\" alt=\"\" class=\"wp-image-19678\" srcset=\"https:\/\/cafelapalma.com\/wp-content\/uploads\/2021\/04\/CAFE-LA-PALMA-ROSIN-DE-PALO-2-2.png 399w, https:\/\/cafelapalma.com\/wp-content\/uploads\/2021\/04\/CAFE-LA-PALMA-ROSIN-DE-PALO-2-2-246x300.png 246w, https:\/\/cafelapalma.com\/wp-content\/uploads\/2021\/04\/CAFE-LA-PALMA-ROSIN-DE-PALO-2-2-49x60.png 49w\" sizes=\"auto, (max-width: 399px) 100vw, 399px\" \/><\/figure>\n<\/div>\n\n\n\n<div class=\"wp-block-column is-layout-flow wp-block-column-is-layout-flow\" style=\"flex-basis:66.66%\">\n<p class=\"has-text-align-left wp-block-paragraph\"><strong>Rosin de Palo<\/strong> (<em>Zaragoza experimental power duo<\/em>) son <strong>Samuel <\/strong>y \u200b<strong>Mario<\/strong>, dos m\u00fasicos sin ning\u00fan prejuicio ni frontera musical. Un contrabajo y un set de percusi\u00f3n (bater\u00eda) que caminan juntos a base de grandes pizzicatos y ritmos impacientes que surgen de sus estudios en el <strong>Conservatorio Superior de Arag\u00f3n<\/strong>.<\/p>\n\n\n\n<p class=\"has-text-align-left wp-block-paragraph\">Este proyecto toma la m\u00fasica cl\u00e1sica como punto de partida y la fusiona con nuevas sonoridades, algo que resulta siempre una sorprendente, como si <strong>Gustav Mahler<\/strong> y <strong>Cecilio G<\/strong> salieran juntos de fiesta: el buen gusto y, casi siempre, la inconsciencia del dejarse llevar.<\/p>\n\n\n\n<p class=\"has-text-align-left wp-block-paragraph\">Tras su flamante fichaje por el sello <strong>Lago\/Cr\u00e1ter<\/strong>, desembarcan en la capital dentro de la programaci\u00f3n del <strong>International Jazz Day 2021<\/strong>, donde adem\u00e1s de dar cuenta del repertorio de sus anteriores trabajos, adelantar\u00e1n nuevos temas de su inminente LP.<\/p>\n<\/div>\n<\/div>\n\n\n\n<hr class=\"wp-block-separator is-style-wide\"\/>\n\n\n\n<div style=\"height:100px\" aria-hidden=\"true\" class=\"wp-block-spacer\"><\/div>\n\n\n<h2 class=\"tribe-block__related-events__title\">Related Events<\/h2>\n\n<ul  class=\"tribe-related-events tribe-clearfix\" >\n\t\t\t<li>\n\t\n<div class=\"tribe-related-events-thumbnail\">\n\t<a href=\"https:\/\/cafelapalma.com\/en\/programacion\/funkin-donuts\/\" class=\"url\" rel=\"bookmark\" tabindex=\"-1\" aria-hidden=\"true\"><img loading=\"lazy\" decoding=\"async\" width=\"693\" height=\"1040\" src=\"https:\/\/cafelapalma.com\/wp-content\/uploads\/2026\/07\/FD-vert2-bn-693x1040.jpg\" class=\"attachment-large size-large wp-post-image\" alt=\"\" \/><\/a>\n<\/div>\n\t<div class=\"tribe-related-event-info\">\n\t<h3 class=\"tribe-related-events-title\">\n\t\t<a href=\"https:\/\/cafelapalma.com\/en\/programacion\/funkin-donuts\/\" class=\"tribe-event-url\" rel=\"bookmark\">\n\t\t\tFUNKIN&#8217; DONUTS\t\t<\/a>\n\t<\/h3>\n\t<span class=\"tribe-event-date-start\">5  September@22:00<\/span><span class=\"tribe-event-time\">23:45<\/span><\/div>\n<\/li>\n\t\t\t<li>\n\t\n<div class=\"tribe-related-events-thumbnail\">\n\t<a href=\"https:\/\/cafelapalma.com\/en\/programacion\/willie-deville-concierto-benefico-x-venezuela\/\" class=\"url\" rel=\"bookmark\" tabindex=\"-1\" aria-hidden=\"true\"><img loading=\"lazy\" decoding=\"async\" width=\"1020\" height=\"531\" src=\"https:\/\/cafelapalma.com\/wp-content\/uploads\/2026\/08\/Willie-deville-1100x572-1-1040x541.jpg\" class=\"attachment-large size-large wp-post-image\" alt=\"\" \/><\/a>\n<\/div>\n\t<div class=\"tribe-related-event-info\">\n\t<h3 class=\"tribe-related-events-title\">\n\t\t<a href=\"https:\/\/cafelapalma.com\/en\/programacion\/willie-deville-concierto-benefico-x-venezuela\/\" class=\"tribe-event-url\" rel=\"bookmark\">\n\t\t\tWILLIE DEVILLE: CONCIERTO BEN\u00c9FICO X VENEZUELA\t\t<\/a>\n\t<\/h3>\n\t<span class=\"tribe-event-date-start\">6  September@21:00<\/span><span class=\"tribe-event-time\">23:45<\/span><\/div>\n<\/li>\n\t\t\t<li>\n\t\n<div class=\"tribe-related-events-thumbnail\">\n\t<a href=\"https:\/\/cafelapalma.com\/en\/programacion\/new-boix\/\" class=\"url\" rel=\"bookmark\" tabindex=\"-1\" aria-hidden=\"true\"><img loading=\"lazy\" decoding=\"async\" width=\"694\" height=\"1040\" src=\"https:\/\/cafelapalma.com\/wp-content\/uploads\/2026\/05\/WhatsApp-Image-2026-04-29-at-12.00.28-694x1040.jpeg\" class=\"attachment-large size-large wp-post-image\" alt=\"\" \/><\/a>\n<\/div>\n\t<div class=\"tribe-related-event-info\">\n\t<h3 class=\"tribe-related-events-title\">\n\t\t<a href=\"https:\/\/cafelapalma.com\/en\/programacion\/new-boix\/\" class=\"tribe-event-url\" rel=\"bookmark\">\n\t\t\tNEW BOIX\t\t<\/a>\n\t<\/h3>\n\t<span class=\"tribe-event-date-start\">10  September@22:00<\/span><span class=\"tribe-event-time\">23:45<\/span><\/div>\n<\/li>\n\t<\/ul>\n\n\n\n<div class=\"wp-block-columns is-layout-flex wp-container-core-columns-is-layout-8f761849 wp-block-columns-is-layout-flex\">\n<div class=\"wp-block-column is-layout-flow wp-block-column-is-layout-flow\"><\/div>\n<\/div>\n\n\n\n<p class=\"wp-block-paragraph\"><\/p>\n\n\n\n<p class=\"wp-block-paragraph\"><\/p>","protected":false},"excerpt":{"rendered":"<p>Rosin de Palo (Zaragoza experimental power duo) son Samuel y \u200bMario, dos m\u00fasicos sin ning\u00fan prejuicio ni frontera musical. Un contrabajo y un set de percusi\u00f3n (bater\u00eda) que caminan juntos a base de grandes pizzicatos y ritmos impacientes que surgen de sus estudios en el Conservatorio Superior de Arag\u00f3n. Este proyecto toma la m\u00fasica cl\u00e1sica &hellip; <\/p>","protected":false},"author":2,"featured_media":19623,"template":"","meta":{"_tec_requires_first_save":false,"_uag_custom_page_level_css":"","loftloader_page_shortcode":"","_EventAllDay":false,"_EventTimezone":"Europe\/Madrid","_EventStartDate":"2021-05-01 13:00:00","_EventEndDate":"2021-05-01 15:00:00","_EventStartDateUTC":"2021-05-01 11:00:00","_EventEndDateUTC":"2021-05-01 13:00:00","_EventShowMap":false,"_EventShowMapLink":false,"_EventURL":"https:\/\/link.dice.fm\/sYvWGqjoS9","_EventCost":"","_EventCostDescription":"","_EventCurrencySymbol":"\u20ac","_EventCurrencyCode":"","_EventCurrencyPosition":"suffix","_EventDateTimeSeparator":"@","_EventTimeRangeSeparator":"-","_EventOrganizerID":[],"_EventVenueID":[0],"_OrganizerEmail":"","_OrganizerPhone":"","_OrganizerWebsite":"","_VenueAddress":"","_VenueCity":"","_VenueCountry":"","_VenueProvince":"","_VenueState":"","_VenueZip":"","_VenuePhone":"","_VenueURL":"","_VenueStateProvince":"","_VenueLat":"","_VenueLng":"","_VenueShowMap":false,"_VenueShowMapLink":false,"_tribe_blocks_recurrence_rules":"","_tribe_blocks_recurrence_description":"","_tribe_blocks_recurrence_exclusions":"","_ecp_custom_2":"","_tribe_events_status":"","_tribe_events_status_reason":"","_tribe_events_is_hybrid":"","_tribe_events_is_virtual":"","_tribe_events_virtual_video_source":"","_tribe_events_virtual_embed_video":"","_tribe_events_virtual_linked_button_text":"","_tribe_events_virtual_linked_button":"","_tribe_events_virtual_show_embed_at":"","_tribe_events_virtual_show_embed_to":[],"_tribe_events_virtual_show_on_event":"","_tribe_events_virtual_show_on_views":"","_tribe_events_virtual_url":"","footnotes":""},"tags":[8869,9188,2865,9147,9146,9181,9177,9178,9187,9174,9186,9185,9179,9180,9175,9184,9183,9176,9182],"tribe_events_cat":[8963],"class_list":["post-19545","tribe_events","type-tribe_events","status-publish","has-post-thumbnail","hentry","tag-cafe-la-palma-2","tag-cecilio-g","tag-conciertos-cafe-la-palma","tag-conciertos-madrid","tag-conciertos-malasana","tag-conservatorio-superior-de-aragon","tag-contrabajo","tag-experimental-power-duo","tag-gustav-mahler","tag-international-jazz-day","tag-lago-crater","tag-lamovidaelpalo","tag-mario-vidal","tag-percusion","tag-rosin-de-palo","tag-ruco-tapes","tag-rushing-standard-drink","tag-samuel-azorin","tag-zaragoza","tribe_events_cat-concierto","cat_concierto"],"uagb_featured_image_src":{"full":["https:\/\/cafelapalma.com\/wp-content\/uploads\/2021\/03\/Rosin_IJD.png",1080,1080,false],"thumbnail":["https:\/\/cafelapalma.com\/wp-content\/uploads\/2021\/03\/Rosin_IJD-150x150.png",150,150,true],"medium":["https:\/\/cafelapalma.com\/wp-content\/uploads\/2021\/03\/Rosin_IJD-300x300.png",300,300,true],"medium_large":["https:\/\/cafelapalma.com\/wp-content\/uploads\/2021\/03\/Rosin_IJD-768x768.png",768,768,true],"large":["https:\/\/cafelapalma.com\/wp-content\/uploads\/2021\/03\/Rosin_IJD-1024x1024.png",1020,1020,true],"1536x1536":["https:\/\/cafelapalma.com\/wp-content\/uploads\/2021\/03\/Rosin_IJD.png",1080,1080,false],"2048x2048":["https:\/\/cafelapalma.com\/wp-content\/uploads\/2021\/03\/Rosin_IJD.png",1080,1080,false],"trp-custom-language-flag":["https:\/\/cafelapalma.com\/wp-content\/uploads\/2021\/03\/Rosin_IJD.png",12,12,false],"blossom-feminine-slider":["https:\/\/cafelapalma.com\/wp-content\/uploads\/2021\/03\/Rosin_IJD-1080x649.png",1080,649,true],"blossom-feminine-featured":["https:\/\/cafelapalma.com\/wp-content\/uploads\/2021\/03\/Rosin_IJD-1080x600.png",1080,600,true],"blossom-feminine-with-sidebar":["https:\/\/cafelapalma.com\/wp-content\/uploads\/2021\/03\/Rosin_IJD-1020x600.png",1020,600,true],"blossom-feminine-blog":["https:\/\/cafelapalma.com\/wp-content\/uploads\/2021\/03\/Rosin_IJD-435x435.png",435,435,true],"blossom-feminine-cat":["https:\/\/cafelapalma.com\/wp-content\/uploads\/2021\/03\/Rosin_IJD-450x300.png",450,300,true],"blossom-feminine-related":["https:\/\/cafelapalma.com\/wp-content\/uploads\/2021\/03\/Rosin_IJD-320x200.png",320,200,true],"blossom-feminine-schema":["https:\/\/cafelapalma.com\/wp-content\/uploads\/2021\/03\/Rosin_IJD-60x60.png",60,60,true]},"uagb_author_info":{"display_name":"Victor","author_link":"https:\/\/cafelapalma.com\/en\/author\/comunicacion\/"},"uagb_comment_info":0,"uagb_excerpt":"Rosin de Palo (Zaragoza experimental power duo) son Samuel y \u200bMario, dos m\u00fasicos sin ning\u00fan prejuicio ni frontera musical. Un contrabajo y un set de percusi\u00f3n (bater\u00eda) que caminan juntos a base de grandes pizzicatos y ritmos impacientes que surgen de sus estudios en el Conservatorio Superior de Arag\u00f3n. Este proyecto toma la m\u00fasica cl\u00e1sica&hellip;","_links":{"self":[{"href":"https:\/\/cafelapalma.com\/en\/wp-json\/wp\/v2\/tribe_events\/19545","targetHints":{"allow":["GET"]}}],"collection":[{"href":"https:\/\/cafelapalma.com\/en\/wp-json\/wp\/v2\/tribe_events"}],"about":[{"href":"https:\/\/cafelapalma.com\/en\/wp-json\/wp\/v2\/types\/tribe_events"}],"author":[{"embeddable":true,"href":"https:\/\/cafelapalma.com\/en\/wp-json\/wp\/v2\/users\/2"}],"version-history":[{"count":0,"href":"https:\/\/cafelapalma.com\/en\/wp-json\/wp\/v2\/tribe_events\/19545\/revisions"}],"wp:featuredmedia":[{"embeddable":true,"href":"https:\/\/cafelapalma.com\/en\/wp-json\/wp\/v2\/media\/19623"}],"wp:attachment":[{"href":"https:\/\/cafelapalma.com\/en\/wp-json\/wp\/v2\/media?parent=19545"}],"wp:term":[{"taxonomy":"post_tag","embeddable":true,"href":"https:\/\/cafelapalma.com\/en\/wp-json\/wp\/v2\/tags?post=19545"},{"taxonomy":"tribe_events_cat","embeddable":true,"href":"https:\/\/cafelapalma.com\/en\/wp-json\/wp\/v2\/tribe_events_cat?post=19545"}],"curies":[{"name":"wp","href":"https:\/\/api.w.org\/{rel}","templated":true}]}}