{"id":19695,"date":"2021-04-16T12:10:13","date_gmt":"2021-04-16T10:10:13","guid":{"rendered":"https:\/\/cafelapalma.com\/?post_type=tribe_events&#038;p=19695"},"modified":"2021-04-16T12:10:43","modified_gmt":"2021-04-16T10:10:43","slug":"sound-isidro-chavales","status":"publish","type":"tribe_events","link":"https:\/\/cafelapalma.com\/en\/programacion\/sound-isidro-chavales\/","title":{"rendered":"SOUND ISIDRO: CHAVALES"},"content":{"rendered":"<div  class=\"tribe-events-schedule tribe-clearfix\" >\n\t<p class=\"tribe-events-schedule__datetime\">\n\t\t<span class=\"tribe-events-schedule__date tribe-events-schedule__date--start\">\n\t\t\t17  June  2021\t\t<\/span>\n\n\t\t\t\t\t<span class=\"tribe-events-schedule__separator tribe-events-schedule__separator--date\">\n\t\t\t\t@\t\t\t<\/span>\n\t\t\t<span class=\"tribe-events-schedule__time tribe-events-schedule__time--start\">\n\t\t\t\t21:00\t\t\t<\/span>\n\t\t\n\t\t\t\t\t\t\t\t\t<span class=\"tribe-events-schedule__separator tribe-events-schedule__separator--time\">\n\t\t\t\t\t&#8211;\t\t\t\t<\/span>\n\t\t\t\n\t\t\t\t\t\t\t<span class=\"tribe-events-schedule__time tribe-events-schedule__time--end\">\n\t\t\t\t\t22:30\t\t\t\t<\/span>\n\t\t\t\n\t\t\t\t\t\t<\/p>\n<\/div>\n\n\n<div  class=\"tribe-block tribe-block__event-price\" >\n\t\t\t<span class=\"tribe-block__event-price__cost\"> 12\u20ac <\/span>\n\t\t\t\t<span class=\"tribe-block__event-price__description\">Anticipada<\/span>\n\t<\/div>\n\n\n\n<div class=\"wp-block-columns is-layout-flex wp-container-core-columns-is-layout-8f761849 wp-block-columns-is-layout-flex\">\n<div class=\"wp-block-column is-layout-flow wp-block-column-is-layout-flow\" style=\"flex-basis:33.33%\">\n<figure class=\"wp-block-image size-large\"><img loading=\"lazy\" decoding=\"async\" width=\"1024\" height=\"1024\" src=\"https:\/\/cafelapalma.com\/wp-content\/uploads\/2021\/04\/chavales-1024x1024.png\" alt=\"\" class=\"wp-image-19696\" srcset=\"https:\/\/cafelapalma.com\/wp-content\/uploads\/2021\/04\/chavales-1024x1024.png 1024w, https:\/\/cafelapalma.com\/wp-content\/uploads\/2021\/04\/chavales-300x300.png 300w, https:\/\/cafelapalma.com\/wp-content\/uploads\/2021\/04\/chavales-150x150.png 150w, https:\/\/cafelapalma.com\/wp-content\/uploads\/2021\/04\/chavales-768x768.png 768w, https:\/\/cafelapalma.com\/wp-content\/uploads\/2021\/04\/chavales-1536x1536.png 1536w, https:\/\/cafelapalma.com\/wp-content\/uploads\/2021\/04\/chavales-435x435.png 435w, https:\/\/cafelapalma.com\/wp-content\/uploads\/2021\/04\/chavales-60x60.png 60w, https:\/\/cafelapalma.com\/wp-content\/uploads\/2021\/04\/chavales.png 1755w\" sizes=\"auto, (max-width: 1024px) 100vw, 1024px\" \/><\/figure>\n<\/div>\n\n\n\n<div class=\"wp-block-column is-layout-flow wp-block-column-is-layout-flow\" style=\"flex-basis:66.66%\">\n<p class=\"has-text-align-left wp-block-paragraph\"><strong>CHAVALES <\/strong>son una de las realidades m\u00e1s actuales de la siempre prol\u00edfica cantera <strong>Elefant Records<\/strong>.: en febrero de 2020, antes de la irrupci\u00f3n de la pandemia, tomaron la alternativa en <strong>CAFE LA PALMA<\/strong> junto a <strong>Die Katapult<\/strong>.<\/p>\n\n\n\n<p class=\"has-text-align-left wp-block-paragraph\"> <strong><em>\u201cTu Foto En El Techo\u201d<\/em><\/strong> a\u00fan est\u00e1 caliente despu\u00e9s de sacarlo del horno hace apenas unos meses, y todav\u00eda nos queman las suelas de los zapatos de tanto bailar (en casa) <strong><em>\u201cLas Plantas De La Terraza\u201d<\/em><\/strong>. Y es que&nbsp;<strong>Daniel<\/strong>&nbsp;y&nbsp;<strong>Javier&nbsp;<\/strong>hacen un synth pop sin tapujos, directo, perfectamente ejecutado y altamente adictivo. <strong><em>\u00abEy, Que Estoy Aqu\u00ed\u00bb<\/em><\/strong> fue uno de nuestros temas favoritos de 2020.<\/p>\n\n\n\n<p class=\"has-text-align-left wp-block-paragraph\"><strong>Sound Isidro<\/strong> vuelve a la carga en 2021 con su octava edici\u00f3n, que se celebrar\u00e1 entre los d\u00edas 1 de mayo y 26 de junio. Con el patrocinio de <strong>Vibra Mahou<\/strong>, este gran ciclo de conciertos sigue fiel a sus principios, y este a\u00f1o no faltar\u00e1 a su cita reivindicando la cultura de conciertos en salas de peque\u00f1o y mediano aforo.<\/p>\n<\/div>\n<\/div>\n\n\n<div  class=\"tribe-block tribe-block__event-website\" >\n\t<a\n\t\thref=\"https:\/\/www.wegow.com\/es-es\/conciertos\/sound-isidro-2021-chavales-en-madrid\"\n\t\ttarget=\"_self\"\n\t\t\t>\n\t\tBUY TICKETS\t<\/a>\n<\/div>\n\n\n\n<hr class=\"wp-block-separator is-style-wide\"\/>\n\n\n\n<div style=\"height:100px\" aria-hidden=\"true\" class=\"wp-block-spacer\"><\/div>\n\n\n<h2 class=\"tribe-block__related-events__title\">Related Events<\/h2>\n\n<ul  class=\"tribe-related-events tribe-clearfix\" >\n\t\t\t<li>\n\t\n<div class=\"tribe-related-events-thumbnail\">\n\t<a href=\"https:\/\/cafelapalma.com\/en\/programacion\/funkin-donuts\/\" class=\"url\" rel=\"bookmark\" tabindex=\"-1\" aria-hidden=\"true\"><img loading=\"lazy\" decoding=\"async\" width=\"693\" height=\"1040\" src=\"https:\/\/cafelapalma.com\/wp-content\/uploads\/2026\/07\/FD-vert2-bn-693x1040.jpg\" class=\"attachment-large size-large wp-post-image\" alt=\"\" \/><\/a>\n<\/div>\n\t<div class=\"tribe-related-event-info\">\n\t<h3 class=\"tribe-related-events-title\">\n\t\t<a href=\"https:\/\/cafelapalma.com\/en\/programacion\/funkin-donuts\/\" class=\"tribe-event-url\" rel=\"bookmark\">\n\t\t\tFUNKIN&#8217; DONUTS\t\t<\/a>\n\t<\/h3>\n\t<span class=\"tribe-event-date-start\">5  September@22:00<\/span><span class=\"tribe-event-time\">23:45<\/span><\/div>\n<\/li>\n\t\t\t<li>\n\t\n<div class=\"tribe-related-events-thumbnail\">\n\t<a href=\"https:\/\/cafelapalma.com\/en\/programacion\/willie-deville-concierto-benefico-x-venezuela\/\" class=\"url\" rel=\"bookmark\" tabindex=\"-1\" aria-hidden=\"true\"><img loading=\"lazy\" decoding=\"async\" width=\"1020\" height=\"531\" src=\"https:\/\/cafelapalma.com\/wp-content\/uploads\/2026\/08\/Willie-deville-1100x572-1-1040x541.jpg\" class=\"attachment-large size-large wp-post-image\" alt=\"\" \/><\/a>\n<\/div>\n\t<div class=\"tribe-related-event-info\">\n\t<h3 class=\"tribe-related-events-title\">\n\t\t<a href=\"https:\/\/cafelapalma.com\/en\/programacion\/willie-deville-concierto-benefico-x-venezuela\/\" class=\"tribe-event-url\" rel=\"bookmark\">\n\t\t\tWILLIE DEVILLE: CONCIERTO BEN\u00c9FICO X VENEZUELA\t\t<\/a>\n\t<\/h3>\n\t<span class=\"tribe-event-date-start\">6  September@21:00<\/span><span class=\"tribe-event-time\">23:45<\/span><\/div>\n<\/li>\n\t\t\t<li>\n\t\n<div class=\"tribe-related-events-thumbnail\">\n\t<a href=\"https:\/\/cafelapalma.com\/en\/programacion\/new-boix\/\" class=\"url\" rel=\"bookmark\" tabindex=\"-1\" aria-hidden=\"true\"><img loading=\"lazy\" decoding=\"async\" width=\"694\" height=\"1040\" src=\"https:\/\/cafelapalma.com\/wp-content\/uploads\/2026\/05\/WhatsApp-Image-2026-04-29-at-12.00.28-694x1040.jpeg\" class=\"attachment-large size-large wp-post-image\" alt=\"\" \/><\/a>\n<\/div>\n\t<div class=\"tribe-related-event-info\">\n\t<h3 class=\"tribe-related-events-title\">\n\t\t<a href=\"https:\/\/cafelapalma.com\/en\/programacion\/new-boix\/\" class=\"tribe-event-url\" rel=\"bookmark\">\n\t\t\tNEW BOIX\t\t<\/a>\n\t<\/h3>\n\t<span class=\"tribe-event-date-start\">10  September@22:00<\/span><span class=\"tribe-event-time\">23:45<\/span><\/div>\n<\/li>\n\t<\/ul>","protected":false},"excerpt":{"rendered":"<p>CHAVALES son una de las realidades m\u00e1s actuales de la siempre prol\u00edfica cantera Elefant Records.: en febrero de 2020, antes de la irrupci\u00f3n de la pandemia, tomaron la alternativa en CAFE LA PALMA junto a Die Katapult. \u201cTu Foto En El Techo\u201d a\u00fan est\u00e1 caliente despu\u00e9s de sacarlo del horno hace apenas unos meses, y &hellip; <\/p>","protected":false},"author":2,"featured_media":19697,"template":"","meta":{"_tec_requires_first_save":false,"_uag_custom_page_level_css":"","loftloader_page_shortcode":"","_EventAllDay":false,"_EventTimezone":"Europe\/Madrid","_EventStartDate":"2021-06-17 21:00:00","_EventEndDate":"2021-06-17 22:30:00","_EventStartDateUTC":"2021-06-17 19:00:00","_EventEndDateUTC":"2021-06-17 20:30:00","_EventShowMap":false,"_EventShowMapLink":false,"_EventURL":"https:\/\/www.wegow.com\/es-es\/conciertos\/sound-isidro-2021-chavales-en-madrid","_EventCost":"12","_EventCostDescription":"","_EventCurrencySymbol":"\u20ac","_EventCurrencyCode":"","_EventCurrencyPosition":"suffix","_EventDateTimeSeparator":"@","_EventTimeRangeSeparator":"-","_EventOrganizerID":[],"_EventVenueID":[0],"_OrganizerEmail":"","_OrganizerPhone":"","_OrganizerWebsite":"","_VenueAddress":"","_VenueCity":"","_VenueCountry":"","_VenueProvince":"","_VenueState":"","_VenueZip":"","_VenuePhone":"","_VenueURL":"","_VenueStateProvince":"","_VenueLat":"","_VenueLng":"","_VenueShowMap":false,"_VenueShowMapLink":false,"_tribe_blocks_recurrence_rules":"","_tribe_blocks_recurrence_description":"","_tribe_blocks_recurrence_exclusions":"","_ecp_custom_2":"","_tribe_events_status":"","_tribe_events_status_reason":"","_tribe_events_is_hybrid":"","_tribe_events_is_virtual":"","_tribe_events_virtual_video_source":"","_tribe_events_virtual_embed_video":"","_tribe_events_virtual_linked_button_text":"","_tribe_events_virtual_linked_button":"","_tribe_events_virtual_show_embed_at":"","_tribe_events_virtual_show_embed_to":[],"_tribe_events_virtual_show_on_event":"","_tribe_events_virtual_show_on_views":"","_tribe_events_virtual_url":"","footnotes":""},"tags":[8869,9287,2865,9147,9146,9293,9299,9295,9289,9298,8970,9288,9294,9291,1355,9300,9292,9290,9194],"tribe_events_cat":[8963],"class_list":["post-19695","tribe_events","type-tribe_events","status-publish","has-post-thumbnail","hentry","tag-cafe-la-palma-2","tag-chavales","tag-conciertos-cafe-la-palma","tag-conciertos-madrid","tag-conciertos-malasana","tag-daniel-daniel","tag-die-katapult","tag-el-buen-hijo","tag-elefant-records","tag-ey-que-estoy-aqui","tag-indie","tag-indie-pop","tag-javi-paredes","tag-las-plantas-de-la-terraza","tag-pop","tag-sound-isidro","tag-synth-pop","tag-tu-foto-en-el-techo","tag-vibra-mahou","tribe_events_cat-concierto","cat_concierto"],"uagb_featured_image_src":{"full":["https:\/\/cafelapalma.com\/wp-content\/uploads\/2021\/04\/Chavales-2019-by-Stephen-Please-scaled.jpeg",3000,3000,false],"thumbnail":["https:\/\/cafelapalma.com\/wp-content\/uploads\/2021\/04\/Chavales-2019-by-Stephen-Please-150x150.jpeg",150,150,true],"medium":["https:\/\/cafelapalma.com\/wp-content\/uploads\/2021\/04\/Chavales-2019-by-Stephen-Please-300x300.jpeg",300,300,true],"medium_large":["https:\/\/cafelapalma.com\/wp-content\/uploads\/2021\/04\/Chavales-2019-by-Stephen-Please-768x768.jpeg",768,768,true],"large":["https:\/\/cafelapalma.com\/wp-content\/uploads\/2021\/04\/Chavales-2019-by-Stephen-Please-1024x1024.jpeg",1020,1020,true],"1536x1536":["https:\/\/cafelapalma.com\/wp-content\/uploads\/2021\/04\/Chavales-2019-by-Stephen-Please-1536x1536.jpeg",1536,1536,true],"2048x2048":["https:\/\/cafelapalma.com\/wp-content\/uploads\/2021\/04\/Chavales-2019-by-Stephen-Please-2048x2048.jpeg",2048,2048,true],"trp-custom-language-flag":["https:\/\/cafelapalma.com\/wp-content\/uploads\/2021\/04\/Chavales-2019-by-Stephen-Please-scaled.jpeg",12,12,false],"blossom-feminine-slider":["https:\/\/cafelapalma.com\/wp-content\/uploads\/2021\/04\/Chavales-2019-by-Stephen-Please-1920x649.jpeg",1920,649,true],"blossom-feminine-featured":["https:\/\/cafelapalma.com\/wp-content\/uploads\/2021\/04\/Chavales-2019-by-Stephen-Please-1410x600.jpeg",1410,600,true],"blossom-feminine-with-sidebar":["https:\/\/cafelapalma.com\/wp-content\/uploads\/2021\/04\/Chavales-2019-by-Stephen-Please-1020x600.jpeg",1020,600,true],"blossom-feminine-blog":["https:\/\/cafelapalma.com\/wp-content\/uploads\/2021\/04\/Chavales-2019-by-Stephen-Please-435x435.jpeg",435,435,true],"blossom-feminine-cat":["https:\/\/cafelapalma.com\/wp-content\/uploads\/2021\/04\/Chavales-2019-by-Stephen-Please-450x300.jpeg",450,300,true],"blossom-feminine-related":["https:\/\/cafelapalma.com\/wp-content\/uploads\/2021\/04\/Chavales-2019-by-Stephen-Please-320x200.jpeg",320,200,true],"blossom-feminine-schema":["https:\/\/cafelapalma.com\/wp-content\/uploads\/2021\/04\/Chavales-2019-by-Stephen-Please-60x60.jpeg",60,60,true]},"uagb_author_info":{"display_name":"Victor","author_link":"https:\/\/cafelapalma.com\/en\/author\/comunicacion\/"},"uagb_comment_info":0,"uagb_excerpt":"CHAVALES son una de las realidades m\u00e1s actuales de la siempre prol\u00edfica cantera Elefant Records.: en febrero de 2020, antes de la irrupci\u00f3n de la pandemia, tomaron la alternativa en CAFE LA PALMA junto a Die Katapult. \u201cTu Foto En El Techo\u201d a\u00fan est\u00e1 caliente despu\u00e9s de sacarlo del horno hace apenas unos meses, y&hellip;","_links":{"self":[{"href":"https:\/\/cafelapalma.com\/en\/wp-json\/wp\/v2\/tribe_events\/19695","targetHints":{"allow":["GET"]}}],"collection":[{"href":"https:\/\/cafelapalma.com\/en\/wp-json\/wp\/v2\/tribe_events"}],"about":[{"href":"https:\/\/cafelapalma.com\/en\/wp-json\/wp\/v2\/types\/tribe_events"}],"author":[{"embeddable":true,"href":"https:\/\/cafelapalma.com\/en\/wp-json\/wp\/v2\/users\/2"}],"version-history":[{"count":0,"href":"https:\/\/cafelapalma.com\/en\/wp-json\/wp\/v2\/tribe_events\/19695\/revisions"}],"wp:featuredmedia":[{"embeddable":true,"href":"https:\/\/cafelapalma.com\/en\/wp-json\/wp\/v2\/media\/19697"}],"wp:attachment":[{"href":"https:\/\/cafelapalma.com\/en\/wp-json\/wp\/v2\/media?parent=19695"}],"wp:term":[{"taxonomy":"post_tag","embeddable":true,"href":"https:\/\/cafelapalma.com\/en\/wp-json\/wp\/v2\/tags?post=19695"},{"taxonomy":"tribe_events_cat","embeddable":true,"href":"https:\/\/cafelapalma.com\/en\/wp-json\/wp\/v2\/tribe_events_cat?post=19695"}],"curies":[{"name":"wp","href":"https:\/\/api.w.org\/{rel}","templated":true}]}}