{"id":19706,"date":"2021-04-19T10:36:10","date_gmt":"2021-04-19T08:36:10","guid":{"rendered":"https:\/\/cafelapalma.com\/?post_type=tribe_events&#038;p=19706"},"modified":"2021-05-22T20:35:32","modified_gmt":"2021-05-22T18:35:32","slug":"familia-normal-pere-oudav","status":"publish","type":"tribe_events","link":"https:\/\/cafelapalma.com\/en\/programacion\/familia-normal-pere-oudav\/","title":{"rendered":"FAMILIA NORMAL + PER\u00c9 OUDAV"},"content":{"rendered":"<div  class=\"tribe-events-schedule tribe-clearfix\" >\n\t<p class=\"tribe-events-schedule__datetime\">\n\t\t<span class=\"tribe-events-schedule__date tribe-events-schedule__date--start\">\n\t\t\t05  June  2021\t\t<\/span>\n\n\t\t\t\t\t<span class=\"tribe-events-schedule__separator tribe-events-schedule__separator--date\">\n\t\t\t\t@\t\t\t<\/span>\n\t\t\t<span class=\"tribe-events-schedule__time tribe-events-schedule__time--start\">\n\t\t\t\t16:30\t\t\t<\/span>\n\t\t\n\t\t\t\t\t\t\t\t\t<span class=\"tribe-events-schedule__separator tribe-events-schedule__separator--time\">\n\t\t\t\t\t&#8211;\t\t\t\t<\/span>\n\t\t\t\n\t\t\t\t\t\t\t<span class=\"tribe-events-schedule__time tribe-events-schedule__time--end\">\n\t\t\t\t\t19:00\t\t\t\t<\/span>\n\t\t\t\n\t\t\t\t\t\t<\/p>\n<\/div>\n\n\n<div  class=\"tribe-block tribe-block__event-price\" >\n\t\t\t\t<span class=\"tribe-block__event-price__description\">ENTRADAS AGOTADAS<\/span>\n\t<\/div>\n\n\n\n<div class=\"wp-block-columns is-layout-flex wp-container-core-columns-is-layout-8f761849 wp-block-columns-is-layout-flex\">\n<div class=\"wp-block-column is-layout-flow wp-block-column-is-layout-flow\" style=\"flex-basis:33.33%\">\n<figure class=\"wp-block-image size-large\"><img loading=\"lazy\" decoding=\"async\" width=\"420\" height=\"594\" src=\"https:\/\/cafelapalma.com\/wp-content\/uploads\/2021\/04\/FN_CARTEL-low.jpg\" alt=\"\" class=\"wp-image-19707\" srcset=\"https:\/\/cafelapalma.com\/wp-content\/uploads\/2021\/04\/FN_CARTEL-low.jpg 420w, https:\/\/cafelapalma.com\/wp-content\/uploads\/2021\/04\/FN_CARTEL-low-212x300.jpg 212w, https:\/\/cafelapalma.com\/wp-content\/uploads\/2021\/04\/FN_CARTEL-low-42x60.jpg 42w\" sizes=\"auto, (max-width: 420px) 100vw, 420px\" \/><\/figure>\n<\/div>\n\n\n\n<div class=\"wp-block-column is-layout-flow wp-block-column-is-layout-flow\" style=\"flex-basis:66.66%\">\n<p class=\"has-text-align-left wp-block-paragraph\"><strong>Familia Normal<\/strong> nace a finales de 2018 en <strong>Madrid<\/strong>. Con un estilo dif\u00edcil de describir -se definen a s\u00ed mismos como <em>rock psicod\u00e9lico groove<\/em>-, les han mencionado como la versi\u00f3n psycho-punk de <strong>Golpes Bajos<\/strong>, con un regusto <em>beatleliano <\/em>a lo <strong>Talking Head<\/strong>s. Ellos son <strong>Chema <\/strong>(voz y guitarra), <strong>Miguel <\/strong>(teclado), <strong>Goyanes <\/strong>(bajo) y <strong>Turco <\/strong>(bater\u00eda), probablemente lo m\u00e1s original que le ha pasado al panorama musical de <strong>Madrid <\/strong>en mucho tiempo.<\/p>\n\n\n\n<p class=\"has-text-align-left wp-block-paragraph\"><br>Funky ba\u00f1ado en letras de iron\u00eda \u00e1cida, solos de piano interminables, bases de soul de los a\u00f1os &#8217;40 y much\u00edsimo R&amp;R. <strong>Familia Normal<\/strong> vuelve a la nueva normalidad en <strong>CAFE LA PALMA<\/strong> por segunda vez en su historia, tras el exitazo de su primer concierto en la sala en diciembre de 2019, esperando que \u00e9ste sea el a\u00f1o en el que publiquen su primer disco.<\/p>\n\n\n\n<p class=\"has-text-align-left wp-block-paragraph\"><br>Como artista invitado les acompa\u00f1a <strong>Per\u00e9 Oudav<\/strong>, multi instrumentista (sitar, guitarras y sintetizadores) que a trav\u00e9s de su m\u00fasica plasma sus viajes, experiencias y ra\u00edces fusionando ritmos \u00e9tnicos que van desde Latinoam\u00e9rica al medio oriente con influencias del electro y el jazz.<\/p>\n<\/div>\n<\/div>\n\n\n\n<hr class=\"wp-block-separator is-style-wide\"\/>\n\n\n\n<div style=\"height:100px\" aria-hidden=\"true\" class=\"wp-block-spacer\"><\/div>\n\n\n<h2 class=\"tribe-block__related-events__title\">Related Events<\/h2>\n\n<ul  class=\"tribe-related-events tribe-clearfix\" >\n\t\t\t<li>\n\t\n<div class=\"tribe-related-events-thumbnail\">\n\t<a href=\"https:\/\/cafelapalma.com\/en\/programacion\/funkin-donuts\/\" class=\"url\" rel=\"bookmark\" tabindex=\"-1\" aria-hidden=\"true\"><img loading=\"lazy\" decoding=\"async\" width=\"693\" height=\"1040\" src=\"https:\/\/cafelapalma.com\/wp-content\/uploads\/2026\/07\/FD-vert2-bn-693x1040.jpg\" class=\"attachment-large size-large wp-post-image\" alt=\"\" \/><\/a>\n<\/div>\n\t<div class=\"tribe-related-event-info\">\n\t<h3 class=\"tribe-related-events-title\">\n\t\t<a href=\"https:\/\/cafelapalma.com\/en\/programacion\/funkin-donuts\/\" class=\"tribe-event-url\" rel=\"bookmark\">\n\t\t\tFUNKIN&#8217; DONUTS\t\t<\/a>\n\t<\/h3>\n\t<span class=\"tribe-event-date-start\">5  September@22:00<\/span><span class=\"tribe-event-time\">23:45<\/span><\/div>\n<\/li>\n\t\t\t<li>\n\t\n<div class=\"tribe-related-events-thumbnail\">\n\t<a href=\"https:\/\/cafelapalma.com\/en\/programacion\/willie-deville-concierto-benefico-x-venezuela\/\" class=\"url\" rel=\"bookmark\" tabindex=\"-1\" aria-hidden=\"true\"><img loading=\"lazy\" decoding=\"async\" width=\"1020\" height=\"531\" src=\"https:\/\/cafelapalma.com\/wp-content\/uploads\/2026\/08\/Willie-deville-1100x572-1-1040x541.jpg\" class=\"attachment-large size-large wp-post-image\" alt=\"\" \/><\/a>\n<\/div>\n\t<div class=\"tribe-related-event-info\">\n\t<h3 class=\"tribe-related-events-title\">\n\t\t<a href=\"https:\/\/cafelapalma.com\/en\/programacion\/willie-deville-concierto-benefico-x-venezuela\/\" class=\"tribe-event-url\" rel=\"bookmark\">\n\t\t\tWILLIE DEVILLE: CONCIERTO BEN\u00c9FICO X VENEZUELA\t\t<\/a>\n\t<\/h3>\n\t<span class=\"tribe-event-date-start\">6  September@21:00<\/span><span class=\"tribe-event-time\">23:45<\/span><\/div>\n<\/li>\n\t\t\t<li>\n\t\n<div class=\"tribe-related-events-thumbnail\">\n\t<a href=\"https:\/\/cafelapalma.com\/en\/programacion\/new-boix\/\" class=\"url\" rel=\"bookmark\" tabindex=\"-1\" aria-hidden=\"true\"><img loading=\"lazy\" decoding=\"async\" width=\"694\" height=\"1040\" src=\"https:\/\/cafelapalma.com\/wp-content\/uploads\/2026\/05\/WhatsApp-Image-2026-04-29-at-12.00.28-694x1040.jpeg\" class=\"attachment-large size-large wp-post-image\" alt=\"\" \/><\/a>\n<\/div>\n\t<div class=\"tribe-related-event-info\">\n\t<h3 class=\"tribe-related-events-title\">\n\t\t<a href=\"https:\/\/cafelapalma.com\/en\/programacion\/new-boix\/\" class=\"tribe-event-url\" rel=\"bookmark\">\n\t\t\tNEW BOIX\t\t<\/a>\n\t<\/h3>\n\t<span class=\"tribe-event-date-start\">10  September@22:00<\/span><span class=\"tribe-event-time\">23:45<\/span><\/div>\n<\/li>\n\t<\/ul>","protected":false},"excerpt":{"rendered":"<p>Familia Normal nace a finales de 2018 en Madrid. Con un estilo dif\u00edcil de describir -se definen a s\u00ed mismos como rock psicod\u00e9lico groove-, les han mencionado como la versi\u00f3n psycho-punk de Golpes Bajos, con un regusto beatleliano a lo Talking Heads. Ellos son Chema (voz y guitarra), Miguel (teclado), Goyanes (bajo) y Turco (bater\u00eda), &hellip; <\/p>","protected":false},"author":2,"featured_media":19708,"template":"","meta":{"_tec_requires_first_save":false,"_uag_custom_page_level_css":"","loftloader_page_shortcode":"","_EventAllDay":false,"_EventTimezone":"Europe\/Madrid","_EventStartDate":"2021-06-05 16:30:00","_EventEndDate":"2021-06-05 19:00:00","_EventStartDateUTC":"2021-06-05 14:30:00","_EventEndDateUTC":"2021-06-05 17:00:00","_EventShowMap":false,"_EventShowMapLink":false,"_EventURL":"https:\/\/link.dice.fm\/ien6wwb467","_EventCost":"","_EventCostDescription":"","_EventCurrencySymbol":"\u20ac","_EventCurrencyCode":"","_EventCurrencyPosition":"suffix","_EventDateTimeSeparator":"@","_EventTimeRangeSeparator":"-","_EventOrganizerID":[],"_EventVenueID":[0],"_OrganizerEmail":"","_OrganizerPhone":"","_OrganizerWebsite":"","_VenueAddress":"","_VenueCity":"","_VenueCountry":"","_VenueProvince":"","_VenueState":"","_VenueZip":"","_VenuePhone":"","_VenueURL":"","_VenueStateProvince":"","_VenueLat":"","_VenueLng":"","_VenueShowMap":false,"_VenueShowMapLink":false,"_tribe_blocks_recurrence_rules":"","_tribe_blocks_recurrence_description":"","_tribe_blocks_recurrence_exclusions":"","_ecp_custom_2":"","_tribe_events_status":"","_tribe_events_status_reason":"","_tribe_events_is_hybrid":"","_tribe_events_is_virtual":"","_tribe_events_virtual_video_source":"","_tribe_events_virtual_embed_video":"","_tribe_events_virtual_linked_button_text":"","_tribe_events_virtual_linked_button":"","_tribe_events_virtual_show_embed_at":"","_tribe_events_virtual_show_embed_to":[],"_tribe_events_virtual_show_on_event":"","_tribe_events_virtual_show_on_views":"","_tribe_events_virtual_url":"","footnotes":""},"tags":[8869,2865,9147,9146,9301,9305,9303,9252,9306,9302,1354,9304],"tribe_events_cat":[8963],"class_list":["post-19706","tribe_events","type-tribe_events","status-publish","has-post-thumbnail","hentry","tag-cafe-la-palma-2","tag-conciertos-cafe-la-palma","tag-conciertos-madrid","tag-conciertos-malasana","tag-familia-normal","tag-funky","tag-golpes-bajos","tag-groove","tag-pere-oudav","tag-psicodelia","tag-rock","tag-talking-head","tribe_events_cat-concierto","cat_concierto"],"uagb_featured_image_src":{"full":["https:\/\/cafelapalma.com\/wp-content\/uploads\/2021\/04\/Familia-Normal_32.jpg",936,624,false],"thumbnail":["https:\/\/cafelapalma.com\/wp-content\/uploads\/2021\/04\/Familia-Normal_32-150x150.jpg",150,150,true],"medium":["https:\/\/cafelapalma.com\/wp-content\/uploads\/2021\/04\/Familia-Normal_32-300x200.jpg",300,200,true],"medium_large":["https:\/\/cafelapalma.com\/wp-content\/uploads\/2021\/04\/Familia-Normal_32-768x512.jpg",768,512,true],"large":["https:\/\/cafelapalma.com\/wp-content\/uploads\/2021\/04\/Familia-Normal_32.jpg",936,624,false],"1536x1536":["https:\/\/cafelapalma.com\/wp-content\/uploads\/2021\/04\/Familia-Normal_32.jpg",936,624,false],"2048x2048":["https:\/\/cafelapalma.com\/wp-content\/uploads\/2021\/04\/Familia-Normal_32.jpg",936,624,false],"trp-custom-language-flag":["https:\/\/cafelapalma.com\/wp-content\/uploads\/2021\/04\/Familia-Normal_32.jpg",18,12,false],"blossom-feminine-slider":["https:\/\/cafelapalma.com\/wp-content\/uploads\/2021\/04\/Familia-Normal_32.jpg",936,624,false],"blossom-feminine-featured":["https:\/\/cafelapalma.com\/wp-content\/uploads\/2021\/04\/Familia-Normal_32-936x600.jpg",936,600,true],"blossom-feminine-with-sidebar":["https:\/\/cafelapalma.com\/wp-content\/uploads\/2021\/04\/Familia-Normal_32-936x600.jpg",936,600,true],"blossom-feminine-blog":["https:\/\/cafelapalma.com\/wp-content\/uploads\/2021\/04\/Familia-Normal_32-435x435.jpg",435,435,true],"blossom-feminine-cat":["https:\/\/cafelapalma.com\/wp-content\/uploads\/2021\/04\/Familia-Normal_32-450x300.jpg",450,300,true],"blossom-feminine-related":["https:\/\/cafelapalma.com\/wp-content\/uploads\/2021\/04\/Familia-Normal_32-320x200.jpg",320,200,true],"blossom-feminine-schema":["https:\/\/cafelapalma.com\/wp-content\/uploads\/2021\/04\/Familia-Normal_32-90x60.jpg",90,60,true]},"uagb_author_info":{"display_name":"Victor","author_link":"https:\/\/cafelapalma.com\/en\/author\/comunicacion\/"},"uagb_comment_info":0,"uagb_excerpt":"Familia Normal nace a finales de 2018 en Madrid. Con un estilo dif\u00edcil de describir -se definen a s\u00ed mismos como rock psicod\u00e9lico groove-, les han mencionado como la versi\u00f3n psycho-punk de Golpes Bajos, con un regusto beatleliano a lo Talking Heads. Ellos son Chema (voz y guitarra), Miguel (teclado), Goyanes (bajo) y Turco (bater\u00eda),&hellip;","_links":{"self":[{"href":"https:\/\/cafelapalma.com\/en\/wp-json\/wp\/v2\/tribe_events\/19706","targetHints":{"allow":["GET"]}}],"collection":[{"href":"https:\/\/cafelapalma.com\/en\/wp-json\/wp\/v2\/tribe_events"}],"about":[{"href":"https:\/\/cafelapalma.com\/en\/wp-json\/wp\/v2\/types\/tribe_events"}],"author":[{"embeddable":true,"href":"https:\/\/cafelapalma.com\/en\/wp-json\/wp\/v2\/users\/2"}],"version-history":[{"count":0,"href":"https:\/\/cafelapalma.com\/en\/wp-json\/wp\/v2\/tribe_events\/19706\/revisions"}],"wp:featuredmedia":[{"embeddable":true,"href":"https:\/\/cafelapalma.com\/en\/wp-json\/wp\/v2\/media\/19708"}],"wp:attachment":[{"href":"https:\/\/cafelapalma.com\/en\/wp-json\/wp\/v2\/media?parent=19706"}],"wp:term":[{"taxonomy":"post_tag","embeddable":true,"href":"https:\/\/cafelapalma.com\/en\/wp-json\/wp\/v2\/tags?post=19706"},{"taxonomy":"tribe_events_cat","embeddable":true,"href":"https:\/\/cafelapalma.com\/en\/wp-json\/wp\/v2\/tribe_events_cat?post=19706"}],"curies":[{"name":"wp","href":"https:\/\/api.w.org\/{rel}","templated":true}]}}