{"id":19882,"date":"2021-05-10T18:58:52","date_gmt":"2021-05-10T16:58:52","guid":{"rendered":"https:\/\/cafelapalma.com\/programacion\/detergente-liquido-1er-pase-copy\/"},"modified":"2021-06-01T17:00:13","modified_gmt":"2021-06-01T15:00:13","slug":"detergente-liquido-2-pase","status":"publish","type":"tribe_events","link":"https:\/\/cafelapalma.com\/en\/programacion\/detergente-liquido-2-pase\/","title":{"rendered":"DETERGENTE L\u00cdQUIDO (2\u00ba PASE)"},"content":{"rendered":"<div  class=\"tribe-events-schedule tribe-clearfix\" >\n\t<p class=\"tribe-events-schedule__datetime\">\n\t\t<span class=\"tribe-events-schedule__date tribe-events-schedule__date--start\">\n\t\t\t12  June  2021\t\t<\/span>\n\n\t\t\t\t\t<span class=\"tribe-events-schedule__separator tribe-events-schedule__separator--date\">\n\t\t\t\t@\t\t\t<\/span>\n\t\t\t<span class=\"tribe-events-schedule__time tribe-events-schedule__time--start\">\n\t\t\t\t22:00\t\t\t<\/span>\n\t\t\n\t\t\t\t\t\t\t\t\t<span class=\"tribe-events-schedule__separator tribe-events-schedule__separator--time\">\n\t\t\t\t\t&#8211;\t\t\t\t<\/span>\n\t\t\t\n\t\t\t\t\t\t\t<span class=\"tribe-events-schedule__time tribe-events-schedule__time--end\">\n\t\t\t\t\t23:45\t\t\t\t<\/span>\n\t\t\t\n\t\t\t\t\t\t<\/p>\n<\/div>\n\n\n<div  class=\"tribe-block tribe-block__event-price\" >\n\t\t\t\t<span class=\"tribe-block__event-price__description\">ENTRADAS AGOTADAS<\/span>\n\t<\/div>\n\n\n\n<div class=\"wp-block-columns is-layout-flex wp-container-core-columns-is-layout-8f761849 wp-block-columns-is-layout-flex\">\n<div class=\"wp-block-column is-layout-flow wp-block-column-is-layout-flow\" style=\"flex-basis:33.33%\"><div  class=\"tribe-block tribe-block__event-website\" >\n\t<a\n\t\thref=\"https:\/\/link.dice.fm\/beDf815L8fb\"\n\t\ttarget=\"_self\"\n\t\t\t>\n\t\tENTRADAS 1ER PASE 19:30\t<\/a>\n<\/div>\n\n\n\n<figure class=\"wp-block-image size-large\"><img loading=\"lazy\" decoding=\"async\" width=\"731\" height=\"1024\" src=\"https:\/\/cafelapalma.com\/wp-content\/uploads\/2021\/05\/DL_A3_CM-731x1024.jpg\" alt=\"\" class=\"wp-image-19937\" srcset=\"https:\/\/cafelapalma.com\/wp-content\/uploads\/2021\/05\/DL_A3_CM-731x1024.jpg 731w, https:\/\/cafelapalma.com\/wp-content\/uploads\/2021\/05\/DL_A3_CM-214x300.jpg 214w, https:\/\/cafelapalma.com\/wp-content\/uploads\/2021\/05\/DL_A3_CM-768x1076.jpg 768w, https:\/\/cafelapalma.com\/wp-content\/uploads\/2021\/05\/DL_A3_CM-43x60.jpg 43w, https:\/\/cafelapalma.com\/wp-content\/uploads\/2021\/05\/DL_A3_CM.jpg 850w\" sizes=\"auto, (max-width: 731px) 100vw, 731px\" \/><\/figure>\n<\/div>\n\n\n\n<div class=\"wp-block-column is-layout-flow wp-block-column-is-layout-flow\" style=\"flex-basis:66.66%\">\n<p class=\"wp-block-paragraph\"><\/p>\n\n\n\n<p class=\"has-text-align-left wp-block-paragraph\"><em>JUNTOS POR LA M\u00daSICA EN VIVO<\/em> <strong>DETERGENTE L\u00cdQUIDO<\/strong><\/p>\n\n\n\n<p class=\"has-text-align-left wp-block-paragraph\"><strong>Detergente L\u00edquido<\/strong> habla de una manera hiperrealista, como si fuera un programa informativo de la televisi\u00f3n, de las circunstancias reales de una persona cualquiera que va perdiendo las esperanzas de alcanzar una vida como se espera, seg\u00fan ordenan los c\u00e1nones de la sociedad, y que vive atrapada en una monoton\u00eda aplastante de trabajo, relaciones poco serias, incomunicaci\u00f3n, soledad y cenas fr\u00edas. Pero, como siempre, estas letras angustiosas est\u00e1n interpretadas sobre melod\u00edas pegadizas que se adhieren en el cerebro del oyente a la primera.<\/p>\n\n\n\n<p class=\"has-text-align-left wp-block-paragraph\">Considerados como una de las realidades m\u00e1s rotundas e interesantes de la escena pop nacional, la banda gaditana edita su nuevo EP, titulado \u00abT\u00fa tampoco eres como antes\u00bb, en febrero de 2020.<\/p>\n\n\n\n<p class=\"has-text-align-left wp-block-paragraph\">Tras una larga serie de aplazamientos, confiamos en que a esta ocasi\u00f3n vaya la vencida.<\/p>\n\n\n\n<p class=\"has-text-align-left wp-block-paragraph\">Con el apoyo de la <strong>Comunidad de Madrid<\/strong> <a rel=\"noreferrer noopener\" href=\"https:\/\/www.turismomadrid.es\/es\/\" target=\"_blank\">turismomadrid.es<\/a> y <a rel=\"noreferrer noopener\" href=\"https:\/\/lanocheenvivo.com\/\" target=\"_blank\">lanocheenvivo.com<\/a> #somoslanocheenvivo #shineinmadrid #brillaenmadrid<\/p>\n<\/div>\n<\/div>\n\n\n\n<hr class=\"wp-block-separator is-style-wide\"\/>\n\n\n\n<div class=\"wp-block-columns are-vertically-aligned-center is-layout-flex wp-container-core-columns-is-layout-8f761849 wp-block-columns-is-layout-flex\">\n<div class=\"wp-block-column is-vertically-aligned-center is-layout-flow wp-block-column-is-layout-flow\" style=\"flex-basis:100%\">\n<div class=\"wp-block-group\"><div class=\"wp-block-group__inner-container is-layout-flow wp-block-group-is-layout-flow\">\n<div class=\"wp-block-columns is-layout-flex wp-container-core-columns-is-layout-8f761849 wp-block-columns-is-layout-flex\">\n<div class=\"wp-block-column is-layout-flow wp-block-column-is-layout-flow\"><\/div>\n<\/div>\n<\/div><\/div>\n<\/div>\n<\/div>\n\n\n\n<div style=\"height:100px\" aria-hidden=\"true\" class=\"wp-block-spacer\"><\/div>\n\n\n<h2 class=\"tribe-block__related-events__title\">Related Events<\/h2>\n\n<ul  class=\"tribe-related-events tribe-clearfix\" >\n\t\t\t<li>\n\t\n<div class=\"tribe-related-events-thumbnail\">\n\t<a href=\"https:\/\/cafelapalma.com\/en\/programacion\/funkin-donuts\/\" class=\"url\" rel=\"bookmark\" tabindex=\"-1\" aria-hidden=\"true\"><img loading=\"lazy\" decoding=\"async\" width=\"693\" height=\"1040\" src=\"https:\/\/cafelapalma.com\/wp-content\/uploads\/2026\/07\/FD-vert2-bn-693x1040.jpg\" class=\"attachment-large size-large wp-post-image\" alt=\"\" \/><\/a>\n<\/div>\n\t<div class=\"tribe-related-event-info\">\n\t<h3 class=\"tribe-related-events-title\">\n\t\t<a href=\"https:\/\/cafelapalma.com\/en\/programacion\/funkin-donuts\/\" class=\"tribe-event-url\" rel=\"bookmark\">\n\t\t\tFUNKIN&#8217; DONUTS\t\t<\/a>\n\t<\/h3>\n\t<span class=\"tribe-event-date-start\">5  September@22:00<\/span><span class=\"tribe-event-time\">23:45<\/span><\/div>\n<\/li>\n\t\t\t<li>\n\t\n<div class=\"tribe-related-events-thumbnail\">\n\t<a href=\"https:\/\/cafelapalma.com\/en\/programacion\/backstage-le-petit-truffle-mayo\/\" class=\"url\" rel=\"bookmark\" tabindex=\"-1\" aria-hidden=\"true\"><img loading=\"lazy\" decoding=\"async\" width=\"780\" height=\"1040\" src=\"https:\/\/cafelapalma.com\/wp-content\/uploads\/2026\/07\/Imagen-TruffleMayo-LePetit-i-1-780x1040.png\" class=\"attachment-large size-large wp-post-image\" alt=\"\" \/><\/a>\n<\/div>\n\t<div class=\"tribe-related-event-info\">\n\t<h3 class=\"tribe-related-events-title\">\n\t\t<a href=\"https:\/\/cafelapalma.com\/en\/programacion\/backstage-le-petit-truffle-mayo\/\" class=\"tribe-event-url\" rel=\"bookmark\">\n\t\t\tBACKSTAGE: LE PETIT + TRUFFLE MAYO\t\t<\/a>\n\t<\/h3>\n\t<span class=\"tribe-event-date-start\">5  September@23:55<\/span><\/div>\n<\/li>\n\t\t\t<li>\n\t\n<div class=\"tribe-related-events-thumbnail\">\n\t<a href=\"https:\/\/cafelapalma.com\/en\/programacion\/willie-deville-concierto-benefico-x-venezuela\/\" class=\"url\" rel=\"bookmark\" tabindex=\"-1\" aria-hidden=\"true\"><img loading=\"lazy\" decoding=\"async\" width=\"1020\" height=\"531\" src=\"https:\/\/cafelapalma.com\/wp-content\/uploads\/2026\/08\/Willie-deville-1100x572-1-1040x541.jpg\" class=\"attachment-large size-large wp-post-image\" alt=\"\" \/><\/a>\n<\/div>\n\t<div class=\"tribe-related-event-info\">\n\t<h3 class=\"tribe-related-events-title\">\n\t\t<a href=\"https:\/\/cafelapalma.com\/en\/programacion\/willie-deville-concierto-benefico-x-venezuela\/\" class=\"tribe-event-url\" rel=\"bookmark\">\n\t\t\tWILLIE DEVILLE: CONCIERTO BEN\u00c9FICO X VENEZUELA\t\t<\/a>\n\t<\/h3>\n\t<span class=\"tribe-event-date-start\">6  September@21:00<\/span><span class=\"tribe-event-time\">23:45<\/span><\/div>\n<\/li>\n\t<\/ul>","protected":false},"excerpt":{"rendered":"<p>JUNTOS POR LA M\u00daSICA EN VIVO DETERGENTE L\u00cdQUIDO Detergente L\u00edquido habla de una manera hiperrealista, como si fuera un programa informativo de la televisi\u00f3n, de las circunstancias reales de una persona cualquiera que va perdiendo las esperanzas de alcanzar una vida como se espera, seg\u00fan ordenan los c\u00e1nones de la sociedad, y que vive atrapada &hellip; <\/p>","protected":false},"author":2,"featured_media":18883,"template":"","meta":{"_tec_requires_first_save":false,"_uag_custom_page_level_css":"","loftloader_page_shortcode":"","_EventAllDay":false,"_EventTimezone":"Europe\/Madrid","_EventStartDate":"2021-06-12 22:00:00","_EventEndDate":"2021-06-12 23:45:00","_EventStartDateUTC":"2021-06-12 20:00:00","_EventEndDateUTC":"2021-06-12 21:45:00","_EventShowMap":false,"_EventShowMapLink":false,"_EventURL":"https:\/\/link.dice.fm\/beDf815L8fb","_EventCost":"","_EventCostDescription":"","_EventCurrencySymbol":"\u20ac","_EventCurrencyCode":"","_EventCurrencyPosition":"suffix","_EventDateTimeSeparator":"@","_EventTimeRangeSeparator":"-","_EventOrganizerID":[],"_EventVenueID":[0],"_OrganizerEmail":"","_OrganizerPhone":"","_OrganizerWebsite":"","_VenueAddress":"","_VenueCity":"","_VenueCountry":"","_VenueProvince":"","_VenueState":"","_VenueZip":"","_VenuePhone":"","_VenueURL":"","_VenueStateProvince":"","_VenueLat":"","_VenueLng":"","_VenueShowMap":false,"_VenueShowMapLink":false,"_tribe_blocks_recurrence_rules":"","_tribe_blocks_recurrence_description":"","_tribe_blocks_recurrence_exclusions":"","_ecp_custom_2":"Anticipada -","_tribe_events_status":"","_tribe_events_status_reason":"","_tribe_events_is_hybrid":"","_tribe_events_is_virtual":"","_tribe_events_virtual_video_source":"","_tribe_events_virtual_embed_video":"","_tribe_events_virtual_linked_button_text":"","_tribe_events_virtual_linked_button":"","_tribe_events_virtual_show_embed_at":"","_tribe_events_virtual_show_embed_to":[],"_tribe_events_virtual_show_on_event":"","_tribe_events_virtual_show_on_views":"","_tribe_events_virtual_url":"","footnotes":""},"tags":[9445,9443,9442,1363,9398,2865,9147,9146,9140,9138,9150,9446,9224,9441,1083,1431,9149,9444],"tribe_events_cat":[8963],"class_list":["post-19882","tribe_events","type-tribe_events","status-publish","has-post-thumbnail","hentry","tag-brillaenmadrid","tag-shineinmadrid","tag-somoslanocheenvivo","tag-cafe-la-palma","tag-comunidad-de-madrid","tag-conciertos-cafe-la-palma","tag-conciertos-madrid","tag-conciertos-malasana","tag-detergente-liquido","tag-dice-fm","tag-industrias-bala","tag-juntos-por-la-musica-en-vivo","tag-la-noche-en-vivo","tag-lanocheenvivo-com","tag-live","tag-live-music","tag-tu-tampoco-eres-como-antes","tag-turismomadrid-es","tribe_events_cat-concierto","cat_concierto"],"uagb_featured_image_src":{"full":["https:\/\/cafelapalma.com\/wp-content\/uploads\/2021\/03\/Detergente-Liquido-1024x640-1.jpg",960,640,false],"thumbnail":["https:\/\/cafelapalma.com\/wp-content\/uploads\/2021\/03\/Detergente-Liquido-1024x640-1-150x150.jpg",150,150,true],"medium":["https:\/\/cafelapalma.com\/wp-content\/uploads\/2021\/03\/Detergente-Liquido-1024x640-1-300x200.jpg",300,200,true],"medium_large":["https:\/\/cafelapalma.com\/wp-content\/uploads\/2021\/03\/Detergente-Liquido-1024x640-1-768x512.jpg",768,512,true],"large":["https:\/\/cafelapalma.com\/wp-content\/uploads\/2021\/03\/Detergente-Liquido-1024x640-1.jpg",960,640,false],"1536x1536":["https:\/\/cafelapalma.com\/wp-content\/uploads\/2021\/03\/Detergente-Liquido-1024x640-1.jpg",960,640,false],"2048x2048":["https:\/\/cafelapalma.com\/wp-content\/uploads\/2021\/03\/Detergente-Liquido-1024x640-1.jpg",960,640,false],"trp-custom-language-flag":["https:\/\/cafelapalma.com\/wp-content\/uploads\/2021\/03\/Detergente-Liquido-1024x640-1.jpg",18,12,false],"blossom-feminine-slider":["https:\/\/cafelapalma.com\/wp-content\/uploads\/2021\/03\/Detergente-Liquido-1024x640-1.jpg",960,640,false],"blossom-feminine-featured":["https:\/\/cafelapalma.com\/wp-content\/uploads\/2021\/03\/Detergente-Liquido-1024x640-1-960x600.jpg",960,600,true],"blossom-feminine-with-sidebar":["https:\/\/cafelapalma.com\/wp-content\/uploads\/2021\/03\/Detergente-Liquido-1024x640-1-960x600.jpg",960,600,true],"blossom-feminine-blog":["https:\/\/cafelapalma.com\/wp-content\/uploads\/2021\/03\/Detergente-Liquido-1024x640-1-435x435.jpg",435,435,true],"blossom-feminine-cat":["https:\/\/cafelapalma.com\/wp-content\/uploads\/2021\/03\/Detergente-Liquido-1024x640-1-450x300.jpg",450,300,true],"blossom-feminine-related":["https:\/\/cafelapalma.com\/wp-content\/uploads\/2021\/03\/Detergente-Liquido-1024x640-1-320x200.jpg",320,200,true],"blossom-feminine-schema":["https:\/\/cafelapalma.com\/wp-content\/uploads\/2021\/03\/Detergente-Liquido-1024x640-1-90x60.jpg",90,60,true]},"uagb_author_info":{"display_name":"Victor","author_link":"https:\/\/cafelapalma.com\/en\/author\/comunicacion\/"},"uagb_comment_info":0,"uagb_excerpt":"JUNTOS POR LA M\u00daSICA EN VIVO DETERGENTE L\u00cdQUIDO Detergente L\u00edquido habla de una manera hiperrealista, como si fuera un programa informativo de la televisi\u00f3n, de las circunstancias reales de una persona cualquiera que va perdiendo las esperanzas de alcanzar una vida como se espera, seg\u00fan ordenan los c\u00e1nones de la sociedad, y que vive atrapada&hellip;","_links":{"self":[{"href":"https:\/\/cafelapalma.com\/en\/wp-json\/wp\/v2\/tribe_events\/19882","targetHints":{"allow":["GET"]}}],"collection":[{"href":"https:\/\/cafelapalma.com\/en\/wp-json\/wp\/v2\/tribe_events"}],"about":[{"href":"https:\/\/cafelapalma.com\/en\/wp-json\/wp\/v2\/types\/tribe_events"}],"author":[{"embeddable":true,"href":"https:\/\/cafelapalma.com\/en\/wp-json\/wp\/v2\/users\/2"}],"version-history":[{"count":0,"href":"https:\/\/cafelapalma.com\/en\/wp-json\/wp\/v2\/tribe_events\/19882\/revisions"}],"wp:featuredmedia":[{"embeddable":true,"href":"https:\/\/cafelapalma.com\/en\/wp-json\/wp\/v2\/media\/18883"}],"wp:attachment":[{"href":"https:\/\/cafelapalma.com\/en\/wp-json\/wp\/v2\/media?parent=19882"}],"wp:term":[{"taxonomy":"post_tag","embeddable":true,"href":"https:\/\/cafelapalma.com\/en\/wp-json\/wp\/v2\/tags?post=19882"},{"taxonomy":"tribe_events_cat","embeddable":true,"href":"https:\/\/cafelapalma.com\/en\/wp-json\/wp\/v2\/tribe_events_cat?post=19882"}],"curies":[{"name":"wp","href":"https:\/\/api.w.org\/{rel}","templated":true}]}}