{"id":19978,"date":"2021-05-20T09:29:17","date_gmt":"2021-05-20T07:29:17","guid":{"rendered":"https:\/\/cafelapalma.com\/?post_type=tribe_events&#038;p=19978"},"modified":"2021-05-20T09:30:04","modified_gmt":"2021-05-20T07:30:04","slug":"alba-robles","status":"publish","type":"tribe_events","link":"https:\/\/cafelapalma.com\/en\/programacion\/alba-robles\/","title":{"rendered":"ALBA ROBLES"},"content":{"rendered":"<div  class=\"tribe-events-schedule tribe-clearfix\" >\n\t<p class=\"tribe-events-schedule__datetime\">\n\t\t<span class=\"tribe-events-schedule__date tribe-events-schedule__date--start\">\n\t\t\t06  June  2021\t\t<\/span>\n\n\t\t\t\t\t<span class=\"tribe-events-schedule__separator tribe-events-schedule__separator--date\">\n\t\t\t\t@\t\t\t<\/span>\n\t\t\t<span class=\"tribe-events-schedule__time tribe-events-schedule__time--start\">\n\t\t\t\t18:00\t\t\t<\/span>\n\t\t\n\t\t\t\t\t\t\t\t\t<span class=\"tribe-events-schedule__separator tribe-events-schedule__separator--time\">\n\t\t\t\t\t&#8211;\t\t\t\t<\/span>\n\t\t\t\n\t\t\t\t\t\t\t<span class=\"tribe-events-schedule__time tribe-events-schedule__time--end\">\n\t\t\t\t\t19:45\t\t\t\t<\/span>\n\t\t\t\n\t\t\t\t\t\t<\/p>\n<\/div>\n\n\n<div  class=\"tribe-block tribe-block__event-price\" >\n\t\t\t<span class=\"tribe-block__event-price__cost\"> 12\u20ac <\/span>\n\t\t\t\t<span class=\"tribe-block__event-price__description\">+ gg Anticipada | 14\u20ac Taquilla<\/span>\n\t<\/div>\n\n\n\n<div class=\"wp-block-columns is-layout-flex wp-container-core-columns-is-layout-8f761849 wp-block-columns-is-layout-flex\">\n<div class=\"wp-block-column is-layout-flow wp-block-column-is-layout-flow\" style=\"flex-basis:33.33%\">\n<figure class=\"wp-block-image size-large\"><img loading=\"lazy\" decoding=\"async\" width=\"420\" height=\"594\" src=\"https:\/\/cafelapalma.com\/wp-content\/uploads\/2021\/05\/arobles_low.png\" alt=\"\" class=\"wp-image-19979\" srcset=\"https:\/\/cafelapalma.com\/wp-content\/uploads\/2021\/05\/arobles_low.png 420w, https:\/\/cafelapalma.com\/wp-content\/uploads\/2021\/05\/arobles_low-212x300.png 212w, https:\/\/cafelapalma.com\/wp-content\/uploads\/2021\/05\/arobles_low-42x60.png 42w\" sizes=\"auto, (max-width: 420px) 100vw, 420px\" \/><\/figure>\n\n\n<div  class=\"tribe-block tribe-block__event-website\" >\n\t<a\n\t\thref=\"https:\/\/link.dice.fm\/7gIiuZhAmgb\"\n\t\ttarget=\"_self\"\n\t\t\t>\n\t\tBUY TICKETS\t<\/a>\n<\/div>\n<\/div>\n\n\n\n<div class=\"wp-block-column is-layout-flow wp-block-column-is-layout-flow\" style=\"flex-basis:66.66%\">\n<p class=\"wp-block-paragraph\"><\/p>\n\n\n\n<p class=\"has-text-align-left wp-block-paragraph\"><strong>Alba Robles<\/strong> vuelve a la escena musical y lo hace con m\u00e1s fuerza que nunca. Despu\u00e9s de recorrer algunas de las ciudades m\u00e1s importantes de Espa\u00f1a con su primer \u00e1lbum <strong><em>&#8216;Desde hoy&#8217;<\/em><\/strong>, la barcelonesa presenta <strong><em>&#8216;Devu\u00e9lvemelo&#8217;<\/em><\/strong>, un track que representa un antes y un despu\u00e9s en su carrera musical.<br><br><strong>Alba Robles<\/strong> cambia de est\u00e9tica, sonidos para conectar como nunca con su aut\u00e9ntico yo y volver a conquistar los principales escenarios y teatros de nuestro pa\u00eds. Con m\u00e1s de 6.000 seguidores en redes sociales y un largo recorrido por delante en las plataformas digitales, <strong>Alba Robles<\/strong> presenta un track actual, elegante, cargado de sonidos electr\u00f3nicos y donde su voz volver\u00e1 a llenar de luz este a\u00f1o 2021.<\/p>\n<\/div>\n<\/div>\n\n\n\n<hr class=\"wp-block-separator is-style-wide\"\/>\n\n\n\n<div style=\"height:100px\" aria-hidden=\"true\" class=\"wp-block-spacer\"><\/div>\n\n\n<h2 class=\"tribe-block__related-events__title\">Related Events<\/h2>\n\n<ul  class=\"tribe-related-events tribe-clearfix\" >\n\t\t\t<li>\n\t\n<div class=\"tribe-related-events-thumbnail\">\n\t<a href=\"https:\/\/cafelapalma.com\/en\/programacion\/funkin-donuts\/\" class=\"url\" rel=\"bookmark\" tabindex=\"-1\" aria-hidden=\"true\"><img loading=\"lazy\" decoding=\"async\" width=\"693\" height=\"1040\" src=\"https:\/\/cafelapalma.com\/wp-content\/uploads\/2026\/07\/FD-vert2-bn-693x1040.jpg\" class=\"attachment-large size-large wp-post-image\" alt=\"\" \/><\/a>\n<\/div>\n\t<div class=\"tribe-related-event-info\">\n\t<h3 class=\"tribe-related-events-title\">\n\t\t<a href=\"https:\/\/cafelapalma.com\/en\/programacion\/funkin-donuts\/\" class=\"tribe-event-url\" rel=\"bookmark\">\n\t\t\tFUNKIN&#8217; DONUTS\t\t<\/a>\n\t<\/h3>\n\t<span class=\"tribe-event-date-start\">5  September@22:00<\/span><span class=\"tribe-event-time\">23:45<\/span><\/div>\n<\/li>\n\t\t\t<li>\n\t\n<div class=\"tribe-related-events-thumbnail\">\n\t<a href=\"https:\/\/cafelapalma.com\/en\/programacion\/willie-deville-concierto-benefico-x-venezuela\/\" class=\"url\" rel=\"bookmark\" tabindex=\"-1\" aria-hidden=\"true\"><img loading=\"lazy\" decoding=\"async\" width=\"1020\" height=\"531\" src=\"https:\/\/cafelapalma.com\/wp-content\/uploads\/2026\/08\/Willie-deville-1100x572-1-1040x541.jpg\" class=\"attachment-large size-large wp-post-image\" alt=\"\" \/><\/a>\n<\/div>\n\t<div class=\"tribe-related-event-info\">\n\t<h3 class=\"tribe-related-events-title\">\n\t\t<a href=\"https:\/\/cafelapalma.com\/en\/programacion\/willie-deville-concierto-benefico-x-venezuela\/\" class=\"tribe-event-url\" rel=\"bookmark\">\n\t\t\tWILLIE DEVILLE: CONCIERTO BEN\u00c9FICO X VENEZUELA\t\t<\/a>\n\t<\/h3>\n\t<span class=\"tribe-event-date-start\">6  September@21:00<\/span><span class=\"tribe-event-time\">23:45<\/span><\/div>\n<\/li>\n\t\t\t<li>\n\t\n<div class=\"tribe-related-events-thumbnail\">\n\t<a href=\"https:\/\/cafelapalma.com\/en\/programacion\/new-boix\/\" class=\"url\" rel=\"bookmark\" tabindex=\"-1\" aria-hidden=\"true\"><img loading=\"lazy\" decoding=\"async\" width=\"694\" height=\"1040\" src=\"https:\/\/cafelapalma.com\/wp-content\/uploads\/2026\/05\/WhatsApp-Image-2026-04-29-at-12.00.28-694x1040.jpeg\" class=\"attachment-large size-large wp-post-image\" alt=\"\" \/><\/a>\n<\/div>\n\t<div class=\"tribe-related-event-info\">\n\t<h3 class=\"tribe-related-events-title\">\n\t\t<a href=\"https:\/\/cafelapalma.com\/en\/programacion\/new-boix\/\" class=\"tribe-event-url\" rel=\"bookmark\">\n\t\t\tNEW BOIX\t\t<\/a>\n\t<\/h3>\n\t<span class=\"tribe-event-date-start\">10  September@22:00<\/span><span class=\"tribe-event-time\">23:45<\/span><\/div>\n<\/li>\n\t<\/ul>","protected":false},"excerpt":{"rendered":"<p>Alba Robles vuelve a la escena musical y lo hace con m\u00e1s fuerza que nunca. Despu\u00e9s de recorrer algunas de las ciudades m\u00e1s importantes de Espa\u00f1a con su primer \u00e1lbum &#8216;Desde hoy&#8217;, la barcelonesa presenta &#8216;Devu\u00e9lvemelo&#8217;, un track que representa un antes y un despu\u00e9s en su carrera musical. Alba Robles cambia de est\u00e9tica, sonidos &hellip; <\/p>","protected":false},"author":2,"featured_media":19980,"template":"","meta":{"_tec_requires_first_save":false,"_uag_custom_page_level_css":"","loftloader_page_shortcode":"","_EventAllDay":false,"_EventTimezone":"Europe\/Madrid","_EventStartDate":"2021-06-06 18:00:00","_EventEndDate":"2021-06-06 19:45:00","_EventStartDateUTC":"2021-06-06 16:00:00","_EventEndDateUTC":"2021-06-06 17:45:00","_EventShowMap":false,"_EventShowMapLink":false,"_EventURL":"https:\/\/link.dice.fm\/7gIiuZhAmgb","_EventCost":"12","_EventCostDescription":"","_EventCurrencySymbol":"\u20ac","_EventCurrencyCode":"","_EventCurrencyPosition":"suffix","_EventDateTimeSeparator":"@","_EventTimeRangeSeparator":"-","_EventOrganizerID":[],"_EventVenueID":[0],"_OrganizerEmail":"","_OrganizerPhone":"","_OrganizerWebsite":"","_VenueAddress":"","_VenueCity":"","_VenueCountry":"","_VenueProvince":"","_VenueState":"","_VenueZip":"","_VenuePhone":"","_VenueURL":"","_VenueStateProvince":"","_VenueLat":"","_VenueLng":"","_VenueShowMap":false,"_VenueShowMapLink":false,"_tribe_blocks_recurrence_rules":"","_tribe_blocks_recurrence_description":"","_tribe_blocks_recurrence_exclusions":"","_ecp_custom_2":"","_tribe_events_status":"","_tribe_events_status_reason":"","_tribe_events_is_hybrid":"","_tribe_events_is_virtual":"","_tribe_events_virtual_video_source":"","_tribe_events_virtual_embed_video":"","_tribe_events_virtual_linked_button_text":"","_tribe_events_virtual_linked_button":"","_tribe_events_virtual_show_embed_at":"","_tribe_events_virtual_show_embed_to":[],"_tribe_events_virtual_show_on_event":"","_tribe_events_virtual_show_on_views":"","_tribe_events_virtual_url":"","footnotes":""},"tags":[9471,8869,2865,9147,9146,9472,9473],"tribe_events_cat":[8963],"class_list":["post-19978","tribe_events","type-tribe_events","status-publish","has-post-thumbnail","hentry","tag-alba-robles","tag-cafe-la-palma-2","tag-conciertos-cafe-la-palma","tag-conciertos-madrid","tag-conciertos-malasana","tag-desde-hoy","tag-devuelvemelo","tribe_events_cat-concierto","cat_concierto"],"uagb_featured_image_src":{"full":["https:\/\/cafelapalma.com\/wp-content\/uploads\/2021\/05\/ALBA-ROBLESpiclow.jpg",612,408,false],"thumbnail":["https:\/\/cafelapalma.com\/wp-content\/uploads\/2021\/05\/ALBA-ROBLESpiclow-150x150.jpg",150,150,true],"medium":["https:\/\/cafelapalma.com\/wp-content\/uploads\/2021\/05\/ALBA-ROBLESpiclow-300x200.jpg",300,200,true],"medium_large":["https:\/\/cafelapalma.com\/wp-content\/uploads\/2021\/05\/ALBA-ROBLESpiclow.jpg",612,408,false],"large":["https:\/\/cafelapalma.com\/wp-content\/uploads\/2021\/05\/ALBA-ROBLESpiclow.jpg",612,408,false],"1536x1536":["https:\/\/cafelapalma.com\/wp-content\/uploads\/2021\/05\/ALBA-ROBLESpiclow.jpg",612,408,false],"2048x2048":["https:\/\/cafelapalma.com\/wp-content\/uploads\/2021\/05\/ALBA-ROBLESpiclow.jpg",612,408,false],"trp-custom-language-flag":["https:\/\/cafelapalma.com\/wp-content\/uploads\/2021\/05\/ALBA-ROBLESpiclow.jpg",18,12,false],"blossom-feminine-slider":["https:\/\/cafelapalma.com\/wp-content\/uploads\/2021\/05\/ALBA-ROBLESpiclow.jpg",612,408,false],"blossom-feminine-featured":["https:\/\/cafelapalma.com\/wp-content\/uploads\/2021\/05\/ALBA-ROBLESpiclow.jpg",612,408,false],"blossom-feminine-with-sidebar":["https:\/\/cafelapalma.com\/wp-content\/uploads\/2021\/05\/ALBA-ROBLESpiclow.jpg",612,408,false],"blossom-feminine-blog":["https:\/\/cafelapalma.com\/wp-content\/uploads\/2021\/05\/ALBA-ROBLESpiclow-435x408.jpg",435,408,true],"blossom-feminine-cat":["https:\/\/cafelapalma.com\/wp-content\/uploads\/2021\/05\/ALBA-ROBLESpiclow-450x300.jpg",450,300,true],"blossom-feminine-related":["https:\/\/cafelapalma.com\/wp-content\/uploads\/2021\/05\/ALBA-ROBLESpiclow-320x200.jpg",320,200,true],"blossom-feminine-schema":["https:\/\/cafelapalma.com\/wp-content\/uploads\/2021\/05\/ALBA-ROBLESpiclow-90x60.jpg",90,60,true]},"uagb_author_info":{"display_name":"Victor","author_link":"https:\/\/cafelapalma.com\/en\/author\/comunicacion\/"},"uagb_comment_info":0,"uagb_excerpt":"Alba Robles vuelve a la escena musical y lo hace con m\u00e1s fuerza que nunca. Despu\u00e9s de recorrer algunas de las ciudades m\u00e1s importantes de Espa\u00f1a con su primer \u00e1lbum &#8216;Desde hoy&#8217;, la barcelonesa presenta &#8216;Devu\u00e9lvemelo&#8217;, un track que representa un antes y un despu\u00e9s en su carrera musical. Alba Robles cambia de est\u00e9tica, sonidos&hellip;","_links":{"self":[{"href":"https:\/\/cafelapalma.com\/en\/wp-json\/wp\/v2\/tribe_events\/19978","targetHints":{"allow":["GET"]}}],"collection":[{"href":"https:\/\/cafelapalma.com\/en\/wp-json\/wp\/v2\/tribe_events"}],"about":[{"href":"https:\/\/cafelapalma.com\/en\/wp-json\/wp\/v2\/types\/tribe_events"}],"author":[{"embeddable":true,"href":"https:\/\/cafelapalma.com\/en\/wp-json\/wp\/v2\/users\/2"}],"version-history":[{"count":0,"href":"https:\/\/cafelapalma.com\/en\/wp-json\/wp\/v2\/tribe_events\/19978\/revisions"}],"wp:featuredmedia":[{"embeddable":true,"href":"https:\/\/cafelapalma.com\/en\/wp-json\/wp\/v2\/media\/19980"}],"wp:attachment":[{"href":"https:\/\/cafelapalma.com\/en\/wp-json\/wp\/v2\/media?parent=19978"}],"wp:term":[{"taxonomy":"post_tag","embeddable":true,"href":"https:\/\/cafelapalma.com\/en\/wp-json\/wp\/v2\/tags?post=19978"},{"taxonomy":"tribe_events_cat","embeddable":true,"href":"https:\/\/cafelapalma.com\/en\/wp-json\/wp\/v2\/tribe_events_cat?post=19978"}],"curies":[{"name":"wp","href":"https:\/\/api.w.org\/{rel}","templated":true}]}}