{"id":20067,"date":"2021-06-07T11:47:22","date_gmt":"2021-06-07T09:47:22","guid":{"rendered":"https:\/\/cafelapalma.com\/?post_type=tribe_events&#038;p=20067"},"modified":"2021-06-07T11:49:18","modified_gmt":"2021-06-07T09:49:18","slug":"malatesta-sound","status":"publish","type":"tribe_events","link":"https:\/\/cafelapalma.com\/en\/programacion\/malatesta-sound\/","title":{"rendered":"MALATESTA SOUND"},"content":{"rendered":"<div  class=\"tribe-events-schedule tribe-clearfix\" >\n\t<p class=\"tribe-events-schedule__datetime\">\n\t\t<span class=\"tribe-events-schedule__date tribe-events-schedule__date--start\">\n\t\t\t11  June  2021\t\t<\/span>\n\n\t\t\t\t\t<span class=\"tribe-events-schedule__separator tribe-events-schedule__separator--date\">\n\t\t\t\t@\t\t\t<\/span>\n\t\t\t<span class=\"tribe-events-schedule__time tribe-events-schedule__time--start\">\n\t\t\t\t20:00\t\t\t<\/span>\n\t\t\n\t\t\t\t\t\t\t\t\t<span class=\"tribe-events-schedule__separator tribe-events-schedule__separator--time\">\n\t\t\t\t\t&#8211;\t\t\t\t<\/span>\n\t\t\t\n\t\t\t\t\t\t\t<span class=\"tribe-events-schedule__time tribe-events-schedule__time--end\">\n\t\t\t\t\t23:55\t\t\t\t<\/span>\n\t\t\t\n\t\t\t\t\t\t<\/p>\n<\/div>\n\n\n<div  class=\"tribe-block tribe-block__event-price\" >\n\t\t\t<span class=\"tribe-block__event-price__cost\"> 15\u20ac <\/span>\n\t\t\t\t<span class=\"tribe-block__event-price__description\">+ gg Anticipada | 17\u20ac Taquilla (Incluye UNA COPA o DOS CERVEZAS)<\/span>\n\t<\/div>\n\n\n\n<div class=\"wp-block-columns is-layout-flex wp-container-core-columns-is-layout-8f761849 wp-block-columns-is-layout-flex\">\n<div class=\"wp-block-column is-layout-flow wp-block-column-is-layout-flow\" style=\"flex-basis:33.33%\">\n<figure class=\"wp-block-image size-large\"><img loading=\"lazy\" decoding=\"async\" width=\"429\" height=\"582\" src=\"https:\/\/cafelapalma.com\/wp-content\/uploads\/2021\/06\/MALATESTA-SOUND-CARTEL-A3-CMYK2-low.jpg\" alt=\"\" class=\"wp-image-20068\" srcset=\"https:\/\/cafelapalma.com\/wp-content\/uploads\/2021\/06\/MALATESTA-SOUND-CARTEL-A3-CMYK2-low.jpg 429w, https:\/\/cafelapalma.com\/wp-content\/uploads\/2021\/06\/MALATESTA-SOUND-CARTEL-A3-CMYK2-low-221x300.jpg 221w, https:\/\/cafelapalma.com\/wp-content\/uploads\/2021\/06\/MALATESTA-SOUND-CARTEL-A3-CMYK2-low-44x60.jpg 44w\" sizes=\"auto, (max-width: 429px) 100vw, 429px\" \/><\/figure>\n\n\n<div  class=\"tribe-block tribe-block__event-website\" >\n\t<a\n\t\thref=\"https:\/\/link.dice.fm\/x7byj69gTgb\"\n\t\ttarget=\"_self\"\n\t\t\t>\n\t\tBUY TICKETS\t<\/a>\n<\/div>\n<\/div>\n\n\n\n<div class=\"wp-block-column is-layout-flow wp-block-column-is-layout-flow\" style=\"flex-basis:66.66%\">\n<p class=\"wp-block-paragraph\"><\/p>\n\n\n\n<p class=\"has-text-align-left wp-block-paragraph\"><strong>Malatesta Sound<\/strong> se presenta en sociedad este viernes en <strong>CAFE LA PALMA<\/strong>.<\/p>\n\n\n\n<p class=\"has-text-align-left wp-block-paragraph\">Los sonidos <em>underground <\/em>del presente y del futuro se unen con este nuevo colectivo formado por los tres Dj&#8217;s <strong>Luxi Villar<\/strong>, <strong>Lebo <\/strong>y <strong>Javier Klash<\/strong>, en el que nos ofrecen su visi\u00f3n particular de la m\u00fasica electr\u00f3nica con una sesi\u00f3n cargada con los beats m\u00e1s frescos del deep-house y dub-house mezclada con toques de minimal y disco para transportarnos por un viaje sonoro a trav\u00e9s de la m\u00fasica de baile.<\/p>\n<\/div>\n<\/div>\n\n\n\n<hr class=\"wp-block-separator is-style-wide\"\/>\n\n\n\n<div style=\"height:100px\" aria-hidden=\"true\" class=\"wp-block-spacer\"><\/div>\n\n\n<h2 class=\"tribe-block__related-events__title\">Related Events<\/h2>\n\n<ul  class=\"tribe-related-events tribe-clearfix\" >\n\t\t\t<li>\n\t\n<div class=\"tribe-related-events-thumbnail\">\n\t<a href=\"https:\/\/cafelapalma.com\/en\/programacion\/backstage-le-petit-truffle-mayo\/\" class=\"url\" rel=\"bookmark\" tabindex=\"-1\" aria-hidden=\"true\"><img loading=\"lazy\" decoding=\"async\" width=\"780\" height=\"1040\" src=\"https:\/\/cafelapalma.com\/wp-content\/uploads\/2026\/07\/Imagen-TruffleMayo-LePetit-i-1-780x1040.png\" class=\"attachment-large size-large wp-post-image\" alt=\"\" \/><\/a>\n<\/div>\n\t<div class=\"tribe-related-event-info\">\n\t<h3 class=\"tribe-related-events-title\">\n\t\t<a href=\"https:\/\/cafelapalma.com\/en\/programacion\/backstage-le-petit-truffle-mayo\/\" class=\"tribe-event-url\" rel=\"bookmark\">\n\t\t\tBACKSTAGE: LE PETIT + TRUFFLE MAYO\t\t<\/a>\n\t<\/h3>\n\t<span class=\"tribe-event-date-start\">5  September@23:55<\/span><\/div>\n<\/li>\n\t\t\t<li>\n\t\n<div class=\"tribe-related-events-thumbnail\">\n\t<a href=\"https:\/\/cafelapalma.com\/en\/programacion\/new-boix\/\" class=\"url\" rel=\"bookmark\" tabindex=\"-1\" aria-hidden=\"true\"><img loading=\"lazy\" decoding=\"async\" width=\"694\" height=\"1040\" src=\"https:\/\/cafelapalma.com\/wp-content\/uploads\/2026\/05\/WhatsApp-Image-2026-04-29-at-12.00.28-694x1040.jpeg\" class=\"attachment-large size-large wp-post-image\" alt=\"\" \/><\/a>\n<\/div>\n\t<div class=\"tribe-related-event-info\">\n\t<h3 class=\"tribe-related-events-title\">\n\t\t<a href=\"https:\/\/cafelapalma.com\/en\/programacion\/new-boix\/\" class=\"tribe-event-url\" rel=\"bookmark\">\n\t\t\tNEW BOIX\t\t<\/a>\n\t<\/h3>\n\t<span class=\"tribe-event-date-start\">10  September@22:00<\/span><span class=\"tribe-event-time\">23:45<\/span><\/div>\n<\/li>\n\t\t\t<li>\n\t\n<div class=\"tribe-related-events-thumbnail\">\n\t<a href=\"https:\/\/cafelapalma.com\/en\/programacion\/zetaeme\/\" class=\"url\" rel=\"bookmark\" tabindex=\"-1\" aria-hidden=\"true\"><img loading=\"lazy\" decoding=\"async\" width=\"693\" height=\"1040\" src=\"https:\/\/cafelapalma.com\/wp-content\/uploads\/2026\/07\/5O3A7345-1-1-693x1040.jpg\" class=\"attachment-large size-large wp-post-image\" alt=\"\" \/><\/a>\n<\/div>\n\t<div class=\"tribe-related-event-info\">\n\t<h3 class=\"tribe-related-events-title\">\n\t\t<a href=\"https:\/\/cafelapalma.com\/en\/programacion\/zetaeme\/\" class=\"tribe-event-url\" rel=\"bookmark\">\n\t\t\tZETAEME\t\t<\/a>\n\t<\/h3>\n\t<span class=\"tribe-event-date-start\">10  September@23:55<\/span><\/div>\n<\/li>\n\t<\/ul>","protected":false},"excerpt":{"rendered":"<p>Malatesta Sound se presenta en sociedad este viernes en CAFE LA PALMA. Los sonidos underground del presente y del futuro se unen con este nuevo colectivo formado por los tres Dj&#8217;s Luxi Villar, Lebo y Javier Klash, en el que nos ofrecen su visi\u00f3n particular de la m\u00fasica electr\u00f3nica con una sesi\u00f3n cargada con los &hellip; <\/p>","protected":false},"author":2,"featured_media":20069,"template":"","meta":{"_tec_requires_first_save":false,"_uag_custom_page_level_css":"","loftloader_page_shortcode":"","_EventAllDay":false,"_EventTimezone":"Europe\/Madrid","_EventStartDate":"2021-06-11 20:00:00","_EventEndDate":"2021-06-11 23:55:00","_EventStartDateUTC":"2021-06-11 18:00:00","_EventEndDateUTC":"2021-06-11 21:55:00","_EventShowMap":false,"_EventShowMapLink":false,"_EventURL":"https:\/\/link.dice.fm\/x7byj69gTgb","_EventCost":"15","_EventCostDescription":"","_EventCurrencySymbol":"\u20ac","_EventCurrencyCode":"","_EventCurrencyPosition":"suffix","_EventDateTimeSeparator":"@","_EventTimeRangeSeparator":"-","_EventOrganizerID":[],"_EventVenueID":[0],"_OrganizerEmail":"","_OrganizerPhone":"","_OrganizerWebsite":"","_VenueAddress":"","_VenueCity":"","_VenueCountry":"","_VenueProvince":"","_VenueState":"","_VenueZip":"","_VenuePhone":"","_VenueURL":"","_VenueStateProvince":"","_VenueLat":"","_VenueLng":"","_VenueShowMap":false,"_VenueShowMapLink":false,"_tribe_blocks_recurrence_rules":"","_tribe_blocks_recurrence_description":"","_tribe_blocks_recurrence_exclusions":"","_ecp_custom_2":"","_tribe_events_status":"","_tribe_events_status_reason":"","_tribe_events_is_hybrid":"","_tribe_events_is_virtual":"","_tribe_events_virtual_video_source":"","_tribe_events_virtual_embed_video":"","_tribe_events_virtual_linked_button_text":"","_tribe_events_virtual_linked_button":"","_tribe_events_virtual_show_embed_at":"","_tribe_events_virtual_show_embed_to":[],"_tribe_events_virtual_show_on_event":"","_tribe_events_virtual_show_on_views":"","_tribe_events_virtual_url":"","footnotes":""},"tags":[9229,8869,9225,9557,9226,9227,9558,9309,9556,9555,9554,9553,9559],"tribe_events_cat":[8964],"class_list":["post-20067","tribe_events","type-tribe_events","status-publish","has-post-thumbnail","hentry","tag-beats","tag-cafe-la-palma-2","tag-cafe-la-palma-clubbing","tag-deep-house","tag-djs-madrid","tag-djs-malasana","tag-dub-house","tag-house","tag-javier-klash","tag-lebo","tag-luxi-villar","tag-malatesta-sound","tag-minimal","tribe_events_cat-clubbing","cat_clubbing"],"uagb_featured_image_src":{"full":["https:\/\/cafelapalma.com\/wp-content\/uploads\/2021\/06\/MALATESTA-HORIZONTAL-CMYK-scaled.jpg",3000,1894,false],"thumbnail":["https:\/\/cafelapalma.com\/wp-content\/uploads\/2021\/06\/MALATESTA-HORIZONTAL-CMYK-150x150.jpg",150,150,true],"medium":["https:\/\/cafelapalma.com\/wp-content\/uploads\/2021\/06\/MALATESTA-HORIZONTAL-CMYK-300x189.jpg",300,189,true],"medium_large":["https:\/\/cafelapalma.com\/wp-content\/uploads\/2021\/06\/MALATESTA-HORIZONTAL-CMYK-768x485.jpg",768,485,true],"large":["https:\/\/cafelapalma.com\/wp-content\/uploads\/2021\/06\/MALATESTA-HORIZONTAL-CMYK-1024x646.jpg",1020,643,true],"1536x1536":["https:\/\/cafelapalma.com\/wp-content\/uploads\/2021\/06\/MALATESTA-HORIZONTAL-CMYK-1536x970.jpg",1536,970,true],"2048x2048":["https:\/\/cafelapalma.com\/wp-content\/uploads\/2021\/06\/MALATESTA-HORIZONTAL-CMYK-2048x1293.jpg",2048,1293,true],"trp-custom-language-flag":["https:\/\/cafelapalma.com\/wp-content\/uploads\/2021\/06\/MALATESTA-HORIZONTAL-CMYK-scaled.jpg",18,12,false],"blossom-feminine-slider":["https:\/\/cafelapalma.com\/wp-content\/uploads\/2021\/06\/MALATESTA-HORIZONTAL-CMYK-1920x649.jpg",1920,649,true],"blossom-feminine-featured":["https:\/\/cafelapalma.com\/wp-content\/uploads\/2021\/06\/MALATESTA-HORIZONTAL-CMYK-1410x600.jpg",1410,600,true],"blossom-feminine-with-sidebar":["https:\/\/cafelapalma.com\/wp-content\/uploads\/2021\/06\/MALATESTA-HORIZONTAL-CMYK-1020x600.jpg",1020,600,true],"blossom-feminine-blog":["https:\/\/cafelapalma.com\/wp-content\/uploads\/2021\/06\/MALATESTA-HORIZONTAL-CMYK-435x435.jpg",435,435,true],"blossom-feminine-cat":["https:\/\/cafelapalma.com\/wp-content\/uploads\/2021\/06\/MALATESTA-HORIZONTAL-CMYK-450x300.jpg",450,300,true],"blossom-feminine-related":["https:\/\/cafelapalma.com\/wp-content\/uploads\/2021\/06\/MALATESTA-HORIZONTAL-CMYK-320x200.jpg",320,200,true],"blossom-feminine-schema":["https:\/\/cafelapalma.com\/wp-content\/uploads\/2021\/06\/MALATESTA-HORIZONTAL-CMYK-95x60.jpg",95,60,true]},"uagb_author_info":{"display_name":"Victor","author_link":"https:\/\/cafelapalma.com\/en\/author\/comunicacion\/"},"uagb_comment_info":0,"uagb_excerpt":"Malatesta Sound se presenta en sociedad este viernes en CAFE LA PALMA. Los sonidos underground del presente y del futuro se unen con este nuevo colectivo formado por los tres Dj&#8217;s Luxi Villar, Lebo y Javier Klash, en el que nos ofrecen su visi\u00f3n particular de la m\u00fasica electr\u00f3nica con una sesi\u00f3n cargada con los&hellip;","_links":{"self":[{"href":"https:\/\/cafelapalma.com\/en\/wp-json\/wp\/v2\/tribe_events\/20067","targetHints":{"allow":["GET"]}}],"collection":[{"href":"https:\/\/cafelapalma.com\/en\/wp-json\/wp\/v2\/tribe_events"}],"about":[{"href":"https:\/\/cafelapalma.com\/en\/wp-json\/wp\/v2\/types\/tribe_events"}],"author":[{"embeddable":true,"href":"https:\/\/cafelapalma.com\/en\/wp-json\/wp\/v2\/users\/2"}],"version-history":[{"count":0,"href":"https:\/\/cafelapalma.com\/en\/wp-json\/wp\/v2\/tribe_events\/20067\/revisions"}],"wp:featuredmedia":[{"embeddable":true,"href":"https:\/\/cafelapalma.com\/en\/wp-json\/wp\/v2\/media\/20069"}],"wp:attachment":[{"href":"https:\/\/cafelapalma.com\/en\/wp-json\/wp\/v2\/media?parent=20067"}],"wp:term":[{"taxonomy":"post_tag","embeddable":true,"href":"https:\/\/cafelapalma.com\/en\/wp-json\/wp\/v2\/tags?post=20067"},{"taxonomy":"tribe_events_cat","embeddable":true,"href":"https:\/\/cafelapalma.com\/en\/wp-json\/wp\/v2\/tribe_events_cat?post=20067"}],"curies":[{"name":"wp","href":"https:\/\/api.w.org\/{rel}","templated":true}]}}