{"id":20336,"date":"2021-10-01T11:38:57","date_gmt":"2021-10-01T09:38:57","guid":{"rendered":"https:\/\/cafelapalma.com\/?post_type=tribe_events&#038;p=20336"},"modified":"2021-10-01T11:40:06","modified_gmt":"2021-10-01T09:40:06","slug":"milc-meeky","status":"publish","type":"tribe_events","link":"https:\/\/cafelapalma.com\/en\/programacion\/milc-meeky\/","title":{"rendered":"MILC + MEEKY"},"content":{"rendered":"<div  class=\"tribe-events-schedule tribe-clearfix\" >\n\t<p class=\"tribe-events-schedule__datetime\">\n\t\t<span class=\"tribe-events-schedule__date tribe-events-schedule__date--start\">\n\t\t\t09  December  2021\t\t<\/span>\n\n\t\t\t\t\t<span class=\"tribe-events-schedule__separator tribe-events-schedule__separator--date\">\n\t\t\t\t@\t\t\t<\/span>\n\t\t\t<span class=\"tribe-events-schedule__time tribe-events-schedule__time--start\">\n\t\t\t\t21:30\t\t\t<\/span>\n\t\t\n\t\t\t\t\t\t\t\t\t<span class=\"tribe-events-schedule__separator tribe-events-schedule__separator--time\">\n\t\t\t\t\t&#8211;\t\t\t\t<\/span>\n\t\t\t\n\t\t\t\t\t\t\t<span class=\"tribe-events-schedule__time tribe-events-schedule__time--end\">\n\t\t\t\t\t23:45\t\t\t\t<\/span>\n\t\t\t\n\t\t\t\t\t\t<\/p>\n<\/div>\n\n\n<div  class=\"tribe-block tribe-block__event-price\" >\n\t\t\t<span class=\"tribe-block__event-price__cost\"> 8\u20ac <\/span>\n\t\t\t\t<span class=\"tribe-block__event-price__description\">+ gg Anticipada | 10\u20ac Taquilla<\/span>\n\t<\/div>\n\n\n\n<div style=\"height:100px\" aria-hidden=\"true\" class=\"wp-block-spacer\"><\/div>\n\n\n\n<div class=\"wp-block-columns is-layout-flex wp-container-core-columns-is-layout-8f761849 wp-block-columns-is-layout-flex\">\n<div class=\"wp-block-column is-layout-flow wp-block-column-is-layout-flow\" style=\"flex-basis:33.33%\">\n<figure class=\"wp-block-image size-large\"><img loading=\"lazy\" decoding=\"async\" width=\"430\" height=\"608\" src=\"https:\/\/cafelapalma.com\/wp-content\/uploads\/2021\/10\/milcmeekyA3.jpg\" alt=\"\" class=\"wp-image-20337\" srcset=\"https:\/\/cafelapalma.com\/wp-content\/uploads\/2021\/10\/milcmeekyA3.jpg 430w, https:\/\/cafelapalma.com\/wp-content\/uploads\/2021\/10\/milcmeekyA3-212x300.jpg 212w, https:\/\/cafelapalma.com\/wp-content\/uploads\/2021\/10\/milcmeekyA3-42x60.jpg 42w\" sizes=\"auto, (max-width: 430px) 100vw, 430px\" \/><\/figure>\n\n\n<div  class=\"tribe-block tribe-block__event-website\" >\n\t<a\n\t\thref=\"https:\/\/link.dice.fm\/FoOR58bLZjb\"\n\t\ttarget=\"_self\"\n\t\t\t>\n\t\tBUY TICKETS\t<\/a>\n<\/div>\n<\/div>\n\n\n\n<div class=\"wp-block-column is-layout-flow wp-block-column-is-layout-flow\" style=\"flex-basis:66.66%\">\n<p class=\"wp-block-paragraph\"><\/p>\n\n\n\n<p class=\"has-text-align-left wp-block-paragraph\">Desde que <strong>Antonio<\/strong>, <strong>Daniel <\/strong>y <strong>Diego <\/strong>(<strong>MILC<\/strong>) se hicieron amigos en <strong>Tenerife <\/strong>cuando eran peque\u00f1os, han compartido su gusto por la m\u00fasica (crecieron con <strong>The Beatles<\/strong>, <strong>Pink Floyd<\/strong>, <strong>David Bowie<\/strong>, <strong>The Velvet Underground<\/strong>) y as\u00ed lo han ido integrando poco a poco como parte de su vida, como una necesidad, como el que aprende a ponerse de pie o a montar en bici. Tienen a sus espaldas pocos a\u00f1os como grupo, pero ya han editado su primer disco, <strong><em>\u00abT\u00e1bata\u00bb<\/em><\/strong> (2020), grabado por ellos mismos en un gimnasio, que es la muestra perfecta de su apuesta constante por no permanecer est\u00e1ticos y aventurarse con sonidos que van desde el rock m\u00e1s espa\u00f1ol hasta el jazz o la bossa nova. Su \u00faltimo single <strong><em>\u00abNocturno de las ovejas\u00bb<\/em><\/strong> es una prueba de esta evoluci\u00f3n constante. <strong>MILC <\/strong>son un equipo ganador y est\u00e1n aqu\u00ed para demostrarlo.<\/p>\n\n\n\n<p class=\"has-text-align-left wp-block-paragraph\"><strong>Meeky <\/strong>es la amistad entre <strong>Adri <\/strong>y <strong>Dani <\/strong>en forma de banda. Ambos son del norte, pero se conocieron en la escena DIY de <strong>Madrid<\/strong>, donde llevan a\u00f1os montando conciertos, editando cintas y tocando en diferentes bandas (<strong>Confeti de Odio<\/strong>, <strong>No Fucks<\/strong>, <strong>Momento Man\u00edn<\/strong>). La banda empez\u00f3 como una manera de aprender a tocar la guitarra y la bater\u00eda, haciendo una mezcla de indie y emo que les llev\u00f3 a sacar un 7&#8243; en 2019, <strong><em>\u00abCreatures, Rainbows &amp; You\u00bb<\/em><\/strong> en donde mostraban m\u00e1s ganas que talento. Ahora, por fin, se encuentran grabando el que ser\u00e1 su primero disco, donde se pasan al castellano y en el que incorporan m\u00e1s amigos a la banda, en un intento de aparentar ser una banda seria.<\/p>\n<\/div>\n<\/div>\n\n\n\n<div style=\"height:100px\" aria-hidden=\"true\" class=\"wp-block-spacer\"><\/div>\n\n\n\n<hr class=\"wp-block-separator is-style-wide\"\/>\n\n\n\n<div style=\"height:100px\" aria-hidden=\"true\" class=\"wp-block-spacer\"><\/div>\n\n\n<h2 class=\"tribe-block__related-events__title\">Related Events<\/h2>\n\n<ul  class=\"tribe-related-events tribe-clearfix\" >\n\t\t\t<li>\n\t\n<div class=\"tribe-related-events-thumbnail\">\n\t<a href=\"https:\/\/cafelapalma.com\/en\/programacion\/funkin-donuts\/\" class=\"url\" rel=\"bookmark\" tabindex=\"-1\" aria-hidden=\"true\"><img loading=\"lazy\" decoding=\"async\" width=\"693\" height=\"1040\" src=\"https:\/\/cafelapalma.com\/wp-content\/uploads\/2026\/07\/FD-vert2-bn-693x1040.jpg\" class=\"attachment-large size-large wp-post-image\" alt=\"\" \/><\/a>\n<\/div>\n\t<div class=\"tribe-related-event-info\">\n\t<h3 class=\"tribe-related-events-title\">\n\t\t<a href=\"https:\/\/cafelapalma.com\/en\/programacion\/funkin-donuts\/\" class=\"tribe-event-url\" rel=\"bookmark\">\n\t\t\tFUNKIN&#8217; DONUTS\t\t<\/a>\n\t<\/h3>\n\t<span class=\"tribe-event-date-start\">5  September@22:00<\/span><span class=\"tribe-event-time\">23:45<\/span><\/div>\n<\/li>\n\t\t\t<li>\n\t\n<div class=\"tribe-related-events-thumbnail\">\n\t<a href=\"https:\/\/cafelapalma.com\/en\/programacion\/willie-deville-concierto-benefico-x-venezuela\/\" class=\"url\" rel=\"bookmark\" tabindex=\"-1\" aria-hidden=\"true\"><img loading=\"lazy\" decoding=\"async\" width=\"1020\" height=\"531\" src=\"https:\/\/cafelapalma.com\/wp-content\/uploads\/2026\/08\/Willie-deville-1100x572-1-1040x541.jpg\" class=\"attachment-large size-large wp-post-image\" alt=\"\" \/><\/a>\n<\/div>\n\t<div class=\"tribe-related-event-info\">\n\t<h3 class=\"tribe-related-events-title\">\n\t\t<a href=\"https:\/\/cafelapalma.com\/en\/programacion\/willie-deville-concierto-benefico-x-venezuela\/\" class=\"tribe-event-url\" rel=\"bookmark\">\n\t\t\tWILLIE DEVILLE: CONCIERTO BEN\u00c9FICO X VENEZUELA\t\t<\/a>\n\t<\/h3>\n\t<span class=\"tribe-event-date-start\">6  September@21:00<\/span><span class=\"tribe-event-time\">23:45<\/span><\/div>\n<\/li>\n\t\t\t<li>\n\t\n<div class=\"tribe-related-events-thumbnail\">\n\t<a href=\"https:\/\/cafelapalma.com\/en\/programacion\/new-boix\/\" class=\"url\" rel=\"bookmark\" tabindex=\"-1\" aria-hidden=\"true\"><img loading=\"lazy\" decoding=\"async\" width=\"694\" height=\"1040\" src=\"https:\/\/cafelapalma.com\/wp-content\/uploads\/2026\/05\/WhatsApp-Image-2026-04-29-at-12.00.28-694x1040.jpeg\" class=\"attachment-large size-large wp-post-image\" alt=\"\" \/><\/a>\n<\/div>\n\t<div class=\"tribe-related-event-info\">\n\t<h3 class=\"tribe-related-events-title\">\n\t\t<a href=\"https:\/\/cafelapalma.com\/en\/programacion\/new-boix\/\" class=\"tribe-event-url\" rel=\"bookmark\">\n\t\t\tNEW BOIX\t\t<\/a>\n\t<\/h3>\n\t<span class=\"tribe-event-date-start\">10  September@22:00<\/span><span class=\"tribe-event-time\">23:45<\/span><\/div>\n<\/li>\n\t<\/ul>","protected":false},"excerpt":{"rendered":"<p>Desde que Antonio, Daniel y Diego (MILC) se hicieron amigos en Tenerife cuando eran peque\u00f1os, han compartido su gusto por la m\u00fasica (crecieron con The Beatles, Pink Floyd, David Bowie, The Velvet Underground) y as\u00ed lo han ido integrando poco a poco como parte de su vida, como una necesidad, como el que aprende a &hellip; <\/p>","protected":false},"author":2,"featured_media":20338,"template":"","meta":{"_tec_requires_first_save":false,"_uag_custom_page_level_css":"","loftloader_page_shortcode":"","_EventAllDay":false,"_EventTimezone":"Europe\/Madrid","_EventStartDate":"2021-12-09 21:30:00","_EventEndDate":"2021-12-09 23:45:00","_EventStartDateUTC":"2021-12-09 20:30:00","_EventEndDateUTC":"2021-12-09 22:45:00","_EventShowMap":false,"_EventShowMapLink":false,"_EventURL":"https:\/\/link.dice.fm\/FoOR58bLZjb","_EventCost":"8","_EventCostDescription":"","_EventCurrencySymbol":"\u20ac","_EventCurrencyCode":"","_EventCurrencyPosition":"suffix","_EventDateTimeSeparator":"@","_EventTimeRangeSeparator":"-","_EventOrganizerID":[],"_EventVenueID":[0],"_OrganizerEmail":"","_OrganizerPhone":"","_OrganizerWebsite":"","_VenueAddress":"","_VenueCity":"","_VenueCountry":"","_VenueProvince":"","_VenueState":"","_VenueZip":"","_VenuePhone":"","_VenueURL":"","_VenueStateProvince":"","_VenueLat":"","_VenueLng":"","_VenueShowMap":false,"_VenueShowMapLink":false,"_tribe_blocks_recurrence_rules":"","_tribe_blocks_recurrence_description":"","_tribe_blocks_recurrence_exclusions":"","_ecp_custom_2":"","_tribe_events_status":"","_tribe_events_status_reason":"","_tribe_events_is_hybrid":"","_tribe_events_is_virtual":"","_tribe_events_virtual_video_source":"","_tribe_events_virtual_embed_video":"","_tribe_events_virtual_linked_button_text":"","_tribe_events_virtual_linked_button":"","_tribe_events_virtual_show_embed_at":"","_tribe_events_virtual_show_embed_to":[],"_tribe_events_virtual_show_on_event":"","_tribe_events_virtual_show_on_views":"","_tribe_events_virtual_url":"","footnotes":""},"tags":[9730,9731,9732,8869,2865,9147,9146,9739,9742,9743,9741,8970,9728,9294,9733,9729,9737,9734,9740,9738,9736,1354,9735],"tribe_events_cat":[8963],"class_list":["post-20336","tribe_events","type-tribe_events","status-publish","has-post-thumbnail","hentry","tag-alicia-carino","tag-alicia-te-quiero","tag-alisia-ros","tag-cafe-la-palma-2","tag-conciertos-cafe-la-palma","tag-conciertos-madrid","tag-conciertos-malasana","tag-confeti-de-odio","tag-creatures","tag-creatures-rainbows-you","tag-emo","tag-indie","tag-javi-chavales","tag-javi-paredes","tag-jeanne-darc","tag-kira-parra","tag-meeky","tag-milc","tag-momento-manin","tag-no-fucks","tag-nocturno-de-las-ovejas","tag-rock","tag-tabata","tribe_events_cat-concierto","cat_concierto"],"uagb_featured_image_src":{"full":["https:\/\/cafelapalma.com\/wp-content\/uploads\/2021\/10\/MILC_promo2.jpeg",2048,1364,false],"thumbnail":["https:\/\/cafelapalma.com\/wp-content\/uploads\/2021\/10\/MILC_promo2-150x150.jpeg",150,150,true],"medium":["https:\/\/cafelapalma.com\/wp-content\/uploads\/2021\/10\/MILC_promo2-300x200.jpeg",300,200,true],"medium_large":["https:\/\/cafelapalma.com\/wp-content\/uploads\/2021\/10\/MILC_promo2-768x512.jpeg",768,512,true],"large":["https:\/\/cafelapalma.com\/wp-content\/uploads\/2021\/10\/MILC_promo2-1024x682.jpeg",1020,679,true],"1536x1536":["https:\/\/cafelapalma.com\/wp-content\/uploads\/2021\/10\/MILC_promo2-1536x1023.jpeg",1536,1023,true],"2048x2048":["https:\/\/cafelapalma.com\/wp-content\/uploads\/2021\/10\/MILC_promo2.jpeg",2048,1364,false],"trp-custom-language-flag":["https:\/\/cafelapalma.com\/wp-content\/uploads\/2021\/10\/MILC_promo2.jpeg",18,12,false],"blossom-feminine-slider":["https:\/\/cafelapalma.com\/wp-content\/uploads\/2021\/10\/MILC_promo2-1920x649.jpeg",1920,649,true],"blossom-feminine-featured":["https:\/\/cafelapalma.com\/wp-content\/uploads\/2021\/10\/MILC_promo2-1410x600.jpeg",1410,600,true],"blossom-feminine-with-sidebar":["https:\/\/cafelapalma.com\/wp-content\/uploads\/2021\/10\/MILC_promo2-1020x600.jpeg",1020,600,true],"blossom-feminine-blog":["https:\/\/cafelapalma.com\/wp-content\/uploads\/2021\/10\/MILC_promo2-435x435.jpeg",435,435,true],"blossom-feminine-cat":["https:\/\/cafelapalma.com\/wp-content\/uploads\/2021\/10\/MILC_promo2-450x300.jpeg",450,300,true],"blossom-feminine-related":["https:\/\/cafelapalma.com\/wp-content\/uploads\/2021\/10\/MILC_promo2-320x200.jpeg",320,200,true],"blossom-feminine-schema":["https:\/\/cafelapalma.com\/wp-content\/uploads\/2021\/10\/MILC_promo2-90x60.jpeg",90,60,true]},"uagb_author_info":{"display_name":"Victor","author_link":"https:\/\/cafelapalma.com\/en\/author\/comunicacion\/"},"uagb_comment_info":0,"uagb_excerpt":"Desde que Antonio, Daniel y Diego (MILC) se hicieron amigos en Tenerife cuando eran peque\u00f1os, han compartido su gusto por la m\u00fasica (crecieron con The Beatles, Pink Floyd, David Bowie, The Velvet Underground) y as\u00ed lo han ido integrando poco a poco como parte de su vida, como una necesidad, como el que aprende a&hellip;","_links":{"self":[{"href":"https:\/\/cafelapalma.com\/en\/wp-json\/wp\/v2\/tribe_events\/20336","targetHints":{"allow":["GET"]}}],"collection":[{"href":"https:\/\/cafelapalma.com\/en\/wp-json\/wp\/v2\/tribe_events"}],"about":[{"href":"https:\/\/cafelapalma.com\/en\/wp-json\/wp\/v2\/types\/tribe_events"}],"author":[{"embeddable":true,"href":"https:\/\/cafelapalma.com\/en\/wp-json\/wp\/v2\/users\/2"}],"version-history":[{"count":0,"href":"https:\/\/cafelapalma.com\/en\/wp-json\/wp\/v2\/tribe_events\/20336\/revisions"}],"wp:featuredmedia":[{"embeddable":true,"href":"https:\/\/cafelapalma.com\/en\/wp-json\/wp\/v2\/media\/20338"}],"wp:attachment":[{"href":"https:\/\/cafelapalma.com\/en\/wp-json\/wp\/v2\/media?parent=20336"}],"wp:term":[{"taxonomy":"post_tag","embeddable":true,"href":"https:\/\/cafelapalma.com\/en\/wp-json\/wp\/v2\/tags?post=20336"},{"taxonomy":"tribe_events_cat","embeddable":true,"href":"https:\/\/cafelapalma.com\/en\/wp-json\/wp\/v2\/tribe_events_cat?post=20336"}],"curies":[{"name":"wp","href":"https:\/\/api.w.org\/{rel}","templated":true}]}}