{"id":20356,"date":"2021-10-04T17:34:56","date_gmt":"2021-10-04T15:34:56","guid":{"rendered":"https:\/\/cafelapalma.com\/?post_type=tribe_events&#038;p=20356"},"modified":"2021-10-04T17:35:32","modified_gmt":"2021-10-04T15:35:32","slug":"muro-maria-error97","status":"publish","type":"tribe_events","link":"https:\/\/cafelapalma.com\/en\/programacion\/muro-maria-error97\/","title":{"rendered":"MURO MAR\u00cdA + ERROR 97"},"content":{"rendered":"<div  class=\"tribe-events-schedule tribe-clearfix\" >\n\t<p class=\"tribe-events-schedule__datetime\">\n\t\t<span class=\"tribe-events-schedule__date tribe-events-schedule__date--start\">\n\t\t\t17  November  2021\t\t<\/span>\n\n\t\t\t\t\t<span class=\"tribe-events-schedule__separator tribe-events-schedule__separator--date\">\n\t\t\t\t@\t\t\t<\/span>\n\t\t\t<span class=\"tribe-events-schedule__time tribe-events-schedule__time--start\">\n\t\t\t\t21:30\t\t\t<\/span>\n\t\t\n\t\t\t\t\t\t\t\t\t<span class=\"tribe-events-schedule__separator tribe-events-schedule__separator--time\">\n\t\t\t\t\t&#8211;\t\t\t\t<\/span>\n\t\t\t\n\t\t\t\t\t\t\t<span class=\"tribe-events-schedule__time tribe-events-schedule__time--end\">\n\t\t\t\t\t23:45\t\t\t\t<\/span>\n\t\t\t\n\t\t\t\t\t\t<\/p>\n<\/div>\n\n\n<div  class=\"tribe-block tribe-block__event-price\" >\n\t\t\t<span class=\"tribe-block__event-price__cost\"> 9\u20ac <\/span>\n\t\t\t\t<span class=\"tribe-block__event-price__description\">+ gg Anticipada | 12\u20ac Taquilla<\/span>\n\t<\/div>\n\n\n\n<div style=\"height:100px\" aria-hidden=\"true\" class=\"wp-block-spacer\"><\/div>\n\n\n\n<div class=\"wp-block-columns is-layout-flex wp-container-core-columns-is-layout-8f761849 wp-block-columns-is-layout-flex\">\n<div class=\"wp-block-column is-layout-flow wp-block-column-is-layout-flow\" style=\"flex-basis:33.33%\">\n<figure class=\"wp-block-image size-large\"><img loading=\"lazy\" decoding=\"async\" width=\"724\" height=\"1024\" src=\"https:\/\/cafelapalma.com\/wp-content\/uploads\/2021\/10\/ERROR-97-A3-5COPY-724x1024.jpg\" alt=\"\" class=\"wp-image-20357\" srcset=\"https:\/\/cafelapalma.com\/wp-content\/uploads\/2021\/10\/ERROR-97-A3-5COPY-724x1024.jpg 724w, https:\/\/cafelapalma.com\/wp-content\/uploads\/2021\/10\/ERROR-97-A3-5COPY-212x300.jpg 212w, https:\/\/cafelapalma.com\/wp-content\/uploads\/2021\/10\/ERROR-97-A3-5COPY-768x1086.jpg 768w, https:\/\/cafelapalma.com\/wp-content\/uploads\/2021\/10\/ERROR-97-A3-5COPY-1086x1536.jpg 1086w, https:\/\/cafelapalma.com\/wp-content\/uploads\/2021\/10\/ERROR-97-A3-5COPY-1449x2048.jpg 1449w, https:\/\/cafelapalma.com\/wp-content\/uploads\/2021\/10\/ERROR-97-A3-5COPY-42x60.jpg 42w\" sizes=\"auto, (max-width: 724px) 100vw, 724px\" \/><\/figure>\n\n\n<div  class=\"tribe-block tribe-block__event-website\" >\n\t<a\n\t\thref=\"https:\/\/link.dice.fm\/5qQNwGu94jb\"\n\t\ttarget=\"_self\"\n\t\t\t>\n\t\tBUY TICKETS\t<\/a>\n<\/div>\n<\/div>\n\n\n\n<div class=\"wp-block-column is-layout-flow wp-block-column-is-layout-flow\" style=\"flex-basis:66.66%\">\n<p class=\"wp-block-paragraph\"><\/p>\n\n\n\n<p class=\"wp-block-paragraph\"><\/p>\n\n\n\n<p class=\"has-text-align-left wp-block-paragraph\"><strong>Muro Mar\u00eda<\/strong> es una banda alicantina de indie rock con matices del pop y del garaje rock m\u00e1s anglosaj\u00f3n. Est\u00e1 formada por <strong>Clau <\/strong>a la voz y guitarra r\u00edtmica, <strong>Rub\u00e9n <\/strong>a la guitarra solista, <strong>Jorge <\/strong>al bajo y <strong>Davo <\/strong>a la bater\u00eda. Su m\u00fasica se caracteriza por letras que hablan de lo cotidiano y de lo personal, por instrumentales protagonizadas por guitarras sucias y bater\u00edas contundentes, y por sus melod\u00edas pegadizas y coreables.<\/p>\n\n\n\n<p class=\"has-text-align-left wp-block-paragraph\">Con tan solo cuatro meses de vida ya han lanzado tres sencillos que han recibido una muy buena acogida por parte del p\u00fablico generando de esta forma el inter\u00e9s de muchas oyentes y de otras bandas, incluso llegando a colaborar con artistas con m\u00e1s recorrido como pueden ser <strong>Ni\u00f1a Polaca<\/strong>, que a su vez es uno de sus grupo referencia.<\/p>\n\n\n\n<p class=\"has-text-align-left wp-block-paragraph\"><strong>Error 97 <\/strong>es un grupo de pop madrile\u00f1o formado en 2019 formado por <strong>Nico <\/strong>(bater\u00eda), <strong>Sara <\/strong>(bajista y coros) y <strong>\u00c1lvaro <\/strong>(guitarra y voz principal). Sus influencias vienen sobre todo del punk y del rock, bandas como <strong>Green Day<\/strong>, <strong>Cala Vento<\/strong>, <strong>Offspring <\/strong>o <strong>Carolina Durante<\/strong>. Presentan su primer EP <strong><em>\u00abVoy a morime solo\u00bb<\/em><\/strong> producido por <strong>Ra\u00fal Garc\u00eda<\/strong>.<\/p>\n<\/div>\n<\/div>\n\n\n\n<div style=\"height:100px\" aria-hidden=\"true\" class=\"wp-block-spacer\"><\/div>\n\n\n\n<hr class=\"wp-block-separator\"\/>\n\n\n\n<div style=\"height:100px\" aria-hidden=\"true\" class=\"wp-block-spacer\"><\/div>\n\n\n<h2 class=\"tribe-block__related-events__title\">Related Events<\/h2>\n\n<ul  class=\"tribe-related-events tribe-clearfix\" >\n\t\t\t<li>\n\t\n<div class=\"tribe-related-events-thumbnail\">\n\t<a href=\"https:\/\/cafelapalma.com\/en\/programacion\/funkin-donuts\/\" class=\"url\" rel=\"bookmark\" tabindex=\"-1\" aria-hidden=\"true\"><img loading=\"lazy\" decoding=\"async\" width=\"693\" height=\"1040\" src=\"https:\/\/cafelapalma.com\/wp-content\/uploads\/2026\/07\/FD-vert2-bn-693x1040.jpg\" class=\"attachment-large size-large wp-post-image\" alt=\"\" \/><\/a>\n<\/div>\n\t<div class=\"tribe-related-event-info\">\n\t<h3 class=\"tribe-related-events-title\">\n\t\t<a href=\"https:\/\/cafelapalma.com\/en\/programacion\/funkin-donuts\/\" class=\"tribe-event-url\" rel=\"bookmark\">\n\t\t\tFUNKIN&#8217; DONUTS\t\t<\/a>\n\t<\/h3>\n\t<span class=\"tribe-event-date-start\">5  September@22:00<\/span><span class=\"tribe-event-time\">23:45<\/span><\/div>\n<\/li>\n\t\t\t<li>\n\t\n<div class=\"tribe-related-events-thumbnail\">\n\t<a href=\"https:\/\/cafelapalma.com\/en\/programacion\/willie-deville-concierto-benefico-x-venezuela\/\" class=\"url\" rel=\"bookmark\" tabindex=\"-1\" aria-hidden=\"true\"><img loading=\"lazy\" decoding=\"async\" width=\"1020\" height=\"531\" src=\"https:\/\/cafelapalma.com\/wp-content\/uploads\/2026\/08\/Willie-deville-1100x572-1-1040x541.jpg\" class=\"attachment-large size-large wp-post-image\" alt=\"\" \/><\/a>\n<\/div>\n\t<div class=\"tribe-related-event-info\">\n\t<h3 class=\"tribe-related-events-title\">\n\t\t<a href=\"https:\/\/cafelapalma.com\/en\/programacion\/willie-deville-concierto-benefico-x-venezuela\/\" class=\"tribe-event-url\" rel=\"bookmark\">\n\t\t\tWILLIE DEVILLE: CONCIERTO BEN\u00c9FICO X VENEZUELA\t\t<\/a>\n\t<\/h3>\n\t<span class=\"tribe-event-date-start\">6  September@21:00<\/span><span class=\"tribe-event-time\">23:45<\/span><\/div>\n<\/li>\n\t\t\t<li>\n\t\n<div class=\"tribe-related-events-thumbnail\">\n\t<a href=\"https:\/\/cafelapalma.com\/en\/programacion\/new-boix\/\" class=\"url\" rel=\"bookmark\" tabindex=\"-1\" aria-hidden=\"true\"><img loading=\"lazy\" decoding=\"async\" width=\"694\" height=\"1040\" src=\"https:\/\/cafelapalma.com\/wp-content\/uploads\/2026\/05\/WhatsApp-Image-2026-04-29-at-12.00.28-694x1040.jpeg\" class=\"attachment-large size-large wp-post-image\" alt=\"\" \/><\/a>\n<\/div>\n\t<div class=\"tribe-related-event-info\">\n\t<h3 class=\"tribe-related-events-title\">\n\t\t<a href=\"https:\/\/cafelapalma.com\/en\/programacion\/new-boix\/\" class=\"tribe-event-url\" rel=\"bookmark\">\n\t\t\tNEW BOIX\t\t<\/a>\n\t<\/h3>\n\t<span class=\"tribe-event-date-start\">10  September@22:00<\/span><span class=\"tribe-event-time\">23:45<\/span><\/div>\n<\/li>\n\t<\/ul>","protected":false},"excerpt":{"rendered":"<p>Muro Mar\u00eda es una banda alicantina de indie rock con matices del pop y del garaje rock m\u00e1s anglosaj\u00f3n. Est\u00e1 formada por Clau a la voz y guitarra r\u00edtmica, Rub\u00e9n a la guitarra solista, Jorge al bajo y Davo a la bater\u00eda. Su m\u00fasica se caracteriza por letras que hablan de lo cotidiano y de &hellip; <\/p>","protected":false},"author":2,"featured_media":20358,"template":"","meta":{"_tec_requires_first_save":false,"_uag_custom_page_level_css":"","loftloader_page_shortcode":"","_EventAllDay":false,"_EventTimezone":"Europe\/Madrid","_EventStartDate":"2021-11-17 21:30:00","_EventEndDate":"2021-11-17 23:45:00","_EventStartDateUTC":"2021-11-17 20:30:00","_EventEndDateUTC":"2021-11-17 22:45:00","_EventShowMap":false,"_EventShowMapLink":false,"_EventURL":"https:\/\/link.dice.fm\/5qQNwGu94jb","_EventCost":"9","_EventCostDescription":"","_EventCurrencySymbol":"\u20ac","_EventCurrencyCode":"","_EventCurrencyPosition":"suffix","_EventDateTimeSeparator":"@","_EventTimeRangeSeparator":"-","_EventOrganizerID":[],"_EventVenueID":[0],"_OrganizerEmail":"","_OrganizerPhone":"","_OrganizerWebsite":"","_VenueAddress":"","_VenueCity":"","_VenueCountry":"","_VenueProvince":"","_VenueState":"","_VenueZip":"","_VenuePhone":"","_VenueURL":"","_VenueStateProvince":"","_VenueLat":"","_VenueLng":"","_VenueShowMap":false,"_VenueShowMapLink":false,"_tribe_blocks_recurrence_rules":"","_tribe_blocks_recurrence_description":"","_tribe_blocks_recurrence_exclusions":"","_ecp_custom_2":"","_tribe_events_status":"","_tribe_events_status_reason":"","_tribe_events_is_hybrid":"","_tribe_events_is_virtual":"","_tribe_events_virtual_video_source":"","_tribe_events_virtual_embed_video":"","_tribe_events_virtual_linked_button_text":"","_tribe_events_virtual_linked_button":"","_tribe_events_virtual_show_embed_at":"","_tribe_events_virtual_show_embed_to":[],"_tribe_events_virtual_show_on_event":"","_tribe_events_virtual_show_on_views":"","_tribe_events_virtual_url":"","footnotes":""},"tags":[9777,8869,2865,9147,9146,9781,9778,9288,9515,9776,9779,9783,9780,9782],"tribe_events_cat":[8963],"class_list":["post-20356","tribe_events","type-tribe_events","status-publish","has-post-thumbnail","hentry","tag-alicante","tag-cafe-la-palma-2","tag-conciertos-cafe-la-palma","tag-conciertos-madrid","tag-conciertos-malasana","tag-error-97","tag-garage-rock","tag-indie-pop","tag-indie-rock","tag-muro-maria","tag-nina-polaca","tag-raul-garcia","tag-surma","tag-voy-a-morime-solo","tribe_events_cat-concierto","cat_concierto"],"uagb_featured_image_src":{"full":["https:\/\/cafelapalma.com\/wp-content\/uploads\/2021\/10\/MURO-MARIA.jpeg",2048,1536,false],"thumbnail":["https:\/\/cafelapalma.com\/wp-content\/uploads\/2021\/10\/MURO-MARIA-150x150.jpeg",150,150,true],"medium":["https:\/\/cafelapalma.com\/wp-content\/uploads\/2021\/10\/MURO-MARIA-300x225.jpeg",300,225,true],"medium_large":["https:\/\/cafelapalma.com\/wp-content\/uploads\/2021\/10\/MURO-MARIA-768x576.jpeg",768,576,true],"large":["https:\/\/cafelapalma.com\/wp-content\/uploads\/2021\/10\/MURO-MARIA-1024x768.jpeg",1020,765,true],"1536x1536":["https:\/\/cafelapalma.com\/wp-content\/uploads\/2021\/10\/MURO-MARIA-1536x1152.jpeg",1536,1152,true],"2048x2048":["https:\/\/cafelapalma.com\/wp-content\/uploads\/2021\/10\/MURO-MARIA.jpeg",2048,1536,false],"trp-custom-language-flag":["https:\/\/cafelapalma.com\/wp-content\/uploads\/2021\/10\/MURO-MARIA.jpeg",16,12,false],"blossom-feminine-slider":["https:\/\/cafelapalma.com\/wp-content\/uploads\/2021\/10\/MURO-MARIA-1920x649.jpeg",1920,649,true],"blossom-feminine-featured":["https:\/\/cafelapalma.com\/wp-content\/uploads\/2021\/10\/MURO-MARIA-1410x600.jpeg",1410,600,true],"blossom-feminine-with-sidebar":["https:\/\/cafelapalma.com\/wp-content\/uploads\/2021\/10\/MURO-MARIA-1020x600.jpeg",1020,600,true],"blossom-feminine-blog":["https:\/\/cafelapalma.com\/wp-content\/uploads\/2021\/10\/MURO-MARIA-435x435.jpeg",435,435,true],"blossom-feminine-cat":["https:\/\/cafelapalma.com\/wp-content\/uploads\/2021\/10\/MURO-MARIA-450x300.jpeg",450,300,true],"blossom-feminine-related":["https:\/\/cafelapalma.com\/wp-content\/uploads\/2021\/10\/MURO-MARIA-320x200.jpeg",320,200,true],"blossom-feminine-schema":["https:\/\/cafelapalma.com\/wp-content\/uploads\/2021\/10\/MURO-MARIA-80x60.jpeg",80,60,true]},"uagb_author_info":{"display_name":"Victor","author_link":"https:\/\/cafelapalma.com\/en\/author\/comunicacion\/"},"uagb_comment_info":0,"uagb_excerpt":"Muro Mar\u00eda es una banda alicantina de indie rock con matices del pop y del garaje rock m\u00e1s anglosaj\u00f3n. Est\u00e1 formada por Clau a la voz y guitarra r\u00edtmica, Rub\u00e9n a la guitarra solista, Jorge al bajo y Davo a la bater\u00eda. Su m\u00fasica se caracteriza por letras que hablan de lo cotidiano y de&hellip;","_links":{"self":[{"href":"https:\/\/cafelapalma.com\/en\/wp-json\/wp\/v2\/tribe_events\/20356","targetHints":{"allow":["GET"]}}],"collection":[{"href":"https:\/\/cafelapalma.com\/en\/wp-json\/wp\/v2\/tribe_events"}],"about":[{"href":"https:\/\/cafelapalma.com\/en\/wp-json\/wp\/v2\/types\/tribe_events"}],"author":[{"embeddable":true,"href":"https:\/\/cafelapalma.com\/en\/wp-json\/wp\/v2\/users\/2"}],"version-history":[{"count":0,"href":"https:\/\/cafelapalma.com\/en\/wp-json\/wp\/v2\/tribe_events\/20356\/revisions"}],"wp:featuredmedia":[{"embeddable":true,"href":"https:\/\/cafelapalma.com\/en\/wp-json\/wp\/v2\/media\/20358"}],"wp:attachment":[{"href":"https:\/\/cafelapalma.com\/en\/wp-json\/wp\/v2\/media?parent=20356"}],"wp:term":[{"taxonomy":"post_tag","embeddable":true,"href":"https:\/\/cafelapalma.com\/en\/wp-json\/wp\/v2\/tags?post=20356"},{"taxonomy":"tribe_events_cat","embeddable":true,"href":"https:\/\/cafelapalma.com\/en\/wp-json\/wp\/v2\/tribe_events_cat?post=20356"}],"curies":[{"name":"wp","href":"https:\/\/api.w.org\/{rel}","templated":true}]}}