{"id":20378,"date":"2021-10-06T11:29:23","date_gmt":"2021-10-06T09:29:23","guid":{"rendered":"https:\/\/cafelapalma.com\/?post_type=tribe_events&#038;p=20378"},"modified":"2021-11-08T18:18:22","modified_gmt":"2021-11-08T17:18:22","slug":"jazzmadrid21-los-saxos-del-averno","status":"publish","type":"tribe_events","link":"https:\/\/cafelapalma.com\/en\/programacion\/jazzmadrid21-los-saxos-del-averno\/","title":{"rendered":"JAZZMADRID21: LOS SAXOS DEL AVERNO"},"content":{"rendered":"<div  class=\"tribe-events-schedule tribe-clearfix\" >\n\t<p class=\"tribe-events-schedule__datetime\">\n\t\t<span class=\"tribe-events-schedule__date tribe-events-schedule__date--start\">\n\t\t\t25  November  2021\t\t<\/span>\n\n\t\t\t\t\t<span class=\"tribe-events-schedule__separator tribe-events-schedule__separator--date\">\n\t\t\t\t@\t\t\t<\/span>\n\t\t\t<span class=\"tribe-events-schedule__time tribe-events-schedule__time--start\">\n\t\t\t\t22:00\t\t\t<\/span>\n\t\t\n\t\t\t\t\t\t\t\t\t<span class=\"tribe-events-schedule__separator tribe-events-schedule__separator--time\">\n\t\t\t\t\t&#8211;\t\t\t\t<\/span>\n\t\t\t\n\t\t\t\t\t\t\t<span class=\"tribe-events-schedule__time tribe-events-schedule__time--end\">\n\t\t\t\t\t23:50\t\t\t\t<\/span>\n\t\t\t\n\t\t\t\t\t\t<\/p>\n<\/div>\n\n\n<div  class=\"tribe-block tribe-block__event-price\" >\n\t\t\t<span class=\"tribe-block__event-price__cost\"> 12\u20ac <\/span>\n\t\t\t\t<span class=\"tribe-block__event-price__description\">+ gg Anticipada | 15\u20ac Taquilla<\/span>\n\t<\/div>\n\n\n\n<div style=\"height:100px\" aria-hidden=\"true\" class=\"wp-block-spacer\"><\/div>\n\n\n\n<div class=\"wp-block-columns is-layout-flex wp-container-core-columns-is-layout-8f761849 wp-block-columns-is-layout-flex\">\n<div class=\"wp-block-column is-layout-flow wp-block-column-is-layout-flow\" style=\"flex-basis:33.33%\">\n<figure class=\"wp-block-image size-large\"><img loading=\"lazy\" decoding=\"async\" width=\"430\" height=\"608\" src=\"https:\/\/cafelapalma.com\/wp-content\/uploads\/2021\/11\/lsda_A3LOW_OK.jpg\" alt=\"\" class=\"wp-image-20673\" srcset=\"https:\/\/cafelapalma.com\/wp-content\/uploads\/2021\/11\/lsda_A3LOW_OK.jpg 430w, https:\/\/cafelapalma.com\/wp-content\/uploads\/2021\/11\/lsda_A3LOW_OK-212x300.jpg 212w, https:\/\/cafelapalma.com\/wp-content\/uploads\/2021\/11\/lsda_A3LOW_OK-42x60.jpg 42w\" sizes=\"auto, (max-width: 430px) 100vw, 430px\" \/><\/figure>\n\n\n<div  class=\"tribe-block tribe-block__event-website\" >\n\t<a\n\t\thref=\"https:\/\/link.dice.fm\/ZLy9bc927jb\"\n\t\ttarget=\"_self\"\n\t\t\t>\n\t\tBUY TICKETS\t<\/a>\n<\/div>\n<\/div>\n\n\n\n<div class=\"wp-block-column is-layout-flow wp-block-column-is-layout-flow\" style=\"flex-basis:66.66%\">\n<p class=\"wp-block-paragraph\"><\/p>\n\n\n\n<p class=\"has-text-align-left wp-block-paragraph\">Desde las entra\u00f1as del inframundo se oyen los ecos de este endiablado combo saxof\u00f3nico que sigue soplando con fuerza desde aquel lanzamiento de <strong><em>\u00abRoasted Sinner\u00bb<\/em><\/strong>, su disco debut. Desde entonces, <strong>LSDA <\/strong>cuentan con otros dos nuevos singles, <strong><em>\u00abVoodoo Shoes\u00bb<\/em><\/strong> y <em><strong>\u00abDevil Inside\u00bb<\/strong><\/em>; un sinf\u00edn de conciertos y reconocimientos (<strong>AIE<\/strong>, <strong>Girando Por Salas<\/strong>) y una legi\u00f3n de seguidores a sus espaldas.<br><br>El sonido del Averno parte del R&amp;B de los cincuenta y cocina a fuego lento sus propias canciones. Cuentan con la voz y la guitarra del bluesman gallego <strong>Adri\u00e1n Costa<\/strong> (<strong>Los Reyes del K.O.<\/strong>, <strong>Combo Paradiso<\/strong>), los saxos de <strong>Dani Ni\u00f1o<\/strong> (<strong>Freedonia<\/strong>, <strong>The Limboos<\/strong>), <strong>Ariel Br\u00ednguez <\/strong>(<strong>Chucho Vald\u00e9s<\/strong>, <strong>Javier Colina<\/strong>) y <strong>Luis Verde<\/strong> (<strong>El Ni\u00f1o Josele<\/strong>, <strong>Jerry Gonz\u00e1lez<\/strong>), las teclas de <strong>Chavi Ontoria<\/strong> (<strong>Freedonia<\/strong>, <strong>OGUN afrobeat<\/strong>) y la bater\u00eda de <strong>Miguel Benito<\/strong> <strong><em>\u00abPT\u00bb<\/em><\/strong> (<strong>Gatos Bizcos<\/strong>, <strong>Xoel L\u00f3pez<\/strong>).<br><br>Puede que alguna vez los hayan disfrutado en su faceta de secci\u00f3n de vientos acompa\u00f1ando a artistas como <strong>Juli\u00e1n Maeso<\/strong>, <strong>P\u00e1jaro<\/strong>, <strong>The Limboos<\/strong> o <strong>Vinila Von Bismark<\/strong>\u2026 pero no habr\u00e1n probado las aut\u00e9nticas llamas del Averno hasta que no les escuchen en solitario.<br><br>Este concierto entra dentro del ciclo <strong>JAZZMADRID21<\/strong> en colaboraci\u00f3n con el <strong>Ayuntamiento de Madrid<\/strong> y <strong>La Noche En Vivo<\/strong>.<\/p>\n<\/div>\n<\/div>\n\n\n\n<div style=\"height:100px\" aria-hidden=\"true\" class=\"wp-block-spacer\"><\/div>\n\n\n\n<hr class=\"wp-block-separator is-style-wide\"\/>\n\n\n\n<div style=\"height:100px\" aria-hidden=\"true\" class=\"wp-block-spacer\"><\/div>\n\n\n<h2 class=\"tribe-block__related-events__title\">Related Events<\/h2>\n\n<ul  class=\"tribe-related-events tribe-clearfix\" >\n\t\t\t<li>\n\t\n<div class=\"tribe-related-events-thumbnail\">\n\t<a href=\"https:\/\/cafelapalma.com\/en\/programacion\/funkin-donuts\/\" class=\"url\" rel=\"bookmark\" tabindex=\"-1\" aria-hidden=\"true\"><img loading=\"lazy\" decoding=\"async\" width=\"693\" height=\"1040\" src=\"https:\/\/cafelapalma.com\/wp-content\/uploads\/2026\/07\/FD-vert2-bn-693x1040.jpg\" class=\"attachment-large size-large wp-post-image\" alt=\"\" \/><\/a>\n<\/div>\n\t<div class=\"tribe-related-event-info\">\n\t<h3 class=\"tribe-related-events-title\">\n\t\t<a href=\"https:\/\/cafelapalma.com\/en\/programacion\/funkin-donuts\/\" class=\"tribe-event-url\" rel=\"bookmark\">\n\t\t\tFUNKIN&#8217; DONUTS\t\t<\/a>\n\t<\/h3>\n\t<span class=\"tribe-event-date-start\">5  September@22:00<\/span><span class=\"tribe-event-time\">23:45<\/span><\/div>\n<\/li>\n\t\t\t<li>\n\t\n<div class=\"tribe-related-events-thumbnail\">\n\t<a href=\"https:\/\/cafelapalma.com\/en\/programacion\/willie-deville-concierto-benefico-x-venezuela\/\" class=\"url\" rel=\"bookmark\" tabindex=\"-1\" aria-hidden=\"true\"><img loading=\"lazy\" decoding=\"async\" width=\"1020\" height=\"531\" src=\"https:\/\/cafelapalma.com\/wp-content\/uploads\/2026\/08\/Willie-deville-1100x572-1-1040x541.jpg\" class=\"attachment-large size-large wp-post-image\" alt=\"\" \/><\/a>\n<\/div>\n\t<div class=\"tribe-related-event-info\">\n\t<h3 class=\"tribe-related-events-title\">\n\t\t<a href=\"https:\/\/cafelapalma.com\/en\/programacion\/willie-deville-concierto-benefico-x-venezuela\/\" class=\"tribe-event-url\" rel=\"bookmark\">\n\t\t\tWILLIE DEVILLE: CONCIERTO BEN\u00c9FICO X VENEZUELA\t\t<\/a>\n\t<\/h3>\n\t<span class=\"tribe-event-date-start\">6  September@21:00<\/span><span class=\"tribe-event-time\">23:45<\/span><\/div>\n<\/li>\n\t\t\t<li>\n\t\n<div class=\"tribe-related-events-thumbnail\">\n\t<a href=\"https:\/\/cafelapalma.com\/en\/programacion\/new-boix\/\" class=\"url\" rel=\"bookmark\" tabindex=\"-1\" aria-hidden=\"true\"><img loading=\"lazy\" decoding=\"async\" width=\"694\" height=\"1040\" src=\"https:\/\/cafelapalma.com\/wp-content\/uploads\/2026\/05\/WhatsApp-Image-2026-04-29-at-12.00.28-694x1040.jpeg\" class=\"attachment-large size-large wp-post-image\" alt=\"\" \/><\/a>\n<\/div>\n\t<div class=\"tribe-related-event-info\">\n\t<h3 class=\"tribe-related-events-title\">\n\t\t<a href=\"https:\/\/cafelapalma.com\/en\/programacion\/new-boix\/\" class=\"tribe-event-url\" rel=\"bookmark\">\n\t\t\tNEW BOIX\t\t<\/a>\n\t<\/h3>\n\t<span class=\"tribe-event-date-start\">10  September@22:00<\/span><span class=\"tribe-event-time\">23:45<\/span><\/div>\n<\/li>\n\t<\/ul>","protected":false},"excerpt":{"rendered":"<p>Desde las entra\u00f1as del inframundo se oyen los ecos de este endiablado combo saxof\u00f3nico que sigue soplando con fuerza desde aquel lanzamiento de \u00abRoasted Sinner\u00bb, su disco debut. Desde entonces, LSDA cuentan con otros dos nuevos singles, \u00abVoodoo Shoes\u00bb y \u00abDevil Inside\u00bb; un sinf\u00edn de conciertos y reconocimientos (AIE, Girando Por Salas) y una legi\u00f3n &hellip; <\/p>","protected":false},"author":2,"featured_media":20379,"template":"","meta":{"_tec_requires_first_save":false,"_uag_custom_page_level_css":"","loftloader_page_shortcode":"","_EventAllDay":false,"_EventTimezone":"Europe\/Madrid","_EventStartDate":"2021-11-25 22:00:00","_EventEndDate":"2021-11-25 23:50:00","_EventStartDateUTC":"2021-11-25 21:00:00","_EventEndDateUTC":"2021-11-25 22:50:00","_EventShowMap":false,"_EventShowMapLink":false,"_EventURL":"https:\/\/link.dice.fm\/ZLy9bc927jb","_EventCost":"12","_EventCostDescription":"","_EventCurrencySymbol":"\u20ac","_EventCurrencyCode":"","_EventCurrencyPosition":"suffix","_EventDateTimeSeparator":"@","_EventTimeRangeSeparator":"-","_EventOrganizerID":[],"_EventVenueID":[0],"_OrganizerEmail":"","_OrganizerPhone":"","_OrganizerWebsite":"","_VenueAddress":"","_VenueCity":"","_VenueCountry":"","_VenueProvince":"","_VenueState":"","_VenueZip":"","_VenuePhone":"","_VenueURL":"","_VenueStateProvince":"","_VenueLat":"","_VenueLng":"","_VenueShowMap":false,"_VenueShowMapLink":false,"_tribe_blocks_recurrence_rules":"","_tribe_blocks_recurrence_description":"","_tribe_blocks_recurrence_exclusions":"","_ecp_custom_2":"","_tribe_events_status":"","_tribe_events_status_reason":"","_tribe_events_is_hybrid":"","_tribe_events_is_virtual":"","_tribe_events_virtual_video_source":"","_tribe_events_virtual_embed_video":"","_tribe_events_virtual_linked_button_text":"","_tribe_events_virtual_linked_button":"","_tribe_events_virtual_show_embed_at":"","_tribe_events_virtual_show_embed_to":[],"_tribe_events_virtual_show_on_event":"","_tribe_events_virtual_show_on_views":"","_tribe_events_virtual_url":"","footnotes":""},"tags":[9814,9810,9820,9813,9834,8869,9826,9821,9816,2865,9147,9146,9817,9809,9824,9818,9829,9811,9812,9801,9822,9804,9803,9802,9825,9831,9224,9835,9815,9805,9806,9823,9828,9827,9832,9632,9807,9798,9800,9799,9819,9833,9808,9830],"tribe_events_cat":[8963],"class_list":["post-20378","tribe_events","type-tribe_events","status-publish","has-post-thumbnail","hentry","tag-adrian-costa","tag-aie","tag-ariel-bringuez","tag-artistas-en-ruta","tag-ayuntamiento-de-madrid","tag-cafe-la-palma-2","tag-chavi-ontoria","tag-chucho-valdes","tag-combo-paradiso","tag-conciertos-cafe-la-palma","tag-conciertos-madrid","tag-conciertos-malasana","tag-dani-nino","tag-devil-inside","tag-el-nino-josele","tag-freedonia","tag-gatos-bizcos","tag-girando-por-salas","tag-gps","tag-halloween","tag-javier-colina","tag-jazz-madrid-21","tag-jazzmadrid-21","tag-jazzmadrid21","tag-jerry-gonzalez","tag-julian-maeso","tag-la-noche-en-vivo","tag-lnev","tag-los-reyes-del-k-o","tag-los-saxos-del-averno","tag-lsda","tag-luis-verde","tag-miguel-benito-pt","tag-ogun-afrobeat","tag-pajaro","tag-rb","tag-roasted-sinner","tag-sala-tempo","tag-tempo","tag-tempo-club","tag-the-limboos","tag-vinila-von-bismark","tag-voodoo-shoes","tag-xoel-lopez","tribe_events_cat-concierto","cat_concierto"],"uagb_featured_image_src":{"full":["https:\/\/cafelapalma.com\/wp-content\/uploads\/2021\/10\/Saxos-del-Averno_Promo-18_0322-RED.jpg",1620,1080,false],"thumbnail":["https:\/\/cafelapalma.com\/wp-content\/uploads\/2021\/10\/Saxos-del-Averno_Promo-18_0322-RED-150x150.jpg",150,150,true],"medium":["https:\/\/cafelapalma.com\/wp-content\/uploads\/2021\/10\/Saxos-del-Averno_Promo-18_0322-RED-300x200.jpg",300,200,true],"medium_large":["https:\/\/cafelapalma.com\/wp-content\/uploads\/2021\/10\/Saxos-del-Averno_Promo-18_0322-RED-768x512.jpg",768,512,true],"large":["https:\/\/cafelapalma.com\/wp-content\/uploads\/2021\/10\/Saxos-del-Averno_Promo-18_0322-RED-1024x683.jpg",1020,680,true],"1536x1536":["https:\/\/cafelapalma.com\/wp-content\/uploads\/2021\/10\/Saxos-del-Averno_Promo-18_0322-RED-1536x1024.jpg",1536,1024,true],"2048x2048":["https:\/\/cafelapalma.com\/wp-content\/uploads\/2021\/10\/Saxos-del-Averno_Promo-18_0322-RED.jpg",1620,1080,false],"trp-custom-language-flag":["https:\/\/cafelapalma.com\/wp-content\/uploads\/2021\/10\/Saxos-del-Averno_Promo-18_0322-RED.jpg",18,12,false],"blossom-feminine-slider":["https:\/\/cafelapalma.com\/wp-content\/uploads\/2021\/10\/Saxos-del-Averno_Promo-18_0322-RED-1620x649.jpg",1620,649,true],"blossom-feminine-featured":["https:\/\/cafelapalma.com\/wp-content\/uploads\/2021\/10\/Saxos-del-Averno_Promo-18_0322-RED-1410x600.jpg",1410,600,true],"blossom-feminine-with-sidebar":["https:\/\/cafelapalma.com\/wp-content\/uploads\/2021\/10\/Saxos-del-Averno_Promo-18_0322-RED-1020x600.jpg",1020,600,true],"blossom-feminine-blog":["https:\/\/cafelapalma.com\/wp-content\/uploads\/2021\/10\/Saxos-del-Averno_Promo-18_0322-RED-435x435.jpg",435,435,true],"blossom-feminine-cat":["https:\/\/cafelapalma.com\/wp-content\/uploads\/2021\/10\/Saxos-del-Averno_Promo-18_0322-RED-450x300.jpg",450,300,true],"blossom-feminine-related":["https:\/\/cafelapalma.com\/wp-content\/uploads\/2021\/10\/Saxos-del-Averno_Promo-18_0322-RED-320x200.jpg",320,200,true],"blossom-feminine-schema":["https:\/\/cafelapalma.com\/wp-content\/uploads\/2021\/10\/Saxos-del-Averno_Promo-18_0322-RED-90x60.jpg",90,60,true]},"uagb_author_info":{"display_name":"Victor","author_link":"https:\/\/cafelapalma.com\/en\/author\/comunicacion\/"},"uagb_comment_info":0,"uagb_excerpt":"Desde las entra\u00f1as del inframundo se oyen los ecos de este endiablado combo saxof\u00f3nico que sigue soplando con fuerza desde aquel lanzamiento de \u00abRoasted Sinner\u00bb, su disco debut. Desde entonces, LSDA cuentan con otros dos nuevos singles, \u00abVoodoo Shoes\u00bb y \u00abDevil Inside\u00bb; un sinf\u00edn de conciertos y reconocimientos (AIE, Girando Por Salas) y una legi\u00f3n&hellip;","_links":{"self":[{"href":"https:\/\/cafelapalma.com\/en\/wp-json\/wp\/v2\/tribe_events\/20378","targetHints":{"allow":["GET"]}}],"collection":[{"href":"https:\/\/cafelapalma.com\/en\/wp-json\/wp\/v2\/tribe_events"}],"about":[{"href":"https:\/\/cafelapalma.com\/en\/wp-json\/wp\/v2\/types\/tribe_events"}],"author":[{"embeddable":true,"href":"https:\/\/cafelapalma.com\/en\/wp-json\/wp\/v2\/users\/2"}],"version-history":[{"count":0,"href":"https:\/\/cafelapalma.com\/en\/wp-json\/wp\/v2\/tribe_events\/20378\/revisions"}],"wp:featuredmedia":[{"embeddable":true,"href":"https:\/\/cafelapalma.com\/en\/wp-json\/wp\/v2\/media\/20379"}],"wp:attachment":[{"href":"https:\/\/cafelapalma.com\/en\/wp-json\/wp\/v2\/media?parent=20378"}],"wp:term":[{"taxonomy":"post_tag","embeddable":true,"href":"https:\/\/cafelapalma.com\/en\/wp-json\/wp\/v2\/tags?post=20378"},{"taxonomy":"tribe_events_cat","embeddable":true,"href":"https:\/\/cafelapalma.com\/en\/wp-json\/wp\/v2\/tribe_events_cat?post=20378"}],"curies":[{"name":"wp","href":"https:\/\/api.w.org\/{rel}","templated":true}]}}