{"id":20418,"date":"2021-10-07T16:43:28","date_gmt":"2021-10-07T14:43:28","guid":{"rendered":"https:\/\/cafelapalma.com\/?post_type=tribe_events&#038;p=20418"},"modified":"2021-10-07T16:43:29","modified_gmt":"2021-10-07T14:43:29","slug":"buenatarde-santa-companha","status":"publish","type":"tribe_events","link":"https:\/\/cafelapalma.com\/en\/programacion\/buenatarde-santa-companha\/","title":{"rendered":"BUENATARDE + SANTA COMPANHA"},"content":{"rendered":"<div  class=\"tribe-events-schedule tribe-clearfix\" >\n\t<p class=\"tribe-events-schedule__datetime\">\n\t\t<span class=\"tribe-events-schedule__date tribe-events-schedule__date--start\">\n\t\t\t04  November  2021\t\t<\/span>\n\n\t\t\t\t\t<span class=\"tribe-events-schedule__separator tribe-events-schedule__separator--date\">\n\t\t\t\t@\t\t\t<\/span>\n\t\t\t<span class=\"tribe-events-schedule__time tribe-events-schedule__time--start\">\n\t\t\t\t21:30\t\t\t<\/span>\n\t\t\n\t\t\t\t\t\t\t\t\t<span class=\"tribe-events-schedule__separator tribe-events-schedule__separator--time\">\n\t\t\t\t\t&#8211;\t\t\t\t<\/span>\n\t\t\t\n\t\t\t\t\t\t\t<span class=\"tribe-events-schedule__time tribe-events-schedule__time--end\">\n\t\t\t\t\t23:45\t\t\t\t<\/span>\n\t\t\t\n\t\t\t\t\t\t<\/p>\n<\/div>\n\n\n<div  class=\"tribe-block tribe-block__event-price\" >\n\t\t\t<span class=\"tribe-block__event-price__cost\"> 10\u20ac <\/span>\n\t\t\t\t<span class=\"tribe-block__event-price__description\">+ gg Anticipada | 12\u20ac Taquilla<\/span>\n\t<\/div>\n\n\n\n<div style=\"height:100px\" aria-hidden=\"true\" class=\"wp-block-spacer\"><\/div>\n\n\n\n<div class=\"wp-block-columns is-layout-flex wp-container-core-columns-is-layout-8f761849 wp-block-columns-is-layout-flex\">\n<div class=\"wp-block-column is-layout-flow wp-block-column-is-layout-flow\" style=\"flex-basis:33.33%\">\n<figure class=\"wp-block-image size-large\"><img loading=\"lazy\" decoding=\"async\" width=\"595\" height=\"892\" src=\"https:\/\/cafelapalma.com\/wp-content\/uploads\/2021\/10\/BUENATARDE_A3_4COPY.png\" alt=\"\" class=\"wp-image-20419\" srcset=\"https:\/\/cafelapalma.com\/wp-content\/uploads\/2021\/10\/BUENATARDE_A3_4COPY.png 595w, https:\/\/cafelapalma.com\/wp-content\/uploads\/2021\/10\/BUENATARDE_A3_4COPY-200x300.png 200w, https:\/\/cafelapalma.com\/wp-content\/uploads\/2021\/10\/BUENATARDE_A3_4COPY-40x60.png 40w\" sizes=\"auto, (max-width: 595px) 100vw, 595px\" \/><\/figure>\n\n\n<div  class=\"tribe-block tribe-block__event-website\" >\n\t<a\n\t\thref=\"https:\/\/link.dice.fm\/xhcNMox39jb\"\n\t\ttarget=\"_self\"\n\t\t\t>\n\t\tBUY TICKETS\t<\/a>\n<\/div>\n<\/div>\n\n\n\n<div class=\"wp-block-column is-layout-flow wp-block-column-is-layout-flow\" style=\"flex-basis:66.66%\">\n<p class=\"has-text-align-left wp-block-paragraph\"><strong>Buenatarde <\/strong>es el proyecto del m\u00fasico y productor malague\u00f1o <strong>Man\u00e9 L\u00f3pez<\/strong>. A\u00fan por rebasar el cuarto de siglo, ha tenido tiempo de formar parte de proyectos como <strong>Cucudrulu<\/strong> y <strong>Macizo<\/strong> <strong>Gal\u00e1ctico<\/strong>, adem\u00e1s de iluminar a la \u00faltima formaci\u00f3n de los recordados <strong>Hazte<\/strong> <strong>Lap\u00f3n<\/strong>. Ha estado involucrado en los trabajos m\u00e1s recientes de <strong>Marta<\/strong> <strong>Movidas<\/strong>, <strong>Megane<\/strong> <strong>Mercury<\/strong>, <strong>Stephen<\/strong> <strong>Please<\/strong> y <strong>Torres<\/strong> <strong>Sat\u00e9lite<\/strong>, entre otros, girado con <strong>Jordana<\/strong> <strong>B<\/strong> y escrito canciones para algunos de los proyectos que militan en la primera divisi\u00f3n del pop patrio.<\/p>\n\n\n\n<p class=\"has-text-align-left wp-block-paragraph\">Concebido en las charlas de carretera durante la gira final de los <em>lapones<\/em>, en <strong>Buenatarde<\/strong> conviven l\u00edrica confesional y estructuras pop con las sonoridades on\u00edricas de formaciones como <strong>Bon<\/strong> <strong>Iver<\/strong>, <strong>Chromatics<\/strong> o <strong>Beach<\/strong> <strong>House<\/strong>. Tras el sorprendente \u00ab<strong><em>La bajona cuqui<\/em><\/strong><em>\u00ab,<\/em> facturado durante el confinamiento desde una habitaci\u00f3n de piso compartido en Madrid, <strong>Man\u00e9<\/strong> aprovech\u00f3 una residencia del <strong>Contenedor Cultural de la UMA<\/strong> para meterse en <strong>Caballo Grande<\/strong> con <strong>Cristian<\/strong> <strong>Pallej\u00e0<\/strong> y <strong>Ferr\u00e1n<\/strong> <strong>Resines<\/strong> a hacer la m\u00fasica barroca y grandilocuente que siempre hab\u00eda so\u00f1ado. El resultado es \u00ab<strong><em>La extrema belleza<\/em><\/strong>\u00ab, mini LP o maxi EP (a gusto del consumidor) que, bajo una superficie repleta de elementos de \u00e9pica sonora y letras de corte intimista, esconde canciones que se alejan de las estructuras convencionales del pop, pero a base de ganchos y din\u00e1micas funcionan tanto a nivel individual como en su conjunto.<\/p>\n\n\n\n<p class=\"has-text-align-left wp-block-paragraph\">\u00c9pica pop con las relaciones como hilo conector, explora imposibles anhelos de plenitud cuando la felicidad est\u00e1 puesta en aquello que creemos que otros tienen. Si la felicidad existe s\u00f3lo en la b\u00fasqueda, el encuentro final es desolador. En directo, a Man\u00e9 lo acompa\u00f1an miembros de <strong>Chloral<\/strong> o <strong>Fr\u00e5n,<\/strong> entre otros.<\/p>\n<\/div>\n<\/div>\n\n\n\n<div style=\"height:100px\" aria-hidden=\"true\" class=\"wp-block-spacer\"><\/div>\n\n\n\n<hr class=\"wp-block-separator is-style-wide\"\/>\n\n\n\n<div style=\"height:100px\" aria-hidden=\"true\" class=\"wp-block-spacer\"><\/div>\n\n\n<h2 class=\"tribe-block__related-events__title\">Related Events<\/h2>\n\n<ul  class=\"tribe-related-events tribe-clearfix\" >\n\t\t\t<li>\n\t\n<div class=\"tribe-related-events-thumbnail\">\n\t<a href=\"https:\/\/cafelapalma.com\/en\/programacion\/funkin-donuts\/\" class=\"url\" rel=\"bookmark\" tabindex=\"-1\" aria-hidden=\"true\"><img loading=\"lazy\" decoding=\"async\" width=\"693\" height=\"1040\" src=\"https:\/\/cafelapalma.com\/wp-content\/uploads\/2026\/07\/FD-vert2-bn-693x1040.jpg\" class=\"attachment-large size-large wp-post-image\" alt=\"\" \/><\/a>\n<\/div>\n\t<div class=\"tribe-related-event-info\">\n\t<h3 class=\"tribe-related-events-title\">\n\t\t<a href=\"https:\/\/cafelapalma.com\/en\/programacion\/funkin-donuts\/\" class=\"tribe-event-url\" rel=\"bookmark\">\n\t\t\tFUNKIN&#8217; DONUTS\t\t<\/a>\n\t<\/h3>\n\t<span class=\"tribe-event-date-start\">5  September@22:00<\/span><span class=\"tribe-event-time\">23:45<\/span><\/div>\n<\/li>\n\t\t\t<li>\n\t\n<div class=\"tribe-related-events-thumbnail\">\n\t<a href=\"https:\/\/cafelapalma.com\/en\/programacion\/willie-deville-concierto-benefico-x-venezuela\/\" class=\"url\" rel=\"bookmark\" tabindex=\"-1\" aria-hidden=\"true\"><img loading=\"lazy\" decoding=\"async\" width=\"1020\" height=\"531\" src=\"https:\/\/cafelapalma.com\/wp-content\/uploads\/2026\/08\/Willie-deville-1100x572-1-1040x541.jpg\" class=\"attachment-large size-large wp-post-image\" alt=\"\" \/><\/a>\n<\/div>\n\t<div class=\"tribe-related-event-info\">\n\t<h3 class=\"tribe-related-events-title\">\n\t\t<a href=\"https:\/\/cafelapalma.com\/en\/programacion\/willie-deville-concierto-benefico-x-venezuela\/\" class=\"tribe-event-url\" rel=\"bookmark\">\n\t\t\tWILLIE DEVILLE: CONCIERTO BEN\u00c9FICO X VENEZUELA\t\t<\/a>\n\t<\/h3>\n\t<span class=\"tribe-event-date-start\">6  September@21:00<\/span><span class=\"tribe-event-time\">23:45<\/span><\/div>\n<\/li>\n\t\t\t<li>\n\t\n<div class=\"tribe-related-events-thumbnail\">\n\t<a href=\"https:\/\/cafelapalma.com\/en\/programacion\/new-boix\/\" class=\"url\" rel=\"bookmark\" tabindex=\"-1\" aria-hidden=\"true\"><img loading=\"lazy\" decoding=\"async\" width=\"694\" height=\"1040\" src=\"https:\/\/cafelapalma.com\/wp-content\/uploads\/2026\/05\/WhatsApp-Image-2026-04-29-at-12.00.28-694x1040.jpeg\" class=\"attachment-large size-large wp-post-image\" alt=\"\" \/><\/a>\n<\/div>\n\t<div class=\"tribe-related-event-info\">\n\t<h3 class=\"tribe-related-events-title\">\n\t\t<a href=\"https:\/\/cafelapalma.com\/en\/programacion\/new-boix\/\" class=\"tribe-event-url\" rel=\"bookmark\">\n\t\t\tNEW BOIX\t\t<\/a>\n\t<\/h3>\n\t<span class=\"tribe-event-date-start\">10  September@22:00<\/span><span class=\"tribe-event-time\">23:45<\/span><\/div>\n<\/li>\n\t<\/ul>","protected":false},"excerpt":{"rendered":"<p>Buenatarde es el proyecto del m\u00fasico y productor malague\u00f1o Man\u00e9 L\u00f3pez. A\u00fan por rebasar el cuarto de siglo, ha tenido tiempo de formar parte de proyectos como Cucudrulu y Macizo Gal\u00e1ctico, adem\u00e1s de iluminar a la \u00faltima formaci\u00f3n de los recordados Hazte Lap\u00f3n. Ha estado involucrado en los trabajos m\u00e1s recientes de Marta Movidas, Megane &hellip; <\/p>","protected":false},"author":2,"featured_media":20421,"template":"","meta":{"_tec_requires_first_save":false,"_uag_custom_page_level_css":"","loftloader_page_shortcode":"","_EventAllDay":false,"_EventTimezone":"Europe\/Madrid","_EventStartDate":"2021-11-04 21:30:00","_EventEndDate":"2021-11-04 23:45:00","_EventStartDateUTC":"2021-11-04 20:30:00","_EventEndDateUTC":"2021-11-04 22:45:00","_EventShowMap":false,"_EventShowMapLink":false,"_EventURL":"https:\/\/link.dice.fm\/xhcNMox39jb","_EventCost":"10","_EventCostDescription":"","_EventCurrencySymbol":"\u20ac","_EventCurrencyCode":"","_EventCurrencyPosition":"suffix","_EventDateTimeSeparator":"@","_EventTimeRangeSeparator":"-","_EventOrganizerID":[],"_EventVenueID":[0],"_OrganizerEmail":"","_OrganizerPhone":"","_OrganizerWebsite":"","_VenueAddress":"","_VenueCity":"","_VenueCountry":"","_VenueProvince":"","_VenueState":"","_VenueZip":"","_VenuePhone":"","_VenueURL":"","_VenueStateProvince":"","_VenueLat":"","_VenueLng":"","_VenueShowMap":false,"_VenueShowMapLink":false,"_tribe_blocks_recurrence_rules":"","_tribe_blocks_recurrence_description":"","_tribe_blocks_recurrence_exclusions":"","_ecp_custom_2":"","_tribe_events_status":"","_tribe_events_status_reason":"","_tribe_events_is_hybrid":"","_tribe_events_is_virtual":"","_tribe_events_virtual_video_source":"","_tribe_events_virtual_embed_video":"","_tribe_events_virtual_linked_button_text":"","_tribe_events_virtual_linked_button":"","_tribe_events_virtual_show_embed_at":"","_tribe_events_virtual_show_embed_to":[],"_tribe_events_virtual_show_on_event":"","_tribe_events_virtual_show_on_views":"","_tribe_events_virtual_url":"","footnotes":""},"tags":[9438,9888,9900,8869,9904,2865,9147,9146,9898,9901,9890,9902,9905,9892,8970,9288,9200,9897,9903,9907,9186,1431,9891,9889,9906,9893,9894,1355,9895,9896,9899],"tribe_events_cat":[8963],"class_list":["post-20418","tribe_events","type-tribe_events","status-publish","has-post-thumbnail","hentry","tag-bedroom-pop","tag-buenatarde","tag-caballo-grande","tag-cafe-la-palma-2","tag-chloral","tag-conciertos-cafe-la-palma","tag-conciertos-madrid","tag-conciertos-malasana","tag-contenedor-cultural","tag-cristian-palleja","tag-cucudrulu","tag-ferran-resines","tag-fran","tag-hazte-lapon","tag-indie","tag-indie-pop","tag-jordana-b","tag-la-bajona-cuqui","tag-la-extrema-belleza","tag-lago-crater-2","tag-lago-crater","tag-live-music","tag-macizo-galactico","tag-mane-lopez","tag-manuel-mertel","tag-marta-movidas","tag-megane-mercury","tag-pop","tag-stephen-please","tag-torres-satelite","tag-uma","tribe_events_cat-concierto","cat_concierto"],"uagb_featured_image_src":{"full":["https:\/\/cafelapalma.com\/wp-content\/uploads\/2021\/10\/buenatarde_vlow.jpg",418,627,false],"thumbnail":["https:\/\/cafelapalma.com\/wp-content\/uploads\/2021\/10\/buenatarde_vlow-150x150.jpg",150,150,true],"medium":["https:\/\/cafelapalma.com\/wp-content\/uploads\/2021\/10\/buenatarde_vlow-200x300.jpg",200,300,true],"medium_large":["https:\/\/cafelapalma.com\/wp-content\/uploads\/2021\/10\/buenatarde_vlow.jpg",418,627,false],"large":["https:\/\/cafelapalma.com\/wp-content\/uploads\/2021\/10\/buenatarde_vlow.jpg",418,627,false],"1536x1536":["https:\/\/cafelapalma.com\/wp-content\/uploads\/2021\/10\/buenatarde_vlow.jpg",418,627,false],"2048x2048":["https:\/\/cafelapalma.com\/wp-content\/uploads\/2021\/10\/buenatarde_vlow.jpg",418,627,false],"trp-custom-language-flag":["https:\/\/cafelapalma.com\/wp-content\/uploads\/2021\/10\/buenatarde_vlow.jpg",8,12,false],"blossom-feminine-slider":["https:\/\/cafelapalma.com\/wp-content\/uploads\/2021\/10\/buenatarde_vlow.jpg",418,627,false],"blossom-feminine-featured":["https:\/\/cafelapalma.com\/wp-content\/uploads\/2021\/10\/buenatarde_vlow-418x600.jpg",418,600,true],"blossom-feminine-with-sidebar":["https:\/\/cafelapalma.com\/wp-content\/uploads\/2021\/10\/buenatarde_vlow-418x600.jpg",418,600,true],"blossom-feminine-blog":["https:\/\/cafelapalma.com\/wp-content\/uploads\/2021\/10\/buenatarde_vlow-418x435.jpg",418,435,true],"blossom-feminine-cat":["https:\/\/cafelapalma.com\/wp-content\/uploads\/2021\/10\/buenatarde_vlow-418x300.jpg",418,300,true],"blossom-feminine-related":["https:\/\/cafelapalma.com\/wp-content\/uploads\/2021\/10\/buenatarde_vlow-320x200.jpg",320,200,true],"blossom-feminine-schema":["https:\/\/cafelapalma.com\/wp-content\/uploads\/2021\/10\/buenatarde_vlow-40x60.jpg",40,60,true]},"uagb_author_info":{"display_name":"Victor","author_link":"https:\/\/cafelapalma.com\/en\/author\/comunicacion\/"},"uagb_comment_info":0,"uagb_excerpt":"Buenatarde es el proyecto del m\u00fasico y productor malague\u00f1o Man\u00e9 L\u00f3pez. A\u00fan por rebasar el cuarto de siglo, ha tenido tiempo de formar parte de proyectos como Cucudrulu y Macizo Gal\u00e1ctico, adem\u00e1s de iluminar a la \u00faltima formaci\u00f3n de los recordados Hazte Lap\u00f3n. Ha estado involucrado en los trabajos m\u00e1s recientes de Marta Movidas, Megane&hellip;","_links":{"self":[{"href":"https:\/\/cafelapalma.com\/en\/wp-json\/wp\/v2\/tribe_events\/20418","targetHints":{"allow":["GET"]}}],"collection":[{"href":"https:\/\/cafelapalma.com\/en\/wp-json\/wp\/v2\/tribe_events"}],"about":[{"href":"https:\/\/cafelapalma.com\/en\/wp-json\/wp\/v2\/types\/tribe_events"}],"author":[{"embeddable":true,"href":"https:\/\/cafelapalma.com\/en\/wp-json\/wp\/v2\/users\/2"}],"version-history":[{"count":0,"href":"https:\/\/cafelapalma.com\/en\/wp-json\/wp\/v2\/tribe_events\/20418\/revisions"}],"wp:featuredmedia":[{"embeddable":true,"href":"https:\/\/cafelapalma.com\/en\/wp-json\/wp\/v2\/media\/20421"}],"wp:attachment":[{"href":"https:\/\/cafelapalma.com\/en\/wp-json\/wp\/v2\/media?parent=20418"}],"wp:term":[{"taxonomy":"post_tag","embeddable":true,"href":"https:\/\/cafelapalma.com\/en\/wp-json\/wp\/v2\/tags?post=20418"},{"taxonomy":"tribe_events_cat","embeddable":true,"href":"https:\/\/cafelapalma.com\/en\/wp-json\/wp\/v2\/tribe_events_cat?post=20418"}],"curies":[{"name":"wp","href":"https:\/\/api.w.org\/{rel}","templated":true}]}}