{"id":20461,"date":"2021-10-13T12:31:50","date_gmt":"2021-10-13T10:31:50","guid":{"rendered":"https:\/\/cafelapalma.com\/?post_type=tribe_events&#038;p=20461"},"modified":"2021-10-14T10:45:39","modified_gmt":"2021-10-14T08:45:39","slug":"mr-cobol-sergio-cepeda","status":"publish","type":"tribe_events","link":"https:\/\/cafelapalma.com\/en\/programacion\/mr-cobol-sergio-cepeda\/","title":{"rendered":"MR. COBOL + SERGIO CEPEDA"},"content":{"rendered":"<div  class=\"tribe-events-schedule tribe-clearfix\" >\n\t<p class=\"tribe-events-schedule__datetime\">\n\t\t<span class=\"tribe-events-schedule__date tribe-events-schedule__date--start\">\n\t\t\t23  October  2021\t\t<\/span>\n\n\t\t\t\t\t<span class=\"tribe-events-schedule__separator tribe-events-schedule__separator--date\">\n\t\t\t\t@\t\t\t<\/span>\n\t\t\t<span class=\"tribe-events-schedule__time tribe-events-schedule__time--start\">\n\t\t\t\t21:30\t\t\t<\/span>\n\t\t\n\t\t\t\t\t\t\t\t\t<span class=\"tribe-events-schedule__separator tribe-events-schedule__separator--time\">\n\t\t\t\t\t&#8211;\t\t\t\t<\/span>\n\t\t\t\n\t\t\t\t\t\t\t<span class=\"tribe-events-schedule__time tribe-events-schedule__time--end\">\n\t\t\t\t\t23:45\t\t\t\t<\/span>\n\t\t\t\n\t\t\t\t\t\t<\/p>\n<\/div>\n\n\n<div  class=\"tribe-block tribe-block__event-price\" >\n\t\t\t<span class=\"tribe-block__event-price__cost\"> 6\u20ac <\/span>\n\t\t\t\t<span class=\"tribe-block__event-price__description\">+ gg Anticipada | 8\u20ac Taquilla<\/span>\n\t<\/div>\n\n\n\n<div style=\"height:100px\" aria-hidden=\"true\" class=\"wp-block-spacer\"><\/div>\n\n\n\n<div class=\"wp-block-columns is-layout-flex wp-container-core-columns-is-layout-8f761849 wp-block-columns-is-layout-flex\">\n<div class=\"wp-block-column is-layout-flow wp-block-column-is-layout-flow\" style=\"flex-basis:33.33%\">\n<figure class=\"wp-block-image size-large\"><img loading=\"lazy\" decoding=\"async\" width=\"595\" height=\"842\" src=\"https:\/\/cafelapalma.com\/wp-content\/uploads\/2021\/10\/Mr.-Cobol-A3-4-COPY.jpg\" alt=\"\" class=\"wp-image-20466\" srcset=\"https:\/\/cafelapalma.com\/wp-content\/uploads\/2021\/10\/Mr.-Cobol-A3-4-COPY.jpg 595w, https:\/\/cafelapalma.com\/wp-content\/uploads\/2021\/10\/Mr.-Cobol-A3-4-COPY-212x300.jpg 212w, https:\/\/cafelapalma.com\/wp-content\/uploads\/2021\/10\/Mr.-Cobol-A3-4-COPY-42x60.jpg 42w\" sizes=\"auto, (max-width: 595px) 100vw, 595px\" \/><\/figure>\n\n\n<div  class=\"tribe-block tribe-block__event-website\" >\n\t<a\n\t\thref=\"https:\/\/link.dice.fm\/a0oKVy7Njkb\"\n\t\ttarget=\"_self\"\n\t\t\t>\n\t\tBUY TICKETS\t<\/a>\n<\/div>\n<\/div>\n\n\n\n<div class=\"wp-block-column is-layout-flow wp-block-column-is-layout-flow\" style=\"flex-basis:66.66%\">\n<p class=\"wp-block-paragraph\"><\/p>\n\n\n\n<p class=\"has-text-align-left wp-block-paragraph\"><strong>Mr. Cobol<\/strong> nace en <strong>Madrid<\/strong> en 2017. <strong>Pedro de Pablos<\/strong>, <strong>Gabriel Figueroa<\/strong>, <strong>Mario Leoz<\/strong> y <strong>Daniel Lozano<\/strong>, junto con <strong>Juanjo Marte<\/strong> como vocalista, emprenden este proyecto, abierto a varios estilos, pero enfocado al rock alternativo. Tras su primer EP autoeditado <strong><em>\u00abHola Mundo\u00bb<\/em><\/strong>, la banda firm\u00f3 por la editorial <strong>Movistar Sound<\/strong>, con la cual realizaron el a\u00f1o pasado la versi\u00f3n de <strong><em>\u00abMe gusta el f\u00fatbol\u00bb <\/em><\/strong>para el especial de <strong>Movistar+<\/strong> <strong><em>\u00abNos gusta el f\u00fatbol&#8230; 30 a\u00f1os despu\u00e9s\u00bb<\/em><\/strong>. En estos momentos est\u00e1n grabando su nuevo trabajo.<br><br><strong>Sergio Cepeda<\/strong> es un cantante y m\u00fasico espa\u00f1ol con ra\u00edces extreme\u00f1as que empieza su carrera discogr\u00e1fica con 17 a\u00f1os grabando su primer disco <strong><em>\u00abNoviembre\u00bb<\/em><\/strong> (2016). M\u00e1s tarde pasar\u00eda a formar parte de la banda <strong>Lady Jaque<\/strong> con la que conformo <strong><em>\u00abTeor\u00edas sobre el espacio interestelar\u00bb<\/em><\/strong> (2018) su segundo trabajo discogr\u00e1fico. A finales de 2019, retoma su andadura en solitario y comienza a grabar su tercer disco <strong><em>\u00abTengo que dec\u00edrtelo\u00bb<\/em><\/strong> de la mano del productor Candy Caramelo (<strong>Ariel Rot<\/strong>, <strong>Dani Mart\u00edn<\/strong>) del que forman parte canciones como <strong><em>\u00abEl coraz\u00f3n escucha\u00bb<\/em><\/strong> o <strong><em>\u00abLa ventana\u00bb<\/em><\/strong>. <strong>Sergio Cepeda<\/strong> es sin\u00f3nimo de Inquietud e Innovaci\u00f3n art\u00edstica, movi\u00e9ndose por diversos estilos, como el pop, el rock, el tango o la m\u00fasica indie.<\/p>\n<\/div>\n<\/div>\n\n\n\n<div style=\"height:100px\" aria-hidden=\"true\" class=\"wp-block-spacer\"><\/div>\n\n\n\n<hr class=\"wp-block-separator is-style-wide\"\/>\n\n\n\n<div style=\"height:100px\" aria-hidden=\"true\" class=\"wp-block-spacer\"><\/div>\n\n\n<h2 class=\"tribe-block__related-events__title\">Related Events<\/h2>\n\n<ul  class=\"tribe-related-events tribe-clearfix\" >\n\t\t\t<li>\n\t\n<div class=\"tribe-related-events-thumbnail\">\n\t<a href=\"https:\/\/cafelapalma.com\/en\/programacion\/funkin-donuts\/\" class=\"url\" rel=\"bookmark\" tabindex=\"-1\" aria-hidden=\"true\"><img loading=\"lazy\" decoding=\"async\" width=\"693\" height=\"1040\" src=\"https:\/\/cafelapalma.com\/wp-content\/uploads\/2026\/07\/FD-vert2-bn-693x1040.jpg\" class=\"attachment-large size-large wp-post-image\" alt=\"\" \/><\/a>\n<\/div>\n\t<div class=\"tribe-related-event-info\">\n\t<h3 class=\"tribe-related-events-title\">\n\t\t<a href=\"https:\/\/cafelapalma.com\/en\/programacion\/funkin-donuts\/\" class=\"tribe-event-url\" rel=\"bookmark\">\n\t\t\tFUNKIN&#8217; DONUTS\t\t<\/a>\n\t<\/h3>\n\t<span class=\"tribe-event-date-start\">5  September@22:00<\/span><span class=\"tribe-event-time\">23:45<\/span><\/div>\n<\/li>\n\t\t\t<li>\n\t\n<div class=\"tribe-related-events-thumbnail\">\n\t<a href=\"https:\/\/cafelapalma.com\/en\/programacion\/willie-deville-concierto-benefico-x-venezuela\/\" class=\"url\" rel=\"bookmark\" tabindex=\"-1\" aria-hidden=\"true\"><img loading=\"lazy\" decoding=\"async\" width=\"1020\" height=\"531\" src=\"https:\/\/cafelapalma.com\/wp-content\/uploads\/2026\/08\/Willie-deville-1100x572-1-1040x541.jpg\" class=\"attachment-large size-large wp-post-image\" alt=\"\" \/><\/a>\n<\/div>\n\t<div class=\"tribe-related-event-info\">\n\t<h3 class=\"tribe-related-events-title\">\n\t\t<a href=\"https:\/\/cafelapalma.com\/en\/programacion\/willie-deville-concierto-benefico-x-venezuela\/\" class=\"tribe-event-url\" rel=\"bookmark\">\n\t\t\tWILLIE DEVILLE: CONCIERTO BEN\u00c9FICO X VENEZUELA\t\t<\/a>\n\t<\/h3>\n\t<span class=\"tribe-event-date-start\">6  September@21:00<\/span><span class=\"tribe-event-time\">23:45<\/span><\/div>\n<\/li>\n\t\t\t<li>\n\t\n<div class=\"tribe-related-events-thumbnail\">\n\t<a href=\"https:\/\/cafelapalma.com\/en\/programacion\/new-boix\/\" class=\"url\" rel=\"bookmark\" tabindex=\"-1\" aria-hidden=\"true\"><img loading=\"lazy\" decoding=\"async\" width=\"694\" height=\"1040\" src=\"https:\/\/cafelapalma.com\/wp-content\/uploads\/2026\/05\/WhatsApp-Image-2026-04-29-at-12.00.28-694x1040.jpeg\" class=\"attachment-large size-large wp-post-image\" alt=\"\" \/><\/a>\n<\/div>\n\t<div class=\"tribe-related-event-info\">\n\t<h3 class=\"tribe-related-events-title\">\n\t\t<a href=\"https:\/\/cafelapalma.com\/en\/programacion\/new-boix\/\" class=\"tribe-event-url\" rel=\"bookmark\">\n\t\t\tNEW BOIX\t\t<\/a>\n\t<\/h3>\n\t<span class=\"tribe-event-date-start\">10  September@22:00<\/span><span class=\"tribe-event-time\">23:45<\/span><\/div>\n<\/li>\n\t<\/ul>","protected":false},"excerpt":{"rendered":"<p>Mr. Cobol nace en Madrid en 2017. Pedro de Pablos, Gabriel Figueroa, Mario Leoz y Daniel Lozano, junto con Juanjo Marte como vocalista, emprenden este proyecto, abierto a varios estilos, pero enfocado al rock alternativo. Tras su primer EP autoeditado \u00abHola Mundo\u00bb, la banda firm\u00f3 por la editorial Movistar Sound, con la cual realizaron el &hellip; <\/p>","protected":false},"author":2,"featured_media":20463,"template":"","meta":{"_tec_requires_first_save":false,"_uag_custom_page_level_css":"","loftloader_page_shortcode":"","_EventAllDay":false,"_EventTimezone":"Europe\/Madrid","_EventStartDate":"2021-10-23 21:30:00","_EventEndDate":"2021-10-23 23:45:00","_EventStartDateUTC":"2021-10-23 19:30:00","_EventEndDateUTC":"2021-10-23 21:45:00","_EventShowMap":false,"_EventShowMapLink":false,"_EventURL":"https:\/\/link.dice.fm\/a0oKVy7Njkb","_EventCost":"6","_EventCostDescription":"","_EventCurrencySymbol":"\u20ac","_EventCurrencyCode":"","_EventCurrencyPosition":"suffix","_EventDateTimeSeparator":"@","_EventTimeRangeSeparator":"-","_EventOrganizerID":[],"_EventVenueID":[0],"_OrganizerEmail":"","_OrganizerPhone":"","_OrganizerWebsite":"","_VenueAddress":"","_VenueCity":"","_VenueCountry":"","_VenueProvince":"","_VenueState":"","_VenueZip":"","_VenuePhone":"","_VenueURL":"","_VenueStateProvince":"","_VenueLat":"","_VenueLng":"","_VenueShowMap":false,"_VenueShowMapLink":false,"_tribe_blocks_recurrence_rules":"","_tribe_blocks_recurrence_description":"","_tribe_blocks_recurrence_exclusions":"","_ecp_custom_2":"","_tribe_events_status":"","_tribe_events_status_reason":"","_tribe_events_is_hybrid":"","_tribe_events_is_virtual":"","_tribe_events_virtual_video_source":"","_tribe_events_virtual_embed_video":"","_tribe_events_virtual_linked_button_text":"","_tribe_events_virtual_linked_button":"","_tribe_events_virtual_show_embed_at":"","_tribe_events_virtual_show_embed_to":[],"_tribe_events_virtual_show_on_event":"","_tribe_events_virtual_show_on_views":"","_tribe_events_virtual_url":"","footnotes":""},"tags":[8869,9970,2865,9147,9146,9971,9957,9972,9955,9960,9958,9973,9967,1431,9954,9962,9961,9963,9953,9964,9966,9956,1355,1354,9959,9965,9969,9968],"tribe_events_cat":[8963],"class_list":["post-20461","tribe_events","type-tribe_events","status-publish","has-post-thumbnail","hentry","tag-cafe-la-palma-2","tag-candy-caramelo","tag-conciertos-cafe-la-palma","tag-conciertos-madrid","tag-conciertos-malasana","tag-dani-martin","tag-daniel-lozano","tag-el-corazon-escucha","tag-gabriel-figueroa","tag-hola-mundo","tag-juanjo-marte","tag-la-ventana","tag-lady-jaque","tag-live-music","tag-mario-leoz","tag-me-gusta-el-futbol","tag-movistar-sound","tag-movistar","tag-mr-cobol","tag-nos-gusta-el-futbol-30-anos-despues","tag-noviembre","tag-pedro-de-pablos","tag-pop","tag-rock","tag-rock-alternativo","tag-sergio-cepeda","tag-tengo-que-decirtelo","tag-teorias-sobre-el-espacio-interestelar","tribe_events_cat-concierto","cat_concierto"],"uagb_featured_image_src":{"full":["https:\/\/cafelapalma.com\/wp-content\/uploads\/2021\/10\/BR_Mr.-Cobol-4611LOW.jpg",627,417,false],"thumbnail":["https:\/\/cafelapalma.com\/wp-content\/uploads\/2021\/10\/BR_Mr.-Cobol-4611LOW-150x150.jpg",150,150,true],"medium":["https:\/\/cafelapalma.com\/wp-content\/uploads\/2021\/10\/BR_Mr.-Cobol-4611LOW-300x200.jpg",300,200,true],"medium_large":["https:\/\/cafelapalma.com\/wp-content\/uploads\/2021\/10\/BR_Mr.-Cobol-4611LOW.jpg",627,417,false],"large":["https:\/\/cafelapalma.com\/wp-content\/uploads\/2021\/10\/BR_Mr.-Cobol-4611LOW.jpg",627,417,false],"1536x1536":["https:\/\/cafelapalma.com\/wp-content\/uploads\/2021\/10\/BR_Mr.-Cobol-4611LOW.jpg",627,417,false],"2048x2048":["https:\/\/cafelapalma.com\/wp-content\/uploads\/2021\/10\/BR_Mr.-Cobol-4611LOW.jpg",627,417,false],"trp-custom-language-flag":["https:\/\/cafelapalma.com\/wp-content\/uploads\/2021\/10\/BR_Mr.-Cobol-4611LOW.jpg",18,12,false],"blossom-feminine-slider":["https:\/\/cafelapalma.com\/wp-content\/uploads\/2021\/10\/BR_Mr.-Cobol-4611LOW.jpg",627,417,false],"blossom-feminine-featured":["https:\/\/cafelapalma.com\/wp-content\/uploads\/2021\/10\/BR_Mr.-Cobol-4611LOW.jpg",627,417,false],"blossom-feminine-with-sidebar":["https:\/\/cafelapalma.com\/wp-content\/uploads\/2021\/10\/BR_Mr.-Cobol-4611LOW.jpg",627,417,false],"blossom-feminine-blog":["https:\/\/cafelapalma.com\/wp-content\/uploads\/2021\/10\/BR_Mr.-Cobol-4611LOW-435x417.jpg",435,417,true],"blossom-feminine-cat":["https:\/\/cafelapalma.com\/wp-content\/uploads\/2021\/10\/BR_Mr.-Cobol-4611LOW-450x300.jpg",450,300,true],"blossom-feminine-related":["https:\/\/cafelapalma.com\/wp-content\/uploads\/2021\/10\/BR_Mr.-Cobol-4611LOW-320x200.jpg",320,200,true],"blossom-feminine-schema":["https:\/\/cafelapalma.com\/wp-content\/uploads\/2021\/10\/BR_Mr.-Cobol-4611LOW-90x60.jpg",90,60,true]},"uagb_author_info":{"display_name":"Victor","author_link":"https:\/\/cafelapalma.com\/en\/author\/comunicacion\/"},"uagb_comment_info":0,"uagb_excerpt":"Mr. Cobol nace en Madrid en 2017. Pedro de Pablos, Gabriel Figueroa, Mario Leoz y Daniel Lozano, junto con Juanjo Marte como vocalista, emprenden este proyecto, abierto a varios estilos, pero enfocado al rock alternativo. Tras su primer EP autoeditado \u00abHola Mundo\u00bb, la banda firm\u00f3 por la editorial Movistar Sound, con la cual realizaron el&hellip;","_links":{"self":[{"href":"https:\/\/cafelapalma.com\/en\/wp-json\/wp\/v2\/tribe_events\/20461","targetHints":{"allow":["GET"]}}],"collection":[{"href":"https:\/\/cafelapalma.com\/en\/wp-json\/wp\/v2\/tribe_events"}],"about":[{"href":"https:\/\/cafelapalma.com\/en\/wp-json\/wp\/v2\/types\/tribe_events"}],"author":[{"embeddable":true,"href":"https:\/\/cafelapalma.com\/en\/wp-json\/wp\/v2\/users\/2"}],"version-history":[{"count":0,"href":"https:\/\/cafelapalma.com\/en\/wp-json\/wp\/v2\/tribe_events\/20461\/revisions"}],"wp:featuredmedia":[{"embeddable":true,"href":"https:\/\/cafelapalma.com\/en\/wp-json\/wp\/v2\/media\/20463"}],"wp:attachment":[{"href":"https:\/\/cafelapalma.com\/en\/wp-json\/wp\/v2\/media?parent=20461"}],"wp:term":[{"taxonomy":"post_tag","embeddable":true,"href":"https:\/\/cafelapalma.com\/en\/wp-json\/wp\/v2\/tags?post=20461"},{"taxonomy":"tribe_events_cat","embeddable":true,"href":"https:\/\/cafelapalma.com\/en\/wp-json\/wp\/v2\/tribe_events_cat?post=20461"}],"curies":[{"name":"wp","href":"https:\/\/api.w.org\/{rel}","templated":true}]}}