{"id":20718,"date":"2021-11-13T19:41:50","date_gmt":"2021-11-13T18:41:50","guid":{"rendered":"https:\/\/cafelapalma.com\/?post_type=tribe_events&#038;p=20718"},"modified":"2022-01-06T12:43:52","modified_gmt":"2022-01-06T11:43:52","slug":"alien-tango-bloody-angels","status":"publish","type":"tribe_events","link":"https:\/\/cafelapalma.com\/en\/programacion\/alien-tango-bloody-angels\/","title":{"rendered":"ALIEN TANGO + BLOODY ANGELS"},"content":{"rendered":"<div  class=\"tribe-events-schedule tribe-clearfix\" >\n\t<p class=\"tribe-events-schedule__datetime\">\n\t\t<span class=\"tribe-events-schedule__date tribe-events-schedule__date--start\">\n\t\t\t28  January  2022\t\t<\/span>\n\n\t\t\t\t\t<span class=\"tribe-events-schedule__separator tribe-events-schedule__separator--date\">\n\t\t\t\t@\t\t\t<\/span>\n\t\t\t<span class=\"tribe-events-schedule__time tribe-events-schedule__time--start\">\n\t\t\t\t21:30\t\t\t<\/span>\n\t\t\n\t\t\t\t\t\t\t\t\t<span class=\"tribe-events-schedule__separator tribe-events-schedule__separator--time\">\n\t\t\t\t\t&#8211;\t\t\t\t<\/span>\n\t\t\t\n\t\t\t\t\t\t\t<span class=\"tribe-events-schedule__time tribe-events-schedule__time--end\">\n\t\t\t\t\t23:45\t\t\t\t<\/span>\n\t\t\t\n\t\t\t\t\t\t<\/p>\n<\/div>\n\n\n<div  class=\"tribe-block tribe-block__event-price\" >\n\t\t\t<span class=\"tribe-block__event-price__cost\"> 10\u20ac <\/span>\n\t\t\t\t<span class=\"tribe-block__event-price__description\">+ gg Anticipada | 13\u20ac Taquilla<\/span>\n\t<\/div>\n\n\n\n<div style=\"height:100px\" aria-hidden=\"true\" class=\"wp-block-spacer\"><\/div>\n\n\n\n<div class=\"wp-block-columns is-layout-flex wp-container-core-columns-is-layout-8f761849 wp-block-columns-is-layout-flex\">\n<div class=\"wp-block-column is-layout-flow wp-block-column-is-layout-flow\" style=\"flex-basis:33.33%\">\n<figure class=\"wp-block-image size-large\"><img loading=\"lazy\" decoding=\"async\" width=\"430\" height=\"608\" src=\"https:\/\/cafelapalma.com\/wp-content\/uploads\/2022\/01\/AT_BA_A3_LOW.png\" alt=\"\" class=\"wp-image-21137\" srcset=\"https:\/\/cafelapalma.com\/wp-content\/uploads\/2022\/01\/AT_BA_A3_LOW.png 430w, https:\/\/cafelapalma.com\/wp-content\/uploads\/2022\/01\/AT_BA_A3_LOW-212x300.png 212w, https:\/\/cafelapalma.com\/wp-content\/uploads\/2022\/01\/AT_BA_A3_LOW-42x60.png 42w\" sizes=\"auto, (max-width: 430px) 100vw, 430px\" \/><\/figure>\n\n\n<div  class=\"tribe-block tribe-block__event-website\" >\n\t<a\n\t\thref=\"https:\/\/link.dice.fm\/anWeVzKJUkb\"\n\t\ttarget=\"_self\"\n\t\t\t>\n\t\tBUY TICKETS\t<\/a>\n<\/div>\n<\/div>\n\n\n\n<div class=\"wp-block-column is-layout-flow wp-block-column-is-layout-flow\" style=\"flex-basis:66.66%\">\n<p class=\"wp-block-paragraph\"><\/p>\n\n\n\n<p class=\"has-text-align-left wp-block-paragraph\">Detr\u00e1s de <strong>Alien Tango<\/strong> y su \u00abdrone electrolatino\u00bb se esconde <strong>Alberto Garc\u00eda<\/strong>, un murciano residente en <strong>Londres <\/strong>pero con las antenas orientadas hacia un espacio exterior del que llegan emisiones repletas de psicodelia, glam, hip-hop, m\u00fasica oriental y voces llenas de helio. Un potaje tan imprevisible como nutritivo en el que caben sintetizadores, sitares, acordeones y samples de anime y que este heterodoxo m\u00fasico ha encapsulado en <strong><em>\u00abIsla Bonita\u00bb<\/em><\/strong>, un EP de presentaci\u00f3n publicado por <strong>Foehn Records<\/strong> que con\ufb01rma a <strong>Alien Tango<\/strong> como uno de los creadores m\u00e1s peculiares de la escena londinense.<\/p>\n\n\n\n<p class=\"has-text-align-left wp-block-paragraph\"><strong>Bloody Angels<\/strong> es un proyecto musical surgido en <strong>Murcia <\/strong>en el verano de 2021, que nace de las mentes creadoras de <strong>Yana Zafiro<\/strong> y <strong>Poolshake<\/strong>, y que junto a <strong>Noa<\/strong>, tercer integrante, forman una simbiosis perfecta capaz de atraparte en su imaginario pop. Entregados a la b\u00fasqueda y la recreaci\u00f3n de mundos on\u00edricos, consiguen sonidos que incluyen el darkcore y el happycore simult\u00e1neamente. Sus influencias son claras; el hyper-pop m\u00e1s actual. Probablemente no tengan l\u00edmite en recrear una rave en sus directos y quieren que a su p\u00fablico le estalle la cabeza de la emoci\u00f3n. Su dominio nace desde el techno m\u00e1s sofisticado e industrial hasta el pop mainstream y el dubstep. En cuanto a su est\u00e9tica, est\u00e1 basada en el cyber-punk pero visto desde la mirada m\u00e1s inocente.<\/p>\n<\/div>\n<\/div>\n\n\n\n<div style=\"height:100px\" aria-hidden=\"true\" class=\"wp-block-spacer\"><\/div>\n\n\n\n<hr class=\"wp-block-separator is-style-wide\"\/>\n\n\n\n<div style=\"height:100px\" aria-hidden=\"true\" class=\"wp-block-spacer\"><\/div>\n\n\n<h2 class=\"tribe-block__related-events__title\">Related Events<\/h2>\n\n<ul  class=\"tribe-related-events tribe-clearfix\" >\n\t\t\t<li>\n\t\n<div class=\"tribe-related-events-thumbnail\">\n\t<a href=\"https:\/\/cafelapalma.com\/en\/programacion\/funkin-donuts\/\" class=\"url\" rel=\"bookmark\" tabindex=\"-1\" aria-hidden=\"true\"><img loading=\"lazy\" decoding=\"async\" width=\"693\" height=\"1040\" src=\"https:\/\/cafelapalma.com\/wp-content\/uploads\/2026\/07\/FD-vert2-bn-693x1040.jpg\" class=\"attachment-large size-large wp-post-image\" alt=\"\" \/><\/a>\n<\/div>\n\t<div class=\"tribe-related-event-info\">\n\t<h3 class=\"tribe-related-events-title\">\n\t\t<a href=\"https:\/\/cafelapalma.com\/en\/programacion\/funkin-donuts\/\" class=\"tribe-event-url\" rel=\"bookmark\">\n\t\t\tFUNKIN&#8217; DONUTS\t\t<\/a>\n\t<\/h3>\n\t<span class=\"tribe-event-date-start\">5  September@22:00<\/span><span class=\"tribe-event-time\">23:45<\/span><\/div>\n<\/li>\n\t\t\t<li>\n\t\n<div class=\"tribe-related-events-thumbnail\">\n\t<a href=\"https:\/\/cafelapalma.com\/en\/programacion\/willie-deville-concierto-benefico-x-venezuela\/\" class=\"url\" rel=\"bookmark\" tabindex=\"-1\" aria-hidden=\"true\"><img loading=\"lazy\" decoding=\"async\" width=\"1020\" height=\"531\" src=\"https:\/\/cafelapalma.com\/wp-content\/uploads\/2026\/08\/Willie-deville-1100x572-1-1040x541.jpg\" class=\"attachment-large size-large wp-post-image\" alt=\"\" \/><\/a>\n<\/div>\n\t<div class=\"tribe-related-event-info\">\n\t<h3 class=\"tribe-related-events-title\">\n\t\t<a href=\"https:\/\/cafelapalma.com\/en\/programacion\/willie-deville-concierto-benefico-x-venezuela\/\" class=\"tribe-event-url\" rel=\"bookmark\">\n\t\t\tWILLIE DEVILLE: CONCIERTO BEN\u00c9FICO X VENEZUELA\t\t<\/a>\n\t<\/h3>\n\t<span class=\"tribe-event-date-start\">6  September@21:00<\/span><span class=\"tribe-event-time\">23:45<\/span><\/div>\n<\/li>\n\t\t\t<li>\n\t\n<div class=\"tribe-related-events-thumbnail\">\n\t<a href=\"https:\/\/cafelapalma.com\/en\/programacion\/new-boix\/\" class=\"url\" rel=\"bookmark\" tabindex=\"-1\" aria-hidden=\"true\"><img loading=\"lazy\" decoding=\"async\" width=\"694\" height=\"1040\" src=\"https:\/\/cafelapalma.com\/wp-content\/uploads\/2026\/05\/WhatsApp-Image-2026-04-29-at-12.00.28-694x1040.jpeg\" class=\"attachment-large size-large wp-post-image\" alt=\"\" \/><\/a>\n<\/div>\n\t<div class=\"tribe-related-event-info\">\n\t<h3 class=\"tribe-related-events-title\">\n\t\t<a href=\"https:\/\/cafelapalma.com\/en\/programacion\/new-boix\/\" class=\"tribe-event-url\" rel=\"bookmark\">\n\t\t\tNEW BOIX\t\t<\/a>\n\t<\/h3>\n\t<span class=\"tribe-event-date-start\">10  September@22:00<\/span><span class=\"tribe-event-time\">23:45<\/span><\/div>\n<\/li>\n\t<\/ul>","protected":false},"excerpt":{"rendered":"<p>Detr\u00e1s de Alien Tango y su \u00abdrone electrolatino\u00bb se esconde Alberto Garc\u00eda, un murciano residente en Londres pero con las antenas orientadas hacia un espacio exterior del que llegan emisiones repletas de psicodelia, glam, hip-hop, m\u00fasica oriental y voces llenas de helio. Un potaje tan imprevisible como nutritivo en el que caben sintetizadores, sitares, acordeones &hellip; <\/p>","protected":false},"author":2,"featured_media":20720,"template":"","meta":{"_tec_requires_first_save":false,"_uag_custom_page_level_css":"","loftloader_page_shortcode":"","_EventAllDay":false,"_EventTimezone":"Europe\/Madrid","_EventStartDate":"2022-01-28 21:30:00","_EventEndDate":"2022-01-28 23:45:00","_EventStartDateUTC":"2022-01-28 20:30:00","_EventEndDateUTC":"2022-01-28 22:45:00","_EventShowMap":false,"_EventShowMapLink":false,"_EventURL":"https:\/\/link.dice.fm\/anWeVzKJUkb","_EventCost":"10","_EventCostDescription":"","_EventCurrencySymbol":"\u20ac","_EventCurrencyCode":"","_EventCurrencyPosition":"suffix","_EventDateTimeSeparator":"@","_EventTimeRangeSeparator":"-","_EventOrganizerID":[],"_EventVenueID":[0],"_OrganizerEmail":"","_OrganizerPhone":"","_OrganizerWebsite":"","_VenueAddress":"","_VenueCity":"","_VenueCountry":"","_VenueProvince":"","_VenueState":"","_VenueZip":"","_VenuePhone":"","_VenueURL":"","_VenueStateProvince":"","_VenueLat":"","_VenueLng":"","_VenueShowMap":false,"_VenueShowMapLink":false,"_tribe_blocks_recurrence_rules":"","_tribe_blocks_recurrence_description":"","_tribe_blocks_recurrence_exclusions":"","_ecp_custom_2":"","_tribe_events_status":"","_tribe_events_status_reason":"","_tribe_events_is_hybrid":"","_tribe_events_is_virtual":"","_tribe_events_virtual_video_source":"","_tribe_events_virtual_embed_video":"","_tribe_events_virtual_linked_button_text":"","_tribe_events_virtual_linked_button":"","_tribe_events_virtual_show_embed_at":"","_tribe_events_virtual_show_embed_to":[],"_tribe_events_virtual_show_on_event":"","_tribe_events_virtual_show_on_views":"","_tribe_events_virtual_url":"","footnotes":""},"tags":[10239,10238,10237,10713,8869,2865,9147,9146,10720,10717,9939,9711,10247,10243,10240,10244,10718,10719,8970,10242,10245,1431,10714,10249,10250,10716,10246,10248,10715],"tribe_events_cat":[8963],"class_list":["post-20718","tribe_events","type-tribe_events","status-publish","has-post-thumbnail","hentry","tag-alberto-garcia","tag-alien-tango","tag-aniversario-cafe-la-palma","tag-bloody-angels","tag-cafe-la-palma-2","tag-conciertos-cafe-la-palma","tag-conciertos-madrid","tag-conciertos-malasana","tag-cyber-punk","tag-darkcore","tag-dream-pop","tag-dubstep","tag-emo-queer","tag-foehn-records","tag-glam","tag-ground-control","tag-happycore","tag-hyper-pop","tag-indie","tag-isla-bonita-2","tag-joan-vich","tag-live-music","tag-murcia","tag-nadia-leal","tag-neo2","tag-noa","tag-poolshake","tag-some-things-last-forever","tag-yana-zafiro","tribe_events_cat-concierto","cat_concierto"],"uagb_featured_image_src":{"full":["https:\/\/cafelapalma.com\/wp-content\/uploads\/2021\/11\/Alien-Tango-3-Fernando-Valenti.jpg",1344,2048,false],"thumbnail":["https:\/\/cafelapalma.com\/wp-content\/uploads\/2021\/11\/Alien-Tango-3-Fernando-Valenti-150x150.jpg",150,150,true],"medium":["https:\/\/cafelapalma.com\/wp-content\/uploads\/2021\/11\/Alien-Tango-3-Fernando-Valenti-197x300.jpg",197,300,true],"medium_large":["https:\/\/cafelapalma.com\/wp-content\/uploads\/2021\/11\/Alien-Tango-3-Fernando-Valenti-768x1170.jpg",768,1170,true],"large":["https:\/\/cafelapalma.com\/wp-content\/uploads\/2021\/11\/Alien-Tango-3-Fernando-Valenti-672x1024.jpg",672,1024,true],"1536x1536":["https:\/\/cafelapalma.com\/wp-content\/uploads\/2021\/11\/Alien-Tango-3-Fernando-Valenti-1008x1536.jpg",1008,1536,true],"2048x2048":["https:\/\/cafelapalma.com\/wp-content\/uploads\/2021\/11\/Alien-Tango-3-Fernando-Valenti.jpg",1344,2048,false],"trp-custom-language-flag":["https:\/\/cafelapalma.com\/wp-content\/uploads\/2021\/11\/Alien-Tango-3-Fernando-Valenti.jpg",8,12,false],"blossom-feminine-slider":["https:\/\/cafelapalma.com\/wp-content\/uploads\/2021\/11\/Alien-Tango-3-Fernando-Valenti-1344x649.jpg",1344,649,true],"blossom-feminine-featured":["https:\/\/cafelapalma.com\/wp-content\/uploads\/2021\/11\/Alien-Tango-3-Fernando-Valenti-1344x600.jpg",1344,600,true],"blossom-feminine-with-sidebar":["https:\/\/cafelapalma.com\/wp-content\/uploads\/2021\/11\/Alien-Tango-3-Fernando-Valenti-1020x600.jpg",1020,600,true],"blossom-feminine-blog":["https:\/\/cafelapalma.com\/wp-content\/uploads\/2021\/11\/Alien-Tango-3-Fernando-Valenti-435x435.jpg",435,435,true],"blossom-feminine-cat":["https:\/\/cafelapalma.com\/wp-content\/uploads\/2021\/11\/Alien-Tango-3-Fernando-Valenti-450x300.jpg",450,300,true],"blossom-feminine-related":["https:\/\/cafelapalma.com\/wp-content\/uploads\/2021\/11\/Alien-Tango-3-Fernando-Valenti-320x200.jpg",320,200,true],"blossom-feminine-schema":["https:\/\/cafelapalma.com\/wp-content\/uploads\/2021\/11\/Alien-Tango-3-Fernando-Valenti-39x60.jpg",39,60,true]},"uagb_author_info":{"display_name":"Victor","author_link":"https:\/\/cafelapalma.com\/en\/author\/comunicacion\/"},"uagb_comment_info":0,"uagb_excerpt":"Detr\u00e1s de Alien Tango y su \u00abdrone electrolatino\u00bb se esconde Alberto Garc\u00eda, un murciano residente en Londres pero con las antenas orientadas hacia un espacio exterior del que llegan emisiones repletas de psicodelia, glam, hip-hop, m\u00fasica oriental y voces llenas de helio. Un potaje tan imprevisible como nutritivo en el que caben sintetizadores, sitares, acordeones&hellip;","_links":{"self":[{"href":"https:\/\/cafelapalma.com\/en\/wp-json\/wp\/v2\/tribe_events\/20718","targetHints":{"allow":["GET"]}}],"collection":[{"href":"https:\/\/cafelapalma.com\/en\/wp-json\/wp\/v2\/tribe_events"}],"about":[{"href":"https:\/\/cafelapalma.com\/en\/wp-json\/wp\/v2\/types\/tribe_events"}],"author":[{"embeddable":true,"href":"https:\/\/cafelapalma.com\/en\/wp-json\/wp\/v2\/users\/2"}],"version-history":[{"count":0,"href":"https:\/\/cafelapalma.com\/en\/wp-json\/wp\/v2\/tribe_events\/20718\/revisions"}],"wp:featuredmedia":[{"embeddable":true,"href":"https:\/\/cafelapalma.com\/en\/wp-json\/wp\/v2\/media\/20720"}],"wp:attachment":[{"href":"https:\/\/cafelapalma.com\/en\/wp-json\/wp\/v2\/media?parent=20718"}],"wp:term":[{"taxonomy":"post_tag","embeddable":true,"href":"https:\/\/cafelapalma.com\/en\/wp-json\/wp\/v2\/tags?post=20718"},{"taxonomy":"tribe_events_cat","embeddable":true,"href":"https:\/\/cafelapalma.com\/en\/wp-json\/wp\/v2\/tribe_events_cat?post=20718"}],"curies":[{"name":"wp","href":"https:\/\/api.w.org\/{rel}","templated":true}]}}