{"id":20791,"date":"2021-11-19T17:25:02","date_gmt":"2021-11-19T16:25:02","guid":{"rendered":"https:\/\/cafelapalma.com\/?post_type=tribe_events&#038;p=20791"},"modified":"2021-12-13T16:35:54","modified_gmt":"2021-12-13T15:35:54","slug":"la-estrella-de-david-caballo-prieto-azabache","status":"publish","type":"tribe_events","link":"https:\/\/cafelapalma.com\/en\/programacion\/la-estrella-de-david-caballo-prieto-azabache\/","title":{"rendered":"LA ESTRELLA DE DAVID + CABALLO PRIETO AZABACHE"},"content":{"rendered":"<div  class=\"tribe-events-schedule tribe-clearfix\" >\n\t<p class=\"tribe-events-schedule__datetime\">\n\t\t<span class=\"tribe-events-schedule__date tribe-events-schedule__date--start\">\n\t\t\t29  January  2022\t\t<\/span>\n\n\t\t\t\t\t<span class=\"tribe-events-schedule__separator tribe-events-schedule__separator--date\">\n\t\t\t\t@\t\t\t<\/span>\n\t\t\t<span class=\"tribe-events-schedule__time tribe-events-schedule__time--start\">\n\t\t\t\t21:30\t\t\t<\/span>\n\t\t\n\t\t\t\t\t\t\t\t\t<span class=\"tribe-events-schedule__separator tribe-events-schedule__separator--time\">\n\t\t\t\t\t&#8211;\t\t\t\t<\/span>\n\t\t\t\n\t\t\t\t\t\t\t<span class=\"tribe-events-schedule__time tribe-events-schedule__time--end\">\n\t\t\t\t\t23:50\t\t\t\t<\/span>\n\t\t\t\n\t\t\t\t\t\t<\/p>\n<\/div>\n\n\n<div  class=\"tribe-block tribe-block__event-price\" >\n\t\t\t<span class=\"tribe-block__event-price__cost\"> 12\u20ac <\/span>\n\t\t\t\t<span class=\"tribe-block__event-price__description\">+ gg Anticipada | 15\u20ac Taquilla<\/span>\n\t<\/div>\n\n\n\n<div style=\"height:100px\" aria-hidden=\"true\" class=\"wp-block-spacer\"><\/div>\n\n\n\n<div class=\"wp-block-columns is-layout-flex wp-container-core-columns-is-layout-8f761849 wp-block-columns-is-layout-flex\">\n<div class=\"wp-block-column is-layout-flow wp-block-column-is-layout-flow\" style=\"flex-basis:33.33%\">\n<figure class=\"wp-block-image size-large\"><img loading=\"lazy\" decoding=\"async\" width=\"430\" height=\"608\" src=\"https:\/\/cafelapalma.com\/wp-content\/uploads\/2021\/11\/LA-ESTRELLA-CABALLO-A3-LOW.jpg\" alt=\"\" class=\"wp-image-20792\" srcset=\"https:\/\/cafelapalma.com\/wp-content\/uploads\/2021\/11\/LA-ESTRELLA-CABALLO-A3-LOW.jpg 430w, https:\/\/cafelapalma.com\/wp-content\/uploads\/2021\/11\/LA-ESTRELLA-CABALLO-A3-LOW-212x300.jpg 212w, https:\/\/cafelapalma.com\/wp-content\/uploads\/2021\/11\/LA-ESTRELLA-CABALLO-A3-LOW-42x60.jpg 42w\" sizes=\"auto, (max-width: 430px) 100vw, 430px\" \/><\/figure>\n\n\n<div  class=\"tribe-block tribe-block__event-website\" >\n\t<a\n\t\thref=\"https:\/\/link.dice.fm\/u9aa93b547aa\"\n\t\ttarget=\"_self\"\n\t\t\t>\n\t\tBUY TICKETS\t<\/a>\n<\/div>\n<\/div>\n\n\n\n<div class=\"wp-block-column is-layout-flow wp-block-column-is-layout-flow\" style=\"flex-basis:66.66%\">\n<p class=\"wp-block-paragraph\"><\/p>\n\n\n\n<p class=\"has-text-align-left wp-block-paragraph\">REPROGRAMADO DEL 18\/12\/21 <strong><em>NUEVA FECHA S\u00c1BADO 29 ENERO 2022<\/em><\/strong><\/p>\n\n\n\n<p class=\"has-text-align-left wp-block-paragraph\"><strong>David Rodr\u00edguez<\/strong> <em>aka<\/em> <strong>David Beef<\/strong> <em>aka<\/em> <strong>La Estrella de David<\/strong> comenz\u00f3 su carrera hace m\u00e1s de 20 a\u00f1os, en las primeras bandas independientes que surgieron por aqu\u00ed, para luego convertirse en productor de <strong>Los Punsetes<\/strong>, <strong>Sole\u00e1 Morente<\/strong> o <strong>La Bien Querida<\/strong> (donde adem\u00e1s toca la guitarra). Ha pasado m\u00e1s de un lustro desde que editase \u00ab<em><strong>Maracaibo<\/strong><\/em>\u00ab, su segundo disco, y dos o tres desde el \u00faltimo, <strong><em>\u00abConsagraci\u00f3n\u00bb<\/em><\/strong>, dos oasis decorados con canciones maravillosas, sobrias e ir\u00f3nicas, pero cargadas de drama enterrado y de emoci\u00f3n.<\/p>\n\n\n\n<p class=\"has-text-align-left wp-block-paragraph\"><br>En esta ocasi\u00f3n, <strong>La Estrella de David<\/strong> defender\u00e1 una mitad de su repertorio en solitario y la otra mitad con banda al completo, acompa\u00f1ado por <strong>Caballo Prieto Azabache<\/strong>, que abrir\u00e1n la velada para adelantar en exclusiva algunos temas de su pr\u00f3ximo disco <strong><em>\u00abN\u00ba1\u00bb<\/em><\/strong>.<\/p>\n\n\n\n<p class=\"has-text-align-left wp-block-paragraph\"><strong>Caballo Prieto Azabache<\/strong> son <strong>Victoria<\/strong>, <strong>Guille<\/strong>, <strong>Luis<\/strong>, <strong>Javi<\/strong> y <strong>Quique<\/strong>. Grupo habitual en la escena underground madrile\u00f1a, <strong>Caballo Prieto Azabache<\/strong> debut\u00f3 a finales de 2019 con el EP <strong><em>\u00abMadrid, Agosto 40\u00ba\u00bb<\/em><\/strong>, cuatro cortes grabados en el <strong>Observatorio Musical<\/strong> y producidos adivinen por qui\u00e9n. S\u00ed, por <strong>David Rodr\u00edguez<\/strong>. De <strong>La Estrella de David<\/strong>.<\/p>\n<\/div>\n<\/div>\n\n\n\n<div style=\"height:100px\" aria-hidden=\"true\" class=\"wp-block-spacer\"><\/div>\n\n\n\n<hr class=\"wp-block-separator is-style-wide\"\/>\n\n\n\n<div style=\"height:100px\" aria-hidden=\"true\" class=\"wp-block-spacer\"><\/div>\n\n\n<h2 class=\"tribe-block__related-events__title\">Related Events<\/h2>\n\n<ul  class=\"tribe-related-events tribe-clearfix\" >\n\t\t\t<li>\n\t\n<div class=\"tribe-related-events-thumbnail\">\n\t<a href=\"https:\/\/cafelapalma.com\/en\/programacion\/willie-deville-concierto-benefico-x-venezuela\/\" class=\"url\" rel=\"bookmark\" tabindex=\"-1\" aria-hidden=\"true\"><img loading=\"lazy\" decoding=\"async\" width=\"1020\" height=\"531\" src=\"https:\/\/cafelapalma.com\/wp-content\/uploads\/2026\/08\/Willie-deville-1100x572-1-1040x541.jpg\" class=\"attachment-large size-large wp-post-image\" alt=\"\" \/><\/a>\n<\/div>\n\t<div class=\"tribe-related-event-info\">\n\t<h3 class=\"tribe-related-events-title\">\n\t\t<a href=\"https:\/\/cafelapalma.com\/en\/programacion\/willie-deville-concierto-benefico-x-venezuela\/\" class=\"tribe-event-url\" rel=\"bookmark\">\n\t\t\tWILLIE DEVILLE: CONCIERTO BEN\u00c9FICO X VENEZUELA\t\t<\/a>\n\t<\/h3>\n\t<span class=\"tribe-event-date-start\">6  September@21:00<\/span><span class=\"tribe-event-time\">23:45<\/span><\/div>\n<\/li>\n\t\t\t<li>\n\t\n<div class=\"tribe-related-events-thumbnail\">\n\t<a href=\"https:\/\/cafelapalma.com\/en\/programacion\/new-boix\/\" class=\"url\" rel=\"bookmark\" tabindex=\"-1\" aria-hidden=\"true\"><img loading=\"lazy\" decoding=\"async\" width=\"694\" height=\"1040\" src=\"https:\/\/cafelapalma.com\/wp-content\/uploads\/2026\/05\/WhatsApp-Image-2026-04-29-at-12.00.28-694x1040.jpeg\" class=\"attachment-large size-large wp-post-image\" alt=\"\" \/><\/a>\n<\/div>\n\t<div class=\"tribe-related-event-info\">\n\t<h3 class=\"tribe-related-events-title\">\n\t\t<a href=\"https:\/\/cafelapalma.com\/en\/programacion\/new-boix\/\" class=\"tribe-event-url\" rel=\"bookmark\">\n\t\t\tNEW BOIX\t\t<\/a>\n\t<\/h3>\n\t<span class=\"tribe-event-date-start\">10  September@22:00<\/span><span class=\"tribe-event-time\">23:45<\/span><\/div>\n<\/li>\n\t\t\t<li>\n\t\n<div class=\"tribe-related-events-thumbnail\">\n\t<a href=\"https:\/\/cafelapalma.com\/en\/programacion\/eric-rohmer-seasunday\/\" class=\"url\" rel=\"bookmark\" tabindex=\"-1\" aria-hidden=\"true\"><img loading=\"lazy\" decoding=\"async\" width=\"693\" height=\"1040\" src=\"https:\/\/cafelapalma.com\/wp-content\/uploads\/2026\/07\/ERIC-ROHMER-VERTICAL-1-693x1040.jpg\" class=\"attachment-large size-large wp-post-image\" alt=\"\" \/><\/a>\n<\/div>\n\t<div class=\"tribe-related-event-info\">\n\t<h3 class=\"tribe-related-events-title\">\n\t\t<a href=\"https:\/\/cafelapalma.com\/en\/programacion\/eric-rohmer-seasunday\/\" class=\"tribe-event-url\" rel=\"bookmark\">\n\t\t\tERIC ROHMER + SEASUNDAY\t\t<\/a>\n\t<\/h3>\n\t<span class=\"tribe-event-date-start\">11  September@21:00<\/span><span class=\"tribe-event-time\">23:45<\/span><\/div>\n<\/li>\n\t<\/ul>","protected":false},"excerpt":{"rendered":"<p>REPROGRAMADO DEL 18\/12\/21 NUEVA FECHA S\u00c1BADO 29 ENERO 2022 David Rodr\u00edguez aka David Beef aka La Estrella de David comenz\u00f3 su carrera hace m\u00e1s de 20 a\u00f1os, en las primeras bandas independientes que surgieron por aqu\u00ed, para luego convertirse en productor de Los Punsetes, Sole\u00e1 Morente o La Bien Querida (donde adem\u00e1s toca la guitarra). &hellip; <\/p>","protected":false},"author":2,"featured_media":20793,"template":"","meta":{"_tec_requires_first_save":false,"_uag_custom_page_level_css":"","loftloader_page_shortcode":"","_EventAllDay":false,"_EventTimezone":"Europe\/Madrid","_EventStartDate":"2022-01-29 21:30:00","_EventEndDate":"2022-01-29 23:50:00","_EventStartDateUTC":"2022-01-29 20:30:00","_EventEndDateUTC":"2022-01-29 22:50:00","_EventShowMap":false,"_EventShowMapLink":false,"_EventURL":"https:\/\/link.dice.fm\/u9aa93b547aa","_EventCost":"12","_EventCostDescription":"","_EventCurrencySymbol":"\u20ac","_EventCurrencyCode":"","_EventCurrencyPosition":"suffix","_EventDateTimeSeparator":"@","_EventTimeRangeSeparator":"-","_EventOrganizerID":[],"_EventVenueID":[0],"_OrganizerEmail":"","_OrganizerPhone":"","_OrganizerWebsite":"","_VenueAddress":"","_VenueCity":"","_VenueCountry":"","_VenueProvince":"","_VenueState":"","_VenueZip":"","_VenuePhone":"","_VenueURL":"","_VenueStateProvince":"","_VenueLat":"","_VenueLng":"","_VenueShowMap":false,"_VenueShowMapLink":false,"_tribe_blocks_recurrence_rules":"","_tribe_blocks_recurrence_description":"","_tribe_blocks_recurrence_exclusions":"","_ecp_custom_2":"","_tribe_events_status":"","_tribe_events_status_reason":"","_tribe_events_is_hybrid":"","_tribe_events_is_virtual":"","_tribe_events_virtual_video_source":"","_tribe_events_virtual_embed_video":"","_tribe_events_virtual_linked_button_text":"","_tribe_events_virtual_linked_button":"","_tribe_events_virtual_show_embed_at":"","_tribe_events_virtual_show_embed_to":[],"_tribe_events_virtual_show_on_event":"","_tribe_events_virtual_show_on_views":"","_tribe_events_virtual_url":"","footnotes":""},"tags":[10323,10322,10319,8869,10314,10033,2865,9147,9146,10318,10308,10307,10321,10315,8970,10312,10313,10287,10309,1431,10310,1371,10317,10316,10320,10325,10324,1354,10311,9410],"tribe_events_cat":[8963],"class_list":["post-20791","tribe_events","type-tribe_events","status-publish","has-post-thumbnail","hentry","tag-agosto-40o","tag-alfama","tag-caballo-prieto-azabache","tag-cafe-la-palma-2","tag-canada","tag-carino","tag-conciertos-cafe-la-palma","tag-conciertos-madrid","tag-conciertos-malasana","tag-consagracion","tag-david-beef","tag-david-rodriguez","tag-el-volcan","tag-erosky","tag-indie","tag-joe-crepusculo","tag-junco-y-diamante","tag-la-bien-querida","tag-la-estrella-de-david","tag-live-music","tag-los-punsetes","tag-madrid","tag-maracaibo","tag-noches-de-blanco-satan","tag-no1","tag-observatorio-musical","tag-quique-cruzado","tag-rock","tag-solea-morente","tag-sonido-muchacho","tribe_events_cat-concierto","cat_concierto"],"uagb_featured_image_src":{"full":["https:\/\/cafelapalma.com\/wp-content\/uploads\/2021\/11\/LEDD_low_.jpg",627,417,false],"thumbnail":["https:\/\/cafelapalma.com\/wp-content\/uploads\/2021\/11\/LEDD_low_-150x150.jpg",150,150,true],"medium":["https:\/\/cafelapalma.com\/wp-content\/uploads\/2021\/11\/LEDD_low_-300x200.jpg",300,200,true],"medium_large":["https:\/\/cafelapalma.com\/wp-content\/uploads\/2021\/11\/LEDD_low_.jpg",627,417,false],"large":["https:\/\/cafelapalma.com\/wp-content\/uploads\/2021\/11\/LEDD_low_.jpg",627,417,false],"1536x1536":["https:\/\/cafelapalma.com\/wp-content\/uploads\/2021\/11\/LEDD_low_.jpg",627,417,false],"2048x2048":["https:\/\/cafelapalma.com\/wp-content\/uploads\/2021\/11\/LEDD_low_.jpg",627,417,false],"trp-custom-language-flag":["https:\/\/cafelapalma.com\/wp-content\/uploads\/2021\/11\/LEDD_low_.jpg",18,12,false],"blossom-feminine-slider":["https:\/\/cafelapalma.com\/wp-content\/uploads\/2021\/11\/LEDD_low_.jpg",627,417,false],"blossom-feminine-featured":["https:\/\/cafelapalma.com\/wp-content\/uploads\/2021\/11\/LEDD_low_.jpg",627,417,false],"blossom-feminine-with-sidebar":["https:\/\/cafelapalma.com\/wp-content\/uploads\/2021\/11\/LEDD_low_.jpg",627,417,false],"blossom-feminine-blog":["https:\/\/cafelapalma.com\/wp-content\/uploads\/2021\/11\/LEDD_low_-435x417.jpg",435,417,true],"blossom-feminine-cat":["https:\/\/cafelapalma.com\/wp-content\/uploads\/2021\/11\/LEDD_low_-450x300.jpg",450,300,true],"blossom-feminine-related":["https:\/\/cafelapalma.com\/wp-content\/uploads\/2021\/11\/LEDD_low_-320x200.jpg",320,200,true],"blossom-feminine-schema":["https:\/\/cafelapalma.com\/wp-content\/uploads\/2021\/11\/LEDD_low_-90x60.jpg",90,60,true]},"uagb_author_info":{"display_name":"Victor","author_link":"https:\/\/cafelapalma.com\/en\/author\/comunicacion\/"},"uagb_comment_info":0,"uagb_excerpt":"REPROGRAMADO DEL 18\/12\/21 NUEVA FECHA S\u00c1BADO 29 ENERO 2022 David Rodr\u00edguez aka David Beef aka La Estrella de David comenz\u00f3 su carrera hace m\u00e1s de 20 a\u00f1os, en las primeras bandas independientes que surgieron por aqu\u00ed, para luego convertirse en productor de Los Punsetes, Sole\u00e1 Morente o La Bien Querida (donde adem\u00e1s toca la guitarra).&hellip;","_links":{"self":[{"href":"https:\/\/cafelapalma.com\/en\/wp-json\/wp\/v2\/tribe_events\/20791","targetHints":{"allow":["GET"]}}],"collection":[{"href":"https:\/\/cafelapalma.com\/en\/wp-json\/wp\/v2\/tribe_events"}],"about":[{"href":"https:\/\/cafelapalma.com\/en\/wp-json\/wp\/v2\/types\/tribe_events"}],"author":[{"embeddable":true,"href":"https:\/\/cafelapalma.com\/en\/wp-json\/wp\/v2\/users\/2"}],"version-history":[{"count":0,"href":"https:\/\/cafelapalma.com\/en\/wp-json\/wp\/v2\/tribe_events\/20791\/revisions"}],"wp:featuredmedia":[{"embeddable":true,"href":"https:\/\/cafelapalma.com\/en\/wp-json\/wp\/v2\/media\/20793"}],"wp:attachment":[{"href":"https:\/\/cafelapalma.com\/en\/wp-json\/wp\/v2\/media?parent=20791"}],"wp:term":[{"taxonomy":"post_tag","embeddable":true,"href":"https:\/\/cafelapalma.com\/en\/wp-json\/wp\/v2\/tags?post=20791"},{"taxonomy":"tribe_events_cat","embeddable":true,"href":"https:\/\/cafelapalma.com\/en\/wp-json\/wp\/v2\/tribe_events_cat?post=20791"}],"curies":[{"name":"wp","href":"https:\/\/api.w.org\/{rel}","templated":true}]}}