{"id":20814,"date":"2021-11-22T11:41:50","date_gmt":"2021-11-22T10:41:50","guid":{"rendered":"https:\/\/cafelapalma.com\/?post_type=tribe_events&#038;p=20814"},"modified":"2022-01-09T15:12:46","modified_gmt":"2022-01-09T14:12:46","slug":"escenario-principal-100-rufus-t-firefly","status":"publish","type":"tribe_events","link":"https:\/\/cafelapalma.com\/en\/programacion\/escenario-principal-100-rufus-t-firefly\/","title":{"rendered":"ESCENARIO PRINCIPAL #100: RUFUS T. FIREFLY"},"content":{"rendered":"<div  class=\"tribe-events-schedule tribe-clearfix\" >\n\t<p class=\"tribe-events-schedule__datetime\">\n\t\t<span class=\"tribe-events-schedule__date tribe-events-schedule__date--start\">\n\t\t\t26  January  2022\t\t<\/span>\n\n\t\t\t\t\t<span class=\"tribe-events-schedule__separator tribe-events-schedule__separator--date\">\n\t\t\t\t@\t\t\t<\/span>\n\t\t\t<span class=\"tribe-events-schedule__time tribe-events-schedule__time--start\">\n\t\t\t\t19:30\t\t\t<\/span>\n\t\t\n\t\t\t\t\t\t\t\t\t<span class=\"tribe-events-schedule__separator tribe-events-schedule__separator--time\">\n\t\t\t\t\t&#8211;\t\t\t\t<\/span>\n\t\t\t\n\t\t\t\t\t\t\t<span class=\"tribe-events-schedule__time tribe-events-schedule__time--end\">\n\t\t\t\t\t21:00\t\t\t\t<\/span>\n\t\t\t\n\t\t\t\t\t\t<\/p>\n<\/div>\n\n\n<div  class=\"tribe-block tribe-block__event-price\" >\n\t\t\t\t<span class=\"tribe-block__event-price__description\">ENTRADA LIBRE<\/span>\n\t<\/div>\n\n\n\n<div style=\"height:100px\" aria-hidden=\"true\" class=\"wp-block-spacer\"><\/div>\n\n\n\n<div class=\"wp-block-image\"><figure class=\"aligncenter size-large\"><img loading=\"lazy\" decoding=\"async\" width=\"682\" height=\"384\" src=\"https:\/\/cafelapalma.com\/wp-content\/uploads\/2021\/11\/Escenario-Principal-N100_low.png\" alt=\"\" class=\"wp-image-20815\" srcset=\"https:\/\/cafelapalma.com\/wp-content\/uploads\/2021\/11\/Escenario-Principal-N100_low.png 682w, https:\/\/cafelapalma.com\/wp-content\/uploads\/2021\/11\/Escenario-Principal-N100_low-300x169.png 300w, https:\/\/cafelapalma.com\/wp-content\/uploads\/2021\/11\/Escenario-Principal-N100_low-107x60.png 107w\" sizes=\"auto, (max-width: 682px) 100vw, 682px\" \/><\/figure><\/div>\n\n\n\n<div style=\"height:100px\" aria-hidden=\"true\" class=\"wp-block-spacer\"><\/div>\n\n\n\n<p class=\"has-text-align-left wp-block-paragraph\"><strong>Rufus T. Firefly<\/strong> acudir\u00e1n a <strong>CAFE LA PALMA<\/strong> (pendiente confirmar si ir\u00e1 s\u00f3lo <strong>Victor Cabezuelo<\/strong>, compositor principal, o con m\u00e1s integrantes) para participar en la grabaci\u00f3n del programa 100 de <strong>Escenario Principal<\/strong>.<\/p>\n\n\n\n<p class=\"has-text-align-left wp-block-paragraph\">El programa que dirige y presenta <strong>Criado El Enterado<\/strong> cumple 100 ediciones y lo hace con esta cita tan especial. Entrevista con uno de los grupos referencia de la m\u00fasica alternativa espa\u00f1ola, encuentro de <strong>Rufus <\/strong>con sus fans m\u00e1s fieles gracias a las invitaciones para quien comprara el disco en preventa y <em>showcase <\/em>final.<\/p>\n\n\n\n<div style=\"height:100px\" aria-hidden=\"true\" class=\"wp-block-spacer\"><\/div>\n\n\n\n<hr class=\"wp-block-separator is-style-wide\"\/>\n\n\n\n<div style=\"height:100px\" aria-hidden=\"true\" class=\"wp-block-spacer\"><\/div>\n\n\n<h2 class=\"tribe-block__related-events__title\">Related Events<\/h2>\n\n<ul  class=\"tribe-related-events tribe-clearfix\" >\n\t\t\t<li>\n\t\n<div class=\"tribe-related-events-thumbnail\">\n\t<a href=\"https:\/\/cafelapalma.com\/en\/programacion\/new-boix\/\" class=\"url\" rel=\"bookmark\" tabindex=\"-1\" aria-hidden=\"true\"><img loading=\"lazy\" decoding=\"async\" width=\"694\" height=\"1040\" src=\"https:\/\/cafelapalma.com\/wp-content\/uploads\/2026\/05\/WhatsApp-Image-2026-04-29-at-12.00.28-694x1040.jpeg\" class=\"attachment-large size-large wp-post-image\" alt=\"\" \/><\/a>\n<\/div>\n\t<div class=\"tribe-related-event-info\">\n\t<h3 class=\"tribe-related-events-title\">\n\t\t<a href=\"https:\/\/cafelapalma.com\/en\/programacion\/new-boix\/\" class=\"tribe-event-url\" rel=\"bookmark\">\n\t\t\tNEW BOIX\t\t<\/a>\n\t<\/h3>\n\t<span class=\"tribe-event-date-start\">10  September@22:00<\/span><span class=\"tribe-event-time\">23:45<\/span><\/div>\n<\/li>\n\t\t\t<li>\n\t\n<div class=\"tribe-related-events-thumbnail\">\n\t<a href=\"https:\/\/cafelapalma.com\/en\/programacion\/eric-rohmer-seasunday\/\" class=\"url\" rel=\"bookmark\" tabindex=\"-1\" aria-hidden=\"true\"><img loading=\"lazy\" decoding=\"async\" width=\"693\" height=\"1040\" src=\"https:\/\/cafelapalma.com\/wp-content\/uploads\/2026\/07\/ERIC-ROHMER-VERTICAL-1-693x1040.jpg\" class=\"attachment-large size-large wp-post-image\" alt=\"\" \/><\/a>\n<\/div>\n\t<div class=\"tribe-related-event-info\">\n\t<h3 class=\"tribe-related-events-title\">\n\t\t<a href=\"https:\/\/cafelapalma.com\/en\/programacion\/eric-rohmer-seasunday\/\" class=\"tribe-event-url\" rel=\"bookmark\">\n\t\t\tERIC ROHMER + SEASUNDAY\t\t<\/a>\n\t<\/h3>\n\t<span class=\"tribe-event-date-start\">11  September@21:00<\/span><span class=\"tribe-event-time\">23:45<\/span><\/div>\n<\/li>\n\t\t\t<li>\n\t\n<div class=\"tribe-related-events-thumbnail\">\n\t<a href=\"https:\/\/cafelapalma.com\/en\/programacion\/nahoomie-val-ium\/\" class=\"url\" rel=\"bookmark\" tabindex=\"-1\" aria-hidden=\"true\"><img loading=\"lazy\" decoding=\"async\" width=\"743\" height=\"1040\" src=\"https:\/\/cafelapalma.com\/wp-content\/uploads\/2026\/07\/NAHOOMIE-CAFE-LA-PALMA-A3-sangre_216-2-1-1-743x1040.jpg\" class=\"attachment-large size-large wp-post-image\" alt=\"\" \/><\/a>\n<\/div>\n\t<div class=\"tribe-related-event-info\">\n\t<h3 class=\"tribe-related-events-title\">\n\t\t<a href=\"https:\/\/cafelapalma.com\/en\/programacion\/nahoomie-val-ium\/\" class=\"tribe-event-url\" rel=\"bookmark\">\n\t\t\tNAHOOMIE + VAL.IUM\t\t<\/a>\n\t<\/h3>\n\t<span class=\"tribe-event-date-start\">19  September@23:55<\/span><\/div>\n<\/li>\n\t<\/ul>","protected":false},"excerpt":{"rendered":"<p>Rufus T. Firefly acudir\u00e1n a CAFE LA PALMA (pendiente confirmar si ir\u00e1 s\u00f3lo Victor Cabezuelo, compositor principal, o con m\u00e1s integrantes) para participar en la grabaci\u00f3n del programa 100 de Escenario Principal. El programa que dirige y presenta Criado El Enterado cumple 100 ediciones y lo hace con esta cita tan especial. Entrevista con uno &hellip; <\/p>","protected":false},"author":2,"featured_media":20816,"template":"","meta":{"_tec_requires_first_save":false,"_uag_custom_page_level_css":"","loftloader_page_shortcode":"","_EventAllDay":false,"_EventTimezone":"Europe\/Madrid","_EventStartDate":"2022-01-26 19:30:00","_EventEndDate":"2022-01-26 21:00:00","_EventStartDateUTC":"2022-01-26 18:30:00","_EventEndDateUTC":"2022-01-26 20:00:00","_EventShowMap":false,"_EventShowMapLink":false,"_EventURL":"","_EventCost":"","_EventCostDescription":"","_EventCurrencySymbol":"\u20ac","_EventCurrencyCode":"","_EventCurrencyPosition":"suffix","_EventDateTimeSeparator":"@","_EventTimeRangeSeparator":"-","_EventOrganizerID":[],"_EventVenueID":[0],"_OrganizerEmail":"","_OrganizerPhone":"","_OrganizerWebsite":"","_VenueAddress":"","_VenueCity":"","_VenueCountry":"","_VenueProvince":"","_VenueState":"","_VenueZip":"","_VenuePhone":"","_VenueURL":"","_VenueStateProvince":"","_VenueLat":"","_VenueLng":"","_VenueShowMap":false,"_VenueShowMapLink":false,"_tribe_blocks_recurrence_rules":"","_tribe_blocks_recurrence_description":"","_tribe_blocks_recurrence_exclusions":"","_ecp_custom_2":"","_tribe_events_status":"","_tribe_events_status_reason":"","_tribe_events_is_hybrid":"","_tribe_events_is_virtual":"","_tribe_events_virtual_video_source":"","_tribe_events_virtual_embed_video":"","_tribe_events_virtual_linked_button_text":"","_tribe_events_virtual_linked_button":"","_tribe_events_virtual_show_embed_at":"","_tribe_events_virtual_show_embed_to":[],"_tribe_events_virtual_show_on_event":"","_tribe_events_virtual_show_on_views":"","_tribe_events_virtual_url":"","footnotes":""},"tags":[9638,8869,10341,10342,10346,10349,1371,524,10340,10343,10344,10345,10347,10348],"tribe_events_cat":[9510],"class_list":["post-20814","tribe_events","type-tribe_events","status-publish","has-post-thumbnail","hentry","tag-actividades-cafe-la-palma","tag-cafe-la-palma-2","tag-criado-el-enterado","tag-escenario-principal","tag-espectaculo-en-vivo","tag-julia-martin-maestro","tag-madrid","tag-malasana","tag-nacho-criado","tag-podcast","tag-podcast-en-directo","tag-podcast-en-vivo","tag-rufus-t-firefly","tag-victor-cabezuelo","tribe_events_cat-actividades","cat_actividades"],"uagb_featured_image_src":{"full":["https:\/\/cafelapalma.com\/wp-content\/uploads\/2021\/11\/vicjuls_low.png",483,542,false],"thumbnail":["https:\/\/cafelapalma.com\/wp-content\/uploads\/2021\/11\/vicjuls_low-150x150.png",150,150,true],"medium":["https:\/\/cafelapalma.com\/wp-content\/uploads\/2021\/11\/vicjuls_low-267x300.png",267,300,true],"medium_large":["https:\/\/cafelapalma.com\/wp-content\/uploads\/2021\/11\/vicjuls_low.png",483,542,false],"large":["https:\/\/cafelapalma.com\/wp-content\/uploads\/2021\/11\/vicjuls_low.png",483,542,false],"1536x1536":["https:\/\/cafelapalma.com\/wp-content\/uploads\/2021\/11\/vicjuls_low.png",483,542,false],"2048x2048":["https:\/\/cafelapalma.com\/wp-content\/uploads\/2021\/11\/vicjuls_low.png",483,542,false],"trp-custom-language-flag":["https:\/\/cafelapalma.com\/wp-content\/uploads\/2021\/11\/vicjuls_low.png",11,12,false],"blossom-feminine-slider":["https:\/\/cafelapalma.com\/wp-content\/uploads\/2021\/11\/vicjuls_low.png",483,542,false],"blossom-feminine-featured":["https:\/\/cafelapalma.com\/wp-content\/uploads\/2021\/11\/vicjuls_low.png",483,542,false],"blossom-feminine-with-sidebar":["https:\/\/cafelapalma.com\/wp-content\/uploads\/2021\/11\/vicjuls_low.png",483,542,false],"blossom-feminine-blog":["https:\/\/cafelapalma.com\/wp-content\/uploads\/2021\/11\/vicjuls_low-435x435.png",435,435,true],"blossom-feminine-cat":["https:\/\/cafelapalma.com\/wp-content\/uploads\/2021\/11\/vicjuls_low-450x300.png",450,300,true],"blossom-feminine-related":["https:\/\/cafelapalma.com\/wp-content\/uploads\/2021\/11\/vicjuls_low-320x200.png",320,200,true],"blossom-feminine-schema":["https:\/\/cafelapalma.com\/wp-content\/uploads\/2021\/11\/vicjuls_low-53x60.png",53,60,true]},"uagb_author_info":{"display_name":"Victor","author_link":"https:\/\/cafelapalma.com\/en\/author\/comunicacion\/"},"uagb_comment_info":0,"uagb_excerpt":"Rufus T. Firefly acudir\u00e1n a CAFE LA PALMA (pendiente confirmar si ir\u00e1 s\u00f3lo Victor Cabezuelo, compositor principal, o con m\u00e1s integrantes) para participar en la grabaci\u00f3n del programa 100 de Escenario Principal. El programa que dirige y presenta Criado El Enterado cumple 100 ediciones y lo hace con esta cita tan especial. Entrevista con uno&hellip;","_links":{"self":[{"href":"https:\/\/cafelapalma.com\/en\/wp-json\/wp\/v2\/tribe_events\/20814","targetHints":{"allow":["GET"]}}],"collection":[{"href":"https:\/\/cafelapalma.com\/en\/wp-json\/wp\/v2\/tribe_events"}],"about":[{"href":"https:\/\/cafelapalma.com\/en\/wp-json\/wp\/v2\/types\/tribe_events"}],"author":[{"embeddable":true,"href":"https:\/\/cafelapalma.com\/en\/wp-json\/wp\/v2\/users\/2"}],"version-history":[{"count":0,"href":"https:\/\/cafelapalma.com\/en\/wp-json\/wp\/v2\/tribe_events\/20814\/revisions"}],"wp:featuredmedia":[{"embeddable":true,"href":"https:\/\/cafelapalma.com\/en\/wp-json\/wp\/v2\/media\/20816"}],"wp:attachment":[{"href":"https:\/\/cafelapalma.com\/en\/wp-json\/wp\/v2\/media?parent=20814"}],"wp:term":[{"taxonomy":"post_tag","embeddable":true,"href":"https:\/\/cafelapalma.com\/en\/wp-json\/wp\/v2\/tags?post=20814"},{"taxonomy":"tribe_events_cat","embeddable":true,"href":"https:\/\/cafelapalma.com\/en\/wp-json\/wp\/v2\/tribe_events_cat?post=20814"}],"curies":[{"name":"wp","href":"https:\/\/api.w.org\/{rel}","templated":true}]}}