{"id":20819,"date":"2021-11-22T13:03:58","date_gmt":"2021-11-22T12:03:58","guid":{"rendered":"https:\/\/cafelapalma.com\/programacion\/malatesta-sound-copy\/"},"modified":"2021-11-22T13:16:36","modified_gmt":"2021-11-22T12:16:36","slug":"malatesta-sound-2","status":"publish","type":"tribe_events","link":"https:\/\/cafelapalma.com\/en\/programacion\/malatesta-sound-2\/","title":{"rendered":"MALATESTA SOUND"},"content":{"rendered":"<div  class=\"tribe-events-schedule tribe-clearfix\" >\n\t<p class=\"tribe-events-schedule__datetime\">\n\t\t<span class=\"tribe-events-schedule__date tribe-events-schedule__date--start\">\n\t\t\t02  December  2021\t\t<\/span>\n\n\t\t\t\t\t<span class=\"tribe-events-schedule__separator tribe-events-schedule__separator--date\">\n\t\t\t\t@\t\t\t<\/span>\n\t\t\t<span class=\"tribe-events-schedule__time tribe-events-schedule__time--start\">\n\t\t\t\t23:50\t\t\t<\/span>\n\t\t\n\t\t\t\t\t\t\t\t\t<span class=\"tribe-events-schedule__separator tribe-events-schedule__separator--time\">\n\t\t\t\t\t&#8211;\t\t\t\t<\/span>\n\t\t\t\n\t\t\t\t\t\t\t<span class=\"tribe-events-schedule__time tribe-events-schedule__time--end\">\n\t\t\t\t\t23:55\t\t\t\t<\/span>\n\t\t\t\n\t\t\t\t\t\t<\/p>\n<\/div>\n\n\n<div  class=\"tribe-block tribe-block__event-price\" >\n\t\t\t\t<span class=\"tribe-block__event-price__description\">ENTRADA LIBRE<\/span>\n\t<\/div>\n\n\n\n<div style=\"height:100px\" aria-hidden=\"true\" class=\"wp-block-spacer\"><\/div>\n\n\n\n<div class=\"wp-block-columns is-layout-flex wp-container-core-columns-is-layout-8f761849 wp-block-columns-is-layout-flex\">\n<div class=\"wp-block-column is-layout-flow wp-block-column-is-layout-flow\" style=\"flex-basis:33.33%\">\n<figure class=\"wp-block-image size-large\"><img loading=\"lazy\" decoding=\"async\" width=\"430\" height=\"608\" src=\"https:\/\/cafelapalma.com\/wp-content\/uploads\/2021\/11\/MALATESTA-DEC-LOW.jpg\" alt=\"\" class=\"wp-image-20821\" srcset=\"https:\/\/cafelapalma.com\/wp-content\/uploads\/2021\/11\/MALATESTA-DEC-LOW.jpg 430w, https:\/\/cafelapalma.com\/wp-content\/uploads\/2021\/11\/MALATESTA-DEC-LOW-212x300.jpg 212w, https:\/\/cafelapalma.com\/wp-content\/uploads\/2021\/11\/MALATESTA-DEC-LOW-42x60.jpg 42w\" sizes=\"auto, (max-width: 430px) 100vw, 430px\" \/><\/figure>\n<\/div>\n\n\n\n<div class=\"wp-block-column is-layout-flow wp-block-column-is-layout-flow\" style=\"flex-basis:66.66%\">\n<div style=\"height:100px\" aria-hidden=\"true\" class=\"wp-block-spacer\"><\/div>\n\n\n\n<p class=\"has-text-align-left wp-block-paragraph\"><strong>Malatesta Sound<\/strong> vuelve a <strong>CAFE LA PALMA<\/strong> club con ganas de hacernos bailar, proponi\u00e9ndonos un viaje sonoro muy especial a trav\u00e9s de la m\u00fasica electr\u00f3nica m\u00e1s <em>underground <\/em>del momento orientada al los estilos <em>deep-house<\/em>, <em>dub-house<\/em> y<em> tech-house<\/em> de la mano de los artistas <strong>Javier Klash<\/strong>, <strong>Lebo<\/strong> y <strong>Luxi Villar<\/strong>.<\/p>\n\n\n\n<p class=\"has-text-align-left wp-block-paragraph\"><strong>Malatesta Sound<\/strong> colectivo madrile\u00f1o de reciente creaci\u00f3n que est\u00e1 dando que hablar por su estilo reconocible y sus potentes sets. Los sonidos <em>underground <\/em>del presente y del futuro se unen con este nuevo colectivo, en el que nos ofrecen su visi\u00f3n particular de la m\u00fasica electr\u00f3nica mezclada con toques de minimal y disco para transportarnos por un viaje sonoro a trav\u00e9s de la m\u00fasica de baile. En esta ocasi\u00f3n regresa a <strong>CAFE LA PALMA<\/strong> en la que promete ser una noche de jueves cargada de bailes y buen rollo a ritmo del house m\u00e1s puntero.<\/p>\n<\/div>\n<\/div>\n\n\n\n<div style=\"height:100px\" aria-hidden=\"true\" class=\"wp-block-spacer\"><\/div>\n\n\n\n<hr class=\"wp-block-separator is-style-wide\"\/>\n\n\n\n<div style=\"height:100px\" aria-hidden=\"true\" class=\"wp-block-spacer\"><\/div>\n\n\n<h2 class=\"tribe-block__related-events__title\">Related Events<\/h2>\n\n<ul  class=\"tribe-related-events tribe-clearfix\" >\n\t\t\t<li>\n\t\n<div class=\"tribe-related-events-thumbnail\">\n\t<a href=\"https:\/\/cafelapalma.com\/en\/programacion\/funkin-donuts\/\" class=\"url\" rel=\"bookmark\" tabindex=\"-1\" aria-hidden=\"true\"><img loading=\"lazy\" decoding=\"async\" width=\"693\" height=\"1040\" src=\"https:\/\/cafelapalma.com\/wp-content\/uploads\/2026\/07\/FD-vert2-bn-693x1040.jpg\" class=\"attachment-large size-large wp-post-image\" alt=\"\" \/><\/a>\n<\/div>\n\t<div class=\"tribe-related-event-info\">\n\t<h3 class=\"tribe-related-events-title\">\n\t\t<a href=\"https:\/\/cafelapalma.com\/en\/programacion\/funkin-donuts\/\" class=\"tribe-event-url\" rel=\"bookmark\">\n\t\t\tFUNKIN&#8217; DONUTS\t\t<\/a>\n\t<\/h3>\n\t<span class=\"tribe-event-date-start\">5  September@22:00<\/span><span class=\"tribe-event-time\">23:45<\/span><\/div>\n<\/li>\n\t\t\t<li>\n\t\n<div class=\"tribe-related-events-thumbnail\">\n\t<a href=\"https:\/\/cafelapalma.com\/en\/programacion\/backstage-le-petit-truffle-mayo\/\" class=\"url\" rel=\"bookmark\" tabindex=\"-1\" aria-hidden=\"true\"><img loading=\"lazy\" decoding=\"async\" width=\"780\" height=\"1040\" src=\"https:\/\/cafelapalma.com\/wp-content\/uploads\/2026\/07\/Imagen-TruffleMayo-LePetit-i-1-780x1040.png\" class=\"attachment-large size-large wp-post-image\" alt=\"\" \/><\/a>\n<\/div>\n\t<div class=\"tribe-related-event-info\">\n\t<h3 class=\"tribe-related-events-title\">\n\t\t<a href=\"https:\/\/cafelapalma.com\/en\/programacion\/backstage-le-petit-truffle-mayo\/\" class=\"tribe-event-url\" rel=\"bookmark\">\n\t\t\tBACKSTAGE: LE PETIT + TRUFFLE MAYO\t\t<\/a>\n\t<\/h3>\n\t<span class=\"tribe-event-date-start\">5  September@23:55<\/span><\/div>\n<\/li>\n\t\t\t<li>\n\t\n<div class=\"tribe-related-events-thumbnail\">\n\t<a href=\"https:\/\/cafelapalma.com\/en\/programacion\/willie-deville-concierto-benefico-x-venezuela\/\" class=\"url\" rel=\"bookmark\" tabindex=\"-1\" aria-hidden=\"true\"><img loading=\"lazy\" decoding=\"async\" width=\"1020\" height=\"531\" src=\"https:\/\/cafelapalma.com\/wp-content\/uploads\/2026\/08\/Willie-deville-1100x572-1-1040x541.jpg\" class=\"attachment-large size-large wp-post-image\" alt=\"\" \/><\/a>\n<\/div>\n\t<div class=\"tribe-related-event-info\">\n\t<h3 class=\"tribe-related-events-title\">\n\t\t<a href=\"https:\/\/cafelapalma.com\/en\/programacion\/willie-deville-concierto-benefico-x-venezuela\/\" class=\"tribe-event-url\" rel=\"bookmark\">\n\t\t\tWILLIE DEVILLE: CONCIERTO BEN\u00c9FICO X VENEZUELA\t\t<\/a>\n\t<\/h3>\n\t<span class=\"tribe-event-date-start\">6  September@21:00<\/span><span class=\"tribe-event-time\">23:45<\/span><\/div>\n<\/li>\n\t<\/ul>","protected":false},"excerpt":{"rendered":"<p>Malatesta Sound vuelve a CAFE LA PALMA club con ganas de hacernos bailar, proponi\u00e9ndonos un viaje sonoro muy especial a trav\u00e9s de la m\u00fasica electr\u00f3nica m\u00e1s underground del momento orientada al los estilos deep-house, dub-house y tech-house de la mano de los artistas Javier Klash, Lebo y Luxi Villar. Malatesta Sound colectivo madrile\u00f1o de reciente &hellip; <\/p>","protected":false},"author":2,"featured_media":20822,"template":"","meta":{"_tec_requires_first_save":false,"_uag_custom_page_level_css":"","loftloader_page_shortcode":"","_EventAllDay":false,"_EventTimezone":"Europe\/Madrid","_EventStartDate":"2021-12-02 23:50:00","_EventEndDate":"2021-12-02 23:55:00","_EventStartDateUTC":"2021-12-02 22:50:00","_EventEndDateUTC":"2021-12-02 22:55:00","_EventShowMap":false,"_EventShowMapLink":false,"_EventURL":"https:\/\/link.dice.fm\/x7byj69gTgb","_EventCost":"","_EventCostDescription":"","_EventCurrencySymbol":"\u20ac","_EventCurrencyCode":"","_EventCurrencyPosition":"suffix","_EventDateTimeSeparator":"@","_EventTimeRangeSeparator":"-","_EventOrganizerID":[],"_EventVenueID":[0],"_OrganizerEmail":"","_OrganizerPhone":"","_OrganizerWebsite":"","_VenueAddress":"","_VenueCity":"","_VenueCountry":"","_VenueProvince":"","_VenueState":"","_VenueZip":"","_VenuePhone":"","_VenueURL":"","_VenueStateProvince":"","_VenueLat":"","_VenueLng":"","_VenueShowMap":false,"_VenueShowMapLink":false,"_tribe_blocks_recurrence_rules":"","_tribe_blocks_recurrence_description":"","_tribe_blocks_recurrence_exclusions":"","_ecp_custom_2":"","_tribe_events_status":"","_tribe_events_status_reason":"","_tribe_events_is_hybrid":"","_tribe_events_is_virtual":"","_tribe_events_virtual_video_source":"","_tribe_events_virtual_embed_video":"","_tribe_events_virtual_linked_button_text":"","_tribe_events_virtual_linked_button":"","_tribe_events_virtual_show_embed_at":"","_tribe_events_virtual_show_embed_to":[],"_tribe_events_virtual_show_on_event":"","_tribe_events_virtual_show_on_views":"","_tribe_events_virtual_url":"","footnotes":""},"tags":[9229,1363,9225,9557,9226,9227,9558,9309,9556,9555,9554,9553,9559],"tribe_events_cat":[8964],"class_list":["post-20819","tribe_events","type-tribe_events","status-publish","has-post-thumbnail","hentry","tag-beats","tag-cafe-la-palma","tag-cafe-la-palma-clubbing","tag-deep-house","tag-djs-madrid","tag-djs-malasana","tag-dub-house","tag-house","tag-javier-klash","tag-lebo","tag-luxi-villar","tag-malatesta-sound","tag-minimal","tribe_events_cat-clubbing","cat_clubbing"],"uagb_featured_image_src":{"full":["https:\/\/cafelapalma.com\/wp-content\/uploads\/2021\/11\/191251978_747888559226681_9174540877809763408_n.jpg",640,632,false],"thumbnail":["https:\/\/cafelapalma.com\/wp-content\/uploads\/2021\/11\/191251978_747888559226681_9174540877809763408_n-150x150.jpg",150,150,true],"medium":["https:\/\/cafelapalma.com\/wp-content\/uploads\/2021\/11\/191251978_747888559226681_9174540877809763408_n-300x296.jpg",300,296,true],"medium_large":["https:\/\/cafelapalma.com\/wp-content\/uploads\/2021\/11\/191251978_747888559226681_9174540877809763408_n.jpg",640,632,false],"large":["https:\/\/cafelapalma.com\/wp-content\/uploads\/2021\/11\/191251978_747888559226681_9174540877809763408_n.jpg",640,632,false],"1536x1536":["https:\/\/cafelapalma.com\/wp-content\/uploads\/2021\/11\/191251978_747888559226681_9174540877809763408_n.jpg",640,632,false],"2048x2048":["https:\/\/cafelapalma.com\/wp-content\/uploads\/2021\/11\/191251978_747888559226681_9174540877809763408_n.jpg",640,632,false],"trp-custom-language-flag":["https:\/\/cafelapalma.com\/wp-content\/uploads\/2021\/11\/191251978_747888559226681_9174540877809763408_n.jpg",12,12,false],"blossom-feminine-slider":["https:\/\/cafelapalma.com\/wp-content\/uploads\/2021\/11\/191251978_747888559226681_9174540877809763408_n.jpg",640,632,false],"blossom-feminine-featured":["https:\/\/cafelapalma.com\/wp-content\/uploads\/2021\/11\/191251978_747888559226681_9174540877809763408_n-640x600.jpg",640,600,true],"blossom-feminine-with-sidebar":["https:\/\/cafelapalma.com\/wp-content\/uploads\/2021\/11\/191251978_747888559226681_9174540877809763408_n-640x600.jpg",640,600,true],"blossom-feminine-blog":["https:\/\/cafelapalma.com\/wp-content\/uploads\/2021\/11\/191251978_747888559226681_9174540877809763408_n-435x435.jpg",435,435,true],"blossom-feminine-cat":["https:\/\/cafelapalma.com\/wp-content\/uploads\/2021\/11\/191251978_747888559226681_9174540877809763408_n-450x300.jpg",450,300,true],"blossom-feminine-related":["https:\/\/cafelapalma.com\/wp-content\/uploads\/2021\/11\/191251978_747888559226681_9174540877809763408_n-320x200.jpg",320,200,true],"blossom-feminine-schema":["https:\/\/cafelapalma.com\/wp-content\/uploads\/2021\/11\/191251978_747888559226681_9174540877809763408_n-61x60.jpg",61,60,true]},"uagb_author_info":{"display_name":"Victor","author_link":"https:\/\/cafelapalma.com\/en\/author\/comunicacion\/"},"uagb_comment_info":0,"uagb_excerpt":"Malatesta Sound vuelve a CAFE LA PALMA club con ganas de hacernos bailar, proponi\u00e9ndonos un viaje sonoro muy especial a trav\u00e9s de la m\u00fasica electr\u00f3nica m\u00e1s underground del momento orientada al los estilos deep-house, dub-house y tech-house de la mano de los artistas Javier Klash, Lebo y Luxi Villar. Malatesta Sound colectivo madrile\u00f1o de reciente&hellip;","_links":{"self":[{"href":"https:\/\/cafelapalma.com\/en\/wp-json\/wp\/v2\/tribe_events\/20819","targetHints":{"allow":["GET"]}}],"collection":[{"href":"https:\/\/cafelapalma.com\/en\/wp-json\/wp\/v2\/tribe_events"}],"about":[{"href":"https:\/\/cafelapalma.com\/en\/wp-json\/wp\/v2\/types\/tribe_events"}],"author":[{"embeddable":true,"href":"https:\/\/cafelapalma.com\/en\/wp-json\/wp\/v2\/users\/2"}],"version-history":[{"count":0,"href":"https:\/\/cafelapalma.com\/en\/wp-json\/wp\/v2\/tribe_events\/20819\/revisions"}],"wp:featuredmedia":[{"embeddable":true,"href":"https:\/\/cafelapalma.com\/en\/wp-json\/wp\/v2\/media\/20822"}],"wp:attachment":[{"href":"https:\/\/cafelapalma.com\/en\/wp-json\/wp\/v2\/media?parent=20819"}],"wp:term":[{"taxonomy":"post_tag","embeddable":true,"href":"https:\/\/cafelapalma.com\/en\/wp-json\/wp\/v2\/tags?post=20819"},{"taxonomy":"tribe_events_cat","embeddable":true,"href":"https:\/\/cafelapalma.com\/en\/wp-json\/wp\/v2\/tribe_events_cat?post=20819"}],"curies":[{"name":"wp","href":"https:\/\/api.w.org\/{rel}","templated":true}]}}