{"id":21067,"date":"2021-12-29T11:11:55","date_gmt":"2021-12-29T10:11:55","guid":{"rendered":"https:\/\/cafelapalma.com\/?post_type=tribe_events&#038;p=21067"},"modified":"2021-12-29T11:14:36","modified_gmt":"2021-12-29T10:14:36","slug":"saez-93-franco-carter-diplomacia","status":"publish","type":"tribe_events","link":"https:\/\/cafelapalma.com\/en\/programacion\/saez-93-franco-carter-diplomacia\/","title":{"rendered":"S\u00c1EZ &#8217;93 &#038; FRANCO CARTER"},"content":{"rendered":"<div  class=\"tribe-events-schedule tribe-clearfix\" >\n\t<p class=\"tribe-events-schedule__datetime\">\n\t\t<span class=\"tribe-events-schedule__date tribe-events-schedule__date--start\">\n\t\t\t03  February  2022\t\t<\/span>\n\n\t\t\t\t\t<span class=\"tribe-events-schedule__separator tribe-events-schedule__separator--date\">\n\t\t\t\t@\t\t\t<\/span>\n\t\t\t<span class=\"tribe-events-schedule__time tribe-events-schedule__time--start\">\n\t\t\t\t21:30\t\t\t<\/span>\n\t\t\n\t\t\t\t\t\t\t\t\t<span class=\"tribe-events-schedule__separator tribe-events-schedule__separator--time\">\n\t\t\t\t\t&#8211;\t\t\t\t<\/span>\n\t\t\t\n\t\t\t\t\t\t\t<span class=\"tribe-events-schedule__time tribe-events-schedule__time--end\">\n\t\t\t\t\t23:45\t\t\t\t<\/span>\n\t\t\t\n\t\t\t\t\t\t<\/p>\n<\/div>\n\n\n<div  class=\"tribe-block tribe-block__event-price\" >\n\t\t\t<span class=\"tribe-block__event-price__cost\"> 10\u20ac <\/span>\n\t\t\t\t<span class=\"tribe-block__event-price__description\">+ gg Anticipada | 15\u20ac Taquilla [ Incluye DOBLE DE CERVEZA o REFRESCO ]<\/span>\n\t<\/div>\n\n\n\n<div style=\"height:100px\" aria-hidden=\"true\" class=\"wp-block-spacer\"><\/div>\n\n\n\n<div class=\"wp-block-columns is-layout-flex wp-container-core-columns-is-layout-8f761849 wp-block-columns-is-layout-flex\">\n<div class=\"wp-block-column is-layout-flow wp-block-column-is-layout-flow\" style=\"flex-basis:33.33%\">\n<figure class=\"wp-block-image size-large\"><img loading=\"lazy\" decoding=\"async\" width=\"430\" height=\"608\" src=\"https:\/\/cafelapalma.com\/wp-content\/uploads\/2021\/12\/DIPLOMACIA-A3-LOW.jpg\" alt=\"\" class=\"wp-image-21068\" srcset=\"https:\/\/cafelapalma.com\/wp-content\/uploads\/2021\/12\/DIPLOMACIA-A3-LOW.jpg 430w, https:\/\/cafelapalma.com\/wp-content\/uploads\/2021\/12\/DIPLOMACIA-A3-LOW-212x300.jpg 212w, https:\/\/cafelapalma.com\/wp-content\/uploads\/2021\/12\/DIPLOMACIA-A3-LOW-42x60.jpg 42w\" sizes=\"auto, (max-width: 430px) 100vw, 430px\" \/><\/figure>\n\n\n<div  class=\"tribe-block tribe-block__event-website\" >\n\t<a\n\t\thref=\"https:\/\/link.dice.fm\/k9f16bef8f6e\"\n\t\ttarget=\"_self\"\n\t\t\t>\n\t\tCOMPRAR ENTRADAS\t<\/a>\n<\/div>\n<\/div>\n\n\n\n<div class=\"wp-block-column is-layout-flow wp-block-column-is-layout-flow\" style=\"flex-basis:66.66%\">\n<div style=\"height:100px\" aria-hidden=\"true\" class=\"wp-block-spacer\"><\/div>\n\n\n\n<p class=\"has-text-align-left wp-block-paragraph\">La dupla interoce\u00e1nica formada por el montevideano <strong>S\u00e1ez <\/strong>y el madrile\u00f1o <strong>Franco Carter<\/strong> presentar\u00e1 por primera vez su \u00faltimo trabajo en la capital espa\u00f1ola.<\/p>\n\n\n\n<p class=\"has-text-align-left wp-block-paragraph\">Despu\u00e9s de una primera toma de contacto en <strong><em>\u00abCarter meets S\u00e1ez\u00bb<\/em><\/strong>, trabajo que presentaron en directo tanto en <strong>Uruguay <\/strong>como en <strong>Argentina <\/strong>durante 2019, se lanzaron a la realizaci\u00f3n de un trabajo en un formato m\u00e1s largo en el que ambos son encargados de todos los aspectos creativos y t\u00e9cnicos, dando lugar a un trabajo compacto y coherente durante ocho elegantes tracks plagados de referencias.<\/p>\n\n\n\n<p class=\"has-text-align-left wp-block-paragraph\">El 3 de octubre tendremos la oportunidad de comprobar todo esto en directo en una de las pocas noches donde estos artistas, separados por m\u00e1s de 10.000 km, podr\u00e1n juntarse para disfrutar junto a <strong>Madrid <\/strong>de <strong><em>\u00abDiplomacia\u00bb<\/em><\/strong>.<\/p>\n<\/div>\n<\/div>\n\n\n\n<div style=\"height:100px\" aria-hidden=\"true\" class=\"wp-block-spacer\"><\/div>\n\n\n\n<hr class=\"wp-block-separator is-style-wide\"\/>\n\n\n\n<div style=\"height:100px\" aria-hidden=\"true\" class=\"wp-block-spacer\"><\/div>\n\n\n<h2 class=\"tribe-block__related-events__title\">Related Events<\/h2>\n\n<ul  class=\"tribe-related-events tribe-clearfix\" >\n\t\t\t<li>\n\t\n<div class=\"tribe-related-events-thumbnail\">\n\t<a href=\"https:\/\/cafelapalma.com\/en\/programacion\/funkin-donuts\/\" class=\"url\" rel=\"bookmark\" tabindex=\"-1\" aria-hidden=\"true\"><img loading=\"lazy\" decoding=\"async\" width=\"693\" height=\"1040\" src=\"https:\/\/cafelapalma.com\/wp-content\/uploads\/2026\/07\/FD-vert2-bn-693x1040.jpg\" class=\"attachment-large size-large wp-post-image\" alt=\"\" \/><\/a>\n<\/div>\n\t<div class=\"tribe-related-event-info\">\n\t<h3 class=\"tribe-related-events-title\">\n\t\t<a href=\"https:\/\/cafelapalma.com\/en\/programacion\/funkin-donuts\/\" class=\"tribe-event-url\" rel=\"bookmark\">\n\t\t\tFUNKIN&#8217; DONUTS\t\t<\/a>\n\t<\/h3>\n\t<span class=\"tribe-event-date-start\">5  September@22:00<\/span><span class=\"tribe-event-time\">23:45<\/span><\/div>\n<\/li>\n\t\t\t<li>\n\t\n<div class=\"tribe-related-events-thumbnail\">\n\t<a href=\"https:\/\/cafelapalma.com\/en\/programacion\/willie-deville-concierto-benefico-x-venezuela\/\" class=\"url\" rel=\"bookmark\" tabindex=\"-1\" aria-hidden=\"true\"><img loading=\"lazy\" decoding=\"async\" width=\"1020\" height=\"531\" src=\"https:\/\/cafelapalma.com\/wp-content\/uploads\/2026\/08\/Willie-deville-1100x572-1-1040x541.jpg\" class=\"attachment-large size-large wp-post-image\" alt=\"\" \/><\/a>\n<\/div>\n\t<div class=\"tribe-related-event-info\">\n\t<h3 class=\"tribe-related-events-title\">\n\t\t<a href=\"https:\/\/cafelapalma.com\/en\/programacion\/willie-deville-concierto-benefico-x-venezuela\/\" class=\"tribe-event-url\" rel=\"bookmark\">\n\t\t\tWILLIE DEVILLE: CONCIERTO BEN\u00c9FICO X VENEZUELA\t\t<\/a>\n\t<\/h3>\n\t<span class=\"tribe-event-date-start\">6  September@21:00<\/span><span class=\"tribe-event-time\">23:45<\/span><\/div>\n<\/li>\n\t\t\t<li>\n\t\n<div class=\"tribe-related-events-thumbnail\">\n\t<a href=\"https:\/\/cafelapalma.com\/en\/programacion\/new-boix\/\" class=\"url\" rel=\"bookmark\" tabindex=\"-1\" aria-hidden=\"true\"><img loading=\"lazy\" decoding=\"async\" width=\"694\" height=\"1040\" src=\"https:\/\/cafelapalma.com\/wp-content\/uploads\/2026\/05\/WhatsApp-Image-2026-04-29-at-12.00.28-694x1040.jpeg\" class=\"attachment-large size-large wp-post-image\" alt=\"\" \/><\/a>\n<\/div>\n\t<div class=\"tribe-related-event-info\">\n\t<h3 class=\"tribe-related-events-title\">\n\t\t<a href=\"https:\/\/cafelapalma.com\/en\/programacion\/new-boix\/\" class=\"tribe-event-url\" rel=\"bookmark\">\n\t\t\tNEW BOIX\t\t<\/a>\n\t<\/h3>\n\t<span class=\"tribe-event-date-start\">10  September@22:00<\/span><span class=\"tribe-event-time\">23:45<\/span><\/div>\n<\/li>\n\t<\/ul>\n","protected":false},"excerpt":{"rendered":"<p>La dupla interoce\u00e1nica formada por el montevideano S\u00e1ez y el madrile\u00f1o Franco Carter presentar\u00e1 por primera vez su \u00faltimo trabajo en la capital espa\u00f1ola. Despu\u00e9s de una primera toma de contacto en \u00abCarter meets S\u00e1ez\u00bb, trabajo que presentaron en directo tanto en Uruguay como en Argentina durante 2019, se lanzaron a la realizaci\u00f3n de un &hellip; <\/p>","protected":false},"author":2,"featured_media":21069,"template":"","meta":{"_tec_requires_first_save":false,"_uag_custom_page_level_css":"","loftloader_page_shortcode":"","_EventAllDay":false,"_EventTimezone":"Europe\/Madrid","_EventStartDate":"2022-02-03 21:30:00","_EventEndDate":"2022-02-03 23:45:00","_EventStartDateUTC":"2022-02-03 20:30:00","_EventEndDateUTC":"2022-02-03 22:45:00","_EventShowMap":false,"_EventShowMapLink":false,"_EventURL":"https:\/\/link.dice.fm\/k9f16bef8f6e","_EventCost":"10","_EventCostDescription":"","_EventCurrencySymbol":"\u20ac","_EventCurrencyCode":"","_EventCurrencyPosition":"suffix","_EventDateTimeSeparator":"@","_EventTimeRangeSeparator":"-","_EventOrganizerID":[],"_EventVenueID":[0],"_OrganizerEmail":"","_OrganizerPhone":"","_OrganizerWebsite":"","_VenueAddress":"","_VenueCity":"","_VenueCountry":"","_VenueProvince":"","_VenueState":"","_VenueZip":"","_VenuePhone":"","_VenueURL":"","_VenueStateProvince":"","_VenueLat":"","_VenueLng":"","_VenueShowMap":false,"_VenueShowMapLink":false,"_tribe_blocks_recurrence_rules":"","_tribe_blocks_recurrence_description":"","_tribe_blocks_recurrence_exclusions":"","_ecp_custom_2":"","_tribe_events_status":"","_tribe_events_status_reason":"","_tribe_events_is_hybrid":"","_tribe_events_is_virtual":"","_tribe_events_virtual_video_source":"","_tribe_events_virtual_embed_video":"","_tribe_events_virtual_linked_button_text":"","_tribe_events_virtual_linked_button":"","_tribe_events_virtual_show_embed_at":"","_tribe_events_virtual_show_embed_to":[],"_tribe_events_virtual_show_on_event":"","_tribe_events_virtual_show_on_views":"","_tribe_events_virtual_url":"","footnotes":""},"tags":[9526,8869,10616,2865,9147,9146,10617,10615,9352,2395,10614,9665],"tribe_events_cat":[8963],"class_list":["post-21067","tribe_events","type-tribe_events","status-publish","has-post-thumbnail","hentry","tag-argentina","tag-cafe-la-palma-2","tag-carter-meets-saez","tag-conciertos-cafe-la-palma","tag-conciertos-madrid","tag-conciertos-malasana","tag-diplomacia","tag-franco-carter","tag-hip-hop-2","tag-rap","tag-saez-93","tag-uruguay","tribe_events_cat-concierto","cat_concierto"],"uagb_featured_image_src":{"full":["https:\/\/cafelapalma.com\/wp-content\/uploads\/2021\/12\/FOTO_PRENSA_DIPLOMACIALOW.jpg",627,418,false],"thumbnail":["https:\/\/cafelapalma.com\/wp-content\/uploads\/2021\/12\/FOTO_PRENSA_DIPLOMACIALOW-150x150.jpg",150,150,true],"medium":["https:\/\/cafelapalma.com\/wp-content\/uploads\/2021\/12\/FOTO_PRENSA_DIPLOMACIALOW-300x200.jpg",300,200,true],"medium_large":["https:\/\/cafelapalma.com\/wp-content\/uploads\/2021\/12\/FOTO_PRENSA_DIPLOMACIALOW.jpg",627,418,false],"large":["https:\/\/cafelapalma.com\/wp-content\/uploads\/2021\/12\/FOTO_PRENSA_DIPLOMACIALOW.jpg",627,418,false],"1536x1536":["https:\/\/cafelapalma.com\/wp-content\/uploads\/2021\/12\/FOTO_PRENSA_DIPLOMACIALOW.jpg",627,418,false],"2048x2048":["https:\/\/cafelapalma.com\/wp-content\/uploads\/2021\/12\/FOTO_PRENSA_DIPLOMACIALOW.jpg",627,418,false],"trp-custom-language-flag":["https:\/\/cafelapalma.com\/wp-content\/uploads\/2021\/12\/FOTO_PRENSA_DIPLOMACIALOW.jpg",18,12,false],"blossom-feminine-slider":["https:\/\/cafelapalma.com\/wp-content\/uploads\/2021\/12\/FOTO_PRENSA_DIPLOMACIALOW.jpg",627,418,false],"blossom-feminine-featured":["https:\/\/cafelapalma.com\/wp-content\/uploads\/2021\/12\/FOTO_PRENSA_DIPLOMACIALOW.jpg",627,418,false],"blossom-feminine-with-sidebar":["https:\/\/cafelapalma.com\/wp-content\/uploads\/2021\/12\/FOTO_PRENSA_DIPLOMACIALOW.jpg",627,418,false],"blossom-feminine-blog":["https:\/\/cafelapalma.com\/wp-content\/uploads\/2021\/12\/FOTO_PRENSA_DIPLOMACIALOW-435x418.jpg",435,418,true],"blossom-feminine-cat":["https:\/\/cafelapalma.com\/wp-content\/uploads\/2021\/12\/FOTO_PRENSA_DIPLOMACIALOW-450x300.jpg",450,300,true],"blossom-feminine-related":["https:\/\/cafelapalma.com\/wp-content\/uploads\/2021\/12\/FOTO_PRENSA_DIPLOMACIALOW-320x200.jpg",320,200,true],"blossom-feminine-schema":["https:\/\/cafelapalma.com\/wp-content\/uploads\/2021\/12\/FOTO_PRENSA_DIPLOMACIALOW-90x60.jpg",90,60,true]},"uagb_author_info":{"display_name":"Victor","author_link":"https:\/\/cafelapalma.com\/en\/author\/comunicacion\/"},"uagb_comment_info":0,"uagb_excerpt":"La dupla interoce\u00e1nica formada por el montevideano S\u00e1ez y el madrile\u00f1o Franco Carter presentar\u00e1 por primera vez su \u00faltimo trabajo en la capital espa\u00f1ola. Despu\u00e9s de una primera toma de contacto en \u00abCarter meets S\u00e1ez\u00bb, trabajo que presentaron en directo tanto en Uruguay como en Argentina durante 2019, se lanzaron a la realizaci\u00f3n de un&hellip;","_links":{"self":[{"href":"https:\/\/cafelapalma.com\/en\/wp-json\/wp\/v2\/tribe_events\/21067","targetHints":{"allow":["GET"]}}],"collection":[{"href":"https:\/\/cafelapalma.com\/en\/wp-json\/wp\/v2\/tribe_events"}],"about":[{"href":"https:\/\/cafelapalma.com\/en\/wp-json\/wp\/v2\/types\/tribe_events"}],"author":[{"embeddable":true,"href":"https:\/\/cafelapalma.com\/en\/wp-json\/wp\/v2\/users\/2"}],"version-history":[{"count":0,"href":"https:\/\/cafelapalma.com\/en\/wp-json\/wp\/v2\/tribe_events\/21067\/revisions"}],"wp:featuredmedia":[{"embeddable":true,"href":"https:\/\/cafelapalma.com\/en\/wp-json\/wp\/v2\/media\/21069"}],"wp:attachment":[{"href":"https:\/\/cafelapalma.com\/en\/wp-json\/wp\/v2\/media?parent=21067"}],"wp:term":[{"taxonomy":"post_tag","embeddable":true,"href":"https:\/\/cafelapalma.com\/en\/wp-json\/wp\/v2\/tags?post=21067"},{"taxonomy":"tribe_events_cat","embeddable":true,"href":"https:\/\/cafelapalma.com\/en\/wp-json\/wp\/v2\/tribe_events_cat?post=21067"}],"curies":[{"name":"wp","href":"https:\/\/api.w.org\/{rel}","templated":true}]}}