{"id":21077,"date":"2021-12-29T12:31:16","date_gmt":"2021-12-29T11:31:16","guid":{"rendered":"https:\/\/cafelapalma.com\/?post_type=tribe_events&#038;p=21077"},"modified":"2022-01-21T10:46:14","modified_gmt":"2022-01-21T09:46:14","slug":"concierto-solidario-afectados-volcan","status":"publish","type":"tribe_events","link":"https:\/\/cafelapalma.com\/en\/programacion\/concierto-solidario-afectados-volcan\/","title":{"rendered":"CONCIERTO SOLIDARIO: WHO SHOT MR. BURNS + ULTRAPERRO + VIENE LA CURVA"},"content":{"rendered":"<div  class=\"tribe-events-schedule tribe-clearfix\" >\n\t<p class=\"tribe-events-schedule__datetime\">\n\t\t<span class=\"tribe-events-schedule__date tribe-events-schedule__date--start\">\n\t\t\t30  January  2022\t\t<\/span>\n\n\t\t\t\t\t<span class=\"tribe-events-schedule__separator tribe-events-schedule__separator--date\">\n\t\t\t\t@\t\t\t<\/span>\n\t\t\t<span class=\"tribe-events-schedule__time tribe-events-schedule__time--start\">\n\t\t\t\t20:00\t\t\t<\/span>\n\t\t\n\t\t\t\t\t\t\t\t\t<span class=\"tribe-events-schedule__separator tribe-events-schedule__separator--time\">\n\t\t\t\t\t&#8211;\t\t\t\t<\/span>\n\t\t\t\n\t\t\t\t\t\t\t<span class=\"tribe-events-schedule__time tribe-events-schedule__time--end\">\n\t\t\t\t\t23:30\t\t\t\t<\/span>\n\t\t\t\n\t\t\t\t\t\t<\/p>\n<\/div>\n\n\n<div  class=\"tribe-block tribe-block__event-price\" >\n\t\t\t<span class=\"tribe-block__event-price__cost\"> 8\u20ac <\/span>\n\t\t\t\t<span class=\"tribe-block__event-price__description\">+ gg Anticipada | 10\u20ac Taquilla<\/span>\n\t<\/div>\n\n\n\n<div style=\"height:100px\" aria-hidden=\"true\" class=\"wp-block-spacer\"><\/div>\n\n\n\n<div class=\"wp-block-columns is-layout-flex wp-container-core-columns-is-layout-8f761849 wp-block-columns-is-layout-flex\">\n<div class=\"wp-block-column is-layout-flow wp-block-column-is-layout-flow\" style=\"flex-basis:33.33%\">\n<figure class=\"wp-block-image size-large\"><img loading=\"lazy\" decoding=\"async\" width=\"724\" height=\"1024\" src=\"https:\/\/cafelapalma.com\/wp-content\/uploads\/2022\/01\/IMG-20220121-WA0000-724x1024.jpg\" alt=\"\" class=\"wp-image-21234\" srcset=\"https:\/\/cafelapalma.com\/wp-content\/uploads\/2022\/01\/IMG-20220121-WA0000-724x1024.jpg 724w, https:\/\/cafelapalma.com\/wp-content\/uploads\/2022\/01\/IMG-20220121-WA0000-212x300.jpg 212w, https:\/\/cafelapalma.com\/wp-content\/uploads\/2022\/01\/IMG-20220121-WA0000-768x1086.jpg 768w, https:\/\/cafelapalma.com\/wp-content\/uploads\/2022\/01\/IMG-20220121-WA0000-1086x1536.jpg 1086w, https:\/\/cafelapalma.com\/wp-content\/uploads\/2022\/01\/IMG-20220121-WA0000-42x60.jpg 42w, https:\/\/cafelapalma.com\/wp-content\/uploads\/2022\/01\/IMG-20220121-WA0000.jpg 1131w\" sizes=\"auto, (max-width: 724px) 100vw, 724px\" \/><\/figure>\n\n\n<div  class=\"tribe-block tribe-block__event-website\" >\n\t<a\n\t\thref=\"https:\/\/link.dice.fm\/Nbc675ec327e\"\n\t\ttarget=\"_self\"\n\t\t\t>\n\t\tBUY TICKETS\t<\/a>\n<\/div>\n<\/div>\n\n\n\n<div class=\"wp-block-column is-layout-flow wp-block-column-is-layout-flow\" style=\"flex-basis:66.66%\">\n<p class=\"wp-block-paragraph\"><\/p>\n\n\n\n<p class=\"has-text-align-left wp-block-paragraph\"><strong>CAFE LA PALMA<\/strong> alberga un concierto solidario en apoyo a los damnificados por el volc\u00e1n de <strong>Cumbre Vieja<\/strong> en la isla de <strong>La Palma<\/strong> organizado por la banda de rock <strong>Who Shot Mr. Burns<\/strong> y la colaboraci\u00f3n de <strong>Ultraperro<\/strong>.<\/p>\n\n\n\n<p class=\"has-text-align-left wp-block-paragraph\"><strong>Who Shot Mr. Burn<\/strong>s es una banda madrile\u00f1a emergente nacida en marzo de 2021, formada por <strong>Sof\u00eda <\/strong>(voz y guitarra), <strong>Rafa<\/strong> (guitarra), <strong>Mariela <\/strong>(bajo) y <strong>Miguel <\/strong>(bater\u00eda). Pese al poco tiempo desde su formaci\u00f3n, la banda ha arrancado con mucha fuerza y ha iniciado un proceso creativo que se encuentra en estos momentos en la grabaci\u00f3n del que ser\u00e1 su primer \u00e1lbum, <strong><em>\u00abCanciones prohibidas\u00bb<\/em><\/strong>, que ver\u00e1 la luz este a\u00f1o 2022.<br><br><strong>Ultraperro <\/strong>es una banda de rock afincada en Madrid que a\u00fana diversas influencias musicales, desde el alternativo y el grunge de los &#8217;90, el indie, el rock nacional&#8230; canciones pegadizas, ca\u00f1eras y bailables, con un sonido fresco. En 2020, la banda lanza su primer EP, <strong><em>\u00abSe acaba el tiempo\u00bb<\/em><\/strong>, y se encuentra en este momento a punto de lanzar un nuevo trabajo de estudio.<\/p>\n\n\n\n<p class=\"has-text-align-left wp-block-paragraph\"><strong>Viene La Curva<\/strong> es un grupo nacido en 2019 e inspirado por los grandes cantautores, por el rock and roll, por el flamenco y por otros muchos estilos musicales debido al amor incondicional que tienen por la m\u00fasica. En 2020 grabaron su primer disco en el estudio <strong>Samur\u00e1i<\/strong> (<strong>C\u00f3rdoba<\/strong>), de la mano de <strong>Manuel Ib\u00e1\u00f1ez<\/strong>, que ha sido el productor de este primer \u00e1lbum denominado <strong><em>\u00abP\u00e1jaros de mal ag\u00fcero\u00bb<\/em><\/strong>. Un grupo con muchas ganas de empezar su gira de presentaci\u00f3n de disco y dispuesto a abrir el coraz\u00f3n y el alma mediante sus canciones.<\/p>\n\n\n\n<p class=\"has-text-align-center wp-block-paragraph\"><strong><em>LA RECAUDACI\u00d3N \u00cdNTEGRA DE ESTE CONCIERTO IR\u00c1 DESTINADA A LOS AFECTADOS POR EL VOLC\u00c1N A TRAV\u00c9S DEL CABILDO DE LA PALMA.<\/em><\/strong><br><\/p>\n<\/div>\n<\/div>\n\n\n\n<div style=\"height:100px\" aria-hidden=\"true\" class=\"wp-block-spacer\"><\/div>\n\n\n\n<hr class=\"wp-block-separator is-style-wide\"\/>\n\n\n\n<div style=\"height:100px\" aria-hidden=\"true\" class=\"wp-block-spacer\"><\/div>\n\n\n<h2 class=\"tribe-block__related-events__title\">Related Events<\/h2>\n\n<ul  class=\"tribe-related-events tribe-clearfix\" >\n\t\t\t<li>\n\t\n<div class=\"tribe-related-events-thumbnail\">\n\t<a href=\"https:\/\/cafelapalma.com\/en\/programacion\/funkin-donuts\/\" class=\"url\" rel=\"bookmark\" tabindex=\"-1\" aria-hidden=\"true\"><img loading=\"lazy\" decoding=\"async\" width=\"693\" height=\"1040\" src=\"https:\/\/cafelapalma.com\/wp-content\/uploads\/2026\/07\/FD-vert2-bn-693x1040.jpg\" class=\"attachment-large size-large wp-post-image\" alt=\"\" \/><\/a>\n<\/div>\n\t<div class=\"tribe-related-event-info\">\n\t<h3 class=\"tribe-related-events-title\">\n\t\t<a href=\"https:\/\/cafelapalma.com\/en\/programacion\/funkin-donuts\/\" class=\"tribe-event-url\" rel=\"bookmark\">\n\t\t\tFUNKIN&#8217; DONUTS\t\t<\/a>\n\t<\/h3>\n\t<span class=\"tribe-event-date-start\">5  September@22:00<\/span><span class=\"tribe-event-time\">23:45<\/span><\/div>\n<\/li>\n\t\t\t<li>\n\t\n<div class=\"tribe-related-events-thumbnail\">\n\t<a href=\"https:\/\/cafelapalma.com\/en\/programacion\/willie-deville-concierto-benefico-x-venezuela\/\" class=\"url\" rel=\"bookmark\" tabindex=\"-1\" aria-hidden=\"true\"><img loading=\"lazy\" decoding=\"async\" width=\"1020\" height=\"531\" src=\"https:\/\/cafelapalma.com\/wp-content\/uploads\/2026\/08\/Willie-deville-1100x572-1-1040x541.jpg\" class=\"attachment-large size-large wp-post-image\" alt=\"\" \/><\/a>\n<\/div>\n\t<div class=\"tribe-related-event-info\">\n\t<h3 class=\"tribe-related-events-title\">\n\t\t<a href=\"https:\/\/cafelapalma.com\/en\/programacion\/willie-deville-concierto-benefico-x-venezuela\/\" class=\"tribe-event-url\" rel=\"bookmark\">\n\t\t\tWILLIE DEVILLE: CONCIERTO BEN\u00c9FICO X VENEZUELA\t\t<\/a>\n\t<\/h3>\n\t<span class=\"tribe-event-date-start\">6  September@21:00<\/span><span class=\"tribe-event-time\">23:45<\/span><\/div>\n<\/li>\n\t\t\t<li>\n\t\n<div class=\"tribe-related-events-thumbnail\">\n\t<a href=\"https:\/\/cafelapalma.com\/en\/programacion\/new-boix\/\" class=\"url\" rel=\"bookmark\" tabindex=\"-1\" aria-hidden=\"true\"><img loading=\"lazy\" decoding=\"async\" width=\"694\" height=\"1040\" src=\"https:\/\/cafelapalma.com\/wp-content\/uploads\/2026\/05\/WhatsApp-Image-2026-04-29-at-12.00.28-694x1040.jpeg\" class=\"attachment-large size-large wp-post-image\" alt=\"\" \/><\/a>\n<\/div>\n\t<div class=\"tribe-related-event-info\">\n\t<h3 class=\"tribe-related-events-title\">\n\t\t<a href=\"https:\/\/cafelapalma.com\/en\/programacion\/new-boix\/\" class=\"tribe-event-url\" rel=\"bookmark\">\n\t\t\tNEW BOIX\t\t<\/a>\n\t<\/h3>\n\t<span class=\"tribe-event-date-start\">10  September@22:00<\/span><span class=\"tribe-event-time\">23:45<\/span><\/div>\n<\/li>\n\t<\/ul>","protected":false},"excerpt":{"rendered":"<p>CAFE LA PALMA alberga un concierto solidario en apoyo a los damnificados por el volc\u00e1n de Cumbre Vieja en la isla de La Palma organizado por la banda de rock Who Shot Mr. Burns y la colaboraci\u00f3n de Ultraperro. Who Shot Mr. Burns es una banda madrile\u00f1a emergente nacida en marzo de 2021, formada por &hellip; <\/p>","protected":false},"author":2,"featured_media":21235,"template":"","meta":{"_tec_requires_first_save":false,"_uag_custom_page_level_css":"","loftloader_page_shortcode":"","_EventAllDay":false,"_EventTimezone":"Europe\/Madrid","_EventStartDate":"2022-01-30 20:00:00","_EventEndDate":"2022-01-30 23:30:00","_EventStartDateUTC":"2022-01-30 19:00:00","_EventEndDateUTC":"2022-01-30 22:30:00","_EventShowMap":false,"_EventShowMapLink":false,"_EventURL":"https:\/\/link.dice.fm\/Nbc675ec327e","_EventCost":"8","_EventCostDescription":"","_EventCurrencySymbol":"\u20ac","_EventCurrencyCode":"","_EventCurrencyPosition":"suffix","_EventDateTimeSeparator":"@","_EventTimeRangeSeparator":"-","_EventOrganizerID":[],"_EventVenueID":[0],"_OrganizerEmail":"","_OrganizerPhone":"","_OrganizerWebsite":"","_VenueAddress":"","_VenueCity":"","_VenueCountry":"","_VenueProvince":"","_VenueState":"","_VenueZip":"","_VenuePhone":"","_VenueURL":"","_VenueStateProvince":"","_VenueLat":"","_VenueLng":"","_VenueShowMap":false,"_VenueShowMapLink":false,"_tribe_blocks_recurrence_rules":"","_tribe_blocks_recurrence_description":"","_tribe_blocks_recurrence_exclusions":"","_ecp_custom_2":"","_tribe_events_status":"","_tribe_events_status_reason":"","_tribe_events_is_hybrid":"","_tribe_events_is_virtual":"","_tribe_events_virtual_video_source":"","_tribe_events_virtual_embed_video":"","_tribe_events_virtual_linked_button_text":"","_tribe_events_virtual_linked_button":"","_tribe_events_virtual_show_embed_at":"","_tribe_events_virtual_show_embed_to":[],"_tribe_events_virtual_show_on_event":"","_tribe_events_virtual_show_on_views":"","_tribe_events_virtual_url":"","footnotes":""},"tags":[10631,8869,10552,10632,2865,9147,9146,10626,10628,10627,9459,10786,1354,10633,10630,9452,10625,10629],"tribe_events_cat":[8963],"class_list":["post-21077","tribe_events","type-tribe_events","status-publish","has-post-thumbnail","hentry","tag-cabildo-de-la-palma","tag-cafe-la-palma-2","tag-cafe-la-palma-aniversario","tag-canciones-prohibidas","tag-conciertos-cafe-la-palma","tag-conciertos-madrid","tag-conciertos-malasana","tag-cumbre-vieja","tag-isla-de-la-palma","tag-la-palma","tag-manuel-ibanez","tag-pajaros-de-mal-aguer","tag-rock","tag-se-acaba-el-tiempo","tag-ultraperro","tag-viene-la-curva","tag-volcan","tag-who-shot-mr-burns","tribe_events_cat-concierto","cat_concierto"],"uagb_featured_image_src":{"full":["https:\/\/cafelapalma.com\/wp-content\/uploads\/2021\/12\/fuerzalapalma.jpg",366,250,false],"thumbnail":["https:\/\/cafelapalma.com\/wp-content\/uploads\/2021\/12\/fuerzalapalma-150x150.jpg",150,150,true],"medium":["https:\/\/cafelapalma.com\/wp-content\/uploads\/2021\/12\/fuerzalapalma-300x205.jpg",300,205,true],"medium_large":["https:\/\/cafelapalma.com\/wp-content\/uploads\/2021\/12\/fuerzalapalma.jpg",366,250,false],"large":["https:\/\/cafelapalma.com\/wp-content\/uploads\/2021\/12\/fuerzalapalma.jpg",366,250,false],"1536x1536":["https:\/\/cafelapalma.com\/wp-content\/uploads\/2021\/12\/fuerzalapalma.jpg",366,250,false],"2048x2048":["https:\/\/cafelapalma.com\/wp-content\/uploads\/2021\/12\/fuerzalapalma.jpg",366,250,false],"trp-custom-language-flag":["https:\/\/cafelapalma.com\/wp-content\/uploads\/2021\/12\/fuerzalapalma.jpg",18,12,false],"blossom-feminine-slider":["https:\/\/cafelapalma.com\/wp-content\/uploads\/2021\/12\/fuerzalapalma.jpg",366,250,false],"blossom-feminine-featured":["https:\/\/cafelapalma.com\/wp-content\/uploads\/2021\/12\/fuerzalapalma.jpg",366,250,false],"blossom-feminine-with-sidebar":["https:\/\/cafelapalma.com\/wp-content\/uploads\/2021\/12\/fuerzalapalma.jpg",366,250,false],"blossom-feminine-blog":["https:\/\/cafelapalma.com\/wp-content\/uploads\/2021\/12\/fuerzalapalma.jpg",366,250,false],"blossom-feminine-cat":["https:\/\/cafelapalma.com\/wp-content\/uploads\/2021\/12\/fuerzalapalma.jpg",366,250,false],"blossom-feminine-related":["https:\/\/cafelapalma.com\/wp-content\/uploads\/2021\/12\/fuerzalapalma-320x200.jpg",320,200,true],"blossom-feminine-schema":["https:\/\/cafelapalma.com\/wp-content\/uploads\/2021\/12\/fuerzalapalma-88x60.jpg",88,60,true]},"uagb_author_info":{"display_name":"Victor","author_link":"https:\/\/cafelapalma.com\/en\/author\/comunicacion\/"},"uagb_comment_info":0,"uagb_excerpt":"CAFE LA PALMA alberga un concierto solidario en apoyo a los damnificados por el volc\u00e1n de Cumbre Vieja en la isla de La Palma organizado por la banda de rock Who Shot Mr. Burns y la colaboraci\u00f3n de Ultraperro. Who Shot Mr. Burns es una banda madrile\u00f1a emergente nacida en marzo de 2021, formada por&hellip;","_links":{"self":[{"href":"https:\/\/cafelapalma.com\/en\/wp-json\/wp\/v2\/tribe_events\/21077","targetHints":{"allow":["GET"]}}],"collection":[{"href":"https:\/\/cafelapalma.com\/en\/wp-json\/wp\/v2\/tribe_events"}],"about":[{"href":"https:\/\/cafelapalma.com\/en\/wp-json\/wp\/v2\/types\/tribe_events"}],"author":[{"embeddable":true,"href":"https:\/\/cafelapalma.com\/en\/wp-json\/wp\/v2\/users\/2"}],"version-history":[{"count":0,"href":"https:\/\/cafelapalma.com\/en\/wp-json\/wp\/v2\/tribe_events\/21077\/revisions"}],"wp:featuredmedia":[{"embeddable":true,"href":"https:\/\/cafelapalma.com\/en\/wp-json\/wp\/v2\/media\/21235"}],"wp:attachment":[{"href":"https:\/\/cafelapalma.com\/en\/wp-json\/wp\/v2\/media?parent=21077"}],"wp:term":[{"taxonomy":"post_tag","embeddable":true,"href":"https:\/\/cafelapalma.com\/en\/wp-json\/wp\/v2\/tags?post=21077"},{"taxonomy":"tribe_events_cat","embeddable":true,"href":"https:\/\/cafelapalma.com\/en\/wp-json\/wp\/v2\/tribe_events_cat?post=21077"}],"curies":[{"name":"wp","href":"https:\/\/api.w.org\/{rel}","templated":true}]}}