{"id":21160,"date":"2022-01-17T13:19:47","date_gmt":"2022-01-17T12:19:47","guid":{"rendered":"https:\/\/cafelapalma.com\/?post_type=tribe_events&#038;p=21160"},"modified":"2022-02-08T18:52:41","modified_gmt":"2022-02-08T17:52:41","slug":"coffee-cartel-morales","status":"publish","type":"tribe_events","link":"https:\/\/cafelapalma.com\/en\/programacion\/coffee-cartel-morales\/","title":{"rendered":"COFFEE CARTEL + MORALES"},"content":{"rendered":"<div  class=\"tribe-events-schedule tribe-clearfix\" >\n\t<p class=\"tribe-events-schedule__datetime\">\n\t\t<span class=\"tribe-events-schedule__date tribe-events-schedule__date--start\">\n\t\t\t04  March  2022\t\t<\/span>\n\n\t\t\t\t\t<span class=\"tribe-events-schedule__separator tribe-events-schedule__separator--date\">\n\t\t\t\t@\t\t\t<\/span>\n\t\t\t<span class=\"tribe-events-schedule__time tribe-events-schedule__time--start\">\n\t\t\t\t21:00\t\t\t<\/span>\n\t\t\n\t\t\t\t\t\t\t\t\t<span class=\"tribe-events-schedule__separator tribe-events-schedule__separator--time\">\n\t\t\t\t\t&#8211;\t\t\t\t<\/span>\n\t\t\t\n\t\t\t\t\t\t\t<span class=\"tribe-events-schedule__time tribe-events-schedule__time--end\">\n\t\t\t\t\t23:45\t\t\t\t<\/span>\n\t\t\t\n\t\t\t\t\t\t<\/p>\n<\/div>\n\n\n<div  class=\"tribe-block tribe-block__event-price\" >\n\t\t\t<span class=\"tribe-block__event-price__cost\"> 7\u20ac <\/span>\n\t\t\t\t<span class=\"tribe-block__event-price__description\">+ gg Anticipada | 8\u20ac Taquilla<\/span>\n\t<\/div>\n\n\n\n<div class=\"wp-block-columns is-layout-flex wp-container-core-columns-is-layout-8f761849 wp-block-columns-is-layout-flex\">\n<div class=\"wp-block-column is-layout-flow wp-block-column-is-layout-flow\" style=\"flex-basis:33.33%\">\n<figure class=\"wp-block-image size-large\"><img loading=\"lazy\" decoding=\"async\" width=\"430\" height=\"608\" src=\"https:\/\/cafelapalma.com\/wp-content\/uploads\/2022\/01\/Coffee-Morales-Cartel-Low.jpg\" alt=\"\" class=\"wp-image-21161\" srcset=\"https:\/\/cafelapalma.com\/wp-content\/uploads\/2022\/01\/Coffee-Morales-Cartel-Low.jpg 430w, https:\/\/cafelapalma.com\/wp-content\/uploads\/2022\/01\/Coffee-Morales-Cartel-Low-212x300.jpg 212w, https:\/\/cafelapalma.com\/wp-content\/uploads\/2022\/01\/Coffee-Morales-Cartel-Low-42x60.jpg 42w\" sizes=\"auto, (max-width: 430px) 100vw, 430px\" \/><\/figure>\n\n\n<div  class=\"tribe-block tribe-block__event-website\" >\n\t<a\n\t\thref=\"https:\/\/link.dice.fm\/u085aea668ca\"\n\t\ttarget=\"_self\"\n\t\t\t>\n\t\tBUY TICKETS\t<\/a>\n<\/div>\n<\/div>\n\n\n\n<div class=\"wp-block-column is-layout-flow wp-block-column-is-layout-flow\" style=\"flex-basis:66.66%\">\n<div style=\"height:100px\" aria-hidden=\"true\" class=\"wp-block-spacer\"><\/div>\n\n\n\n<p class=\"has-text-align-left wp-block-paragraph\">REPROGRAMADO DEL 11\/02\/22\u00a0<strong><em>NUEVA FECHA VIERNES 4 DE MARZO 2022<\/em><\/strong><\/p>\n\n\n\n<p class=\"has-text-align-left wp-block-paragraph\"><strong>Coffee Cartel<\/strong> nace como proyecto en 2020, cuando <strong>V\u00edctor Torrecilla <\/strong>(bajo), <strong>Diego Hermoso<\/strong> (bater\u00eda) y <strong>Aitor Campos<\/strong> (guitarra) deciden configurar un proyecto a tr\u00edo donde convergen el funk, el jazz y el neo-soul. Al tomar como referentes la m\u00fasica de <strong>Tom Misch<\/strong>, <strong>Vulfpeck <\/strong>o <strong>Parcels <\/strong>(revisable), <strong>Coffee Cartel <\/strong>articula un entramado sonoro donde las letras honestas y l\u00edneas de bajo pegadizas son algunos de sus rasgos m\u00e1s caracter\u00edsticos. Con su single debut <strong><em>\u00abCompa\u00f1ero\u00bb<\/em><\/strong>, <strong>Coffee Cartel<\/strong> emprende su camino tratando de traer el sonido de sus modelos anglosajones al castellano.<br><br><strong>Sebasti\u00e1n Morales<\/strong> comienza su proyecto solista con la idea de aunar mediante guitarra cl\u00e1sica y voz los mundos de la m\u00fasica popular latina y el underground europeo de los a\u00f1os noventa. Guitarras intrincadas y letras \u00e1cidas son el hilo conductor de su \u00e1lbum debut <strong><em>\u00abSan Cocho\u00bb<\/em><\/strong>, trabajo donde <strong>Morales <\/strong>hace una declaraci\u00f3n de intenciones y comienza a situarse en el panorama de la m\u00fasica independiente.<\/p>\n<\/div>\n<\/div>\n\n\n\n<div style=\"height:100px\" aria-hidden=\"true\" class=\"wp-block-spacer\"><\/div>\n\n\n\n<hr class=\"wp-block-separator is-style-wide\"\/>\n\n\n\n<div style=\"height:100px\" aria-hidden=\"true\" class=\"wp-block-spacer\"><\/div>\n\n\n<h2 class=\"tribe-block__related-events__title\">Related Events<\/h2>\n\n<ul  class=\"tribe-related-events tribe-clearfix\" >\n\t\t\t<li>\n\t\n<div class=\"tribe-related-events-thumbnail\">\n\t<a href=\"https:\/\/cafelapalma.com\/en\/programacion\/funkin-donuts\/\" class=\"url\" rel=\"bookmark\" tabindex=\"-1\" aria-hidden=\"true\"><img loading=\"lazy\" decoding=\"async\" width=\"693\" height=\"1040\" src=\"https:\/\/cafelapalma.com\/wp-content\/uploads\/2026\/07\/FD-vert2-bn-693x1040.jpg\" class=\"attachment-large size-large wp-post-image\" alt=\"\" \/><\/a>\n<\/div>\n\t<div class=\"tribe-related-event-info\">\n\t<h3 class=\"tribe-related-events-title\">\n\t\t<a href=\"https:\/\/cafelapalma.com\/en\/programacion\/funkin-donuts\/\" class=\"tribe-event-url\" rel=\"bookmark\">\n\t\t\tFUNKIN&#8217; DONUTS\t\t<\/a>\n\t<\/h3>\n\t<span class=\"tribe-event-date-start\">5  September@22:00<\/span><span class=\"tribe-event-time\">23:45<\/span><\/div>\n<\/li>\n\t\t\t<li>\n\t\n<div class=\"tribe-related-events-thumbnail\">\n\t<a href=\"https:\/\/cafelapalma.com\/en\/programacion\/willie-deville-concierto-benefico-x-venezuela\/\" class=\"url\" rel=\"bookmark\" tabindex=\"-1\" aria-hidden=\"true\"><img loading=\"lazy\" decoding=\"async\" width=\"1020\" height=\"531\" src=\"https:\/\/cafelapalma.com\/wp-content\/uploads\/2026\/08\/Willie-deville-1100x572-1-1040x541.jpg\" class=\"attachment-large size-large wp-post-image\" alt=\"\" \/><\/a>\n<\/div>\n\t<div class=\"tribe-related-event-info\">\n\t<h3 class=\"tribe-related-events-title\">\n\t\t<a href=\"https:\/\/cafelapalma.com\/en\/programacion\/willie-deville-concierto-benefico-x-venezuela\/\" class=\"tribe-event-url\" rel=\"bookmark\">\n\t\t\tWILLIE DEVILLE: CONCIERTO BEN\u00c9FICO X VENEZUELA\t\t<\/a>\n\t<\/h3>\n\t<span class=\"tribe-event-date-start\">6  September@21:00<\/span><span class=\"tribe-event-time\">23:45<\/span><\/div>\n<\/li>\n\t\t\t<li>\n\t\n<div class=\"tribe-related-events-thumbnail\">\n\t<a href=\"https:\/\/cafelapalma.com\/en\/programacion\/new-boix\/\" class=\"url\" rel=\"bookmark\" tabindex=\"-1\" aria-hidden=\"true\"><img loading=\"lazy\" decoding=\"async\" width=\"694\" height=\"1040\" src=\"https:\/\/cafelapalma.com\/wp-content\/uploads\/2026\/05\/WhatsApp-Image-2026-04-29-at-12.00.28-694x1040.jpeg\" class=\"attachment-large size-large wp-post-image\" alt=\"\" \/><\/a>\n<\/div>\n\t<div class=\"tribe-related-event-info\">\n\t<h3 class=\"tribe-related-events-title\">\n\t\t<a href=\"https:\/\/cafelapalma.com\/en\/programacion\/new-boix\/\" class=\"tribe-event-url\" rel=\"bookmark\">\n\t\t\tNEW BOIX\t\t<\/a>\n\t<\/h3>\n\t<span class=\"tribe-event-date-start\">10  September@22:00<\/span><span class=\"tribe-event-time\">23:45<\/span><\/div>\n<\/li>\n\t<\/ul>","protected":false},"excerpt":{"rendered":"<p>REPROGRAMADO DEL 11\/02\/22\u00a0NUEVA FECHA VIERNES 4 DE MARZO 2022 Coffee Cartel nace como proyecto en 2020, cuando V\u00edctor Torrecilla (bajo), Diego Hermoso (bater\u00eda) y Aitor Campos (guitarra) deciden configurar un proyecto a tr\u00edo donde convergen el funk, el jazz y el neo-soul. Al tomar como referentes la m\u00fasica de Tom Misch, Vulfpeck o Parcels (revisable), &hellip; <\/p>","protected":false},"author":2,"featured_media":21162,"template":"","meta":{"_tec_requires_first_save":false,"_uag_custom_page_level_css":"","loftloader_page_shortcode":"","_EventAllDay":false,"_EventTimezone":"Europe\/Madrid","_EventStartDate":"2022-03-04 21:00:00","_EventEndDate":"2022-03-04 23:45:00","_EventStartDateUTC":"2022-03-04 20:00:00","_EventEndDateUTC":"2022-03-04 22:45:00","_EventShowMap":false,"_EventShowMapLink":false,"_EventURL":"https:\/\/link.dice.fm\/u085aea668ca","_EventCost":"7","_EventCostDescription":"","_EventCurrencySymbol":"\u20ac","_EventCurrencyCode":"","_EventCurrencyPosition":"suffix","_EventDateTimeSeparator":"@","_EventTimeRangeSeparator":"-","_EventOrganizerID":[],"_EventVenueID":[0],"_OrganizerEmail":"","_OrganizerPhone":"","_OrganizerWebsite":"","_VenueAddress":"","_VenueCity":"","_VenueCountry":"","_VenueProvince":"","_VenueState":"","_VenueZip":"","_VenuePhone":"","_VenueURL":"","_VenueStateProvince":"","_VenueLat":"","_VenueLng":"","_VenueShowMap":false,"_VenueShowMapLink":false,"_tribe_blocks_recurrence_rules":"","_tribe_blocks_recurrence_description":"","_tribe_blocks_recurrence_exclusions":"","_ecp_custom_2":"","_tribe_events_status":"","_tribe_events_status_reason":"","_tribe_events_is_hybrid":"","_tribe_events_is_virtual":"","_tribe_events_virtual_video_source":"","_tribe_events_virtual_embed_video":"","_tribe_events_virtual_linked_button_text":"","_tribe_events_virtual_linked_button":"","_tribe_events_virtual_show_embed_at":"","_tribe_events_virtual_show_embed_to":[],"_tribe_events_virtual_show_on_event":"","_tribe_events_virtual_show_on_views":"","_tribe_events_virtual_url":"","footnotes":""},"tags":[10752,8869,10748,10753,2865,9147,9146,10751,10749,779,10756,10755,777,9529,9775,10757,9725,10758,10754,10750,9220],"tribe_events_cat":[8963],"class_list":["post-21160","tribe_events","type-tribe_events","status-publish","has-post-thumbnail","hentry","tag-aitor-campos","tag-cafe-la-palma-2","tag-coffee-cartel","tag-companero","tag-conciertos-cafe-la-palma","tag-conciertos-madrid","tag-conciertos-malasana","tag-diego-hermoso","tag-el-coffee-cartel","tag-funk","tag-guitar","tag-guitarra-clasica","tag-jazz","tag-latin","tag-morales","tag-musicas-del-mundo","tag-neo-soul","tag-san-cocho","tag-sebastian-morales","tag-victor-torrecilla","tag-world-music","tribe_events_cat-concierto","cat_concierto"],"uagb_featured_image_src":{"full":["https:\/\/cafelapalma.com\/wp-content\/uploads\/2022\/01\/coffemug_low.jpeg",415,630,false],"thumbnail":["https:\/\/cafelapalma.com\/wp-content\/uploads\/2022\/01\/coffemug_low-150x150.jpeg",150,150,true],"medium":["https:\/\/cafelapalma.com\/wp-content\/uploads\/2022\/01\/coffemug_low-198x300.jpeg",198,300,true],"medium_large":["https:\/\/cafelapalma.com\/wp-content\/uploads\/2022\/01\/coffemug_low.jpeg",415,630,false],"large":["https:\/\/cafelapalma.com\/wp-content\/uploads\/2022\/01\/coffemug_low.jpeg",415,630,false],"1536x1536":["https:\/\/cafelapalma.com\/wp-content\/uploads\/2022\/01\/coffemug_low.jpeg",415,630,false],"2048x2048":["https:\/\/cafelapalma.com\/wp-content\/uploads\/2022\/01\/coffemug_low.jpeg",415,630,false],"trp-custom-language-flag":["https:\/\/cafelapalma.com\/wp-content\/uploads\/2022\/01\/coffemug_low.jpeg",8,12,false],"blossom-feminine-slider":["https:\/\/cafelapalma.com\/wp-content\/uploads\/2022\/01\/coffemug_low.jpeg",415,630,false],"blossom-feminine-featured":["https:\/\/cafelapalma.com\/wp-content\/uploads\/2022\/01\/coffemug_low-415x600.jpeg",415,600,true],"blossom-feminine-with-sidebar":["https:\/\/cafelapalma.com\/wp-content\/uploads\/2022\/01\/coffemug_low-415x600.jpeg",415,600,true],"blossom-feminine-blog":["https:\/\/cafelapalma.com\/wp-content\/uploads\/2022\/01\/coffemug_low-415x435.jpeg",415,435,true],"blossom-feminine-cat":["https:\/\/cafelapalma.com\/wp-content\/uploads\/2022\/01\/coffemug_low-415x300.jpeg",415,300,true],"blossom-feminine-related":["https:\/\/cafelapalma.com\/wp-content\/uploads\/2022\/01\/coffemug_low-320x200.jpeg",320,200,true],"blossom-feminine-schema":["https:\/\/cafelapalma.com\/wp-content\/uploads\/2022\/01\/coffemug_low-40x60.jpeg",40,60,true]},"uagb_author_info":{"display_name":"Victor","author_link":"https:\/\/cafelapalma.com\/en\/author\/comunicacion\/"},"uagb_comment_info":0,"uagb_excerpt":"REPROGRAMADO DEL 11\/02\/22\u00a0NUEVA FECHA VIERNES 4 DE MARZO 2022 Coffee Cartel nace como proyecto en 2020, cuando V\u00edctor Torrecilla (bajo), Diego Hermoso (bater\u00eda) y Aitor Campos (guitarra) deciden configurar un proyecto a tr\u00edo donde convergen el funk, el jazz y el neo-soul. Al tomar como referentes la m\u00fasica de Tom Misch, Vulfpeck o Parcels (revisable),&hellip;","_links":{"self":[{"href":"https:\/\/cafelapalma.com\/en\/wp-json\/wp\/v2\/tribe_events\/21160","targetHints":{"allow":["GET"]}}],"collection":[{"href":"https:\/\/cafelapalma.com\/en\/wp-json\/wp\/v2\/tribe_events"}],"about":[{"href":"https:\/\/cafelapalma.com\/en\/wp-json\/wp\/v2\/types\/tribe_events"}],"author":[{"embeddable":true,"href":"https:\/\/cafelapalma.com\/en\/wp-json\/wp\/v2\/users\/2"}],"version-history":[{"count":0,"href":"https:\/\/cafelapalma.com\/en\/wp-json\/wp\/v2\/tribe_events\/21160\/revisions"}],"wp:featuredmedia":[{"embeddable":true,"href":"https:\/\/cafelapalma.com\/en\/wp-json\/wp\/v2\/media\/21162"}],"wp:attachment":[{"href":"https:\/\/cafelapalma.com\/en\/wp-json\/wp\/v2\/media?parent=21160"}],"wp:term":[{"taxonomy":"post_tag","embeddable":true,"href":"https:\/\/cafelapalma.com\/en\/wp-json\/wp\/v2\/tags?post=21160"},{"taxonomy":"tribe_events_cat","embeddable":true,"href":"https:\/\/cafelapalma.com\/en\/wp-json\/wp\/v2\/tribe_events_cat?post=21160"}],"curies":[{"name":"wp","href":"https:\/\/api.w.org\/{rel}","templated":true}]}}