{"id":21180,"date":"2022-01-19T11:57:05","date_gmt":"2022-01-19T10:57:05","guid":{"rendered":"https:\/\/cafelapalma.com\/?post_type=tribe_events&#038;p=21180"},"modified":"2022-04-20T10:39:40","modified_gmt":"2022-04-20T08:39:40","slug":"staytons-aie","status":"publish","type":"tribe_events","link":"https:\/\/cafelapalma.com\/en\/programacion\/staytons-aie\/","title":{"rendered":"STAYTONS"},"content":{"rendered":"<div  class=\"tribe-events-schedule tribe-clearfix\" >\n\t<p class=\"tribe-events-schedule__datetime\">\n\t\t<span class=\"tribe-events-schedule__date tribe-events-schedule__date--start\">\n\t\t\t06  May  2022\t\t<\/span>\n\n\t\t\t\t\t<span class=\"tribe-events-schedule__separator tribe-events-schedule__separator--date\">\n\t\t\t\t@\t\t\t<\/span>\n\t\t\t<span class=\"tribe-events-schedule__time tribe-events-schedule__time--start\">\n\t\t\t\t22:00\t\t\t<\/span>\n\t\t\n\t\t\t\t\t\t\t\t\t<span class=\"tribe-events-schedule__separator tribe-events-schedule__separator--time\">\n\t\t\t\t\t&#8211;\t\t\t\t<\/span>\n\t\t\t\n\t\t\t\t\t\t\t<span class=\"tribe-events-schedule__time tribe-events-schedule__time--end\">\n\t\t\t\t\t23:45\t\t\t\t<\/span>\n\t\t\t\n\t\t\t\t\t\t<\/p>\n<\/div>\n\n\n<div  class=\"tribe-block tribe-block__event-price\" >\n\t\t\t<span class=\"tribe-block__event-price__cost\"> 10\u20ac <\/span>\n\t\t\t\t<span class=\"tribe-block__event-price__description\">+ gg Anticipada | 12\u20ac Taquilla<\/span>\n\t<\/div>\n\n\n\n<div style=\"height:100px\" aria-hidden=\"true\" class=\"wp-block-spacer\"><\/div>\n\n\n\n<div class=\"wp-block-columns is-layout-flex wp-container-core-columns-is-layout-8f761849 wp-block-columns-is-layout-flex\">\n<div class=\"wp-block-column is-layout-flow wp-block-column-is-layout-flow\" style=\"flex-basis:33.33%\">\n<figure class=\"wp-block-image size-large\"><img loading=\"lazy\" decoding=\"async\" width=\"430\" height=\"608\" src=\"https:\/\/cafelapalma.com\/wp-content\/uploads\/2022\/01\/CARTEL-A3-STAYTONS-LOW.jpg\" alt=\"\" class=\"wp-image-21181\" srcset=\"https:\/\/cafelapalma.com\/wp-content\/uploads\/2022\/01\/CARTEL-A3-STAYTONS-LOW.jpg 430w, https:\/\/cafelapalma.com\/wp-content\/uploads\/2022\/01\/CARTEL-A3-STAYTONS-LOW-212x300.jpg 212w, https:\/\/cafelapalma.com\/wp-content\/uploads\/2022\/01\/CARTEL-A3-STAYTONS-LOW-42x60.jpg 42w\" sizes=\"auto, (max-width: 430px) 100vw, 430px\" \/><\/figure>\n\n\n<div  class=\"tribe-block tribe-block__event-website\" >\n\t<a\n\t\thref=\"https:\/\/epticket.com\/es\/events\/staytons-en-madrid-madrid\"\n\t\ttarget=\"_self\"\n\t\t\t>\n\t\tBUY TICKETS\t<\/a>\n<\/div>\n<\/div>\n\n\n\n<div class=\"wp-block-column is-layout-flow wp-block-column-is-layout-flow\" style=\"flex-basis:66.66%\">\n<p class=\"has-text-align-left wp-block-paragraph\">Existe una ciudad en el estado de <strong>Oregon <\/strong>que guarda una aparentemente inexplicable relaci\u00f3n con el concejo asturiano de <strong>Villaviciosa<\/strong>. Esta ciudad se llama <strong>Stayton<\/strong>, y all\u00ed vive la familia americana del cantante de este grupo que, desde <strong>2017<\/strong>, lleva conquistando buena parte del pa\u00eds. Un conjunto musical que desde su debut en 2018 ha ganado todos los concurso<strong>s<\/strong> a los que se han presentado, entre ellos el <strong>Talento Ribera<\/strong> del <strong>Sonorama <\/strong>en 2018, el <strong>Mahou Cool Talent<\/strong> en 2019, ganadores del <strong>BDCODER <\/strong>en el <strong>DCODE<\/strong> de 2019 y adem\u00e1s son <strong>Premio AIE<\/strong> mejor int\u00e9rprete en 41\u00ba <strong>Premios Rock Villa de Madrid<\/strong> en 2021.<\/p>\n\n\n\n<p class=\"has-text-align-left wp-block-paragraph\">En sus temas hay breves dosis de <strong>Capital Cities<\/strong>, <strong>MGMT<\/strong>, <strong>Foster The People<\/strong> o <strong>Two Door Cinema Club<\/strong>. Con ellos han aprendido a dejar espacios, a respirar, a subir y a bajar en menos de tres minutos. Ahora en 2022 nos presentan <strong><em>\u201cLo Que Siempre Has querido\u201d<\/em>,<\/strong> su nuevo alb\u00fam que vuelve a contar con la producci\u00f3n de <strong>Igor Paskual<\/strong>, en este caso compartida con <strong>Dani Sevillano<\/strong>, donde combinan el castellano con el ingl\u00e9s en su mejor colecci\u00f3n de canciones hasta la fecha. <\/p>\n\n\n\n<p class=\"has-text-align-left wp-block-paragraph\">Mientras muestran una serie de influencias muy bien digeridas (son de las pocas bandas espa\u00f1olas que beben expl\u00edcitamente de la m\u00fasica negra) y un sonido \u00fanico, siguen convenciendo a la cr\u00edtica especializada y al p\u00fablico general, que con paso lento, pero seguro, aumenta en n\u00famero y expectaci\u00f3n con cada uno de sus conciertos por las salas y festivales de toda <strong>Espa\u00f1a<\/strong>.<\/p>\n<\/div>\n<\/div>\n\n\n\n<div style=\"height:100px\" aria-hidden=\"true\" class=\"wp-block-spacer\"><\/div>\n\n\n\n<hr class=\"wp-block-separator is-style-wide\"\/>\n\n\n\n<div style=\"height:100px\" aria-hidden=\"true\" class=\"wp-block-spacer\"><\/div>\n\n\n<h2 class=\"tribe-block__related-events__title\">Related Events<\/h2>\n\n<ul  class=\"tribe-related-events tribe-clearfix\" >\n\t\t\t<li>\n\t\n<div class=\"tribe-related-events-thumbnail\">\n\t<a href=\"https:\/\/cafelapalma.com\/en\/programacion\/funkin-donuts\/\" class=\"url\" rel=\"bookmark\" tabindex=\"-1\" aria-hidden=\"true\"><img loading=\"lazy\" decoding=\"async\" width=\"693\" height=\"1040\" src=\"https:\/\/cafelapalma.com\/wp-content\/uploads\/2026\/07\/FD-vert2-bn-693x1040.jpg\" class=\"attachment-large size-large wp-post-image\" alt=\"\" \/><\/a>\n<\/div>\n\t<div class=\"tribe-related-event-info\">\n\t<h3 class=\"tribe-related-events-title\">\n\t\t<a href=\"https:\/\/cafelapalma.com\/en\/programacion\/funkin-donuts\/\" class=\"tribe-event-url\" rel=\"bookmark\">\n\t\t\tFUNKIN&#8217; DONUTS\t\t<\/a>\n\t<\/h3>\n\t<span class=\"tribe-event-date-start\">5  September@22:00<\/span><span class=\"tribe-event-time\">23:45<\/span><\/div>\n<\/li>\n\t\t\t<li>\n\t\n<div class=\"tribe-related-events-thumbnail\">\n\t<a href=\"https:\/\/cafelapalma.com\/en\/programacion\/willie-deville-concierto-benefico-x-venezuela\/\" class=\"url\" rel=\"bookmark\" tabindex=\"-1\" aria-hidden=\"true\"><img loading=\"lazy\" decoding=\"async\" width=\"1020\" height=\"531\" src=\"https:\/\/cafelapalma.com\/wp-content\/uploads\/2026\/08\/Willie-deville-1100x572-1-1040x541.jpg\" class=\"attachment-large size-large wp-post-image\" alt=\"\" \/><\/a>\n<\/div>\n\t<div class=\"tribe-related-event-info\">\n\t<h3 class=\"tribe-related-events-title\">\n\t\t<a href=\"https:\/\/cafelapalma.com\/en\/programacion\/willie-deville-concierto-benefico-x-venezuela\/\" class=\"tribe-event-url\" rel=\"bookmark\">\n\t\t\tWILLIE DEVILLE: CONCIERTO BEN\u00c9FICO X VENEZUELA\t\t<\/a>\n\t<\/h3>\n\t<span class=\"tribe-event-date-start\">6  September@21:00<\/span><span class=\"tribe-event-time\">23:45<\/span><\/div>\n<\/li>\n\t\t\t<li>\n\t\n<div class=\"tribe-related-events-thumbnail\">\n\t<a href=\"https:\/\/cafelapalma.com\/en\/programacion\/new-boix\/\" class=\"url\" rel=\"bookmark\" tabindex=\"-1\" aria-hidden=\"true\"><img loading=\"lazy\" decoding=\"async\" width=\"694\" height=\"1040\" src=\"https:\/\/cafelapalma.com\/wp-content\/uploads\/2026\/05\/WhatsApp-Image-2026-04-29-at-12.00.28-694x1040.jpeg\" class=\"attachment-large size-large wp-post-image\" alt=\"\" \/><\/a>\n<\/div>\n\t<div class=\"tribe-related-event-info\">\n\t<h3 class=\"tribe-related-events-title\">\n\t\t<a href=\"https:\/\/cafelapalma.com\/en\/programacion\/new-boix\/\" class=\"tribe-event-url\" rel=\"bookmark\">\n\t\t\tNEW BOIX\t\t<\/a>\n\t<\/h3>\n\t<span class=\"tribe-event-date-start\">10  September@22:00<\/span><span class=\"tribe-event-time\">23:45<\/span><\/div>\n<\/li>\n\t<\/ul>","protected":false},"excerpt":{"rendered":"<p>Existe una ciudad en el estado de Oregon que guarda una aparentemente inexplicable relaci\u00f3n con el concejo asturiano de Villaviciosa. Esta ciudad se llama Stayton, y all\u00ed vive la familia americana del cantante de este grupo que, desde 2017, lleva conquistando buena parte del pa\u00eds. Un conjunto musical que desde su debut en 2018 ha &hellip; <\/p>","protected":false},"author":2,"featured_media":21182,"template":"","meta":{"_tec_requires_first_save":false,"_uag_custom_page_level_css":"","loftloader_page_shortcode":"","_EventAllDay":false,"_EventTimezone":"Europe\/Madrid","_EventStartDate":"2022-05-06 22:00:00","_EventEndDate":"2022-05-06 23:45:00","_EventStartDateUTC":"2022-05-06 20:00:00","_EventEndDateUTC":"2022-05-06 21:45:00","_EventShowMap":false,"_EventShowMapLink":false,"_EventURL":"https:\/\/epticket.com\/es\/events\/staytons-en-madrid-madrid","_EventCost":"10","_EventCostDescription":"","_EventCurrencySymbol":"\u20ac","_EventCurrencyCode":"","_EventCurrencyPosition":"suffix","_EventDateTimeSeparator":"@","_EventTimeRangeSeparator":"-","_EventOrganizerID":[],"_EventVenueID":[0],"_OrganizerEmail":"","_OrganizerPhone":"","_OrganizerWebsite":"","_VenueAddress":"","_VenueCity":"","_VenueCountry":"","_VenueProvince":"","_VenueState":"","_VenueZip":"","_VenuePhone":"","_VenueURL":"","_VenueStateProvince":"","_VenueLat":"","_VenueLng":"","_VenueShowMap":false,"_VenueShowMapLink":false,"_tribe_blocks_recurrence_rules":"","_tribe_blocks_recurrence_description":"","_tribe_blocks_recurrence_exclusions":"","_ecp_custom_2":"","_tribe_events_status":"","_tribe_events_status_reason":"","_tribe_events_is_hybrid":"","_tribe_events_is_virtual":"","_tribe_events_virtual_video_source":"","_tribe_events_virtual_embed_video":"","_tribe_events_virtual_linked_button_text":"","_tribe_events_virtual_linked_button":"","_tribe_events_virtual_show_embed_at":"","_tribe_events_virtual_show_embed_to":[],"_tribe_events_virtual_show_on_event":"","_tribe_events_virtual_show_on_views":"","_tribe_events_virtual_url":"","footnotes":""},"tags":[9810,9813,10769,8869,2865,9147,9146,10774,10770,10764,10773,10772,10768,10767,10771,10766,10763,10765,10762],"tribe_events_cat":[8963],"class_list":["post-21180","tribe_events","type-tribe_events","status-publish","has-post-thumbnail","hentry","tag-aie","tag-artistas-en-ruta","tag-bdcoder","tag-cafe-la-palma-2","tag-conciertos-cafe-la-palma","tag-conciertos-madrid","tag-conciertos-malasana","tag-dani-sevillano","tag-dcode","tag-ep-comunicacion","tag-igor-paskual","tag-lo-que-siempre-has-querido","tag-mad-cool","tag-mahou-cool-talent","tag-premios-rock-villa-de-madrid","tag-sonorama","tag-staytons","tag-talento-ribera","tag-villaviciosa","tribe_events_cat-concierto","cat_concierto"],"uagb_featured_image_src":{"full":["https:\/\/cafelapalma.com\/wp-content\/uploads\/2022\/01\/Staytons-low.jpg",418,627,false],"thumbnail":["https:\/\/cafelapalma.com\/wp-content\/uploads\/2022\/01\/Staytons-low-150x150.jpg",150,150,true],"medium":["https:\/\/cafelapalma.com\/wp-content\/uploads\/2022\/01\/Staytons-low-200x300.jpg",200,300,true],"medium_large":["https:\/\/cafelapalma.com\/wp-content\/uploads\/2022\/01\/Staytons-low.jpg",418,627,false],"large":["https:\/\/cafelapalma.com\/wp-content\/uploads\/2022\/01\/Staytons-low.jpg",418,627,false],"1536x1536":["https:\/\/cafelapalma.com\/wp-content\/uploads\/2022\/01\/Staytons-low.jpg",418,627,false],"2048x2048":["https:\/\/cafelapalma.com\/wp-content\/uploads\/2022\/01\/Staytons-low.jpg",418,627,false],"trp-custom-language-flag":["https:\/\/cafelapalma.com\/wp-content\/uploads\/2022\/01\/Staytons-low.jpg",8,12,false],"blossom-feminine-slider":["https:\/\/cafelapalma.com\/wp-content\/uploads\/2022\/01\/Staytons-low.jpg",418,627,false],"blossom-feminine-featured":["https:\/\/cafelapalma.com\/wp-content\/uploads\/2022\/01\/Staytons-low-418x600.jpg",418,600,true],"blossom-feminine-with-sidebar":["https:\/\/cafelapalma.com\/wp-content\/uploads\/2022\/01\/Staytons-low-418x600.jpg",418,600,true],"blossom-feminine-blog":["https:\/\/cafelapalma.com\/wp-content\/uploads\/2022\/01\/Staytons-low-418x435.jpg",418,435,true],"blossom-feminine-cat":["https:\/\/cafelapalma.com\/wp-content\/uploads\/2022\/01\/Staytons-low-418x300.jpg",418,300,true],"blossom-feminine-related":["https:\/\/cafelapalma.com\/wp-content\/uploads\/2022\/01\/Staytons-low-320x200.jpg",320,200,true],"blossom-feminine-schema":["https:\/\/cafelapalma.com\/wp-content\/uploads\/2022\/01\/Staytons-low-40x60.jpg",40,60,true]},"uagb_author_info":{"display_name":"Victor","author_link":"https:\/\/cafelapalma.com\/en\/author\/comunicacion\/"},"uagb_comment_info":0,"uagb_excerpt":"Existe una ciudad en el estado de Oregon que guarda una aparentemente inexplicable relaci\u00f3n con el concejo asturiano de Villaviciosa. Esta ciudad se llama Stayton, y all\u00ed vive la familia americana del cantante de este grupo que, desde 2017, lleva conquistando buena parte del pa\u00eds. Un conjunto musical que desde su debut en 2018 ha&hellip;","_links":{"self":[{"href":"https:\/\/cafelapalma.com\/en\/wp-json\/wp\/v2\/tribe_events\/21180","targetHints":{"allow":["GET"]}}],"collection":[{"href":"https:\/\/cafelapalma.com\/en\/wp-json\/wp\/v2\/tribe_events"}],"about":[{"href":"https:\/\/cafelapalma.com\/en\/wp-json\/wp\/v2\/types\/tribe_events"}],"author":[{"embeddable":true,"href":"https:\/\/cafelapalma.com\/en\/wp-json\/wp\/v2\/users\/2"}],"version-history":[{"count":0,"href":"https:\/\/cafelapalma.com\/en\/wp-json\/wp\/v2\/tribe_events\/21180\/revisions"}],"wp:featuredmedia":[{"embeddable":true,"href":"https:\/\/cafelapalma.com\/en\/wp-json\/wp\/v2\/media\/21182"}],"wp:attachment":[{"href":"https:\/\/cafelapalma.com\/en\/wp-json\/wp\/v2\/media?parent=21180"}],"wp:term":[{"taxonomy":"post_tag","embeddable":true,"href":"https:\/\/cafelapalma.com\/en\/wp-json\/wp\/v2\/tags?post=21180"},{"taxonomy":"tribe_events_cat","embeddable":true,"href":"https:\/\/cafelapalma.com\/en\/wp-json\/wp\/v2\/tribe_events_cat?post=21180"}],"curies":[{"name":"wp","href":"https:\/\/api.w.org\/{rel}","templated":true}]}}