{"id":21361,"date":"2022-02-08T11:55:38","date_gmt":"2022-02-08T10:55:38","guid":{"rendered":"https:\/\/cafelapalma.com\/?post_type=tribe_events&#038;p=21361"},"modified":"2022-04-05T17:59:11","modified_gmt":"2022-04-05T15:59:11","slug":"sound-isidro-9ckles-krissia","status":"publish","type":"tribe_events","link":"https:\/\/cafelapalma.com\/en\/programacion\/sound-isidro-9ckles-krissia\/","title":{"rendered":"SOUND ISIDRO: 9ckles + krissia"},"content":{"rendered":"<div  class=\"tribe-events-schedule tribe-clearfix\" >\n\t<p class=\"tribe-events-schedule__datetime\">\n\t\t<span class=\"tribe-events-schedule__date tribe-events-schedule__date--start\">\n\t\t\t12  May  2022\t\t<\/span>\n\n\t\t\t\t\t<span class=\"tribe-events-schedule__separator tribe-events-schedule__separator--date\">\n\t\t\t\t@\t\t\t<\/span>\n\t\t\t<span class=\"tribe-events-schedule__time tribe-events-schedule__time--start\">\n\t\t\t\t21:30\t\t\t<\/span>\n\t\t\n\t\t\t\t\t\t\t\t\t<span class=\"tribe-events-schedule__separator tribe-events-schedule__separator--time\">\n\t\t\t\t\t&#8211;\t\t\t\t<\/span>\n\t\t\t\n\t\t\t\t\t\t\t<span class=\"tribe-events-schedule__time tribe-events-schedule__time--end\">\n\t\t\t\t\t23:45\t\t\t\t<\/span>\n\t\t\t\n\t\t\t\t\t\t<\/p>\n<\/div>\n\n\n<div  class=\"tribe-block tribe-block__event-price\" >\n\t\t\t<span class=\"tribe-block__event-price__cost\"> 12\u20ac <\/span>\n\t\t\t\t<span class=\"tribe-block__event-price__description\">+ gg Anticipada | 15\u20ac Taquilla<\/span>\n\t<\/div>\n\n\n\n<div style=\"height:100px\" aria-hidden=\"true\" class=\"wp-block-spacer\"><\/div>\n\n\n\n<div class=\"wp-block-columns is-layout-flex wp-container-core-columns-is-layout-8f761849 wp-block-columns-is-layout-flex\">\n<div class=\"wp-block-column is-layout-flow wp-block-column-is-layout-flow\" style=\"flex-basis:33.33%\">\n<figure class=\"wp-block-image size-large\"><img loading=\"lazy\" decoding=\"async\" width=\"512\" height=\"511\" src=\"https:\/\/cafelapalma.com\/wp-content\/uploads\/2022\/02\/9CKLESS_SI_low.png\" alt=\"\" class=\"wp-image-21362\" srcset=\"https:\/\/cafelapalma.com\/wp-content\/uploads\/2022\/02\/9CKLESS_SI_low.png 512w, https:\/\/cafelapalma.com\/wp-content\/uploads\/2022\/02\/9CKLESS_SI_low-300x300.png 300w, https:\/\/cafelapalma.com\/wp-content\/uploads\/2022\/02\/9CKLESS_SI_low-150x150.png 150w, https:\/\/cafelapalma.com\/wp-content\/uploads\/2022\/02\/9CKLESS_SI_low-435x435.png 435w, https:\/\/cafelapalma.com\/wp-content\/uploads\/2022\/02\/9CKLESS_SI_low-60x60.png 60w\" sizes=\"auto, (max-width: 512px) 100vw, 512px\" \/><\/figure>\n\n\n<div  class=\"tribe-block tribe-block__event-website\" >\n\t<a\n\t\thref=\"https:\/\/www.wegow.com\/es-es\/conciertos\/9kless-krissia-en-sound-isidro-2022\"\n\t\ttarget=\"_self\"\n\t\t\t>\n\t\tBUY TICKETS\t<\/a>\n<\/div>\n<\/div>\n\n\n\n<div class=\"wp-block-column is-layout-flow wp-block-column-is-layout-flow\" style=\"flex-basis:66.66%\">\n<p class=\"has-text-align-left wp-block-paragraph\"><strong>9ckles <\/strong>es uno de los artistas m\u00e1s enigm\u00e1ticos del panorama musical <em>underground<\/em>. Con solo 19 a\u00f1os, <strong>Adri Y\u00e1\u00f1ez<\/strong>demuestra su capacidad de adaptaci\u00f3n y se presenta como un m\u00fasico camale\u00f3nico que puede hacer temas de puro hyperpop, pasando por el post-punk hasta llegar al pop de dormitorio.<\/p>\n\n\n\n<p class=\"has-text-align-left wp-block-paragraph\">Despu\u00e9s de <strong><em>\u00abdiario de un ni\u00f1o reci\u00e9n nacido\u00bb<\/em><\/strong>, <strong>9ckles <\/strong>ha publicado recientemente con <strong>Jeanne d\u2019Arc<\/strong> <strong><em>\u00abLas Canciones de Apolo\u00bb<\/em><\/strong>, un EP de tres temas en los que se reflejan sus inquietudes, sus miedos y sus verg\u00fcenzas como solo \u00e9l sabe. Su \u00faltimo trabajo es un doble single cargado de significado que lleva por nombre <strong><em>\u00abLa metamorfosis\u00bb<\/em><\/strong>.<\/p>\n\n\n\n<p class=\"has-text-align-left wp-block-paragraph\"><strong>krissia <\/strong>es el proyecto musical de la barcelonesa <strong>Cris Llobet<\/strong>, una joven que a sus 18 a\u00f1os acaba de publicar su primer disco <strong><em>\u00abkara boi\u00bb<\/em><\/strong> de la mano del productor <strong>egar\u00e6 <\/strong>(<strong>Lluis Sellar\u00e9s<\/strong>), un proyecto muy personal para la artista donde ambos experimentan con &nbsp;los sonidos de una manera tan desprejuiciada como sutil y que se mueven en los m\u00e1rgenes &nbsp;del pop y la m\u00fasica experimental.<\/p>\n\n\n\n<p class=\"has-text-align-left wp-block-paragraph\"><strong>Sound Isidro 2022<\/strong>&nbsp;ha confirmado su regreso durante los meses de mayo y junio, en plena primavera y coincidiendo con los d\u00edas previos y posteriores a la festividad de <strong>San Isidro<\/strong>. El ciclo madrile\u00f1o volver\u00e1 a llevar a algunas de las bandas m\u00e1s interesantes del momento a las salas m\u00e1s emblem\u00e1ticas de la ciudad.<\/p>\n<\/div>\n<\/div>\n\n\n\n<div style=\"height:100px\" aria-hidden=\"true\" class=\"wp-block-spacer\"><\/div>\n\n\n\n<hr class=\"wp-block-separator is-style-wide\"\/>\n\n\n\n<div style=\"height:100px\" aria-hidden=\"true\" class=\"wp-block-spacer\"><\/div>\n\n\n<h2 class=\"tribe-block__related-events__title\">Related Events<\/h2>\n\n<ul  class=\"tribe-related-events tribe-clearfix\" >\n\t\t\t<li>\n\t\n<div class=\"tribe-related-events-thumbnail\">\n\t<a href=\"https:\/\/cafelapalma.com\/en\/programacion\/willie-deville-concierto-benefico-x-venezuela\/\" class=\"url\" rel=\"bookmark\" tabindex=\"-1\" aria-hidden=\"true\"><img loading=\"lazy\" decoding=\"async\" width=\"1020\" height=\"531\" src=\"https:\/\/cafelapalma.com\/wp-content\/uploads\/2026\/08\/Willie-deville-1100x572-1-1040x541.jpg\" class=\"attachment-large size-large wp-post-image\" alt=\"\" \/><\/a>\n<\/div>\n\t<div class=\"tribe-related-event-info\">\n\t<h3 class=\"tribe-related-events-title\">\n\t\t<a href=\"https:\/\/cafelapalma.com\/en\/programacion\/willie-deville-concierto-benefico-x-venezuela\/\" class=\"tribe-event-url\" rel=\"bookmark\">\n\t\t\tWILLIE DEVILLE: CONCIERTO BEN\u00c9FICO X VENEZUELA\t\t<\/a>\n\t<\/h3>\n\t<span class=\"tribe-event-date-start\">6  September@21:00<\/span><span class=\"tribe-event-time\">23:45<\/span><\/div>\n<\/li>\n\t\t\t<li>\n\t\n<div class=\"tribe-related-events-thumbnail\">\n\t<a href=\"https:\/\/cafelapalma.com\/en\/programacion\/new-boix\/\" class=\"url\" rel=\"bookmark\" tabindex=\"-1\" aria-hidden=\"true\"><img loading=\"lazy\" decoding=\"async\" width=\"694\" height=\"1040\" src=\"https:\/\/cafelapalma.com\/wp-content\/uploads\/2026\/05\/WhatsApp-Image-2026-04-29-at-12.00.28-694x1040.jpeg\" class=\"attachment-large size-large wp-post-image\" alt=\"\" \/><\/a>\n<\/div>\n\t<div class=\"tribe-related-event-info\">\n\t<h3 class=\"tribe-related-events-title\">\n\t\t<a href=\"https:\/\/cafelapalma.com\/en\/programacion\/new-boix\/\" class=\"tribe-event-url\" rel=\"bookmark\">\n\t\t\tNEW BOIX\t\t<\/a>\n\t<\/h3>\n\t<span class=\"tribe-event-date-start\">10  September@22:00<\/span><span class=\"tribe-event-time\">23:45<\/span><\/div>\n<\/li>\n\t\t\t<li>\n\t\n<div class=\"tribe-related-events-thumbnail\">\n\t<a href=\"https:\/\/cafelapalma.com\/en\/programacion\/eric-rohmer-seasunday\/\" class=\"url\" rel=\"bookmark\" tabindex=\"-1\" aria-hidden=\"true\"><img loading=\"lazy\" decoding=\"async\" width=\"693\" height=\"1040\" src=\"https:\/\/cafelapalma.com\/wp-content\/uploads\/2026\/07\/ERIC-ROHMER-VERTICAL-1-693x1040.jpg\" class=\"attachment-large size-large wp-post-image\" alt=\"\" \/><\/a>\n<\/div>\n\t<div class=\"tribe-related-event-info\">\n\t<h3 class=\"tribe-related-events-title\">\n\t\t<a href=\"https:\/\/cafelapalma.com\/en\/programacion\/eric-rohmer-seasunday\/\" class=\"tribe-event-url\" rel=\"bookmark\">\n\t\t\tERIC ROHMER + SEASUNDAY\t\t<\/a>\n\t<\/h3>\n\t<span class=\"tribe-event-date-start\">11  September@21:00<\/span><span class=\"tribe-event-time\">23:45<\/span><\/div>\n<\/li>\n\t<\/ul>","protected":false},"excerpt":{"rendered":"<p>9ckles es uno de los artistas m\u00e1s enigm\u00e1ticos del panorama musical underground. Con solo 19 a\u00f1os, Adri Y\u00e1\u00f1ezdemuestra su capacidad de adaptaci\u00f3n y se presenta como un m\u00fasico camale\u00f3nico que puede hacer temas de puro hyperpop, pasando por el post-punk hasta llegar al pop de dormitorio. Despu\u00e9s de \u00abdiario de un ni\u00f1o reci\u00e9n nacido\u00bb, 9ckles &hellip; <\/p>","protected":false},"author":2,"featured_media":21363,"template":"","meta":{"_tec_requires_first_save":false,"_uag_custom_page_level_css":"","loftloader_page_shortcode":"","_EventAllDay":false,"_EventTimezone":"Europe\/Madrid","_EventStartDate":"2022-05-12 21:30:00","_EventEndDate":"2022-05-12 23:45:00","_EventStartDateUTC":"2022-05-12 19:30:00","_EventEndDateUTC":"2022-05-12 21:45:00","_EventShowMap":false,"_EventShowMapLink":false,"_EventURL":"https:\/\/www.wegow.com\/es-es\/conciertos\/9kless-krissia-en-sound-isidro-2022","_EventCost":"12","_EventCostDescription":"","_EventCurrencySymbol":"\u20ac","_EventCurrencyCode":"","_EventCurrencyPosition":"suffix","_EventDateTimeSeparator":"@","_EventTimeRangeSeparator":"-","_EventOrganizerID":[],"_EventVenueID":[0],"_OrganizerEmail":"","_OrganizerPhone":"","_OrganizerWebsite":"","_VenueAddress":"","_VenueCity":"","_VenueCountry":"","_VenueProvince":"","_VenueState":"","_VenueZip":"","_VenuePhone":"","_VenueURL":"","_VenueStateProvince":"","_VenueLat":"","_VenueLng":"","_VenueShowMap":false,"_VenueShowMapLink":false,"_tribe_blocks_recurrence_rules":"","_tribe_blocks_recurrence_description":"","_tribe_blocks_recurrence_exclusions":"","_ecp_custom_2":"","_tribe_events_status":"","_tribe_events_status_reason":"","_tribe_events_is_hybrid":"","_tribe_events_is_virtual":"","_tribe_events_virtual_video_source":"","_tribe_events_virtual_embed_video":"","_tribe_events_virtual_linked_button_text":"","_tribe_events_virtual_linked_button":"","_tribe_events_virtual_show_embed_at":"","_tribe_events_virtual_show_embed_to":[],"_tribe_events_virtual_show_on_event":"","_tribe_events_virtual_show_on_views":"","_tribe_events_virtual_url":"","footnotes":""},"tags":[9744,9745,8869,2865,9147,9146,10903,9747,10905,9746,10901,10904,10902,9749,9748,10906,1355,9412,9300,10899,10900],"tribe_events_cat":[8963],"class_list":["post-21361","tribe_events","type-tribe_events","status-publish","has-post-thumbnail","hentry","tag-9ckles","tag-adri-yanez","tag-cafe-la-palma-2","tag-conciertos-cafe-la-palma","tag-conciertos-madrid","tag-conciertos-malasana","tag-cris-llobet","tag-diario-de-un-nino-recien-nacido","tag-egarae","tag-hyperpop","tag-jeanne-darc-2","tag-kara-boi","tag-krissia","tag-la-metamorfosis","tag-las-canciones-de-apolo","tag-lluis-sellares","tag-pop","tag-post-punk","tag-sound-isidro","tag-sound-isidro-2022","tag-sound-isidro-22","tribe_events_cat-concierto","cat_concierto"],"uagb_featured_image_src":{"full":["https:\/\/cafelapalma.com\/wp-content\/uploads\/2022\/02\/logo-Sound-Isidro-2022.jpg",1600,1600,false],"thumbnail":["https:\/\/cafelapalma.com\/wp-content\/uploads\/2022\/02\/logo-Sound-Isidro-2022-150x150.jpg",150,150,true],"medium":["https:\/\/cafelapalma.com\/wp-content\/uploads\/2022\/02\/logo-Sound-Isidro-2022-300x300.jpg",300,300,true],"medium_large":["https:\/\/cafelapalma.com\/wp-content\/uploads\/2022\/02\/logo-Sound-Isidro-2022-768x768.jpg",768,768,true],"large":["https:\/\/cafelapalma.com\/wp-content\/uploads\/2022\/02\/logo-Sound-Isidro-2022-1024x1024.jpg",1020,1020,true],"1536x1536":["https:\/\/cafelapalma.com\/wp-content\/uploads\/2022\/02\/logo-Sound-Isidro-2022-1536x1536.jpg",1536,1536,true],"2048x2048":["https:\/\/cafelapalma.com\/wp-content\/uploads\/2022\/02\/logo-Sound-Isidro-2022.jpg",1600,1600,false],"trp-custom-language-flag":["https:\/\/cafelapalma.com\/wp-content\/uploads\/2022\/02\/logo-Sound-Isidro-2022.jpg",12,12,false],"blossom-feminine-slider":["https:\/\/cafelapalma.com\/wp-content\/uploads\/2022\/02\/logo-Sound-Isidro-2022-1600x649.jpg",1600,649,true],"blossom-feminine-featured":["https:\/\/cafelapalma.com\/wp-content\/uploads\/2022\/02\/logo-Sound-Isidro-2022-1410x600.jpg",1410,600,true],"blossom-feminine-with-sidebar":["https:\/\/cafelapalma.com\/wp-content\/uploads\/2022\/02\/logo-Sound-Isidro-2022-1020x600.jpg",1020,600,true],"blossom-feminine-blog":["https:\/\/cafelapalma.com\/wp-content\/uploads\/2022\/02\/logo-Sound-Isidro-2022-435x435.jpg",435,435,true],"blossom-feminine-cat":["https:\/\/cafelapalma.com\/wp-content\/uploads\/2022\/02\/logo-Sound-Isidro-2022-450x300.jpg",450,300,true],"blossom-feminine-related":["https:\/\/cafelapalma.com\/wp-content\/uploads\/2022\/02\/logo-Sound-Isidro-2022-320x200.jpg",320,200,true],"blossom-feminine-schema":["https:\/\/cafelapalma.com\/wp-content\/uploads\/2022\/02\/logo-Sound-Isidro-2022-60x60.jpg",60,60,true]},"uagb_author_info":{"display_name":"Victor","author_link":"https:\/\/cafelapalma.com\/en\/author\/comunicacion\/"},"uagb_comment_info":0,"uagb_excerpt":"9ckles es uno de los artistas m\u00e1s enigm\u00e1ticos del panorama musical underground. Con solo 19 a\u00f1os, Adri Y\u00e1\u00f1ezdemuestra su capacidad de adaptaci\u00f3n y se presenta como un m\u00fasico camale\u00f3nico que puede hacer temas de puro hyperpop, pasando por el post-punk hasta llegar al pop de dormitorio. Despu\u00e9s de \u00abdiario de un ni\u00f1o reci\u00e9n nacido\u00bb, 9ckles&hellip;","_links":{"self":[{"href":"https:\/\/cafelapalma.com\/en\/wp-json\/wp\/v2\/tribe_events\/21361","targetHints":{"allow":["GET"]}}],"collection":[{"href":"https:\/\/cafelapalma.com\/en\/wp-json\/wp\/v2\/tribe_events"}],"about":[{"href":"https:\/\/cafelapalma.com\/en\/wp-json\/wp\/v2\/types\/tribe_events"}],"author":[{"embeddable":true,"href":"https:\/\/cafelapalma.com\/en\/wp-json\/wp\/v2\/users\/2"}],"version-history":[{"count":0,"href":"https:\/\/cafelapalma.com\/en\/wp-json\/wp\/v2\/tribe_events\/21361\/revisions"}],"wp:featuredmedia":[{"embeddable":true,"href":"https:\/\/cafelapalma.com\/en\/wp-json\/wp\/v2\/media\/21363"}],"wp:attachment":[{"href":"https:\/\/cafelapalma.com\/en\/wp-json\/wp\/v2\/media?parent=21361"}],"wp:term":[{"taxonomy":"post_tag","embeddable":true,"href":"https:\/\/cafelapalma.com\/en\/wp-json\/wp\/v2\/tags?post=21361"},{"taxonomy":"tribe_events_cat","embeddable":true,"href":"https:\/\/cafelapalma.com\/en\/wp-json\/wp\/v2\/tribe_events_cat?post=21361"}],"curies":[{"name":"wp","href":"https:\/\/api.w.org\/{rel}","templated":true}]}}