{"id":21383,"date":"2022-02-09T11:49:38","date_gmt":"2022-02-09T10:49:38","guid":{"rendered":"https:\/\/cafelapalma.com\/?post_type=tribe_events&#038;p=21383"},"modified":"2022-02-14T10:34:54","modified_gmt":"2022-02-14T09:34:54","slug":"chavales-con-banda-aie","status":"publish","type":"tribe_events","link":"https:\/\/cafelapalma.com\/en\/programacion\/chavales-con-banda-aie\/","title":{"rendered":"CHAVALES"},"content":{"rendered":"<div  class=\"tribe-events-schedule tribe-clearfix\" >\n\t<p class=\"tribe-events-schedule__datetime\">\n\t\t<span class=\"tribe-events-schedule__date tribe-events-schedule__date--start\">\n\t\t\t31  March  2022\t\t<\/span>\n\n\t\t\t\t\t<span class=\"tribe-events-schedule__separator tribe-events-schedule__separator--date\">\n\t\t\t\t@\t\t\t<\/span>\n\t\t\t<span class=\"tribe-events-schedule__time tribe-events-schedule__time--start\">\n\t\t\t\t22:00\t\t\t<\/span>\n\t\t\n\t\t\t\t\t\t\t\t\t<span class=\"tribe-events-schedule__separator tribe-events-schedule__separator--time\">\n\t\t\t\t\t&#8211;\t\t\t\t<\/span>\n\t\t\t\n\t\t\t\t\t\t\t<span class=\"tribe-events-schedule__time tribe-events-schedule__time--end\">\n\t\t\t\t\t23:45\t\t\t\t<\/span>\n\t\t\t\n\t\t\t\t\t\t<\/p>\n<\/div>\n\n\n<div  class=\"tribe-block tribe-block__event-price\" >\n\t\t\t<span class=\"tribe-block__event-price__cost\"> 6\u20ac <\/span>\n\t\t\t\t<span class=\"tribe-block__event-price__description\">+ gg Anticipada | 8\u20ac Taquilla<\/span>\n\t<\/div>\n\n\n\n<div style=\"height:100px\" aria-hidden=\"true\" class=\"wp-block-spacer\"><\/div>\n\n\n\n<div class=\"wp-block-columns is-layout-flex wp-container-core-columns-is-layout-8f761849 wp-block-columns-is-layout-flex\">\n<div class=\"wp-block-column is-layout-flow wp-block-column-is-layout-flow\" style=\"flex-basis:33.33%\">\n<figure class=\"wp-block-image size-large\"><img loading=\"lazy\" decoding=\"async\" width=\"430\" height=\"608\" src=\"https:\/\/cafelapalma.com\/wp-content\/uploads\/2022\/02\/chaval-A3LOW.jpg\" alt=\"\" class=\"wp-image-21384\" srcset=\"https:\/\/cafelapalma.com\/wp-content\/uploads\/2022\/02\/chaval-A3LOW.jpg 430w, https:\/\/cafelapalma.com\/wp-content\/uploads\/2022\/02\/chaval-A3LOW-212x300.jpg 212w, https:\/\/cafelapalma.com\/wp-content\/uploads\/2022\/02\/chaval-A3LOW-42x60.jpg 42w\" sizes=\"auto, (max-width: 430px) 100vw, 430px\" \/><\/figure>\n\n\n<div  class=\"tribe-block tribe-block__event-website\" >\n\t<a\n\t\thref=\"https:\/\/entradium.com\/events\/chavales\"\n\t\ttarget=\"_self\"\n\t\t\t>\n\t\tBUY TICKETS\t<\/a>\n<\/div>\n<\/div>\n\n\n\n<div class=\"wp-block-column is-layout-flow wp-block-column-is-layout-flow\" style=\"flex-basis:66.66%\">\n<p class=\"wp-block-paragraph\"><\/p>\n\n\n\n<p class=\"has-text-align-left wp-block-paragraph\">La colecci\u00f3n <strong><em>\u201cNew Adventures In Pop\u201d<\/em><\/strong> de <strong>Elefant Records<\/strong> est\u00e1 que arde y, sin duda, esto es una buena muestra del estado efervescente de la escena pop espa\u00f1ola. Una de las \u00faltimas novedades es <strong>CHAVALES<\/strong>, d\u00fao formado por el mallorqu\u00edn <strong>Daniel Rodr\u00edguez<\/strong> y el extreme\u00f1o <strong>Javier Paredes<\/strong>.<\/p>\n\n\n\n<p class=\"has-text-align-left wp-block-paragraph\">Su sonido es un pop electr\u00f3nico altamente bailable, pero al mismo tiempo elegante, sabiendo conjugar sabiamente los sonidos pasados y los m\u00e1s actuales, con unas letras atrevidas, desenfadadas y ocurrentes. Ecos de <strong>Pet Shop Boys<\/strong>, la osad\u00eda l\u00edrica de <strong>Los Punsetes<\/strong>, el coqueteo con ciertas propuestas comerciales actuales tremendamente adictivas como <strong>Robyn<\/strong>, <strong>Charli XCX<\/strong>, <strong>TV Girl<\/strong>, <strong>Claud <\/strong>o <strong>Boy Pablo<\/strong>, pero tambi\u00e9n el regusto del buen hacer y la elegancia de los <strong>Orange Juice<\/strong> m\u00e1s trotones. Los bajos profundos y los teclados densos nos recuerdan a <strong>Electric Youth<\/strong>,  con unos estribillos hipn\u00f3ticos, pero tremendamente chiclosos, e incluso se permiten, en alg\u00fan tema muy puntual, hacer alg\u00fan gui\u00f1o al reggaet\u00f3n y la m\u00fasica de videojuegos.<\/p>\n\n\n\n<p class=\"has-text-align-left wp-block-paragraph\">Tropicalismo, ecos latinos, new wave espa\u00f1ola ochentera y m\u00fasica de 8 bits conforman un c\u00f3ctel jugoso y tremendamente imaginativo. De esas canciones que, cuando las oyes por primera vez, sabes que te quieres aprender la letra r\u00e1pidamente para cantarlas a viva voz. Tras estrenarse en <strong>CAFE LA PALMA<\/strong> en 2018 junto a <strong>Die Katapult<\/strong> y repetir experiencia con aforos reducidos en un escenario postpand\u00e9mico, <strong>Chavales <\/strong>regresan a la que es su casa, y esta vez -la primera de todas- con banda al completo, de la mano del ciclo <strong>Aie ARTISTAS EN RUTA<\/strong>.<\/p>\n<\/div>\n<\/div>\n\n\n\n<div style=\"height:100px\" aria-hidden=\"true\" class=\"wp-block-spacer\"><\/div>\n\n\n\n<hr class=\"wp-block-separator is-style-wide\"\/>\n\n\n\n<div style=\"height:100px\" aria-hidden=\"true\" class=\"wp-block-spacer\"><\/div>\n\n\n<h2 class=\"tribe-block__related-events__title\">Related Events<\/h2>\n\n<ul  class=\"tribe-related-events tribe-clearfix\" >\n\t\t\t<li>\n\t\n<div class=\"tribe-related-events-thumbnail\">\n\t<a href=\"https:\/\/cafelapalma.com\/en\/programacion\/funkin-donuts\/\" class=\"url\" rel=\"bookmark\" tabindex=\"-1\" aria-hidden=\"true\"><img loading=\"lazy\" decoding=\"async\" width=\"693\" height=\"1040\" src=\"https:\/\/cafelapalma.com\/wp-content\/uploads\/2026\/07\/FD-vert2-bn-693x1040.jpg\" class=\"attachment-large size-large wp-post-image\" alt=\"\" \/><\/a>\n<\/div>\n\t<div class=\"tribe-related-event-info\">\n\t<h3 class=\"tribe-related-events-title\">\n\t\t<a href=\"https:\/\/cafelapalma.com\/en\/programacion\/funkin-donuts\/\" class=\"tribe-event-url\" rel=\"bookmark\">\n\t\t\tFUNKIN&#8217; DONUTS\t\t<\/a>\n\t<\/h3>\n\t<span class=\"tribe-event-date-start\">5  September@22:00<\/span><span class=\"tribe-event-time\">23:45<\/span><\/div>\n<\/li>\n\t\t\t<li>\n\t\n<div class=\"tribe-related-events-thumbnail\">\n\t<a href=\"https:\/\/cafelapalma.com\/en\/programacion\/willie-deville-concierto-benefico-x-venezuela\/\" class=\"url\" rel=\"bookmark\" tabindex=\"-1\" aria-hidden=\"true\"><img loading=\"lazy\" decoding=\"async\" width=\"1020\" height=\"531\" src=\"https:\/\/cafelapalma.com\/wp-content\/uploads\/2026\/08\/Willie-deville-1100x572-1-1040x541.jpg\" class=\"attachment-large size-large wp-post-image\" alt=\"\" \/><\/a>\n<\/div>\n\t<div class=\"tribe-related-event-info\">\n\t<h3 class=\"tribe-related-events-title\">\n\t\t<a href=\"https:\/\/cafelapalma.com\/en\/programacion\/willie-deville-concierto-benefico-x-venezuela\/\" class=\"tribe-event-url\" rel=\"bookmark\">\n\t\t\tWILLIE DEVILLE: CONCIERTO BEN\u00c9FICO X VENEZUELA\t\t<\/a>\n\t<\/h3>\n\t<span class=\"tribe-event-date-start\">6  September@21:00<\/span><span class=\"tribe-event-time\">23:45<\/span><\/div>\n<\/li>\n\t\t\t<li>\n\t\n<div class=\"tribe-related-events-thumbnail\">\n\t<a href=\"https:\/\/cafelapalma.com\/en\/programacion\/new-boix\/\" class=\"url\" rel=\"bookmark\" tabindex=\"-1\" aria-hidden=\"true\"><img loading=\"lazy\" decoding=\"async\" width=\"694\" height=\"1040\" src=\"https:\/\/cafelapalma.com\/wp-content\/uploads\/2026\/05\/WhatsApp-Image-2026-04-29-at-12.00.28-694x1040.jpeg\" class=\"attachment-large size-large wp-post-image\" alt=\"\" \/><\/a>\n<\/div>\n\t<div class=\"tribe-related-event-info\">\n\t<h3 class=\"tribe-related-events-title\">\n\t\t<a href=\"https:\/\/cafelapalma.com\/en\/programacion\/new-boix\/\" class=\"tribe-event-url\" rel=\"bookmark\">\n\t\t\tNEW BOIX\t\t<\/a>\n\t<\/h3>\n\t<span class=\"tribe-event-date-start\">10  September@22:00<\/span><span class=\"tribe-event-time\">23:45<\/span><\/div>\n<\/li>\n\t<\/ul>","protected":false},"excerpt":{"rendered":"<p>La colecci\u00f3n \u201cNew Adventures In Pop\u201d de Elefant Records est\u00e1 que arde y, sin duda, esto es una buena muestra del estado efervescente de la escena pop espa\u00f1ola. Una de las \u00faltimas novedades es CHAVALES, d\u00fao formado por el mallorqu\u00edn Daniel Rodr\u00edguez y el extreme\u00f1o Javier Paredes. Su sonido es un pop electr\u00f3nico altamente bailable, &hellip; <\/p>","protected":false},"author":2,"featured_media":21467,"template":"","meta":{"_tec_requires_first_save":false,"_uag_custom_page_level_css":"","loftloader_page_shortcode":"","_EventAllDay":false,"_EventTimezone":"Europe\/Madrid","_EventStartDate":"2022-03-31 22:00:00","_EventEndDate":"2022-03-31 23:45:00","_EventStartDateUTC":"2022-03-31 20:00:00","_EventEndDateUTC":"2022-03-31 21:45:00","_EventShowMap":false,"_EventShowMapLink":false,"_EventURL":"https:\/\/entradium.com\/events\/chavales","_EventCost":"6","_EventCostDescription":"","_EventCurrencySymbol":"\u20ac","_EventCurrencyCode":"","_EventCurrencyPosition":"suffix","_EventDateTimeSeparator":"@","_EventTimeRangeSeparator":"-","_EventOrganizerID":[],"_EventVenueID":[0],"_OrganizerEmail":"","_OrganizerPhone":"","_OrganizerWebsite":"","_VenueAddress":"","_VenueCity":"","_VenueCountry":"","_VenueProvince":"","_VenueState":"","_VenueZip":"","_VenuePhone":"","_VenueURL":"","_VenueStateProvince":"","_VenueLat":"","_VenueLng":"","_VenueShowMap":false,"_VenueShowMapLink":false,"_tribe_blocks_recurrence_rules":"","_tribe_blocks_recurrence_description":"","_tribe_blocks_recurrence_exclusions":"","_ecp_custom_2":"","_tribe_events_status":"","_tribe_events_status_reason":"","_tribe_events_is_hybrid":"","_tribe_events_is_virtual":"","_tribe_events_virtual_video_source":"","_tribe_events_virtual_embed_video":"","_tribe_events_virtual_linked_button_text":"","_tribe_events_virtual_linked_button":"","_tribe_events_virtual_show_embed_at":"","_tribe_events_virtual_show_embed_to":[],"_tribe_events_virtual_show_on_event":"","_tribe_events_virtual_show_on_views":"","_tribe_events_virtual_url":"","footnotes":""},"tags":[9810,10937,8869,9287,2865,9147,9146,9293,10935,10179,9299,9289,9294,10936,10934],"tribe_events_cat":[8963],"class_list":["post-21383","tribe_events","type-tribe_events","status-publish","has-post-thumbnail","hentry","tag-aie","tag-aie-artistas-en-rut","tag-cafe-la-palma-2","tag-chavales","tag-conciertos-cafe-la-palma","tag-conciertos-madrid","tag-conciertos-malasana","tag-daniel-daniel","tag-daniel-rodriguez","tag-daniel-daniel-2","tag-die-katapult","tag-elefant-records","tag-javi-paredes","tag-javier-paredes","tag-new-adventures-in-pop","tribe_events_cat-concierto","cat_concierto"],"uagb_featured_image_src":{"full":["https:\/\/cafelapalma.com\/wp-content\/uploads\/2022\/02\/CHAVALES__PROMO_LOW.jpg",418,627,false],"thumbnail":["https:\/\/cafelapalma.com\/wp-content\/uploads\/2022\/02\/CHAVALES__PROMO_LOW-150x150.jpg",150,150,true],"medium":["https:\/\/cafelapalma.com\/wp-content\/uploads\/2022\/02\/CHAVALES__PROMO_LOW-200x300.jpg",200,300,true],"medium_large":["https:\/\/cafelapalma.com\/wp-content\/uploads\/2022\/02\/CHAVALES__PROMO_LOW.jpg",418,627,false],"large":["https:\/\/cafelapalma.com\/wp-content\/uploads\/2022\/02\/CHAVALES__PROMO_LOW.jpg",418,627,false],"1536x1536":["https:\/\/cafelapalma.com\/wp-content\/uploads\/2022\/02\/CHAVALES__PROMO_LOW.jpg",418,627,false],"2048x2048":["https:\/\/cafelapalma.com\/wp-content\/uploads\/2022\/02\/CHAVALES__PROMO_LOW.jpg",418,627,false],"trp-custom-language-flag":["https:\/\/cafelapalma.com\/wp-content\/uploads\/2022\/02\/CHAVALES__PROMO_LOW.jpg",8,12,false],"blossom-feminine-slider":["https:\/\/cafelapalma.com\/wp-content\/uploads\/2022\/02\/CHAVALES__PROMO_LOW.jpg",418,627,false],"blossom-feminine-featured":["https:\/\/cafelapalma.com\/wp-content\/uploads\/2022\/02\/CHAVALES__PROMO_LOW-418x600.jpg",418,600,true],"blossom-feminine-with-sidebar":["https:\/\/cafelapalma.com\/wp-content\/uploads\/2022\/02\/CHAVALES__PROMO_LOW-418x600.jpg",418,600,true],"blossom-feminine-blog":["https:\/\/cafelapalma.com\/wp-content\/uploads\/2022\/02\/CHAVALES__PROMO_LOW-418x435.jpg",418,435,true],"blossom-feminine-cat":["https:\/\/cafelapalma.com\/wp-content\/uploads\/2022\/02\/CHAVALES__PROMO_LOW-418x300.jpg",418,300,true],"blossom-feminine-related":["https:\/\/cafelapalma.com\/wp-content\/uploads\/2022\/02\/CHAVALES__PROMO_LOW-320x200.jpg",320,200,true],"blossom-feminine-schema":["https:\/\/cafelapalma.com\/wp-content\/uploads\/2022\/02\/CHAVALES__PROMO_LOW-40x60.jpg",40,60,true]},"uagb_author_info":{"display_name":"Victor","author_link":"https:\/\/cafelapalma.com\/en\/author\/comunicacion\/"},"uagb_comment_info":0,"uagb_excerpt":"La colecci\u00f3n \u201cNew Adventures In Pop\u201d de Elefant Records est\u00e1 que arde y, sin duda, esto es una buena muestra del estado efervescente de la escena pop espa\u00f1ola. Una de las \u00faltimas novedades es CHAVALES, d\u00fao formado por el mallorqu\u00edn Daniel Rodr\u00edguez y el extreme\u00f1o Javier Paredes. Su sonido es un pop electr\u00f3nico altamente bailable,&hellip;","_links":{"self":[{"href":"https:\/\/cafelapalma.com\/en\/wp-json\/wp\/v2\/tribe_events\/21383","targetHints":{"allow":["GET"]}}],"collection":[{"href":"https:\/\/cafelapalma.com\/en\/wp-json\/wp\/v2\/tribe_events"}],"about":[{"href":"https:\/\/cafelapalma.com\/en\/wp-json\/wp\/v2\/types\/tribe_events"}],"author":[{"embeddable":true,"href":"https:\/\/cafelapalma.com\/en\/wp-json\/wp\/v2\/users\/2"}],"version-history":[{"count":0,"href":"https:\/\/cafelapalma.com\/en\/wp-json\/wp\/v2\/tribe_events\/21383\/revisions"}],"wp:featuredmedia":[{"embeddable":true,"href":"https:\/\/cafelapalma.com\/en\/wp-json\/wp\/v2\/media\/21467"}],"wp:attachment":[{"href":"https:\/\/cafelapalma.com\/en\/wp-json\/wp\/v2\/media?parent=21383"}],"wp:term":[{"taxonomy":"post_tag","embeddable":true,"href":"https:\/\/cafelapalma.com\/en\/wp-json\/wp\/v2\/tags?post=21383"},{"taxonomy":"tribe_events_cat","embeddable":true,"href":"https:\/\/cafelapalma.com\/en\/wp-json\/wp\/v2\/tribe_events_cat?post=21383"}],"curies":[{"name":"wp","href":"https:\/\/api.w.org\/{rel}","templated":true}]}}