{"id":22278,"date":"2022-04-19T10:56:53","date_gmt":"2022-04-19T08:56:53","guid":{"rendered":"https:\/\/cafelapalma.com\/?post_type=tribe_events&#038;p=22278"},"modified":"2022-04-19T10:57:10","modified_gmt":"2022-04-19T08:57:10","slug":"pumuky-aie","status":"publish","type":"tribe_events","link":"https:\/\/cafelapalma.com\/en\/programacion\/pumuky-aie\/","title":{"rendered":"PUMUKY"},"content":{"rendered":"<div  class=\"tribe-events-schedule tribe-clearfix\" >\n\t<p class=\"tribe-events-schedule__datetime\">\n\t\t<span class=\"tribe-events-schedule__date tribe-events-schedule__date--start\">\n\t\t\t13  May  2022\t\t<\/span>\n\n\t\t\t\t\t<span class=\"tribe-events-schedule__separator tribe-events-schedule__separator--date\">\n\t\t\t\t@\t\t\t<\/span>\n\t\t\t<span class=\"tribe-events-schedule__time tribe-events-schedule__time--start\">\n\t\t\t\t22:00\t\t\t<\/span>\n\t\t\n\t\t\t\t\t\t\t\t\t<span class=\"tribe-events-schedule__separator tribe-events-schedule__separator--time\">\n\t\t\t\t\t&#8211;\t\t\t\t<\/span>\n\t\t\t\n\t\t\t\t\t\t\t<span class=\"tribe-events-schedule__time tribe-events-schedule__time--end\">\n\t\t\t\t\t23:45\t\t\t\t<\/span>\n\t\t\t\n\t\t\t\t\t\t<\/p>\n<\/div>\n\n\n<div  class=\"tribe-block tribe-block__event-price\" >\n\t\t\t<span class=\"tribe-block__event-price__cost\"> 12\u20ac <\/span>\n\t\t\t\t<span class=\"tribe-block__event-price__description\">+ gg Anticipada | 15\u20ac Taquilla<\/span>\n\t<\/div>\n\n\n\n<div style=\"height:100px\" aria-hidden=\"true\" class=\"wp-block-spacer\"><\/div>\n\n\n\n<div class=\"wp-block-columns is-layout-flex wp-container-core-columns-is-layout-8f761849 wp-block-columns-is-layout-flex\">\n<div class=\"wp-block-column is-layout-flow wp-block-column-is-layout-flow\" style=\"flex-basis:33.33%\">\n<figure class=\"wp-block-image size-full\"><img loading=\"lazy\" decoding=\"async\" width=\"430\" height=\"608\" src=\"https:\/\/cafelapalma.com\/wp-content\/uploads\/2022\/04\/PUMUKY-A3-LOW.jpg\" alt=\"\" class=\"wp-image-22280\" srcset=\"https:\/\/cafelapalma.com\/wp-content\/uploads\/2022\/04\/PUMUKY-A3-LOW.jpg 430w, https:\/\/cafelapalma.com\/wp-content\/uploads\/2022\/04\/PUMUKY-A3-LOW-212x300.jpg 212w, https:\/\/cafelapalma.com\/wp-content\/uploads\/2022\/04\/PUMUKY-A3-LOW-42x60.jpg 42w\" sizes=\"auto, (max-width: 430px) 100vw, 430px\" \/><\/figure>\n\n\n<div  class=\"tribe-block tribe-block__event-website\" >\n\t<a\n\t\thref=\"https:\/\/link.dice.fm\/rd97bf81d00f\"\n\t\ttarget=\"_self\"\n\t\t\t>\n\t\tCOMPRAR ENTRADAS\t<\/a>\n<\/div>\n<\/div>\n\n\n\n<div class=\"wp-block-column is-layout-flow wp-block-column-is-layout-flow\" style=\"flex-basis:66.66%\">\n<p class=\"wp-block-paragraph\"><\/p>\n\n\n\n<p class=\"has-text-align-left wp-block-paragraph\">Detr\u00e1s de <strong>Pumuky<\/strong> se esconden los hermanos <strong>Ja\u00edr <\/strong>y <strong>No\u00e9 Ram\u00edrez<\/strong>, originarios de una peque\u00f1a localidad del norte de <strong>Tenerife<\/strong>. A pesar de una accidentada traves\u00eda con m\u00faltiples cambios de formaci\u00f3n, han publicado cerca de una decena de referencias discogr\u00e1ficas en sellos como <strong>Jabalina<\/strong>, <strong>WeAreWolves<\/strong> o <strong>Keroxen<\/strong>. Acumulan a su vez un largo historial de conciertos en <strong>Europa <\/strong>y <strong>Latinoam\u00e9rica<\/strong>, con presencia en importantes foros como <strong>Primavera Sound<\/strong> o el <strong>Festival NRMAL<\/strong> (<strong>M\u00e9xico<\/strong>). Destacados medios musicales, pasando por <strong>Rockdelux <\/strong>o <strong>Remezcla<\/strong>, han bendecido su propuesta, apareciendo sus trabajos en multitud de refer\u00e9ndums anuales.<\/p>\n\n\n\n<p class=\"has-text-align-left wp-block-paragraph\">Su \u00faltimo trabajo publicado fue un EP titulado <em>\u00ab<strong>Castillo Interior<\/strong>\u00ab<\/em>. Este lanzamiento cont\u00f3 con una serie de remixes de artistas de la talla de <strong>Jimmy Tamborello<\/strong> (<strong>Dntel<\/strong>, <strong>The Postal Service<\/strong>), <strong>Xiu Xiu<\/strong>, <strong>David Cordero<\/strong>, <strong>El Hijo<\/strong> o <strong>Somos La Herencia<\/strong>. Cuatro a\u00f1os despu\u00e9s de pisar el escenario de <strong>CAFE LA PALMA<\/strong> por primera vez, regresan para estrenar <em>\u00ab<strong>Metahackeo<\/strong>\u00ab<\/em>, un single que publicar\u00e1n el 6 de mayo y donde contaron con la colaboraci\u00f3n especial de <strong>Elinor Almenara<\/strong> de&nbsp;<strong>VVV [Trippin&#8217;you]<\/strong>, una de las bandas m\u00e1s excitantes del momento.<\/p>\n\n\n\n<p class=\"has-text-align-left wp-block-paragraph\">Rara avis, con dif\u00edcil encaje en etiquetas y escenas, <strong>Pumuky <\/strong>escriben canciones como si hicieran trucos de escapismo.<\/p>\n<\/div>\n<\/div>\n\n\n\n<div style=\"height:100px\" aria-hidden=\"true\" class=\"wp-block-spacer\"><\/div>\n\n\n\n<hr class=\"wp-block-separator is-style-wide\"\/>\n\n\n\n<div style=\"height:100px\" aria-hidden=\"true\" class=\"wp-block-spacer\"><\/div>\n\n\n<h2 class=\"tribe-block__related-events__title\">Related Events<\/h2>\n\n<ul  class=\"tribe-related-events tribe-clearfix\" >\n\t\t\t<li>\n\t\n<div class=\"tribe-related-events-thumbnail\">\n\t<a href=\"https:\/\/cafelapalma.com\/en\/programacion\/funkin-donuts\/\" class=\"url\" rel=\"bookmark\" tabindex=\"-1\" aria-hidden=\"true\"><img loading=\"lazy\" decoding=\"async\" width=\"693\" height=\"1040\" src=\"https:\/\/cafelapalma.com\/wp-content\/uploads\/2026\/07\/FD-vert2-bn-693x1040.jpg\" class=\"attachment-large size-large wp-post-image\" alt=\"\" \/><\/a>\n<\/div>\n\t<div class=\"tribe-related-event-info\">\n\t<h3 class=\"tribe-related-events-title\">\n\t\t<a href=\"https:\/\/cafelapalma.com\/en\/programacion\/funkin-donuts\/\" class=\"tribe-event-url\" rel=\"bookmark\">\n\t\t\tFUNKIN&#8217; DONUTS\t\t<\/a>\n\t<\/h3>\n\t<span class=\"tribe-event-date-start\">5  September@22:00<\/span><span class=\"tribe-event-time\">23:45<\/span><\/div>\n<\/li>\n\t\t\t<li>\n\t\n<div class=\"tribe-related-events-thumbnail\">\n\t<a href=\"https:\/\/cafelapalma.com\/en\/programacion\/backstage-le-petit-truffle-mayo\/\" class=\"url\" rel=\"bookmark\" tabindex=\"-1\" aria-hidden=\"true\"><img loading=\"lazy\" decoding=\"async\" width=\"780\" height=\"1040\" src=\"https:\/\/cafelapalma.com\/wp-content\/uploads\/2026\/07\/Imagen-TruffleMayo-LePetit-i-1-780x1040.png\" class=\"attachment-large size-large wp-post-image\" alt=\"\" \/><\/a>\n<\/div>\n\t<div class=\"tribe-related-event-info\">\n\t<h3 class=\"tribe-related-events-title\">\n\t\t<a href=\"https:\/\/cafelapalma.com\/en\/programacion\/backstage-le-petit-truffle-mayo\/\" class=\"tribe-event-url\" rel=\"bookmark\">\n\t\t\tBACKSTAGE: LE PETIT + TRUFFLE MAYO\t\t<\/a>\n\t<\/h3>\n\t<span class=\"tribe-event-date-start\">5  September@23:55<\/span><\/div>\n<\/li>\n\t\t\t<li>\n\t\n<div class=\"tribe-related-events-thumbnail\">\n\t<a href=\"https:\/\/cafelapalma.com\/en\/programacion\/willie-deville-concierto-benefico-x-venezuela\/\" class=\"url\" rel=\"bookmark\" tabindex=\"-1\" aria-hidden=\"true\"><img loading=\"lazy\" decoding=\"async\" width=\"1020\" height=\"531\" src=\"https:\/\/cafelapalma.com\/wp-content\/uploads\/2026\/08\/Willie-deville-1100x572-1-1040x541.jpg\" class=\"attachment-large size-large wp-post-image\" alt=\"\" \/><\/a>\n<\/div>\n\t<div class=\"tribe-related-event-info\">\n\t<h3 class=\"tribe-related-events-title\">\n\t\t<a href=\"https:\/\/cafelapalma.com\/en\/programacion\/willie-deville-concierto-benefico-x-venezuela\/\" class=\"tribe-event-url\" rel=\"bookmark\">\n\t\t\tWILLIE DEVILLE: CONCIERTO BEN\u00c9FICO X VENEZUELA\t\t<\/a>\n\t<\/h3>\n\t<span class=\"tribe-event-date-start\">6  September@21:00<\/span><span class=\"tribe-event-time\">23:45<\/span><\/div>\n<\/li>\n\t<\/ul>\n","protected":false},"excerpt":{"rendered":"<p>Detr\u00e1s de Pumuky se esconden los hermanos Ja\u00edr y No\u00e9 Ram\u00edrez, originarios de una peque\u00f1a localidad del norte de Tenerife. A pesar de una accidentada traves\u00eda con m\u00faltiples cambios de formaci\u00f3n, han publicado cerca de una decena de referencias discogr\u00e1ficas en sellos como Jabalina, WeAreWolves o Keroxen. Acumulan a su vez un largo historial de &hellip; <\/p>","protected":false},"author":2,"featured_media":22281,"template":"","meta":{"_tec_requires_first_save":false,"_uag_custom_page_level_css":"","loftloader_page_shortcode":"","_EventAllDay":false,"_EventTimezone":"Europe\/Madrid","_EventStartDate":"2022-05-13 22:00:00","_EventEndDate":"2022-05-13 23:45:00","_EventStartDateUTC":"2022-05-13 20:00:00","_EventEndDateUTC":"2022-05-13 21:45:00","_EventShowMap":false,"_EventShowMapLink":false,"_EventURL":"https:\/\/link.dice.fm\/rd97bf81d00f","_EventCost":"12","_EventCostDescription":"","_EventCurrencySymbol":"\u20ac","_EventCurrencyCode":"","_EventCurrencyPosition":"suffix","_EventDateTimeSeparator":"@","_EventTimeRangeSeparator":"-","_EventOrganizerID":[],"_EventVenueID":[0],"_OrganizerEmail":"","_OrganizerPhone":"","_OrganizerWebsite":"","_VenueAddress":"","_VenueCity":"","_VenueCountry":"","_VenueProvince":"","_VenueState":"","_VenueZip":"","_VenuePhone":"","_VenueURL":"","_VenueStateProvince":"","_VenueLat":"","_VenueLng":"","_VenueShowMap":false,"_VenueShowMapLink":false,"_tribe_blocks_recurrence_rules":"","_tribe_blocks_recurrence_description":"","_tribe_blocks_recurrence_exclusions":"","_ecp_custom_2":"","_tribe_events_status":"","_tribe_events_status_reason":"","_tribe_events_is_hybrid":"","_tribe_events_is_virtual":"","_tribe_events_virtual_video_source":"","_tribe_events_virtual_embed_video":"","_tribe_events_virtual_linked_button_text":"","_tribe_events_virtual_linked_button":"","_tribe_events_virtual_show_embed_at":"","_tribe_events_virtual_show_embed_to":[],"_tribe_events_virtual_show_on_event":"","_tribe_events_virtual_show_on_views":"","_tribe_events_virtual_url":"","footnotes":""},"tags":[9810,11420,8869,1363,11421,11409,2865,9147,9146,11414,11411,11415,11418,8970,11406,11403,11410,11408,11417,11404,1355,11402,11416,11405,11412,11419,11407,11413],"tribe_events_cat":[8963],"class_list":["post-22278","tribe_events","type-tribe_events","status-publish","has-post-thumbnail","hentry","tag-aie","tag-aie-en-ruta","tag-cafe-la-palma-2","tag-cafe-la-palma","tag-canarias-crea","tag-castillo-interior","tag-conciertos-cafe-la-palma","tag-conciertos-madrid","tag-conciertos-malasana","tag-david-cordero","tag-dntel","tag-el-hijo","tag-elinor-almenara","tag-indie","tag-jabalina","tag-jair-ramirez","tag-jimmy-tamborello","tag-keroxen","tag-metahackeo","tag-noe-ramirez","tag-pop","tag-pumuky","tag-somos-la-herencia","tag-tenerife","tag-the-postal-service","tag-vvv-trippinyou-2","tag-wearewolves","tag-xiu-xiu","tribe_events_cat-concierto","cat_concierto"],"uagb_featured_image_src":{"full":["https:\/\/cafelapalma.com\/wp-content\/uploads\/2022\/04\/Pumuky-Horz.jpg",418,626,false],"thumbnail":["https:\/\/cafelapalma.com\/wp-content\/uploads\/2022\/04\/Pumuky-Horz-150x150.jpg",150,150,true],"medium":["https:\/\/cafelapalma.com\/wp-content\/uploads\/2022\/04\/Pumuky-Horz-200x300.jpg",200,300,true],"medium_large":["https:\/\/cafelapalma.com\/wp-content\/uploads\/2022\/04\/Pumuky-Horz.jpg",418,626,false],"large":["https:\/\/cafelapalma.com\/wp-content\/uploads\/2022\/04\/Pumuky-Horz.jpg",418,626,false],"1536x1536":["https:\/\/cafelapalma.com\/wp-content\/uploads\/2022\/04\/Pumuky-Horz.jpg",418,626,false],"2048x2048":["https:\/\/cafelapalma.com\/wp-content\/uploads\/2022\/04\/Pumuky-Horz.jpg",418,626,false],"trp-custom-language-flag":["https:\/\/cafelapalma.com\/wp-content\/uploads\/2022\/04\/Pumuky-Horz.jpg",8,12,false],"blossom-feminine-slider":["https:\/\/cafelapalma.com\/wp-content\/uploads\/2022\/04\/Pumuky-Horz.jpg",418,626,false],"blossom-feminine-featured":["https:\/\/cafelapalma.com\/wp-content\/uploads\/2022\/04\/Pumuky-Horz-418x600.jpg",418,600,true],"blossom-feminine-with-sidebar":["https:\/\/cafelapalma.com\/wp-content\/uploads\/2022\/04\/Pumuky-Horz-418x600.jpg",418,600,true],"blossom-feminine-blog":["https:\/\/cafelapalma.com\/wp-content\/uploads\/2022\/04\/Pumuky-Horz-418x435.jpg",418,435,true],"blossom-feminine-cat":["https:\/\/cafelapalma.com\/wp-content\/uploads\/2022\/04\/Pumuky-Horz-418x300.jpg",418,300,true],"blossom-feminine-related":["https:\/\/cafelapalma.com\/wp-content\/uploads\/2022\/04\/Pumuky-Horz-320x200.jpg",320,200,true],"blossom-feminine-schema":["https:\/\/cafelapalma.com\/wp-content\/uploads\/2022\/04\/Pumuky-Horz-40x60.jpg",40,60,true]},"uagb_author_info":{"display_name":"Victor","author_link":"https:\/\/cafelapalma.com\/en\/author\/comunicacion\/"},"uagb_comment_info":0,"uagb_excerpt":"Detr\u00e1s de Pumuky se esconden los hermanos Ja\u00edr y No\u00e9 Ram\u00edrez, originarios de una peque\u00f1a localidad del norte de Tenerife. A pesar de una accidentada traves\u00eda con m\u00faltiples cambios de formaci\u00f3n, han publicado cerca de una decena de referencias discogr\u00e1ficas en sellos como Jabalina, WeAreWolves o Keroxen. Acumulan a su vez un largo historial de&hellip;","_links":{"self":[{"href":"https:\/\/cafelapalma.com\/en\/wp-json\/wp\/v2\/tribe_events\/22278","targetHints":{"allow":["GET"]}}],"collection":[{"href":"https:\/\/cafelapalma.com\/en\/wp-json\/wp\/v2\/tribe_events"}],"about":[{"href":"https:\/\/cafelapalma.com\/en\/wp-json\/wp\/v2\/types\/tribe_events"}],"author":[{"embeddable":true,"href":"https:\/\/cafelapalma.com\/en\/wp-json\/wp\/v2\/users\/2"}],"version-history":[{"count":0,"href":"https:\/\/cafelapalma.com\/en\/wp-json\/wp\/v2\/tribe_events\/22278\/revisions"}],"wp:featuredmedia":[{"embeddable":true,"href":"https:\/\/cafelapalma.com\/en\/wp-json\/wp\/v2\/media\/22281"}],"wp:attachment":[{"href":"https:\/\/cafelapalma.com\/en\/wp-json\/wp\/v2\/media?parent=22278"}],"wp:term":[{"taxonomy":"post_tag","embeddable":true,"href":"https:\/\/cafelapalma.com\/en\/wp-json\/wp\/v2\/tags?post=22278"},{"taxonomy":"tribe_events_cat","embeddable":true,"href":"https:\/\/cafelapalma.com\/en\/wp-json\/wp\/v2\/tribe_events_cat?post=22278"}],"curies":[{"name":"wp","href":"https:\/\/api.w.org\/{rel}","templated":true}]}}