{"id":22293,"date":"2022-04-19T11:22:39","date_gmt":"2022-04-19T09:22:39","guid":{"rendered":"https:\/\/cafelapalma.com\/?post_type=tribe_events&#038;p=22293"},"modified":"2022-04-19T11:22:40","modified_gmt":"2022-04-19T09:22:40","slug":"teefour-tristan-simone-ani-queen","status":"publish","type":"tribe_events","link":"https:\/\/cafelapalma.com\/en\/programacion\/teefour-tristan-simone-ani-queen\/","title":{"rendered":"TEEFOUR + TRISTAN SIMONE + ANI QUEEN"},"content":{"rendered":"<div  class=\"tribe-events-schedule tribe-clearfix\" >\n\t<p class=\"tribe-events-schedule__datetime\">\n\t\t<span class=\"tribe-events-schedule__date tribe-events-schedule__date--start\">\n\t\t\t19  May  2022\t\t<\/span>\n\n\t\t\t\t\t<span class=\"tribe-events-schedule__separator tribe-events-schedule__separator--date\">\n\t\t\t\t@\t\t\t<\/span>\n\t\t\t<span class=\"tribe-events-schedule__time tribe-events-schedule__time--start\">\n\t\t\t\t21:00\t\t\t<\/span>\n\t\t\n\t\t\t\t\t\t\t\t\t<span class=\"tribe-events-schedule__separator tribe-events-schedule__separator--time\">\n\t\t\t\t\t&#8211;\t\t\t\t<\/span>\n\t\t\t\n\t\t\t\t\t\t\t<span class=\"tribe-events-schedule__time tribe-events-schedule__time--end\">\n\t\t\t\t\t23:45\t\t\t\t<\/span>\n\t\t\t\n\t\t\t\t\t\t<\/p>\n<\/div>\n\n\n<div  class=\"tribe-block tribe-block__event-price\" >\n\t\t\t<span class=\"tribe-block__event-price__cost\"> 12\u20ac <\/span>\n\t\t\t\t<span class=\"tribe-block__event-price__description\">+ gg Anticipada | 15\u20ac Taquilla<\/span>\n\t<\/div>\n\n\n\n<div style=\"height:100px\" aria-hidden=\"true\" class=\"wp-block-spacer\"><\/div>\n\n\n\n<div class=\"wp-block-columns is-layout-flex wp-container-core-columns-is-layout-8f761849 wp-block-columns-is-layout-flex\">\n<div class=\"wp-block-column is-layout-flow wp-block-column-is-layout-flow\" style=\"flex-basis:33.33%\">\n<figure class=\"wp-block-image size-full\"><img loading=\"lazy\" decoding=\"async\" width=\"430\" height=\"608\" src=\"https:\/\/cafelapalma.com\/wp-content\/uploads\/2022\/04\/TRISTAN-SIMONE-A3-LOW.png\" alt=\"\" class=\"wp-image-22295\" srcset=\"https:\/\/cafelapalma.com\/wp-content\/uploads\/2022\/04\/TRISTAN-SIMONE-A3-LOW.png 430w, https:\/\/cafelapalma.com\/wp-content\/uploads\/2022\/04\/TRISTAN-SIMONE-A3-LOW-212x300.png 212w, https:\/\/cafelapalma.com\/wp-content\/uploads\/2022\/04\/TRISTAN-SIMONE-A3-LOW-42x60.png 42w\" sizes=\"auto, (max-width: 430px) 100vw, 430px\" \/><\/figure>\n\n\n<div  class=\"tribe-block tribe-block__event-website\" >\n\t<a\n\t\thref=\"https:\/\/link.dice.fm\/bd90498eecf3\"\n\t\ttarget=\"_self\"\n\t\t\t>\n\t\tBUY TICKETS\t<\/a>\n<\/div>\n<\/div>\n\n\n\n<div class=\"wp-block-column is-layout-flow wp-block-column-is-layout-flow\" style=\"flex-basis:66.66%\">\n<p class=\"wp-block-paragraph\"><\/p>\n\n\n\n<p class=\"has-text-align-left wp-block-paragraph\">Nacido en <strong>Atlanta <\/strong>(<strong>EEUU<\/strong>), el artista anglo hispano <strong>Tom\u00e1s <em>Teefour <\/em>de Migue<\/strong>l trae una nueva propuesta a la escena madrile\u00f1a con sonidos urbanos acompa\u00f1ados de letras melanc\u00f3licas sobre los problemas existenciales de un joven artista.\u00a0Debutando con <strong><em>\u201cNiceLie\u201d<\/em><\/strong> en 2020 junto a otros singles, <strong>Teefour <\/strong>culminar\u00eda con su \u00faltimo proyecto <strong><em>\u201cpara los tristes\u201d<\/em><\/strong>, un EP sobre el desamor y el miedo.<\/p>\n\n\n\n<p class=\"has-text-align-left wp-block-paragraph\">El rapero y cantautor espa\u00f1ol, <strong>Tristan Simone<\/strong>, captura los estilos de su herencia multicultural en su arte, surgido de a\u00f1os de formaci\u00f3n en el mundo del hip-hop, jazz, R &amp; B y m\u00fasica latina.<\/p>\n\n\n\n<p class=\"has-text-align-left wp-block-paragraph\"><strong>Tristan Simone<\/strong> fue uno de los primeros raperos aceptados en el prestigioso <strong>Berklee College of Music<\/strong>. Mientras estuvo en <strong>Berklee<\/strong>, r\u00e1pidamente se convirti\u00f3 en l\u00edder de muchos programas de gran producci\u00f3n que homenajeaban a algunos de sus \u00eddolos como <strong>T-Pain<\/strong> y <strong>Lana Del Rey<\/strong>. <strong>Simone <\/strong>ha actuado con, y para estrellas como <strong>Justin Timberlake<\/strong>, <strong>Tia Ray<\/strong>, <strong>Missy Elliott<\/strong>, <strong>Pat\u00e1x <\/strong>y la leyenda de la industria <strong>Sylvia Rhone<\/strong>.\u00a0<strong>Tristan <\/strong>cautiva en lugares que van desde museos prestigiosos hasta estadios con su energ\u00eda contagiosa, decoraci\u00f3n r\u00edtmica y experiencia en la industria. La multitud de <strong>Lollapalooza 2021<\/strong> fue testigo del explosivo set de <strong>Tristan<\/strong>. Situado ahora en <strong>Madrid<\/strong>, <strong>Simone <\/strong>empieza una nueva etapa.\u00a0<\/p>\n\n\n\n<p class=\"has-text-align-left wp-block-paragraph\"><strong>Ani Queen<\/strong>\u00a0es una artista emergente vallisoletana. Empieza a cantar con cinco a\u00f1os, y seg\u00fan va creciendo se da cuenta de su gran inter\u00e9s por la m\u00fasica, el baile y las artes esc\u00e9nicas. Desde entonces ha perseguido su sue\u00f1o.<\/p>\n<\/div>\n<\/div>\n\n\n\n<div style=\"height:100px\" aria-hidden=\"true\" class=\"wp-block-spacer\"><\/div>\n\n\n\n<hr class=\"wp-block-separator is-style-wide\"\/>\n\n\n\n<div style=\"height:100px\" aria-hidden=\"true\" class=\"wp-block-spacer\"><\/div>\n\n\n<h2 class=\"tribe-block__related-events__title\">Related Events<\/h2>\n\n<ul  class=\"tribe-related-events tribe-clearfix\" >\n\t\t\t<li>\n\t\n<div class=\"tribe-related-events-thumbnail\">\n\t<a href=\"https:\/\/cafelapalma.com\/en\/programacion\/funkin-donuts\/\" class=\"url\" rel=\"bookmark\" tabindex=\"-1\" aria-hidden=\"true\"><img loading=\"lazy\" decoding=\"async\" width=\"693\" height=\"1040\" src=\"https:\/\/cafelapalma.com\/wp-content\/uploads\/2026\/07\/FD-vert2-bn-693x1040.jpg\" class=\"attachment-large size-large wp-post-image\" alt=\"\" \/><\/a>\n<\/div>\n\t<div class=\"tribe-related-event-info\">\n\t<h3 class=\"tribe-related-events-title\">\n\t\t<a href=\"https:\/\/cafelapalma.com\/en\/programacion\/funkin-donuts\/\" class=\"tribe-event-url\" rel=\"bookmark\">\n\t\t\tFUNKIN&#8217; DONUTS\t\t<\/a>\n\t<\/h3>\n\t<span class=\"tribe-event-date-start\">5  September@22:00<\/span><span class=\"tribe-event-time\">23:45<\/span><\/div>\n<\/li>\n\t\t\t<li>\n\t\n<div class=\"tribe-related-events-thumbnail\">\n\t<a href=\"https:\/\/cafelapalma.com\/en\/programacion\/backstage-le-petit-truffle-mayo\/\" class=\"url\" rel=\"bookmark\" tabindex=\"-1\" aria-hidden=\"true\"><img loading=\"lazy\" decoding=\"async\" width=\"780\" height=\"1040\" src=\"https:\/\/cafelapalma.com\/wp-content\/uploads\/2026\/07\/Imagen-TruffleMayo-LePetit-i-1-780x1040.png\" class=\"attachment-large size-large wp-post-image\" alt=\"\" \/><\/a>\n<\/div>\n\t<div class=\"tribe-related-event-info\">\n\t<h3 class=\"tribe-related-events-title\">\n\t\t<a href=\"https:\/\/cafelapalma.com\/en\/programacion\/backstage-le-petit-truffle-mayo\/\" class=\"tribe-event-url\" rel=\"bookmark\">\n\t\t\tBACKSTAGE: LE PETIT + TRUFFLE MAYO\t\t<\/a>\n\t<\/h3>\n\t<span class=\"tribe-event-date-start\">5  September@23:55<\/span><\/div>\n<\/li>\n\t\t\t<li>\n\t\n<div class=\"tribe-related-events-thumbnail\">\n\t<a href=\"https:\/\/cafelapalma.com\/en\/programacion\/willie-deville-concierto-benefico-x-venezuela\/\" class=\"url\" rel=\"bookmark\" tabindex=\"-1\" aria-hidden=\"true\"><img loading=\"lazy\" decoding=\"async\" width=\"1020\" height=\"531\" src=\"https:\/\/cafelapalma.com\/wp-content\/uploads\/2026\/08\/Willie-deville-1100x572-1-1040x541.jpg\" class=\"attachment-large size-large wp-post-image\" alt=\"\" \/><\/a>\n<\/div>\n\t<div class=\"tribe-related-event-info\">\n\t<h3 class=\"tribe-related-events-title\">\n\t\t<a href=\"https:\/\/cafelapalma.com\/en\/programacion\/willie-deville-concierto-benefico-x-venezuela\/\" class=\"tribe-event-url\" rel=\"bookmark\">\n\t\t\tWILLIE DEVILLE: CONCIERTO BEN\u00c9FICO X VENEZUELA\t\t<\/a>\n\t<\/h3>\n\t<span class=\"tribe-event-date-start\">6  September@21:00<\/span><span class=\"tribe-event-time\">23:45<\/span><\/div>\n<\/li>\n\t<\/ul>","protected":false},"excerpt":{"rendered":"<p>Nacido en Atlanta (EEUU), el artista anglo hispano Tom\u00e1s Teefour de Miguel trae una nueva propuesta a la escena madrile\u00f1a con sonidos urbanos acompa\u00f1ados de letras melanc\u00f3licas sobre los problemas existenciales de un joven artista.\u00a0Debutando con \u201cNiceLie\u201d en 2020 junto a otros singles, Teefour culminar\u00eda con su \u00faltimo proyecto \u201cpara los tristes\u201d, un EP sobre &hellip; <\/p>","protected":false},"author":2,"featured_media":22296,"template":"","meta":{"_tec_requires_first_save":false,"_uag_custom_page_level_css":"","loftloader_page_shortcode":"","_EventAllDay":false,"_EventTimezone":"Europe\/Madrid","_EventStartDate":"2022-05-19 21:00:00","_EventEndDate":"2022-05-19 23:45:00","_EventStartDateUTC":"2022-05-19 19:00:00","_EventEndDateUTC":"2022-05-19 21:45:00","_EventShowMap":false,"_EventShowMapLink":false,"_EventURL":"https:\/\/link.dice.fm\/bd90498eecf3","_EventCost":"12","_EventCostDescription":"","_EventCurrencySymbol":"\u20ac","_EventCurrencyCode":"","_EventCurrencyPosition":"suffix","_EventDateTimeSeparator":"@","_EventTimeRangeSeparator":"-","_EventOrganizerID":[],"_EventVenueID":[0],"_OrganizerEmail":"","_OrganizerPhone":"","_OrganizerWebsite":"","_VenueAddress":"","_VenueCity":"","_VenueCountry":"","_VenueProvince":"","_VenueState":"","_VenueZip":"","_VenuePhone":"","_VenueURL":"","_VenueStateProvince":"","_VenueLat":"","_VenueLng":"","_VenueShowMap":false,"_VenueShowMapLink":false,"_tribe_blocks_recurrence_rules":"","_tribe_blocks_recurrence_description":"","_tribe_blocks_recurrence_exclusions":"","_ecp_custom_2":"","_tribe_events_status":"","_tribe_events_status_reason":"","_tribe_events_is_hybrid":"","_tribe_events_is_virtual":"","_tribe_events_virtual_video_source":"","_tribe_events_virtual_embed_video":"","_tribe_events_virtual_linked_button_text":"","_tribe_events_virtual_linked_button":"","_tribe_events_virtual_show_embed_at":"","_tribe_events_virtual_show_embed_to":[],"_tribe_events_virtual_show_on_event":"","_tribe_events_virtual_show_on_views":"","_tribe_events_virtual_url":"","footnotes":""},"tags":[11429,11427,1363,2865,9147,9146,9352,11424,11425,9632,2395,11428,11422,11423,11426],"tribe_events_cat":[8963],"class_list":["post-22293","tribe_events","type-tribe_events","status-publish","has-post-thumbnail","hentry","tag-ani-queen","tag-berklee-college-of-music","tag-cafe-la-palma","tag-conciertos-cafe-la-palma","tag-conciertos-madrid","tag-conciertos-malasana","tag-hip-hop-2","tag-nicelie","tag-para-los-tristes","tag-rb","tag-rap","tag-t-pain","tag-teefour","tag-tomas-de-miguel","tag-tristan-simone","tribe_events_cat-concierto","cat_concierto"],"uagb_featured_image_src":{"full":["https:\/\/cafelapalma.com\/wp-content\/uploads\/2022\/04\/Tristan1.jpg",480,568,false],"thumbnail":["https:\/\/cafelapalma.com\/wp-content\/uploads\/2022\/04\/Tristan1-150x150.jpg",150,150,true],"medium":["https:\/\/cafelapalma.com\/wp-content\/uploads\/2022\/04\/Tristan1-254x300.jpg",254,300,true],"medium_large":["https:\/\/cafelapalma.com\/wp-content\/uploads\/2022\/04\/Tristan1.jpg",480,568,false],"large":["https:\/\/cafelapalma.com\/wp-content\/uploads\/2022\/04\/Tristan1.jpg",480,568,false],"1536x1536":["https:\/\/cafelapalma.com\/wp-content\/uploads\/2022\/04\/Tristan1.jpg",480,568,false],"2048x2048":["https:\/\/cafelapalma.com\/wp-content\/uploads\/2022\/04\/Tristan1.jpg",480,568,false],"trp-custom-language-flag":["https:\/\/cafelapalma.com\/wp-content\/uploads\/2022\/04\/Tristan1.jpg",10,12,false],"blossom-feminine-slider":["https:\/\/cafelapalma.com\/wp-content\/uploads\/2022\/04\/Tristan1.jpg",480,568,false],"blossom-feminine-featured":["https:\/\/cafelapalma.com\/wp-content\/uploads\/2022\/04\/Tristan1.jpg",480,568,false],"blossom-feminine-with-sidebar":["https:\/\/cafelapalma.com\/wp-content\/uploads\/2022\/04\/Tristan1.jpg",480,568,false],"blossom-feminine-blog":["https:\/\/cafelapalma.com\/wp-content\/uploads\/2022\/04\/Tristan1-435x435.jpg",435,435,true],"blossom-feminine-cat":["https:\/\/cafelapalma.com\/wp-content\/uploads\/2022\/04\/Tristan1-450x300.jpg",450,300,true],"blossom-feminine-related":["https:\/\/cafelapalma.com\/wp-content\/uploads\/2022\/04\/Tristan1-320x200.jpg",320,200,true],"blossom-feminine-schema":["https:\/\/cafelapalma.com\/wp-content\/uploads\/2022\/04\/Tristan1-51x60.jpg",51,60,true]},"uagb_author_info":{"display_name":"Victor","author_link":"https:\/\/cafelapalma.com\/en\/author\/comunicacion\/"},"uagb_comment_info":0,"uagb_excerpt":"Nacido en Atlanta (EEUU), el artista anglo hispano Tom\u00e1s Teefour de Miguel trae una nueva propuesta a la escena madrile\u00f1a con sonidos urbanos acompa\u00f1ados de letras melanc\u00f3licas sobre los problemas existenciales de un joven artista.\u00a0Debutando con \u201cNiceLie\u201d en 2020 junto a otros singles, Teefour culminar\u00eda con su \u00faltimo proyecto \u201cpara los tristes\u201d, un EP sobre&hellip;","_links":{"self":[{"href":"https:\/\/cafelapalma.com\/en\/wp-json\/wp\/v2\/tribe_events\/22293","targetHints":{"allow":["GET"]}}],"collection":[{"href":"https:\/\/cafelapalma.com\/en\/wp-json\/wp\/v2\/tribe_events"}],"about":[{"href":"https:\/\/cafelapalma.com\/en\/wp-json\/wp\/v2\/types\/tribe_events"}],"author":[{"embeddable":true,"href":"https:\/\/cafelapalma.com\/en\/wp-json\/wp\/v2\/users\/2"}],"version-history":[{"count":0,"href":"https:\/\/cafelapalma.com\/en\/wp-json\/wp\/v2\/tribe_events\/22293\/revisions"}],"wp:featuredmedia":[{"embeddable":true,"href":"https:\/\/cafelapalma.com\/en\/wp-json\/wp\/v2\/media\/22296"}],"wp:attachment":[{"href":"https:\/\/cafelapalma.com\/en\/wp-json\/wp\/v2\/media?parent=22293"}],"wp:term":[{"taxonomy":"post_tag","embeddable":true,"href":"https:\/\/cafelapalma.com\/en\/wp-json\/wp\/v2\/tags?post=22293"},{"taxonomy":"tribe_events_cat","embeddable":true,"href":"https:\/\/cafelapalma.com\/en\/wp-json\/wp\/v2\/tribe_events_cat?post=22293"}],"curies":[{"name":"wp","href":"https:\/\/api.w.org\/{rel}","templated":true}]}}