{"id":22317,"date":"2022-04-19T13:50:03","date_gmt":"2022-04-19T11:50:03","guid":{"rendered":"https:\/\/cafelapalma.com\/?post_type=tribe_events&#038;p=22317"},"modified":"2022-04-19T13:50:04","modified_gmt":"2022-04-19T11:50:04","slug":"la-cigarrada-2","status":"publish","type":"tribe_events","link":"https:\/\/cafelapalma.com\/en\/programacion\/la-cigarrada-2\/","title":{"rendered":"LA CIGARRADA 2"},"content":{"rendered":"<div  class=\"tribe-events-schedule tribe-clearfix\" >\n\t<p class=\"tribe-events-schedule__datetime\">\n\t\t<span class=\"tribe-events-schedule__date tribe-events-schedule__date--start\">\n\t\t\t07  May  2022\t\t<\/span>\n\n\t\t\t\t\t<span class=\"tribe-events-schedule__separator tribe-events-schedule__separator--date\">\n\t\t\t\t@\t\t\t<\/span>\n\t\t\t<span class=\"tribe-events-schedule__time tribe-events-schedule__time--start\">\n\t\t\t\t23:50\t\t\t<\/span>\n\t\t\n\t\t\t\t\t\t\t\t\t<span class=\"tribe-events-schedule__separator tribe-events-schedule__separator--time\">\n\t\t\t\t\t&#8211;\t\t\t\t<\/span>\n\t\t\t\n\t\t\t\t\t\t\t<span class=\"tribe-events-schedule__time tribe-events-schedule__time--end\">\n\t\t\t\t\t23:55\t\t\t\t<\/span>\n\t\t\t\n\t\t\t\t\t\t<\/p>\n<\/div>\n\n\n<div  class=\"tribe-block tribe-block__event-price\" >\n\t\t\t<span class=\"tribe-block__event-price__cost\"> 12\u20ac <\/span>\n\t\t\t\t<span class=\"tribe-block__event-price__description\">+ gg Anticipada | 15\u20ac Taquilla (Incluye UNA COPA o DOS CERVEZAS)<\/span>\n\t<\/div>\n\n\n\n<div style=\"height:100px\" aria-hidden=\"true\" class=\"wp-block-spacer\"><\/div>\n\n\n\n<div class=\"wp-block-columns is-layout-flex wp-container-core-columns-is-layout-8f761849 wp-block-columns-is-layout-flex\">\n<div class=\"wp-block-column is-layout-flow wp-block-column-is-layout-flow\" style=\"flex-basis:33.33%\">\n<figure class=\"wp-block-image size-large\"><img loading=\"lazy\" decoding=\"async\" width=\"724\" height=\"1024\" src=\"https:\/\/cafelapalma.com\/wp-content\/uploads\/2022\/04\/LA-CIGARRADA-A3-2-COPY-724x1024.png\" alt=\"\" class=\"wp-image-22319\" srcset=\"https:\/\/cafelapalma.com\/wp-content\/uploads\/2022\/04\/LA-CIGARRADA-A3-2-COPY-724x1024.png 724w, https:\/\/cafelapalma.com\/wp-content\/uploads\/2022\/04\/LA-CIGARRADA-A3-2-COPY-212x300.png 212w, https:\/\/cafelapalma.com\/wp-content\/uploads\/2022\/04\/LA-CIGARRADA-A3-2-COPY-768x1086.png 768w, https:\/\/cafelapalma.com\/wp-content\/uploads\/2022\/04\/LA-CIGARRADA-A3-2-COPY-1086x1536.png 1086w, https:\/\/cafelapalma.com\/wp-content\/uploads\/2022\/04\/LA-CIGARRADA-A3-2-COPY-1448x2048.png 1448w, https:\/\/cafelapalma.com\/wp-content\/uploads\/2022\/04\/LA-CIGARRADA-A3-2-COPY-42x60.png 42w, https:\/\/cafelapalma.com\/wp-content\/uploads\/2022\/04\/LA-CIGARRADA-A3-2-COPY.png 1500w\" sizes=\"auto, (max-width: 724px) 100vw, 724px\" \/><\/figure>\n\n\n<div  class=\"tribe-block tribe-block__event-website\" >\n\t<a\n\t\thref=\"https:\/\/link.dice.fm\/Eaf8073913b6\"\n\t\ttarget=\"_self\"\n\t\t\t>\n\t\tBUY TICKETS\t<\/a>\n<\/div>\n<\/div>\n\n\n\n<div class=\"wp-block-column is-layout-flow wp-block-column-is-layout-flow\" style=\"flex-basis:66.66%\">\n<p class=\"wp-block-paragraph\">&#x1f6ac;&#x1f6ac;&#x1f6ac; <strong>LA CIGARRADA\u00a02<\/strong> es el festejo del fumar de los chicos de <strong>@toma.tabaco<\/strong> &#x1f6ac;&#x1f6ac;&#x1f6ac;<br><br>\u00bfCu\u00e1ntas veces te has levantado diciendo: Dios, \u00a1qu\u00e9 ganas de fumarme doscientos cigarros! En TABACO te comprendemos y por eso volvemos a celebrar la Comuni\u00f3n de la Colilla, una noche dedicada \u00fanica y exclusivamente a recaudar fondos para la AAFMT, la Asociaci\u00f3n de Amigos de Fumar M\u00e1s Tabaco. Ven a bailar con nosotros y sobre todo sal fuera del garito a fumar cada vez que te notes un poco alica\u00eddo. Las cerillas corren de nuestra cuenta.<br><br>Fumar\u00e1n <strong>Ducados <\/strong>en el camerino porque en la cabina no se puede:<br><br>&#x1f6ac; <strong>TABACO Dj Set<\/strong>\u00a0&#x1f6ac; Una primera calada a cargo de los chicos de\u00a0@toma.tabaco para calentar\u00a0&#x1f6ac;<br>&#x1f6ac;<strong>K1000A <\/strong><em>b2b <\/em><strong>NARA\u00a0<\/strong>&#x1f6ac;\u00a0Pulmones fuera con un mix de perreo, queer pop y el r&amp;b\u00a0+ 2000ero<br>&#x1f6ac;<strong>Eztoy\u00a0Malito DJ\u00a0<\/strong>&#x1f6ac;\u00a0Trance progresivo bastante tribal<\/p>\n\n\n\n<p class=\"wp-block-paragraph\">&#x1f6ac;<strong>Sherpa <\/strong><em>b2b <\/em><strong>DJ Bizum<\/strong>\u00a0&#x1f6ac;\u00a0Fresh disco para los que apuran hasta la chusta<\/p>\n<\/div>\n<\/div>\n\n\n\n<div style=\"height:100px\" aria-hidden=\"true\" class=\"wp-block-spacer\"><\/div>\n\n\n\n<hr class=\"wp-block-separator is-style-wide\"\/>\n\n\n\n<div style=\"height:100px\" aria-hidden=\"true\" class=\"wp-block-spacer\"><\/div>\n\n\n<h2 class=\"tribe-block__related-events__title\">Related Events<\/h2>\n\n<ul  class=\"tribe-related-events tribe-clearfix\" >\n\t\t\t<li>\n\t\n<div class=\"tribe-related-events-thumbnail\">\n\t<a href=\"https:\/\/cafelapalma.com\/en\/programacion\/funkin-donuts\/\" class=\"url\" rel=\"bookmark\" tabindex=\"-1\" aria-hidden=\"true\"><img loading=\"lazy\" decoding=\"async\" width=\"693\" height=\"1040\" src=\"https:\/\/cafelapalma.com\/wp-content\/uploads\/2026\/07\/FD-vert2-bn-693x1040.jpg\" class=\"attachment-large size-large wp-post-image\" alt=\"\" \/><\/a>\n<\/div>\n\t<div class=\"tribe-related-event-info\">\n\t<h3 class=\"tribe-related-events-title\">\n\t\t<a href=\"https:\/\/cafelapalma.com\/en\/programacion\/funkin-donuts\/\" class=\"tribe-event-url\" rel=\"bookmark\">\n\t\t\tFUNKIN&#8217; DONUTS\t\t<\/a>\n\t<\/h3>\n\t<span class=\"tribe-event-date-start\">5  September@22:00<\/span><span class=\"tribe-event-time\">23:45<\/span><\/div>\n<\/li>\n\t\t\t<li>\n\t\n<div class=\"tribe-related-events-thumbnail\">\n\t<a href=\"https:\/\/cafelapalma.com\/en\/programacion\/backstage-le-petit-truffle-mayo\/\" class=\"url\" rel=\"bookmark\" tabindex=\"-1\" aria-hidden=\"true\"><img loading=\"lazy\" decoding=\"async\" width=\"780\" height=\"1040\" src=\"https:\/\/cafelapalma.com\/wp-content\/uploads\/2026\/07\/Imagen-TruffleMayo-LePetit-i-1-780x1040.png\" class=\"attachment-large size-large wp-post-image\" alt=\"\" \/><\/a>\n<\/div>\n\t<div class=\"tribe-related-event-info\">\n\t<h3 class=\"tribe-related-events-title\">\n\t\t<a href=\"https:\/\/cafelapalma.com\/en\/programacion\/backstage-le-petit-truffle-mayo\/\" class=\"tribe-event-url\" rel=\"bookmark\">\n\t\t\tBACKSTAGE: LE PETIT + TRUFFLE MAYO\t\t<\/a>\n\t<\/h3>\n\t<span class=\"tribe-event-date-start\">5  September@23:55<\/span><\/div>\n<\/li>\n\t\t\t<li>\n\t\n<div class=\"tribe-related-events-thumbnail\">\n\t<a href=\"https:\/\/cafelapalma.com\/en\/programacion\/willie-deville-concierto-benefico-x-venezuela\/\" class=\"url\" rel=\"bookmark\" tabindex=\"-1\" aria-hidden=\"true\"><img loading=\"lazy\" decoding=\"async\" width=\"1020\" height=\"531\" src=\"https:\/\/cafelapalma.com\/wp-content\/uploads\/2026\/08\/Willie-deville-1100x572-1-1040x541.jpg\" class=\"attachment-large size-large wp-post-image\" alt=\"\" \/><\/a>\n<\/div>\n\t<div class=\"tribe-related-event-info\">\n\t<h3 class=\"tribe-related-events-title\">\n\t\t<a href=\"https:\/\/cafelapalma.com\/en\/programacion\/willie-deville-concierto-benefico-x-venezuela\/\" class=\"tribe-event-url\" rel=\"bookmark\">\n\t\t\tWILLIE DEVILLE: CONCIERTO BEN\u00c9FICO X VENEZUELA\t\t<\/a>\n\t<\/h3>\n\t<span class=\"tribe-event-date-start\">6  September@21:00<\/span><span class=\"tribe-event-time\">23:45<\/span><\/div>\n<\/li>\n\t<\/ul>","protected":false},"excerpt":{"rendered":"<p>&#x1f6ac;&#x1f6ac;&#x1f6ac; LA CIGARRADA\u00a02 es el festejo del fumar de los chicos de @toma.tabaco &#x1f6ac;&#x1f6ac;&#x1f6ac; \u00bfCu\u00e1ntas veces te has levantado diciendo: Dios, \u00a1qu\u00e9 ganas de fumarme doscientos cigarros! En TABACO te comprendemos y por eso volvemos a celebrar la Comuni\u00f3n de la Colilla, una noche dedicada \u00fanica y exclusivamente a recaudar fondos para la AAFMT, la &hellip; <\/p>","protected":false},"author":2,"featured_media":22320,"template":"","meta":{"_tec_requires_first_save":false,"_uag_custom_page_level_css":"","loftloader_page_shortcode":"","_EventAllDay":false,"_EventTimezone":"Europe\/Madrid","_EventStartDate":"2022-05-07 23:50:00","_EventEndDate":"2022-05-07 23:55:00","_EventStartDateUTC":"2022-05-07 21:50:00","_EventEndDateUTC":"2022-05-07 21:55:00","_EventShowMap":false,"_EventShowMapLink":false,"_EventURL":"https:\/\/link.dice.fm\/Eaf8073913b6","_EventCost":"12","_EventCostDescription":"","_EventCurrencySymbol":"\u20ac","_EventCurrencyCode":"","_EventCurrencyPosition":"suffix","_EventDateTimeSeparator":"@","_EventTimeRangeSeparator":"-","_EventOrganizerID":[],"_EventVenueID":[0],"_OrganizerEmail":"","_OrganizerPhone":"","_OrganizerWebsite":"","_VenueAddress":"","_VenueCity":"","_VenueCountry":"","_VenueProvince":"","_VenueState":"","_VenueZip":"","_VenuePhone":"","_VenueURL":"","_VenueStateProvince":"","_VenueLat":"","_VenueLng":"","_VenueShowMap":false,"_VenueShowMapLink":false,"_tribe_blocks_recurrence_rules":"","_tribe_blocks_recurrence_description":"","_tribe_blocks_recurrence_exclusions":"","_ecp_custom_2":"","_tribe_events_status":"","_tribe_events_status_reason":"","_tribe_events_is_hybrid":"","_tribe_events_is_virtual":"","_tribe_events_virtual_video_source":"","_tribe_events_virtual_embed_video":"","_tribe_events_virtual_linked_button_text":"","_tribe_events_virtual_linked_button":"","_tribe_events_virtual_show_embed_at":"","_tribe_events_virtual_show_embed_to":[],"_tribe_events_virtual_show_on_event":"","_tribe_events_virtual_show_on_views":"","_tribe_events_virtual_url":"","footnotes":""},"tags":[10077,1363,9225,11450,9226,9227,1357,11448,11446,10071,11447,11449,10074,10073],"tribe_events_cat":[8964],"class_list":["post-22317","tribe_events","type-tribe_events","status-publish","has-post-thumbnail","hentry","tag-toma-tabaco-3","tag-cafe-la-palma","tag-cafe-la-palma-clubbing","tag-dj-bizum","tag-djs-madrid","tag-djs-malasana","tag-electronica","tag-eztoy-malito-dj","tag-k1000a","tag-la-cigarrada","tag-nara","tag-sherpa","tag-tabaco","tag-toma-tabaco","tribe_events_cat-clubbing","cat_clubbing"],"uagb_featured_image_src":{"full":["https:\/\/cafelapalma.com\/wp-content\/uploads\/2022\/04\/1x1.png",1348,1348,false],"thumbnail":["https:\/\/cafelapalma.com\/wp-content\/uploads\/2022\/04\/1x1-150x150.png",150,150,true],"medium":["https:\/\/cafelapalma.com\/wp-content\/uploads\/2022\/04\/1x1-300x300.png",300,300,true],"medium_large":["https:\/\/cafelapalma.com\/wp-content\/uploads\/2022\/04\/1x1-768x768.png",768,768,true],"large":["https:\/\/cafelapalma.com\/wp-content\/uploads\/2022\/04\/1x1-1024x1024.png",1020,1020,true],"1536x1536":["https:\/\/cafelapalma.com\/wp-content\/uploads\/2022\/04\/1x1.png",1348,1348,false],"2048x2048":["https:\/\/cafelapalma.com\/wp-content\/uploads\/2022\/04\/1x1.png",1348,1348,false],"trp-custom-language-flag":["https:\/\/cafelapalma.com\/wp-content\/uploads\/2022\/04\/1x1.png",12,12,false],"blossom-feminine-slider":["https:\/\/cafelapalma.com\/wp-content\/uploads\/2022\/04\/1x1-1348x649.png",1348,649,true],"blossom-feminine-featured":["https:\/\/cafelapalma.com\/wp-content\/uploads\/2022\/04\/1x1-1348x600.png",1348,600,true],"blossom-feminine-with-sidebar":["https:\/\/cafelapalma.com\/wp-content\/uploads\/2022\/04\/1x1-1020x600.png",1020,600,true],"blossom-feminine-blog":["https:\/\/cafelapalma.com\/wp-content\/uploads\/2022\/04\/1x1-435x435.png",435,435,true],"blossom-feminine-cat":["https:\/\/cafelapalma.com\/wp-content\/uploads\/2022\/04\/1x1-450x300.png",450,300,true],"blossom-feminine-related":["https:\/\/cafelapalma.com\/wp-content\/uploads\/2022\/04\/1x1-320x200.png",320,200,true],"blossom-feminine-schema":["https:\/\/cafelapalma.com\/wp-content\/uploads\/2022\/04\/1x1-60x60.png",60,60,true]},"uagb_author_info":{"display_name":"Victor","author_link":"https:\/\/cafelapalma.com\/en\/author\/comunicacion\/"},"uagb_comment_info":0,"uagb_excerpt":"&#x1f6ac;&#x1f6ac;&#x1f6ac; LA CIGARRADA\u00a02 es el festejo del fumar de los chicos de @toma.tabaco &#x1f6ac;&#x1f6ac;&#x1f6ac; \u00bfCu\u00e1ntas veces te has levantado diciendo: Dios, \u00a1qu\u00e9 ganas de fumarme doscientos cigarros! En TABACO te comprendemos y por eso volvemos a celebrar la Comuni\u00f3n de la Colilla, una noche dedicada \u00fanica y exclusivamente a recaudar fondos para la AAFMT, la&hellip;","_links":{"self":[{"href":"https:\/\/cafelapalma.com\/en\/wp-json\/wp\/v2\/tribe_events\/22317","targetHints":{"allow":["GET"]}}],"collection":[{"href":"https:\/\/cafelapalma.com\/en\/wp-json\/wp\/v2\/tribe_events"}],"about":[{"href":"https:\/\/cafelapalma.com\/en\/wp-json\/wp\/v2\/types\/tribe_events"}],"author":[{"embeddable":true,"href":"https:\/\/cafelapalma.com\/en\/wp-json\/wp\/v2\/users\/2"}],"version-history":[{"count":0,"href":"https:\/\/cafelapalma.com\/en\/wp-json\/wp\/v2\/tribe_events\/22317\/revisions"}],"wp:featuredmedia":[{"embeddable":true,"href":"https:\/\/cafelapalma.com\/en\/wp-json\/wp\/v2\/media\/22320"}],"wp:attachment":[{"href":"https:\/\/cafelapalma.com\/en\/wp-json\/wp\/v2\/media?parent=22317"}],"wp:term":[{"taxonomy":"post_tag","embeddable":true,"href":"https:\/\/cafelapalma.com\/en\/wp-json\/wp\/v2\/tags?post=22317"},{"taxonomy":"tribe_events_cat","embeddable":true,"href":"https:\/\/cafelapalma.com\/en\/wp-json\/wp\/v2\/tribe_events_cat?post=22317"}],"curies":[{"name":"wp","href":"https:\/\/api.w.org\/{rel}","templated":true}]}}