{"id":22386,"date":"2022-04-25T13:12:00","date_gmt":"2022-04-25T11:12:00","guid":{"rendered":"https:\/\/cafelapalma.com\/?post_type=tribe_events&#038;p=22386"},"modified":"2022-04-25T13:12:23","modified_gmt":"2022-04-25T11:12:23","slug":"lucero-del-alba-live","status":"publish","type":"tribe_events","link":"https:\/\/cafelapalma.com\/en\/programacion\/lucero-del-alba-live\/","title":{"rendered":"LUCERO DEL ALBA: XENIA + INFANTA + AUFWACHEN"},"content":{"rendered":"<div  class=\"tribe-events-schedule tribe-clearfix\" >\n\t<p class=\"tribe-events-schedule__datetime\">\n\t\t<span class=\"tribe-events-schedule__date tribe-events-schedule__date--start\">\n\t\t\t16  June  2022\t\t<\/span>\n\n\t\t\t\t\t<span class=\"tribe-events-schedule__separator tribe-events-schedule__separator--date\">\n\t\t\t\t@\t\t\t<\/span>\n\t\t\t<span class=\"tribe-events-schedule__time tribe-events-schedule__time--start\">\n\t\t\t\t21:00\t\t\t<\/span>\n\t\t\n\t\t\t\t\t\t\t\t\t<span class=\"tribe-events-schedule__separator tribe-events-schedule__separator--time\">\n\t\t\t\t\t&#8211;\t\t\t\t<\/span>\n\t\t\t\n\t\t\t\t\t\t\t<span class=\"tribe-events-schedule__time tribe-events-schedule__time--end\">\n\t\t\t\t\t23:45\t\t\t\t<\/span>\n\t\t\t\n\t\t\t\t\t\t<\/p>\n<\/div>\n\n\n<div  class=\"tribe-block tribe-block__event-price\" >\n\t\t\t<span class=\"tribe-block__event-price__cost\"> 13\u20ac <\/span>\n\t\t\t\t<span class=\"tribe-block__event-price__description\">+ gg Anticipada | 15\u20ac Taquilla<\/span>\n\t<\/div>\n\n\n\n<div style=\"height:100px\" aria-hidden=\"true\" class=\"wp-block-spacer\"><\/div>\n\n\n\n<div class=\"wp-block-columns is-layout-flex wp-container-core-columns-is-layout-8f761849 wp-block-columns-is-layout-flex\">\n<div class=\"wp-block-column is-layout-flow wp-block-column-is-layout-flow\" style=\"flex-basis:33.33%\">\n<figure class=\"wp-block-image size-full\"><img loading=\"lazy\" decoding=\"async\" width=\"431\" height=\"607\" src=\"https:\/\/cafelapalma.com\/wp-content\/uploads\/2022\/04\/A3-LUCERO-DEL-ALBA-LOW.jpg\" alt=\"\" class=\"wp-image-22388\" srcset=\"https:\/\/cafelapalma.com\/wp-content\/uploads\/2022\/04\/A3-LUCERO-DEL-ALBA-LOW.jpg 431w, https:\/\/cafelapalma.com\/wp-content\/uploads\/2022\/04\/A3-LUCERO-DEL-ALBA-LOW-213x300.jpg 213w, https:\/\/cafelapalma.com\/wp-content\/uploads\/2022\/04\/A3-LUCERO-DEL-ALBA-LOW-43x60.jpg 43w\" sizes=\"auto, (max-width: 431px) 100vw, 431px\" \/><\/figure>\n\n\n<div  class=\"tribe-block tribe-block__event-website\" >\n\t<a\n\t\thref=\"https:\/\/link.dice.fm\/g56b9676d0d6\"\n\t\ttarget=\"_self\"\n\t\t\t>\n\t\tBUY TICKETS\t<\/a>\n<\/div>\n<\/div>\n\n\n\n<div class=\"wp-block-column is-layout-flow wp-block-column-is-layout-flow\" style=\"flex-basis:66.66%\">\n<p class=\"has-text-align-left wp-block-paragraph\"><strong>Lucero del Alba<\/strong> nace como arma de acci\u00f3n musical destinada a crear un lugar de encuentro y apoyo a bandas encabezadas por mujeres e integrantes de colectivos no hegem\u00f3nicos. Nuestro primer ataque cuenta con:<\/p>\n\n\n\n<p class=\"has-text-align-left wp-block-paragraph\">&#x2694;<strong>XENIA<\/strong>&#x2694;<\/p>\n\n\n\n<p class=\"has-text-align-left wp-block-paragraph\">Mezclando sonidos de la d\u00e9cada de los 80, as\u00ed como el synth pop o el new wave con elementos de actualidad, <strong>Xenia <\/strong>se trata de una de las j\u00f3venes promesas del panorama nacional. Actualmente, est\u00e1 trabajando en su primer disco <strong><em>\u00abRuido-0\u00bb<\/em><\/strong>, un LP de pop oscuro, mucho m\u00e1s maduro y acelerado, que no deja de lado sus ra\u00edces <em>underground <\/em>y los sonidos envolventes que caracterizan su m\u00fasica.<\/p>\n\n\n\n<p class=\"has-text-align-left wp-block-paragraph\">&#x2694;<strong>INFANTA<\/strong>&#x2694;<\/p>\n\n\n\n<p class=\"has-text-align-left wp-block-paragraph\">Despu\u00e9s de temas como <strong><em>\u00abMe miras\u00bb<\/em><\/strong> o la oscura versi\u00f3n del himno de <strong>Dj Marta<\/strong> <strong><em>\u00abYo lo que quiero es irme de fiesta\u00bb<\/em><\/strong>, <strong>Ainara Rodr\u00edguez<\/strong> reformula su proyecto en solitario con la ayuda de la mel\u00f3dica voz de <strong>Frances Ribes<\/strong> (<strong>Santa Monica<\/strong>). La producci\u00f3n inspirada en el synth pop y el punk corre a cargo de <strong>ScummV<\/strong> (integrante de <strong>S\u00ddN<\/strong>).&nbsp;<\/p>\n\n\n\n<p class=\"has-text-align-left wp-block-paragraph\">&#x2694;<strong>AUFWACHEN<\/strong>&#x2694;<\/p>\n\n\n\n<p class=\"has-text-align-left wp-block-paragraph\">Proyecto en solitario de <strong>Estela Hern\u00e1ndez<\/strong>, cantante y productora valenciana. Con un fuerte impulso por cantar, <strong>Estela <\/strong>comenz\u00f3 a producir colaborando con <strong>Purebeing<\/strong>. En la primavera de 2021, debut\u00f3 en solitario con el single de 7 minutos, <em><strong>\u00abJuana\u00bb<\/strong><\/em>, editado a trav\u00e9s del colectivo <strong>Dominio<\/strong>, del cual tambi\u00e9n forma parte como cofundadora. Inspir\u00e1ndose en los cuentos de hadas, la literatura cl\u00e1sica y la naturaleza, las capas de voces poperas y mel\u00f3dicas crean en su m\u00fasica ambientes \u00edntimos y de ensue\u00f1o.<\/p>\n<\/div>\n<\/div>\n\n\n\n<div style=\"height:100px\" aria-hidden=\"true\" class=\"wp-block-spacer\"><\/div>\n\n\n\n<hr class=\"wp-block-separator is-style-wide\"\/>\n\n\n\n<div style=\"height:100px\" aria-hidden=\"true\" class=\"wp-block-spacer\"><\/div>\n\n\n<h2 class=\"tribe-block__related-events__title\">Related Events<\/h2>\n\n<ul  class=\"tribe-related-events tribe-clearfix\" >\n\t\t\t<li>\n\t\n<div class=\"tribe-related-events-thumbnail\">\n\t<a href=\"https:\/\/cafelapalma.com\/en\/programacion\/funkin-donuts\/\" class=\"url\" rel=\"bookmark\" tabindex=\"-1\" aria-hidden=\"true\"><img loading=\"lazy\" decoding=\"async\" width=\"693\" height=\"1040\" src=\"https:\/\/cafelapalma.com\/wp-content\/uploads\/2026\/07\/FD-vert2-bn-693x1040.jpg\" class=\"attachment-large size-large wp-post-image\" alt=\"\" \/><\/a>\n<\/div>\n\t<div class=\"tribe-related-event-info\">\n\t<h3 class=\"tribe-related-events-title\">\n\t\t<a href=\"https:\/\/cafelapalma.com\/en\/programacion\/funkin-donuts\/\" class=\"tribe-event-url\" rel=\"bookmark\">\n\t\t\tFUNKIN&#8217; DONUTS\t\t<\/a>\n\t<\/h3>\n\t<span class=\"tribe-event-date-start\">5  September@22:00<\/span><span class=\"tribe-event-time\">23:45<\/span><\/div>\n<\/li>\n\t\t\t<li>\n\t\n<div class=\"tribe-related-events-thumbnail\">\n\t<a href=\"https:\/\/cafelapalma.com\/en\/programacion\/willie-deville-concierto-benefico-x-venezuela\/\" class=\"url\" rel=\"bookmark\" tabindex=\"-1\" aria-hidden=\"true\"><img loading=\"lazy\" decoding=\"async\" width=\"1020\" height=\"531\" src=\"https:\/\/cafelapalma.com\/wp-content\/uploads\/2026\/08\/Willie-deville-1100x572-1-1040x541.jpg\" class=\"attachment-large size-large wp-post-image\" alt=\"\" \/><\/a>\n<\/div>\n\t<div class=\"tribe-related-event-info\">\n\t<h3 class=\"tribe-related-events-title\">\n\t\t<a href=\"https:\/\/cafelapalma.com\/en\/programacion\/willie-deville-concierto-benefico-x-venezuela\/\" class=\"tribe-event-url\" rel=\"bookmark\">\n\t\t\tWILLIE DEVILLE: CONCIERTO BEN\u00c9FICO X VENEZUELA\t\t<\/a>\n\t<\/h3>\n\t<span class=\"tribe-event-date-start\">6  September@21:00<\/span><span class=\"tribe-event-time\">23:45<\/span><\/div>\n<\/li>\n\t\t\t<li>\n\t\n<div class=\"tribe-related-events-thumbnail\">\n\t<a href=\"https:\/\/cafelapalma.com\/en\/programacion\/new-boix\/\" class=\"url\" rel=\"bookmark\" tabindex=\"-1\" aria-hidden=\"true\"><img loading=\"lazy\" decoding=\"async\" width=\"694\" height=\"1040\" src=\"https:\/\/cafelapalma.com\/wp-content\/uploads\/2026\/05\/WhatsApp-Image-2026-04-29-at-12.00.28-694x1040.jpeg\" class=\"attachment-large size-large wp-post-image\" alt=\"\" \/><\/a>\n<\/div>\n\t<div class=\"tribe-related-event-info\">\n\t<h3 class=\"tribe-related-events-title\">\n\t\t<a href=\"https:\/\/cafelapalma.com\/en\/programacion\/new-boix\/\" class=\"tribe-event-url\" rel=\"bookmark\">\n\t\t\tNEW BOIX\t\t<\/a>\n\t<\/h3>\n\t<span class=\"tribe-event-date-start\">10  September@22:00<\/span><span class=\"tribe-event-time\">23:45<\/span><\/div>\n<\/li>\n\t<\/ul>","protected":false},"excerpt":{"rendered":"<p>Lucero del Alba nace como arma de acci\u00f3n musical destinada a crear un lugar de encuentro y apoyo a bandas encabezadas por mujeres e integrantes de colectivos no hegem\u00f3nicos. Nuestro primer ataque cuenta con: &#x2694;XENIA&#x2694; Mezclando sonidos de la d\u00e9cada de los 80, as\u00ed como el synth pop o el new wave con elementos de &hellip; <\/p>","protected":false},"author":2,"featured_media":22389,"template":"","meta":{"_tec_requires_first_save":false,"_uag_custom_page_level_css":"","loftloader_page_shortcode":"","_EventAllDay":false,"_EventTimezone":"Europe\/Madrid","_EventStartDate":"2022-06-16 21:00:00","_EventEndDate":"2022-06-16 23:45:00","_EventStartDateUTC":"2022-06-16 19:00:00","_EventEndDateUTC":"2022-06-16 21:45:00","_EventShowMap":false,"_EventShowMapLink":false,"_EventURL":"https:\/\/link.dice.fm\/g56b9676d0d6","_EventCost":"13","_EventCostDescription":"","_EventCurrencySymbol":"\u20ac","_EventCurrencyCode":"","_EventCurrencyPosition":"suffix","_EventDateTimeSeparator":"@","_EventTimeRangeSeparator":"-","_EventOrganizerID":[],"_EventVenueID":[0],"_OrganizerEmail":"","_OrganizerPhone":"","_OrganizerWebsite":"","_VenueAddress":"","_VenueCity":"","_VenueCountry":"","_VenueProvince":"","_VenueState":"","_VenueZip":"","_VenuePhone":"","_VenueURL":"","_VenueStateProvince":"","_VenueLat":"","_VenueLng":"","_VenueShowMap":false,"_VenueShowMapLink":false,"_tribe_blocks_recurrence_rules":"","_tribe_blocks_recurrence_description":"","_tribe_blocks_recurrence_exclusions":"","_ecp_custom_2":"","_tribe_events_status":"","_tribe_events_status_reason":"","_tribe_events_is_hybrid":"","_tribe_events_is_virtual":"","_tribe_events_virtual_video_source":"","_tribe_events_virtual_embed_video":"","_tribe_events_virtual_linked_button_text":"","_tribe_events_virtual_linked_button":"","_tribe_events_virtual_show_embed_at":"","_tribe_events_virtual_show_embed_to":[],"_tribe_events_virtual_show_on_event":"","_tribe_events_virtual_show_on_views":"","_tribe_events_virtual_url":"","footnotes":""},"tags":[11485,11489,8869,2865,9147,9146,11483,11493,11490,11486,11481,11492,10993,11478,11482,9475,1355,11491,11480,11487,11488,10933,1146,1147,11479,11484],"tribe_events_cat":[8963],"class_list":["post-22386","tribe_events","type-tribe_events","status-publish","has-post-thumbnail","hentry","tag-ainara-rodriguez","tag-aufwachen","tag-cafe-la-palma-2","tag-conciertos-cafe-la-palma","tag-conciertos-madrid","tag-conciertos-malasana","tag-dj-marta","tag-dominio","tag-estela-hernandez","tag-frances-ribes","tag-infanta","tag-juana","tag-lgtbi","tag-lucero-del-alba","tag-me-miras","tag-new-wave","tag-pop","tag-purebeing","tag-ruido-0","tag-scummv","tag-syn","tag-synth","tag-synthpop","tag-underground","tag-xenia","tag-yo-lo-que-quiero-es-irme-de-fiesta","tribe_events_cat-concierto","cat_concierto"],"uagb_featured_image_src":{"full":["https:\/\/cafelapalma.com\/wp-content\/uploads\/2022\/04\/LUCERO-DEL-ALBA-LOGO.jpg",469,468,false],"thumbnail":["https:\/\/cafelapalma.com\/wp-content\/uploads\/2022\/04\/LUCERO-DEL-ALBA-LOGO-150x150.jpg",150,150,true],"medium":["https:\/\/cafelapalma.com\/wp-content\/uploads\/2022\/04\/LUCERO-DEL-ALBA-LOGO-300x300.jpg",300,300,true],"medium_large":["https:\/\/cafelapalma.com\/wp-content\/uploads\/2022\/04\/LUCERO-DEL-ALBA-LOGO.jpg",469,468,false],"large":["https:\/\/cafelapalma.com\/wp-content\/uploads\/2022\/04\/LUCERO-DEL-ALBA-LOGO.jpg",469,468,false],"1536x1536":["https:\/\/cafelapalma.com\/wp-content\/uploads\/2022\/04\/LUCERO-DEL-ALBA-LOGO.jpg",469,468,false],"2048x2048":["https:\/\/cafelapalma.com\/wp-content\/uploads\/2022\/04\/LUCERO-DEL-ALBA-LOGO.jpg",469,468,false],"trp-custom-language-flag":["https:\/\/cafelapalma.com\/wp-content\/uploads\/2022\/04\/LUCERO-DEL-ALBA-LOGO.jpg",12,12,false],"blossom-feminine-slider":["https:\/\/cafelapalma.com\/wp-content\/uploads\/2022\/04\/LUCERO-DEL-ALBA-LOGO.jpg",469,468,false],"blossom-feminine-featured":["https:\/\/cafelapalma.com\/wp-content\/uploads\/2022\/04\/LUCERO-DEL-ALBA-LOGO.jpg",469,468,false],"blossom-feminine-with-sidebar":["https:\/\/cafelapalma.com\/wp-content\/uploads\/2022\/04\/LUCERO-DEL-ALBA-LOGO.jpg",469,468,false],"blossom-feminine-blog":["https:\/\/cafelapalma.com\/wp-content\/uploads\/2022\/04\/LUCERO-DEL-ALBA-LOGO-435x435.jpg",435,435,true],"blossom-feminine-cat":["https:\/\/cafelapalma.com\/wp-content\/uploads\/2022\/04\/LUCERO-DEL-ALBA-LOGO-450x300.jpg",450,300,true],"blossom-feminine-related":["https:\/\/cafelapalma.com\/wp-content\/uploads\/2022\/04\/LUCERO-DEL-ALBA-LOGO-320x200.jpg",320,200,true],"blossom-feminine-schema":["https:\/\/cafelapalma.com\/wp-content\/uploads\/2022\/04\/LUCERO-DEL-ALBA-LOGO-60x60.jpg",60,60,true]},"uagb_author_info":{"display_name":"Victor","author_link":"https:\/\/cafelapalma.com\/en\/author\/comunicacion\/"},"uagb_comment_info":0,"uagb_excerpt":"Lucero del Alba nace como arma de acci\u00f3n musical destinada a crear un lugar de encuentro y apoyo a bandas encabezadas por mujeres e integrantes de colectivos no hegem\u00f3nicos. Nuestro primer ataque cuenta con: &#x2694;XENIA&#x2694; Mezclando sonidos de la d\u00e9cada de los 80, as\u00ed como el synth pop o el new wave con elementos de&hellip;","_links":{"self":[{"href":"https:\/\/cafelapalma.com\/en\/wp-json\/wp\/v2\/tribe_events\/22386","targetHints":{"allow":["GET"]}}],"collection":[{"href":"https:\/\/cafelapalma.com\/en\/wp-json\/wp\/v2\/tribe_events"}],"about":[{"href":"https:\/\/cafelapalma.com\/en\/wp-json\/wp\/v2\/types\/tribe_events"}],"author":[{"embeddable":true,"href":"https:\/\/cafelapalma.com\/en\/wp-json\/wp\/v2\/users\/2"}],"version-history":[{"count":0,"href":"https:\/\/cafelapalma.com\/en\/wp-json\/wp\/v2\/tribe_events\/22386\/revisions"}],"wp:featuredmedia":[{"embeddable":true,"href":"https:\/\/cafelapalma.com\/en\/wp-json\/wp\/v2\/media\/22389"}],"wp:attachment":[{"href":"https:\/\/cafelapalma.com\/en\/wp-json\/wp\/v2\/media?parent=22386"}],"wp:term":[{"taxonomy":"post_tag","embeddable":true,"href":"https:\/\/cafelapalma.com\/en\/wp-json\/wp\/v2\/tags?post=22386"},{"taxonomy":"tribe_events_cat","embeddable":true,"href":"https:\/\/cafelapalma.com\/en\/wp-json\/wp\/v2\/tribe_events_cat?post=22386"}],"curies":[{"name":"wp","href":"https:\/\/api.w.org\/{rel}","templated":true}]}}