{"id":22591,"date":"2022-05-04T14:51:12","date_gmt":"2022-05-04T12:51:12","guid":{"rendered":"https:\/\/cafelapalma.com\/?post_type=tribe_events&#038;p=22591"},"modified":"2022-05-04T14:51:14","modified_gmt":"2022-05-04T12:51:14","slug":"johnny-b-zero-2022","status":"publish","type":"tribe_events","link":"https:\/\/cafelapalma.com\/en\/programacion\/johnny-b-zero-2022\/","title":{"rendered":"JOHNNY B. ZERO"},"content":{"rendered":"<div  class=\"tribe-events-schedule tribe-clearfix\" >\n\t<p class=\"tribe-events-schedule__datetime\">\n\t\t<span class=\"tribe-events-schedule__date tribe-events-schedule__date--start\">\n\t\t\t04  June  2022\t\t<\/span>\n\n\t\t\t\t\t<span class=\"tribe-events-schedule__separator tribe-events-schedule__separator--date\">\n\t\t\t\t@\t\t\t<\/span>\n\t\t\t<span class=\"tribe-events-schedule__time tribe-events-schedule__time--start\">\n\t\t\t\t22:00\t\t\t<\/span>\n\t\t\n\t\t\t\t\t\t\t\t\t<span class=\"tribe-events-schedule__separator tribe-events-schedule__separator--time\">\n\t\t\t\t\t&#8211;\t\t\t\t<\/span>\n\t\t\t\n\t\t\t\t\t\t\t<span class=\"tribe-events-schedule__time tribe-events-schedule__time--end\">\n\t\t\t\t\t23:45\t\t\t\t<\/span>\n\t\t\t\n\t\t\t\t\t\t<\/p>\n<\/div>\n\n\n<div  class=\"tribe-block tribe-block__event-price\" >\n\t\t\t<span class=\"tribe-block__event-price__cost\"> 10\u20ac <\/span>\n\t\t\t\t<span class=\"tribe-block__event-price__description\">+ gg Anticipada | 13\u20ac Taquilla<\/span>\n\t<\/div>\n\n\n\n<div style=\"height:100px\" aria-hidden=\"true\" class=\"wp-block-spacer\"><\/div>\n\n\n\n<div class=\"wp-block-columns is-layout-flex wp-container-core-columns-is-layout-8f761849 wp-block-columns-is-layout-flex\">\n<div class=\"wp-block-column is-layout-flow wp-block-column-is-layout-flow\" style=\"flex-basis:33.33%\">\n<figure class=\"wp-block-image size-full\"><img loading=\"lazy\" decoding=\"async\" width=\"430\" height=\"608\" src=\"https:\/\/cafelapalma.com\/wp-content\/uploads\/2022\/05\/JohnnyXCafeLaPalma_Poster.jpg\" alt=\"\" class=\"wp-image-22593\" srcset=\"https:\/\/cafelapalma.com\/wp-content\/uploads\/2022\/05\/JohnnyXCafeLaPalma_Poster.jpg 430w, https:\/\/cafelapalma.com\/wp-content\/uploads\/2022\/05\/JohnnyXCafeLaPalma_Poster-212x300.jpg 212w, https:\/\/cafelapalma.com\/wp-content\/uploads\/2022\/05\/JohnnyXCafeLaPalma_Poster-42x60.jpg 42w\" sizes=\"auto, (max-width: 430px) 100vw, 430px\" \/><\/figure>\n\n\n<div  class=\"tribe-block tribe-block__event-website\" >\n\t<a\n\t\thref=\"https:\/\/www.notikumi.com\/2022\/6\/4\/concierto-de-johnny-b-zero-en-madrid-cafe-la-palma\"\n\t\ttarget=\"_self\"\n\t\t\t>\n\t\tBUY TICKETS\t<\/a>\n<\/div>\n<\/div>\n\n\n\n<div class=\"wp-block-column is-layout-flow wp-block-column-is-layout-flow\" style=\"flex-basis:66.66%\">\n<p class=\"wp-block-paragraph\"><\/p>\n\n\n\n<p class=\"has-text-align-left wp-block-paragraph\"><strong>Johnny B. Zero<\/strong> regresa a <strong>Madrid <\/strong>para presentar su nuevo disco, <strong><em>\u00abViolets\u00bb<\/em><\/strong>. La banda de rock valenciana trae las canciones de su nuevo \u00e1lbum, el m\u00e1s cristalino y rom\u00e1ntico que han publicado hasta la fecha, en un concierto que promete ser emocionante y \u00fanico en su especie.<\/p>\n\n\n\n<p class=\"has-text-align-left wp-block-paragraph\"><em>\u00abPara m\u00ed son una de las grandes esperanzas del rock de este pa\u00eds. Una transgresi\u00f3n y una conjunci\u00f3n de g\u00e9neros absolutamente asombrosa, y uno de los guitarristas m\u00e1s excepcionales que he escuchado en los \u00faltimos a\u00f1os\u00bb<\/em>. <strong>Javier Gallego<\/strong> (<strong><em>Carne Cruda<\/em><\/strong>)<\/p>\n\n\n\n<p class=\"has-text-align-left wp-block-paragraph\"><em>\u00abMuch\u00edsimo rock, pero lleno de sonidos que le dan enorme colorido, un esp\u00edritu experimental que no pierde el pellizco de lo atractivo. Nos ha golpeado a la primera\u00bb<\/em>. <strong>\u00c1ngel Carmona<\/strong> (<strong><em>Hoy empieza todo, <\/em>Rne3<\/strong>)<strong><br><br><\/strong>\u00abUna banda que sabe a rock pero que resulta at\u00edpica para los baremos del g\u00e9nero, y lo decimos como un piropo. Un grupo que se sale de los moldes\u00bb. <strong>Diego RJ<\/strong> (<strong><em>El S\u00f3tano<\/em><\/strong>, <strong>Rne3<\/strong>)<\/p>\n<\/div>\n<\/div>\n\n\n\n<div style=\"height:100px\" aria-hidden=\"true\" class=\"wp-block-spacer\"><\/div>\n\n\n\n<hr class=\"wp-block-separator is-style-wide\"\/>\n\n\n\n<div style=\"height:100px\" aria-hidden=\"true\" class=\"wp-block-spacer\"><\/div>\n\n\n<h2 class=\"tribe-block__related-events__title\">Related Events<\/h2>\n\n<ul  class=\"tribe-related-events tribe-clearfix\" >\n\t\t\t<li>\n\t\n<div class=\"tribe-related-events-thumbnail\">\n\t<a href=\"https:\/\/cafelapalma.com\/en\/programacion\/funkin-donuts\/\" class=\"url\" rel=\"bookmark\" tabindex=\"-1\" aria-hidden=\"true\"><img loading=\"lazy\" decoding=\"async\" width=\"693\" height=\"1040\" src=\"https:\/\/cafelapalma.com\/wp-content\/uploads\/2026\/07\/FD-vert2-bn-693x1040.jpg\" class=\"attachment-large size-large wp-post-image\" alt=\"\" \/><\/a>\n<\/div>\n\t<div class=\"tribe-related-event-info\">\n\t<h3 class=\"tribe-related-events-title\">\n\t\t<a href=\"https:\/\/cafelapalma.com\/en\/programacion\/funkin-donuts\/\" class=\"tribe-event-url\" rel=\"bookmark\">\n\t\t\tFUNKIN&#8217; DONUTS\t\t<\/a>\n\t<\/h3>\n\t<span class=\"tribe-event-date-start\">5  September@22:00<\/span><span class=\"tribe-event-time\">23:45<\/span><\/div>\n<\/li>\n\t\t\t<li>\n\t\n<div class=\"tribe-related-events-thumbnail\">\n\t<a href=\"https:\/\/cafelapalma.com\/en\/programacion\/backstage-le-petit-truffle-mayo\/\" class=\"url\" rel=\"bookmark\" tabindex=\"-1\" aria-hidden=\"true\"><img loading=\"lazy\" decoding=\"async\" width=\"780\" height=\"1040\" src=\"https:\/\/cafelapalma.com\/wp-content\/uploads\/2026\/07\/Imagen-TruffleMayo-LePetit-i-1-780x1040.png\" class=\"attachment-large size-large wp-post-image\" alt=\"\" \/><\/a>\n<\/div>\n\t<div class=\"tribe-related-event-info\">\n\t<h3 class=\"tribe-related-events-title\">\n\t\t<a href=\"https:\/\/cafelapalma.com\/en\/programacion\/backstage-le-petit-truffle-mayo\/\" class=\"tribe-event-url\" rel=\"bookmark\">\n\t\t\tBACKSTAGE: LE PETIT + TRUFFLE MAYO\t\t<\/a>\n\t<\/h3>\n\t<span class=\"tribe-event-date-start\">5  September@23:55<\/span><\/div>\n<\/li>\n\t\t\t<li>\n\t\n<div class=\"tribe-related-events-thumbnail\">\n\t<a href=\"https:\/\/cafelapalma.com\/en\/programacion\/willie-deville-concierto-benefico-x-venezuela\/\" class=\"url\" rel=\"bookmark\" tabindex=\"-1\" aria-hidden=\"true\"><img loading=\"lazy\" decoding=\"async\" width=\"1020\" height=\"531\" src=\"https:\/\/cafelapalma.com\/wp-content\/uploads\/2026\/08\/Willie-deville-1100x572-1-1040x541.jpg\" class=\"attachment-large size-large wp-post-image\" alt=\"\" \/><\/a>\n<\/div>\n\t<div class=\"tribe-related-event-info\">\n\t<h3 class=\"tribe-related-events-title\">\n\t\t<a href=\"https:\/\/cafelapalma.com\/en\/programacion\/willie-deville-concierto-benefico-x-venezuela\/\" class=\"tribe-event-url\" rel=\"bookmark\">\n\t\t\tWILLIE DEVILLE: CONCIERTO BEN\u00c9FICO X VENEZUELA\t\t<\/a>\n\t<\/h3>\n\t<span class=\"tribe-event-date-start\">6  September@21:00<\/span><span class=\"tribe-event-time\">23:45<\/span><\/div>\n<\/li>\n\t<\/ul>","protected":false},"excerpt":{"rendered":"<p>Johnny B. Zero regresa a Madrid para presentar su nuevo disco, \u00abViolets\u00bb. La banda de rock valenciana trae las canciones de su nuevo \u00e1lbum, el m\u00e1s cristalino y rom\u00e1ntico que han publicado hasta la fecha, en un concierto que promete ser emocionante y \u00fanico en su especie. \u00abPara m\u00ed son una de las grandes esperanzas &hellip; <\/p>","protected":false},"author":2,"featured_media":22594,"template":"","meta":{"_tec_requires_first_save":false,"_uag_custom_page_level_css":"","loftloader_page_shortcode":"","_EventAllDay":false,"_EventTimezone":"Europe\/Madrid","_EventStartDate":"2022-06-04 22:00:00","_EventEndDate":"2022-06-04 23:45:00","_EventStartDateUTC":"2022-06-04 20:00:00","_EventEndDateUTC":"2022-06-04 21:45:00","_EventShowMap":false,"_EventShowMapLink":false,"_EventURL":"https:\/\/www.notikumi.com\/2022\/6\/4\/concierto-de-johnny-b-zero-en-madrid-cafe-la-palma","_EventCost":"10","_EventCostDescription":"","_EventCurrencySymbol":"\u20ac","_EventCurrencyCode":"","_EventCurrencyPosition":"suffix","_EventDateTimeSeparator":"@","_EventTimeRangeSeparator":"-","_EventOrganizerID":[],"_EventVenueID":[0],"_OrganizerEmail":"","_OrganizerPhone":"","_OrganizerWebsite":"","_VenueAddress":"","_VenueCity":"","_VenueCountry":"","_VenueProvince":"","_VenueState":"","_VenueZip":"","_VenuePhone":"","_VenueURL":"","_VenueStateProvince":"","_VenueLat":"","_VenueLng":"","_VenueShowMap":false,"_VenueShowMapLink":false,"_tribe_blocks_recurrence_rules":"","_tribe_blocks_recurrence_description":"","_tribe_blocks_recurrence_exclusions":"","_ecp_custom_2":"","_tribe_events_status":"","_tribe_events_status_reason":"","_tribe_events_is_hybrid":"","_tribe_events_is_virtual":"","_tribe_events_virtual_video_source":"","_tribe_events_virtual_embed_video":"","_tribe_events_virtual_linked_button_text":"","_tribe_events_virtual_linked_button":"","_tribe_events_virtual_show_embed_at":"","_tribe_events_virtual_show_embed_to":[],"_tribe_events_virtual_show_on_event":"","_tribe_events_virtual_show_on_views":"","_tribe_events_virtual_url":"","footnotes":""},"tags":[1363,2865,9147,9146,9514,11584,11585],"tribe_events_cat":[8963],"class_list":["post-22591","tribe_events","type-tribe_events","status-publish","has-post-thumbnail","hentry","tag-cafe-la-palma","tag-conciertos-cafe-la-palma","tag-conciertos-madrid","tag-conciertos-malasana","tag-johnny-b-zero","tag-juanma-ortiz","tag-violets","tribe_events_cat-concierto","cat_concierto"],"uagb_featured_image_src":{"full":["https:\/\/cafelapalma.com\/wp-content\/uploads\/2022\/05\/JOHNNY-B1-LOW.jpg",418,627,false],"thumbnail":["https:\/\/cafelapalma.com\/wp-content\/uploads\/2022\/05\/JOHNNY-B1-LOW-150x150.jpg",150,150,true],"medium":["https:\/\/cafelapalma.com\/wp-content\/uploads\/2022\/05\/JOHNNY-B1-LOW-200x300.jpg",200,300,true],"medium_large":["https:\/\/cafelapalma.com\/wp-content\/uploads\/2022\/05\/JOHNNY-B1-LOW.jpg",418,627,false],"large":["https:\/\/cafelapalma.com\/wp-content\/uploads\/2022\/05\/JOHNNY-B1-LOW.jpg",418,627,false],"1536x1536":["https:\/\/cafelapalma.com\/wp-content\/uploads\/2022\/05\/JOHNNY-B1-LOW.jpg",418,627,false],"2048x2048":["https:\/\/cafelapalma.com\/wp-content\/uploads\/2022\/05\/JOHNNY-B1-LOW.jpg",418,627,false],"trp-custom-language-flag":["https:\/\/cafelapalma.com\/wp-content\/uploads\/2022\/05\/JOHNNY-B1-LOW.jpg",8,12,false],"blossom-feminine-slider":["https:\/\/cafelapalma.com\/wp-content\/uploads\/2022\/05\/JOHNNY-B1-LOW.jpg",418,627,false],"blossom-feminine-featured":["https:\/\/cafelapalma.com\/wp-content\/uploads\/2022\/05\/JOHNNY-B1-LOW-418x600.jpg",418,600,true],"blossom-feminine-with-sidebar":["https:\/\/cafelapalma.com\/wp-content\/uploads\/2022\/05\/JOHNNY-B1-LOW-418x600.jpg",418,600,true],"blossom-feminine-blog":["https:\/\/cafelapalma.com\/wp-content\/uploads\/2022\/05\/JOHNNY-B1-LOW-418x435.jpg",418,435,true],"blossom-feminine-cat":["https:\/\/cafelapalma.com\/wp-content\/uploads\/2022\/05\/JOHNNY-B1-LOW-418x300.jpg",418,300,true],"blossom-feminine-related":["https:\/\/cafelapalma.com\/wp-content\/uploads\/2022\/05\/JOHNNY-B1-LOW-320x200.jpg",320,200,true],"blossom-feminine-schema":["https:\/\/cafelapalma.com\/wp-content\/uploads\/2022\/05\/JOHNNY-B1-LOW-40x60.jpg",40,60,true]},"uagb_author_info":{"display_name":"Victor","author_link":"https:\/\/cafelapalma.com\/en\/author\/comunicacion\/"},"uagb_comment_info":0,"uagb_excerpt":"Johnny B. Zero regresa a Madrid para presentar su nuevo disco, \u00abViolets\u00bb. La banda de rock valenciana trae las canciones de su nuevo \u00e1lbum, el m\u00e1s cristalino y rom\u00e1ntico que han publicado hasta la fecha, en un concierto que promete ser emocionante y \u00fanico en su especie. \u00abPara m\u00ed son una de las grandes esperanzas&hellip;","_links":{"self":[{"href":"https:\/\/cafelapalma.com\/en\/wp-json\/wp\/v2\/tribe_events\/22591","targetHints":{"allow":["GET"]}}],"collection":[{"href":"https:\/\/cafelapalma.com\/en\/wp-json\/wp\/v2\/tribe_events"}],"about":[{"href":"https:\/\/cafelapalma.com\/en\/wp-json\/wp\/v2\/types\/tribe_events"}],"author":[{"embeddable":true,"href":"https:\/\/cafelapalma.com\/en\/wp-json\/wp\/v2\/users\/2"}],"version-history":[{"count":0,"href":"https:\/\/cafelapalma.com\/en\/wp-json\/wp\/v2\/tribe_events\/22591\/revisions"}],"wp:featuredmedia":[{"embeddable":true,"href":"https:\/\/cafelapalma.com\/en\/wp-json\/wp\/v2\/media\/22594"}],"wp:attachment":[{"href":"https:\/\/cafelapalma.com\/en\/wp-json\/wp\/v2\/media?parent=22591"}],"wp:term":[{"taxonomy":"post_tag","embeddable":true,"href":"https:\/\/cafelapalma.com\/en\/wp-json\/wp\/v2\/tags?post=22591"},{"taxonomy":"tribe_events_cat","embeddable":true,"href":"https:\/\/cafelapalma.com\/en\/wp-json\/wp\/v2\/tribe_events_cat?post=22591"}],"curies":[{"name":"wp","href":"https:\/\/api.w.org\/{rel}","templated":true}]}}