{"id":22611,"date":"2022-05-05T11:48:32","date_gmt":"2022-05-05T09:48:32","guid":{"rendered":"https:\/\/cafelapalma.com\/?post_type=tribe_events&#038;p=22611"},"modified":"2022-05-05T18:37:38","modified_gmt":"2022-05-05T16:37:38","slug":"martiz-bloodymel","status":"publish","type":"tribe_events","link":"https:\/\/cafelapalma.com\/en\/programacion\/martiz-bloodymel\/","title":{"rendered":"MARTIZ + BLOODYMEL"},"content":{"rendered":"<div  class=\"tribe-events-schedule tribe-clearfix\" >\n\t<p class=\"tribe-events-schedule__datetime\">\n\t\t<span class=\"tribe-events-schedule__date tribe-events-schedule__date--start\">\n\t\t\t02  July  2022\t\t<\/span>\n\n\t\t\t\t\t<span class=\"tribe-events-schedule__separator tribe-events-schedule__separator--date\">\n\t\t\t\t@\t\t\t<\/span>\n\t\t\t<span class=\"tribe-events-schedule__time tribe-events-schedule__time--start\">\n\t\t\t\t22:00\t\t\t<\/span>\n\t\t\n\t\t\t\t\t\t\t\t\t<span class=\"tribe-events-schedule__separator tribe-events-schedule__separator--time\">\n\t\t\t\t\t&#8211;\t\t\t\t<\/span>\n\t\t\t\n\t\t\t\t\t\t\t<span class=\"tribe-events-schedule__time tribe-events-schedule__time--end\">\n\t\t\t\t\t23:45\t\t\t\t<\/span>\n\t\t\t\n\t\t\t\t\t\t<\/p>\n<\/div>\n\n\n<div  class=\"tribe-block tribe-block__event-price\" >\n\t\t\t<span class=\"tribe-block__event-price__cost\"> 5\u20ac <\/span>\n\t\t\t\t<span class=\"tribe-block__event-price__description\">+ gg Anticipada | 7\u20ac Taquilla<\/span>\n\t<\/div>\n\n\n\n<div style=\"height:100px\" aria-hidden=\"true\" class=\"wp-block-spacer\"><\/div>\n\n\n\n<div class=\"wp-block-columns is-layout-flex wp-container-core-columns-is-layout-8f761849 wp-block-columns-is-layout-flex\">\n<div class=\"wp-block-column is-layout-flow wp-block-column-is-layout-flow\" style=\"flex-basis:33.33%\">\n<figure class=\"wp-block-image size-full\"><img loading=\"lazy\" decoding=\"async\" width=\"418\" height=\"627\" src=\"https:\/\/cafelapalma.com\/wp-content\/uploads\/2022\/05\/MARTIZA3DEFLOW.jpg\" alt=\"\" class=\"wp-image-22625\" srcset=\"https:\/\/cafelapalma.com\/wp-content\/uploads\/2022\/05\/MARTIZA3DEFLOW.jpg 418w, https:\/\/cafelapalma.com\/wp-content\/uploads\/2022\/05\/MARTIZA3DEFLOW-200x300.jpg 200w, https:\/\/cafelapalma.com\/wp-content\/uploads\/2022\/05\/MARTIZA3DEFLOW-40x60.jpg 40w\" sizes=\"auto, (max-width: 418px) 100vw, 418px\" \/><\/figure>\n\n\n<div  class=\"tribe-block tribe-block__event-website\" >\n\t<a\n\t\thref=\"https:\/\/link.dice.fm\/x1a8e9e508b1\"\n\t\ttarget=\"_self\"\n\t\t\t>\n\t\tBUY TICKETS\t<\/a>\n<\/div>\n<\/div>\n\n\n\n<div class=\"wp-block-column is-layout-flow wp-block-column-is-layout-flow\" style=\"flex-basis:66.66%\">\n<p class=\"wp-block-paragraph\"><\/p>\n\n\n\n<p class=\"has-text-align-left wp-block-paragraph\">Formado en 2018, <strong>MARTIZ <\/strong>es uno de los grupos emergentes m\u00e1s esperanzadores de la escena independiente espa\u00f1ola. Caracterizados por letras tristes y guitarras oscuras, cuentan con colaboraciones de primer nivel. La producci\u00f3n corre a cargo de <strong>Jorge Guirao<\/strong> (<strong>Second<\/strong>), as\u00ed como, la participaci\u00f3n en cuanto a bajos y bater\u00edas de <strong>Toni Poza<\/strong> (<strong>Miss Caffeina<\/strong>) y <strong>Fran Guirao<\/strong> (<strong>Second<\/strong>), respectivamente.<\/p>\n\n\n\n<p class=\"has-text-align-left wp-block-paragraph\">Su primera canci\u00f3n <strong><em>\u201cMil Lunas\u201d<\/em><\/strong>, grabada y mezclada por <strong>Antonio Ill\u00e1n<\/strong> (<strong>Viva Suecia<\/strong>), llama la atenci\u00f3n de medios de comunicaci\u00f3n de importancia nacional como <strong>Rne3<\/strong>, siendo su estreno en el programa <strong><em>180 Grados<\/em><\/strong>. <strong><em>\u201cTu Nombre Es Mi Guerra\u201d<\/em><\/strong> es la segunda canci\u00f3n de <strong>MARTIZ<\/strong>. Dolor y cura a partes iguales, tratando temas tan sensibles como el rechazo, la desesperaci\u00f3n y la rabia desde un plano \u00edntimo y personal, llegando a dar por perdido un amor que no llega. Actualmente, presentan su primer EP <strong><em>\u201cNi\u00f1a Invisible\u201d<\/em><\/strong> que contiene las tres primeras canciones de <strong>MARTIZ<\/strong>.<\/p>\n\n\n\n<p class=\"has-text-align-left wp-block-paragraph\">La b\u00fasqueda de una espiritualidad coherente comulga con lo mat\u00e9rico a trav\u00e9s de <strong>BLOODYMEL<\/strong>, el alter ego musical de <strong>Amelia Izquierdo<\/strong>, compositora y cantante madrile\u00f1a (1996). Tras m\u00e1s de una d\u00e9cada como cantante principal y corista en varias bandas de pop-rock, periodo en el que ha ido perfilando su mensaje a trav\u00e9s de un trabajo de introspecci\u00f3n y composici\u00f3n consciente, ha decidido alumbrar en formato EP: llega <strong><em>\u201cBloodymel: The Triade\u201d<\/em><\/strong>, primera obra de <strong>Amelia <\/strong>como <strong>BLOODYMEL<\/strong>.<\/p>\n<\/div>\n<\/div>\n\n\n\n<div style=\"height:100px\" aria-hidden=\"true\" class=\"wp-block-spacer\"><\/div>\n\n\n\n<hr class=\"wp-block-separator is-style-wide\"\/>\n\n\n\n<div style=\"height:100px\" aria-hidden=\"true\" class=\"wp-block-spacer\"><\/div>\n\n\n<h2 class=\"tribe-block__related-events__title\">Related Events<\/h2>\n\n<ul  class=\"tribe-related-events tribe-clearfix\" >\n\t\t\t<li>\n\t\n<div class=\"tribe-related-events-thumbnail\">\n\t<a href=\"https:\/\/cafelapalma.com\/en\/programacion\/funkin-donuts\/\" class=\"url\" rel=\"bookmark\" tabindex=\"-1\" aria-hidden=\"true\"><img loading=\"lazy\" decoding=\"async\" width=\"693\" height=\"1040\" src=\"https:\/\/cafelapalma.com\/wp-content\/uploads\/2026\/07\/FD-vert2-bn-693x1040.jpg\" class=\"attachment-large size-large wp-post-image\" alt=\"\" \/><\/a>\n<\/div>\n\t<div class=\"tribe-related-event-info\">\n\t<h3 class=\"tribe-related-events-title\">\n\t\t<a href=\"https:\/\/cafelapalma.com\/en\/programacion\/funkin-donuts\/\" class=\"tribe-event-url\" rel=\"bookmark\">\n\t\t\tFUNKIN&#8217; DONUTS\t\t<\/a>\n\t<\/h3>\n\t<span class=\"tribe-event-date-start\">5  September@22:00<\/span><span class=\"tribe-event-time\">23:45<\/span><\/div>\n<\/li>\n\t\t\t<li>\n\t\n<div class=\"tribe-related-events-thumbnail\">\n\t<a href=\"https:\/\/cafelapalma.com\/en\/programacion\/backstage-le-petit-truffle-mayo\/\" class=\"url\" rel=\"bookmark\" tabindex=\"-1\" aria-hidden=\"true\"><img loading=\"lazy\" decoding=\"async\" width=\"780\" height=\"1040\" src=\"https:\/\/cafelapalma.com\/wp-content\/uploads\/2026\/07\/Imagen-TruffleMayo-LePetit-i-1-780x1040.png\" class=\"attachment-large size-large wp-post-image\" alt=\"\" \/><\/a>\n<\/div>\n\t<div class=\"tribe-related-event-info\">\n\t<h3 class=\"tribe-related-events-title\">\n\t\t<a href=\"https:\/\/cafelapalma.com\/en\/programacion\/backstage-le-petit-truffle-mayo\/\" class=\"tribe-event-url\" rel=\"bookmark\">\n\t\t\tBACKSTAGE: LE PETIT + TRUFFLE MAYO\t\t<\/a>\n\t<\/h3>\n\t<span class=\"tribe-event-date-start\">5  September@23:55<\/span><\/div>\n<\/li>\n\t\t\t<li>\n\t\n<div class=\"tribe-related-events-thumbnail\">\n\t<a href=\"https:\/\/cafelapalma.com\/en\/programacion\/willie-deville-concierto-benefico-x-venezuela\/\" class=\"url\" rel=\"bookmark\" tabindex=\"-1\" aria-hidden=\"true\"><img loading=\"lazy\" decoding=\"async\" width=\"1020\" height=\"531\" src=\"https:\/\/cafelapalma.com\/wp-content\/uploads\/2026\/08\/Willie-deville-1100x572-1-1040x541.jpg\" class=\"attachment-large size-large wp-post-image\" alt=\"\" \/><\/a>\n<\/div>\n\t<div class=\"tribe-related-event-info\">\n\t<h3 class=\"tribe-related-events-title\">\n\t\t<a href=\"https:\/\/cafelapalma.com\/en\/programacion\/willie-deville-concierto-benefico-x-venezuela\/\" class=\"tribe-event-url\" rel=\"bookmark\">\n\t\t\tWILLIE DEVILLE: CONCIERTO BEN\u00c9FICO X VENEZUELA\t\t<\/a>\n\t<\/h3>\n\t<span class=\"tribe-event-date-start\">6  September@21:00<\/span><span class=\"tribe-event-time\">23:45<\/span><\/div>\n<\/li>\n\t<\/ul>","protected":false},"excerpt":{"rendered":"<p>Formado en 2018, MARTIZ es uno de los grupos emergentes m\u00e1s esperanzadores de la escena independiente espa\u00f1ola. Caracterizados por letras tristes y guitarras oscuras, cuentan con colaboraciones de primer nivel. La producci\u00f3n corre a cargo de Jorge Guirao (Second), as\u00ed como, la participaci\u00f3n en cuanto a bajos y bater\u00edas de Toni Poza (Miss Caffeina) y &hellip; <\/p>","protected":false},"author":2,"featured_media":22614,"template":"","meta":{"_tec_requires_first_save":false,"_uag_custom_page_level_css":"","loftloader_page_shortcode":"","_EventAllDay":false,"_EventTimezone":"Europe\/Madrid","_EventStartDate":"2022-07-02 22:00:00","_EventEndDate":"2022-07-02 23:45:00","_EventStartDateUTC":"2022-07-02 20:00:00","_EventEndDateUTC":"2022-07-02 21:45:00","_EventShowMap":false,"_EventShowMapLink":false,"_EventURL":"https:\/\/link.dice.fm\/x1a8e9e508b1","_EventCost":"5","_EventCostDescription":"","_EventCurrencySymbol":"\u20ac","_EventCurrencyCode":"","_EventCurrencyPosition":"suffix","_EventDateTimeSeparator":"@","_EventTimeRangeSeparator":"-","_EventOrganizerID":[],"_EventVenueID":[0],"_OrganizerEmail":"","_OrganizerPhone":"","_OrganizerWebsite":"","_VenueAddress":"","_VenueCity":"","_VenueCountry":"","_VenueProvince":"","_VenueState":"","_VenueZip":"","_VenuePhone":"","_VenueURL":"","_VenueStateProvince":"","_VenueLat":"","_VenueLng":"","_VenueShowMap":false,"_VenueShowMapLink":false,"_tribe_blocks_recurrence_rules":"","_tribe_blocks_recurrence_description":"","_tribe_blocks_recurrence_exclusions":"","_ecp_custom_2":"","_tribe_events_status":"","_tribe_events_status_reason":"","_tribe_events_is_hybrid":"","_tribe_events_is_virtual":"","_tribe_events_virtual_video_source":"","_tribe_events_virtual_embed_video":"","_tribe_events_virtual_linked_button_text":"","_tribe_events_virtual_linked_button":"","_tribe_events_virtual_show_embed_at":"","_tribe_events_virtual_show_embed_to":[],"_tribe_events_virtual_show_on_event":"","_tribe_events_virtual_show_on_views":"","_tribe_events_virtual_url":"","footnotes":""},"tags":[11598,11593,11597,11599,1363,2865,9147,9146,11591,8970,11587,11586,11592,11590,11596,1355,1354,11588,11600,11589,11595,11594],"tribe_events_cat":[8963],"class_list":["post-22611","tribe_events","type-tribe_events","status-publish","has-post-thumbnail","hentry","tag-amelia-izquierdo","tag-antonio-illan","tag-bloodymel","tag-bloodymel-the-triade","tag-cafe-la-palma","tag-conciertos-cafe-la-palma","tag-conciertos-madrid","tag-conciertos-malasana","tag-fran-guirao","tag-indie","tag-jorge-guirao","tag-martiz","tag-mil-lunas","tag-miss-caffeina","tag-nina-invisible","tag-pop","tag-rock","tag-second","tag-the-triade","tag-toni-poza","tag-tu-nombre-es-mi-guerra","tag-viva-suecia","tribe_events_cat-concierto","cat_concierto"],"uagb_featured_image_src":{"full":["https:\/\/cafelapalma.com\/wp-content\/uploads\/2022\/05\/MARIZLOW.jpg",418,627,false],"thumbnail":["https:\/\/cafelapalma.com\/wp-content\/uploads\/2022\/05\/MARIZLOW-150x150.jpg",150,150,true],"medium":["https:\/\/cafelapalma.com\/wp-content\/uploads\/2022\/05\/MARIZLOW-200x300.jpg",200,300,true],"medium_large":["https:\/\/cafelapalma.com\/wp-content\/uploads\/2022\/05\/MARIZLOW.jpg",418,627,false],"large":["https:\/\/cafelapalma.com\/wp-content\/uploads\/2022\/05\/MARIZLOW.jpg",418,627,false],"1536x1536":["https:\/\/cafelapalma.com\/wp-content\/uploads\/2022\/05\/MARIZLOW.jpg",418,627,false],"2048x2048":["https:\/\/cafelapalma.com\/wp-content\/uploads\/2022\/05\/MARIZLOW.jpg",418,627,false],"trp-custom-language-flag":["https:\/\/cafelapalma.com\/wp-content\/uploads\/2022\/05\/MARIZLOW.jpg",8,12,false],"blossom-feminine-slider":["https:\/\/cafelapalma.com\/wp-content\/uploads\/2022\/05\/MARIZLOW.jpg",418,627,false],"blossom-feminine-featured":["https:\/\/cafelapalma.com\/wp-content\/uploads\/2022\/05\/MARIZLOW-418x600.jpg",418,600,true],"blossom-feminine-with-sidebar":["https:\/\/cafelapalma.com\/wp-content\/uploads\/2022\/05\/MARIZLOW-418x600.jpg",418,600,true],"blossom-feminine-blog":["https:\/\/cafelapalma.com\/wp-content\/uploads\/2022\/05\/MARIZLOW-418x435.jpg",418,435,true],"blossom-feminine-cat":["https:\/\/cafelapalma.com\/wp-content\/uploads\/2022\/05\/MARIZLOW-418x300.jpg",418,300,true],"blossom-feminine-related":["https:\/\/cafelapalma.com\/wp-content\/uploads\/2022\/05\/MARIZLOW-320x200.jpg",320,200,true],"blossom-feminine-schema":["https:\/\/cafelapalma.com\/wp-content\/uploads\/2022\/05\/MARIZLOW-40x60.jpg",40,60,true]},"uagb_author_info":{"display_name":"Victor","author_link":"https:\/\/cafelapalma.com\/en\/author\/comunicacion\/"},"uagb_comment_info":0,"uagb_excerpt":"Formado en 2018, MARTIZ es uno de los grupos emergentes m\u00e1s esperanzadores de la escena independiente espa\u00f1ola. Caracterizados por letras tristes y guitarras oscuras, cuentan con colaboraciones de primer nivel. La producci\u00f3n corre a cargo de Jorge Guirao (Second), as\u00ed como, la participaci\u00f3n en cuanto a bajos y bater\u00edas de Toni Poza (Miss Caffeina) y&hellip;","_links":{"self":[{"href":"https:\/\/cafelapalma.com\/en\/wp-json\/wp\/v2\/tribe_events\/22611","targetHints":{"allow":["GET"]}}],"collection":[{"href":"https:\/\/cafelapalma.com\/en\/wp-json\/wp\/v2\/tribe_events"}],"about":[{"href":"https:\/\/cafelapalma.com\/en\/wp-json\/wp\/v2\/types\/tribe_events"}],"author":[{"embeddable":true,"href":"https:\/\/cafelapalma.com\/en\/wp-json\/wp\/v2\/users\/2"}],"version-history":[{"count":0,"href":"https:\/\/cafelapalma.com\/en\/wp-json\/wp\/v2\/tribe_events\/22611\/revisions"}],"wp:featuredmedia":[{"embeddable":true,"href":"https:\/\/cafelapalma.com\/en\/wp-json\/wp\/v2\/media\/22614"}],"wp:attachment":[{"href":"https:\/\/cafelapalma.com\/en\/wp-json\/wp\/v2\/media?parent=22611"}],"wp:term":[{"taxonomy":"post_tag","embeddable":true,"href":"https:\/\/cafelapalma.com\/en\/wp-json\/wp\/v2\/tags?post=22611"},{"taxonomy":"tribe_events_cat","embeddable":true,"href":"https:\/\/cafelapalma.com\/en\/wp-json\/wp\/v2\/tribe_events_cat?post=22611"}],"curies":[{"name":"wp","href":"https:\/\/api.w.org\/{rel}","templated":true}]}}