{"id":22719,"date":"2022-05-17T16:28:05","date_gmt":"2022-05-17T14:28:05","guid":{"rendered":"https:\/\/cafelapalma.com\/?post_type=tribe_events&#038;p=22719"},"modified":"2022-05-17T17:15:53","modified_gmt":"2022-05-17T15:15:53","slug":"presentacion-barbeira-season-fest-firmado-carlota-lusillon","status":"publish","type":"tribe_events","link":"https:\/\/cafelapalma.com\/en\/programacion\/presentacion-barbeira-season-fest-firmado-carlota-lusillon\/","title":{"rendered":"PRESENTACI\u00d3N BARBEIRA SEASON FEST: FIRMADO, CARLOTA + LUSILL\u00d3N"},"content":{"rendered":"<div  class=\"tribe-events-schedule tribe-clearfix\" >\n\t<p class=\"tribe-events-schedule__datetime\">\n\t\t<span class=\"tribe-events-schedule__date tribe-events-schedule__date--start\">\n\t\t\t25  June  2022\t\t<\/span>\n\n\t\t\t\t\t<span class=\"tribe-events-schedule__separator tribe-events-schedule__separator--date\">\n\t\t\t\t@\t\t\t<\/span>\n\t\t\t<span class=\"tribe-events-schedule__time tribe-events-schedule__time--start\">\n\t\t\t\t21:30\t\t\t<\/span>\n\t\t\n\t\t\t\t\t\t\t\t\t<span class=\"tribe-events-schedule__separator tribe-events-schedule__separator--time\">\n\t\t\t\t\t&#8211;\t\t\t\t<\/span>\n\t\t\t\n\t\t\t\t\t\t\t<span class=\"tribe-events-schedule__time tribe-events-schedule__time--end\">\n\t\t\t\t\t23:45\t\t\t\t<\/span>\n\t\t\t\n\t\t\t\t\t\t<\/p>\n<\/div>\n\n\n<div  class=\"tribe-block tribe-block__event-price\" >\n\t\t\t<span class=\"tribe-block__event-price__cost\"> 10\u20ac <\/span>\n\t\t\t\t<span class=\"tribe-block__event-price__description\">+ gg Anticipada | 14\u20ac Taquilla<\/span>\n\t<\/div>\n\n\n\n<div style=\"height:100px\" aria-hidden=\"true\" class=\"wp-block-spacer\"><\/div>\n\n\n\n<div class=\"wp-block-columns is-layout-flex wp-container-core-columns-is-layout-8f761849 wp-block-columns-is-layout-flex\">\n<div class=\"wp-block-column is-layout-flow wp-block-column-is-layout-flow\" style=\"flex-basis:33.33%\">\n<figure class=\"wp-block-image size-large\"><img loading=\"lazy\" decoding=\"async\" width=\"1024\" height=\"1024\" src=\"https:\/\/cafelapalma.com\/wp-content\/uploads\/2022\/05\/BARBEIRA-IG-POST-1024x1024.jpg\" alt=\"\" class=\"wp-image-22729\" srcset=\"https:\/\/cafelapalma.com\/wp-content\/uploads\/2022\/05\/BARBEIRA-IG-POST-1024x1024.jpg 1024w, https:\/\/cafelapalma.com\/wp-content\/uploads\/2022\/05\/BARBEIRA-IG-POST-300x300.jpg 300w, https:\/\/cafelapalma.com\/wp-content\/uploads\/2022\/05\/BARBEIRA-IG-POST-150x150.jpg 150w, https:\/\/cafelapalma.com\/wp-content\/uploads\/2022\/05\/BARBEIRA-IG-POST-768x768.jpg 768w, https:\/\/cafelapalma.com\/wp-content\/uploads\/2022\/05\/BARBEIRA-IG-POST-1536x1536.jpg 1536w, https:\/\/cafelapalma.com\/wp-content\/uploads\/2022\/05\/BARBEIRA-IG-POST-435x435.jpg 435w, https:\/\/cafelapalma.com\/wp-content\/uploads\/2022\/05\/BARBEIRA-IG-POST-60x60.jpg 60w, https:\/\/cafelapalma.com\/wp-content\/uploads\/2022\/05\/BARBEIRA-IG-POST.jpg 1600w\" sizes=\"auto, (max-width: 1024px) 100vw, 1024px\" \/><\/figure>\n\n\n<div  class=\"tribe-block tribe-block__event-website\" >\n\t<a\n\t\thref=\"https:\/\/link.dice.fm\/m4ddf36b70e6\"\n\t\ttarget=\"_self\"\n\t\t\t>\n\t\tBUY TICKETS\t<\/a>\n<\/div>\n<\/div>\n\n\n\n<div class=\"wp-block-column is-layout-flow wp-block-column-is-layout-flow\" style=\"flex-basis:66.66%\">\n<p class=\"wp-block-paragraph\"><\/p>\n\n\n\n<p class=\"has-text-align-left wp-block-paragraph\"><strong>Firmado, Carlota<\/strong>&nbsp;es el proyecto musical de la murciana&nbsp;<strong>Carlota Cabrerizo<\/strong>, empezado el marzo de 2020. Una promesa del pop underground espa\u00f1ol que se revela con sus primeros singles&nbsp;<strong><em>\u00abEn Tu Piso\u00bb<\/em><\/strong>&nbsp;y&nbsp;<strong><em>\u00abTus Pu\u00f1ales\u00bb<\/em><\/strong>, y su primer \u00e1lbum de estudio&nbsp;<strong><em>\u00abBuenas y Malas Decisiones\u00bb<\/em><\/strong>&nbsp;(2021), escrito por ella, producido por <strong>Valdivia&nbsp;<\/strong>y mezclado por&nbsp;<strong>Pedro Ruiz<\/strong>&nbsp;de <strong>Viva Belgrado<\/strong>.<\/p>\n\n\n\n<p class=\"has-text-align-left wp-block-paragraph\"><strong>Lusill\u00f3n<\/strong> es una chica de <strong>Madrid<\/strong> llamada <strong>Luc\u00eda<\/strong>. Con 20 a\u00f1os, la cuarentena hizo que se animara a subir su primera canci\u00f3n y ya, con 22, son varias las que tiene fuera: <strong><em>\u201cAmigos pixelados<\/em><\/strong>\u201d, <strong><em>\u201cIkea\u201d<\/em><\/strong>, <strong><em>\u201cUna vez m\u00e1s\u201d<\/em><\/strong> y <strong><em>\u201cUn verm\u00fa conmigo\u201d<\/em><\/strong>. Su estilo musical, un poco revuelto, tiene toques de lofi, bedroom pop e indie. Ahora est\u00e1 trabajando en m\u00e1s canciones y quiere empezar a pisar m\u00e1s escenarios.<\/p>\n\n\n\n<p class=\"has-text-align-left wp-block-paragraph\"><strong>Barbeira Season Fest<\/strong>, que en esta edici\u00f3n crece en d\u00edas, actividades y contenidos, se celebrar\u00e1 en <strong>Baiona <\/strong>de 31 de agosto a 4 de septiembre. Adem\u00e1s este a\u00f1o, el <strong>Barbeira Season Fest <\/strong>tendr\u00e1 lugar en distintos espacios de y estar\u00e1 dirigido a diversos tipos de p\u00fablico.<\/p>\n<\/div>\n<\/div>\n\n\n\n<div style=\"height:100px\" aria-hidden=\"true\" class=\"wp-block-spacer\"><\/div>\n\n\n\n<hr class=\"wp-block-separator is-style-wide\"\/>\n\n\n\n<div style=\"height:100px\" aria-hidden=\"true\" class=\"wp-block-spacer\"><\/div>\n\n\n<h2 class=\"tribe-block__related-events__title\">Related Events<\/h2>\n\n<ul  class=\"tribe-related-events tribe-clearfix\" >\n\t\t\t<li>\n\t\n<div class=\"tribe-related-events-thumbnail\">\n\t<a href=\"https:\/\/cafelapalma.com\/en\/programacion\/funkin-donuts\/\" class=\"url\" rel=\"bookmark\" tabindex=\"-1\" aria-hidden=\"true\"><img loading=\"lazy\" decoding=\"async\" width=\"693\" height=\"1040\" src=\"https:\/\/cafelapalma.com\/wp-content\/uploads\/2026\/07\/FD-vert2-bn-693x1040.jpg\" class=\"attachment-large size-large wp-post-image\" alt=\"\" \/><\/a>\n<\/div>\n\t<div class=\"tribe-related-event-info\">\n\t<h3 class=\"tribe-related-events-title\">\n\t\t<a href=\"https:\/\/cafelapalma.com\/en\/programacion\/funkin-donuts\/\" class=\"tribe-event-url\" rel=\"bookmark\">\n\t\t\tFUNKIN&#8217; DONUTS\t\t<\/a>\n\t<\/h3>\n\t<span class=\"tribe-event-date-start\">5  September@22:00<\/span><span class=\"tribe-event-time\">23:45<\/span><\/div>\n<\/li>\n\t\t\t<li>\n\t\n<div class=\"tribe-related-events-thumbnail\">\n\t<a href=\"https:\/\/cafelapalma.com\/en\/programacion\/backstage-le-petit-truffle-mayo\/\" class=\"url\" rel=\"bookmark\" tabindex=\"-1\" aria-hidden=\"true\"><img loading=\"lazy\" decoding=\"async\" width=\"780\" height=\"1040\" src=\"https:\/\/cafelapalma.com\/wp-content\/uploads\/2026\/07\/Imagen-TruffleMayo-LePetit-i-1-780x1040.png\" class=\"attachment-large size-large wp-post-image\" alt=\"\" \/><\/a>\n<\/div>\n\t<div class=\"tribe-related-event-info\">\n\t<h3 class=\"tribe-related-events-title\">\n\t\t<a href=\"https:\/\/cafelapalma.com\/en\/programacion\/backstage-le-petit-truffle-mayo\/\" class=\"tribe-event-url\" rel=\"bookmark\">\n\t\t\tBACKSTAGE: LE PETIT + TRUFFLE MAYO\t\t<\/a>\n\t<\/h3>\n\t<span class=\"tribe-event-date-start\">5  September@23:55<\/span><\/div>\n<\/li>\n\t\t\t<li>\n\t\n<div class=\"tribe-related-events-thumbnail\">\n\t<a href=\"https:\/\/cafelapalma.com\/en\/programacion\/willie-deville-concierto-benefico-x-venezuela\/\" class=\"url\" rel=\"bookmark\" tabindex=\"-1\" aria-hidden=\"true\"><img loading=\"lazy\" decoding=\"async\" width=\"1020\" height=\"531\" src=\"https:\/\/cafelapalma.com\/wp-content\/uploads\/2026\/08\/Willie-deville-1100x572-1-1040x541.jpg\" class=\"attachment-large size-large wp-post-image\" alt=\"\" \/><\/a>\n<\/div>\n\t<div class=\"tribe-related-event-info\">\n\t<h3 class=\"tribe-related-events-title\">\n\t\t<a href=\"https:\/\/cafelapalma.com\/en\/programacion\/willie-deville-concierto-benefico-x-venezuela\/\" class=\"tribe-event-url\" rel=\"bookmark\">\n\t\t\tWILLIE DEVILLE: CONCIERTO BEN\u00c9FICO X VENEZUELA\t\t<\/a>\n\t<\/h3>\n\t<span class=\"tribe-event-date-start\">6  September@21:00<\/span><span class=\"tribe-event-time\">23:45<\/span><\/div>\n<\/li>\n\t<\/ul>","protected":false},"excerpt":{"rendered":"<p>Firmado, Carlota&nbsp;es el proyecto musical de la murciana&nbsp;Carlota Cabrerizo, empezado el marzo de 2020. Una promesa del pop underground espa\u00f1ol que se revela con sus primeros singles&nbsp;\u00abEn Tu Piso\u00bb&nbsp;y&nbsp;\u00abTus Pu\u00f1ales\u00bb, y su primer \u00e1lbum de estudio&nbsp;\u00abBuenas y Malas Decisiones\u00bb&nbsp;(2021), escrito por ella, producido por Valdivia&nbsp;y mezclado por&nbsp;Pedro Ruiz&nbsp;de Viva Belgrado. Lusill\u00f3n es una chica de &hellip; <\/p>","protected":false},"author":2,"featured_media":22722,"template":"","meta":{"_tec_requires_first_save":false,"_uag_custom_page_level_css":"","loftloader_page_shortcode":"","_EventAllDay":false,"_EventTimezone":"Europe\/Madrid","_EventStartDate":"2022-06-25 21:30:00","_EventEndDate":"2022-06-25 23:45:00","_EventStartDateUTC":"2022-06-25 19:30:00","_EventEndDateUTC":"2022-06-25 21:45:00","_EventShowMap":false,"_EventShowMapLink":false,"_EventURL":"https:\/\/link.dice.fm\/m4ddf36b70e6","_EventCost":"10","_EventCostDescription":"","_EventCurrencySymbol":"\u20ac","_EventCurrencyCode":"","_EventCurrencyPosition":"suffix","_EventDateTimeSeparator":"@","_EventTimeRangeSeparator":"-","_EventOrganizerID":[],"_EventVenueID":[0],"_OrganizerEmail":"","_OrganizerPhone":"","_OrganizerWebsite":"","_VenueAddress":"","_VenueCity":"","_VenueCountry":"","_VenueProvince":"","_VenueState":"","_VenueZip":"","_VenuePhone":"","_VenueURL":"","_VenueStateProvince":"","_VenueLat":"","_VenueLng":"","_VenueShowMap":false,"_VenueShowMapLink":false,"_tribe_blocks_recurrence_rules":"","_tribe_blocks_recurrence_description":"","_tribe_blocks_recurrence_exclusions":"","_ecp_custom_2":"","_tribe_events_status":"","_tribe_events_status_reason":"","_tribe_events_is_hybrid":"","_tribe_events_is_virtual":"","_tribe_events_virtual_video_source":"","_tribe_events_virtual_embed_video":"","_tribe_events_virtual_linked_button_text":"","_tribe_events_virtual_linked_button":"","_tribe_events_virtual_show_embed_at":"","_tribe_events_virtual_show_embed_to":[],"_tribe_events_virtual_show_on_event":"","_tribe_events_virtual_show_on_views":"","_tribe_events_virtual_url":"","footnotes":""},"tags":[11667,11671,11655,11661,1363,11665,11659,2865,9147,9146,11660,11658,11330,11670,8970,9365,11666,9415,11663,1355,11656,11669,11668,11662,11664],"tribe_events_cat":[8963],"class_list":["post-22719","tribe_events","type-tribe_events","status-publish","has-post-thumbnail","hentry","tag-amigos-pixelados","tag-baiona","tag-barbeira-season-fest","tag-buenas-y-malas-decisiones","tag-cafe-la-palma","tag-calima-comunicacion","tag-carlota-cabrerizo","tag-conciertos-cafe-la-palma","tag-conciertos-madrid","tag-conciertos-malasana","tag-en-tu-piso","tag-firmado-carlota","tag-galicia","tag-ikea","tag-indie","tag-lo-fi","tag-lusillon","tag-mushroom-pillow","tag-pedro-ruiz","tag-pop","tag-presentacion","tag-un-vermu-conmigo","tag-una-vez-mas","tag-valdivia","tag-viva-belgrado","tribe_events_cat-concierto","cat_concierto"],"uagb_featured_image_src":{"full":["https:\/\/cafelapalma.com\/wp-content\/uploads\/2022\/05\/firmadocarlotapic.jpg",640,640,false],"thumbnail":["https:\/\/cafelapalma.com\/wp-content\/uploads\/2022\/05\/firmadocarlotapic-150x150.jpg",150,150,true],"medium":["https:\/\/cafelapalma.com\/wp-content\/uploads\/2022\/05\/firmadocarlotapic-300x300.jpg",300,300,true],"medium_large":["https:\/\/cafelapalma.com\/wp-content\/uploads\/2022\/05\/firmadocarlotapic.jpg",640,640,false],"large":["https:\/\/cafelapalma.com\/wp-content\/uploads\/2022\/05\/firmadocarlotapic.jpg",640,640,false],"1536x1536":["https:\/\/cafelapalma.com\/wp-content\/uploads\/2022\/05\/firmadocarlotapic.jpg",640,640,false],"2048x2048":["https:\/\/cafelapalma.com\/wp-content\/uploads\/2022\/05\/firmadocarlotapic.jpg",640,640,false],"trp-custom-language-flag":["https:\/\/cafelapalma.com\/wp-content\/uploads\/2022\/05\/firmadocarlotapic.jpg",12,12,false],"blossom-feminine-slider":["https:\/\/cafelapalma.com\/wp-content\/uploads\/2022\/05\/firmadocarlotapic.jpg",640,640,false],"blossom-feminine-featured":["https:\/\/cafelapalma.com\/wp-content\/uploads\/2022\/05\/firmadocarlotapic-640x600.jpg",640,600,true],"blossom-feminine-with-sidebar":["https:\/\/cafelapalma.com\/wp-content\/uploads\/2022\/05\/firmadocarlotapic-640x600.jpg",640,600,true],"blossom-feminine-blog":["https:\/\/cafelapalma.com\/wp-content\/uploads\/2022\/05\/firmadocarlotapic-435x435.jpg",435,435,true],"blossom-feminine-cat":["https:\/\/cafelapalma.com\/wp-content\/uploads\/2022\/05\/firmadocarlotapic-450x300.jpg",450,300,true],"blossom-feminine-related":["https:\/\/cafelapalma.com\/wp-content\/uploads\/2022\/05\/firmadocarlotapic-320x200.jpg",320,200,true],"blossom-feminine-schema":["https:\/\/cafelapalma.com\/wp-content\/uploads\/2022\/05\/firmadocarlotapic-60x60.jpg",60,60,true]},"uagb_author_info":{"display_name":"Victor","author_link":"https:\/\/cafelapalma.com\/en\/author\/comunicacion\/"},"uagb_comment_info":0,"uagb_excerpt":"Firmado, Carlota&nbsp;es el proyecto musical de la murciana&nbsp;Carlota Cabrerizo, empezado el marzo de 2020. Una promesa del pop underground espa\u00f1ol que se revela con sus primeros singles&nbsp;\u00abEn Tu Piso\u00bb&nbsp;y&nbsp;\u00abTus Pu\u00f1ales\u00bb, y su primer \u00e1lbum de estudio&nbsp;\u00abBuenas y Malas Decisiones\u00bb&nbsp;(2021), escrito por ella, producido por Valdivia&nbsp;y mezclado por&nbsp;Pedro Ruiz&nbsp;de Viva Belgrado. Lusill\u00f3n es una chica de&hellip;","_links":{"self":[{"href":"https:\/\/cafelapalma.com\/en\/wp-json\/wp\/v2\/tribe_events\/22719","targetHints":{"allow":["GET"]}}],"collection":[{"href":"https:\/\/cafelapalma.com\/en\/wp-json\/wp\/v2\/tribe_events"}],"about":[{"href":"https:\/\/cafelapalma.com\/en\/wp-json\/wp\/v2\/types\/tribe_events"}],"author":[{"embeddable":true,"href":"https:\/\/cafelapalma.com\/en\/wp-json\/wp\/v2\/users\/2"}],"version-history":[{"count":0,"href":"https:\/\/cafelapalma.com\/en\/wp-json\/wp\/v2\/tribe_events\/22719\/revisions"}],"wp:featuredmedia":[{"embeddable":true,"href":"https:\/\/cafelapalma.com\/en\/wp-json\/wp\/v2\/media\/22722"}],"wp:attachment":[{"href":"https:\/\/cafelapalma.com\/en\/wp-json\/wp\/v2\/media?parent=22719"}],"wp:term":[{"taxonomy":"post_tag","embeddable":true,"href":"https:\/\/cafelapalma.com\/en\/wp-json\/wp\/v2\/tags?post=22719"},{"taxonomy":"tribe_events_cat","embeddable":true,"href":"https:\/\/cafelapalma.com\/en\/wp-json\/wp\/v2\/tribe_events_cat?post=22719"}],"curies":[{"name":"wp","href":"https:\/\/api.w.org\/{rel}","templated":true}]}}