{"id":22818,"date":"2022-05-25T18:25:25","date_gmt":"2022-05-25T16:25:25","guid":{"rendered":"https:\/\/cafelapalma.com\/?post_type=tribe_events&#038;p=22818"},"modified":"2022-05-25T18:25:26","modified_gmt":"2022-05-25T16:25:26","slug":"toorai-kreddo","status":"publish","type":"tribe_events","link":"https:\/\/cafelapalma.com\/en\/programacion\/toorai-kreddo\/","title":{"rendered":"TOORAI + KREDDO"},"content":{"rendered":"<div  class=\"tribe-events-schedule tribe-clearfix\" >\n\t<p class=\"tribe-events-schedule__datetime\">\n\t\t<span class=\"tribe-events-schedule__date tribe-events-schedule__date--start\">\n\t\t\t09  June  2022\t\t<\/span>\n\n\t\t\t\t\t<span class=\"tribe-events-schedule__separator tribe-events-schedule__separator--date\">\n\t\t\t\t@\t\t\t<\/span>\n\t\t\t<span class=\"tribe-events-schedule__time tribe-events-schedule__time--start\">\n\t\t\t\t22:00\t\t\t<\/span>\n\t\t\n\t\t\t\t\t\t\t\t\t<span class=\"tribe-events-schedule__separator tribe-events-schedule__separator--time\">\n\t\t\t\t\t&#8211;\t\t\t\t<\/span>\n\t\t\t\n\t\t\t\t\t\t\t<span class=\"tribe-events-schedule__time tribe-events-schedule__time--end\">\n\t\t\t\t\t23:45\t\t\t\t<\/span>\n\t\t\t\n\t\t\t\t\t\t<\/p>\n<\/div>\n\n\n<div  class=\"tribe-block tribe-block__event-price\" >\n\t\t\t<span class=\"tribe-block__event-price__cost\"> 10\u20ac <\/span>\n\t\t\t\t<span class=\"tribe-block__event-price__description\">+ gg Anticipada | 12\u20ac Taquilla<\/span>\n\t<\/div>\n\n\n\n<div style=\"height:100px\" aria-hidden=\"true\" class=\"wp-block-spacer\"><\/div>\n\n\n\n<div class=\"wp-block-columns is-layout-flex wp-container-core-columns-is-layout-8f761849 wp-block-columns-is-layout-flex\">\n<div class=\"wp-block-column is-layout-flow wp-block-column-is-layout-flow\" style=\"flex-basis:33.33%\">\n<figure class=\"wp-block-image size-full\"><img loading=\"lazy\" decoding=\"async\" width=\"512\" height=\"512\" src=\"https:\/\/cafelapalma.com\/wp-content\/uploads\/2022\/05\/TOORAI-IGPOST-LOW.png\" alt=\"\" class=\"wp-image-22820\" srcset=\"https:\/\/cafelapalma.com\/wp-content\/uploads\/2022\/05\/TOORAI-IGPOST-LOW.png 512w, https:\/\/cafelapalma.com\/wp-content\/uploads\/2022\/05\/TOORAI-IGPOST-LOW-300x300.png 300w, https:\/\/cafelapalma.com\/wp-content\/uploads\/2022\/05\/TOORAI-IGPOST-LOW-150x150.png 150w, https:\/\/cafelapalma.com\/wp-content\/uploads\/2022\/05\/TOORAI-IGPOST-LOW-435x435.png 435w, https:\/\/cafelapalma.com\/wp-content\/uploads\/2022\/05\/TOORAI-IGPOST-LOW-60x60.png 60w\" sizes=\"auto, (max-width: 512px) 100vw, 512px\" \/><\/figure>\n\n\n<div  class=\"tribe-block tribe-block__event-website\" >\n\t<a\n\t\thref=\"https:\/\/www.eventbrite.es\/e\/entradas-toorai-en-concierto-334345144327\"\n\t\ttarget=\"_self\"\n\t\t\t>\n\t\tBUY TICKETS\t<\/a>\n<\/div>\n<\/div>\n\n\n\n<div class=\"wp-block-column is-layout-flow wp-block-column-is-layout-flow\" style=\"flex-basis:66.66%\">\n<p class=\"has-text-align-left wp-block-paragraph\">Aunque la m\u00fasica siempre ha formado parte de la vida de <strong>Ruth Ca\u00f1ada<\/strong>,\u00a0conocida como <strong>Toorai<\/strong>, fue en su estancia en la <strong>Laponia <\/strong>finesa donde se anima a subir a los escenarios por primera vez.\u00a0Es ah\u00ed d\u00f3nde surge la necesidad de comenzar un proyecto musical propio\u00a0<strong><em>\u00abToorai\u00bb<\/em><\/strong> y as\u00ed compartir con otros su pasi\u00f3n por la creaci\u00f3n y la\u00a0interpretaci\u00f3n musical.\u00a0Con dos singles fuera, <strong><em>\u201ceco\u201d<\/em><\/strong> coproducido junto al pianista de jazz y productor <strong>Julio Mart\u00edn<\/strong> y <strong>\u201cEterno\u201d<\/strong> de la mano de <strong>Mumbai Moon<\/strong>, ahora se\u00a0aventura al lanzamiento de su primer EP <strong><em>\u00abAndo\u00bb<\/em><\/strong> elaborado junto a\u00a0<strong>Sergio Salvi<\/strong> y que saldr\u00e1 a comienzos del a\u00f1o que viene.<\/p>\n\n\n\n<p class=\"has-text-align-left wp-block-paragraph\"><strong>Kreddo <\/strong>es un grupo formado por una granadina, un murciano y un canario, que a pesar de su a\u00fan corta vida han conseguido quedar finalistas en el <strong>Vodafone Yu Music Talent 2021<\/strong>. La banda lanza <strong><em>\u201cCaos\u201d<\/em><\/strong> su primer EP conceptual que nos lleva a un discurso sobre la identidad desdibujada y la presi\u00f3n de la sociedad para no dejarte ser.<\/p>\n<\/div>\n<\/div>\n\n\n\n<div style=\"height:100px\" aria-hidden=\"true\" class=\"wp-block-spacer\"><\/div>\n\n\n\n<hr class=\"wp-block-separator is-style-wide\"\/>\n\n\n\n<div style=\"height:100px\" aria-hidden=\"true\" class=\"wp-block-spacer\"><\/div>\n\n\n<h2 class=\"tribe-block__related-events__title\">Related Events<\/h2>\n\n<ul  class=\"tribe-related-events tribe-clearfix\" >\n\t\t\t<li>\n\t\n<div class=\"tribe-related-events-thumbnail\">\n\t<a href=\"https:\/\/cafelapalma.com\/en\/programacion\/funkin-donuts\/\" class=\"url\" rel=\"bookmark\" tabindex=\"-1\" aria-hidden=\"true\"><img loading=\"lazy\" decoding=\"async\" width=\"693\" height=\"1040\" src=\"https:\/\/cafelapalma.com\/wp-content\/uploads\/2026\/07\/FD-vert2-bn-693x1040.jpg\" class=\"attachment-large size-large wp-post-image\" alt=\"\" \/><\/a>\n<\/div>\n\t<div class=\"tribe-related-event-info\">\n\t<h3 class=\"tribe-related-events-title\">\n\t\t<a href=\"https:\/\/cafelapalma.com\/en\/programacion\/funkin-donuts\/\" class=\"tribe-event-url\" rel=\"bookmark\">\n\t\t\tFUNKIN&#8217; DONUTS\t\t<\/a>\n\t<\/h3>\n\t<span class=\"tribe-event-date-start\">5  September@22:00<\/span><span class=\"tribe-event-time\">23:45<\/span><\/div>\n<\/li>\n\t\t\t<li>\n\t\n<div class=\"tribe-related-events-thumbnail\">\n\t<a href=\"https:\/\/cafelapalma.com\/en\/programacion\/backstage-le-petit-truffle-mayo\/\" class=\"url\" rel=\"bookmark\" tabindex=\"-1\" aria-hidden=\"true\"><img loading=\"lazy\" decoding=\"async\" width=\"780\" height=\"1040\" src=\"https:\/\/cafelapalma.com\/wp-content\/uploads\/2026\/07\/Imagen-TruffleMayo-LePetit-i-1-780x1040.png\" class=\"attachment-large size-large wp-post-image\" alt=\"\" \/><\/a>\n<\/div>\n\t<div class=\"tribe-related-event-info\">\n\t<h3 class=\"tribe-related-events-title\">\n\t\t<a href=\"https:\/\/cafelapalma.com\/en\/programacion\/backstage-le-petit-truffle-mayo\/\" class=\"tribe-event-url\" rel=\"bookmark\">\n\t\t\tBACKSTAGE: LE PETIT + TRUFFLE MAYO\t\t<\/a>\n\t<\/h3>\n\t<span class=\"tribe-event-date-start\">5  September@23:55<\/span><\/div>\n<\/li>\n\t\t\t<li>\n\t\n<div class=\"tribe-related-events-thumbnail\">\n\t<a href=\"https:\/\/cafelapalma.com\/en\/programacion\/willie-deville-concierto-benefico-x-venezuela\/\" class=\"url\" rel=\"bookmark\" tabindex=\"-1\" aria-hidden=\"true\"><img loading=\"lazy\" decoding=\"async\" width=\"1020\" height=\"531\" src=\"https:\/\/cafelapalma.com\/wp-content\/uploads\/2026\/08\/Willie-deville-1100x572-1-1040x541.jpg\" class=\"attachment-large size-large wp-post-image\" alt=\"\" \/><\/a>\n<\/div>\n\t<div class=\"tribe-related-event-info\">\n\t<h3 class=\"tribe-related-events-title\">\n\t\t<a href=\"https:\/\/cafelapalma.com\/en\/programacion\/willie-deville-concierto-benefico-x-venezuela\/\" class=\"tribe-event-url\" rel=\"bookmark\">\n\t\t\tWILLIE DEVILLE: CONCIERTO BEN\u00c9FICO X VENEZUELA\t\t<\/a>\n\t<\/h3>\n\t<span class=\"tribe-event-date-start\">6  September@21:00<\/span><span class=\"tribe-event-time\">23:45<\/span><\/div>\n<\/li>\n\t<\/ul>","protected":false},"excerpt":{"rendered":"<p>Aunque la m\u00fasica siempre ha formado parte de la vida de Ruth Ca\u00f1ada,\u00a0conocida como Toorai, fue en su estancia en la Laponia finesa donde se anima a subir a los escenarios por primera vez.\u00a0Es ah\u00ed d\u00f3nde surge la necesidad de comenzar un proyecto musical propio\u00a0\u00abToorai\u00bb y as\u00ed compartir con otros su pasi\u00f3n por la creaci\u00f3n &hellip; <\/p>","protected":false},"author":2,"featured_media":22821,"template":"","meta":{"_tec_requires_first_save":false,"_uag_custom_page_level_css":"","loftloader_page_shortcode":"","_EventAllDay":false,"_EventTimezone":"Europe\/Madrid","_EventStartDate":"2022-06-09 22:00:00","_EventEndDate":"2022-06-09 23:45:00","_EventStartDateUTC":"2022-06-09 20:00:00","_EventEndDateUTC":"2022-06-09 21:45:00","_EventShowMap":false,"_EventShowMapLink":false,"_EventURL":"https:\/\/www.eventbrite.es\/e\/entradas-toorai-en-concierto-334345144327","_EventCost":"10","_EventCostDescription":"","_EventCurrencySymbol":"\u20ac","_EventCurrencyCode":"","_EventCurrencyPosition":"suffix","_EventDateTimeSeparator":"@","_EventTimeRangeSeparator":"-","_EventOrganizerID":[],"_EventVenueID":[0],"_OrganizerEmail":"","_OrganizerPhone":"","_OrganizerWebsite":"","_VenueAddress":"","_VenueCity":"","_VenueCountry":"","_VenueProvince":"","_VenueState":"","_VenueZip":"","_VenuePhone":"","_VenueURL":"","_VenueStateProvince":"","_VenueLat":"","_VenueLng":"","_VenueShowMap":false,"_VenueShowMapLink":false,"_tribe_blocks_recurrence_rules":"","_tribe_blocks_recurrence_description":"","_tribe_blocks_recurrence_exclusions":"","_ecp_custom_2":"","_tribe_events_status":"","_tribe_events_status_reason":"","_tribe_events_is_hybrid":"","_tribe_events_is_virtual":"","_tribe_events_virtual_video_source":"","_tribe_events_virtual_embed_video":"","_tribe_events_virtual_linked_button_text":"","_tribe_events_virtual_linked_button":"","_tribe_events_virtual_show_embed_at":"","_tribe_events_virtual_show_embed_to":[],"_tribe_events_virtual_show_on_event":"","_tribe_events_virtual_show_on_views":"","_tribe_events_virtual_url":"","footnotes":""},"tags":[11700,11690,1363,11704,2865,9147,9146,11695,11697,11691,11696,11702,11694,11699,11692,11701,11693,11703],"tribe_events_cat":[8963],"class_list":["post-22818","tribe_events","type-tribe_events","status-publish","has-post-thumbnail","hentry","tag-ando","tag-bgmusic","tag-cafe-la-palma","tag-caos","tag-conciertos-cafe-la-palma","tag-conciertos-madrid","tag-conciertos-malasana","tag-eco","tag-eterno","tag-eventbrite","tag-julio-martin","tag-kreddo","tag-laponia","tag-mumbai-moon","tag-ruth-canada","tag-sergio-salvi","tag-toorai","tag-vodafone-yu-music-talent-2021","tribe_events_cat-concierto","cat_concierto"],"uagb_featured_image_src":{"full":["https:\/\/cafelapalma.com\/wp-content\/uploads\/2022\/05\/20210407_2021.04.Ruth_0543.jpg",1024,1536,false],"thumbnail":["https:\/\/cafelapalma.com\/wp-content\/uploads\/2022\/05\/20210407_2021.04.Ruth_0543-150x150.jpg",150,150,true],"medium":["https:\/\/cafelapalma.com\/wp-content\/uploads\/2022\/05\/20210407_2021.04.Ruth_0543-200x300.jpg",200,300,true],"medium_large":["https:\/\/cafelapalma.com\/wp-content\/uploads\/2022\/05\/20210407_2021.04.Ruth_0543-768x1152.jpg",768,1152,true],"large":["https:\/\/cafelapalma.com\/wp-content\/uploads\/2022\/05\/20210407_2021.04.Ruth_0543-683x1024.jpg",683,1024,true],"1536x1536":["https:\/\/cafelapalma.com\/wp-content\/uploads\/2022\/05\/20210407_2021.04.Ruth_0543.jpg",1024,1536,false],"2048x2048":["https:\/\/cafelapalma.com\/wp-content\/uploads\/2022\/05\/20210407_2021.04.Ruth_0543.jpg",1024,1536,false],"trp-custom-language-flag":["https:\/\/cafelapalma.com\/wp-content\/uploads\/2022\/05\/20210407_2021.04.Ruth_0543.jpg",8,12,false],"blossom-feminine-slider":["https:\/\/cafelapalma.com\/wp-content\/uploads\/2022\/05\/20210407_2021.04.Ruth_0543-1024x649.jpg",1024,649,true],"blossom-feminine-featured":["https:\/\/cafelapalma.com\/wp-content\/uploads\/2022\/05\/20210407_2021.04.Ruth_0543-1024x600.jpg",1024,600,true],"blossom-feminine-with-sidebar":["https:\/\/cafelapalma.com\/wp-content\/uploads\/2022\/05\/20210407_2021.04.Ruth_0543-1020x600.jpg",1020,600,true],"blossom-feminine-blog":["https:\/\/cafelapalma.com\/wp-content\/uploads\/2022\/05\/20210407_2021.04.Ruth_0543-435x435.jpg",435,435,true],"blossom-feminine-cat":["https:\/\/cafelapalma.com\/wp-content\/uploads\/2022\/05\/20210407_2021.04.Ruth_0543-450x300.jpg",450,300,true],"blossom-feminine-related":["https:\/\/cafelapalma.com\/wp-content\/uploads\/2022\/05\/20210407_2021.04.Ruth_0543-320x200.jpg",320,200,true],"blossom-feminine-schema":["https:\/\/cafelapalma.com\/wp-content\/uploads\/2022\/05\/20210407_2021.04.Ruth_0543-40x60.jpg",40,60,true]},"uagb_author_info":{"display_name":"Victor","author_link":"https:\/\/cafelapalma.com\/en\/author\/comunicacion\/"},"uagb_comment_info":0,"uagb_excerpt":"Aunque la m\u00fasica siempre ha formado parte de la vida de Ruth Ca\u00f1ada,\u00a0conocida como Toorai, fue en su estancia en la Laponia finesa donde se anima a subir a los escenarios por primera vez.\u00a0Es ah\u00ed d\u00f3nde surge la necesidad de comenzar un proyecto musical propio\u00a0\u00abToorai\u00bb y as\u00ed compartir con otros su pasi\u00f3n por la creaci\u00f3n&hellip;","_links":{"self":[{"href":"https:\/\/cafelapalma.com\/en\/wp-json\/wp\/v2\/tribe_events\/22818","targetHints":{"allow":["GET"]}}],"collection":[{"href":"https:\/\/cafelapalma.com\/en\/wp-json\/wp\/v2\/tribe_events"}],"about":[{"href":"https:\/\/cafelapalma.com\/en\/wp-json\/wp\/v2\/types\/tribe_events"}],"author":[{"embeddable":true,"href":"https:\/\/cafelapalma.com\/en\/wp-json\/wp\/v2\/users\/2"}],"version-history":[{"count":0,"href":"https:\/\/cafelapalma.com\/en\/wp-json\/wp\/v2\/tribe_events\/22818\/revisions"}],"wp:featuredmedia":[{"embeddable":true,"href":"https:\/\/cafelapalma.com\/en\/wp-json\/wp\/v2\/media\/22821"}],"wp:attachment":[{"href":"https:\/\/cafelapalma.com\/en\/wp-json\/wp\/v2\/media?parent=22818"}],"wp:term":[{"taxonomy":"post_tag","embeddable":true,"href":"https:\/\/cafelapalma.com\/en\/wp-json\/wp\/v2\/tags?post=22818"},{"taxonomy":"tribe_events_cat","embeddable":true,"href":"https:\/\/cafelapalma.com\/en\/wp-json\/wp\/v2\/tribe_events_cat?post=22818"}],"curies":[{"name":"wp","href":"https:\/\/api.w.org\/{rel}","templated":true}]}}