{"id":23079,"date":"2022-06-13T19:37:07","date_gmt":"2022-06-13T17:37:07","guid":{"rendered":"https:\/\/cafelapalma.com\/?post_type=tribe_events&#038;p=23079"},"modified":"2022-06-13T19:37:08","modified_gmt":"2022-06-13T17:37:08","slug":"belle-t800-knlenivyy","status":"publish","type":"tribe_events","link":"https:\/\/cafelapalma.com\/en\/programacion\/belle-t800-knlenivyy\/","title":{"rendered":"BELLE + T-800 + KN LENIVYY"},"content":{"rendered":"<div  class=\"tribe-events-schedule tribe-clearfix\" >\n\t<p class=\"tribe-events-schedule__datetime\">\n\t\t<span class=\"tribe-events-schedule__date tribe-events-schedule__date--start\">\n\t\t\t15  July  2022\t\t<\/span>\n\n\t\t\t\t\t<span class=\"tribe-events-schedule__separator tribe-events-schedule__separator--date\">\n\t\t\t\t@\t\t\t<\/span>\n\t\t\t<span class=\"tribe-events-schedule__time tribe-events-schedule__time--start\">\n\t\t\t\t21:00\t\t\t<\/span>\n\t\t\n\t\t\t\t\t\t\t\t\t<span class=\"tribe-events-schedule__separator tribe-events-schedule__separator--time\">\n\t\t\t\t\t&#8211;\t\t\t\t<\/span>\n\t\t\t\n\t\t\t\t\t\t\t<span class=\"tribe-events-schedule__time tribe-events-schedule__time--end\">\n\t\t\t\t\t23:30\t\t\t\t<\/span>\n\t\t\t\n\t\t\t\t\t\t<\/p>\n<\/div>\n\n\n<div  class=\"tribe-block tribe-block__event-price\" >\n\t\t\t<span class=\"tribe-block__event-price__cost\"> 8\u20ac <\/span>\n\t\t\t\t<span class=\"tribe-block__event-price__description\">+ gg Anticipada | 10\u20ac Taquilla<\/span>\n\t<\/div>\n\n\n\n<div style=\"height:100px\" aria-hidden=\"true\" class=\"wp-block-spacer\"><\/div>\n\n\n\n<div class=\"wp-block-columns is-layout-flex wp-container-core-columns-is-layout-8f761849 wp-block-columns-is-layout-flex\">\n<div class=\"wp-block-column is-layout-flow wp-block-column-is-layout-flow\" style=\"flex-basis:33.33%\">\n<figure class=\"wp-block-image size-full\"><img loading=\"lazy\" decoding=\"async\" width=\"430\" height=\"608\" src=\"https:\/\/cafelapalma.com\/wp-content\/uploads\/2022\/06\/CARTEL_SALA_CAFE_LA_PALMA_FORMATO_A3_LOW.jpg\" alt=\"\" class=\"wp-image-23080\" srcset=\"https:\/\/cafelapalma.com\/wp-content\/uploads\/2022\/06\/CARTEL_SALA_CAFE_LA_PALMA_FORMATO_A3_LOW.jpg 430w, https:\/\/cafelapalma.com\/wp-content\/uploads\/2022\/06\/CARTEL_SALA_CAFE_LA_PALMA_FORMATO_A3_LOW-212x300.jpg 212w, https:\/\/cafelapalma.com\/wp-content\/uploads\/2022\/06\/CARTEL_SALA_CAFE_LA_PALMA_FORMATO_A3_LOW-42x60.jpg 42w\" sizes=\"auto, (max-width: 430px) 100vw, 430px\" \/><\/figure>\n\n\n<div  class=\"tribe-block tribe-block__event-website\" >\n\t<a\n\t\thref=\"https:\/\/link.dice.fm\/Abf12b6dc1a8\"\n\t\ttarget=\"_self\"\n\t\t\t>\n\t\tBUY TICKETS\t<\/a>\n<\/div>\n<\/div>\n\n\n\n<div class=\"wp-block-column is-layout-flow wp-block-column-is-layout-flow\" style=\"flex-basis:66.66%\">\n<p class=\"wp-block-paragraph\"><\/p>\n\n\n\n<p class=\"has-text-align-left wp-block-paragraph\"><strong>Belle <\/strong>es una cantante de 24 a\u00f1os nacida en <strong>Caracas<\/strong>, <strong>Venezuela<\/strong>. Desde muy peque\u00f1a se ha instruido en las artes y actualmente se dedica profesionalmente a la m\u00fasica. Tambi\u00e9n es compositora y se desempe\u00f1a muy bien en el baile. Empez\u00f3 sus estudios musicales en 2012 en la <strong>Escuela Musical Yamaha<\/strong> y al terminar en 2014 comenz\u00f3 en la <strong>Universidad Experimental Nacional de las Artes de Venezuela<\/strong> y acab\u00f3 en 2018. Belle ha cantado en varios eventos siendo la vocalista principal de banda <strong>Cheers <\/strong>in <strong>Venezuela<\/strong>, como solista en <strong>Banda Yamaha<\/strong>.<\/p>\n\n\n\n<p class=\"has-text-align-left wp-block-paragraph\"><strong>T-800<\/strong> es un cantante y compositor nacido en <strong>Madrid<\/strong> en 1994. Lleva m\u00e1s de cinco a\u00f1os en el mundo de la m\u00fasica y ha dado varios conciertos en ciudades como <strong>Madrid<\/strong>, <strong>M\u00e1laga <\/strong>y <strong>Guadalajara<\/strong>. Destacan sus trabajos <strong><em>\u201cAsfixia\u201d<\/em><\/strong>, <strong><em>\u201cVogue\u201d<\/em><\/strong>, <strong><em>\u201cSalvatore\u201d<\/em><\/strong> y <strong><em>\u201cApocalips\u201d<\/em><\/strong>.<\/p>\n\n\n\n<p class=\"has-text-align-left wp-block-paragraph\"><strong>Kn Lenivyy<\/strong> es un artista de 21 a\u00f1os nacido en <strong>Guadalajara<\/strong>. Desde hace tiempo se lleva dedicando a la m\u00fasica , mientras e sacaba sus estudios. <strong>Lenivyy<\/strong>, est\u00e1 preparando un disco junto a <strong>T-800<\/strong>, un single <strong><em>\u2018\u2019Clau Mendes freestyle\u2019\u2019<\/em><\/strong> y un tema del \u00e1lbum futuro, <strong><em>\u2018\u2019Vacaciones en nasofi\u2019\u2019<\/em><\/strong>.<\/p>\n<\/div>\n<\/div>\n\n\n\n<div style=\"height:100px\" aria-hidden=\"true\" class=\"wp-block-spacer\"><\/div>\n\n\n\n<hr class=\"wp-block-separator has-alpha-channel-opacity is-style-wide\"\/>\n\n\n\n<div style=\"height:100px\" aria-hidden=\"true\" class=\"wp-block-spacer\"><\/div>\n\n\n<h2 class=\"tribe-block__related-events__title\">Related Events<\/h2>\n\n<ul  class=\"tribe-related-events tribe-clearfix\" >\n\t\t\t<li>\n\t\n<div class=\"tribe-related-events-thumbnail\">\n\t<a href=\"https:\/\/cafelapalma.com\/en\/programacion\/funkin-donuts\/\" class=\"url\" rel=\"bookmark\" tabindex=\"-1\" aria-hidden=\"true\"><img loading=\"lazy\" decoding=\"async\" width=\"693\" height=\"1040\" src=\"https:\/\/cafelapalma.com\/wp-content\/uploads\/2026\/07\/FD-vert2-bn-693x1040.jpg\" class=\"attachment-large size-large wp-post-image\" alt=\"\" \/><\/a>\n<\/div>\n\t<div class=\"tribe-related-event-info\">\n\t<h3 class=\"tribe-related-events-title\">\n\t\t<a href=\"https:\/\/cafelapalma.com\/en\/programacion\/funkin-donuts\/\" class=\"tribe-event-url\" rel=\"bookmark\">\n\t\t\tFUNKIN&#8217; DONUTS\t\t<\/a>\n\t<\/h3>\n\t<span class=\"tribe-event-date-start\">5  September@22:00<\/span><span class=\"tribe-event-time\">23:45<\/span><\/div>\n<\/li>\n\t\t\t<li>\n\t\n<div class=\"tribe-related-events-thumbnail\">\n\t<a href=\"https:\/\/cafelapalma.com\/en\/programacion\/backstage-le-petit-truffle-mayo\/\" class=\"url\" rel=\"bookmark\" tabindex=\"-1\" aria-hidden=\"true\"><img loading=\"lazy\" decoding=\"async\" width=\"780\" height=\"1040\" src=\"https:\/\/cafelapalma.com\/wp-content\/uploads\/2026\/07\/Imagen-TruffleMayo-LePetit-i-1-780x1040.png\" class=\"attachment-large size-large wp-post-image\" alt=\"\" \/><\/a>\n<\/div>\n\t<div class=\"tribe-related-event-info\">\n\t<h3 class=\"tribe-related-events-title\">\n\t\t<a href=\"https:\/\/cafelapalma.com\/en\/programacion\/backstage-le-petit-truffle-mayo\/\" class=\"tribe-event-url\" rel=\"bookmark\">\n\t\t\tBACKSTAGE: LE PETIT + TRUFFLE MAYO\t\t<\/a>\n\t<\/h3>\n\t<span class=\"tribe-event-date-start\">5  September@23:55<\/span><\/div>\n<\/li>\n\t\t\t<li>\n\t\n<div class=\"tribe-related-events-thumbnail\">\n\t<a href=\"https:\/\/cafelapalma.com\/en\/programacion\/willie-deville-concierto-benefico-x-venezuela\/\" class=\"url\" rel=\"bookmark\" tabindex=\"-1\" aria-hidden=\"true\"><img loading=\"lazy\" decoding=\"async\" width=\"1020\" height=\"531\" src=\"https:\/\/cafelapalma.com\/wp-content\/uploads\/2026\/08\/Willie-deville-1100x572-1-1040x541.jpg\" class=\"attachment-large size-large wp-post-image\" alt=\"\" \/><\/a>\n<\/div>\n\t<div class=\"tribe-related-event-info\">\n\t<h3 class=\"tribe-related-events-title\">\n\t\t<a href=\"https:\/\/cafelapalma.com\/en\/programacion\/willie-deville-concierto-benefico-x-venezuela\/\" class=\"tribe-event-url\" rel=\"bookmark\">\n\t\t\tWILLIE DEVILLE: CONCIERTO BEN\u00c9FICO X VENEZUELA\t\t<\/a>\n\t<\/h3>\n\t<span class=\"tribe-event-date-start\">6  September@21:00<\/span><span class=\"tribe-event-time\">23:45<\/span><\/div>\n<\/li>\n\t<\/ul>","protected":false},"excerpt":{"rendered":"<p>Belle es una cantante de 24 a\u00f1os nacida en Caracas, Venezuela. Desde muy peque\u00f1a se ha instruido en las artes y actualmente se dedica profesionalmente a la m\u00fasica. Tambi\u00e9n es compositora y se desempe\u00f1a muy bien en el baile. Empez\u00f3 sus estudios musicales en 2012 en la Escuela Musical Yamaha y al terminar en 2014 &hellip; <\/p>","protected":false},"author":2,"featured_media":23081,"template":"","meta":{"_tec_requires_first_save":false,"_uag_custom_page_level_css":"","loftloader_page_shortcode":"","_EventAllDay":false,"_EventTimezone":"Europe\/Madrid","_EventStartDate":"2022-07-15 21:00:00","_EventEndDate":"2022-07-15 23:30:00","_EventStartDateUTC":"2022-07-15 19:00:00","_EventEndDateUTC":"2022-07-15 21:30:00","_EventShowMap":false,"_EventShowMapLink":false,"_EventURL":"https:\/\/link.dice.fm\/Abf12b6dc1a8","_EventCost":"8","_EventCostDescription":"","_EventCurrencySymbol":"\u20ac","_EventCurrencyCode":"","_EventCurrencyPosition":"suffix","_EventDateTimeSeparator":"@","_EventTimeRangeSeparator":"-","_EventOrganizerID":[],"_EventVenueID":[0],"_OrganizerEmail":"","_OrganizerPhone":"","_OrganizerWebsite":"","_VenueAddress":"","_VenueCity":"","_VenueCountry":"","_VenueProvince":"","_VenueState":"","_VenueZip":"","_VenuePhone":"","_VenueURL":"","_VenueStateProvince":"","_VenueLat":"","_VenueLng":"","_VenueShowMap":false,"_VenueShowMapLink":false,"_tribe_blocks_recurrence_rules":"","_tribe_blocks_recurrence_description":"","_tribe_blocks_recurrence_exclusions":"","_ecp_custom_2":"","_tribe_events_status":"","_tribe_events_status_reason":"","_tribe_events_is_hybrid":"","_tribe_events_is_virtual":"","_tribe_events_virtual_video_source":"","_tribe_events_virtual_embed_video":"","_tribe_events_virtual_linked_button_text":"","_tribe_events_virtual_linked_button":"","_tribe_events_virtual_show_embed_at":"","_tribe_events_virtual_show_embed_to":[],"_tribe_events_virtual_show_on_event":"","_tribe_events_virtual_show_on_views":"","_tribe_events_virtual_url":"","footnotes":""},"tags":[11853,11850,11848,11844,1363,11847,11856,2865,9147,9146,11845,11854,11855,11852,11849,11846,11857,10618,11851],"tribe_events_cat":[8963],"class_list":["post-23079","tribe_events","type-tribe_events","status-publish","has-post-thumbnail","hentry","tag-apocalips","tag-asfixia","tag-banda-yamaha","tag-belle","tag-cafe-la-palma","tag-cheers","tag-clau-mendes-freestyle","tag-conciertos-cafe-la-palma","tag-conciertos-madrid","tag-conciertos-malasana","tag-escuela-musical-yamaha","tag-kn-lenivyy","tag-lenivyy","tag-salvatore","tag-t-800","tag-universidad-experimental-nacional-de-las-artes-de-venezuela","tag-vacaciones-en-nasofi","tag-venezuela","tag-vogue","tribe_events_cat-concierto","cat_concierto"],"uagb_featured_image_src":{"full":["https:\/\/cafelapalma.com\/wp-content\/uploads\/2022\/06\/BELLE-PIC.jpg",600,600,false],"thumbnail":["https:\/\/cafelapalma.com\/wp-content\/uploads\/2022\/06\/BELLE-PIC-150x150.jpg",150,150,true],"medium":["https:\/\/cafelapalma.com\/wp-content\/uploads\/2022\/06\/BELLE-PIC-300x300.jpg",300,300,true],"medium_large":["https:\/\/cafelapalma.com\/wp-content\/uploads\/2022\/06\/BELLE-PIC.jpg",600,600,false],"large":["https:\/\/cafelapalma.com\/wp-content\/uploads\/2022\/06\/BELLE-PIC.jpg",600,600,false],"1536x1536":["https:\/\/cafelapalma.com\/wp-content\/uploads\/2022\/06\/BELLE-PIC.jpg",600,600,false],"2048x2048":["https:\/\/cafelapalma.com\/wp-content\/uploads\/2022\/06\/BELLE-PIC.jpg",600,600,false],"trp-custom-language-flag":["https:\/\/cafelapalma.com\/wp-content\/uploads\/2022\/06\/BELLE-PIC.jpg",12,12,false],"blossom-feminine-slider":["https:\/\/cafelapalma.com\/wp-content\/uploads\/2022\/06\/BELLE-PIC.jpg",600,600,false],"blossom-feminine-featured":["https:\/\/cafelapalma.com\/wp-content\/uploads\/2022\/06\/BELLE-PIC.jpg",600,600,false],"blossom-feminine-with-sidebar":["https:\/\/cafelapalma.com\/wp-content\/uploads\/2022\/06\/BELLE-PIC.jpg",600,600,false],"blossom-feminine-blog":["https:\/\/cafelapalma.com\/wp-content\/uploads\/2022\/06\/BELLE-PIC-435x435.jpg",435,435,true],"blossom-feminine-cat":["https:\/\/cafelapalma.com\/wp-content\/uploads\/2022\/06\/BELLE-PIC-450x300.jpg",450,300,true],"blossom-feminine-related":["https:\/\/cafelapalma.com\/wp-content\/uploads\/2022\/06\/BELLE-PIC-320x200.jpg",320,200,true],"blossom-feminine-schema":["https:\/\/cafelapalma.com\/wp-content\/uploads\/2022\/06\/BELLE-PIC-60x60.jpg",60,60,true]},"uagb_author_info":{"display_name":"Victor","author_link":"https:\/\/cafelapalma.com\/en\/author\/comunicacion\/"},"uagb_comment_info":0,"uagb_excerpt":"Belle es una cantante de 24 a\u00f1os nacida en Caracas, Venezuela. Desde muy peque\u00f1a se ha instruido en las artes y actualmente se dedica profesionalmente a la m\u00fasica. Tambi\u00e9n es compositora y se desempe\u00f1a muy bien en el baile. Empez\u00f3 sus estudios musicales en 2012 en la Escuela Musical Yamaha y al terminar en 2014&hellip;","_links":{"self":[{"href":"https:\/\/cafelapalma.com\/en\/wp-json\/wp\/v2\/tribe_events\/23079","targetHints":{"allow":["GET"]}}],"collection":[{"href":"https:\/\/cafelapalma.com\/en\/wp-json\/wp\/v2\/tribe_events"}],"about":[{"href":"https:\/\/cafelapalma.com\/en\/wp-json\/wp\/v2\/types\/tribe_events"}],"author":[{"embeddable":true,"href":"https:\/\/cafelapalma.com\/en\/wp-json\/wp\/v2\/users\/2"}],"version-history":[{"count":0,"href":"https:\/\/cafelapalma.com\/en\/wp-json\/wp\/v2\/tribe_events\/23079\/revisions"}],"wp:featuredmedia":[{"embeddable":true,"href":"https:\/\/cafelapalma.com\/en\/wp-json\/wp\/v2\/media\/23081"}],"wp:attachment":[{"href":"https:\/\/cafelapalma.com\/en\/wp-json\/wp\/v2\/media?parent=23079"}],"wp:term":[{"taxonomy":"post_tag","embeddable":true,"href":"https:\/\/cafelapalma.com\/en\/wp-json\/wp\/v2\/tags?post=23079"},{"taxonomy":"tribe_events_cat","embeddable":true,"href":"https:\/\/cafelapalma.com\/en\/wp-json\/wp\/v2\/tribe_events_cat?post=23079"}],"curies":[{"name":"wp","href":"https:\/\/api.w.org\/{rel}","templated":true}]}}