{"id":23389,"date":"2022-07-20T13:53:10","date_gmt":"2022-07-20T11:53:10","guid":{"rendered":"https:\/\/cafelapalma.com\/?post_type=tribe_events&#038;p=23389"},"modified":"2022-07-20T13:53:11","modified_gmt":"2022-07-20T11:53:11","slug":"joder-juan-kylu-los-chivatos","status":"publish","type":"tribe_events","link":"https:\/\/cafelapalma.com\/en\/programacion\/joder-juan-kylu-los-chivatos\/","title":{"rendered":"JODER JUAN + KYLU TE QUIERO + LOS CHIVATOS DE ANA FRANK"},"content":{"rendered":"<div  class=\"tribe-events-schedule tribe-clearfix\" >\n\t<p class=\"tribe-events-schedule__datetime\">\n\t\t<span class=\"tribe-events-schedule__date tribe-events-schedule__date--start\">\n\t\t\t29  September  2022\t\t<\/span>\n\n\t\t\t\t\t<span class=\"tribe-events-schedule__separator tribe-events-schedule__separator--date\">\n\t\t\t\t@\t\t\t<\/span>\n\t\t\t<span class=\"tribe-events-schedule__time tribe-events-schedule__time--start\">\n\t\t\t\t21:00\t\t\t<\/span>\n\t\t\n\t\t\t\t\t\t\t\t\t<span class=\"tribe-events-schedule__separator tribe-events-schedule__separator--time\">\n\t\t\t\t\t&#8211;\t\t\t\t<\/span>\n\t\t\t\n\t\t\t\t\t\t\t<span class=\"tribe-events-schedule__time tribe-events-schedule__time--end\">\n\t\t\t\t\t23:45\t\t\t\t<\/span>\n\t\t\t\n\t\t\t\t\t\t<\/p>\n<\/div>\n\n\n<div  class=\"tribe-block tribe-block__event-price\" >\n\t\t\t<span class=\"tribe-block__event-price__cost\"> 9\u20ac <\/span>\n\t\t\t\t<span class=\"tribe-block__event-price__description\">+ gg Anticipada | 12\u20ac Taquilla<\/span>\n\t<\/div>\n\n\n\n<div style=\"height:100px\" aria-hidden=\"true\" class=\"wp-block-spacer\"><\/div>\n\n\n\n<div class=\"wp-block-columns is-layout-flex wp-container-core-columns-is-layout-8f761849 wp-block-columns-is-layout-flex\">\n<div class=\"wp-block-column is-layout-flow wp-block-column-is-layout-flow\" style=\"flex-basis:33.33%\">\n<figure class=\"wp-block-image size-full\"><img loading=\"lazy\" decoding=\"async\" width=\"430\" height=\"608\" src=\"https:\/\/cafelapalma.com\/wp-content\/uploads\/2022\/07\/JODER-JUAN-A3-LOW.jpg\" alt=\"\" class=\"wp-image-23390\" srcset=\"https:\/\/cafelapalma.com\/wp-content\/uploads\/2022\/07\/JODER-JUAN-A3-LOW.jpg 430w, https:\/\/cafelapalma.com\/wp-content\/uploads\/2022\/07\/JODER-JUAN-A3-LOW-212x300.jpg 212w, https:\/\/cafelapalma.com\/wp-content\/uploads\/2022\/07\/JODER-JUAN-A3-LOW-42x60.jpg 42w\" sizes=\"auto, (max-width: 430px) 100vw, 430px\" \/><\/figure>\n\n\n<div  class=\"tribe-block tribe-block__event-website\" >\n\t<a\n\t\thref=\"https:\/\/link.dice.fm\/V5b4cce5a21f\"\n\t\ttarget=\"_self\"\n\t\t\t>\n\t\tBUY TICKETS\t<\/a>\n<\/div>\n<\/div>\n\n\n\n<div class=\"wp-block-column is-layout-flow wp-block-column-is-layout-flow\" style=\"flex-basis:66.66%\">\n<p class=\"has-text-align-left wp-block-paragraph\"><strong>JODER JUAN<\/strong> naci\u00f3 en un concierto de <strong>Airbag <\/strong>entre cerveza y desconocidos. En 2020 sali\u00f3 su primer EP <strong><em>\u201cd\u00edas de gloria pero no mucho\u201d<\/em><\/strong>, que eso, les dio gloria pero tampoco mucha. M\u00e1s tarde surgieron <strong><em>\u201cesta no es la canci\u00f3n del verano\u201d<\/em><\/strong> y <strong><em>\u201cso\u00f1\u00e9 que so\u00f1aba contigo\u201d<\/em><\/strong>, dos temas que se identifican m\u00e1s con el que es el actual sonido del grupo, el cual se ha consolidado con el segundo EP <strong><em>\u201cgrandes oportunidades para la imaginaci\u00f3n\u201d<\/em><\/strong> que vio la luz en la primavera de este a\u00f1o.\u00a0<\/p>\n\n\n\n<p class=\"has-text-align-left wp-block-paragraph\"><strong>KYLU TE QUIERO<\/strong> surge en 2021 con un objetivo claro: llorar y quejarse. Cada uno de los integrantes del cuarteto viene de su propio mundo musical, y todos estos afluentes han desembocado en un sonido influenciado por el indie-rock nip\u00f3n de los 90; el pop punk dosmilero de grupos como <strong>Juniper Moon<\/strong> o <strong>Los Fresones Rebeldes<\/strong>; y un esp\u00edritu riot grrrl que se deja esclarecer a lo largo de todos sus temas. Guitarras, gritos, reivindicaciones y pelos de colores. Pop punk simp\u00e1tico para gente simp\u00e1tica.<\/p>\n\n\n\n<p class=\"has-text-align-left wp-block-paragraph\"><strong>LOS CHIVATOS DE ANA FRANK<\/strong> lanzaron su primer trabajo <em><strong>\u201cStay \u00d1unk\u201d<\/strong><\/em> en 2019, una buena ristra de canciones que abordan el absurdo m\u00e1s absoluto y la falta de expectativas de una juventud en peligro. En 2020 publicaron tres singles, <strong><em>\u201cBilis\u201d<\/em><\/strong>, <em><strong>\u201cFunk\u201d<\/strong><\/em> y <strong><em>\u201cSchumacher\u00bb<\/em><\/strong>. Actualmente, la banda reside en <strong>Madrid <\/strong>y han vuelto con ganas de romper tarima. Acaban de lanzar su segundo \u00e1lbum <strong><em>\u201cPerros con cara de humano\u201d<\/em><\/strong>; un disco que se aleja del sonido juvenil y callejero del primer \u00e1lbum para centrarse en el imaginario del vocalista, y narrar una serie de viajes por un lugar on\u00edrico y costumbrista.<\/p>\n<\/div>\n<\/div>\n\n\n\n<div style=\"height:100px\" aria-hidden=\"true\" class=\"wp-block-spacer\"><\/div>\n\n\n\n<hr class=\"wp-block-separator has-alpha-channel-opacity is-style-wide\"\/>\n\n\n\n<div style=\"height:100px\" aria-hidden=\"true\" class=\"wp-block-spacer\"><\/div>\n\n\n<h2 class=\"tribe-block__related-events__title\">Related Events<\/h2>\n\n<ul  class=\"tribe-related-events tribe-clearfix\" >\n\t\t\t<li>\n\t\n<div class=\"tribe-related-events-thumbnail\">\n\t<a href=\"https:\/\/cafelapalma.com\/en\/programacion\/funkin-donuts\/\" class=\"url\" rel=\"bookmark\" tabindex=\"-1\" aria-hidden=\"true\"><img loading=\"lazy\" decoding=\"async\" width=\"693\" height=\"1040\" src=\"https:\/\/cafelapalma.com\/wp-content\/uploads\/2026\/07\/FD-vert2-bn-693x1040.jpg\" class=\"attachment-large size-large wp-post-image\" alt=\"\" \/><\/a>\n<\/div>\n\t<div class=\"tribe-related-event-info\">\n\t<h3 class=\"tribe-related-events-title\">\n\t\t<a href=\"https:\/\/cafelapalma.com\/en\/programacion\/funkin-donuts\/\" class=\"tribe-event-url\" rel=\"bookmark\">\n\t\t\tFUNKIN&#8217; DONUTS\t\t<\/a>\n\t<\/h3>\n\t<span class=\"tribe-event-date-start\">5  September@22:00<\/span><span class=\"tribe-event-time\">23:45<\/span><\/div>\n<\/li>\n\t\t\t<li>\n\t\n<div class=\"tribe-related-events-thumbnail\">\n\t<a href=\"https:\/\/cafelapalma.com\/en\/programacion\/backstage-le-petit-truffle-mayo\/\" class=\"url\" rel=\"bookmark\" tabindex=\"-1\" aria-hidden=\"true\"><img loading=\"lazy\" decoding=\"async\" width=\"780\" height=\"1040\" src=\"https:\/\/cafelapalma.com\/wp-content\/uploads\/2026\/07\/Imagen-TruffleMayo-LePetit-i-1-780x1040.png\" class=\"attachment-large size-large wp-post-image\" alt=\"\" \/><\/a>\n<\/div>\n\t<div class=\"tribe-related-event-info\">\n\t<h3 class=\"tribe-related-events-title\">\n\t\t<a href=\"https:\/\/cafelapalma.com\/en\/programacion\/backstage-le-petit-truffle-mayo\/\" class=\"tribe-event-url\" rel=\"bookmark\">\n\t\t\tBACKSTAGE: LE PETIT + TRUFFLE MAYO\t\t<\/a>\n\t<\/h3>\n\t<span class=\"tribe-event-date-start\">5  September@23:55<\/span><\/div>\n<\/li>\n\t\t\t<li>\n\t\n<div class=\"tribe-related-events-thumbnail\">\n\t<a href=\"https:\/\/cafelapalma.com\/en\/programacion\/willie-deville-concierto-benefico-x-venezuela\/\" class=\"url\" rel=\"bookmark\" tabindex=\"-1\" aria-hidden=\"true\"><img loading=\"lazy\" decoding=\"async\" width=\"1020\" height=\"531\" src=\"https:\/\/cafelapalma.com\/wp-content\/uploads\/2026\/08\/Willie-deville-1100x572-1-1040x541.jpg\" class=\"attachment-large size-large wp-post-image\" alt=\"\" \/><\/a>\n<\/div>\n\t<div class=\"tribe-related-event-info\">\n\t<h3 class=\"tribe-related-events-title\">\n\t\t<a href=\"https:\/\/cafelapalma.com\/en\/programacion\/willie-deville-concierto-benefico-x-venezuela\/\" class=\"tribe-event-url\" rel=\"bookmark\">\n\t\t\tWILLIE DEVILLE: CONCIERTO BEN\u00c9FICO X VENEZUELA\t\t<\/a>\n\t<\/h3>\n\t<span class=\"tribe-event-date-start\">6  September@21:00<\/span><span class=\"tribe-event-time\">23:45<\/span><\/div>\n<\/li>\n\t<\/ul>","protected":false},"excerpt":{"rendered":"<p>JODER JUAN naci\u00f3 en un concierto de Airbag entre cerveza y desconocidos. En 2020 sali\u00f3 su primer EP \u201cd\u00edas de gloria pero no mucho\u201d, que eso, les dio gloria pero tampoco mucha. M\u00e1s tarde surgieron \u201cesta no es la canci\u00f3n del verano\u201d y \u201cso\u00f1\u00e9 que so\u00f1aba contigo\u201d, dos temas que se identifican m\u00e1s con el &hellip; <\/p>","protected":false},"author":2,"featured_media":23391,"template":"","meta":{"_tec_requires_first_save":false,"_uag_custom_page_level_css":"","loftloader_page_shortcode":"","_EventAllDay":false,"_EventTimezone":"Europe\/Madrid","_EventStartDate":"2022-09-29 21:00:00","_EventEndDate":"2022-09-29 23:45:00","_EventStartDateUTC":"2022-09-29 19:00:00","_EventEndDateUTC":"2022-09-29 21:45:00","_EventShowMap":false,"_EventShowMapLink":false,"_EventURL":"https:\/\/link.dice.fm\/V5b4cce5a21f","_EventCost":"9","_EventCostDescription":"","_EventCurrencySymbol":"\u20ac","_EventCurrencyCode":"","_EventCurrencyPosition":"suffix","_EventDateTimeSeparator":"@","_EventTimeRangeSeparator":"-","_EventOrganizerID":[],"_EventVenueID":[0],"_OrganizerEmail":"","_OrganizerPhone":"","_OrganizerWebsite":"","_VenueAddress":"","_VenueCity":"","_VenueCountry":"","_VenueProvince":"","_VenueState":"","_VenueZip":"","_VenuePhone":"","_VenueURL":"","_VenueStateProvince":"","_VenueLat":"","_VenueLng":"","_VenueShowMap":false,"_VenueShowMapLink":false,"_tribe_blocks_recurrence_rules":"","_tribe_blocks_recurrence_description":"","_tribe_blocks_recurrence_exclusions":"","_ecp_custom_2":"","_tribe_events_status":"","_tribe_events_status_reason":"","_tribe_events_is_hybrid":"","_tribe_events_is_virtual":"","_tribe_events_virtual_video_source":"","_tribe_events_virtual_embed_video":"","_tribe_events_virtual_linked_button_text":"","_tribe_events_virtual_linked_button":"","_tribe_events_virtual_show_embed_at":"","_tribe_events_virtual_show_embed_to":[],"_tribe_events_virtual_show_on_event":"","_tribe_events_virtual_show_on_views":"","_tribe_events_virtual_url":"","footnotes":""},"tags":[11961,1363,2865,9147,9146,11956,11957,779,11959,8970,11953,11954,11955,11963,1355,1354,11962,11958,11960],"tribe_events_cat":[8963],"class_list":["post-23389","tribe_events","type-tribe_events","status-publish","has-post-thumbnail","hentry","tag-bilis","tag-cafe-la-palma","tag-conciertos-cafe-la-palma","tag-conciertos-madrid","tag-conciertos-malasana","tag-dias-de-gloria-pero-no-mucho","tag-esta-no-es-la-cancion-del-verano","tag-funk","tag-grandes-oportunidades-para-la-imaginacion","tag-indie","tag-joder-juan","tag-kylu-te-quiero","tag-los-chivatos-de-ana-frank","tag-perros-con-cara-de-humano","tag-pop","tag-rock","tag-schumacher","tag-sone-que-sonaba-contigo","tag-stay-nunk","tribe_events_cat-concierto","cat_concierto"],"uagb_featured_image_src":{"full":["https:\/\/cafelapalma.com\/wp-content\/uploads\/2022\/07\/JODER-JUAN-PIC.jpg",1019,1019,false],"thumbnail":["https:\/\/cafelapalma.com\/wp-content\/uploads\/2022\/07\/JODER-JUAN-PIC-150x150.jpg",150,150,true],"medium":["https:\/\/cafelapalma.com\/wp-content\/uploads\/2022\/07\/JODER-JUAN-PIC-300x300.jpg",300,300,true],"medium_large":["https:\/\/cafelapalma.com\/wp-content\/uploads\/2022\/07\/JODER-JUAN-PIC-768x768.jpg",768,768,true],"large":["https:\/\/cafelapalma.com\/wp-content\/uploads\/2022\/07\/JODER-JUAN-PIC.jpg",1019,1019,false],"1536x1536":["https:\/\/cafelapalma.com\/wp-content\/uploads\/2022\/07\/JODER-JUAN-PIC.jpg",1019,1019,false],"2048x2048":["https:\/\/cafelapalma.com\/wp-content\/uploads\/2022\/07\/JODER-JUAN-PIC.jpg",1019,1019,false],"trp-custom-language-flag":["https:\/\/cafelapalma.com\/wp-content\/uploads\/2022\/07\/JODER-JUAN-PIC.jpg",12,12,false],"blossom-feminine-slider":["https:\/\/cafelapalma.com\/wp-content\/uploads\/2022\/07\/JODER-JUAN-PIC-1019x649.jpg",1019,649,true],"blossom-feminine-featured":["https:\/\/cafelapalma.com\/wp-content\/uploads\/2022\/07\/JODER-JUAN-PIC-1019x600.jpg",1019,600,true],"blossom-feminine-with-sidebar":["https:\/\/cafelapalma.com\/wp-content\/uploads\/2022\/07\/JODER-JUAN-PIC-1019x600.jpg",1019,600,true],"blossom-feminine-blog":["https:\/\/cafelapalma.com\/wp-content\/uploads\/2022\/07\/JODER-JUAN-PIC-435x435.jpg",435,435,true],"blossom-feminine-cat":["https:\/\/cafelapalma.com\/wp-content\/uploads\/2022\/07\/JODER-JUAN-PIC-450x300.jpg",450,300,true],"blossom-feminine-related":["https:\/\/cafelapalma.com\/wp-content\/uploads\/2022\/07\/JODER-JUAN-PIC-320x200.jpg",320,200,true],"blossom-feminine-schema":["https:\/\/cafelapalma.com\/wp-content\/uploads\/2022\/07\/JODER-JUAN-PIC-60x60.jpg",60,60,true]},"uagb_author_info":{"display_name":"Victor","author_link":"https:\/\/cafelapalma.com\/en\/author\/comunicacion\/"},"uagb_comment_info":0,"uagb_excerpt":"JODER JUAN naci\u00f3 en un concierto de Airbag entre cerveza y desconocidos. En 2020 sali\u00f3 su primer EP \u201cd\u00edas de gloria pero no mucho\u201d, que eso, les dio gloria pero tampoco mucha. M\u00e1s tarde surgieron \u201cesta no es la canci\u00f3n del verano\u201d y \u201cso\u00f1\u00e9 que so\u00f1aba contigo\u201d, dos temas que se identifican m\u00e1s con el&hellip;","_links":{"self":[{"href":"https:\/\/cafelapalma.com\/en\/wp-json\/wp\/v2\/tribe_events\/23389","targetHints":{"allow":["GET"]}}],"collection":[{"href":"https:\/\/cafelapalma.com\/en\/wp-json\/wp\/v2\/tribe_events"}],"about":[{"href":"https:\/\/cafelapalma.com\/en\/wp-json\/wp\/v2\/types\/tribe_events"}],"author":[{"embeddable":true,"href":"https:\/\/cafelapalma.com\/en\/wp-json\/wp\/v2\/users\/2"}],"version-history":[{"count":0,"href":"https:\/\/cafelapalma.com\/en\/wp-json\/wp\/v2\/tribe_events\/23389\/revisions"}],"wp:featuredmedia":[{"embeddable":true,"href":"https:\/\/cafelapalma.com\/en\/wp-json\/wp\/v2\/media\/23391"}],"wp:attachment":[{"href":"https:\/\/cafelapalma.com\/en\/wp-json\/wp\/v2\/media?parent=23389"}],"wp:term":[{"taxonomy":"post_tag","embeddable":true,"href":"https:\/\/cafelapalma.com\/en\/wp-json\/wp\/v2\/tags?post=23389"},{"taxonomy":"tribe_events_cat","embeddable":true,"href":"https:\/\/cafelapalma.com\/en\/wp-json\/wp\/v2\/tribe_events_cat?post=23389"}],"curies":[{"name":"wp","href":"https:\/\/api.w.org\/{rel}","templated":true}]}}