{"id":23479,"date":"2022-07-28T09:25:36","date_gmt":"2022-07-28T07:25:36","guid":{"rendered":"https:\/\/cafelapalma.com\/?post_type=tribe_events&#038;p=23479"},"modified":"2022-09-26T13:09:42","modified_gmt":"2022-09-26T11:09:42","slug":"maylaya-delsol-walkis","status":"publish","type":"tribe_events","link":"https:\/\/cafelapalma.com\/en\/programacion\/maylaya-delsol-walkis\/","title":{"rendered":"MAYLAYA + DELSOL + WALKIS"},"content":{"rendered":"<div  class=\"tribe-events-schedule tribe-clearfix\" >\n\t<p class=\"tribe-events-schedule__datetime\">\n\t\t<span class=\"tribe-events-schedule__date tribe-events-schedule__date--start\">\n\t\t\t23  September  2022\t\t<\/span>\n\n\t\t\t\t\t<span class=\"tribe-events-schedule__separator tribe-events-schedule__separator--date\">\n\t\t\t\t@\t\t\t<\/span>\n\t\t\t<span class=\"tribe-events-schedule__time tribe-events-schedule__time--start\">\n\t\t\t\t21:00\t\t\t<\/span>\n\t\t\n\t\t\t\t\t\t\t\t\t<span class=\"tribe-events-schedule__separator tribe-events-schedule__separator--time\">\n\t\t\t\t\t&#8211;\t\t\t\t<\/span>\n\t\t\t\n\t\t\t\t\t\t\t<span class=\"tribe-events-schedule__time tribe-events-schedule__time--end\">\n\t\t\t\t\t23:45\t\t\t\t<\/span>\n\t\t\t\n\t\t\t\t\t\t<\/p>\n<\/div>\n\n\n<div  class=\"tribe-block tribe-block__event-price\" >\n\t\t\t<span class=\"tribe-block__event-price__cost\"> 10\u20ac <\/span>\n\t\t\t\t<span class=\"tribe-block__event-price__description\">+ gg Anticipada | 12\u20ac Taquilla<\/span>\n\t<\/div>\n\n\n\n<div style=\"height:100px\" aria-hidden=\"true\" class=\"wp-block-spacer\"><\/div>\n\n\n\n<div class=\"wp-block-columns is-layout-flex wp-container-core-columns-is-layout-8f761849 wp-block-columns-is-layout-flex\">\n<div class=\"wp-block-column is-layout-flow wp-block-column-is-layout-flow\" style=\"flex-basis:33.33%\">\n<figure class=\"wp-block-image size-large\"><img loading=\"lazy\" decoding=\"async\" width=\"735\" height=\"1040\" src=\"https:\/\/cafelapalma.com\/wp-content\/uploads\/2022\/07\/MAYLAYA-A3-LOW-735x1040.jpg\" alt=\"\" class=\"wp-image-23480\" srcset=\"https:\/\/cafelapalma.com\/wp-content\/uploads\/2022\/07\/MAYLAYA-A3-LOW-735x1040.jpg 735w, https:\/\/cafelapalma.com\/wp-content\/uploads\/2022\/07\/MAYLAYA-A3-LOW-212x300.jpg 212w, https:\/\/cafelapalma.com\/wp-content\/uploads\/2022\/07\/MAYLAYA-A3-LOW-768x1087.jpg 768w, https:\/\/cafelapalma.com\/wp-content\/uploads\/2022\/07\/MAYLAYA-A3-LOW-1086x1536.jpg 1086w, https:\/\/cafelapalma.com\/wp-content\/uploads\/2022\/07\/MAYLAYA-A3-LOW-42x60.jpg 42w, https:\/\/cafelapalma.com\/wp-content\/uploads\/2022\/07\/MAYLAYA-A3-LOW.jpg 1217w\" sizes=\"auto, (max-width: 735px) 100vw, 735px\" \/><\/figure>\n\n\n<div  class=\"tribe-block tribe-block__event-website\" >\n\t<a\n\t\thref=\"https:\/\/link.dice.fm\/Meb53271cb02\"\n\t\ttarget=\"_self\"\n\t\t\t>\n\t\tBUY TICKETS\t<\/a>\n<\/div>\n<\/div>\n\n\n\n<div class=\"wp-block-column is-layout-flow wp-block-column-is-layout-flow\" style=\"flex-basis:66.66%\">\n<p class=\"wp-block-paragraph\"><\/p>\n\n\n\n<p class=\"has-text-align-left wp-block-paragraph\"><strong>MAYLAYA <\/strong>es una banda procedente de <strong>Alcal\u00e1 de Henares<\/strong>. Con toques tanto de lo m\u00e1s cercano del indie pop espa\u00f1ol como de lo m\u00e1s lejano del blues, su m\u00fasica comienza con el sonido m\u00e1s melanc\u00f3lico de <strong><em>\u00bbFuimos testigos de aquella \u00e9poca\u00bb<\/em><\/strong> y sigue con el ritmo m\u00e1s rockandrollero de <strong><em>\u00bbQue el sexo era rock&#8217;n roll\u2019\u2019<\/em><\/strong>. Siete de sus canciones ya vieron la luz y formar\u00e1n parte de su primer EP, <strong><em>\u2018\u2019Cuando levantes la voz\u2019\u2019<\/em><\/strong>.<\/p>\n\n\n\n<p class=\"has-text-align-left wp-block-paragraph\"><strong>DELSOL <\/strong>es un grupo de m\u00fasica rock con fuertes ra\u00edces del rock brit\u00e1nico actual. Formada tambi\u00e9n en en <strong>Alcal\u00e1 <\/strong>en 2015, la banda lanz\u00f3 su primer EP un a\u00f1o despu\u00e9s. Sin embargo, y tras tres a\u00f1os de trabajo, acaban de publicar en este 2022 <strong><em>\u201cMal gobierno personal\u201d<\/em><\/strong>, producido, grabado y mezclado por <strong>Brais Ruibal<\/strong> y masterizado por <strong>Jacobo Naya<\/strong> en los <strong>Estudios Reno<\/strong> de <strong>Madrid<\/strong>.<\/p>\n\n\n\n<p class=\"has-text-align-left wp-block-paragraph\">Los <strong>WALKIS <\/strong>son un compuesto creado por los enigm\u00e1ticos <strong>Manati&nbsp;Joe<\/strong>, <strong>Babuina Guiseppe <\/strong>y <strong>Mapache Rod<\/strong>. El tr\u00edo de <em>garage selv\u00e1tico<\/em> del este de <strong>Madrid <\/strong>formado en 2020 por tres animales dispares que quer\u00edan dejar atr\u00e1s la selva y tocar en la gran ciudad. Se trata de unos j\u00f3venes cachorros (entre 21 y 28 a\u00f1os) que a pesar de su edad tienen una amplia experiencia en los escenarios, ya que durante su etapa en la selva ya formaban parte de otras formaciones aut\u00f3nomas.&nbsp;<\/p>\n<\/div>\n<\/div>\n\n\n\n<div style=\"height:100px\" aria-hidden=\"true\" class=\"wp-block-spacer\"><\/div>\n\n\n\n<hr class=\"wp-block-separator has-alpha-channel-opacity is-style-wide\"\/>\n\n\n\n<div style=\"height:100px\" aria-hidden=\"true\" class=\"wp-block-spacer\"><\/div>\n\n\n<h2 class=\"tribe-block__related-events__title\">Related Events<\/h2>\n\n<ul  class=\"tribe-related-events tribe-clearfix\" >\n\t\t\t<li>\n\t\n<div class=\"tribe-related-events-thumbnail\">\n\t<a href=\"https:\/\/cafelapalma.com\/en\/programacion\/funkin-donuts\/\" class=\"url\" rel=\"bookmark\" tabindex=\"-1\" aria-hidden=\"true\"><img loading=\"lazy\" decoding=\"async\" width=\"693\" height=\"1040\" src=\"https:\/\/cafelapalma.com\/wp-content\/uploads\/2026\/07\/FD-vert2-bn-693x1040.jpg\" class=\"attachment-large size-large wp-post-image\" alt=\"\" \/><\/a>\n<\/div>\n\t<div class=\"tribe-related-event-info\">\n\t<h3 class=\"tribe-related-events-title\">\n\t\t<a href=\"https:\/\/cafelapalma.com\/en\/programacion\/funkin-donuts\/\" class=\"tribe-event-url\" rel=\"bookmark\">\n\t\t\tFUNKIN&#8217; DONUTS\t\t<\/a>\n\t<\/h3>\n\t<span class=\"tribe-event-date-start\">5  September@22:00<\/span><span class=\"tribe-event-time\">23:45<\/span><\/div>\n<\/li>\n\t\t\t<li>\n\t\n<div class=\"tribe-related-events-thumbnail\">\n\t<a href=\"https:\/\/cafelapalma.com\/en\/programacion\/backstage-le-petit-truffle-mayo\/\" class=\"url\" rel=\"bookmark\" tabindex=\"-1\" aria-hidden=\"true\"><img loading=\"lazy\" decoding=\"async\" width=\"780\" height=\"1040\" src=\"https:\/\/cafelapalma.com\/wp-content\/uploads\/2026\/07\/Imagen-TruffleMayo-LePetit-i-1-780x1040.png\" class=\"attachment-large size-large wp-post-image\" alt=\"\" \/><\/a>\n<\/div>\n\t<div class=\"tribe-related-event-info\">\n\t<h3 class=\"tribe-related-events-title\">\n\t\t<a href=\"https:\/\/cafelapalma.com\/en\/programacion\/backstage-le-petit-truffle-mayo\/\" class=\"tribe-event-url\" rel=\"bookmark\">\n\t\t\tBACKSTAGE: LE PETIT + TRUFFLE MAYO\t\t<\/a>\n\t<\/h3>\n\t<span class=\"tribe-event-date-start\">5  September@23:55<\/span><\/div>\n<\/li>\n\t\t\t<li>\n\t\n<div class=\"tribe-related-events-thumbnail\">\n\t<a href=\"https:\/\/cafelapalma.com\/en\/programacion\/willie-deville-concierto-benefico-x-venezuela\/\" class=\"url\" rel=\"bookmark\" tabindex=\"-1\" aria-hidden=\"true\"><img loading=\"lazy\" decoding=\"async\" width=\"1020\" height=\"531\" src=\"https:\/\/cafelapalma.com\/wp-content\/uploads\/2026\/08\/Willie-deville-1100x572-1-1040x541.jpg\" class=\"attachment-large size-large wp-post-image\" alt=\"\" \/><\/a>\n<\/div>\n\t<div class=\"tribe-related-event-info\">\n\t<h3 class=\"tribe-related-events-title\">\n\t\t<a href=\"https:\/\/cafelapalma.com\/en\/programacion\/willie-deville-concierto-benefico-x-venezuela\/\" class=\"tribe-event-url\" rel=\"bookmark\">\n\t\t\tWILLIE DEVILLE: CONCIERTO BEN\u00c9FICO X VENEZUELA\t\t<\/a>\n\t<\/h3>\n\t<span class=\"tribe-event-date-start\">6  September@21:00<\/span><span class=\"tribe-event-time\">23:45<\/span><\/div>\n<\/li>\n\t<\/ul>","protected":false},"excerpt":{"rendered":"<p>MAYLAYA es una banda procedente de Alcal\u00e1 de Henares. Con toques tanto de lo m\u00e1s cercano del indie pop espa\u00f1ol como de lo m\u00e1s lejano del blues, su m\u00fasica comienza con el sonido m\u00e1s melanc\u00f3lico de \u00bbFuimos testigos de aquella \u00e9poca\u00bb y sigue con el ritmo m\u00e1s rockandrollero de \u00bbQue el sexo era rock&#8217;n roll\u2019\u2019. &hellip; <\/p>","protected":false},"author":2,"featured_media":23481,"template":"","meta":{"_tec_requires_first_save":false,"_uag_custom_page_level_css":"","loftloader_page_shortcode":"","_EventAllDay":false,"_EventTimezone":"Europe\/Madrid","_EventStartDate":"2022-09-23 21:00:00","_EventEndDate":"2022-09-23 23:45:00","_EventStartDateUTC":"2022-09-23 19:00:00","_EventEndDateUTC":"2022-09-23 21:45:00","_EventShowMap":false,"_EventShowMapLink":false,"_EventURL":"https:\/\/link.dice.fm\/Meb53271cb02","_EventCost":"10","_EventCostDescription":"","_EventCurrencySymbol":"\u20ac","_EventCurrencyCode":"","_EventCurrencyPosition":"suffix","_EventDateTimeSeparator":"@","_EventTimeRangeSeparator":"-","_EventOrganizerID":[],"_EventVenueID":[0],"_OrganizerEmail":"","_OrganizerPhone":"","_OrganizerWebsite":"","_VenueAddress":"","_VenueCity":"","_VenueCountry":"","_VenueProvince":"","_VenueState":"","_VenueZip":"","_VenuePhone":"","_VenueURL":"","_VenueStateProvince":"","_VenueLat":"","_VenueLng":"","_VenueShowMap":false,"_VenueShowMapLink":false,"_tribe_blocks_recurrence_rules":"","_tribe_blocks_recurrence_description":"","_tribe_blocks_recurrence_exclusions":"","_ecp_custom_2":"","_tribe_events_status":"","_tribe_events_status_reason":"","_tribe_events_is_hybrid":"","_tribe_events_is_virtual":"","_tribe_events_virtual_video_source":"","_tribe_events_virtual_embed_video":"","_tribe_events_virtual_linked_button_text":"","_tribe_events_virtual_linked_button":"","_tribe_events_virtual_show_embed_at":"","_tribe_events_virtual_show_embed_to":[],"_tribe_events_virtual_show_on_event":"","_tribe_events_virtual_show_on_views":"","_tribe_events_virtual_url":"","footnotes":""},"tags":[9678,11995,1363,2865,9147,9146,11992,11989,11997,11991,8970,9288,11996,11994,11998,11999,11988,1355,11993,1354,11990],"tribe_events_cat":[8963],"class_list":["post-23479","tribe_events","type-tribe_events","status-publish","has-post-thumbnail","hentry","tag-alcala-de-henares","tag-brais-ruibal","tag-cafe-la-palma","tag-conciertos-cafe-la-palma","tag-conciertos-madrid","tag-conciertos-malasana","tag-cuando-levantes-la-voz","tag-delsol","tag-estudios-reno","tag-fuimos-testigos-de-aquella-epoca","tag-indie","tag-indie-pop","tag-jacobo-naya","tag-mal-gobierno-personal","tag-manati-joe","tag-mapache-rod","tag-maylaya","tag-pop","tag-que-el-sexo-era-rockn-roll","tag-rock","tag-walkis","tribe_events_cat-concierto","cat_concierto"],"uagb_featured_image_src":{"full":["https:\/\/cafelapalma.com\/wp-content\/uploads\/2022\/07\/MAYLAYA-VERT-LOW.jpg",457,572,false],"thumbnail":["https:\/\/cafelapalma.com\/wp-content\/uploads\/2022\/07\/MAYLAYA-VERT-LOW-150x150.jpg",150,150,true],"medium":["https:\/\/cafelapalma.com\/wp-content\/uploads\/2022\/07\/MAYLAYA-VERT-LOW-240x300.jpg",240,300,true],"medium_large":["https:\/\/cafelapalma.com\/wp-content\/uploads\/2022\/07\/MAYLAYA-VERT-LOW.jpg",457,572,false],"large":["https:\/\/cafelapalma.com\/wp-content\/uploads\/2022\/07\/MAYLAYA-VERT-LOW.jpg",457,572,false],"1536x1536":["https:\/\/cafelapalma.com\/wp-content\/uploads\/2022\/07\/MAYLAYA-VERT-LOW.jpg",457,572,false],"2048x2048":["https:\/\/cafelapalma.com\/wp-content\/uploads\/2022\/07\/MAYLAYA-VERT-LOW.jpg",457,572,false],"trp-custom-language-flag":["https:\/\/cafelapalma.com\/wp-content\/uploads\/2022\/07\/MAYLAYA-VERT-LOW.jpg",10,12,false],"blossom-feminine-slider":["https:\/\/cafelapalma.com\/wp-content\/uploads\/2022\/07\/MAYLAYA-VERT-LOW.jpg",457,572,false],"blossom-feminine-featured":["https:\/\/cafelapalma.com\/wp-content\/uploads\/2022\/07\/MAYLAYA-VERT-LOW.jpg",457,572,false],"blossom-feminine-with-sidebar":["https:\/\/cafelapalma.com\/wp-content\/uploads\/2022\/07\/MAYLAYA-VERT-LOW.jpg",457,572,false],"blossom-feminine-blog":["https:\/\/cafelapalma.com\/wp-content\/uploads\/2022\/07\/MAYLAYA-VERT-LOW-435x435.jpg",435,435,true],"blossom-feminine-cat":["https:\/\/cafelapalma.com\/wp-content\/uploads\/2022\/07\/MAYLAYA-VERT-LOW-450x300.jpg",450,300,true],"blossom-feminine-related":["https:\/\/cafelapalma.com\/wp-content\/uploads\/2022\/07\/MAYLAYA-VERT-LOW-320x200.jpg",320,200,true],"blossom-feminine-schema":["https:\/\/cafelapalma.com\/wp-content\/uploads\/2022\/07\/MAYLAYA-VERT-LOW-48x60.jpg",48,60,true]},"uagb_author_info":{"display_name":"Victor","author_link":"https:\/\/cafelapalma.com\/en\/author\/comunicacion\/"},"uagb_comment_info":0,"uagb_excerpt":"MAYLAYA es una banda procedente de Alcal\u00e1 de Henares. Con toques tanto de lo m\u00e1s cercano del indie pop espa\u00f1ol como de lo m\u00e1s lejano del blues, su m\u00fasica comienza con el sonido m\u00e1s melanc\u00f3lico de \u00bbFuimos testigos de aquella \u00e9poca\u00bb y sigue con el ritmo m\u00e1s rockandrollero de \u00bbQue el sexo era rock&#8217;n roll\u2019\u2019.&hellip;","_links":{"self":[{"href":"https:\/\/cafelapalma.com\/en\/wp-json\/wp\/v2\/tribe_events\/23479","targetHints":{"allow":["GET"]}}],"collection":[{"href":"https:\/\/cafelapalma.com\/en\/wp-json\/wp\/v2\/tribe_events"}],"about":[{"href":"https:\/\/cafelapalma.com\/en\/wp-json\/wp\/v2\/types\/tribe_events"}],"author":[{"embeddable":true,"href":"https:\/\/cafelapalma.com\/en\/wp-json\/wp\/v2\/users\/2"}],"version-history":[{"count":0,"href":"https:\/\/cafelapalma.com\/en\/wp-json\/wp\/v2\/tribe_events\/23479\/revisions"}],"wp:featuredmedia":[{"embeddable":true,"href":"https:\/\/cafelapalma.com\/en\/wp-json\/wp\/v2\/media\/23481"}],"wp:attachment":[{"href":"https:\/\/cafelapalma.com\/en\/wp-json\/wp\/v2\/media?parent=23479"}],"wp:term":[{"taxonomy":"post_tag","embeddable":true,"href":"https:\/\/cafelapalma.com\/en\/wp-json\/wp\/v2\/tags?post=23479"},{"taxonomy":"tribe_events_cat","embeddable":true,"href":"https:\/\/cafelapalma.com\/en\/wp-json\/wp\/v2\/tribe_events_cat?post=23479"}],"curies":[{"name":"wp","href":"https:\/\/api.w.org\/{rel}","templated":true}]}}