{"id":23541,"date":"2022-07-30T12:38:10","date_gmt":"2022-07-30T10:38:10","guid":{"rendered":"https:\/\/cafelapalma.com\/?post_type=tribe_events&#038;p=23541"},"modified":"2022-07-30T12:39:02","modified_gmt":"2022-07-30T10:39:02","slug":"daniyel-paul-rox","status":"publish","type":"tribe_events","link":"https:\/\/cafelapalma.com\/en\/programacion\/daniyel-paul-rox\/","title":{"rendered":"DANIYEL + PAUL ROX"},"content":{"rendered":"<div  class=\"tribe-events-schedule tribe-clearfix\" >\n\t<p class=\"tribe-events-schedule__datetime\">\n\t\t<span class=\"tribe-events-schedule__date tribe-events-schedule__date--start\">\n\t\t\t03  September  2022\t\t<\/span>\n\n\t\t\t\t\t<span class=\"tribe-events-schedule__separator tribe-events-schedule__separator--date\">\n\t\t\t\t@\t\t\t<\/span>\n\t\t\t<span class=\"tribe-events-schedule__time tribe-events-schedule__time--start\">\n\t\t\t\t21:30\t\t\t<\/span>\n\t\t\n\t\t\t\t\t\t\t\t\t<span class=\"tribe-events-schedule__separator tribe-events-schedule__separator--time\">\n\t\t\t\t\t&#8211;\t\t\t\t<\/span>\n\t\t\t\n\t\t\t\t\t\t\t<span class=\"tribe-events-schedule__time tribe-events-schedule__time--end\">\n\t\t\t\t\t23:45\t\t\t\t<\/span>\n\t\t\t\n\t\t\t\t\t\t<\/p>\n<\/div>\n\n\n<div  class=\"tribe-block tribe-block__event-price\" >\n\t\t\t<span class=\"tribe-block__event-price__cost\"> 9\u20ac <\/span>\n\t\t\t\t<span class=\"tribe-block__event-price__description\">+ gg Anticipada | 12\u20ac Taquilla [ Incluye DOBLE DE CERVEZA o REFRESCO ]<\/span>\n\t<\/div>\n\n\n\n<div style=\"height:100px\" aria-hidden=\"true\" class=\"wp-block-spacer\"><\/div>\n\n\n\n<div class=\"wp-block-columns is-layout-flex wp-container-core-columns-is-layout-8f761849 wp-block-columns-is-layout-flex\">\n<div class=\"wp-block-column is-layout-flow wp-block-column-is-layout-flow\" style=\"flex-basis:33.33%\">\n<figure class=\"wp-block-image size-full\"><img loading=\"lazy\" decoding=\"async\" width=\"430\" height=\"608\" src=\"https:\/\/cafelapalma.com\/wp-content\/uploads\/2022\/07\/DANIYEL-A3-LOW.jpg\" alt=\"\" class=\"wp-image-23542\" srcset=\"https:\/\/cafelapalma.com\/wp-content\/uploads\/2022\/07\/DANIYEL-A3-LOW.jpg 430w, https:\/\/cafelapalma.com\/wp-content\/uploads\/2022\/07\/DANIYEL-A3-LOW-212x300.jpg 212w, https:\/\/cafelapalma.com\/wp-content\/uploads\/2022\/07\/DANIYEL-A3-LOW-42x60.jpg 42w\" sizes=\"auto, (max-width: 430px) 100vw, 430px\" \/><\/figure>\n\n\n<div  class=\"tribe-block tribe-block__event-website\" >\n\t<a\n\t\thref=\"https:\/\/link.dice.fm\/f313cd7c2d9c\"\n\t\ttarget=\"_self\"\n\t\t\t>\n\t\tCOMPRAR ENTRADAS\t<\/a>\n<\/div>\n<\/div>\n\n\n\n<div class=\"wp-block-column is-layout-flow wp-block-column-is-layout-flow\" style=\"flex-basis:66.66%\">\n<p class=\"wp-block-paragraph\"><\/p>\n\n\n\n<p class=\"has-text-align-left wp-block-paragraph\">La aproximaci\u00f3n a la m\u00fasica de <strong>DANIYEL <\/strong>viene desde su ni\u00f1ez, para posteriormente ya en su adolescencia empezar a componer e interpretar y\u00a0publicar por fin su primer single en 2015. Ya desde entonces mostraba inter\u00e9s por los ritmos latinos y las letras reggaetoneras.<\/p>\n\n\n\n<p class=\"has-text-align-left wp-block-paragraph\">Despu\u00e9s sac\u00f3 a la luz su proyecto <em>\u00ab<strong>The Murderess Mixtape<\/strong>\u00ab<\/em>, donde demuestra su habilidad sobre todo tipo de estilo de m\u00fasica urbana. Ahora en 2022, despu\u00e9s de su aparici\u00f3n en las <strong>Gallery Sessions<\/strong> con la canci\u00f3n <strong><em>\u201cAlboroto\u201d<\/em><\/strong> con <strong>Bejo<\/strong>, track del disco <strong><em>\u201cTemperatura\u201d<\/em><\/strong> <strong>Kabasaki<\/strong>, se hace un hueco entre los grandes aristas que colaboran en el proyecto.<\/p>\n\n\n\n<p class=\"has-text-align-left wp-block-paragraph\"><strong>Daniyel <\/strong>est\u00e1 sonando cada vez m\u00e1s fuerte en el panorama reggaetonero espa\u00f1ol con un estilo muy definido y viene a dar su primer concierto en la capital para romper la pista.<\/p>\n\n\n\n<p class=\"has-text-align-left wp-block-paragraph\"><strong>Paul Rox<\/strong> es un productor que comenz\u00f3 su formaci\u00f3n musical desde peque\u00f1o estudiando piano y lenguaje musical.\u00a0En 2014, comenz\u00f3 a hacer sus primeras producciones y sesiones en su ciudad, y a\u00f1os despu\u00e9s colaborar\u00eda como productor en dos de los \u00faltimos discos del artista <strong>Pedro LaDroga<\/strong>. Tocando todo estilo de g\u00e9neros desde el reggaeton hasta un house super oldschool, donde mejor se desenvuelve es en el hip-hop.\u00a0Actualmente se encuentra trabajando su faceta como artista despu\u00e9s de publicar su EP <strong><em>\u201cSweet Blandito\u201d<\/em><\/strong> donde trata temas como el desamor o la motivaci\u00f3n personal sobre sintetizadores y 808s.\u00a0<\/p>\n<\/div>\n<\/div>\n\n\n\n<div style=\"height:100px\" aria-hidden=\"true\" class=\"wp-block-spacer\"><\/div>\n\n\n\n<hr class=\"wp-block-separator has-alpha-channel-opacity is-style-wide\"\/>\n\n\n\n<div style=\"height:100px\" aria-hidden=\"true\" class=\"wp-block-spacer\"><\/div>\n\n\n<h2 class=\"tribe-block__related-events__title\">Related Events<\/h2>\n\n<ul  class=\"tribe-related-events tribe-clearfix\" >\n\t\t\t<li>\n\t\n<div class=\"tribe-related-events-thumbnail\">\n\t<a href=\"https:\/\/cafelapalma.com\/en\/programacion\/funkin-donuts\/\" class=\"url\" rel=\"bookmark\" tabindex=\"-1\" aria-hidden=\"true\"><img loading=\"lazy\" decoding=\"async\" width=\"693\" height=\"1040\" src=\"https:\/\/cafelapalma.com\/wp-content\/uploads\/2026\/07\/FD-vert2-bn-693x1040.jpg\" class=\"attachment-large size-large wp-post-image\" alt=\"\" \/><\/a>\n<\/div>\n\t<div class=\"tribe-related-event-info\">\n\t<h3 class=\"tribe-related-events-title\">\n\t\t<a href=\"https:\/\/cafelapalma.com\/en\/programacion\/funkin-donuts\/\" class=\"tribe-event-url\" rel=\"bookmark\">\n\t\t\tFUNKIN&#8217; DONUTS\t\t<\/a>\n\t<\/h3>\n\t<span class=\"tribe-event-date-start\">5  September@22:00<\/span><span class=\"tribe-event-time\">23:45<\/span><\/div>\n<\/li>\n\t\t\t<li>\n\t\n<div class=\"tribe-related-events-thumbnail\">\n\t<a href=\"https:\/\/cafelapalma.com\/en\/programacion\/backstage-le-petit-truffle-mayo\/\" class=\"url\" rel=\"bookmark\" tabindex=\"-1\" aria-hidden=\"true\"><img loading=\"lazy\" decoding=\"async\" width=\"780\" height=\"1040\" src=\"https:\/\/cafelapalma.com\/wp-content\/uploads\/2026\/07\/Imagen-TruffleMayo-LePetit-i-1-780x1040.png\" class=\"attachment-large size-large wp-post-image\" alt=\"\" \/><\/a>\n<\/div>\n\t<div class=\"tribe-related-event-info\">\n\t<h3 class=\"tribe-related-events-title\">\n\t\t<a href=\"https:\/\/cafelapalma.com\/en\/programacion\/backstage-le-petit-truffle-mayo\/\" class=\"tribe-event-url\" rel=\"bookmark\">\n\t\t\tBACKSTAGE: LE PETIT + TRUFFLE MAYO\t\t<\/a>\n\t<\/h3>\n\t<span class=\"tribe-event-date-start\">5  September@23:55<\/span><\/div>\n<\/li>\n\t\t\t<li>\n\t\n<div class=\"tribe-related-events-thumbnail\">\n\t<a href=\"https:\/\/cafelapalma.com\/en\/programacion\/willie-deville-concierto-benefico-x-venezuela\/\" class=\"url\" rel=\"bookmark\" tabindex=\"-1\" aria-hidden=\"true\"><img loading=\"lazy\" decoding=\"async\" width=\"1020\" height=\"531\" src=\"https:\/\/cafelapalma.com\/wp-content\/uploads\/2026\/08\/Willie-deville-1100x572-1-1040x541.jpg\" class=\"attachment-large size-large wp-post-image\" alt=\"\" \/><\/a>\n<\/div>\n\t<div class=\"tribe-related-event-info\">\n\t<h3 class=\"tribe-related-events-title\">\n\t\t<a href=\"https:\/\/cafelapalma.com\/en\/programacion\/willie-deville-concierto-benefico-x-venezuela\/\" class=\"tribe-event-url\" rel=\"bookmark\">\n\t\t\tWILLIE DEVILLE: CONCIERTO BEN\u00c9FICO X VENEZUELA\t\t<\/a>\n\t<\/h3>\n\t<span class=\"tribe-event-date-start\">6  September@21:00<\/span><span class=\"tribe-event-time\">23:45<\/span><\/div>\n<\/li>\n\t<\/ul>\n","protected":false},"excerpt":{"rendered":"<p>La aproximaci\u00f3n a la m\u00fasica de DANIYEL viene desde su ni\u00f1ez, para posteriormente ya en su adolescencia empezar a componer e interpretar y\u00a0publicar por fin su primer single en 2015. Ya desde entonces mostraba inter\u00e9s por los ritmos latinos y las letras reggaetoneras. Despu\u00e9s sac\u00f3 a la luz su proyecto \u00abThe Murderess Mixtape\u00ab, donde demuestra &hellip; <\/p>","protected":false},"author":2,"featured_media":23543,"template":"","meta":{"_tec_requires_first_save":false,"_uag_custom_page_level_css":"","loftloader_page_shortcode":"","_EventAllDay":false,"_EventTimezone":"Europe\/Madrid","_EventStartDate":"2022-09-03 21:30:00","_EventEndDate":"2022-09-03 23:45:00","_EventStartDateUTC":"2022-09-03 19:30:00","_EventEndDateUTC":"2022-09-03 21:45:00","_EventShowMap":false,"_EventShowMapLink":false,"_EventURL":"https:\/\/link.dice.fm\/f313cd7c2d9c","_EventCost":"9","_EventCostDescription":"","_EventCurrencySymbol":"\u20ac","_EventCurrencyCode":"","_EventCurrencyPosition":"suffix","_EventDateTimeSeparator":"@","_EventTimeRangeSeparator":"-","_EventOrganizerID":[],"_EventVenueID":[0],"_OrganizerEmail":"","_OrganizerPhone":"","_OrganizerWebsite":"","_VenueAddress":"","_VenueCity":"","_VenueCountry":"","_VenueProvince":"","_VenueState":"","_VenueZip":"","_VenuePhone":"","_VenueURL":"","_VenueStateProvince":"","_VenueLat":"","_VenueLng":"","_VenueShowMap":false,"_VenueShowMapLink":false,"_tribe_blocks_recurrence_rules":"","_tribe_blocks_recurrence_description":"","_tribe_blocks_recurrence_exclusions":"","_ecp_custom_2":"","_tribe_events_status":"","_tribe_events_status_reason":"","_tribe_events_is_hybrid":"","_tribe_events_is_virtual":"","_tribe_events_virtual_video_source":"","_tribe_events_virtual_embed_video":"","_tribe_events_virtual_linked_button_text":"","_tribe_events_virtual_linked_button":"","_tribe_events_virtual_show_embed_at":"","_tribe_events_virtual_show_embed_to":[],"_tribe_events_virtual_show_on_event":"","_tribe_events_virtual_show_on_views":"","_tribe_events_virtual_url":"","footnotes":""},"tags":[12031,12032,1363,2865,9147,9146,12027,12030,9352,12034,12028,10556,9350,12035,12033,12029,2397,9349],"tribe_events_cat":[8963],"class_list":["post-23541","tribe_events","type-tribe_events","status-publish","has-post-thumbnail","hentry","tag-alboroto","tag-bejo","tag-cafe-la-palma","tag-conciertos-cafe-la-palma","tag-conciertos-madrid","tag-conciertos-malasana","tag-daniyel","tag-gallery-sessions","tag-hip-hop-2","tag-kabasaki","tag-paul-rox","tag-pedro-ladroga","tag-reggaeton","tag-sweet-blandito","tag-temperatura","tag-the-murderess-mixtape","tag-trap","tag-urban","tribe_events_cat-concierto","cat_concierto"],"uagb_featured_image_src":{"full":["https:\/\/cafelapalma.com\/wp-content\/uploads\/2022\/07\/DANIYEL-MUG-LOW.jpg",512,512,false],"thumbnail":["https:\/\/cafelapalma.com\/wp-content\/uploads\/2022\/07\/DANIYEL-MUG-LOW-150x150.jpg",150,150,true],"medium":["https:\/\/cafelapalma.com\/wp-content\/uploads\/2022\/07\/DANIYEL-MUG-LOW-300x300.jpg",300,300,true],"medium_large":["https:\/\/cafelapalma.com\/wp-content\/uploads\/2022\/07\/DANIYEL-MUG-LOW.jpg",512,512,false],"large":["https:\/\/cafelapalma.com\/wp-content\/uploads\/2022\/07\/DANIYEL-MUG-LOW.jpg",512,512,false],"1536x1536":["https:\/\/cafelapalma.com\/wp-content\/uploads\/2022\/07\/DANIYEL-MUG-LOW.jpg",512,512,false],"2048x2048":["https:\/\/cafelapalma.com\/wp-content\/uploads\/2022\/07\/DANIYEL-MUG-LOW.jpg",512,512,false],"trp-custom-language-flag":["https:\/\/cafelapalma.com\/wp-content\/uploads\/2022\/07\/DANIYEL-MUG-LOW.jpg",12,12,false],"blossom-feminine-slider":["https:\/\/cafelapalma.com\/wp-content\/uploads\/2022\/07\/DANIYEL-MUG-LOW.jpg",512,512,false],"blossom-feminine-featured":["https:\/\/cafelapalma.com\/wp-content\/uploads\/2022\/07\/DANIYEL-MUG-LOW.jpg",512,512,false],"blossom-feminine-with-sidebar":["https:\/\/cafelapalma.com\/wp-content\/uploads\/2022\/07\/DANIYEL-MUG-LOW.jpg",512,512,false],"blossom-feminine-blog":["https:\/\/cafelapalma.com\/wp-content\/uploads\/2022\/07\/DANIYEL-MUG-LOW-435x435.jpg",435,435,true],"blossom-feminine-cat":["https:\/\/cafelapalma.com\/wp-content\/uploads\/2022\/07\/DANIYEL-MUG-LOW-450x300.jpg",450,300,true],"blossom-feminine-related":["https:\/\/cafelapalma.com\/wp-content\/uploads\/2022\/07\/DANIYEL-MUG-LOW-320x200.jpg",320,200,true],"blossom-feminine-schema":["https:\/\/cafelapalma.com\/wp-content\/uploads\/2022\/07\/DANIYEL-MUG-LOW-60x60.jpg",60,60,true]},"uagb_author_info":{"display_name":"Victor","author_link":"https:\/\/cafelapalma.com\/en\/author\/comunicacion\/"},"uagb_comment_info":0,"uagb_excerpt":"La aproximaci\u00f3n a la m\u00fasica de DANIYEL viene desde su ni\u00f1ez, para posteriormente ya en su adolescencia empezar a componer e interpretar y\u00a0publicar por fin su primer single en 2015. Ya desde entonces mostraba inter\u00e9s por los ritmos latinos y las letras reggaetoneras. Despu\u00e9s sac\u00f3 a la luz su proyecto \u00abThe Murderess Mixtape\u00ab, donde demuestra&hellip;","_links":{"self":[{"href":"https:\/\/cafelapalma.com\/en\/wp-json\/wp\/v2\/tribe_events\/23541","targetHints":{"allow":["GET"]}}],"collection":[{"href":"https:\/\/cafelapalma.com\/en\/wp-json\/wp\/v2\/tribe_events"}],"about":[{"href":"https:\/\/cafelapalma.com\/en\/wp-json\/wp\/v2\/types\/tribe_events"}],"author":[{"embeddable":true,"href":"https:\/\/cafelapalma.com\/en\/wp-json\/wp\/v2\/users\/2"}],"version-history":[{"count":0,"href":"https:\/\/cafelapalma.com\/en\/wp-json\/wp\/v2\/tribe_events\/23541\/revisions"}],"wp:featuredmedia":[{"embeddable":true,"href":"https:\/\/cafelapalma.com\/en\/wp-json\/wp\/v2\/media\/23543"}],"wp:attachment":[{"href":"https:\/\/cafelapalma.com\/en\/wp-json\/wp\/v2\/media?parent=23541"}],"wp:term":[{"taxonomy":"post_tag","embeddable":true,"href":"https:\/\/cafelapalma.com\/en\/wp-json\/wp\/v2\/tags?post=23541"},{"taxonomy":"tribe_events_cat","embeddable":true,"href":"https:\/\/cafelapalma.com\/en\/wp-json\/wp\/v2\/tribe_events_cat?post=23541"}],"curies":[{"name":"wp","href":"https:\/\/api.w.org\/{rel}","templated":true}]}}