{"id":23550,"date":"2022-08-06T12:14:53","date_gmt":"2022-08-06T10:14:53","guid":{"rendered":"https:\/\/cafelapalma.com\/?post_type=tribe_events&#038;p=23550"},"modified":"2022-09-05T18:27:07","modified_gmt":"2022-09-05T16:27:07","slug":"nadie-patin-baloncesto-vibra-mahou","status":"publish","type":"tribe_events","link":"https:\/\/cafelapalma.com\/en\/programacion\/nadie-patin-baloncesto-vibra-mahou\/","title":{"rendered":"NADIE PAT\u00cdN + BALONCESTO"},"content":{"rendered":"<div  class=\"tribe-events-schedule tribe-clearfix\" >\n\t<p class=\"tribe-events-schedule__datetime\">\n\t\t<span class=\"tribe-events-schedule__date tribe-events-schedule__date--start\">\n\t\t\t30  September  2022\t\t<\/span>\n\n\t\t\t\t\t<span class=\"tribe-events-schedule__separator tribe-events-schedule__separator--date\">\n\t\t\t\t@\t\t\t<\/span>\n\t\t\t<span class=\"tribe-events-schedule__time tribe-events-schedule__time--start\">\n\t\t\t\t21:30\t\t\t<\/span>\n\t\t\n\t\t\t\t\t\t\t\t\t<span class=\"tribe-events-schedule__separator tribe-events-schedule__separator--time\">\n\t\t\t\t\t&#8211;\t\t\t\t<\/span>\n\t\t\t\n\t\t\t\t\t\t\t<span class=\"tribe-events-schedule__time tribe-events-schedule__time--end\">\n\t\t\t\t\t23:45\t\t\t\t<\/span>\n\t\t\t\n\t\t\t\t\t\t<\/p>\n<\/div>\n\n\n<div  class=\"tribe-block tribe-block__event-price\" >\n\t\t\t<span class=\"tribe-block__event-price__cost\"> 10\u20ac <\/span>\n\t\t\t\t<span class=\"tribe-block__event-price__description\">+ gg Anticipada | 13\u20ac Taquilla<\/span>\n\t<\/div>\n\n\n\n<div style=\"height:100px\" aria-hidden=\"true\" class=\"wp-block-spacer\"><\/div>\n\n\n\n<div class=\"wp-block-columns is-layout-flex wp-container-core-columns-is-layout-8f761849 wp-block-columns-is-layout-flex\">\n<div class=\"wp-block-column is-layout-flow wp-block-column-is-layout-flow\" style=\"flex-basis:33.33%\">\n<figure class=\"wp-block-image size-full\"><img loading=\"lazy\" decoding=\"async\" width=\"430\" height=\"608\" src=\"https:\/\/cafelapalma.com\/wp-content\/uploads\/2022\/09\/NADIE-PATIN-A3-DEF.jpg\" alt=\"\" class=\"wp-image-24567\" srcset=\"https:\/\/cafelapalma.com\/wp-content\/uploads\/2022\/09\/NADIE-PATIN-A3-DEF.jpg 430w, https:\/\/cafelapalma.com\/wp-content\/uploads\/2022\/09\/NADIE-PATIN-A3-DEF-212x300.jpg 212w, https:\/\/cafelapalma.com\/wp-content\/uploads\/2022\/09\/NADIE-PATIN-A3-DEF-42x60.jpg 42w\" sizes=\"auto, (max-width: 430px) 100vw, 430px\" \/><\/figure>\n\n\n<div  class=\"tribe-block tribe-block__event-website\" >\n\t<a\n\t\thref=\"https:\/\/link.dice.fm\/A5696b134f52\"\n\t\ttarget=\"_self\"\n\t\t\t>\n\t\tBUY TICKETS\t<\/a>\n<\/div>\n<\/div>\n\n\n\n<div class=\"wp-block-column is-layout-flow wp-block-column-is-layout-flow\" style=\"flex-basis:66.66%\">\n<p class=\"has-text-align-left wp-block-paragraph\">Unidos por el skate, <strong>Selu <\/strong>y <strong>Gome <\/strong>comienzan a hacer canciones en 2019 y llaman a <strong>Paco Loco<\/strong> para grabarlas. El resultado: cortes inmediatos y letras directas al ment\u00f3n, pop de guitarras distorsionadas, envueltas en melod\u00edas con lenguaje claro y directo, un cuidado exquisito por los estribillos y una visi\u00f3n muy particular de las relaciones.<\/p>\n\n\n\n<p class=\"has-text-align-left wp-block-paragraph\">Canciones como <strong><em>\u201cPedregalejo\u201d<\/em><\/strong>, <strong><em>\u201cEl Boquete\u201d<\/em><\/strong> o <strong><em>\u201cPerpignan\u201d<\/em><\/strong> sugieren \u2013mejor dicho: certifican\u2013 que estamos ante un duo a la altura de <strong>Yawners <\/strong>o <strong>Cala Vento<\/strong>. Y es que <strong>NADIE PAT\u00cdN <\/strong>lo tienen todo: juventud, descaro, talento, rabia y canciones. \u201cLa fatiga que se pasa por amor\u201d, as\u00ed lo llaman en <strong>Jerez <\/strong>y as\u00ed lo cuentan, tal cual lo piensan y lo viven.<\/p>\n\n\n\n<p class=\"has-text-align-left wp-block-paragraph\">El tr\u00edo madrile\u00f1o <strong>BALONCESTO <\/strong>formado por guitarra, bajo, bater\u00eda y voz practica un particular sonido donde el rock y el emo-hardcore de los &#8217;90 marcan la pauta de sus composiciones. Con poco m\u00e1s de un a\u00f1o en activo, son una de las nuevas bandas que habr\u00e1 que seguir de cerca en los pr\u00f3ximos meses. Este 2022 han editado un EP bajo el t\u00edtulo hom\u00f3nimo, producido por <strong>Man\u00e9 L\u00f3pez<\/strong> (<strong>Buenatarde<\/strong>) y grabado en <strong>1884 Estudios<\/strong> de <strong>Madrid<\/strong>, estando disponibles en todas las plataformas digitales y editadas por el sello <strong>Mont Ventoux<\/strong>.<\/p>\n\n\n\n<p class=\"has-text-align-left wp-block-paragraph\">Organizan <strong>CAFE LA PALMA<\/strong> y <strong>Purple Moon<\/strong> con el apoyo de <strong>VIBRA MAHOU<\/strong>.<\/p>\n<\/div>\n<\/div>\n\n\n\n<div style=\"height:100px\" aria-hidden=\"true\" class=\"wp-block-spacer\"><\/div>\n\n\n\n<hr class=\"wp-block-separator has-alpha-channel-opacity is-style-wide\"\/>\n\n\n\n<div style=\"height:100px\" aria-hidden=\"true\" class=\"wp-block-spacer\"><\/div>\n\n\n<h2 class=\"tribe-block__related-events__title\">Related Events<\/h2>\n\n<ul  class=\"tribe-related-events tribe-clearfix\" >\n\t\t\t<li>\n\t\n<div class=\"tribe-related-events-thumbnail\">\n\t<a href=\"https:\/\/cafelapalma.com\/en\/programacion\/funkin-donuts\/\" class=\"url\" rel=\"bookmark\" tabindex=\"-1\" aria-hidden=\"true\"><img loading=\"lazy\" decoding=\"async\" width=\"693\" height=\"1040\" src=\"https:\/\/cafelapalma.com\/wp-content\/uploads\/2026\/07\/FD-vert2-bn-693x1040.jpg\" class=\"attachment-large size-large wp-post-image\" alt=\"\" \/><\/a>\n<\/div>\n\t<div class=\"tribe-related-event-info\">\n\t<h3 class=\"tribe-related-events-title\">\n\t\t<a href=\"https:\/\/cafelapalma.com\/en\/programacion\/funkin-donuts\/\" class=\"tribe-event-url\" rel=\"bookmark\">\n\t\t\tFUNKIN&#8217; DONUTS\t\t<\/a>\n\t<\/h3>\n\t<span class=\"tribe-event-date-start\">5  September@22:00<\/span><span class=\"tribe-event-time\">23:45<\/span><\/div>\n<\/li>\n\t\t\t<li>\n\t\n<div class=\"tribe-related-events-thumbnail\">\n\t<a href=\"https:\/\/cafelapalma.com\/en\/programacion\/backstage-le-petit-truffle-mayo\/\" class=\"url\" rel=\"bookmark\" tabindex=\"-1\" aria-hidden=\"true\"><img loading=\"lazy\" decoding=\"async\" width=\"780\" height=\"1040\" src=\"https:\/\/cafelapalma.com\/wp-content\/uploads\/2026\/07\/Imagen-TruffleMayo-LePetit-i-1-780x1040.png\" class=\"attachment-large size-large wp-post-image\" alt=\"\" \/><\/a>\n<\/div>\n\t<div class=\"tribe-related-event-info\">\n\t<h3 class=\"tribe-related-events-title\">\n\t\t<a href=\"https:\/\/cafelapalma.com\/en\/programacion\/backstage-le-petit-truffle-mayo\/\" class=\"tribe-event-url\" rel=\"bookmark\">\n\t\t\tBACKSTAGE: LE PETIT + TRUFFLE MAYO\t\t<\/a>\n\t<\/h3>\n\t<span class=\"tribe-event-date-start\">5  September@23:55<\/span><\/div>\n<\/li>\n\t\t\t<li>\n\t\n<div class=\"tribe-related-events-thumbnail\">\n\t<a href=\"https:\/\/cafelapalma.com\/en\/programacion\/willie-deville-concierto-benefico-x-venezuela\/\" class=\"url\" rel=\"bookmark\" tabindex=\"-1\" aria-hidden=\"true\"><img loading=\"lazy\" decoding=\"async\" width=\"1020\" height=\"531\" src=\"https:\/\/cafelapalma.com\/wp-content\/uploads\/2026\/08\/Willie-deville-1100x572-1-1040x541.jpg\" class=\"attachment-large size-large wp-post-image\" alt=\"\" \/><\/a>\n<\/div>\n\t<div class=\"tribe-related-event-info\">\n\t<h3 class=\"tribe-related-events-title\">\n\t\t<a href=\"https:\/\/cafelapalma.com\/en\/programacion\/willie-deville-concierto-benefico-x-venezuela\/\" class=\"tribe-event-url\" rel=\"bookmark\">\n\t\t\tWILLIE DEVILLE: CONCIERTO BEN\u00c9FICO X VENEZUELA\t\t<\/a>\n\t<\/h3>\n\t<span class=\"tribe-event-date-start\">6  September@21:00<\/span><span class=\"tribe-event-time\">23:45<\/span><\/div>\n<\/li>\n\t<\/ul>","protected":false},"excerpt":{"rendered":"<p>Unidos por el skate, Selu y Gome comienzan a hacer canciones en 2019 y llaman a Paco Loco para grabarlas. El resultado: cortes inmediatos y letras directas al ment\u00f3n, pop de guitarras distorsionadas, envueltas en melod\u00edas con lenguaje claro y directo, un cuidado exquisito por los estribillos y una visi\u00f3n muy particular de las relaciones. &hellip; <\/p>","protected":false},"author":2,"featured_media":23552,"template":"","meta":{"_tec_requires_first_save":false,"_uag_custom_page_level_css":"","loftloader_page_shortcode":"","_EventAllDay":false,"_EventTimezone":"Europe\/Madrid","_EventStartDate":"2022-09-30 21:30:00","_EventEndDate":"2022-09-30 23:45:00","_EventStartDateUTC":"2022-09-30 19:30:00","_EventEndDateUTC":"2022-09-30 21:45:00","_EventShowMap":false,"_EventShowMapLink":false,"_EventURL":"https:\/\/link.dice.fm\/A5696b134f52","_EventCost":"10","_EventCostDescription":"","_EventCurrencySymbol":"\u20ac","_EventCurrencyCode":"","_EventCurrencyPosition":"suffix","_EventDateTimeSeparator":"@","_EventTimeRangeSeparator":"-","_EventOrganizerID":[],"_EventVenueID":[0],"_OrganizerEmail":"","_OrganizerPhone":"","_OrganizerWebsite":"","_VenueAddress":"","_VenueCity":"","_VenueCountry":"","_VenueProvince":"","_VenueState":"","_VenueZip":"","_VenuePhone":"","_VenueURL":"","_VenueStateProvince":"","_VenueLat":"","_VenueLng":"","_VenueShowMap":false,"_VenueShowMapLink":false,"_tribe_blocks_recurrence_rules":"","_tribe_blocks_recurrence_description":"","_tribe_blocks_recurrence_exclusions":"","_ecp_custom_2":"","_tribe_events_status":"","_tribe_events_status_reason":"","_tribe_events_is_hybrid":"","_tribe_events_is_virtual":"","_tribe_events_virtual_video_source":"","_tribe_events_virtual_embed_video":"","_tribe_events_virtual_linked_button_text":"","_tribe_events_virtual_linked_button":"","_tribe_events_virtual_show_embed_at":"","_tribe_events_virtual_show_embed_to":[],"_tribe_events_virtual_show_on_event":"","_tribe_events_virtual_show_on_views":"","_tribe_events_virtual_url":"","footnotes":""},"tags":[12096,12094,9888,1363,12048,2865,9147,9146,12046,12095,12044,8970,12049,1371,9889,10809,9335,12045,12047,1355,12050,1354,12043,12042,9194,9863],"tribe_events_cat":[8963],"class_list":["post-23550","tribe_events","type-tribe_events","status-publish","has-post-thumbnail","hentry","tag-1884-estudios","tag-baloncesto","tag-buenatarde","tag-cafe-la-palma","tag-cala-vento","tag-conciertos-cafe-la-palma","tag-conciertos-madrid","tag-conciertos-malasana","tag-el-boquete","tag-emo-hardcore","tag-gome","tag-indie","tag-jerez","tag-madrid","tag-mane-lopez","tag-mont-ventoux","tag-paco-loco","tag-pedregalejo","tag-perpignan","tag-pop","tag-purple-moon","tag-rock","tag-selu","tag-skate","tag-vibra-mahou","tag-yawners","tribe_events_cat-concierto","cat_concierto"],"uagb_featured_image_src":{"full":["https:\/\/cafelapalma.com\/wp-content\/uploads\/2022\/08\/scan-4-2NADIE-PATIN_LOW.jpg",416,628,false],"thumbnail":["https:\/\/cafelapalma.com\/wp-content\/uploads\/2022\/08\/scan-4-2NADIE-PATIN_LOW-150x150.jpg",150,150,true],"medium":["https:\/\/cafelapalma.com\/wp-content\/uploads\/2022\/08\/scan-4-2NADIE-PATIN_LOW-199x300.jpg",199,300,true],"medium_large":["https:\/\/cafelapalma.com\/wp-content\/uploads\/2022\/08\/scan-4-2NADIE-PATIN_LOW.jpg",416,628,false],"large":["https:\/\/cafelapalma.com\/wp-content\/uploads\/2022\/08\/scan-4-2NADIE-PATIN_LOW.jpg",416,628,false],"1536x1536":["https:\/\/cafelapalma.com\/wp-content\/uploads\/2022\/08\/scan-4-2NADIE-PATIN_LOW.jpg",416,628,false],"2048x2048":["https:\/\/cafelapalma.com\/wp-content\/uploads\/2022\/08\/scan-4-2NADIE-PATIN_LOW.jpg",416,628,false],"trp-custom-language-flag":["https:\/\/cafelapalma.com\/wp-content\/uploads\/2022\/08\/scan-4-2NADIE-PATIN_LOW.jpg",8,12,false],"blossom-feminine-slider":["https:\/\/cafelapalma.com\/wp-content\/uploads\/2022\/08\/scan-4-2NADIE-PATIN_LOW.jpg",416,628,false],"blossom-feminine-featured":["https:\/\/cafelapalma.com\/wp-content\/uploads\/2022\/08\/scan-4-2NADIE-PATIN_LOW-416x600.jpg",416,600,true],"blossom-feminine-with-sidebar":["https:\/\/cafelapalma.com\/wp-content\/uploads\/2022\/08\/scan-4-2NADIE-PATIN_LOW-416x600.jpg",416,600,true],"blossom-feminine-blog":["https:\/\/cafelapalma.com\/wp-content\/uploads\/2022\/08\/scan-4-2NADIE-PATIN_LOW-416x435.jpg",416,435,true],"blossom-feminine-cat":["https:\/\/cafelapalma.com\/wp-content\/uploads\/2022\/08\/scan-4-2NADIE-PATIN_LOW-416x300.jpg",416,300,true],"blossom-feminine-related":["https:\/\/cafelapalma.com\/wp-content\/uploads\/2022\/08\/scan-4-2NADIE-PATIN_LOW-320x200.jpg",320,200,true],"blossom-feminine-schema":["https:\/\/cafelapalma.com\/wp-content\/uploads\/2022\/08\/scan-4-2NADIE-PATIN_LOW-40x60.jpg",40,60,true]},"uagb_author_info":{"display_name":"Victor","author_link":"https:\/\/cafelapalma.com\/en\/author\/comunicacion\/"},"uagb_comment_info":0,"uagb_excerpt":"Unidos por el skate, Selu y Gome comienzan a hacer canciones en 2019 y llaman a Paco Loco para grabarlas. El resultado: cortes inmediatos y letras directas al ment\u00f3n, pop de guitarras distorsionadas, envueltas en melod\u00edas con lenguaje claro y directo, un cuidado exquisito por los estribillos y una visi\u00f3n muy particular de las relaciones.&hellip;","_links":{"self":[{"href":"https:\/\/cafelapalma.com\/en\/wp-json\/wp\/v2\/tribe_events\/23550","targetHints":{"allow":["GET"]}}],"collection":[{"href":"https:\/\/cafelapalma.com\/en\/wp-json\/wp\/v2\/tribe_events"}],"about":[{"href":"https:\/\/cafelapalma.com\/en\/wp-json\/wp\/v2\/types\/tribe_events"}],"author":[{"embeddable":true,"href":"https:\/\/cafelapalma.com\/en\/wp-json\/wp\/v2\/users\/2"}],"version-history":[{"count":0,"href":"https:\/\/cafelapalma.com\/en\/wp-json\/wp\/v2\/tribe_events\/23550\/revisions"}],"wp:featuredmedia":[{"embeddable":true,"href":"https:\/\/cafelapalma.com\/en\/wp-json\/wp\/v2\/media\/23552"}],"wp:attachment":[{"href":"https:\/\/cafelapalma.com\/en\/wp-json\/wp\/v2\/media?parent=23550"}],"wp:term":[{"taxonomy":"post_tag","embeddable":true,"href":"https:\/\/cafelapalma.com\/en\/wp-json\/wp\/v2\/tags?post=23550"},{"taxonomy":"tribe_events_cat","embeddable":true,"href":"https:\/\/cafelapalma.com\/en\/wp-json\/wp\/v2\/tribe_events_cat?post=23550"}],"curies":[{"name":"wp","href":"https:\/\/api.w.org\/{rel}","templated":true}]}}