{"id":24443,"date":"2022-08-29T13:41:20","date_gmt":"2022-08-29T11:41:20","guid":{"rendered":"https:\/\/cafelapalma.com\/?post_type=tribe_events&#038;p=24443"},"modified":"2022-08-29T13:41:26","modified_gmt":"2022-08-29T11:41:26","slug":"mazo-presenta-rosin-de-palo","status":"publish","type":"tribe_events","link":"https:\/\/cafelapalma.com\/en\/programacion\/mazo-presenta-rosin-de-palo\/","title":{"rendered":"MAZO presenta ROSIN DE PALO"},"content":{"rendered":"<div  class=\"tribe-events-schedule tribe-clearfix\" >\n\t<p class=\"tribe-events-schedule__datetime\">\n\t\t<span class=\"tribe-events-schedule__date tribe-events-schedule__date--start\">\n\t\t\t15  September  2022\t\t<\/span>\n\n\t\t\t\t\t<span class=\"tribe-events-schedule__separator tribe-events-schedule__separator--date\">\n\t\t\t\t@\t\t\t<\/span>\n\t\t\t<span class=\"tribe-events-schedule__time tribe-events-schedule__time--start\">\n\t\t\t\t22:00\t\t\t<\/span>\n\t\t\n\t\t\t\t\t\t\t\t\t<span class=\"tribe-events-schedule__separator tribe-events-schedule__separator--time\">\n\t\t\t\t\t&#8211;\t\t\t\t<\/span>\n\t\t\t\n\t\t\t\t\t\t\t<span class=\"tribe-events-schedule__time tribe-events-schedule__time--end\">\n\t\t\t\t\t23:45\t\t\t\t<\/span>\n\t\t\t\n\t\t\t\t\t\t<\/p>\n<\/div>\n\n\n<div  class=\"tribe-block tribe-block__event-price\" >\n\t\t\t<span class=\"tribe-block__event-price__cost\"> 12\u20ac <\/span>\n\t\t\t\t<span class=\"tribe-block__event-price__description\">+ gg Anticipada | 15\u20ac Taquilla<\/span>\n\t<\/div>\n\n\n\n<div style=\"height:100px\" aria-hidden=\"true\" class=\"wp-block-spacer\"><\/div>\n\n\n\n<div class=\"wp-block-columns is-layout-flex wp-container-core-columns-is-layout-8f761849 wp-block-columns-is-layout-flex\">\n<div class=\"wp-block-column is-layout-flow wp-block-column-is-layout-flow\" style=\"flex-basis:33.33%\">\n<figure class=\"wp-block-image size-full\"><img loading=\"lazy\" decoding=\"async\" width=\"297\" height=\"420\" src=\"https:\/\/cafelapalma.com\/wp-content\/uploads\/2022\/08\/ROSIN-DE-PALO-A3-4-COPY.jpg\" alt=\"\" class=\"wp-image-24444\" srcset=\"https:\/\/cafelapalma.com\/wp-content\/uploads\/2022\/08\/ROSIN-DE-PALO-A3-4-COPY.jpg 297w, https:\/\/cafelapalma.com\/wp-content\/uploads\/2022\/08\/ROSIN-DE-PALO-A3-4-COPY-212x300.jpg 212w, https:\/\/cafelapalma.com\/wp-content\/uploads\/2022\/08\/ROSIN-DE-PALO-A3-4-COPY-42x60.jpg 42w\" sizes=\"auto, (max-width: 297px) 100vw, 297px\" \/><\/figure>\n\n\n<div  class=\"tribe-block tribe-block__event-website\" >\n\t<a\n\t\thref=\"https:\/\/dice.fm\/event\/wo2pg-rosin-de-palo-15th-sep-caf-la-palma-madrid-tickets\"\n\t\ttarget=\"_self\"\n\t\t\t>\n\t\tBUY TICKETS\t<\/a>\n<\/div>\n<\/div>\n\n\n\n<div class=\"wp-block-column is-layout-flow wp-block-column-is-layout-flow\" style=\"flex-basis:66.66%\">\n<p class=\"has-text-align-left wp-block-paragraph\"><strong>ROSIN DE PALO <\/strong>(<em>experimental power duo<\/em>) es el proceso de b\u00fasqueda del ni\u00f1o interior de un <strong>Samuel <\/strong>y un <strong>Mario <\/strong>sin prejuicios ni frontera musical. Un contrabajo y un set de percusi\u00f3n que caminan juntos a base de grandes <em>pizzicatos <\/em>y ritmos impacientes, formado por dos estudiantes del <strong>Conservatorio Superior de M\u00fasica de Arag\u00f3n<\/strong>. Un conglomerado de ideas y ganas de experimentar apoyados detr\u00e1s de bambalinas por <strong>Cosme Pelotillo<\/strong> (direcci\u00f3n de arte\/colaborador) y <strong>Ruco Tapes<\/strong> (producci\u00f3n y sonido).<\/p>\n\n\n\n<p class=\"has-text-align-left wp-block-paragraph\">Tras haber formado parte de varias bandas (<strong>Begut the Band<\/strong>, <strong>Tovch\u00e9<\/strong>) adem\u00e1s de orquestas cl\u00e1sicas (<strong>Euskal Herriko Gazte Orkestra<\/strong>, <strong>Joven Orquesta de Valencia<\/strong>, <strong>Orquesta Sinf\u00f3nica de Zaragoza<\/strong>), <strong>Samuel <\/strong>y <strong>Mario <\/strong>forman <strong>ROSIN DE PALO<\/strong>, juntando lo mejor y lo peor de cada uno para crear su propio discurso musical, que toma la m\u00fasica cl\u00e1sica como punto de partida y la fusiona con nuevas sonoridades, en la l\u00ednea de lo que llevar\u00edan <strong>Mahler <\/strong>y<br><strong>Cecilio G<\/strong> a todo trapo en el loro si fuesen dos <em>centennials <\/em>saliendo juntos de fiesta. As\u00ed lo atestigua su ecl\u00e9ctica lista de colaboradores y asociados: quien afine la vista en un bolo de <strong>Mediapunta <\/strong>ver\u00e1 a <strong>Mario <\/strong>a las baquetas, pero en <strong>ROSIN DE PALO<\/strong> tienen cabida desde el soul de <strong>Karina Soro<\/strong> hasta jotas con <strong>Fresquito y Mango<\/strong>.<\/p>\n\n\n\n<p class=\"has-text-align-left wp-block-paragraph\"><strong>ROSIN DE PALO<\/strong> abraza la idea de que las representaciones pueden mentir, aplic\u00e1ndoselo a su est\u00e9tica e imagen audiovisual y presentando una propuesta esc\u00e9nica cargada de explosividad y energ\u00eda con un innegociable esp\u00edritu perform\u00e1tico. Ganadores del concurso <strong>Ambar Z Music<\/strong>, han girado incansablemente, tocando en varias de las principales ciudades de la pen\u00ednsula y compartiendo escenario con artistas como <strong>Novedades Carminha<\/strong> o <strong>Bejo<\/strong>. <strong><em>\u00abLo que dura un recreo\u00bb<\/em><\/strong> es su primer largo, producido por <strong>Sergio Lacasia<\/strong>.<\/p>\n<\/div>\n<\/div>\n\n\n\n<div style=\"height:100px\" aria-hidden=\"true\" class=\"wp-block-spacer\"><\/div>\n\n\n\n<hr class=\"wp-block-separator has-alpha-channel-opacity is-style-wide\"\/>\n\n\n\n<div style=\"height:100px\" aria-hidden=\"true\" class=\"wp-block-spacer\"><\/div>\n\n\n<h2 class=\"tribe-block__related-events__title\">Related Events<\/h2>\n\n<ul  class=\"tribe-related-events tribe-clearfix\" >\n\t\t\t<li>\n\t\n<div class=\"tribe-related-events-thumbnail\">\n\t<a href=\"https:\/\/cafelapalma.com\/en\/programacion\/funkin-donuts\/\" class=\"url\" rel=\"bookmark\" tabindex=\"-1\" aria-hidden=\"true\"><img loading=\"lazy\" decoding=\"async\" width=\"693\" height=\"1040\" src=\"https:\/\/cafelapalma.com\/wp-content\/uploads\/2026\/07\/FD-vert2-bn-693x1040.jpg\" class=\"attachment-large size-large wp-post-image\" alt=\"\" \/><\/a>\n<\/div>\n\t<div class=\"tribe-related-event-info\">\n\t<h3 class=\"tribe-related-events-title\">\n\t\t<a href=\"https:\/\/cafelapalma.com\/en\/programacion\/funkin-donuts\/\" class=\"tribe-event-url\" rel=\"bookmark\">\n\t\t\tFUNKIN&#8217; DONUTS\t\t<\/a>\n\t<\/h3>\n\t<span class=\"tribe-event-date-start\">5  September@22:00<\/span><span class=\"tribe-event-time\">23:45<\/span><\/div>\n<\/li>\n\t\t\t<li>\n\t\n<div class=\"tribe-related-events-thumbnail\">\n\t<a href=\"https:\/\/cafelapalma.com\/en\/programacion\/backstage-le-petit-truffle-mayo\/\" class=\"url\" rel=\"bookmark\" tabindex=\"-1\" aria-hidden=\"true\"><img loading=\"lazy\" decoding=\"async\" width=\"780\" height=\"1040\" src=\"https:\/\/cafelapalma.com\/wp-content\/uploads\/2026\/07\/Imagen-TruffleMayo-LePetit-i-1-780x1040.png\" class=\"attachment-large size-large wp-post-image\" alt=\"\" \/><\/a>\n<\/div>\n\t<div class=\"tribe-related-event-info\">\n\t<h3 class=\"tribe-related-events-title\">\n\t\t<a href=\"https:\/\/cafelapalma.com\/en\/programacion\/backstage-le-petit-truffle-mayo\/\" class=\"tribe-event-url\" rel=\"bookmark\">\n\t\t\tBACKSTAGE: LE PETIT + TRUFFLE MAYO\t\t<\/a>\n\t<\/h3>\n\t<span class=\"tribe-event-date-start\">5  September@23:55<\/span><\/div>\n<\/li>\n\t\t\t<li>\n\t\n<div class=\"tribe-related-events-thumbnail\">\n\t<a href=\"https:\/\/cafelapalma.com\/en\/programacion\/willie-deville-concierto-benefico-x-venezuela\/\" class=\"url\" rel=\"bookmark\" tabindex=\"-1\" aria-hidden=\"true\"><img loading=\"lazy\" decoding=\"async\" width=\"1020\" height=\"531\" src=\"https:\/\/cafelapalma.com\/wp-content\/uploads\/2026\/08\/Willie-deville-1100x572-1-1040x541.jpg\" class=\"attachment-large size-large wp-post-image\" alt=\"\" \/><\/a>\n<\/div>\n\t<div class=\"tribe-related-event-info\">\n\t<h3 class=\"tribe-related-events-title\">\n\t\t<a href=\"https:\/\/cafelapalma.com\/en\/programacion\/willie-deville-concierto-benefico-x-venezuela\/\" class=\"tribe-event-url\" rel=\"bookmark\">\n\t\t\tWILLIE DEVILLE: CONCIERTO BEN\u00c9FICO X VENEZUELA\t\t<\/a>\n\t<\/h3>\n\t<span class=\"tribe-event-date-start\">6  September@21:00<\/span><span class=\"tribe-event-time\">23:45<\/span><\/div>\n<\/li>\n\t<\/ul>","protected":false},"excerpt":{"rendered":"<p>ROSIN DE PALO (experimental power duo) es el proceso de b\u00fasqueda del ni\u00f1o interior de un Samuel y un Mario sin prejuicios ni frontera musical. Un contrabajo y un set de percusi\u00f3n que caminan juntos a base de grandes pizzicatos y ritmos impacientes, formado por dos estudiantes del Conservatorio Superior de M\u00fasica de Arag\u00f3n. Un &hellip; <\/p>","protected":false},"author":2,"featured_media":20126,"template":"","meta":{"_tec_requires_first_save":false,"_uag_custom_page_level_css":"","loftloader_page_shortcode":"","_EventAllDay":false,"_EventTimezone":"Europe\/Madrid","_EventStartDate":"2022-09-15 22:00:00","_EventEndDate":"2022-09-15 23:45:00","_EventStartDateUTC":"2022-09-15 20:00:00","_EventEndDateUTC":"2022-09-15 21:45:00","_EventShowMap":false,"_EventShowMapLink":false,"_EventURL":"https:\/\/dice.fm\/event\/wo2pg-rosin-de-palo-15th-sep-caf-la-palma-madrid-tickets","_EventCost":"12","_EventCostDescription":"","_EventCurrencySymbol":"\u20ac","_EventCurrencyCode":"","_EventCurrencyPosition":"suffix","_EventDateTimeSeparator":"@","_EventTimeRangeSeparator":"-","_EventOrganizerID":[],"_EventVenueID":[0],"_OrganizerEmail":"","_OrganizerPhone":"","_OrganizerWebsite":"","_VenueAddress":"","_VenueCity":"","_VenueCountry":"","_VenueProvince":"","_VenueState":"","_VenueZip":"","_VenuePhone":"","_VenueURL":"","_VenueStateProvince":"","_VenueLat":"","_VenueLng":"","_VenueShowMap":false,"_VenueShowMapLink":false,"_tribe_blocks_recurrence_rules":"","_tribe_blocks_recurrence_description":"","_tribe_blocks_recurrence_exclusions":"","_ecp_custom_2":"","_tribe_events_status":"","_tribe_events_status_reason":"","_tribe_events_is_hybrid":"","_tribe_events_is_virtual":"","_tribe_events_virtual_video_source":"","_tribe_events_virtual_embed_video":"","_tribe_events_virtual_linked_button_text":"","_tribe_events_virtual_linked_button":"","_tribe_events_virtual_show_embed_at":"","_tribe_events_virtual_show_embed_to":[],"_tribe_events_virtual_show_on_event":"","_tribe_events_virtual_show_on_views":"","_tribe_events_virtual_url":"","footnotes":""},"tags":[11706,12069,12061,1363,2865,9147,9146,12059,12060,10139,12063,9178,12068,11172,12065,12067,12070,9884,12056,12057,12066,12064,9175,9184,12058,12071,9300],"tribe_events_cat":[8963],"class_list":["post-24443","tribe_events","type-tribe_events","status-publish","has-post-thumbnail","hentry","tag-all-nighters","tag-ambar-z-music","tag-begut-the-band","tag-cafe-la-palma","tag-conciertos-cafe-la-palma","tag-conciertos-madrid","tag-conciertos-malasana","tag-conservatorio-superior-de-musica-de-aragon","tag-cosme-pelotillo","tag-dani-aciron","tag-euskal-herriko-gazte-orkestra","tag-experimental-power-duo","tag-fresquito-y-mango","tag-javi-ferrara","tag-joven-orquesta-de-valencia","tag-karina-soro","tag-lo-que-dura-un-recreo","tag-mario","tag-mazo","tag-mazo-madrid","tag-mediapunta","tag-orquesta-sinfonica-de-zaragoza","tag-rosin-de-palo","tag-ruco-tapes","tag-samuel","tag-sergio-lacasia","tag-sound-isidro","tribe_events_cat-concierto","cat_concierto"],"uagb_featured_image_src":{"full":["https:\/\/cafelapalma.com\/wp-content\/uploads\/2021\/06\/2-scaled.jpg",3000,2000,false],"thumbnail":["https:\/\/cafelapalma.com\/wp-content\/uploads\/2021\/06\/2-150x150.jpg",150,150,true],"medium":["https:\/\/cafelapalma.com\/wp-content\/uploads\/2021\/06\/2-300x200.jpg",300,200,true],"medium_large":["https:\/\/cafelapalma.com\/wp-content\/uploads\/2021\/06\/2-768x512.jpg",768,512,true],"large":["https:\/\/cafelapalma.com\/wp-content\/uploads\/2021\/06\/2-1024x683.jpg",1020,680,true],"1536x1536":["https:\/\/cafelapalma.com\/wp-content\/uploads\/2021\/06\/2-1536x1024.jpg",1536,1024,true],"2048x2048":["https:\/\/cafelapalma.com\/wp-content\/uploads\/2021\/06\/2-2048x1365.jpg",2048,1365,true],"trp-custom-language-flag":["https:\/\/cafelapalma.com\/wp-content\/uploads\/2021\/06\/2-scaled.jpg",18,12,false],"blossom-feminine-slider":["https:\/\/cafelapalma.com\/wp-content\/uploads\/2021\/06\/2-1920x649.jpg",1920,649,true],"blossom-feminine-featured":["https:\/\/cafelapalma.com\/wp-content\/uploads\/2021\/06\/2-1410x600.jpg",1410,600,true],"blossom-feminine-with-sidebar":["https:\/\/cafelapalma.com\/wp-content\/uploads\/2021\/06\/2-1020x600.jpg",1020,600,true],"blossom-feminine-blog":["https:\/\/cafelapalma.com\/wp-content\/uploads\/2021\/06\/2-435x435.jpg",435,435,true],"blossom-feminine-cat":["https:\/\/cafelapalma.com\/wp-content\/uploads\/2021\/06\/2-450x300.jpg",450,300,true],"blossom-feminine-related":["https:\/\/cafelapalma.com\/wp-content\/uploads\/2021\/06\/2-320x200.jpg",320,200,true],"blossom-feminine-schema":["https:\/\/cafelapalma.com\/wp-content\/uploads\/2021\/06\/2-90x60.jpg",90,60,true]},"uagb_author_info":{"display_name":"Victor","author_link":"https:\/\/cafelapalma.com\/en\/author\/comunicacion\/"},"uagb_comment_info":0,"uagb_excerpt":"ROSIN DE PALO (experimental power duo) es el proceso de b\u00fasqueda del ni\u00f1o interior de un Samuel y un Mario sin prejuicios ni frontera musical. Un contrabajo y un set de percusi\u00f3n que caminan juntos a base de grandes pizzicatos y ritmos impacientes, formado por dos estudiantes del Conservatorio Superior de M\u00fasica de Arag\u00f3n. Un&hellip;","_links":{"self":[{"href":"https:\/\/cafelapalma.com\/en\/wp-json\/wp\/v2\/tribe_events\/24443","targetHints":{"allow":["GET"]}}],"collection":[{"href":"https:\/\/cafelapalma.com\/en\/wp-json\/wp\/v2\/tribe_events"}],"about":[{"href":"https:\/\/cafelapalma.com\/en\/wp-json\/wp\/v2\/types\/tribe_events"}],"author":[{"embeddable":true,"href":"https:\/\/cafelapalma.com\/en\/wp-json\/wp\/v2\/users\/2"}],"version-history":[{"count":0,"href":"https:\/\/cafelapalma.com\/en\/wp-json\/wp\/v2\/tribe_events\/24443\/revisions"}],"wp:featuredmedia":[{"embeddable":true,"href":"https:\/\/cafelapalma.com\/en\/wp-json\/wp\/v2\/media\/20126"}],"wp:attachment":[{"href":"https:\/\/cafelapalma.com\/en\/wp-json\/wp\/v2\/media?parent=24443"}],"wp:term":[{"taxonomy":"post_tag","embeddable":true,"href":"https:\/\/cafelapalma.com\/en\/wp-json\/wp\/v2\/tags?post=24443"},{"taxonomy":"tribe_events_cat","embeddable":true,"href":"https:\/\/cafelapalma.com\/en\/wp-json\/wp\/v2\/tribe_events_cat?post=24443"}],"curies":[{"name":"wp","href":"https:\/\/api.w.org\/{rel}","templated":true}]}}