{"id":24557,"date":"2022-09-05T12:10:40","date_gmt":"2022-09-05T10:10:40","guid":{"rendered":"https:\/\/cafelapalma.com\/?post_type=tribe_events&#038;p=24557"},"modified":"2022-09-05T12:11:10","modified_gmt":"2022-09-05T10:11:10","slug":"fiebre-meets-malasana","status":"publish","type":"tribe_events","link":"https:\/\/cafelapalma.com\/en\/programacion\/fiebre-meets-malasana\/","title":{"rendered":"FIEBRE MEETS MALASA\u00d1A"},"content":{"rendered":"<div  class=\"tribe-events-schedule tribe-clearfix\" >\n\t<p class=\"tribe-events-schedule__datetime\">\n\t\t<span class=\"tribe-events-schedule__date tribe-events-schedule__date--start\">\n\t\t\t05  September  2022\t\t<\/span>\n\n\t\t\t\t\t<span class=\"tribe-events-schedule__separator tribe-events-schedule__separator--date\">\n\t\t\t\t@\t\t\t<\/span>\n\t\t\t<span class=\"tribe-events-schedule__time tribe-events-schedule__time--start\">\n\t\t\t\t12:00\t\t\t<\/span>\n\t\t\n\t\t\t\t\t\t\t\t\t<span class=\"tribe-events-schedule__separator tribe-events-schedule__separator--time\">\n\t\t\t\t\t&#8211;\t\t\t\t<\/span>\n\t\t\t\n\t\t\t\t\t\t\t<span class=\"tribe-events-schedule__date tribe-events-schedule__date--end\">\n\t\t\t\t\t01  October  2022\t\t\t\t<\/span>\n\n\t\t\t\t\t\t\t\t\t<span class=\"tribe-events-schedule__separator tribe-events-schedule__separator--date\">\n\t\t\t\t\t\t@\t\t\t\t\t<\/span>\n\t\t\t\t\t<span class=\"tribe-events-schedule__time tribe-events-schedule__time--end\">\n\t\t\t\t\t\t23:55\t\t\t\t\t<\/span>\n\t\t\t\t\n\t\t\t\n\t\t\t\t\t\t<\/p>\n<\/div>\n\n\n<div  class=\"tribe-block tribe-block__event-price\" >\n\t\t\t<span class=\"tribe-block__event-price__cost\"> ENTRADA LIBRE <\/span>\n\t\t<\/div>\n\n\n\n<div style=\"height:100px\" aria-hidden=\"true\" class=\"wp-block-spacer\"><\/div>\n\n\n\n<div class=\"wp-block-columns is-layout-flex wp-container-core-columns-is-layout-8f761849 wp-block-columns-is-layout-flex\">\n<div class=\"wp-block-column is-layout-flow wp-block-column-is-layout-flow\" style=\"flex-basis:33.33%\">\n<figure class=\"wp-block-image size-large\"><img loading=\"lazy\" decoding=\"async\" width=\"1040\" height=\"1040\" src=\"https:\/\/cafelapalma.com\/wp-content\/uploads\/2022\/09\/LIKEAMARMOTA-A3-1040x1040.jpg\" alt=\"\" class=\"wp-image-24559\" srcset=\"https:\/\/cafelapalma.com\/wp-content\/uploads\/2022\/09\/LIKEAMARMOTA-A3-1040x1040.jpg 1040w, https:\/\/cafelapalma.com\/wp-content\/uploads\/2022\/09\/LIKEAMARMOTA-A3-300x300.jpg 300w, https:\/\/cafelapalma.com\/wp-content\/uploads\/2022\/09\/LIKEAMARMOTA-A3-150x150.jpg 150w, https:\/\/cafelapalma.com\/wp-content\/uploads\/2022\/09\/LIKEAMARMOTA-A3-768x768.jpg 768w, https:\/\/cafelapalma.com\/wp-content\/uploads\/2022\/09\/LIKEAMARMOTA-A3-1536x1536.jpg 1536w, https:\/\/cafelapalma.com\/wp-content\/uploads\/2022\/09\/LIKEAMARMOTA-A3-435x435.jpg 435w, https:\/\/cafelapalma.com\/wp-content\/uploads\/2022\/09\/LIKEAMARMOTA-A3-60x60.jpg 60w, https:\/\/cafelapalma.com\/wp-content\/uploads\/2022\/09\/LIKEAMARMOTA-A3.jpg 1600w\" sizes=\"auto, (max-width: 1040px) 100vw, 1040px\" \/><\/figure>\n<\/div>\n\n\n\n<div class=\"wp-block-column is-layout-flow wp-block-column-is-layout-flow\" style=\"flex-basis:66.66%\">\n<p class=\"has-text-align-left wp-block-paragraph\">Nadie sonr\u00ede cinco segundos despu\u00e9s del flash. Somos fotos, momentos brillantes, y luego ansiedad. <strong>FIEBRE <\/strong>es la soluci\u00f3n. Sea fiebre. Brille todo el d\u00eda. Mantenga el \u00e9xtasis m\u00e1s all\u00e1. Mantenga su fe m\u00e1s all\u00e1. No se trata de un mundo de <strong>Instagram<\/strong>, de un stories continuo. No se trata de nihilismo y code\u00edna. No es un efecto sedante. Aqu\u00ed se vive. Aqu\u00ed se sufre. Esto es fiebre.<\/p>\n\n\n\n<p class=\"has-text-align-left wp-block-paragraph\"><br><strong>Alexandre Casal Mayobre<\/strong> es la persona escondida tras <strong>LikeaMarmota<\/strong>; un alter ego que se reconoce como medio para alcanzar ese estado febril de trazos fuertes, fren\u00e9ticos y decididos. Un poco <strong>Basquiat<\/strong>, un poco <strong>Bacon<\/strong>, un poco <strong>Lynch <\/strong>y, sin embargo; un lenguaje propio que encuentra inspiraci\u00f3n en la realidad -propia y digital-, para crear un metaverso \u00fanico.<\/p>\n\n\n\n<p class=\"has-text-align-left wp-block-paragraph\">Completamente autodidacta, este artista multimedia a camino entre <strong>Le\u00f3n<\/strong>, <strong>Ferrol <\/strong>y <strong>Madrid<\/strong>, inici\u00f3 su andadura en el mundo del arte el pasado mes de febrero en la <strong>Galer\u00eda Cinabrio<\/strong> de <strong>Le\u00f3n <\/strong>y es hoy, tras un total de cinco exposiciones desde entonces, cuando cruza las puertas de <strong>CAFE LA PALMA<\/strong> una vez m\u00e1s. No como p\u00fablico, ni para cubrir la cr\u00f3nica de un concierto, sino para consumar el encuentro entre un universo personal en expansi\u00f3n y cambio constante, que bien tuvo mucho que ver con las paredes de <strong>CAFE LA PALMA<\/strong> y las aceras de <strong>Malasa\u00f1a <\/strong>al caer el sol.<\/p>\n<\/div>\n<\/div>\n\n\n\n<div style=\"height:100px\" aria-hidden=\"true\" class=\"wp-block-spacer\"><\/div>\n\n\n\n<hr class=\"wp-block-separator has-alpha-channel-opacity is-style-wide\"\/>\n\n\n\n<div style=\"height:100px\" aria-hidden=\"true\" class=\"wp-block-spacer\"><\/div>\n\n\n<h2 class=\"tribe-block__related-events__title\">Related Events<\/h2>\n\n<ul  class=\"tribe-related-events tribe-clearfix\" >\n\t\t\t<li>\n\t\n<div class=\"tribe-related-events-thumbnail\">\n\t<a href=\"https:\/\/cafelapalma.com\/en\/programacion\/funkin-donuts\/\" class=\"url\" rel=\"bookmark\" tabindex=\"-1\" aria-hidden=\"true\"><img loading=\"lazy\" decoding=\"async\" width=\"693\" height=\"1040\" src=\"https:\/\/cafelapalma.com\/wp-content\/uploads\/2026\/07\/FD-vert2-bn-693x1040.jpg\" class=\"attachment-large size-large wp-post-image\" alt=\"\" \/><\/a>\n<\/div>\n\t<div class=\"tribe-related-event-info\">\n\t<h3 class=\"tribe-related-events-title\">\n\t\t<a href=\"https:\/\/cafelapalma.com\/en\/programacion\/funkin-donuts\/\" class=\"tribe-event-url\" rel=\"bookmark\">\n\t\t\tFUNKIN&#8217; DONUTS\t\t<\/a>\n\t<\/h3>\n\t<span class=\"tribe-event-date-start\">5  September@22:00<\/span><span class=\"tribe-event-time\">23:45<\/span><\/div>\n<\/li>\n\t\t\t<li>\n\t\n<div class=\"tribe-related-events-thumbnail\">\n\t<a href=\"https:\/\/cafelapalma.com\/en\/programacion\/backstage-le-petit-truffle-mayo\/\" class=\"url\" rel=\"bookmark\" tabindex=\"-1\" aria-hidden=\"true\"><img loading=\"lazy\" decoding=\"async\" width=\"780\" height=\"1040\" src=\"https:\/\/cafelapalma.com\/wp-content\/uploads\/2026\/07\/Imagen-TruffleMayo-LePetit-i-1-780x1040.png\" class=\"attachment-large size-large wp-post-image\" alt=\"\" \/><\/a>\n<\/div>\n\t<div class=\"tribe-related-event-info\">\n\t<h3 class=\"tribe-related-events-title\">\n\t\t<a href=\"https:\/\/cafelapalma.com\/en\/programacion\/backstage-le-petit-truffle-mayo\/\" class=\"tribe-event-url\" rel=\"bookmark\">\n\t\t\tBACKSTAGE: LE PETIT + TRUFFLE MAYO\t\t<\/a>\n\t<\/h3>\n\t<span class=\"tribe-event-date-start\">5  September@23:55<\/span><\/div>\n<\/li>\n\t\t\t<li>\n\t\n<div class=\"tribe-related-events-thumbnail\">\n\t<a href=\"https:\/\/cafelapalma.com\/en\/programacion\/willie-deville-concierto-benefico-x-venezuela\/\" class=\"url\" rel=\"bookmark\" tabindex=\"-1\" aria-hidden=\"true\"><img loading=\"lazy\" decoding=\"async\" width=\"1020\" height=\"531\" src=\"https:\/\/cafelapalma.com\/wp-content\/uploads\/2026\/08\/Willie-deville-1100x572-1-1040x541.jpg\" class=\"attachment-large size-large wp-post-image\" alt=\"\" \/><\/a>\n<\/div>\n\t<div class=\"tribe-related-event-info\">\n\t<h3 class=\"tribe-related-events-title\">\n\t\t<a href=\"https:\/\/cafelapalma.com\/en\/programacion\/willie-deville-concierto-benefico-x-venezuela\/\" class=\"tribe-event-url\" rel=\"bookmark\">\n\t\t\tWILLIE DEVILLE: CONCIERTO BEN\u00c9FICO X VENEZUELA\t\t<\/a>\n\t<\/h3>\n\t<span class=\"tribe-event-date-start\">6  September@21:00<\/span><span class=\"tribe-event-time\">23:45<\/span><\/div>\n<\/li>\n\t<\/ul>","protected":false},"excerpt":{"rendered":"<p>Nadie sonr\u00ede cinco segundos despu\u00e9s del flash. Somos fotos, momentos brillantes, y luego ansiedad. FIEBRE es la soluci\u00f3n. Sea fiebre. Brille todo el d\u00eda. Mantenga el \u00e9xtasis m\u00e1s all\u00e1. Mantenga su fe m\u00e1s all\u00e1. No se trata de un mundo de Instagram, de un stories continuo. No se trata de nihilismo y code\u00edna. No es &hellip; <\/p>","protected":false},"author":2,"featured_media":24558,"template":"","meta":{"_tec_requires_first_save":false,"_uag_custom_page_level_css":"","loftloader_page_shortcode":"","_EventAllDay":false,"_EventTimezone":"Europe\/Madrid","_EventStartDate":"2022-09-05 12:00:00","_EventEndDate":"2022-10-01 23:55:00","_EventStartDateUTC":"2022-09-05 10:00:00","_EventEndDateUTC":"2022-10-01 21:55:00","_EventShowMap":false,"_EventShowMapLink":false,"_EventURL":"","_EventCost":"ENTRADA LIBRE","_EventCostDescription":"","_EventCurrencySymbol":"\u20ac","_EventCurrencyCode":"","_EventCurrencyPosition":"suffix","_EventDateTimeSeparator":"@","_EventTimeRangeSeparator":"-","_EventOrganizerID":[],"_EventVenueID":[0],"_OrganizerEmail":"","_OrganizerPhone":"","_OrganizerWebsite":"","_VenueAddress":"","_VenueCity":"","_VenueCountry":"","_VenueProvince":"","_VenueState":"","_VenueZip":"","_VenuePhone":"","_VenueURL":"","_VenueStateProvince":"","_VenueLat":"","_VenueLng":"","_VenueShowMap":false,"_VenueShowMapLink":false,"_tribe_blocks_recurrence_rules":"","_tribe_blocks_recurrence_description":"","_tribe_blocks_recurrence_exclusions":"","_ecp_custom_2":"","_tribe_events_status":"","_tribe_events_status_reason":"","_tribe_events_is_hybrid":"","_tribe_events_is_virtual":"","_tribe_events_virtual_video_source":"","_tribe_events_virtual_embed_video":"","_tribe_events_virtual_linked_button_text":"","_tribe_events_virtual_linked_button":"","_tribe_events_virtual_show_embed_at":"","_tribe_events_virtual_show_embed_to":[],"_tribe_events_virtual_show_on_event":"","_tribe_events_virtual_show_on_views":"","_tribe_events_virtual_url":"","footnotes":""},"tags":[12163,12168,12166,12165,1363,8869,10152,11841,11899,11904,12161,12162,12170,12171,12164,12167,524,12169,11837],"tribe_events_cat":[8965],"class_list":["post-24557","tribe_events","type-tribe_events","status-publish","has-post-thumbnail","hentry","tag-alexandre-casal-mayobre","tag-arte-urbano","tag-bacon","tag-basquiat","tag-cafe-la-palma","tag-cafe-la-palma-2","tag-canvas","tag-expo","tag-exposiciones-cafe-la-palma","tag-exposiciones-malasana","tag-fiebre","tag-fiebre-meets-malasana","tag-galeria-cinabrio","tag-leon","tag-likeamarmota","tag-lynch","tag-malasana","tag-painting","tag-pintura","tribe_events_cat-exposicion","cat_exposicion"],"uagb_featured_image_src":{"full":["https:\/\/cafelapalma.com\/wp-content\/uploads\/2022\/09\/FIEBRE-PIC.jpeg",683,960,false],"thumbnail":["https:\/\/cafelapalma.com\/wp-content\/uploads\/2022\/09\/FIEBRE-PIC-150x150.jpeg",150,150,true],"medium":["https:\/\/cafelapalma.com\/wp-content\/uploads\/2022\/09\/FIEBRE-PIC-213x300.jpeg",213,300,true],"medium_large":["https:\/\/cafelapalma.com\/wp-content\/uploads\/2022\/09\/FIEBRE-PIC.jpeg",683,960,false],"large":["https:\/\/cafelapalma.com\/wp-content\/uploads\/2022\/09\/FIEBRE-PIC.jpeg",683,960,false],"1536x1536":["https:\/\/cafelapalma.com\/wp-content\/uploads\/2022\/09\/FIEBRE-PIC.jpeg",683,960,false],"2048x2048":["https:\/\/cafelapalma.com\/wp-content\/uploads\/2022\/09\/FIEBRE-PIC.jpeg",683,960,false],"trp-custom-language-flag":["https:\/\/cafelapalma.com\/wp-content\/uploads\/2022\/09\/FIEBRE-PIC.jpeg",9,12,false],"blossom-feminine-slider":["https:\/\/cafelapalma.com\/wp-content\/uploads\/2022\/09\/FIEBRE-PIC-683x649.jpeg",683,649,true],"blossom-feminine-featured":["https:\/\/cafelapalma.com\/wp-content\/uploads\/2022\/09\/FIEBRE-PIC-683x600.jpeg",683,600,true],"blossom-feminine-with-sidebar":["https:\/\/cafelapalma.com\/wp-content\/uploads\/2022\/09\/FIEBRE-PIC-683x600.jpeg",683,600,true],"blossom-feminine-blog":["https:\/\/cafelapalma.com\/wp-content\/uploads\/2022\/09\/FIEBRE-PIC-435x435.jpeg",435,435,true],"blossom-feminine-cat":["https:\/\/cafelapalma.com\/wp-content\/uploads\/2022\/09\/FIEBRE-PIC-450x300.jpeg",450,300,true],"blossom-feminine-related":["https:\/\/cafelapalma.com\/wp-content\/uploads\/2022\/09\/FIEBRE-PIC-320x200.jpeg",320,200,true],"blossom-feminine-schema":["https:\/\/cafelapalma.com\/wp-content\/uploads\/2022\/09\/FIEBRE-PIC-43x60.jpeg",43,60,true]},"uagb_author_info":{"display_name":"Victor","author_link":"https:\/\/cafelapalma.com\/en\/author\/comunicacion\/"},"uagb_comment_info":0,"uagb_excerpt":"Nadie sonr\u00ede cinco segundos despu\u00e9s del flash. Somos fotos, momentos brillantes, y luego ansiedad. FIEBRE es la soluci\u00f3n. Sea fiebre. Brille todo el d\u00eda. Mantenga el \u00e9xtasis m\u00e1s all\u00e1. Mantenga su fe m\u00e1s all\u00e1. No se trata de un mundo de Instagram, de un stories continuo. No se trata de nihilismo y code\u00edna. No es&hellip;","_links":{"self":[{"href":"https:\/\/cafelapalma.com\/en\/wp-json\/wp\/v2\/tribe_events\/24557","targetHints":{"allow":["GET"]}}],"collection":[{"href":"https:\/\/cafelapalma.com\/en\/wp-json\/wp\/v2\/tribe_events"}],"about":[{"href":"https:\/\/cafelapalma.com\/en\/wp-json\/wp\/v2\/types\/tribe_events"}],"author":[{"embeddable":true,"href":"https:\/\/cafelapalma.com\/en\/wp-json\/wp\/v2\/users\/2"}],"version-history":[{"count":0,"href":"https:\/\/cafelapalma.com\/en\/wp-json\/wp\/v2\/tribe_events\/24557\/revisions"}],"wp:featuredmedia":[{"embeddable":true,"href":"https:\/\/cafelapalma.com\/en\/wp-json\/wp\/v2\/media\/24558"}],"wp:attachment":[{"href":"https:\/\/cafelapalma.com\/en\/wp-json\/wp\/v2\/media?parent=24557"}],"wp:term":[{"taxonomy":"post_tag","embeddable":true,"href":"https:\/\/cafelapalma.com\/en\/wp-json\/wp\/v2\/tags?post=24557"},{"taxonomy":"tribe_events_cat","embeddable":true,"href":"https:\/\/cafelapalma.com\/en\/wp-json\/wp\/v2\/tribe_events_cat?post=24557"}],"curies":[{"name":"wp","href":"https:\/\/api.w.org\/{rel}","templated":true}]}}