{"id":24660,"date":"2022-09-15T17:23:26","date_gmt":"2022-09-15T15:23:26","guid":{"rendered":"https:\/\/cafelapalma.com\/?post_type=tribe_events&#038;p=24660"},"modified":"2022-09-23T12:37:40","modified_gmt":"2022-09-23T10:37:40","slug":"malva-vela","status":"publish","type":"tribe_events","link":"https:\/\/cafelapalma.com\/en\/programacion\/malva-vela\/","title":{"rendered":"MALVA VELA"},"content":{"rendered":"<div  class=\"tribe-events-schedule tribe-clearfix\" >\n\t<p class=\"tribe-events-schedule__datetime\">\n\t\t<span class=\"tribe-events-schedule__date tribe-events-schedule__date--start\">\n\t\t\t14  October  2022\t\t<\/span>\n\n\t\t\t\t\t<span class=\"tribe-events-schedule__separator tribe-events-schedule__separator--date\">\n\t\t\t\t@\t\t\t<\/span>\n\t\t\t<span class=\"tribe-events-schedule__time tribe-events-schedule__time--start\">\n\t\t\t\t22:00\t\t\t<\/span>\n\t\t\n\t\t\t\t\t\t\t\t\t<span class=\"tribe-events-schedule__separator tribe-events-schedule__separator--time\">\n\t\t\t\t\t&#8211;\t\t\t\t<\/span>\n\t\t\t\n\t\t\t\t\t\t\t<span class=\"tribe-events-schedule__time tribe-events-schedule__time--end\">\n\t\t\t\t\t23:45\t\t\t\t<\/span>\n\t\t\t\n\t\t\t\t\t\t<\/p>\n<\/div>\n\n\n<div  class=\"tribe-block tribe-block__event-price\" >\n\t\t\t<span class=\"tribe-block__event-price__cost\"> 10\u20ac <\/span>\n\t\t\t\t<span class=\"tribe-block__event-price__description\">+ gg Anticipada | 12\u20ac Taquilla<\/span>\n\t<\/div>\n\n\n\n<div style=\"height:100px\" aria-hidden=\"true\" class=\"wp-block-spacer\"><\/div>\n\n\n\n<div class=\"wp-block-columns is-layout-flex wp-container-core-columns-is-layout-8f761849 wp-block-columns-is-layout-flex\">\n<div class=\"wp-block-column is-layout-flow wp-block-column-is-layout-flow\" style=\"flex-basis:33.33%\">\n<figure class=\"wp-block-image size-full\"><img loading=\"lazy\" decoding=\"async\" width=\"430\" height=\"608\" src=\"https:\/\/cafelapalma.com\/wp-content\/uploads\/2022\/09\/MALVAVELA-A3-LOW.jpg\" alt=\"\" class=\"wp-image-24724\" srcset=\"https:\/\/cafelapalma.com\/wp-content\/uploads\/2022\/09\/MALVAVELA-A3-LOW.jpg 430w, https:\/\/cafelapalma.com\/wp-content\/uploads\/2022\/09\/MALVAVELA-A3-LOW-212x300.jpg 212w, https:\/\/cafelapalma.com\/wp-content\/uploads\/2022\/09\/MALVAVELA-A3-LOW-42x60.jpg 42w\" sizes=\"auto, (max-width: 430px) 100vw, 430px\" \/><\/figure>\n\n\n<div  class=\"tribe-block tribe-block__event-website\" >\n\t<a\n\t\thref=\"https:\/\/link.dice.fm\/q1876f76bd9c\"\n\t\ttarget=\"_self\"\n\t\t\t>\n\t\tBUY TICKETS\t<\/a>\n<\/div>\n<\/div>\n\n\n\n<div class=\"wp-block-column is-layout-flow wp-block-column-is-layout-flow\" style=\"flex-basis:66.66%\">\n<div style=\"height:100px\" aria-hidden=\"true\" class=\"wp-block-spacer\"><\/div>\n\n\n\n<p class=\"has-text-align-left wp-block-paragraph\"><strong>MALVA VELA <\/strong>es una artista polifac\u00e9tica que compagina el cine y la pintura con su verdadera pasi\u00f3n: cantar y componer canciones. Mezcla sonidos y g\u00e9neros distintos, creando el suyo propio.\u00a0<\/p>\n\n\n\n<p class=\"has-text-align-left wp-block-paragraph\">En este concierto veremos el sorprendente universo musical de <strong>Malva<\/strong>, una experiencia interpretativa, sensorial y con un toque visual. Podr\u00e9is disfrutar de la presentaci\u00f3n de su primer Ep <strong><em>\u00abR\u00daBRICA X\u00bb<\/em><\/strong>, un conjunto de cinco canciones inspiradas en historias de mujeres ic\u00f3nicas: <strong>Malva Marina<\/strong>, hija de <strong>Pablo Neruda<\/strong>; <strong>Ofelia<\/strong>, personaje ficticio de la obra <strong>Hamlet <\/strong>de <strong>Shakespeare<\/strong>; <strong>Helen Keller<\/strong>, escritora y activista sordociega; <strong>Frida Kahlo<\/strong>, pintora y <strong>Chavela Vargas<\/strong>, cantante.<\/p>\n\n\n\n<p class=\"has-text-align-left wp-block-paragraph\">Los m\u00fasicos: <strong>Rubens Allan<\/strong> ,<strong>Roberto Monteiro<\/strong>, <strong>Cani Huertas<\/strong> y un artista invitado.<\/p>\n<\/div>\n<\/div>\n\n\n\n<div style=\"height:100px\" aria-hidden=\"true\" class=\"wp-block-spacer\"><\/div>\n\n\n\n<hr class=\"wp-block-separator has-alpha-channel-opacity is-style-wide\"\/>\n\n\n\n<div style=\"height:100px\" aria-hidden=\"true\" class=\"wp-block-spacer\"><\/div>\n\n\n<h2 class=\"tribe-block__related-events__title\">Related Events<\/h2>\n\n<ul  class=\"tribe-related-events tribe-clearfix\" >\n\t\t\t<li>\n\t\n<div class=\"tribe-related-events-thumbnail\">\n\t<a href=\"https:\/\/cafelapalma.com\/en\/programacion\/funkin-donuts\/\" class=\"url\" rel=\"bookmark\" tabindex=\"-1\" aria-hidden=\"true\"><img loading=\"lazy\" decoding=\"async\" width=\"693\" height=\"1040\" src=\"https:\/\/cafelapalma.com\/wp-content\/uploads\/2026\/07\/FD-vert2-bn-693x1040.jpg\" class=\"attachment-large size-large wp-post-image\" alt=\"\" \/><\/a>\n<\/div>\n\t<div class=\"tribe-related-event-info\">\n\t<h3 class=\"tribe-related-events-title\">\n\t\t<a href=\"https:\/\/cafelapalma.com\/en\/programacion\/funkin-donuts\/\" class=\"tribe-event-url\" rel=\"bookmark\">\n\t\t\tFUNKIN&#8217; DONUTS\t\t<\/a>\n\t<\/h3>\n\t<span class=\"tribe-event-date-start\">5  September@22:00<\/span><span class=\"tribe-event-time\">23:45<\/span><\/div>\n<\/li>\n\t\t\t<li>\n\t\n<div class=\"tribe-related-events-thumbnail\">\n\t<a href=\"https:\/\/cafelapalma.com\/en\/programacion\/backstage-le-petit-truffle-mayo\/\" class=\"url\" rel=\"bookmark\" tabindex=\"-1\" aria-hidden=\"true\"><img loading=\"lazy\" decoding=\"async\" width=\"780\" height=\"1040\" src=\"https:\/\/cafelapalma.com\/wp-content\/uploads\/2026\/07\/Imagen-TruffleMayo-LePetit-i-1-780x1040.png\" class=\"attachment-large size-large wp-post-image\" alt=\"\" \/><\/a>\n<\/div>\n\t<div class=\"tribe-related-event-info\">\n\t<h3 class=\"tribe-related-events-title\">\n\t\t<a href=\"https:\/\/cafelapalma.com\/en\/programacion\/backstage-le-petit-truffle-mayo\/\" class=\"tribe-event-url\" rel=\"bookmark\">\n\t\t\tBACKSTAGE: LE PETIT + TRUFFLE MAYO\t\t<\/a>\n\t<\/h3>\n\t<span class=\"tribe-event-date-start\">5  September@23:55<\/span><\/div>\n<\/li>\n\t\t\t<li>\n\t\n<div class=\"tribe-related-events-thumbnail\">\n\t<a href=\"https:\/\/cafelapalma.com\/en\/programacion\/willie-deville-concierto-benefico-x-venezuela\/\" class=\"url\" rel=\"bookmark\" tabindex=\"-1\" aria-hidden=\"true\"><img loading=\"lazy\" decoding=\"async\" width=\"1020\" height=\"531\" src=\"https:\/\/cafelapalma.com\/wp-content\/uploads\/2026\/08\/Willie-deville-1100x572-1-1040x541.jpg\" class=\"attachment-large size-large wp-post-image\" alt=\"\" \/><\/a>\n<\/div>\n\t<div class=\"tribe-related-event-info\">\n\t<h3 class=\"tribe-related-events-title\">\n\t\t<a href=\"https:\/\/cafelapalma.com\/en\/programacion\/willie-deville-concierto-benefico-x-venezuela\/\" class=\"tribe-event-url\" rel=\"bookmark\">\n\t\t\tWILLIE DEVILLE: CONCIERTO BEN\u00c9FICO X VENEZUELA\t\t<\/a>\n\t<\/h3>\n\t<span class=\"tribe-event-date-start\">6  September@21:00<\/span><span class=\"tribe-event-time\">23:45<\/span><\/div>\n<\/li>\n\t<\/ul>","protected":false},"excerpt":{"rendered":"<p>MALVA VELA es una artista polifac\u00e9tica que compagina el cine y la pintura con su verdadera pasi\u00f3n: cantar y componer canciones. Mezcla sonidos y g\u00e9neros distintos, creando el suyo propio.\u00a0 En este concierto veremos el sorprendente universo musical de Malva, una experiencia interpretativa, sensorial y con un toque visual. Podr\u00e9is disfrutar de la presentaci\u00f3n de &hellip; <\/p>","protected":false},"author":2,"featured_media":24662,"template":"","meta":{"_tec_requires_first_save":false,"_uag_custom_page_level_css":"","loftloader_page_shortcode":"","_EventAllDay":false,"_EventTimezone":"Europe\/Madrid","_EventStartDate":"2022-10-14 22:00:00","_EventEndDate":"2022-10-14 23:45:00","_EventStartDateUTC":"2022-10-14 20:00:00","_EventEndDateUTC":"2022-10-14 21:45:00","_EventShowMap":false,"_EventShowMapLink":false,"_EventURL":"https:\/\/link.dice.fm\/q1876f76bd9c","_EventCost":"10","_EventCostDescription":"","_EventCurrencySymbol":"\u20ac","_EventCurrencyCode":"","_EventCurrencyPosition":"suffix","_EventDateTimeSeparator":"@","_EventTimeRangeSeparator":"-","_EventOrganizerID":[],"_EventVenueID":[0],"_OrganizerEmail":"","_OrganizerPhone":"","_OrganizerWebsite":"","_VenueAddress":"","_VenueCity":"","_VenueCountry":"","_VenueProvince":"","_VenueState":"","_VenueZip":"","_VenuePhone":"","_VenueURL":"","_VenueStateProvince":"","_VenueLat":"","_VenueLng":"","_VenueShowMap":false,"_VenueShowMapLink":false,"_tribe_blocks_recurrence_rules":"","_tribe_blocks_recurrence_description":"","_tribe_blocks_recurrence_exclusions":"","_ecp_custom_2":"","_tribe_events_status":"","_tribe_events_status_reason":"","_tribe_events_is_hybrid":"","_tribe_events_is_virtual":"","_tribe_events_virtual_video_source":"","_tribe_events_virtual_embed_video":"","_tribe_events_virtual_linked_button_text":"","_tribe_events_virtual_linked_button":"","_tribe_events_virtual_show_embed_at":"","_tribe_events_virtual_show_embed_to":[],"_tribe_events_virtual_show_on_event":"","_tribe_events_virtual_show_on_views":"","_tribe_events_virtual_url":"","footnotes":""},"tags":[11706,1363,8869,12294,12295,2865,9147,9146,12293,12288,12292,12289,12286,12291,12290,1355,12287],"tribe_events_cat":[8963],"class_list":["post-24660","tribe_events","type-tribe_events","status-publish","has-post-thumbnail","hentry","tag-all-nighters","tag-cafe-la-palma","tag-cafe-la-palma-2","tag-chavela-vargas","tag-como-mandarlo-todo-a-la-mierda","tag-conciertos-cafe-la-palma","tag-conciertos-madrid","tag-conciertos-malasana","tag-frida-kahlo","tag-hbo","tag-helen-keller","tag-malva-marina","tag-malva-vela","tag-ofelia","tag-pablo-neruda","tag-pop","tag-rubrica-x","tribe_events_cat-concierto","cat_concierto"],"uagb_featured_image_src":{"full":["https:\/\/cafelapalma.com\/wp-content\/uploads\/2022\/09\/RNI-Films-IMG-39A12BFC-52E6-49AE-9A97-45A4CAE950C4.jpg",1080,1620,false],"thumbnail":["https:\/\/cafelapalma.com\/wp-content\/uploads\/2022\/09\/RNI-Films-IMG-39A12BFC-52E6-49AE-9A97-45A4CAE950C4-150x150.jpg",150,150,true],"medium":["https:\/\/cafelapalma.com\/wp-content\/uploads\/2022\/09\/RNI-Films-IMG-39A12BFC-52E6-49AE-9A97-45A4CAE950C4-200x300.jpg",200,300,true],"medium_large":["https:\/\/cafelapalma.com\/wp-content\/uploads\/2022\/09\/RNI-Films-IMG-39A12BFC-52E6-49AE-9A97-45A4CAE950C4-768x1152.jpg",768,1152,true],"large":["https:\/\/cafelapalma.com\/wp-content\/uploads\/2022\/09\/RNI-Films-IMG-39A12BFC-52E6-49AE-9A97-45A4CAE950C4-693x1040.jpg",693,1040,true],"1536x1536":["https:\/\/cafelapalma.com\/wp-content\/uploads\/2022\/09\/RNI-Films-IMG-39A12BFC-52E6-49AE-9A97-45A4CAE950C4-1024x1536.jpg",1024,1536,true],"2048x2048":["https:\/\/cafelapalma.com\/wp-content\/uploads\/2022\/09\/RNI-Films-IMG-39A12BFC-52E6-49AE-9A97-45A4CAE950C4.jpg",1080,1620,false],"trp-custom-language-flag":["https:\/\/cafelapalma.com\/wp-content\/uploads\/2022\/09\/RNI-Films-IMG-39A12BFC-52E6-49AE-9A97-45A4CAE950C4.jpg",8,12,false],"blossom-feminine-slider":["https:\/\/cafelapalma.com\/wp-content\/uploads\/2022\/09\/RNI-Films-IMG-39A12BFC-52E6-49AE-9A97-45A4CAE950C4-1080x649.jpg",1080,649,true],"blossom-feminine-featured":["https:\/\/cafelapalma.com\/wp-content\/uploads\/2022\/09\/RNI-Films-IMG-39A12BFC-52E6-49AE-9A97-45A4CAE950C4-1080x600.jpg",1080,600,true],"blossom-feminine-with-sidebar":["https:\/\/cafelapalma.com\/wp-content\/uploads\/2022\/09\/RNI-Films-IMG-39A12BFC-52E6-49AE-9A97-45A4CAE950C4-1020x600.jpg",1020,600,true],"blossom-feminine-blog":["https:\/\/cafelapalma.com\/wp-content\/uploads\/2022\/09\/RNI-Films-IMG-39A12BFC-52E6-49AE-9A97-45A4CAE950C4-435x435.jpg",435,435,true],"blossom-feminine-cat":["https:\/\/cafelapalma.com\/wp-content\/uploads\/2022\/09\/RNI-Films-IMG-39A12BFC-52E6-49AE-9A97-45A4CAE950C4-450x300.jpg",450,300,true],"blossom-feminine-related":["https:\/\/cafelapalma.com\/wp-content\/uploads\/2022\/09\/RNI-Films-IMG-39A12BFC-52E6-49AE-9A97-45A4CAE950C4-320x200.jpg",320,200,true],"blossom-feminine-schema":["https:\/\/cafelapalma.com\/wp-content\/uploads\/2022\/09\/RNI-Films-IMG-39A12BFC-52E6-49AE-9A97-45A4CAE950C4-40x60.jpg",40,60,true]},"uagb_author_info":{"display_name":"Victor","author_link":"https:\/\/cafelapalma.com\/en\/author\/comunicacion\/"},"uagb_comment_info":0,"uagb_excerpt":"MALVA VELA es una artista polifac\u00e9tica que compagina el cine y la pintura con su verdadera pasi\u00f3n: cantar y componer canciones. Mezcla sonidos y g\u00e9neros distintos, creando el suyo propio.\u00a0 En este concierto veremos el sorprendente universo musical de Malva, una experiencia interpretativa, sensorial y con un toque visual. Podr\u00e9is disfrutar de la presentaci\u00f3n de&hellip;","_links":{"self":[{"href":"https:\/\/cafelapalma.com\/en\/wp-json\/wp\/v2\/tribe_events\/24660","targetHints":{"allow":["GET"]}}],"collection":[{"href":"https:\/\/cafelapalma.com\/en\/wp-json\/wp\/v2\/tribe_events"}],"about":[{"href":"https:\/\/cafelapalma.com\/en\/wp-json\/wp\/v2\/types\/tribe_events"}],"author":[{"embeddable":true,"href":"https:\/\/cafelapalma.com\/en\/wp-json\/wp\/v2\/users\/2"}],"version-history":[{"count":0,"href":"https:\/\/cafelapalma.com\/en\/wp-json\/wp\/v2\/tribe_events\/24660\/revisions"}],"wp:featuredmedia":[{"embeddable":true,"href":"https:\/\/cafelapalma.com\/en\/wp-json\/wp\/v2\/media\/24662"}],"wp:attachment":[{"href":"https:\/\/cafelapalma.com\/en\/wp-json\/wp\/v2\/media?parent=24660"}],"wp:term":[{"taxonomy":"post_tag","embeddable":true,"href":"https:\/\/cafelapalma.com\/en\/wp-json\/wp\/v2\/tags?post=24660"},{"taxonomy":"tribe_events_cat","embeddable":true,"href":"https:\/\/cafelapalma.com\/en\/wp-json\/wp\/v2\/tribe_events_cat?post=24660"}],"curies":[{"name":"wp","href":"https:\/\/api.w.org\/{rel}","templated":true}]}}