{"id":24861,"date":"2022-10-14T11:21:25","date_gmt":"2022-10-14T09:21:25","guid":{"rendered":"https:\/\/cafelapalma.com\/?post_type=tribe_events&#038;p=24861"},"modified":"2022-11-09T11:07:22","modified_gmt":"2022-11-09T10:07:22","slug":"caliza-tigres-leones-lento-centellas","status":"publish","type":"tribe_events","link":"https:\/\/cafelapalma.com\/en\/programacion\/caliza-tigres-leones-lento-centellas\/","title":{"rendered":"CALIZA + TIGRES LEONES + LENTO CENTELLAS"},"content":{"rendered":"<div  class=\"tribe-events-schedule tribe-clearfix\" >\n\t<p class=\"tribe-events-schedule__datetime\">\n\t\t<span class=\"tribe-events-schedule__date tribe-events-schedule__date--start\">\n\t\t\t08  November  2022\t\t<\/span>\n\n\t\t\t\t\t<span class=\"tribe-events-schedule__separator tribe-events-schedule__separator--date\">\n\t\t\t\t@\t\t\t<\/span>\n\t\t\t<span class=\"tribe-events-schedule__time tribe-events-schedule__time--start\">\n\t\t\t\t21:00\t\t\t<\/span>\n\t\t\n\t\t\t\t\t\t\t\t\t<span class=\"tribe-events-schedule__separator tribe-events-schedule__separator--time\">\n\t\t\t\t\t&#8211;\t\t\t\t<\/span>\n\t\t\t\n\t\t\t\t\t\t\t<span class=\"tribe-events-schedule__time tribe-events-schedule__time--end\">\n\t\t\t\t\t23:45\t\t\t\t<\/span>\n\t\t\t\n\t\t\t\t\t\t<\/p>\n<\/div>\n\n\n<div  class=\"tribe-block tribe-block__event-price\" >\n\t\t\t<span class=\"tribe-block__event-price__cost\"> 12\u20ac <\/span>\n\t\t\t\t<span class=\"tribe-block__event-price__description\">+ gg Anticipada | 14\u20ac Taquilla<\/span>\n\t<\/div>\n\n\n\n<div style=\"height:100px\" aria-hidden=\"true\" class=\"wp-block-spacer\"><\/div>\n\n\n\n<div class=\"wp-block-columns is-layout-flex wp-container-core-columns-is-layout-8f761849 wp-block-columns-is-layout-flex\">\n<div class=\"wp-block-column is-layout-flow wp-block-column-is-layout-flow\" style=\"flex-basis:33.33%\">\n<figure class=\"wp-block-image size-full\"><img loading=\"lazy\" decoding=\"async\" width=\"430\" height=\"608\" src=\"https:\/\/cafelapalma.com\/wp-content\/uploads\/2022\/10\/CALIZA-TIGRES-A3-LOW.jpg\" alt=\"\" class=\"wp-image-24862\" srcset=\"https:\/\/cafelapalma.com\/wp-content\/uploads\/2022\/10\/CALIZA-TIGRES-A3-LOW.jpg 430w, https:\/\/cafelapalma.com\/wp-content\/uploads\/2022\/10\/CALIZA-TIGRES-A3-LOW-212x300.jpg 212w, https:\/\/cafelapalma.com\/wp-content\/uploads\/2022\/10\/CALIZA-TIGRES-A3-LOW-42x60.jpg 42w\" sizes=\"auto, (max-width: 430px) 100vw, 430px\" \/><\/figure>\n\n\n<div  class=\"tribe-block tribe-block__event-website\" >\n\t<a\n\t\thref=\"https:\/\/link.dice.fm\/of2bc6b075c9\"\n\t\ttarget=\"_self\"\n\t\t\t>\n\t\tBUY TICKETS\t<\/a>\n<\/div>\n<\/div>\n\n\n\n<div class=\"wp-block-column is-layout-flow wp-block-column-is-layout-flow\" style=\"flex-basis:66.66%\">\n<p class=\"has-text-align-left wp-block-paragraph\"><strong>CALIZA<\/strong> es el alias musical de la madrile\u00f1a <strong>Elisa P\u00e9rez<\/strong>. Despu\u00e9s de unos a\u00f1os involucrada en otras bandas como baterista, comenz\u00f3 en 2015 su andadura en solitario componiendo canciones de pop oscuro desde su ordenador. A finales de 2021 public\u00f3 su tercer LP, <strong><em>\u00abEl descenso\u00bb<\/em><\/strong>: partiendo del pop electr\u00f3nico m\u00e1s habitual en su m\u00fasica, pasamos por ritmos cercanos a la copla o al dub, ambient, EBM o baladas pr\u00e1cticamente ac\u00fasticas. En directo la acompa\u00f1a <strong>Laura Prieto<\/strong> al bajo.<\/p>\n\n\n\n<p class=\"has-text-align-left wp-block-paragraph\"><strong>TIGRES LEONES<\/strong> son un grupo de pop formado actualmente por <strong>Paco Ram\u00edrez<\/strong>, <strong>Miguel Lopez<\/strong>, <strong>Luismi P\u00e9rez<\/strong> y <strong>Javier Marzal<\/strong>. Tienen tres LPs y dos EPs editados con <strong>Sonido Muchacho<\/strong>, estando algunos de ellos incluidos dentro de los mejores discos nacionales para la prensa especializada durante la d\u00e9cada pasada. &nbsp;Adem\u00e1s, son la banda en directo del proyecto <strong>Petr\u00f3leo <\/strong>(con el humorista <strong>Ignatius Farray<\/strong>). En sus canciones abiertamente pop caben otros sonidos y estilos, pero siempre imprimiendo su propio sello: guitarras estridentes, melod\u00edas limpias y ritmos que van desde el surf a la samba. Para este concierto en <strong>CAFE LA PALMA<\/strong>, y su vuelta a las salas, han preparado un <em>showcase <\/em>muy especial, eminentemente electr\u00f3nico, y en el que presentar\u00e1n temas de su pr\u00f3ximo disco, que se editar\u00e1 en enero de 2023 y que est\u00e1 producido por <strong>Carlos Hern\u00e1ndez<\/strong>.<\/p>\n\n\n\n<p class=\"has-text-align-left wp-block-paragraph\"><strong>LENTO CENTELLAS<\/strong> es el proyecto en solitario de <strong>Pedro Agust\u00edn<\/strong>. Afincado en <strong>Madrid<\/strong>, en el pasado form\u00f3 parte de bandas como <strong>G\u00e9nero Chico<\/strong> o <strong>Teletransportarse a Soria<\/strong>. Con influencias que van desde <strong>Casiotone for the Painfully Alone<\/strong> a <strong>La Estrella de David<\/strong> o <strong>Jason Molina<\/strong>, sus canciones parten de sencillas estructuras con una guitarra y una caja de ritmos a las que a\u00f1ade pocos elementos m\u00e1s, donde las letras cobran especial importancia. En 2020 public\u00f3 un 7\u201d en el sello <strong>Garibaldi <\/strong>y pr\u00f3ximamente editar\u00e1 un nuevo EP con cinco nuevas canciones.<\/p>\n<\/div>\n<\/div>\n\n\n\n<div style=\"height:100px\" aria-hidden=\"true\" class=\"wp-block-spacer\"><\/div>\n\n\n\n<hr class=\"wp-block-separator has-alpha-channel-opacity is-style-wide\"\/>\n\n\n\n<div style=\"height:100px\" aria-hidden=\"true\" class=\"wp-block-spacer\"><\/div>\n\n\n<h2 class=\"tribe-block__related-events__title\">Related Events<\/h2>\n\n<ul  class=\"tribe-related-events tribe-clearfix\" >\n\t\t\t<li>\n\t\n<div class=\"tribe-related-events-thumbnail\">\n\t<a href=\"https:\/\/cafelapalma.com\/en\/programacion\/funkin-donuts\/\" class=\"url\" rel=\"bookmark\" tabindex=\"-1\" aria-hidden=\"true\"><img loading=\"lazy\" decoding=\"async\" width=\"693\" height=\"1040\" src=\"https:\/\/cafelapalma.com\/wp-content\/uploads\/2026\/07\/FD-vert2-bn-693x1040.jpg\" class=\"attachment-large size-large wp-post-image\" alt=\"\" \/><\/a>\n<\/div>\n\t<div class=\"tribe-related-event-info\">\n\t<h3 class=\"tribe-related-events-title\">\n\t\t<a href=\"https:\/\/cafelapalma.com\/en\/programacion\/funkin-donuts\/\" class=\"tribe-event-url\" rel=\"bookmark\">\n\t\t\tFUNKIN&#8217; DONUTS\t\t<\/a>\n\t<\/h3>\n\t<span class=\"tribe-event-date-start\">5  September@22:00<\/span><span class=\"tribe-event-time\">23:45<\/span><\/div>\n<\/li>\n\t\t\t<li>\n\t\n<div class=\"tribe-related-events-thumbnail\">\n\t<a href=\"https:\/\/cafelapalma.com\/en\/programacion\/backstage-le-petit-truffle-mayo\/\" class=\"url\" rel=\"bookmark\" tabindex=\"-1\" aria-hidden=\"true\"><img loading=\"lazy\" decoding=\"async\" width=\"780\" height=\"1040\" src=\"https:\/\/cafelapalma.com\/wp-content\/uploads\/2026\/07\/Imagen-TruffleMayo-LePetit-i-1-780x1040.png\" class=\"attachment-large size-large wp-post-image\" alt=\"\" \/><\/a>\n<\/div>\n\t<div class=\"tribe-related-event-info\">\n\t<h3 class=\"tribe-related-events-title\">\n\t\t<a href=\"https:\/\/cafelapalma.com\/en\/programacion\/backstage-le-petit-truffle-mayo\/\" class=\"tribe-event-url\" rel=\"bookmark\">\n\t\t\tBACKSTAGE: LE PETIT + TRUFFLE MAYO\t\t<\/a>\n\t<\/h3>\n\t<span class=\"tribe-event-date-start\">5  September@23:55<\/span><\/div>\n<\/li>\n\t\t\t<li>\n\t\n<div class=\"tribe-related-events-thumbnail\">\n\t<a href=\"https:\/\/cafelapalma.com\/en\/programacion\/willie-deville-concierto-benefico-x-venezuela\/\" class=\"url\" rel=\"bookmark\" tabindex=\"-1\" aria-hidden=\"true\"><img loading=\"lazy\" decoding=\"async\" width=\"1020\" height=\"531\" src=\"https:\/\/cafelapalma.com\/wp-content\/uploads\/2026\/08\/Willie-deville-1100x572-1-1040x541.jpg\" class=\"attachment-large size-large wp-post-image\" alt=\"\" \/><\/a>\n<\/div>\n\t<div class=\"tribe-related-event-info\">\n\t<h3 class=\"tribe-related-events-title\">\n\t\t<a href=\"https:\/\/cafelapalma.com\/en\/programacion\/willie-deville-concierto-benefico-x-venezuela\/\" class=\"tribe-event-url\" rel=\"bookmark\">\n\t\t\tWILLIE DEVILLE: CONCIERTO BEN\u00c9FICO X VENEZUELA\t\t<\/a>\n\t<\/h3>\n\t<span class=\"tribe-event-date-start\">6  September@21:00<\/span><span class=\"tribe-event-time\">23:45<\/span><\/div>\n<\/li>\n\t<\/ul>","protected":false},"excerpt":{"rendered":"<p>CALIZA es el alias musical de la madrile\u00f1a Elisa P\u00e9rez. Despu\u00e9s de unos a\u00f1os involucrada en otras bandas como baterista, comenz\u00f3 en 2015 su andadura en solitario componiendo canciones de pop oscuro desde su ordenador. A finales de 2021 public\u00f3 su tercer LP, \u00abEl descenso\u00bb: partiendo del pop electr\u00f3nico m\u00e1s habitual en su m\u00fasica, pasamos &hellip; <\/p>","protected":false},"author":2,"featured_media":24863,"template":"","meta":{"_tec_requires_first_save":false,"_uag_custom_page_level_css":"","loftloader_page_shortcode":"","_EventAllDay":false,"_EventTimezone":"Europe\/Madrid","_EventStartDate":"2022-11-08 21:00:00","_EventEndDate":"2022-11-08 23:45:00","_EventStartDateUTC":"2022-11-08 20:00:00","_EventEndDateUTC":"2022-11-08 22:45:00","_EventShowMap":false,"_EventShowMapLink":false,"_EventURL":"https:\/\/link.dice.fm\/of2bc6b075c9","_EventCost":"12","_EventCostDescription":"","_EventCurrencySymbol":"\u20ac","_EventCurrencyCode":"","_EventCurrencyPosition":"suffix","_EventDateTimeSeparator":"@","_EventTimeRangeSeparator":"-","_EventOrganizerID":[],"_EventVenueID":[0],"_OrganizerEmail":"","_OrganizerPhone":"","_OrganizerWebsite":"","_VenueAddress":"","_VenueCity":"","_VenueCountry":"","_VenueProvince":"","_VenueState":"","_VenueZip":"","_VenuePhone":"","_VenueURL":"","_VenueStateProvince":"","_VenueLat":"","_VenueLng":"","_VenueShowMap":false,"_VenueShowMapLink":false,"_tribe_blocks_recurrence_rules":"","_tribe_blocks_recurrence_description":"","_tribe_blocks_recurrence_exclusions":"","_ecp_custom_2":"","_tribe_events_status":"","_tribe_events_status_reason":"","_tribe_events_is_hybrid":"","_tribe_events_is_virtual":"","_tribe_events_virtual_video_source":"","_tribe_events_virtual_embed_video":"","_tribe_events_virtual_linked_button_text":"","_tribe_events_virtual_linked_button":"","_tribe_events_virtual_show_embed_at":"","_tribe_events_virtual_show_embed_to":[],"_tribe_events_virtual_show_on_event":"","_tribe_events_virtual_show_on_views":"","_tribe_events_virtual_url":"","footnotes":""},"tags":[9323,1363,8869,12464,9928,2865,9147,9146,12469,12468,1357,12467,12481,12478,12476,8970,11930,9515,12480,12474,10309,12470,12466,12471,12472,12477,12475,1355,9410,12479,12465],"tribe_events_cat":[8963],"class_list":["post-24861","tribe_events","type-tribe_events","status-publish","has-post-thumbnail","hentry","tag-ambient","tag-cafe-la-palma","tag-cafe-la-palma-2","tag-caliza","tag-carlos-hernandez","tag-conciertos-cafe-la-palma","tag-conciertos-madrid","tag-conciertos-malasana","tag-dub","tag-el-descenso","tag-electronica","tag-elisa-perez","tag-garibaldi","tag-genero-chico","tag-ignatius-farray","tag-indie","tag-indie-pop-rock","tag-indie-rock","tag-jason-molina","tag-javier-marzal","tag-la-estrella-de-david","tag-laura-prieto","tag-lento-centellas","tag-miguel-lopez","tag-paco-ramirez","tag-pedro-agustin","tag-petroleo","tag-pop","tag-sonido-muchacho","tag-teletransportarse-a-soria","tag-tigres-leones","tribe_events_cat-concierto","cat_concierto"],"uagb_featured_image_src":{"full":["https:\/\/cafelapalma.com\/wp-content\/uploads\/2022\/10\/CALIZA-LOW-PIC.jpg",418,627,false],"thumbnail":["https:\/\/cafelapalma.com\/wp-content\/uploads\/2022\/10\/CALIZA-LOW-PIC-150x150.jpg",150,150,true],"medium":["https:\/\/cafelapalma.com\/wp-content\/uploads\/2022\/10\/CALIZA-LOW-PIC-200x300.jpg",200,300,true],"medium_large":["https:\/\/cafelapalma.com\/wp-content\/uploads\/2022\/10\/CALIZA-LOW-PIC.jpg",418,627,false],"large":["https:\/\/cafelapalma.com\/wp-content\/uploads\/2022\/10\/CALIZA-LOW-PIC.jpg",418,627,false],"1536x1536":["https:\/\/cafelapalma.com\/wp-content\/uploads\/2022\/10\/CALIZA-LOW-PIC.jpg",418,627,false],"2048x2048":["https:\/\/cafelapalma.com\/wp-content\/uploads\/2022\/10\/CALIZA-LOW-PIC.jpg",418,627,false],"trp-custom-language-flag":["https:\/\/cafelapalma.com\/wp-content\/uploads\/2022\/10\/CALIZA-LOW-PIC.jpg",8,12,false],"blossom-feminine-slider":["https:\/\/cafelapalma.com\/wp-content\/uploads\/2022\/10\/CALIZA-LOW-PIC.jpg",418,627,false],"blossom-feminine-featured":["https:\/\/cafelapalma.com\/wp-content\/uploads\/2022\/10\/CALIZA-LOW-PIC-418x600.jpg",418,600,true],"blossom-feminine-with-sidebar":["https:\/\/cafelapalma.com\/wp-content\/uploads\/2022\/10\/CALIZA-LOW-PIC-418x600.jpg",418,600,true],"blossom-feminine-blog":["https:\/\/cafelapalma.com\/wp-content\/uploads\/2022\/10\/CALIZA-LOW-PIC-418x435.jpg",418,435,true],"blossom-feminine-cat":["https:\/\/cafelapalma.com\/wp-content\/uploads\/2022\/10\/CALIZA-LOW-PIC-418x300.jpg",418,300,true],"blossom-feminine-related":["https:\/\/cafelapalma.com\/wp-content\/uploads\/2022\/10\/CALIZA-LOW-PIC-320x200.jpg",320,200,true],"blossom-feminine-schema":["https:\/\/cafelapalma.com\/wp-content\/uploads\/2022\/10\/CALIZA-LOW-PIC-40x60.jpg",40,60,true]},"uagb_author_info":{"display_name":"Victor","author_link":"https:\/\/cafelapalma.com\/en\/author\/comunicacion\/"},"uagb_comment_info":0,"uagb_excerpt":"CALIZA es el alias musical de la madrile\u00f1a Elisa P\u00e9rez. Despu\u00e9s de unos a\u00f1os involucrada en otras bandas como baterista, comenz\u00f3 en 2015 su andadura en solitario componiendo canciones de pop oscuro desde su ordenador. A finales de 2021 public\u00f3 su tercer LP, \u00abEl descenso\u00bb: partiendo del pop electr\u00f3nico m\u00e1s habitual en su m\u00fasica, pasamos&hellip;","_links":{"self":[{"href":"https:\/\/cafelapalma.com\/en\/wp-json\/wp\/v2\/tribe_events\/24861","targetHints":{"allow":["GET"]}}],"collection":[{"href":"https:\/\/cafelapalma.com\/en\/wp-json\/wp\/v2\/tribe_events"}],"about":[{"href":"https:\/\/cafelapalma.com\/en\/wp-json\/wp\/v2\/types\/tribe_events"}],"author":[{"embeddable":true,"href":"https:\/\/cafelapalma.com\/en\/wp-json\/wp\/v2\/users\/2"}],"version-history":[{"count":0,"href":"https:\/\/cafelapalma.com\/en\/wp-json\/wp\/v2\/tribe_events\/24861\/revisions"}],"wp:featuredmedia":[{"embeddable":true,"href":"https:\/\/cafelapalma.com\/en\/wp-json\/wp\/v2\/media\/24863"}],"wp:attachment":[{"href":"https:\/\/cafelapalma.com\/en\/wp-json\/wp\/v2\/media?parent=24861"}],"wp:term":[{"taxonomy":"post_tag","embeddable":true,"href":"https:\/\/cafelapalma.com\/en\/wp-json\/wp\/v2\/tags?post=24861"},{"taxonomy":"tribe_events_cat","embeddable":true,"href":"https:\/\/cafelapalma.com\/en\/wp-json\/wp\/v2\/tribe_events_cat?post=24861"}],"curies":[{"name":"wp","href":"https:\/\/api.w.org\/{rel}","templated":true}]}}