{"id":24918,"date":"2022-10-20T18:28:59","date_gmt":"2022-10-20T16:28:59","guid":{"rendered":"https:\/\/cafelapalma.com\/programacion\/jausnjits-1-copy\/"},"modified":"2022-10-24T15:02:49","modified_gmt":"2022-10-24T13:02:49","slug":"don-fluor-jorge-second","status":"publish","type":"tribe_events","link":"https:\/\/cafelapalma.com\/en\/programacion\/don-fluor-jorge-second\/","title":{"rendered":"DON FLUOR + JORGE SECOND"},"content":{"rendered":"<div  class=\"tribe-events-schedule tribe-clearfix\" >\n\t<p class=\"tribe-events-schedule__datetime\">\n\t\t<span class=\"tribe-events-schedule__date tribe-events-schedule__date--start\">\n\t\t\t29  October  2022\t\t<\/span>\n\n\t\t\t\t\t<span class=\"tribe-events-schedule__separator tribe-events-schedule__separator--date\">\n\t\t\t\t@\t\t\t<\/span>\n\t\t\t<span class=\"tribe-events-schedule__time tribe-events-schedule__time--start\">\n\t\t\t\t23:50\t\t\t<\/span>\n\t\t\n\t\t\t\t\t\t\t\t\t<span class=\"tribe-events-schedule__separator tribe-events-schedule__separator--time\">\n\t\t\t\t\t&#8211;\t\t\t\t<\/span>\n\t\t\t\n\t\t\t\t\t\t\t<span class=\"tribe-events-schedule__time tribe-events-schedule__time--end\">\n\t\t\t\t\t23:55\t\t\t\t<\/span>\n\t\t\t\n\t\t\t\t\t\t<\/p>\n<\/div>\n\n\n<div  class=\"tribe-block tribe-block__event-price\" >\n\t\t\t<span class=\"tribe-block__event-price__cost\"> 10\u20ac <\/span>\n\t\t\t\t<span class=\"tribe-block__event-price__description\">Taquilla de 00:00 a 02:00 con UNA COPA o DOS CERVEZAS | 13\u20ac Taquilla de 02:00 a 05:45 con UNA CONSUMICI\u00d3N<\/span>\n\t<\/div>\n\n\n\n<div style=\"height:100px\" aria-hidden=\"true\" class=\"wp-block-spacer\"><\/div>\n\n\n\n<div class=\"wp-block-columns is-layout-flex wp-container-core-columns-is-layout-8f761849 wp-block-columns-is-layout-flex\">\n<div class=\"wp-block-column is-layout-flow wp-block-column-is-layout-flow\" style=\"flex-basis:33.33%\">\n<figure class=\"wp-block-image size-full\"><img loading=\"lazy\" decoding=\"async\" width=\"297\" height=\"420\" src=\"https:\/\/cafelapalma.com\/wp-content\/uploads\/2022\/10\/FLUORNOV22-A3.jpg\" alt=\"\" class=\"wp-image-24937\" srcset=\"https:\/\/cafelapalma.com\/wp-content\/uploads\/2022\/10\/FLUORNOV22-A3.jpg 297w, https:\/\/cafelapalma.com\/wp-content\/uploads\/2022\/10\/FLUORNOV22-A3-212x300.jpg 212w, https:\/\/cafelapalma.com\/wp-content\/uploads\/2022\/10\/FLUORNOV22-A3-42x60.jpg 42w\" sizes=\"auto, (max-width: 297px) 100vw, 297px\" \/><\/figure>\n<\/div>\n\n\n\n<div class=\"wp-block-column is-layout-flow wp-block-column-is-layout-flow\" style=\"flex-basis:66.66%\">\n<div style=\"height:100px\" aria-hidden=\"true\" class=\"wp-block-spacer\"><\/div>\n\n\n\n<p class=\"has-text-align-left wp-block-paragraph\"><strong>Rafa L\u00f3pez<\/strong> <em>aka <\/em><strong>DON FL\u00daOR<\/strong> regresa a <strong>CAFE LA PALMA<\/strong> con un invitado de lujo: <strong>JORGE SECOND<\/strong>. Ambos nos deleitar\u00e1n con una sesi\u00f3n de seis horas en la que la electr\u00f3nica y el indie ser\u00e1n protagonistas.<\/p>\n\n\n\n<p class=\"has-text-align-left wp-block-paragraph\">Una ecl\u00e9ctica y apasionada visi\u00f3n de la m\u00fasica, libre de etiquetas y prejuicios.<\/p>\n<\/div>\n<\/div>\n\n\n\n<div style=\"height:100px\" aria-hidden=\"true\" class=\"wp-block-spacer\"><\/div>\n\n\n\n<hr class=\"wp-block-separator has-css-opacity is-style-wide\"\/>\n\n\n\n<div style=\"height:100px\" aria-hidden=\"true\" class=\"wp-block-spacer\"><\/div>\n\n\n<h2 class=\"tribe-block__related-events__title\">Related Events<\/h2>\n\n<ul  class=\"tribe-related-events tribe-clearfix\" >\n\t\t\t<li>\n\t\n<div class=\"tribe-related-events-thumbnail\">\n\t<a href=\"https:\/\/cafelapalma.com\/en\/programacion\/funkin-donuts\/\" class=\"url\" rel=\"bookmark\" tabindex=\"-1\" aria-hidden=\"true\"><img loading=\"lazy\" decoding=\"async\" width=\"693\" height=\"1040\" src=\"https:\/\/cafelapalma.com\/wp-content\/uploads\/2026\/07\/FD-vert2-bn-693x1040.jpg\" class=\"attachment-large size-large wp-post-image\" alt=\"\" \/><\/a>\n<\/div>\n\t<div class=\"tribe-related-event-info\">\n\t<h3 class=\"tribe-related-events-title\">\n\t\t<a href=\"https:\/\/cafelapalma.com\/en\/programacion\/funkin-donuts\/\" class=\"tribe-event-url\" rel=\"bookmark\">\n\t\t\tFUNKIN&#8217; DONUTS\t\t<\/a>\n\t<\/h3>\n\t<span class=\"tribe-event-date-start\">5  September@22:00<\/span><span class=\"tribe-event-time\">23:45<\/span><\/div>\n<\/li>\n\t\t\t<li>\n\t\n<div class=\"tribe-related-events-thumbnail\">\n\t<a href=\"https:\/\/cafelapalma.com\/en\/programacion\/backstage-le-petit-truffle-mayo\/\" class=\"url\" rel=\"bookmark\" tabindex=\"-1\" aria-hidden=\"true\"><img loading=\"lazy\" decoding=\"async\" width=\"780\" height=\"1040\" src=\"https:\/\/cafelapalma.com\/wp-content\/uploads\/2026\/07\/Imagen-TruffleMayo-LePetit-i-1-780x1040.png\" class=\"attachment-large size-large wp-post-image\" alt=\"\" \/><\/a>\n<\/div>\n\t<div class=\"tribe-related-event-info\">\n\t<h3 class=\"tribe-related-events-title\">\n\t\t<a href=\"https:\/\/cafelapalma.com\/en\/programacion\/backstage-le-petit-truffle-mayo\/\" class=\"tribe-event-url\" rel=\"bookmark\">\n\t\t\tBACKSTAGE: LE PETIT + TRUFFLE MAYO\t\t<\/a>\n\t<\/h3>\n\t<span class=\"tribe-event-date-start\">5  September@23:55<\/span><\/div>\n<\/li>\n\t\t\t<li>\n\t\n<div class=\"tribe-related-events-thumbnail\">\n\t<a href=\"https:\/\/cafelapalma.com\/en\/programacion\/willie-deville-concierto-benefico-x-venezuela\/\" class=\"url\" rel=\"bookmark\" tabindex=\"-1\" aria-hidden=\"true\"><img loading=\"lazy\" decoding=\"async\" width=\"1020\" height=\"531\" src=\"https:\/\/cafelapalma.com\/wp-content\/uploads\/2026\/08\/Willie-deville-1100x572-1-1040x541.jpg\" class=\"attachment-large size-large wp-post-image\" alt=\"\" \/><\/a>\n<\/div>\n\t<div class=\"tribe-related-event-info\">\n\t<h3 class=\"tribe-related-events-title\">\n\t\t<a href=\"https:\/\/cafelapalma.com\/en\/programacion\/willie-deville-concierto-benefico-x-venezuela\/\" class=\"tribe-event-url\" rel=\"bookmark\">\n\t\t\tWILLIE DEVILLE: CONCIERTO BEN\u00c9FICO X VENEZUELA\t\t<\/a>\n\t<\/h3>\n\t<span class=\"tribe-event-date-start\">6  September@21:00<\/span><span class=\"tribe-event-time\">23:45<\/span><\/div>\n<\/li>\n\t<\/ul>","protected":false},"excerpt":{"rendered":"<p>Rafa L\u00f3pez aka DON FL\u00daOR regresa a CAFE LA PALMA con un invitado de lujo: JORGE SECOND. Ambos nos deleitar\u00e1n con una sesi\u00f3n de seis horas en la que la electr\u00f3nica y el indie ser\u00e1n protagonistas. Una ecl\u00e9ctica y apasionada visi\u00f3n de la m\u00fasica, libre de etiquetas y prejuicios.<\/p>","protected":false},"author":2,"featured_media":24938,"template":"","meta":{"_tec_requires_first_save":false,"_uag_custom_page_level_css":"","loftloader_page_shortcode":"","_EventAllDay":false,"_EventTimezone":"Europe\/Madrid","_EventStartDate":"2022-10-29 23:50:00","_EventEndDate":"2022-10-29 23:55:00","_EventStartDateUTC":"2022-10-29 21:50:00","_EventEndDateUTC":"2022-10-29 21:55:00","_EventShowMap":false,"_EventShowMapLink":false,"_EventURL":"https:\/\/link.dice.fm\/843f9a721867","_EventCost":"10","_EventCostDescription":"","_EventCurrencySymbol":"\u20ac","_EventCurrencyCode":"","_EventCurrencyPosition":"suffix","_EventDateTimeSeparator":"@","_EventTimeRangeSeparator":"-","_EventOrganizerID":[],"_EventVenueID":[0],"_OrganizerEmail":"","_OrganizerPhone":"","_OrganizerWebsite":"","_VenueAddress":"","_VenueCity":"","_VenueCountry":"","_VenueProvince":"","_VenueState":"","_VenueZip":"","_VenuePhone":"","_VenueURL":"","_VenueStateProvince":"","_VenueLat":"","_VenueLng":"","_VenueShowMap":false,"_VenueShowMapLink":false,"_tribe_blocks_recurrence_rules":"","_tribe_blocks_recurrence_description":"","_tribe_blocks_recurrence_exclusions":"","_ecp_custom_2":"","_tribe_events_status":"","_tribe_events_status_reason":"","_tribe_events_is_hybrid":"","_tribe_events_is_virtual":"","_tribe_events_virtual_video_source":"","_tribe_events_virtual_embed_video":"","_tribe_events_virtual_linked_button_text":"","_tribe_events_virtual_linked_button":"","_tribe_events_virtual_show_embed_at":"","_tribe_events_virtual_show_embed_to":[],"_tribe_events_virtual_show_on_event":"","_tribe_events_virtual_show_on_views":"","_tribe_events_virtual_url":"","footnotes":""},"tags":[1363,9225,9484,9226,9227,9845,8970,9846,10291,12513,10293,11588],"tribe_events_cat":[8964],"class_list":["post-24918","tribe_events","type-tribe_events","status-publish","has-post-thumbnail","hentry","tag-cafe-la-palma","tag-cafe-la-palma-clubbing","tag-dj-set","tag-djs-madrid","tag-djs-malasana","tag-don-fluor","tag-indie","tag-indietronica","tag-jausnjits","tag-jorge-second","tag-rafa-lopez","tag-second","tribe_events_cat-clubbing","cat_clubbing"],"uagb_featured_image_src":{"full":["https:\/\/cafelapalma.com\/wp-content\/uploads\/2022\/10\/FLUORSECONDSLIDE.jpg",1080,499,false],"thumbnail":["https:\/\/cafelapalma.com\/wp-content\/uploads\/2022\/10\/FLUORSECONDSLIDE-150x150.jpg",150,150,true],"medium":["https:\/\/cafelapalma.com\/wp-content\/uploads\/2022\/10\/FLUORSECONDSLIDE-300x139.jpg",300,139,true],"medium_large":["https:\/\/cafelapalma.com\/wp-content\/uploads\/2022\/10\/FLUORSECONDSLIDE-768x355.jpg",768,355,true],"large":["https:\/\/cafelapalma.com\/wp-content\/uploads\/2022\/10\/FLUORSECONDSLIDE-1040x481.jpg",1020,472,true],"1536x1536":["https:\/\/cafelapalma.com\/wp-content\/uploads\/2022\/10\/FLUORSECONDSLIDE.jpg",1080,499,false],"2048x2048":["https:\/\/cafelapalma.com\/wp-content\/uploads\/2022\/10\/FLUORSECONDSLIDE.jpg",1080,499,false],"trp-custom-language-flag":["https:\/\/cafelapalma.com\/wp-content\/uploads\/2022\/10\/FLUORSECONDSLIDE.jpg",18,8,false],"blossom-feminine-slider":["https:\/\/cafelapalma.com\/wp-content\/uploads\/2022\/10\/FLUORSECONDSLIDE.jpg",1080,499,false],"blossom-feminine-featured":["https:\/\/cafelapalma.com\/wp-content\/uploads\/2022\/10\/FLUORSECONDSLIDE.jpg",1080,499,false],"blossom-feminine-with-sidebar":["https:\/\/cafelapalma.com\/wp-content\/uploads\/2022\/10\/FLUORSECONDSLIDE-1020x499.jpg",1020,499,true],"blossom-feminine-blog":["https:\/\/cafelapalma.com\/wp-content\/uploads\/2022\/10\/FLUORSECONDSLIDE-435x435.jpg",435,435,true],"blossom-feminine-cat":["https:\/\/cafelapalma.com\/wp-content\/uploads\/2022\/10\/FLUORSECONDSLIDE-450x300.jpg",450,300,true],"blossom-feminine-related":["https:\/\/cafelapalma.com\/wp-content\/uploads\/2022\/10\/FLUORSECONDSLIDE-320x200.jpg",320,200,true],"blossom-feminine-schema":["https:\/\/cafelapalma.com\/wp-content\/uploads\/2022\/10\/FLUORSECONDSLIDE-130x60.jpg",130,60,true]},"uagb_author_info":{"display_name":"Victor","author_link":"https:\/\/cafelapalma.com\/en\/author\/comunicacion\/"},"uagb_comment_info":0,"uagb_excerpt":"Rafa L\u00f3pez aka DON FL\u00daOR regresa a CAFE LA PALMA con un invitado de lujo: JORGE SECOND. Ambos nos deleitar\u00e1n con una sesi\u00f3n de seis horas en la que la electr\u00f3nica y el indie ser\u00e1n protagonistas. Una ecl\u00e9ctica y apasionada visi\u00f3n de la m\u00fasica, libre de etiquetas y prejuicios.","_links":{"self":[{"href":"https:\/\/cafelapalma.com\/en\/wp-json\/wp\/v2\/tribe_events\/24918","targetHints":{"allow":["GET"]}}],"collection":[{"href":"https:\/\/cafelapalma.com\/en\/wp-json\/wp\/v2\/tribe_events"}],"about":[{"href":"https:\/\/cafelapalma.com\/en\/wp-json\/wp\/v2\/types\/tribe_events"}],"author":[{"embeddable":true,"href":"https:\/\/cafelapalma.com\/en\/wp-json\/wp\/v2\/users\/2"}],"version-history":[{"count":0,"href":"https:\/\/cafelapalma.com\/en\/wp-json\/wp\/v2\/tribe_events\/24918\/revisions"}],"wp:featuredmedia":[{"embeddable":true,"href":"https:\/\/cafelapalma.com\/en\/wp-json\/wp\/v2\/media\/24938"}],"wp:attachment":[{"href":"https:\/\/cafelapalma.com\/en\/wp-json\/wp\/v2\/media?parent=24918"}],"wp:term":[{"taxonomy":"post_tag","embeddable":true,"href":"https:\/\/cafelapalma.com\/en\/wp-json\/wp\/v2\/tags?post=24918"},{"taxonomy":"tribe_events_cat","embeddable":true,"href":"https:\/\/cafelapalma.com\/en\/wp-json\/wp\/v2\/tribe_events_cat?post=24918"}],"curies":[{"name":"wp","href":"https:\/\/api.w.org\/{rel}","templated":true}]}}