{"id":25022,"date":"2022-11-07T14:02:58","date_gmt":"2022-11-07T13:02:58","guid":{"rendered":"https:\/\/cafelapalma.com\/?post_type=tribe_events&#038;p=25022"},"modified":"2022-11-07T14:06:55","modified_gmt":"2022-11-07T13:06:55","slug":"caricias-chloral-capsula-records","status":"publish","type":"tribe_events","link":"https:\/\/cafelapalma.com\/en\/programacion\/caricias-chloral-capsula-records\/","title":{"rendered":"CARICIAS + CHLORAL"},"content":{"rendered":"<div  class=\"tribe-events-schedule tribe-clearfix\" >\n\t<p class=\"tribe-events-schedule__datetime\">\n\t\t<span class=\"tribe-events-schedule__date tribe-events-schedule__date--start\">\n\t\t\t08  December  2022\t\t<\/span>\n\n\t\t\t\t\t<span class=\"tribe-events-schedule__separator tribe-events-schedule__separator--date\">\n\t\t\t\t@\t\t\t<\/span>\n\t\t\t<span class=\"tribe-events-schedule__time tribe-events-schedule__time--start\">\n\t\t\t\t21:30\t\t\t<\/span>\n\t\t\n\t\t\t\t\t\t\t\t\t<span class=\"tribe-events-schedule__separator tribe-events-schedule__separator--time\">\n\t\t\t\t\t&#8211;\t\t\t\t<\/span>\n\t\t\t\n\t\t\t\t\t\t\t<span class=\"tribe-events-schedule__time tribe-events-schedule__time--end\">\n\t\t\t\t\t23:45\t\t\t\t<\/span>\n\t\t\t\n\t\t\t\t\t\t<\/p>\n<\/div>\n\n\n<div  class=\"tribe-block tribe-block__event-price\" >\n\t\t\t<span class=\"tribe-block__event-price__cost\"> 10\u20ac <\/span>\n\t\t\t\t<span class=\"tribe-block__event-price__description\">+ gg Anticipada | 12\u20ac Taquilla<\/span>\n\t<\/div>\n\n\n\n<div style=\"height:100px\" aria-hidden=\"true\" class=\"wp-block-spacer\"><\/div>\n\n\n\n<div class=\"wp-block-columns is-layout-flex wp-container-core-columns-is-layout-8f761849 wp-block-columns-is-layout-flex\">\n<div class=\"wp-block-column is-layout-flow wp-block-column-is-layout-flow\" style=\"flex-basis:33.33%\">\n<figure class=\"wp-block-image size-full\"><img loading=\"lazy\" decoding=\"async\" width=\"430\" height=\"608\" src=\"https:\/\/cafelapalma.com\/wp-content\/uploads\/2022\/11\/CARICIAS-A3-LOW.jpg\" alt=\"\" class=\"wp-image-25023\" srcset=\"https:\/\/cafelapalma.com\/wp-content\/uploads\/2022\/11\/CARICIAS-A3-LOW.jpg 430w, https:\/\/cafelapalma.com\/wp-content\/uploads\/2022\/11\/CARICIAS-A3-LOW-212x300.jpg 212w, https:\/\/cafelapalma.com\/wp-content\/uploads\/2022\/11\/CARICIAS-A3-LOW-42x60.jpg 42w\" sizes=\"auto, (max-width: 430px) 100vw, 430px\" \/><\/figure>\n\n\n<div  class=\"tribe-block tribe-block__event-website\" >\n\t<a\n\t\thref=\"https:\/\/link.dice.fm\/x341ac4f8d70\"\n\t\ttarget=\"_self\"\n\t\t\t>\n\t\tBUY TICKETS\t<\/a>\n<\/div>\n<\/div>\n\n\n\n<div class=\"wp-block-column is-layout-flow wp-block-column-is-layout-flow\" style=\"flex-basis:66.66%\">\n<p class=\"has-text-align-left wp-block-paragraph\">Concierto de presentaci\u00f3n de <strong><em>\u00abPetricor\u00bb<\/em><\/strong> (<strong>Capsula Records<\/strong>, 2022), primer disco de <strong>Caricias<\/strong>, una formaci\u00f3n de <strong>Barcelona <\/strong>que factura un pop ruidoso con canciones en\u00e9rgicas envueltas en ambientes envolventes y m\u00e1gicos. Les acompa\u00f1ar\u00e1n los madrile\u00f1os <strong>Chloral<\/strong>, una formaci\u00f3n que toma el shoegaze como punto de partida, pero aderezado con muchas otras influencias, siempre con la intensidad y la emoci\u00f3n como nexo com\u00fan.<\/p>\n\n\n\n<p class=\"has-text-align-left wp-block-paragraph\"><strong>Caricias <\/strong>son <strong>Jordi<\/strong>, <strong>Andrea<\/strong>, <strong>Mario<\/strong>, <strong>Paul <\/strong>y <strong>Aleix<\/strong>. Una banda que, adem\u00e1s de la amistad, les une el amor por la m\u00fasica repleta de reverberaci\u00f3n y pasajes de ensue\u00f1o. Tras la publicaci\u00f3n de su primer EP <strong><em>\u2018\u2019Anhela Coraz\u00f3n\u2019\u2019<\/em><\/strong> consiguen llevar al directo sus canciones para as\u00ed tambi\u00e9n mostrar que detr\u00e1s de sus melanc\u00f3licas composiciones tambi\u00e9n existe una variante m\u00e1s agresiva y ruidosa de estas. Ahora, apenas un a\u00f1o despu\u00e9s de la publicaci\u00f3n de su anterior trabajo, presentan su \u00e1lbum de debut titulado <strong><em>\u2018\u2019Petricor\u2019\u2019<\/em><\/strong> (<strong>Capsula Records<\/strong>). un \u00e1lbum que mantiene las ra\u00edces indie y emo que les ha influenciado, pero esta vez con un acercamiento m\u00e1s fiel a su propuesta en directo. Todo ello conservando la \u00edndole fant\u00e1stica que define su sonido.<\/p>\n\n\n\n<p class=\"has-text-align-left wp-block-paragraph\"><strong>Chloral <\/strong>son un cuarteto madrile\u00f1o que se reconocen en las hechuras shoegaze, aunque tambi\u00e9n mencionan el dream pop, el punk y el emo como fuentes inspiradoras. Tempestades y calmas, calmas y tempestades, pero siempre susurros, aunque est\u00e9n segados por afilados riffs ba\u00f1ados en reverb, que supuran melancol\u00eda adolescente.<\/p>\n<\/div>\n<\/div>\n\n\n\n<div style=\"height:100px\" aria-hidden=\"true\" class=\"wp-block-spacer\"><\/div>\n\n\n\n<hr class=\"wp-block-separator has-alpha-channel-opacity is-style-wide\"\/>\n\n\n\n<div style=\"height:100px\" aria-hidden=\"true\" class=\"wp-block-spacer\"><\/div>\n\n\n<h2 class=\"tribe-block__related-events__title\">Related Events<\/h2>\n\n<ul  class=\"tribe-related-events tribe-clearfix\" >\n\t\t\t<li>\n\t\n<div class=\"tribe-related-events-thumbnail\">\n\t<a href=\"https:\/\/cafelapalma.com\/en\/programacion\/willie-deville-concierto-benefico-x-venezuela\/\" class=\"url\" rel=\"bookmark\" tabindex=\"-1\" aria-hidden=\"true\"><img loading=\"lazy\" decoding=\"async\" width=\"1020\" height=\"531\" src=\"https:\/\/cafelapalma.com\/wp-content\/uploads\/2026\/08\/Willie-deville-1100x572-1-1040x541.jpg\" class=\"attachment-large size-large wp-post-image\" alt=\"\" \/><\/a>\n<\/div>\n\t<div class=\"tribe-related-event-info\">\n\t<h3 class=\"tribe-related-events-title\">\n\t\t<a href=\"https:\/\/cafelapalma.com\/en\/programacion\/willie-deville-concierto-benefico-x-venezuela\/\" class=\"tribe-event-url\" rel=\"bookmark\">\n\t\t\tWILLIE DEVILLE: CONCIERTO BEN\u00c9FICO X VENEZUELA\t\t<\/a>\n\t<\/h3>\n\t<span class=\"tribe-event-date-start\">6  September@21:00<\/span><span class=\"tribe-event-time\">23:45<\/span><\/div>\n<\/li>\n\t\t\t<li>\n\t\n<div class=\"tribe-related-events-thumbnail\">\n\t<a href=\"https:\/\/cafelapalma.com\/en\/programacion\/new-boix\/\" class=\"url\" rel=\"bookmark\" tabindex=\"-1\" aria-hidden=\"true\"><img loading=\"lazy\" decoding=\"async\" width=\"694\" height=\"1040\" src=\"https:\/\/cafelapalma.com\/wp-content\/uploads\/2026\/05\/WhatsApp-Image-2026-04-29-at-12.00.28-694x1040.jpeg\" class=\"attachment-large size-large wp-post-image\" alt=\"\" \/><\/a>\n<\/div>\n\t<div class=\"tribe-related-event-info\">\n\t<h3 class=\"tribe-related-events-title\">\n\t\t<a href=\"https:\/\/cafelapalma.com\/en\/programacion\/new-boix\/\" class=\"tribe-event-url\" rel=\"bookmark\">\n\t\t\tNEW BOIX\t\t<\/a>\n\t<\/h3>\n\t<span class=\"tribe-event-date-start\">10  September@22:00<\/span><span class=\"tribe-event-time\">23:45<\/span><\/div>\n<\/li>\n\t\t\t<li>\n\t\n<div class=\"tribe-related-events-thumbnail\">\n\t<a href=\"https:\/\/cafelapalma.com\/en\/programacion\/eric-rohmer-seasunday\/\" class=\"url\" rel=\"bookmark\" tabindex=\"-1\" aria-hidden=\"true\"><img loading=\"lazy\" decoding=\"async\" width=\"693\" height=\"1040\" src=\"https:\/\/cafelapalma.com\/wp-content\/uploads\/2026\/07\/ERIC-ROHMER-VERTICAL-1-693x1040.jpg\" class=\"attachment-large size-large wp-post-image\" alt=\"\" \/><\/a>\n<\/div>\n\t<div class=\"tribe-related-event-info\">\n\t<h3 class=\"tribe-related-events-title\">\n\t\t<a href=\"https:\/\/cafelapalma.com\/en\/programacion\/eric-rohmer-seasunday\/\" class=\"tribe-event-url\" rel=\"bookmark\">\n\t\t\tERIC ROHMER + SEASUNDAY\t\t<\/a>\n\t<\/h3>\n\t<span class=\"tribe-event-date-start\">11  September@21:00<\/span><span class=\"tribe-event-time\">23:45<\/span><\/div>\n<\/li>\n\t<\/ul>","protected":false},"excerpt":{"rendered":"<p>Concierto de presentaci\u00f3n de \u00abPetricor\u00bb (Capsula Records, 2022), primer disco de Caricias, una formaci\u00f3n de Barcelona que factura un pop ruidoso con canciones en\u00e9rgicas envueltas en ambientes envolventes y m\u00e1gicos. Les acompa\u00f1ar\u00e1n los madrile\u00f1os Chloral, una formaci\u00f3n que toma el shoegaze como punto de partida, pero aderezado con muchas otras influencias, siempre con la intensidad &hellip; <\/p>","protected":false},"author":2,"featured_media":25026,"template":"","meta":{"_tec_requires_first_save":false,"_uag_custom_page_level_css":"","loftloader_page_shortcode":"","_EventAllDay":false,"_EventTimezone":"Europe\/Madrid","_EventStartDate":"2022-12-08 21:30:00","_EventEndDate":"2022-12-08 23:45:00","_EventStartDateUTC":"2022-12-08 20:30:00","_EventEndDateUTC":"2022-12-08 22:45:00","_EventShowMap":false,"_EventShowMapLink":false,"_EventURL":"https:\/\/link.dice.fm\/x341ac4f8d70","_EventCost":"10","_EventCostDescription":"","_EventCurrencySymbol":"\u20ac","_EventCurrencyCode":"","_EventCurrencyPosition":"suffix","_EventDateTimeSeparator":"@","_EventTimeRangeSeparator":"-","_EventOrganizerID":[],"_EventVenueID":[0],"_OrganizerEmail":"","_OrganizerPhone":"","_OrganizerWebsite":"","_VenueAddress":"","_VenueCity":"","_VenueCountry":"","_VenueProvince":"","_VenueState":"","_VenueZip":"","_VenuePhone":"","_VenueURL":"","_VenueStateProvince":"","_VenueLat":"","_VenueLng":"","_VenueShowMap":false,"_VenueShowMapLink":false,"_tribe_blocks_recurrence_rules":"","_tribe_blocks_recurrence_description":"","_tribe_blocks_recurrence_exclusions":"","_ecp_custom_2":"","_tribe_events_status":"","_tribe_events_status_reason":"","_tribe_events_is_hybrid":"","_tribe_events_is_virtual":"","_tribe_events_virtual_video_source":"","_tribe_events_virtual_embed_video":"","_tribe_events_virtual_linked_button_text":"","_tribe_events_virtual_linked_button":"","_tribe_events_virtual_show_embed_at":"","_tribe_events_virtual_show_embed_to":[],"_tribe_events_virtual_show_on_event":"","_tribe_events_virtual_show_on_views":"","_tribe_events_virtual_url":"","footnotes":""},"tags":[12560,2174,1363,8869,12558,12559,9904,2865,9147,9146,9741,8970,12557,1355],"tribe_events_cat":[8963],"class_list":["post-25022","tribe_events","type-tribe_events","status-publish","has-post-thumbnail","hentry","tag-anhela-corazon","tag-barcelona","tag-cafe-la-palma","tag-cafe-la-palma-2","tag-capsula-records","tag-caricias","tag-chloral","tag-conciertos-cafe-la-palma","tag-conciertos-madrid","tag-conciertos-malasana","tag-emo","tag-indie","tag-petricor","tag-pop","tribe_events_cat-concierto","cat_concierto"],"uagb_featured_image_src":{"full":["https:\/\/cafelapalma.com\/wp-content\/uploads\/2022\/11\/CARICIAS-LOW-VERT.jpg",418,625,false],"thumbnail":["https:\/\/cafelapalma.com\/wp-content\/uploads\/2022\/11\/CARICIAS-LOW-VERT-150x150.jpg",150,150,true],"medium":["https:\/\/cafelapalma.com\/wp-content\/uploads\/2022\/11\/CARICIAS-LOW-VERT-201x300.jpg",201,300,true],"medium_large":["https:\/\/cafelapalma.com\/wp-content\/uploads\/2022\/11\/CARICIAS-LOW-VERT.jpg",418,625,false],"large":["https:\/\/cafelapalma.com\/wp-content\/uploads\/2022\/11\/CARICIAS-LOW-VERT.jpg",418,625,false],"1536x1536":["https:\/\/cafelapalma.com\/wp-content\/uploads\/2022\/11\/CARICIAS-LOW-VERT.jpg",418,625,false],"2048x2048":["https:\/\/cafelapalma.com\/wp-content\/uploads\/2022\/11\/CARICIAS-LOW-VERT.jpg",418,625,false],"trp-custom-language-flag":["https:\/\/cafelapalma.com\/wp-content\/uploads\/2022\/11\/CARICIAS-LOW-VERT.jpg",8,12,false],"blossom-feminine-slider":["https:\/\/cafelapalma.com\/wp-content\/uploads\/2022\/11\/CARICIAS-LOW-VERT.jpg",418,625,false],"blossom-feminine-featured":["https:\/\/cafelapalma.com\/wp-content\/uploads\/2022\/11\/CARICIAS-LOW-VERT-418x600.jpg",418,600,true],"blossom-feminine-with-sidebar":["https:\/\/cafelapalma.com\/wp-content\/uploads\/2022\/11\/CARICIAS-LOW-VERT-418x600.jpg",418,600,true],"blossom-feminine-blog":["https:\/\/cafelapalma.com\/wp-content\/uploads\/2022\/11\/CARICIAS-LOW-VERT-418x435.jpg",418,435,true],"blossom-feminine-cat":["https:\/\/cafelapalma.com\/wp-content\/uploads\/2022\/11\/CARICIAS-LOW-VERT-418x300.jpg",418,300,true],"blossom-feminine-related":["https:\/\/cafelapalma.com\/wp-content\/uploads\/2022\/11\/CARICIAS-LOW-VERT-320x200.jpg",320,200,true],"blossom-feminine-schema":["https:\/\/cafelapalma.com\/wp-content\/uploads\/2022\/11\/CARICIAS-LOW-VERT-40x60.jpg",40,60,true]},"uagb_author_info":{"display_name":"Victor","author_link":"https:\/\/cafelapalma.com\/en\/author\/comunicacion\/"},"uagb_comment_info":0,"uagb_excerpt":"Concierto de presentaci\u00f3n de \u00abPetricor\u00bb (Capsula Records, 2022), primer disco de Caricias, una formaci\u00f3n de Barcelona que factura un pop ruidoso con canciones en\u00e9rgicas envueltas en ambientes envolventes y m\u00e1gicos. Les acompa\u00f1ar\u00e1n los madrile\u00f1os Chloral, una formaci\u00f3n que toma el shoegaze como punto de partida, pero aderezado con muchas otras influencias, siempre con la intensidad&hellip;","_links":{"self":[{"href":"https:\/\/cafelapalma.com\/en\/wp-json\/wp\/v2\/tribe_events\/25022","targetHints":{"allow":["GET"]}}],"collection":[{"href":"https:\/\/cafelapalma.com\/en\/wp-json\/wp\/v2\/tribe_events"}],"about":[{"href":"https:\/\/cafelapalma.com\/en\/wp-json\/wp\/v2\/types\/tribe_events"}],"author":[{"embeddable":true,"href":"https:\/\/cafelapalma.com\/en\/wp-json\/wp\/v2\/users\/2"}],"version-history":[{"count":0,"href":"https:\/\/cafelapalma.com\/en\/wp-json\/wp\/v2\/tribe_events\/25022\/revisions"}],"wp:featuredmedia":[{"embeddable":true,"href":"https:\/\/cafelapalma.com\/en\/wp-json\/wp\/v2\/media\/25026"}],"wp:attachment":[{"href":"https:\/\/cafelapalma.com\/en\/wp-json\/wp\/v2\/media?parent=25022"}],"wp:term":[{"taxonomy":"post_tag","embeddable":true,"href":"https:\/\/cafelapalma.com\/en\/wp-json\/wp\/v2\/tags?post=25022"},{"taxonomy":"tribe_events_cat","embeddable":true,"href":"https:\/\/cafelapalma.com\/en\/wp-json\/wp\/v2\/tribe_events_cat?post=25022"}],"curies":[{"name":"wp","href":"https:\/\/api.w.org\/{rel}","templated":true}]}}