{"id":25064,"date":"2022-11-14T13:46:54","date_gmt":"2022-11-14T12:46:54","guid":{"rendered":"https:\/\/cafelapalma.com\/?post_type=tribe_events&#038;p=25064"},"modified":"2022-11-15T13:05:05","modified_gmt":"2022-11-15T12:05:05","slug":"rakky-ripper-sonido-madrid-en-vivo","status":"publish","type":"tribe_events","link":"https:\/\/cafelapalma.com\/en\/programacion\/rakky-ripper-sonido-madrid-en-vivo\/","title":{"rendered":"RAKKY RIPPER"},"content":{"rendered":"<div  class=\"tribe-events-schedule tribe-clearfix\" >\n\t<p class=\"tribe-events-schedule__datetime\">\n\t\t<span class=\"tribe-events-schedule__date tribe-events-schedule__date--start\">\n\t\t\t01  December  2022\t\t<\/span>\n\n\t\t\t\t\t<span class=\"tribe-events-schedule__separator tribe-events-schedule__separator--date\">\n\t\t\t\t@\t\t\t<\/span>\n\t\t\t<span class=\"tribe-events-schedule__time tribe-events-schedule__time--start\">\n\t\t\t\t22:00\t\t\t<\/span>\n\t\t\n\t\t\t\t\t\t\t\t\t<span class=\"tribe-events-schedule__separator tribe-events-schedule__separator--time\">\n\t\t\t\t\t&#8211;\t\t\t\t<\/span>\n\t\t\t\n\t\t\t\t\t\t\t<span class=\"tribe-events-schedule__time tribe-events-schedule__time--end\">\n\t\t\t\t\t23:30\t\t\t\t<\/span>\n\t\t\t\n\t\t\t\t\t\t<\/p>\n<\/div>\n\n\n<div  class=\"tribe-block tribe-block__event-price\" >\n\t\t\t<span class=\"tribe-block__event-price__cost\"> 12\u20ac <\/span>\n\t\t\t\t<span class=\"tribe-block__event-price__description\">+ gg Anticipada | 15\u20ac Taquilla<\/span>\n\t<\/div>\n\n\n\n<div style=\"height:100px\" aria-hidden=\"true\" class=\"wp-block-spacer\"><\/div>\n\n\n\n<div class=\"wp-block-columns is-layout-flex wp-container-core-columns-is-layout-8f761849 wp-block-columns-is-layout-flex\">\n<div class=\"wp-block-column is-layout-flow wp-block-column-is-layout-flow\" style=\"flex-basis:33.33%\">\n<figure class=\"wp-block-image size-large\"><img loading=\"lazy\" decoding=\"async\" width=\"735\" height=\"1040\" src=\"https:\/\/cafelapalma.com\/wp-content\/uploads\/2022\/11\/RAKKY-RIPPER-A3-LOW-735x1040.jpg\" alt=\"\" class=\"wp-image-25079\" srcset=\"https:\/\/cafelapalma.com\/wp-content\/uploads\/2022\/11\/RAKKY-RIPPER-A3-LOW-735x1040.jpg 735w, https:\/\/cafelapalma.com\/wp-content\/uploads\/2022\/11\/RAKKY-RIPPER-A3-LOW-212x300.jpg 212w, https:\/\/cafelapalma.com\/wp-content\/uploads\/2022\/11\/RAKKY-RIPPER-A3-LOW-768x1086.jpg 768w, https:\/\/cafelapalma.com\/wp-content\/uploads\/2022\/11\/RAKKY-RIPPER-A3-LOW-1086x1536.jpg 1086w, https:\/\/cafelapalma.com\/wp-content\/uploads\/2022\/11\/RAKKY-RIPPER-A3-LOW-1448x2048.jpg 1448w, https:\/\/cafelapalma.com\/wp-content\/uploads\/2022\/11\/RAKKY-RIPPER-A3-LOW-42x60.jpg 42w, https:\/\/cafelapalma.com\/wp-content\/uploads\/2022\/11\/RAKKY-RIPPER-A3-LOW.jpg 1722w\" sizes=\"auto, (max-width: 735px) 100vw, 735px\" \/><\/figure>\n\n\n<div  class=\"tribe-block tribe-block__event-website\" >\n\t<a\n\t\thref=\"https:\/\/link.dice.fm\/I302e8682e4a\"\n\t\ttarget=\"_self\"\n\t\t\t>\n\t\tBUY TICKETS\t<\/a>\n<\/div>\n<\/div>\n\n\n\n<div class=\"wp-block-column is-layout-flow wp-block-column-is-layout-flow\" style=\"flex-basis:66.66%\">\n<p class=\"has-text-align-left wp-block-paragraph\">Su nombre es <strong>Raquel <\/strong>aunque art\u00edsticamente la identificamos como <strong>RAKKY RIPPER<\/strong>. Desde peque\u00f1a siempre ha cantado y escrito canciones. Comenz\u00f3 a centrarse en la m\u00fasica de manera autodidacta con 15 a\u00f1os, aprendiendo a manejar programas de edici\u00f3n musical, produciendo m\u00fasica electr\u00f3nica y experimental, grabando sus propias covers e invirtiendo poco a poco desde sus ahorros para ir creando su propio home-studio. Empez\u00f3 a generar sus primeros trabajos hace cinco a\u00f1os en torno al R&amp;B, la m\u00fasica urbana, el pop y el reggaeton.<\/p>\n\n\n\n<p class=\"has-text-align-left wp-block-paragraph\">En 2019 lanz\u00f3 su \u00e1lbum debut de manera independiente, el cual la estableci\u00f3 como una de las pioneras del hyperpop espa\u00f1ol. Apoyada por artistas nacionales e internacionales de la escena m\u00e1s mainstream como <strong>Charli XCX<\/strong> o <strong>Lola \u00cdndigo<\/strong>, ha aparecido en <strong>VOGUE <\/strong>como una de las promesas del 2021 y ha hecho una sesi\u00f3n para la <strong>BBC <\/strong>en el programa <strong><em>\u00abDiplo &amp; Friends\u00bb<\/em><\/strong>, un espacio en el que desde hace a\u00f1os el DJ y productor <strong>Diplo <\/strong>ha venido descubriendo a todas las promesas de la escena hispanohablante como <strong>Arca<\/strong>, <strong>Bad Gyal<\/strong> o <strong>Rosal\u00eda<\/strong>. Es, sin duda, un nombre a tener en cuenta como uno de los pilares fundamentales de la escena hyperpop emergente de este pa\u00eds.<\/p>\n\n\n\n<p class=\"has-text-align-left wp-block-paragraph\">Recientemente ha sido confirmada como una de las 16 propuestas candidatas a representar a Espa\u00f1a en <strong>Eurovisi\u00f3n 2022<\/strong>, formando parte de la nueva edici\u00f3n del <strong>Benidorm Fest<\/strong>.<\/p>\n\n\n\n<p class=\"has-text-align-left wp-block-paragraph\"><em>Este concierto forma parte del ciclo <strong>SONIDO MADRID<\/strong> <strong>EN VIVO 2022<\/strong> con el apoyo de <strong>MAHOU <\/strong>y <strong>MADRID EN VIVO<\/strong><\/em><\/p>\n<\/div>\n<\/div>\n\n\n\n<div style=\"height:100px\" aria-hidden=\"true\" class=\"wp-block-spacer\"><\/div>\n\n\n\n<hr class=\"wp-block-separator has-alpha-channel-opacity is-style-wide\"\/>\n\n\n\n<div style=\"height:100px\" aria-hidden=\"true\" class=\"wp-block-spacer\"><\/div>\n\n\n<h2 class=\"tribe-block__related-events__title\">Related Events<\/h2>\n\n<ul  class=\"tribe-related-events tribe-clearfix\" >\n\t\t\t<li>\n\t\n<div class=\"tribe-related-events-thumbnail\">\n\t<a href=\"https:\/\/cafelapalma.com\/en\/programacion\/funkin-donuts\/\" class=\"url\" rel=\"bookmark\" tabindex=\"-1\" aria-hidden=\"true\"><img loading=\"lazy\" decoding=\"async\" width=\"693\" height=\"1040\" src=\"https:\/\/cafelapalma.com\/wp-content\/uploads\/2026\/07\/FD-vert2-bn-693x1040.jpg\" class=\"attachment-large size-large wp-post-image\" alt=\"\" \/><\/a>\n<\/div>\n\t<div class=\"tribe-related-event-info\">\n\t<h3 class=\"tribe-related-events-title\">\n\t\t<a href=\"https:\/\/cafelapalma.com\/en\/programacion\/funkin-donuts\/\" class=\"tribe-event-url\" rel=\"bookmark\">\n\t\t\tFUNKIN&#8217; DONUTS\t\t<\/a>\n\t<\/h3>\n\t<span class=\"tribe-event-date-start\">5  September@22:00<\/span><span class=\"tribe-event-time\">23:45<\/span><\/div>\n<\/li>\n\t\t\t<li>\n\t\n<div class=\"tribe-related-events-thumbnail\">\n\t<a href=\"https:\/\/cafelapalma.com\/en\/programacion\/backstage-le-petit-truffle-mayo\/\" class=\"url\" rel=\"bookmark\" tabindex=\"-1\" aria-hidden=\"true\"><img loading=\"lazy\" decoding=\"async\" width=\"780\" height=\"1040\" src=\"https:\/\/cafelapalma.com\/wp-content\/uploads\/2026\/07\/Imagen-TruffleMayo-LePetit-i-1-780x1040.png\" class=\"attachment-large size-large wp-post-image\" alt=\"\" \/><\/a>\n<\/div>\n\t<div class=\"tribe-related-event-info\">\n\t<h3 class=\"tribe-related-events-title\">\n\t\t<a href=\"https:\/\/cafelapalma.com\/en\/programacion\/backstage-le-petit-truffle-mayo\/\" class=\"tribe-event-url\" rel=\"bookmark\">\n\t\t\tBACKSTAGE: LE PETIT + TRUFFLE MAYO\t\t<\/a>\n\t<\/h3>\n\t<span class=\"tribe-event-date-start\">5  September@23:55<\/span><\/div>\n<\/li>\n\t\t\t<li>\n\t\n<div class=\"tribe-related-events-thumbnail\">\n\t<a href=\"https:\/\/cafelapalma.com\/en\/programacion\/willie-deville-concierto-benefico-x-venezuela\/\" class=\"url\" rel=\"bookmark\" tabindex=\"-1\" aria-hidden=\"true\"><img loading=\"lazy\" decoding=\"async\" width=\"1020\" height=\"531\" src=\"https:\/\/cafelapalma.com\/wp-content\/uploads\/2026\/08\/Willie-deville-1100x572-1-1040x541.jpg\" class=\"attachment-large size-large wp-post-image\" alt=\"\" \/><\/a>\n<\/div>\n\t<div class=\"tribe-related-event-info\">\n\t<h3 class=\"tribe-related-events-title\">\n\t\t<a href=\"https:\/\/cafelapalma.com\/en\/programacion\/willie-deville-concierto-benefico-x-venezuela\/\" class=\"tribe-event-url\" rel=\"bookmark\">\n\t\t\tWILLIE DEVILLE: CONCIERTO BEN\u00c9FICO X VENEZUELA\t\t<\/a>\n\t<\/h3>\n\t<span class=\"tribe-event-date-start\">6  September@21:00<\/span><span class=\"tribe-event-time\">23:45<\/span><\/div>\n<\/li>\n\t<\/ul>","protected":false},"excerpt":{"rendered":"<p>Su nombre es Raquel aunque art\u00edsticamente la identificamos como RAKKY RIPPER. Desde peque\u00f1a siempre ha cantado y escrito canciones. Comenz\u00f3 a centrarse en la m\u00fasica de manera autodidacta con 15 a\u00f1os, aprendiendo a manejar programas de edici\u00f3n musical, produciendo m\u00fasica electr\u00f3nica y experimental, grabando sus propias covers e invirtiendo poco a poco desde sus ahorros &hellip; <\/p>","protected":false},"author":2,"featured_media":25066,"template":"","meta":{"_tec_requires_first_save":false,"_uag_custom_page_level_css":"","loftloader_page_shortcode":"","_EventAllDay":false,"_EventTimezone":"Europe\/Madrid","_EventStartDate":"2022-12-01 22:00:00","_EventEndDate":"2022-12-01 23:30:00","_EventStartDateUTC":"2022-12-01 21:00:00","_EventEndDateUTC":"2022-12-01 22:30:00","_EventShowMap":false,"_EventShowMapLink":false,"_EventURL":"https:\/\/link.dice.fm\/I302e8682e4a","_EventCost":"12","_EventCostDescription":"","_EventCurrencySymbol":"\u20ac","_EventCurrencyCode":"","_EventCurrencyPosition":"suffix","_EventDateTimeSeparator":"@","_EventTimeRangeSeparator":"-","_EventOrganizerID":[],"_EventVenueID":[0],"_OrganizerEmail":"","_OrganizerPhone":"","_OrganizerWebsite":"","_VenueAddress":"","_VenueCity":"","_VenueCountry":"","_VenueProvince":"","_VenueState":"","_VenueZip":"","_VenuePhone":"","_VenueURL":"","_VenueStateProvince":"","_VenueLat":"","_VenueLng":"","_VenueShowMap":false,"_VenueShowMapLink":false,"_tribe_blocks_recurrence_rules":"","_tribe_blocks_recurrence_description":"","_tribe_blocks_recurrence_exclusions":"","_ecp_custom_2":"","_tribe_events_status":"","_tribe_events_status_reason":"","_tribe_events_is_hybrid":"","_tribe_events_is_virtual":"","_tribe_events_virtual_video_source":"","_tribe_events_virtual_embed_video":"","_tribe_events_virtual_linked_button_text":"","_tribe_events_virtual_linked_button":"","_tribe_events_virtual_show_embed_at":"","_tribe_events_virtual_show_embed_to":[],"_tribe_events_virtual_show_on_event":"","_tribe_events_virtual_show_on_views":"","_tribe_events_virtual_url":"","footnotes":""},"tags":[12596,8869,1363,12592,2865,9147,9146,12594,12593,1357,12602,9623,12595,9746,12316,9224,12369,12598,12600,12599,12601,12591,12597],"tribe_events_cat":[8963],"class_list":["post-25064","tribe_events","type-tribe_events","status-publish","has-post-thumbnail","hentry","tag-benidorm-fest","tag-cafe-la-palma-2","tag-cafe-la-palma","tag-charli-xcx","tag-conciertos-cafe-la-palma","tag-conciertos-madrid","tag-conciertos-malasana","tag-diplo","tag-diplo-friends","tag-electronica","tag-escenarios-mahou","tag-escenarios-vibra-mahou","tag-eurovision-2022","tag-hyperpop","tag-kos-entertainment","tag-la-noche-en-vivo","tag-madrid-en-vivo","tag-mahou","tag-mahou-5-estrellas","tag-mahou-cinco-estrellas","tag-mahou-san-miguel","tag-rakky-ripper","tag-sonido-madrid-en-vivo-2022","tribe_events_cat-concierto","cat_concierto"],"uagb_featured_image_src":{"full":["https:\/\/cafelapalma.com\/wp-content\/uploads\/2022\/11\/RAKKYSHOT.jpg",900,900,false],"thumbnail":["https:\/\/cafelapalma.com\/wp-content\/uploads\/2022\/11\/RAKKYSHOT-150x150.jpg",150,150,true],"medium":["https:\/\/cafelapalma.com\/wp-content\/uploads\/2022\/11\/RAKKYSHOT-300x300.jpg",300,300,true],"medium_large":["https:\/\/cafelapalma.com\/wp-content\/uploads\/2022\/11\/RAKKYSHOT-768x768.jpg",768,768,true],"large":["https:\/\/cafelapalma.com\/wp-content\/uploads\/2022\/11\/RAKKYSHOT.jpg",900,900,false],"1536x1536":["https:\/\/cafelapalma.com\/wp-content\/uploads\/2022\/11\/RAKKYSHOT.jpg",900,900,false],"2048x2048":["https:\/\/cafelapalma.com\/wp-content\/uploads\/2022\/11\/RAKKYSHOT.jpg",900,900,false],"trp-custom-language-flag":["https:\/\/cafelapalma.com\/wp-content\/uploads\/2022\/11\/RAKKYSHOT.jpg",12,12,false],"blossom-feminine-slider":["https:\/\/cafelapalma.com\/wp-content\/uploads\/2022\/11\/RAKKYSHOT-900x649.jpg",900,649,true],"blossom-feminine-featured":["https:\/\/cafelapalma.com\/wp-content\/uploads\/2022\/11\/RAKKYSHOT-900x600.jpg",900,600,true],"blossom-feminine-with-sidebar":["https:\/\/cafelapalma.com\/wp-content\/uploads\/2022\/11\/RAKKYSHOT-900x600.jpg",900,600,true],"blossom-feminine-blog":["https:\/\/cafelapalma.com\/wp-content\/uploads\/2022\/11\/RAKKYSHOT-435x435.jpg",435,435,true],"blossom-feminine-cat":["https:\/\/cafelapalma.com\/wp-content\/uploads\/2022\/11\/RAKKYSHOT-450x300.jpg",450,300,true],"blossom-feminine-related":["https:\/\/cafelapalma.com\/wp-content\/uploads\/2022\/11\/RAKKYSHOT-320x200.jpg",320,200,true],"blossom-feminine-schema":["https:\/\/cafelapalma.com\/wp-content\/uploads\/2022\/11\/RAKKYSHOT-60x60.jpg",60,60,true]},"uagb_author_info":{"display_name":"Victor","author_link":"https:\/\/cafelapalma.com\/en\/author\/comunicacion\/"},"uagb_comment_info":0,"uagb_excerpt":"Su nombre es Raquel aunque art\u00edsticamente la identificamos como RAKKY RIPPER. Desde peque\u00f1a siempre ha cantado y escrito canciones. Comenz\u00f3 a centrarse en la m\u00fasica de manera autodidacta con 15 a\u00f1os, aprendiendo a manejar programas de edici\u00f3n musical, produciendo m\u00fasica electr\u00f3nica y experimental, grabando sus propias covers e invirtiendo poco a poco desde sus ahorros&hellip;","_links":{"self":[{"href":"https:\/\/cafelapalma.com\/en\/wp-json\/wp\/v2\/tribe_events\/25064","targetHints":{"allow":["GET"]}}],"collection":[{"href":"https:\/\/cafelapalma.com\/en\/wp-json\/wp\/v2\/tribe_events"}],"about":[{"href":"https:\/\/cafelapalma.com\/en\/wp-json\/wp\/v2\/types\/tribe_events"}],"author":[{"embeddable":true,"href":"https:\/\/cafelapalma.com\/en\/wp-json\/wp\/v2\/users\/2"}],"version-history":[{"count":0,"href":"https:\/\/cafelapalma.com\/en\/wp-json\/wp\/v2\/tribe_events\/25064\/revisions"}],"wp:featuredmedia":[{"embeddable":true,"href":"https:\/\/cafelapalma.com\/en\/wp-json\/wp\/v2\/media\/25066"}],"wp:attachment":[{"href":"https:\/\/cafelapalma.com\/en\/wp-json\/wp\/v2\/media?parent=25064"}],"wp:term":[{"taxonomy":"post_tag","embeddable":true,"href":"https:\/\/cafelapalma.com\/en\/wp-json\/wp\/v2\/tags?post=25064"},{"taxonomy":"tribe_events_cat","embeddable":true,"href":"https:\/\/cafelapalma.com\/en\/wp-json\/wp\/v2\/tribe_events_cat?post=25064"}],"curies":[{"name":"wp","href":"https:\/\/api.w.org\/{rel}","templated":true}]}}