{"id":25258,"date":"2022-12-12T15:32:26","date_gmt":"2022-12-12T14:32:26","guid":{"rendered":"https:\/\/cafelapalma.com\/?post_type=tribe_events&#038;p=25258"},"modified":"2022-12-12T15:32:32","modified_gmt":"2022-12-12T14:32:32","slug":"madrid-gold","status":"publish","type":"tribe_events","link":"https:\/\/cafelapalma.com\/en\/programacion\/madrid-gold\/","title":{"rendered":"MADRID GOLD"},"content":{"rendered":"<div  class=\"tribe-events-schedule tribe-clearfix\" >\n\t<p class=\"tribe-events-schedule__datetime\">\n\t\t<span class=\"tribe-events-schedule__date tribe-events-schedule__date--start\">\n\t\t\t15  January  2023\t\t<\/span>\n\n\t\t\t\t\t<span class=\"tribe-events-schedule__separator tribe-events-schedule__separator--date\">\n\t\t\t\t@\t\t\t<\/span>\n\t\t\t<span class=\"tribe-events-schedule__time tribe-events-schedule__time--start\">\n\t\t\t\t21:00\t\t\t<\/span>\n\t\t\n\t\t\t\t\t\t\t\t\t<span class=\"tribe-events-schedule__separator tribe-events-schedule__separator--time\">\n\t\t\t\t\t&#8211;\t\t\t\t<\/span>\n\t\t\t\n\t\t\t\t\t\t\t<span class=\"tribe-events-schedule__time tribe-events-schedule__time--end\">\n\t\t\t\t\t23:00\t\t\t\t<\/span>\n\t\t\t\n\t\t\t\t\t\t<\/p>\n<\/div>\n\n\n<div  class=\"tribe-block tribe-block__event-price\" >\n\t\t\t<span class=\"tribe-block__event-price__cost\"> 10\u20ac <\/span>\n\t\t\t\t<span class=\"tribe-block__event-price__description\">+ gg Anticipada | 12\u20ac Taquilla [ Incluye DOBLE DE CERVEZA o REFRESCO ]<\/span>\n\t<\/div>\n\n\n\n<div style=\"height:100px\" aria-hidden=\"true\" class=\"wp-block-spacer\"><\/div>\n\n\n\n<div class=\"wp-block-columns is-layout-flex wp-container-core-columns-is-layout-8f761849 wp-block-columns-is-layout-flex\">\n<div class=\"wp-block-column is-layout-flow wp-block-column-is-layout-flow\" style=\"flex-basis:33.33%\">\n<figure class=\"wp-block-image size-full\"><img loading=\"lazy\" decoding=\"async\" width=\"297\" height=\"420\" src=\"https:\/\/cafelapalma.com\/wp-content\/uploads\/2022\/12\/MADRID-GOLD-FEED.jpg\" alt=\"\" class=\"wp-image-25259\" srcset=\"https:\/\/cafelapalma.com\/wp-content\/uploads\/2022\/12\/MADRID-GOLD-FEED.jpg 297w, https:\/\/cafelapalma.com\/wp-content\/uploads\/2022\/12\/MADRID-GOLD-FEED-212x300.jpg 212w, https:\/\/cafelapalma.com\/wp-content\/uploads\/2022\/12\/MADRID-GOLD-FEED-42x60.jpg 42w\" sizes=\"auto, (max-width: 297px) 100vw, 297px\" \/><\/figure>\n\n\n<div  class=\"tribe-block tribe-block__event-website\" >\n\t<a\n\t\thref=\"https:\/\/link.dice.fm\/G6018f57fb97\"\n\t\ttarget=\"_self\"\n\t\t\t>\n\t\tCOMPRAR ENTRADAS\t<\/a>\n<\/div>\n<\/div>\n\n\n\n<div class=\"wp-block-column is-layout-flow wp-block-column-is-layout-flow\" style=\"flex-basis:66.66%\">\n<p class=\"has-text-align-left wp-block-paragraph\"><strong>Madrid Gold<\/strong>, fundado a finales de 2021, es un movimiento encabezado por <strong>Zehache<\/strong> y <strong>Guijosa<\/strong>, acompa\u00f1ados por innumerables artistas de todos los \u00e1mbitos referentes al audiovisual. <strong>Madrid Gold<\/strong> cuenta ya con una referencia de 10 temas titulada <strong><em>\u00abThe Golden Tapes\u00bb<\/em><\/strong>, adem\u00e1s de muchos proyectos que ver\u00e1n la luz a lo largo de 2023.<\/p>\n\n\n\n<p class=\"has-text-align-left wp-block-paragraph\"><strong>Sofos<\/strong> es el nombre art\u00edstico de <strong>Marcos Fern\u00e1ndez<\/strong>, un artista madrile\u00f1o emergente que tras 11 a\u00f1os de carrera comienza a hacerse un hueco en el panorama urbano con temas que ya superan el medio mill\u00f3n y m\u00e1s de 20.000 oyentes mensuales. Cuenta con un disco de 12 canciones llamado <strong><em>\u201cBig Fish\u201d<\/em><\/strong> y m\u00e1s de veinte singles.<\/p>\n\n\n\n<p class=\"has-text-align-left wp-block-paragraph\"><strong>Wizard<\/strong> es el nombre art\u00edstico de <strong>Marco Esteban<\/strong>, comenz\u00f3 su carrera en 2018, en 2019 sac\u00f3 su primera maqueta llamada <strong><em>\u201cFind Your Magic\u201d<\/em><\/strong>, y hasta hoy ha sacado bastantes singles y colaboraciones con m\u00e1s artistas del g\u00e9nero urbano. Este a\u00f1o sali\u00f3 <strong><em>\u201cLa fiebre del oro\u201d<\/em><\/strong>, mixtape en colaboraci\u00f3n con <strong>Zehache <\/strong>a\u00f1adiendo a terceros artistas cercanos.<\/p>\n\n\n\n<p class=\"has-text-align-left wp-block-paragraph\"><strong>\u00c1ngel Urbanz<\/strong> o <strong>UBZ<\/strong> es el <em>a.k.a<\/em>. de <strong>\u00c1ngel Mart\u00ednez<\/strong>. Rapero y productor de HipHop, hasta ahora en solitario, que cuenta con dos discos (<strong><em>\u201cPuzzle\u201d<\/em><\/strong> y <strong><em>\u201cMy Muse&#8217;s Blue Eyes\u201d<\/em><\/strong>) producidos por \u00e9l mismo, siendo el Jazz el subg\u00e9nero m\u00e1s identitario en sus canciones.<\/p>\n\n\n\n<p class=\"has-text-align-left wp-block-paragraph\"><strong>Delas<\/strong> es el a.k.a de \u00c1lvaro , rapero madrile\u00f1o residente en <strong>Opa\u00f1el <\/strong>y miembro del grupo <strong>Kilombo Crew<\/strong>. Cuenta con varios singles publicados y un \u00e1lbum en camino.<\/p>\n<\/div>\n<\/div>\n\n\n\n<div style=\"height:100px\" aria-hidden=\"true\" class=\"wp-block-spacer\"><\/div>\n\n\n\n<hr class=\"wp-block-separator has-alpha-channel-opacity is-style-wide\"\/>\n\n\n\n<div style=\"height:100px\" aria-hidden=\"true\" class=\"wp-block-spacer\"><\/div>\n\n\n<h2 class=\"tribe-block__related-events__title\">Related Events<\/h2>\n\n<ul  class=\"tribe-related-events tribe-clearfix\" >\n\t\t\t<li>\n\t\n<div class=\"tribe-related-events-thumbnail\">\n\t<a href=\"https:\/\/cafelapalma.com\/en\/programacion\/funkin-donuts\/\" class=\"url\" rel=\"bookmark\" tabindex=\"-1\" aria-hidden=\"true\"><img loading=\"lazy\" decoding=\"async\" width=\"693\" height=\"1040\" src=\"https:\/\/cafelapalma.com\/wp-content\/uploads\/2026\/07\/FD-vert2-bn-693x1040.jpg\" class=\"attachment-large size-large wp-post-image\" alt=\"\" \/><\/a>\n<\/div>\n\t<div class=\"tribe-related-event-info\">\n\t<h3 class=\"tribe-related-events-title\">\n\t\t<a href=\"https:\/\/cafelapalma.com\/en\/programacion\/funkin-donuts\/\" class=\"tribe-event-url\" rel=\"bookmark\">\n\t\t\tFUNKIN&#8217; DONUTS\t\t<\/a>\n\t<\/h3>\n\t<span class=\"tribe-event-date-start\">5  September@22:00<\/span><span class=\"tribe-event-time\">23:45<\/span><\/div>\n<\/li>\n\t\t\t<li>\n\t\n<div class=\"tribe-related-events-thumbnail\">\n\t<a href=\"https:\/\/cafelapalma.com\/en\/programacion\/backstage-le-petit-truffle-mayo\/\" class=\"url\" rel=\"bookmark\" tabindex=\"-1\" aria-hidden=\"true\"><img loading=\"lazy\" decoding=\"async\" width=\"780\" height=\"1040\" src=\"https:\/\/cafelapalma.com\/wp-content\/uploads\/2026\/07\/Imagen-TruffleMayo-LePetit-i-1-780x1040.png\" class=\"attachment-large size-large wp-post-image\" alt=\"\" \/><\/a>\n<\/div>\n\t<div class=\"tribe-related-event-info\">\n\t<h3 class=\"tribe-related-events-title\">\n\t\t<a href=\"https:\/\/cafelapalma.com\/en\/programacion\/backstage-le-petit-truffle-mayo\/\" class=\"tribe-event-url\" rel=\"bookmark\">\n\t\t\tBACKSTAGE: LE PETIT + TRUFFLE MAYO\t\t<\/a>\n\t<\/h3>\n\t<span class=\"tribe-event-date-start\">5  September@23:55<\/span><\/div>\n<\/li>\n\t\t\t<li>\n\t\n<div class=\"tribe-related-events-thumbnail\">\n\t<a href=\"https:\/\/cafelapalma.com\/en\/programacion\/willie-deville-concierto-benefico-x-venezuela\/\" class=\"url\" rel=\"bookmark\" tabindex=\"-1\" aria-hidden=\"true\"><img loading=\"lazy\" decoding=\"async\" width=\"1020\" height=\"531\" src=\"https:\/\/cafelapalma.com\/wp-content\/uploads\/2026\/08\/Willie-deville-1100x572-1-1040x541.jpg\" class=\"attachment-large size-large wp-post-image\" alt=\"\" \/><\/a>\n<\/div>\n\t<div class=\"tribe-related-event-info\">\n\t<h3 class=\"tribe-related-events-title\">\n\t\t<a href=\"https:\/\/cafelapalma.com\/en\/programacion\/willie-deville-concierto-benefico-x-venezuela\/\" class=\"tribe-event-url\" rel=\"bookmark\">\n\t\t\tWILLIE DEVILLE: CONCIERTO BEN\u00c9FICO X VENEZUELA\t\t<\/a>\n\t<\/h3>\n\t<span class=\"tribe-event-date-start\">6  September@21:00<\/span><span class=\"tribe-event-time\">23:45<\/span><\/div>\n<\/li>\n\t<\/ul>\n","protected":false},"excerpt":{"rendered":"<p>Madrid Gold, fundado a finales de 2021, es un movimiento encabezado por Zehache y Guijosa, acompa\u00f1ados por innumerables artistas de todos los \u00e1mbitos referentes al audiovisual. Madrid Gold cuenta ya con una referencia de 10 temas titulada \u00abThe Golden Tapes\u00bb, adem\u00e1s de muchos proyectos que ver\u00e1n la luz a lo largo de 2023. Sofos es &hellip; <\/p>","protected":false},"author":2,"featured_media":25260,"template":"","meta":{"_tec_requires_first_save":false,"_uag_custom_page_level_css":"","loftloader_page_shortcode":"","_EventAllDay":false,"_EventTimezone":"Europe\/Madrid","_EventStartDate":"2023-01-15 21:00:00","_EventEndDate":"2023-01-15 23:00:00","_EventStartDateUTC":"2023-01-15 20:00:00","_EventEndDateUTC":"2023-01-15 22:00:00","_EventShowMap":false,"_EventShowMapLink":false,"_EventURL":"https:\/\/link.dice.fm\/G6018f57fb97","_EventCost":"10","_EventCostDescription":"","_EventCurrencySymbol":"\u20ac","_EventCurrencyCode":"","_EventCurrencyPosition":"suffix","_EventDateTimeSeparator":"@","_EventTimeRangeSeparator":"-","_EventOrganizerID":[],"_EventVenueID":[0],"_OrganizerEmail":"","_OrganizerPhone":"","_OrganizerWebsite":"","_VenueAddress":"","_VenueCity":"","_VenueCountry":"","_VenueProvince":"","_VenueState":"","_VenueZip":"","_VenuePhone":"","_VenueURL":"","_VenueStateProvince":"","_VenueLat":"","_VenueLng":"","_VenueShowMap":false,"_VenueShowMapLink":false,"_tribe_blocks_recurrence_rules":"","_tribe_blocks_recurrence_description":"","_tribe_blocks_recurrence_exclusions":"","_ecp_custom_2":"","_tribe_events_status":"","_tribe_events_status_reason":"","_tribe_events_is_hybrid":"","_tribe_events_is_virtual":"","_tribe_events_virtual_video_source":"","_tribe_events_virtual_embed_video":"","_tribe_events_virtual_linked_button_text":"","_tribe_events_virtual_linked_button":"","_tribe_events_virtual_show_embed_at":"","_tribe_events_virtual_show_embed_to":[],"_tribe_events_virtual_show_on_event":"","_tribe_events_virtual_show_on_views":"","_tribe_events_virtual_url":"","footnotes":""},"tags":[12737,12735,12731,1363,8869,2865,9147,9146,12726,12740,12733,12728,12729,9352,12734,12724,12732,12730,9413,12739,12738,2395,10976,12725,12736,9349,10127,12723,11833,12727],"tribe_events_cat":[8963],"class_list":["post-25258","tribe_events","type-tribe_events","status-publish","has-post-thumbnail","hentry","tag-angel-martinez","tag-angel-urbanz","tag-big-fish","tag-cafe-la-palma","tag-cafe-la-palma-2","tag-conciertos-cafe-la-palma","tag-conciertos-madrid","tag-conciertos-malasana","tag-dalba","tag-delas-kilombo-crew","tag-find-your-magic","tag-guijosa","tag-guijxsv","tag-hip-hop-2","tag-la-fiebre-del-oro","tag-madrid-gold","tag-marco-esteban","tag-marcos-fernandez","tag-musica-urbana","tag-my-muses-blue-eyes","tag-puzzle","tag-rap","tag-sofos","tag-the-golden-tapes","tag-ubz","tag-urban","tag-urban-music","tag-urbana","tag-wizard","tag-zehache","tribe_events_cat-concierto","cat_concierto"],"uagb_featured_image_src":{"full":["https:\/\/cafelapalma.com\/wp-content\/uploads\/2022\/12\/MADRIDGOLDPIC.jpg",1200,1600,false],"thumbnail":["https:\/\/cafelapalma.com\/wp-content\/uploads\/2022\/12\/MADRIDGOLDPIC-150x150.jpg",150,150,true],"medium":["https:\/\/cafelapalma.com\/wp-content\/uploads\/2022\/12\/MADRIDGOLDPIC-225x300.jpg",225,300,true],"medium_large":["https:\/\/cafelapalma.com\/wp-content\/uploads\/2022\/12\/MADRIDGOLDPIC-768x1024.jpg",768,1024,true],"large":["https:\/\/cafelapalma.com\/wp-content\/uploads\/2022\/12\/MADRIDGOLDPIC-780x1040.jpg",780,1040,true],"1536x1536":["https:\/\/cafelapalma.com\/wp-content\/uploads\/2022\/12\/MADRIDGOLDPIC-1152x1536.jpg",1152,1536,true],"2048x2048":["https:\/\/cafelapalma.com\/wp-content\/uploads\/2022\/12\/MADRIDGOLDPIC.jpg",1200,1600,false],"trp-custom-language-flag":["https:\/\/cafelapalma.com\/wp-content\/uploads\/2022\/12\/MADRIDGOLDPIC.jpg",9,12,false],"blossom-feminine-slider":["https:\/\/cafelapalma.com\/wp-content\/uploads\/2022\/12\/MADRIDGOLDPIC-1200x649.jpg",1200,649,true],"blossom-feminine-featured":["https:\/\/cafelapalma.com\/wp-content\/uploads\/2022\/12\/MADRIDGOLDPIC-1200x600.jpg",1200,600,true],"blossom-feminine-with-sidebar":["https:\/\/cafelapalma.com\/wp-content\/uploads\/2022\/12\/MADRIDGOLDPIC-1020x600.jpg",1020,600,true],"blossom-feminine-blog":["https:\/\/cafelapalma.com\/wp-content\/uploads\/2022\/12\/MADRIDGOLDPIC-435x435.jpg",435,435,true],"blossom-feminine-cat":["https:\/\/cafelapalma.com\/wp-content\/uploads\/2022\/12\/MADRIDGOLDPIC-450x300.jpg",450,300,true],"blossom-feminine-related":["https:\/\/cafelapalma.com\/wp-content\/uploads\/2022\/12\/MADRIDGOLDPIC-320x200.jpg",320,200,true],"blossom-feminine-schema":["https:\/\/cafelapalma.com\/wp-content\/uploads\/2022\/12\/MADRIDGOLDPIC-45x60.jpg",45,60,true]},"uagb_author_info":{"display_name":"Victor","author_link":"https:\/\/cafelapalma.com\/en\/author\/comunicacion\/"},"uagb_comment_info":0,"uagb_excerpt":"Madrid Gold, fundado a finales de 2021, es un movimiento encabezado por Zehache y Guijosa, acompa\u00f1ados por innumerables artistas de todos los \u00e1mbitos referentes al audiovisual. Madrid Gold cuenta ya con una referencia de 10 temas titulada \u00abThe Golden Tapes\u00bb, adem\u00e1s de muchos proyectos que ver\u00e1n la luz a lo largo de 2023. Sofos es&hellip;","_links":{"self":[{"href":"https:\/\/cafelapalma.com\/en\/wp-json\/wp\/v2\/tribe_events\/25258","targetHints":{"allow":["GET"]}}],"collection":[{"href":"https:\/\/cafelapalma.com\/en\/wp-json\/wp\/v2\/tribe_events"}],"about":[{"href":"https:\/\/cafelapalma.com\/en\/wp-json\/wp\/v2\/types\/tribe_events"}],"author":[{"embeddable":true,"href":"https:\/\/cafelapalma.com\/en\/wp-json\/wp\/v2\/users\/2"}],"version-history":[{"count":0,"href":"https:\/\/cafelapalma.com\/en\/wp-json\/wp\/v2\/tribe_events\/25258\/revisions"}],"wp:featuredmedia":[{"embeddable":true,"href":"https:\/\/cafelapalma.com\/en\/wp-json\/wp\/v2\/media\/25260"}],"wp:attachment":[{"href":"https:\/\/cafelapalma.com\/en\/wp-json\/wp\/v2\/media?parent=25258"}],"wp:term":[{"taxonomy":"post_tag","embeddable":true,"href":"https:\/\/cafelapalma.com\/en\/wp-json\/wp\/v2\/tags?post=25258"},{"taxonomy":"tribe_events_cat","embeddable":true,"href":"https:\/\/cafelapalma.com\/en\/wp-json\/wp\/v2\/tribe_events_cat?post=25258"}],"curies":[{"name":"wp","href":"https:\/\/api.w.org\/{rel}","templated":true}]}}