{"id":25302,"date":"2022-12-15T14:36:11","date_gmt":"2022-12-15T13:36:11","guid":{"rendered":"https:\/\/cafelapalma.com\/?post_type=tribe_events&#038;p=25302"},"modified":"2022-12-15T14:36:12","modified_gmt":"2022-12-15T13:36:12","slug":"triple-check-santas","status":"publish","type":"tribe_events","link":"https:\/\/cafelapalma.com\/en\/programacion\/triple-check-santas\/","title":{"rendered":"TRIPLE CHECK + SANTAS"},"content":{"rendered":"<div  class=\"tribe-events-schedule tribe-clearfix\" >\n\t<p class=\"tribe-events-schedule__datetime\">\n\t\t<span class=\"tribe-events-schedule__date tribe-events-schedule__date--start\">\n\t\t\t04  February  2023\t\t<\/span>\n\n\t\t\t\t\t<span class=\"tribe-events-schedule__separator tribe-events-schedule__separator--date\">\n\t\t\t\t@\t\t\t<\/span>\n\t\t\t<span class=\"tribe-events-schedule__time tribe-events-schedule__time--start\">\n\t\t\t\t21:00\t\t\t<\/span>\n\t\t\n\t\t\t\t\t\t\t\t\t<span class=\"tribe-events-schedule__separator tribe-events-schedule__separator--time\">\n\t\t\t\t\t&#8211;\t\t\t\t<\/span>\n\t\t\t\n\t\t\t\t\t\t\t<span class=\"tribe-events-schedule__time tribe-events-schedule__time--end\">\n\t\t\t\t\t23:45\t\t\t\t<\/span>\n\t\t\t\n\t\t\t\t\t\t<\/p>\n<\/div>\n\n\n<div  class=\"tribe-block tribe-block__event-price\" >\n\t\t\t<span class=\"tribe-block__event-price__cost\"> 15\u20ac <\/span>\n\t\t\t\t<span class=\"tribe-block__event-price__description\">+ gg Anticipada | 17\u20ac Taquilla<\/span>\n\t<\/div>\n\n\n\n<div style=\"height:100px\" aria-hidden=\"true\" class=\"wp-block-spacer\"><\/div>\n\n\n\n<div class=\"wp-block-columns is-layout-flex wp-container-core-columns-is-layout-8f761849 wp-block-columns-is-layout-flex\">\n<div class=\"wp-block-column is-layout-flow wp-block-column-is-layout-flow\" style=\"flex-basis:33.33%\">\n<figure class=\"wp-block-image size-full\"><img loading=\"lazy\" decoding=\"async\" width=\"430\" height=\"608\" src=\"https:\/\/cafelapalma.com\/wp-content\/uploads\/2022\/12\/3SANTAS-A3.png\" alt=\"\" class=\"wp-image-25303\" srcset=\"https:\/\/cafelapalma.com\/wp-content\/uploads\/2022\/12\/3SANTAS-A3.png 430w, https:\/\/cafelapalma.com\/wp-content\/uploads\/2022\/12\/3SANTAS-A3-212x300.png 212w, https:\/\/cafelapalma.com\/wp-content\/uploads\/2022\/12\/3SANTAS-A3-42x60.png 42w\" sizes=\"auto, (max-width: 430px) 100vw, 430px\" \/><\/figure>\n\n\n<div  class=\"tribe-block tribe-block__event-website\" >\n\t<a\n\t\thref=\"https:\/\/link.dice.fm\/V83d815d110b\"\n\t\ttarget=\"_self\"\n\t\t\t>\n\t\tBUY TICKETS\t<\/a>\n<\/div>\n<\/div>\n\n\n\n<div class=\"wp-block-column is-layout-flow wp-block-column-is-layout-flow\" style=\"flex-basis:66.66%\">\n<div style=\"height:100px\" aria-hidden=\"true\" class=\"wp-block-spacer\"><\/div>\n\n\n\n<p class=\"has-text-align-left wp-block-paragraph\">\u00a1Dale la bienvenida al tr\u00edo de pop-rock m\u00e1s joven y talentoso de Espa\u00f1a: <strong>TRIPLE CHECK<\/strong>! El power trio formado por <strong>Felipe<\/strong>, <strong>Miguel <\/strong>y <strong>Diego <\/strong>ha creado un estilo \u00fanico y en\u00e9rgico que te pondr\u00e1 a bailar y cantar. Con m\u00e1s de un mill\u00f3n de reproducciones en <strong>Spotify <\/strong>y varios conciertos por toda <strong>Espa\u00f1a<\/strong>, <strong>Triple Check<\/strong> se ha convertido en uno de los grupos m\u00e1s populares de su g\u00e9nero.<\/p>\n\n\n\n<p class=\"has-text-align-left wp-block-paragraph\"><strong>SANTAS <\/strong>es un grupo compuesto por dos hermanos residentes en Madrid con mucha influencia anglosajona a la hora de componer. Pese a tener muchos estilos o corrientes musicales como referencia, lo que m\u00e1s les define es una mezcla de g\u00e9neros como el pop, el folk, el rock y la m\u00fasica independiente y alternativa.<\/p>\n<\/div>\n<\/div>\n\n\n\n<div style=\"height:100px\" aria-hidden=\"true\" class=\"wp-block-spacer\"><\/div>\n\n\n\n<hr class=\"wp-block-separator has-alpha-channel-opacity is-style-wide\"\/>\n\n\n\n<div style=\"height:100px\" aria-hidden=\"true\" class=\"wp-block-spacer\"><\/div>\n\n\n<h2 class=\"tribe-block__related-events__title\">Related Events<\/h2>\n\n<ul  class=\"tribe-related-events tribe-clearfix\" >\n\t\t\t<li>\n\t\n<div class=\"tribe-related-events-thumbnail\">\n\t<a href=\"https:\/\/cafelapalma.com\/en\/programacion\/funkin-donuts\/\" class=\"url\" rel=\"bookmark\" tabindex=\"-1\" aria-hidden=\"true\"><img loading=\"lazy\" decoding=\"async\" width=\"693\" height=\"1040\" src=\"https:\/\/cafelapalma.com\/wp-content\/uploads\/2026\/07\/FD-vert2-bn-693x1040.jpg\" class=\"attachment-large size-large wp-post-image\" alt=\"\" \/><\/a>\n<\/div>\n\t<div class=\"tribe-related-event-info\">\n\t<h3 class=\"tribe-related-events-title\">\n\t\t<a href=\"https:\/\/cafelapalma.com\/en\/programacion\/funkin-donuts\/\" class=\"tribe-event-url\" rel=\"bookmark\">\n\t\t\tFUNKIN&#8217; DONUTS\t\t<\/a>\n\t<\/h3>\n\t<span class=\"tribe-event-date-start\">5  September@22:00<\/span><span class=\"tribe-event-time\">23:45<\/span><\/div>\n<\/li>\n\t\t\t<li>\n\t\n<div class=\"tribe-related-events-thumbnail\">\n\t<a href=\"https:\/\/cafelapalma.com\/en\/programacion\/backstage-le-petit-truffle-mayo\/\" class=\"url\" rel=\"bookmark\" tabindex=\"-1\" aria-hidden=\"true\"><img loading=\"lazy\" decoding=\"async\" width=\"780\" height=\"1040\" src=\"https:\/\/cafelapalma.com\/wp-content\/uploads\/2026\/07\/Imagen-TruffleMayo-LePetit-i-1-780x1040.png\" class=\"attachment-large size-large wp-post-image\" alt=\"\" \/><\/a>\n<\/div>\n\t<div class=\"tribe-related-event-info\">\n\t<h3 class=\"tribe-related-events-title\">\n\t\t<a href=\"https:\/\/cafelapalma.com\/en\/programacion\/backstage-le-petit-truffle-mayo\/\" class=\"tribe-event-url\" rel=\"bookmark\">\n\t\t\tBACKSTAGE: LE PETIT + TRUFFLE MAYO\t\t<\/a>\n\t<\/h3>\n\t<span class=\"tribe-event-date-start\">5  September@23:55<\/span><\/div>\n<\/li>\n\t\t\t<li>\n\t\n<div class=\"tribe-related-events-thumbnail\">\n\t<a href=\"https:\/\/cafelapalma.com\/en\/programacion\/willie-deville-concierto-benefico-x-venezuela\/\" class=\"url\" rel=\"bookmark\" tabindex=\"-1\" aria-hidden=\"true\"><img loading=\"lazy\" decoding=\"async\" width=\"1020\" height=\"531\" src=\"https:\/\/cafelapalma.com\/wp-content\/uploads\/2026\/08\/Willie-deville-1100x572-1-1040x541.jpg\" class=\"attachment-large size-large wp-post-image\" alt=\"\" \/><\/a>\n<\/div>\n\t<div class=\"tribe-related-event-info\">\n\t<h3 class=\"tribe-related-events-title\">\n\t\t<a href=\"https:\/\/cafelapalma.com\/en\/programacion\/willie-deville-concierto-benefico-x-venezuela\/\" class=\"tribe-event-url\" rel=\"bookmark\">\n\t\t\tWILLIE DEVILLE: CONCIERTO BEN\u00c9FICO X VENEZUELA\t\t<\/a>\n\t<\/h3>\n\t<span class=\"tribe-event-date-start\">6  September@21:00<\/span><span class=\"tribe-event-time\">23:45<\/span><\/div>\n<\/li>\n\t<\/ul>","protected":false},"excerpt":{"rendered":"<p>\u00a1Dale la bienvenida al tr\u00edo de pop-rock m\u00e1s joven y talentoso de Espa\u00f1a: TRIPLE CHECK! El power trio formado por Felipe, Miguel y Diego ha creado un estilo \u00fanico y en\u00e9rgico que te pondr\u00e1 a bailar y cantar. Con m\u00e1s de un mill\u00f3n de reproducciones en Spotify y varios conciertos por toda Espa\u00f1a, Triple Check &hellip; <\/p>","protected":false},"author":2,"featured_media":25304,"template":"","meta":{"_tec_requires_first_save":false,"_uag_custom_page_level_css":"","loftloader_page_shortcode":"","_EventAllDay":false,"_EventTimezone":"Europe\/Madrid","_EventStartDate":"2023-02-04 21:00:00","_EventEndDate":"2023-02-04 23:45:00","_EventStartDateUTC":"2023-02-04 20:00:00","_EventEndDateUTC":"2023-02-04 22:45:00","_EventShowMap":false,"_EventShowMapLink":false,"_EventURL":"https:\/\/link.dice.fm\/V83d815d110b","_EventCost":"15","_EventCostDescription":"","_EventCurrencySymbol":"\u20ac","_EventCurrencyCode":"","_EventCurrencyPosition":"suffix","_EventDateTimeSeparator":"@","_EventTimeRangeSeparator":"-","_EventOrganizerID":[],"_EventVenueID":[0],"_OrganizerEmail":"","_OrganizerPhone":"","_OrganizerWebsite":"","_VenueAddress":"","_VenueCity":"","_VenueCountry":"","_VenueProvince":"","_VenueState":"","_VenueZip":"","_VenuePhone":"","_VenueURL":"","_VenueStateProvince":"","_VenueLat":"","_VenueLng":"","_VenueShowMap":false,"_VenueShowMapLink":false,"_tribe_blocks_recurrence_rules":"","_tribe_blocks_recurrence_description":"","_tribe_blocks_recurrence_exclusions":"","_ecp_custom_2":"","_tribe_events_status":"","_tribe_events_status_reason":"","_tribe_events_is_hybrid":"","_tribe_events_is_virtual":"","_tribe_events_virtual_video_source":"","_tribe_events_virtual_embed_video":"","_tribe_events_virtual_linked_button_text":"","_tribe_events_virtual_linked_button":"","_tribe_events_virtual_show_embed_at":"","_tribe_events_virtual_show_embed_to":[],"_tribe_events_virtual_show_on_event":"","_tribe_events_virtual_show_on_views":"","_tribe_events_virtual_url":"","footnotes":""},"tags":[1363,8869,2865,9147,9146,1355,12777,12776],"tribe_events_cat":[8963],"class_list":["post-25302","tribe_events","type-tribe_events","status-publish","has-post-thumbnail","hentry","tag-cafe-la-palma","tag-cafe-la-palma-2","tag-conciertos-cafe-la-palma","tag-conciertos-madrid","tag-conciertos-malasana","tag-pop","tag-santas","tag-triple-check","tribe_events_cat-concierto","cat_concierto"],"uagb_featured_image_src":{"full":["https:\/\/cafelapalma.com\/wp-content\/uploads\/2022\/12\/3checkpiclow.jpg",418,627,false],"thumbnail":["https:\/\/cafelapalma.com\/wp-content\/uploads\/2022\/12\/3checkpiclow-150x150.jpg",150,150,true],"medium":["https:\/\/cafelapalma.com\/wp-content\/uploads\/2022\/12\/3checkpiclow-200x300.jpg",200,300,true],"medium_large":["https:\/\/cafelapalma.com\/wp-content\/uploads\/2022\/12\/3checkpiclow.jpg",418,627,false],"large":["https:\/\/cafelapalma.com\/wp-content\/uploads\/2022\/12\/3checkpiclow.jpg",418,627,false],"1536x1536":["https:\/\/cafelapalma.com\/wp-content\/uploads\/2022\/12\/3checkpiclow.jpg",418,627,false],"2048x2048":["https:\/\/cafelapalma.com\/wp-content\/uploads\/2022\/12\/3checkpiclow.jpg",418,627,false],"trp-custom-language-flag":["https:\/\/cafelapalma.com\/wp-content\/uploads\/2022\/12\/3checkpiclow.jpg",8,12,false],"blossom-feminine-slider":["https:\/\/cafelapalma.com\/wp-content\/uploads\/2022\/12\/3checkpiclow.jpg",418,627,false],"blossom-feminine-featured":["https:\/\/cafelapalma.com\/wp-content\/uploads\/2022\/12\/3checkpiclow-418x600.jpg",418,600,true],"blossom-feminine-with-sidebar":["https:\/\/cafelapalma.com\/wp-content\/uploads\/2022\/12\/3checkpiclow-418x600.jpg",418,600,true],"blossom-feminine-blog":["https:\/\/cafelapalma.com\/wp-content\/uploads\/2022\/12\/3checkpiclow-418x435.jpg",418,435,true],"blossom-feminine-cat":["https:\/\/cafelapalma.com\/wp-content\/uploads\/2022\/12\/3checkpiclow-418x300.jpg",418,300,true],"blossom-feminine-related":["https:\/\/cafelapalma.com\/wp-content\/uploads\/2022\/12\/3checkpiclow-320x200.jpg",320,200,true],"blossom-feminine-schema":["https:\/\/cafelapalma.com\/wp-content\/uploads\/2022\/12\/3checkpiclow-40x60.jpg",40,60,true]},"uagb_author_info":{"display_name":"Victor","author_link":"https:\/\/cafelapalma.com\/en\/author\/comunicacion\/"},"uagb_comment_info":0,"uagb_excerpt":"\u00a1Dale la bienvenida al tr\u00edo de pop-rock m\u00e1s joven y talentoso de Espa\u00f1a: TRIPLE CHECK! El power trio formado por Felipe, Miguel y Diego ha creado un estilo \u00fanico y en\u00e9rgico que te pondr\u00e1 a bailar y cantar. Con m\u00e1s de un mill\u00f3n de reproducciones en Spotify y varios conciertos por toda Espa\u00f1a, Triple Check&hellip;","_links":{"self":[{"href":"https:\/\/cafelapalma.com\/en\/wp-json\/wp\/v2\/tribe_events\/25302","targetHints":{"allow":["GET"]}}],"collection":[{"href":"https:\/\/cafelapalma.com\/en\/wp-json\/wp\/v2\/tribe_events"}],"about":[{"href":"https:\/\/cafelapalma.com\/en\/wp-json\/wp\/v2\/types\/tribe_events"}],"author":[{"embeddable":true,"href":"https:\/\/cafelapalma.com\/en\/wp-json\/wp\/v2\/users\/2"}],"version-history":[{"count":0,"href":"https:\/\/cafelapalma.com\/en\/wp-json\/wp\/v2\/tribe_events\/25302\/revisions"}],"wp:featuredmedia":[{"embeddable":true,"href":"https:\/\/cafelapalma.com\/en\/wp-json\/wp\/v2\/media\/25304"}],"wp:attachment":[{"href":"https:\/\/cafelapalma.com\/en\/wp-json\/wp\/v2\/media?parent=25302"}],"wp:term":[{"taxonomy":"post_tag","embeddable":true,"href":"https:\/\/cafelapalma.com\/en\/wp-json\/wp\/v2\/tags?post=25302"},{"taxonomy":"tribe_events_cat","embeddable":true,"href":"https:\/\/cafelapalma.com\/en\/wp-json\/wp\/v2\/tribe_events_cat?post=25302"}],"curies":[{"name":"wp","href":"https:\/\/api.w.org\/{rel}","templated":true}]}}