{"id":25526,"date":"2023-01-12T19:06:24","date_gmt":"2023-01-12T18:06:24","guid":{"rendered":"https:\/\/cafelapalma.com\/?post_type=tribe_events&#038;p=25526"},"modified":"2023-03-09T13:09:23","modified_gmt":"2023-03-09T12:09:23","slug":"sound-isidro-2023-teo-planell","status":"publish","type":"tribe_events","link":"https:\/\/cafelapalma.com\/en\/programacion\/sound-isidro-2023-teo-planell\/","title":{"rendered":"SOUND ISIDRO 2023: TEO PLANELL"},"content":{"rendered":"<div  class=\"tribe-events-schedule tribe-clearfix\" >\n\t<p class=\"tribe-events-schedule__datetime\">\n\t\t<span class=\"tribe-events-schedule__date tribe-events-schedule__date--start\">\n\t\t\t21  April  2023\t\t<\/span>\n\n\t\t\t\t\t<span class=\"tribe-events-schedule__separator tribe-events-schedule__separator--date\">\n\t\t\t\t@\t\t\t<\/span>\n\t\t\t<span class=\"tribe-events-schedule__time tribe-events-schedule__time--start\">\n\t\t\t\t22:00\t\t\t<\/span>\n\t\t\n\t\t\t\t\t\t\t\t\t<span class=\"tribe-events-schedule__separator tribe-events-schedule__separator--time\">\n\t\t\t\t\t&#8211;\t\t\t\t<\/span>\n\t\t\t\n\t\t\t\t\t\t\t<span class=\"tribe-events-schedule__time tribe-events-schedule__time--end\">\n\t\t\t\t\t23:45\t\t\t\t<\/span>\n\t\t\t\n\t\t\t\t\t\t<\/p>\n<\/div>\n\n\n<div  class=\"tribe-block tribe-block__event-price\" >\n\t\t\t<span class=\"tribe-block__event-price__cost\"> 12\u20ac <\/span>\n\t\t\t\t<span class=\"tribe-block__event-price__description\">+ gg Anticipada | 15\u20ac Taquilla<\/span>\n\t<\/div>\n\n\n\n<div style=\"height:100px\" aria-hidden=\"true\" class=\"wp-block-spacer\"><\/div>\n\n\n\n<div class=\"wp-block-columns is-layout-flex wp-container-core-columns-is-layout-8f761849 wp-block-columns-is-layout-flex\">\n<div class=\"wp-block-column is-layout-flow wp-block-column-is-layout-flow\" style=\"flex-basis:33.33%\">\n<figure class=\"wp-block-image size-large\"><img loading=\"lazy\" decoding=\"async\" width=\"1040\" height=\"1040\" src=\"https:\/\/cafelapalma.com\/wp-content\/uploads\/2023\/01\/teoplanellsi23-1040x1040.jpg\" alt=\"\" class=\"wp-image-25527\" srcset=\"https:\/\/cafelapalma.com\/wp-content\/uploads\/2023\/01\/teoplanellsi23-1040x1040.jpg 1040w, https:\/\/cafelapalma.com\/wp-content\/uploads\/2023\/01\/teoplanellsi23-300x300.jpg 300w, https:\/\/cafelapalma.com\/wp-content\/uploads\/2023\/01\/teoplanellsi23-150x150.jpg 150w, https:\/\/cafelapalma.com\/wp-content\/uploads\/2023\/01\/teoplanellsi23-768x768.jpg 768w, https:\/\/cafelapalma.com\/wp-content\/uploads\/2023\/01\/teoplanellsi23-435x435.jpg 435w, https:\/\/cafelapalma.com\/wp-content\/uploads\/2023\/01\/teoplanellsi23-60x60.jpg 60w, https:\/\/cafelapalma.com\/wp-content\/uploads\/2023\/01\/teoplanellsi23.jpg 1080w\" sizes=\"auto, (max-width: 1040px) 100vw, 1040px\" \/><\/figure>\n\n\n<div  class=\"tribe-block tribe-block__event-website\" >\n\t<a\n\t\thref=\"https:\/\/link.dice.fm\/K105a068c91f\"\n\t\ttarget=\"_self\"\n\t\t\t>\n\t\tBUY TICKETS\t<\/a>\n<\/div>\n<\/div>\n\n\n\n<div class=\"wp-block-column is-layout-flow wp-block-column-is-layout-flow\" style=\"flex-basis:66.66%\">\n<p class=\"has-text-align-left wp-block-paragraph\"><strong>Teo Planell<\/strong> subi\u00f3 su primera canci\u00f3n a <strong>Spotify <\/strong>a principios de 2021. Sin embargo, el aspecto experimental y la variedad de texturas de su corta obra hace que sea dif\u00edcil adivinar cu\u00e1nto tiempo lleva haciendo m\u00fasica. En sus trabajos encontramos los sonidos de una persona con a\u00f1os y a\u00f1os de experiencia, llev\u00e1ndole a experimentar sin ning\u00fan tipo de pudor ni l\u00edmite. La cosa es que <strong>Teo Planell <\/strong>tiene solo 18 a\u00f1os.<\/p>\n\n\n\n<p class=\"has-text-align-left wp-block-paragraph\">Cambiando entre el ingl\u00e9s y el espa\u00f1ol, este artista madrile\u00f1o construye canciones que se transforman en el lapso de unos segundos y que son dif\u00edcilmente etiquetables. Sus temas tienen un objetivo claro, y es encontrar el punto perfecto entre lo pop y lo experimental, porque pese a lo futurista que son sus bases y mezclas de g\u00e9neros, esto no quita que sus canciones no sean pegadizas.<\/p>\n\n\n\n<p class=\"has-text-align-left wp-block-paragraph\">Desde el indie folk hasta el R&amp;B experimental, hemos escuchado algo parecido en la m\u00fasica de <strong>Frank Ocean<\/strong> y <strong>Dijon<\/strong>, y en artistas nacionales contempor\u00e1neos como <strong>rusowsky <\/strong>o <strong>Ralphie Choo<\/strong>.<\/p>\n\n\n\n<p class=\"has-text-align-left wp-block-paragraph\"><strong>Sound Isidro 2023<\/strong>&nbsp;ha confirmado su regreso durante los meses de abril y mayo, en plena primavera. El ciclo madrile\u00f1o volver\u00e1 a llevar a algunas de las bandas m\u00e1s interesantes del momento a las salas m\u00e1s emblem\u00e1ticas de la ciudad.<\/p>\n<\/div>\n<\/div>\n\n\n\n<div style=\"height:100px\" aria-hidden=\"true\" class=\"wp-block-spacer\"><\/div>\n\n\n\n<hr class=\"wp-block-separator has-alpha-channel-opacity is-style-wide\"\/>\n\n\n\n<div style=\"height:100px\" aria-hidden=\"true\" class=\"wp-block-spacer\"><\/div>\n\n\n<h2 class=\"tribe-block__related-events__title\">Related Events<\/h2>\n\n<ul  class=\"tribe-related-events tribe-clearfix\" >\n\t\t\t<li>\n\t\n<div class=\"tribe-related-events-thumbnail\">\n\t<a href=\"https:\/\/cafelapalma.com\/en\/programacion\/funkin-donuts\/\" class=\"url\" rel=\"bookmark\" tabindex=\"-1\" aria-hidden=\"true\"><img loading=\"lazy\" decoding=\"async\" width=\"693\" height=\"1040\" src=\"https:\/\/cafelapalma.com\/wp-content\/uploads\/2026\/07\/FD-vert2-bn-693x1040.jpg\" class=\"attachment-large size-large wp-post-image\" alt=\"\" \/><\/a>\n<\/div>\n\t<div class=\"tribe-related-event-info\">\n\t<h3 class=\"tribe-related-events-title\">\n\t\t<a href=\"https:\/\/cafelapalma.com\/en\/programacion\/funkin-donuts\/\" class=\"tribe-event-url\" rel=\"bookmark\">\n\t\t\tFUNKIN&#8217; DONUTS\t\t<\/a>\n\t<\/h3>\n\t<span class=\"tribe-event-date-start\">5  September@22:00<\/span><span class=\"tribe-event-time\">23:45<\/span><\/div>\n<\/li>\n\t\t\t<li>\n\t\n<div class=\"tribe-related-events-thumbnail\">\n\t<a href=\"https:\/\/cafelapalma.com\/en\/programacion\/backstage-le-petit-truffle-mayo\/\" class=\"url\" rel=\"bookmark\" tabindex=\"-1\" aria-hidden=\"true\"><img loading=\"lazy\" decoding=\"async\" width=\"780\" height=\"1040\" src=\"https:\/\/cafelapalma.com\/wp-content\/uploads\/2026\/07\/Imagen-TruffleMayo-LePetit-i-1-780x1040.png\" class=\"attachment-large size-large wp-post-image\" alt=\"\" \/><\/a>\n<\/div>\n\t<div class=\"tribe-related-event-info\">\n\t<h3 class=\"tribe-related-events-title\">\n\t\t<a href=\"https:\/\/cafelapalma.com\/en\/programacion\/backstage-le-petit-truffle-mayo\/\" class=\"tribe-event-url\" rel=\"bookmark\">\n\t\t\tBACKSTAGE: LE PETIT + TRUFFLE MAYO\t\t<\/a>\n\t<\/h3>\n\t<span class=\"tribe-event-date-start\">5  September@23:55<\/span><\/div>\n<\/li>\n\t\t\t<li>\n\t\n<div class=\"tribe-related-events-thumbnail\">\n\t<a href=\"https:\/\/cafelapalma.com\/en\/programacion\/willie-deville-concierto-benefico-x-venezuela\/\" class=\"url\" rel=\"bookmark\" tabindex=\"-1\" aria-hidden=\"true\"><img loading=\"lazy\" decoding=\"async\" width=\"1020\" height=\"531\" src=\"https:\/\/cafelapalma.com\/wp-content\/uploads\/2026\/08\/Willie-deville-1100x572-1-1040x541.jpg\" class=\"attachment-large size-large wp-post-image\" alt=\"\" \/><\/a>\n<\/div>\n\t<div class=\"tribe-related-event-info\">\n\t<h3 class=\"tribe-related-events-title\">\n\t\t<a href=\"https:\/\/cafelapalma.com\/en\/programacion\/willie-deville-concierto-benefico-x-venezuela\/\" class=\"tribe-event-url\" rel=\"bookmark\">\n\t\t\tWILLIE DEVILLE: CONCIERTO BEN\u00c9FICO X VENEZUELA\t\t<\/a>\n\t<\/h3>\n\t<span class=\"tribe-event-date-start\">6  September@21:00<\/span><span class=\"tribe-event-time\">23:45<\/span><\/div>\n<\/li>\n\t<\/ul>","protected":false},"excerpt":{"rendered":"<p>Teo Planell subi\u00f3 su primera canci\u00f3n a Spotify a principios de 2021. Sin embargo, el aspecto experimental y la variedad de texturas de su corta obra hace que sea dif\u00edcil adivinar cu\u00e1nto tiempo lleva haciendo m\u00fasica. En sus trabajos encontramos los sonidos de una persona con a\u00f1os y a\u00f1os de experiencia, llev\u00e1ndole a experimentar sin &hellip; <\/p>","protected":false},"author":2,"featured_media":25523,"template":"","meta":{"_tec_requires_first_save":false,"_uag_custom_page_level_css":"","loftloader_page_shortcode":"","_EventAllDay":false,"_EventTimezone":"Europe\/Madrid","_EventStartDate":"2023-04-21 22:00:00","_EventEndDate":"2023-04-21 23:45:00","_EventStartDateUTC":"2023-04-21 20:00:00","_EventEndDateUTC":"2023-04-21 21:45:00","_EventShowMap":false,"_EventShowMapLink":false,"_EventURL":"https:\/\/link.dice.fm\/K105a068c91f","_EventCost":"12","_EventCostDescription":"","_EventCurrencySymbol":"\u20ac","_EventCurrencyCode":"","_EventCurrencyPosition":"suffix","_EventDateTimeSeparator":"@","_EventTimeRangeSeparator":"-","_EventOrganizerID":[],"_EventVenueID":[0],"_OrganizerEmail":"","_OrganizerPhone":"","_OrganizerWebsite":"","_VenueAddress":"","_VenueCity":"","_VenueCountry":"","_VenueProvince":"","_VenueState":"","_VenueZip":"","_VenuePhone":"","_VenueURL":"","_VenueStateProvince":"","_VenueLat":"","_VenueLng":"","_VenueShowMap":false,"_VenueShowMapLink":false,"_tribe_blocks_recurrence_rules":"","_tribe_blocks_recurrence_description":"","_tribe_blocks_recurrence_exclusions":"","_ecp_custom_2":"","_tribe_events_status":"","_tribe_events_status_reason":"","_tribe_events_is_hybrid":"","_tribe_events_is_virtual":"","_tribe_events_virtual_video_source":"","_tribe_events_virtual_embed_video":"","_tribe_events_virtual_linked_button_text":"","_tribe_events_virtual_linked_button":"","_tribe_events_virtual_show_embed_at":"","_tribe_events_virtual_show_embed_to":[],"_tribe_events_virtual_show_on_event":"","_tribe_events_virtual_show_on_views":"","_tribe_events_virtual_url":"","footnotes":""},"tags":[1363,8869,2865,9147,9146,10244,11172,10245,1355,12969,9625,9300,12961,12488],"tribe_events_cat":[8963],"class_list":["post-25526","tribe_events","type-tribe_events","status-publish","has-post-thumbnail","hentry","tag-cafe-la-palma","tag-cafe-la-palma-2","tag-conciertos-cafe-la-palma","tag-conciertos-madrid","tag-conciertos-malasana","tag-ground-control","tag-javi-ferrara","tag-joan-vich","tag-pop","tag-ralphie-choo","tag-rusowsky","tag-sound-isidro","tag-sound-isidro-2023","tag-teo-planell","tribe_events_cat-concierto","cat_concierto"],"uagb_featured_image_src":{"full":["https:\/\/cafelapalma.com\/wp-content\/uploads\/2023\/01\/si23.jpg",1080,1080,false],"thumbnail":["https:\/\/cafelapalma.com\/wp-content\/uploads\/2023\/01\/si23-150x150.jpg",150,150,true],"medium":["https:\/\/cafelapalma.com\/wp-content\/uploads\/2023\/01\/si23-300x300.jpg",300,300,true],"medium_large":["https:\/\/cafelapalma.com\/wp-content\/uploads\/2023\/01\/si23-768x768.jpg",768,768,true],"large":["https:\/\/cafelapalma.com\/wp-content\/uploads\/2023\/01\/si23-1040x1040.jpg",1020,1020,true],"1536x1536":["https:\/\/cafelapalma.com\/wp-content\/uploads\/2023\/01\/si23.jpg",1080,1080,false],"2048x2048":["https:\/\/cafelapalma.com\/wp-content\/uploads\/2023\/01\/si23.jpg",1080,1080,false],"trp-custom-language-flag":["https:\/\/cafelapalma.com\/wp-content\/uploads\/2023\/01\/si23.jpg",12,12,false],"blossom-feminine-slider":["https:\/\/cafelapalma.com\/wp-content\/uploads\/2023\/01\/si23-1080x649.jpg",1080,649,true],"blossom-feminine-featured":["https:\/\/cafelapalma.com\/wp-content\/uploads\/2023\/01\/si23-1080x600.jpg",1080,600,true],"blossom-feminine-with-sidebar":["https:\/\/cafelapalma.com\/wp-content\/uploads\/2023\/01\/si23-1020x600.jpg",1020,600,true],"blossom-feminine-blog":["https:\/\/cafelapalma.com\/wp-content\/uploads\/2023\/01\/si23-435x435.jpg",435,435,true],"blossom-feminine-cat":["https:\/\/cafelapalma.com\/wp-content\/uploads\/2023\/01\/si23-450x300.jpg",450,300,true],"blossom-feminine-related":["https:\/\/cafelapalma.com\/wp-content\/uploads\/2023\/01\/si23-320x200.jpg",320,200,true],"blossom-feminine-schema":["https:\/\/cafelapalma.com\/wp-content\/uploads\/2023\/01\/si23-60x60.jpg",60,60,true]},"uagb_author_info":{"display_name":"Victor","author_link":"https:\/\/cafelapalma.com\/en\/author\/comunicacion\/"},"uagb_comment_info":0,"uagb_excerpt":"Teo Planell subi\u00f3 su primera canci\u00f3n a Spotify a principios de 2021. Sin embargo, el aspecto experimental y la variedad de texturas de su corta obra hace que sea dif\u00edcil adivinar cu\u00e1nto tiempo lleva haciendo m\u00fasica. En sus trabajos encontramos los sonidos de una persona con a\u00f1os y a\u00f1os de experiencia, llev\u00e1ndole a experimentar sin&hellip;","_links":{"self":[{"href":"https:\/\/cafelapalma.com\/en\/wp-json\/wp\/v2\/tribe_events\/25526","targetHints":{"allow":["GET"]}}],"collection":[{"href":"https:\/\/cafelapalma.com\/en\/wp-json\/wp\/v2\/tribe_events"}],"about":[{"href":"https:\/\/cafelapalma.com\/en\/wp-json\/wp\/v2\/types\/tribe_events"}],"author":[{"embeddable":true,"href":"https:\/\/cafelapalma.com\/en\/wp-json\/wp\/v2\/users\/2"}],"version-history":[{"count":0,"href":"https:\/\/cafelapalma.com\/en\/wp-json\/wp\/v2\/tribe_events\/25526\/revisions"}],"wp:featuredmedia":[{"embeddable":true,"href":"https:\/\/cafelapalma.com\/en\/wp-json\/wp\/v2\/media\/25523"}],"wp:attachment":[{"href":"https:\/\/cafelapalma.com\/en\/wp-json\/wp\/v2\/media?parent=25526"}],"wp:term":[{"taxonomy":"post_tag","embeddable":true,"href":"https:\/\/cafelapalma.com\/en\/wp-json\/wp\/v2\/tags?post=25526"},{"taxonomy":"tribe_events_cat","embeddable":true,"href":"https:\/\/cafelapalma.com\/en\/wp-json\/wp\/v2\/tribe_events_cat?post=25526"}],"curies":[{"name":"wp","href":"https:\/\/api.w.org\/{rel}","templated":true}]}}