{"id":25535,"date":"2023-01-16T15:12:10","date_gmt":"2023-01-16T14:12:10","guid":{"rendered":"https:\/\/cafelapalma.com\/?post_type=tribe_events&#038;p=25535"},"modified":"2023-01-17T20:22:04","modified_gmt":"2023-01-17T19:22:04","slug":"the-prussians","status":"publish","type":"tribe_events","link":"https:\/\/cafelapalma.com\/en\/programacion\/the-prussians\/","title":{"rendered":"THE PRUSSIANS"},"content":{"rendered":"<div  class=\"tribe-events-schedule tribe-clearfix\" >\n\t<p class=\"tribe-events-schedule__datetime\">\n\t\t<span class=\"tribe-events-schedule__date tribe-events-schedule__date--start\">\n\t\t\t03  February  2023\t\t<\/span>\n\n\t\t\t\t\t<span class=\"tribe-events-schedule__separator tribe-events-schedule__separator--date\">\n\t\t\t\t@\t\t\t<\/span>\n\t\t\t<span class=\"tribe-events-schedule__time tribe-events-schedule__time--start\">\n\t\t\t\t22:00\t\t\t<\/span>\n\t\t\n\t\t\t\t\t\t\t\t\t<span class=\"tribe-events-schedule__separator tribe-events-schedule__separator--time\">\n\t\t\t\t\t&#8211;\t\t\t\t<\/span>\n\t\t\t\n\t\t\t\t\t\t\t<span class=\"tribe-events-schedule__time tribe-events-schedule__time--end\">\n\t\t\t\t\t23:45\t\t\t\t<\/span>\n\t\t\t\n\t\t\t\t\t\t<\/p>\n<\/div>\n\n\n<div  class=\"tribe-block tribe-block__event-price\" >\n\t\t\t<span class=\"tribe-block__event-price__cost\"> 10\u20ac <\/span>\n\t\t\t\t<span class=\"tribe-block__event-price__description\">+ gg Anticipada | 12\u20ac Taquilla<\/span>\n\t<\/div>\n\n\n\n<div style=\"height:100px\" aria-hidden=\"true\" class=\"wp-block-spacer\"><\/div>\n\n\n\n<div class=\"wp-block-columns is-layout-flex wp-container-core-columns-is-layout-8f761849 wp-block-columns-is-layout-flex\">\n<div class=\"wp-block-column is-layout-flow wp-block-column-is-layout-flow\" style=\"flex-basis:33.33%\">\n<figure class=\"wp-block-image size-full\"><img loading=\"lazy\" decoding=\"async\" width=\"430\" height=\"608\" src=\"https:\/\/cafelapalma.com\/wp-content\/uploads\/2023\/01\/THEPRUSSIANS2-A3-LOW.png\" alt=\"\" class=\"wp-image-25578\" srcset=\"https:\/\/cafelapalma.com\/wp-content\/uploads\/2023\/01\/THEPRUSSIANS2-A3-LOW.png 430w, https:\/\/cafelapalma.com\/wp-content\/uploads\/2023\/01\/THEPRUSSIANS2-A3-LOW-212x300.png 212w, https:\/\/cafelapalma.com\/wp-content\/uploads\/2023\/01\/THEPRUSSIANS2-A3-LOW-42x60.png 42w\" sizes=\"auto, (max-width: 430px) 100vw, 430px\" \/><\/figure>\n\n\n<div  class=\"tribe-block tribe-block__event-website\" >\n\t<a\n\t\thref=\"https:\/\/link.dice.fm\/yd705204fdff\"\n\t\ttarget=\"_self\"\n\t\t\t>\n\t\tBUY TICKETS\t<\/a>\n<\/div>\n<\/div>\n\n\n\n<div class=\"wp-block-column is-layout-flow wp-block-column-is-layout-flow\" style=\"flex-basis:66.66%\">\n<div style=\"height:100px\" aria-hidden=\"true\" class=\"wp-block-spacer\"><\/div>\n\n\n\n<p class=\"has-text-align-left wp-block-paragraph\">Tras dos EPs, <strong><em>\u201cThe Hills\u201d<\/em><\/strong> (2013) y <strong><em>\u201cKerala\u201d<\/em><\/strong> (2016), y tres \u00e1lbumes, <strong><em>\u201cMulMul\u201d<\/em><\/strong> (2014), <strong><em>\u201cKarma\u201d<\/em><\/strong> (2018) y <strong><em>\u201cMantra\u201d<\/em><\/strong> (2021), <strong>THE PRUSSIANS<\/strong>, el quinteto mallorqu\u00edn compuesto por <strong>Dominic Mass\u00f3<\/strong>, <strong>Tino Lucena<\/strong>, <strong>Ferchu Vallejos<\/strong>, <strong>Pau Enric Serra<\/strong> y <strong>Juan David Ayora<\/strong>, parece abrazar los terrenos del soul y el <em>groove <\/em>electr\u00f3nico como el mejor motor de avance posible. Esto se percibe a nivel formal-musical, dejando de lado las potentes guitarras de otras entregas para adoptar un estilo m\u00e1s groove-R&amp;B, de elegante base electr\u00f3nica y ritmo sinuoso, sofisticadamente bailable, mir\u00e1ndose al espejo de bandas como <strong>alt-J<\/strong>, <strong>Balthazar <\/strong>o <strong>GlassAnimals<\/strong>. Y es l\u00f3gico pensar que esta evoluci\u00f3n no se ha gestado de un d\u00eda para otro, sino que proviene de la acumulaci\u00f3n de nuevos inputs e influencias, de diferentes \u00e9pocas y ambientes vividos en los \u00faltimos dos a\u00f1os.<\/p>\n\n\n\n<p class=\"has-text-align-left wp-block-paragraph\">La banda ha podido recorrer las principales salas y festivales nacionales adem\u00e1s de tocar en <strong>Suecia <\/strong>y en <strong>Summerfest <\/strong>in <strong>EE.UU<\/strong>. <strong>The Prussians<\/strong> es un producto <em>made in Spain<\/em>, pero con claro sabor internacional.<\/p>\n<\/div>\n<\/div>\n\n\n\n<div style=\"height:100px\" aria-hidden=\"true\" class=\"wp-block-spacer\"><\/div>\n\n\n\n<hr class=\"wp-block-separator has-alpha-channel-opacity is-style-wide\"\/>\n\n\n\n<div style=\"height:100px\" aria-hidden=\"true\" class=\"wp-block-spacer\"><\/div>\n\n\n<h2 class=\"tribe-block__related-events__title\">Related Events<\/h2>\n\n<ul  class=\"tribe-related-events tribe-clearfix\" >\n\t\t\t<li>\n\t\n<div class=\"tribe-related-events-thumbnail\">\n\t<a href=\"https:\/\/cafelapalma.com\/en\/programacion\/funkin-donuts\/\" class=\"url\" rel=\"bookmark\" tabindex=\"-1\" aria-hidden=\"true\"><img loading=\"lazy\" decoding=\"async\" width=\"693\" height=\"1040\" src=\"https:\/\/cafelapalma.com\/wp-content\/uploads\/2026\/07\/FD-vert2-bn-693x1040.jpg\" class=\"attachment-large size-large wp-post-image\" alt=\"\" \/><\/a>\n<\/div>\n\t<div class=\"tribe-related-event-info\">\n\t<h3 class=\"tribe-related-events-title\">\n\t\t<a href=\"https:\/\/cafelapalma.com\/en\/programacion\/funkin-donuts\/\" class=\"tribe-event-url\" rel=\"bookmark\">\n\t\t\tFUNKIN&#8217; DONUTS\t\t<\/a>\n\t<\/h3>\n\t<span class=\"tribe-event-date-start\">5  September@22:00<\/span><span class=\"tribe-event-time\">23:45<\/span><\/div>\n<\/li>\n\t\t\t<li>\n\t\n<div class=\"tribe-related-events-thumbnail\">\n\t<a href=\"https:\/\/cafelapalma.com\/en\/programacion\/backstage-le-petit-truffle-mayo\/\" class=\"url\" rel=\"bookmark\" tabindex=\"-1\" aria-hidden=\"true\"><img loading=\"lazy\" decoding=\"async\" width=\"780\" height=\"1040\" src=\"https:\/\/cafelapalma.com\/wp-content\/uploads\/2026\/07\/Imagen-TruffleMayo-LePetit-i-1-780x1040.png\" class=\"attachment-large size-large wp-post-image\" alt=\"\" \/><\/a>\n<\/div>\n\t<div class=\"tribe-related-event-info\">\n\t<h3 class=\"tribe-related-events-title\">\n\t\t<a href=\"https:\/\/cafelapalma.com\/en\/programacion\/backstage-le-petit-truffle-mayo\/\" class=\"tribe-event-url\" rel=\"bookmark\">\n\t\t\tBACKSTAGE: LE PETIT + TRUFFLE MAYO\t\t<\/a>\n\t<\/h3>\n\t<span class=\"tribe-event-date-start\">5  September@23:55<\/span><\/div>\n<\/li>\n\t\t\t<li>\n\t\n<div class=\"tribe-related-events-thumbnail\">\n\t<a href=\"https:\/\/cafelapalma.com\/en\/programacion\/willie-deville-concierto-benefico-x-venezuela\/\" class=\"url\" rel=\"bookmark\" tabindex=\"-1\" aria-hidden=\"true\"><img loading=\"lazy\" decoding=\"async\" width=\"1020\" height=\"531\" src=\"https:\/\/cafelapalma.com\/wp-content\/uploads\/2026\/08\/Willie-deville-1100x572-1-1040x541.jpg\" class=\"attachment-large size-large wp-post-image\" alt=\"\" \/><\/a>\n<\/div>\n\t<div class=\"tribe-related-event-info\">\n\t<h3 class=\"tribe-related-events-title\">\n\t\t<a href=\"https:\/\/cafelapalma.com\/en\/programacion\/willie-deville-concierto-benefico-x-venezuela\/\" class=\"tribe-event-url\" rel=\"bookmark\">\n\t\t\tWILLIE DEVILLE: CONCIERTO BEN\u00c9FICO X VENEZUELA\t\t<\/a>\n\t<\/h3>\n\t<span class=\"tribe-event-date-start\">6  September@21:00<\/span><span class=\"tribe-event-time\">23:45<\/span><\/div>\n<\/li>\n\t<\/ul>","protected":false},"excerpt":{"rendered":"<p>Tras dos EPs, \u201cThe Hills\u201d (2013) y \u201cKerala\u201d (2016), y tres \u00e1lbumes, \u201cMulMul\u201d (2014), \u201cKarma\u201d (2018) y \u201cMantra\u201d (2021), THE PRUSSIANS, el quinteto mallorqu\u00edn compuesto por Dominic Mass\u00f3, Tino Lucena, Ferchu Vallejos, Pau Enric Serra y Juan David Ayora, parece abrazar los terrenos del soul y el groove electr\u00f3nico como el mejor motor de avance &hellip; <\/p>","protected":false},"author":2,"featured_media":25537,"template":"","meta":{"_tec_requires_first_save":false,"_uag_custom_page_level_css":"","loftloader_page_shortcode":"","_EventAllDay":false,"_EventTimezone":"Europe\/Madrid","_EventStartDate":"2023-02-03 22:00:00","_EventEndDate":"2023-02-03 23:45:00","_EventStartDateUTC":"2023-02-03 21:00:00","_EventEndDateUTC":"2023-02-03 22:45:00","_EventShowMap":false,"_EventShowMapLink":false,"_EventURL":"https:\/\/link.dice.fm\/yd705204fdff","_EventCost":"10","_EventCostDescription":"","_EventCurrencySymbol":"\u20ac","_EventCurrencyCode":"","_EventCurrencyPosition":"suffix","_EventDateTimeSeparator":"@","_EventTimeRangeSeparator":"-","_EventOrganizerID":[],"_EventVenueID":[0],"_OrganizerEmail":"","_OrganizerPhone":"","_OrganizerWebsite":"","_VenueAddress":"","_VenueCity":"","_VenueCountry":"","_VenueProvince":"","_VenueState":"","_VenueZip":"","_VenuePhone":"","_VenueURL":"","_VenueStateProvince":"","_VenueLat":"","_VenueLng":"","_VenueShowMap":false,"_VenueShowMapLink":false,"_tribe_blocks_recurrence_rules":"","_tribe_blocks_recurrence_description":"","_tribe_blocks_recurrence_exclusions":"","_ecp_custom_2":"","_tribe_events_status":"","_tribe_events_status_reason":"","_tribe_events_is_hybrid":"","_tribe_events_is_virtual":"","_tribe_events_virtual_video_source":"","_tribe_events_virtual_embed_video":"","_tribe_events_virtual_linked_button_text":"","_tribe_events_virtual_linked_button":"","_tribe_events_virtual_show_embed_at":"","_tribe_events_virtual_show_embed_to":[],"_tribe_events_virtual_show_on_event":"","_tribe_events_virtual_show_on_views":"","_tribe_events_virtual_url":"","footnotes":""},"tags":[8869,1363,2865,9147,9146,12978,12990,12991,12977,12989,12981,12988,12986,12983,12987,12980,1355,9632,9620,12985,12982,12979],"tribe_events_cat":[8963],"class_list":["post-25535","tribe_events","type-tribe_events","status-publish","has-post-thumbnail","hentry","tag-cafe-la-palma-2","tag-cafe-la-palma","tag-conciertos-cafe-la-palma","tag-conciertos-madrid","tag-conciertos-malasana","tag-dominic-masso","tag-dsk-pop","tag-dskonnect","tag-ferchu-vallejos","tag-groove-electronico","tag-juan-david-ayora","tag-karma","tag-kerala","tag-mantra","tag-mulmul","tag-pau-enric-serra","tag-pop","tag-rb","tag-soul","tag-the-hills","tag-the-prussians","tag-tino-lucena","tribe_events_cat-concierto","cat_concierto"],"uagb_featured_image_src":{"full":["https:\/\/cafelapalma.com\/wp-content\/uploads\/2023\/01\/WhatsApp-Image-2022-09-30-at-6.30.00-PM.jpeg",1200,1600,false],"thumbnail":["https:\/\/cafelapalma.com\/wp-content\/uploads\/2023\/01\/WhatsApp-Image-2022-09-30-at-6.30.00-PM-150x150.jpeg",150,150,true],"medium":["https:\/\/cafelapalma.com\/wp-content\/uploads\/2023\/01\/WhatsApp-Image-2022-09-30-at-6.30.00-PM-225x300.jpeg",225,300,true],"medium_large":["https:\/\/cafelapalma.com\/wp-content\/uploads\/2023\/01\/WhatsApp-Image-2022-09-30-at-6.30.00-PM-768x1024.jpeg",768,1024,true],"large":["https:\/\/cafelapalma.com\/wp-content\/uploads\/2023\/01\/WhatsApp-Image-2022-09-30-at-6.30.00-PM-780x1040.jpeg",780,1040,true],"1536x1536":["https:\/\/cafelapalma.com\/wp-content\/uploads\/2023\/01\/WhatsApp-Image-2022-09-30-at-6.30.00-PM-1152x1536.jpeg",1152,1536,true],"2048x2048":["https:\/\/cafelapalma.com\/wp-content\/uploads\/2023\/01\/WhatsApp-Image-2022-09-30-at-6.30.00-PM.jpeg",1200,1600,false],"trp-custom-language-flag":["https:\/\/cafelapalma.com\/wp-content\/uploads\/2023\/01\/WhatsApp-Image-2022-09-30-at-6.30.00-PM.jpeg",9,12,false],"blossom-feminine-slider":["https:\/\/cafelapalma.com\/wp-content\/uploads\/2023\/01\/WhatsApp-Image-2022-09-30-at-6.30.00-PM-1200x649.jpeg",1200,649,true],"blossom-feminine-featured":["https:\/\/cafelapalma.com\/wp-content\/uploads\/2023\/01\/WhatsApp-Image-2022-09-30-at-6.30.00-PM-1200x600.jpeg",1200,600,true],"blossom-feminine-with-sidebar":["https:\/\/cafelapalma.com\/wp-content\/uploads\/2023\/01\/WhatsApp-Image-2022-09-30-at-6.30.00-PM-1020x600.jpeg",1020,600,true],"blossom-feminine-blog":["https:\/\/cafelapalma.com\/wp-content\/uploads\/2023\/01\/WhatsApp-Image-2022-09-30-at-6.30.00-PM-435x435.jpeg",435,435,true],"blossom-feminine-cat":["https:\/\/cafelapalma.com\/wp-content\/uploads\/2023\/01\/WhatsApp-Image-2022-09-30-at-6.30.00-PM-450x300.jpeg",450,300,true],"blossom-feminine-related":["https:\/\/cafelapalma.com\/wp-content\/uploads\/2023\/01\/WhatsApp-Image-2022-09-30-at-6.30.00-PM-320x200.jpeg",320,200,true],"blossom-feminine-schema":["https:\/\/cafelapalma.com\/wp-content\/uploads\/2023\/01\/WhatsApp-Image-2022-09-30-at-6.30.00-PM-45x60.jpeg",45,60,true]},"uagb_author_info":{"display_name":"Victor","author_link":"https:\/\/cafelapalma.com\/en\/author\/comunicacion\/"},"uagb_comment_info":0,"uagb_excerpt":"Tras dos EPs, \u201cThe Hills\u201d (2013) y \u201cKerala\u201d (2016), y tres \u00e1lbumes, \u201cMulMul\u201d (2014), \u201cKarma\u201d (2018) y \u201cMantra\u201d (2021), THE PRUSSIANS, el quinteto mallorqu\u00edn compuesto por Dominic Mass\u00f3, Tino Lucena, Ferchu Vallejos, Pau Enric Serra y Juan David Ayora, parece abrazar los terrenos del soul y el groove electr\u00f3nico como el mejor motor de avance&hellip;","_links":{"self":[{"href":"https:\/\/cafelapalma.com\/en\/wp-json\/wp\/v2\/tribe_events\/25535","targetHints":{"allow":["GET"]}}],"collection":[{"href":"https:\/\/cafelapalma.com\/en\/wp-json\/wp\/v2\/tribe_events"}],"about":[{"href":"https:\/\/cafelapalma.com\/en\/wp-json\/wp\/v2\/types\/tribe_events"}],"author":[{"embeddable":true,"href":"https:\/\/cafelapalma.com\/en\/wp-json\/wp\/v2\/users\/2"}],"version-history":[{"count":0,"href":"https:\/\/cafelapalma.com\/en\/wp-json\/wp\/v2\/tribe_events\/25535\/revisions"}],"wp:featuredmedia":[{"embeddable":true,"href":"https:\/\/cafelapalma.com\/en\/wp-json\/wp\/v2\/media\/25537"}],"wp:attachment":[{"href":"https:\/\/cafelapalma.com\/en\/wp-json\/wp\/v2\/media?parent=25535"}],"wp:term":[{"taxonomy":"post_tag","embeddable":true,"href":"https:\/\/cafelapalma.com\/en\/wp-json\/wp\/v2\/tags?post=25535"},{"taxonomy":"tribe_events_cat","embeddable":true,"href":"https:\/\/cafelapalma.com\/en\/wp-json\/wp\/v2\/tribe_events_cat?post=25535"}],"curies":[{"name":"wp","href":"https:\/\/api.w.org\/{rel}","templated":true}]}}