{"id":25567,"date":"2023-01-17T16:54:35","date_gmt":"2023-01-17T15:54:35","guid":{"rendered":"https:\/\/cafelapalma.com\/?post_type=tribe_events&#038;p=25567"},"modified":"2023-03-13T17:13:48","modified_gmt":"2023-03-13T16:13:48","slug":"adios-amores-laura-katze-escenarios-vibra-mahou","status":"publish","type":"tribe_events","link":"https:\/\/cafelapalma.com\/en\/programacion\/adios-amores-laura-katze-escenarios-vibra-mahou\/","title":{"rendered":"ADI\u00d3S AMORES + LAURA KATZE"},"content":{"rendered":"<div  class=\"tribe-events-schedule tribe-clearfix\" >\n\t<p class=\"tribe-events-schedule__datetime\">\n\t\t<span class=\"tribe-events-schedule__date tribe-events-schedule__date--start\">\n\t\t\t18  March  2023\t\t<\/span>\n\n\t\t\t\t\t<span class=\"tribe-events-schedule__separator tribe-events-schedule__separator--date\">\n\t\t\t\t@\t\t\t<\/span>\n\t\t\t<span class=\"tribe-events-schedule__time tribe-events-schedule__time--start\">\n\t\t\t\t21:30\t\t\t<\/span>\n\t\t\n\t\t\t\t\t\t\t\t\t<span class=\"tribe-events-schedule__separator tribe-events-schedule__separator--time\">\n\t\t\t\t\t&#8211;\t\t\t\t<\/span>\n\t\t\t\n\t\t\t\t\t\t\t<span class=\"tribe-events-schedule__time tribe-events-schedule__time--end\">\n\t\t\t\t\t23:45\t\t\t\t<\/span>\n\t\t\t\n\t\t\t\t\t\t<\/p>\n<\/div>\n\n\n<div  class=\"tribe-block tribe-block__event-price\" >\n\t\t\t<span class=\"tribe-block__event-price__cost\"> ENTRADAS AGOTADAS <\/span>\n\t\t\t\t<span class=\"tribe-block__event-price__description\">#soldout<\/span>\n\t<\/div>\n\n\n\n<div style=\"height:100px\" aria-hidden=\"true\" class=\"wp-block-spacer\"><\/div>\n\n\n\n<div class=\"wp-block-columns is-layout-flex wp-container-core-columns-is-layout-8f761849 wp-block-columns-is-layout-flex\">\n<div class=\"wp-block-column is-layout-flow wp-block-column-is-layout-flow\" style=\"flex-basis:33.33%\">\n<figure class=\"wp-block-image size-large\"><img loading=\"lazy\" decoding=\"async\" width=\"735\" height=\"1040\" src=\"https:\/\/cafelapalma.com\/wp-content\/uploads\/2023\/03\/AM-MAHOU-SA3-DEF-SO-LOW-735x1040.jpg\" alt=\"\" class=\"wp-image-26051\" srcset=\"https:\/\/cafelapalma.com\/wp-content\/uploads\/2023\/03\/AM-MAHOU-SA3-DEF-SO-LOW-735x1040.jpg 735w, https:\/\/cafelapalma.com\/wp-content\/uploads\/2023\/03\/AM-MAHOU-SA3-DEF-SO-LOW-212x300.jpg 212w, https:\/\/cafelapalma.com\/wp-content\/uploads\/2023\/03\/AM-MAHOU-SA3-DEF-SO-LOW-768x1086.jpg 768w, https:\/\/cafelapalma.com\/wp-content\/uploads\/2023\/03\/AM-MAHOU-SA3-DEF-SO-LOW-1086x1536.jpg 1086w, https:\/\/cafelapalma.com\/wp-content\/uploads\/2023\/03\/AM-MAHOU-SA3-DEF-SO-LOW-1448x2048.jpg 1448w, https:\/\/cafelapalma.com\/wp-content\/uploads\/2023\/03\/AM-MAHOU-SA3-DEF-SO-LOW-42x60.jpg 42w, https:\/\/cafelapalma.com\/wp-content\/uploads\/2023\/03\/AM-MAHOU-SA3-DEF-SO-LOW.jpg 1722w\" sizes=\"auto, (max-width: 735px) 100vw, 735px\" \/><\/figure>\n<\/div>\n\n\n\n<div class=\"wp-block-column is-layout-flow wp-block-column-is-layout-flow\" style=\"flex-basis:66.66%\">\n<p class=\"has-text-align-left wp-block-paragraph\"><strong>Iman Amar<\/strong> y <strong>Ana Valladares<\/strong>, con la ayuda de <strong>Guille Briales<\/strong>, dan forma a <strong>ADI\u00d3S AMORES<\/strong>, el secreto mejor guardado -hasta ahora- del pop nacional.<\/p>\n\n\n\n<p class=\"has-text-align-left wp-block-paragraph\">Desde finales de 2019 llevan asombrando a quien las escucha. Grabando siempre en el estudio <strong>La Mina<\/strong>, con <strong>Ra\u00fal P\u00e9rez<\/strong>, basta escuchar <strong><em>\u201cCharlotte\u201d<\/em><\/strong> y <strong><em>\u201cLa fuente\u201d<\/em><\/strong>, sus dos primeros singles, para darse cuenta que, si algo tienen, son las ideas claras. Habr\u00e1 tambi\u00e9n quien rastree en sus letras ese afecto que <strong>ADI\u00d3S AMORES<\/strong> confiesan sentir por la copla espa\u00f1ola y sus quereles. O la reverencia que la banda muestra por <strong>Lole y Manuel<\/strong>, a los que no dudan en poner en el mismo altar que a sus deidades psicod\u00e9licas: <strong>Brian Jonestown Massacre<\/strong>, <strong>The Flaming Lips<\/strong> y <strong>The Electric Prunes<\/strong>.<\/p>\n\n\n\n<p class=\"has-text-align-left wp-block-paragraph\">Ya en 2020 y en plena pandemia, <strong>ADI\u00d3S AMORES<\/strong> decidieron ir publicando sus novedades en sendos singles de 7\u201d, editados a trav\u00e9s del sello <strong>Snap! Clap! Club<\/strong> de <strong>Barcelona<\/strong>: los tres primeros ya est\u00e1n agotados y en 2022 los recopilaron en un 12\u201d, <strong><em>\u201cSus mejores canciones\u201d<\/em><\/strong>, para el que a\u00f1adieron dos canciones nuevas. Este LP recopilatorio fue escogido como <strong>Album of the Month<\/strong> por la m\u00edtica tienda de discos <strong>Monorail<\/strong>, de <strong>Glasgow<\/strong>, <strong>UK<\/strong>.<\/p>\n\n\n\n<p class=\"has-text-align-left wp-block-paragraph\"><strong>Laura Katze<\/strong> es una <strong>Bj\u00f6rk <\/strong>del <em>bedroom pop<\/em>, una <strong>Cecilia <\/strong>con envoltorio <em>dream pop<\/em> y una inocencia perversa que desarma a la primera escucha. Ya desde su fant\u00e1stico primer single -compuesto, interpretado y grabado por ella sola, en su habitaci\u00f3n- re\u00fane las mejores cualidades de <strong>Jeannette<\/strong>, <strong>Fiona Apple<\/strong> o <strong>Julieta Venegas<\/strong>. Sencilla y natural pero, a la vez, hechizante, inquietante y llena de misterio.<\/p>\n<\/div>\n<\/div>\n\n\n\n<div style=\"height:100px\" aria-hidden=\"true\" class=\"wp-block-spacer\"><\/div>\n\n\n\n<hr class=\"wp-block-separator has-alpha-channel-opacity is-style-wide\"\/>\n\n\n\n<div style=\"height:100px\" aria-hidden=\"true\" class=\"wp-block-spacer\"><\/div>\n\n\n<h2 class=\"tribe-block__related-events__title\">Related Events<\/h2>\n\n<ul  class=\"tribe-related-events tribe-clearfix\" >\n\t\t\t<li>\n\t\n<div class=\"tribe-related-events-thumbnail\">\n\t<a href=\"https:\/\/cafelapalma.com\/en\/programacion\/funkin-donuts\/\" class=\"url\" rel=\"bookmark\" tabindex=\"-1\" aria-hidden=\"true\"><img loading=\"lazy\" decoding=\"async\" width=\"693\" height=\"1040\" src=\"https:\/\/cafelapalma.com\/wp-content\/uploads\/2026\/07\/FD-vert2-bn-693x1040.jpg\" class=\"attachment-large size-large wp-post-image\" alt=\"\" \/><\/a>\n<\/div>\n\t<div class=\"tribe-related-event-info\">\n\t<h3 class=\"tribe-related-events-title\">\n\t\t<a href=\"https:\/\/cafelapalma.com\/en\/programacion\/funkin-donuts\/\" class=\"tribe-event-url\" rel=\"bookmark\">\n\t\t\tFUNKIN&#8217; DONUTS\t\t<\/a>\n\t<\/h3>\n\t<span class=\"tribe-event-date-start\">5  September@22:00<\/span><span class=\"tribe-event-time\">23:45<\/span><\/div>\n<\/li>\n\t\t\t<li>\n\t\n<div class=\"tribe-related-events-thumbnail\">\n\t<a href=\"https:\/\/cafelapalma.com\/en\/programacion\/backstage-le-petit-truffle-mayo\/\" class=\"url\" rel=\"bookmark\" tabindex=\"-1\" aria-hidden=\"true\"><img loading=\"lazy\" decoding=\"async\" width=\"780\" height=\"1040\" src=\"https:\/\/cafelapalma.com\/wp-content\/uploads\/2026\/07\/Imagen-TruffleMayo-LePetit-i-1-780x1040.png\" class=\"attachment-large size-large wp-post-image\" alt=\"\" \/><\/a>\n<\/div>\n\t<div class=\"tribe-related-event-info\">\n\t<h3 class=\"tribe-related-events-title\">\n\t\t<a href=\"https:\/\/cafelapalma.com\/en\/programacion\/backstage-le-petit-truffle-mayo\/\" class=\"tribe-event-url\" rel=\"bookmark\">\n\t\t\tBACKSTAGE: LE PETIT + TRUFFLE MAYO\t\t<\/a>\n\t<\/h3>\n\t<span class=\"tribe-event-date-start\">5  September@23:55<\/span><\/div>\n<\/li>\n\t\t\t<li>\n\t\n<div class=\"tribe-related-events-thumbnail\">\n\t<a href=\"https:\/\/cafelapalma.com\/en\/programacion\/willie-deville-concierto-benefico-x-venezuela\/\" class=\"url\" rel=\"bookmark\" tabindex=\"-1\" aria-hidden=\"true\"><img loading=\"lazy\" decoding=\"async\" width=\"1020\" height=\"531\" src=\"https:\/\/cafelapalma.com\/wp-content\/uploads\/2026\/08\/Willie-deville-1100x572-1-1040x541.jpg\" class=\"attachment-large size-large wp-post-image\" alt=\"\" \/><\/a>\n<\/div>\n\t<div class=\"tribe-related-event-info\">\n\t<h3 class=\"tribe-related-events-title\">\n\t\t<a href=\"https:\/\/cafelapalma.com\/en\/programacion\/willie-deville-concierto-benefico-x-venezuela\/\" class=\"tribe-event-url\" rel=\"bookmark\">\n\t\t\tWILLIE DEVILLE: CONCIERTO BEN\u00c9FICO X VENEZUELA\t\t<\/a>\n\t<\/h3>\n\t<span class=\"tribe-event-date-start\">6  September@21:00<\/span><span class=\"tribe-event-time\">23:45<\/span><\/div>\n<\/li>\n\t<\/ul>","protected":false},"excerpt":{"rendered":"<p>Iman Amar y Ana Valladares, con la ayuda de Guille Briales, dan forma a ADI\u00d3S AMORES, el secreto mejor guardado -hasta ahora- del pop nacional. Desde finales de 2019 llevan asombrando a quien las escucha. Grabando siempre en el estudio La Mina, con Ra\u00fal P\u00e9rez, basta escuchar \u201cCharlotte\u201d y \u201cLa fuente\u201d, sus dos primeros singles, &hellip; <\/p>","protected":false},"author":2,"featured_media":25570,"template":"","meta":{"_tec_requires_first_save":false,"_uag_custom_page_level_css":"","loftloader_page_shortcode":"","_EventAllDay":false,"_EventTimezone":"Europe\/Madrid","_EventStartDate":"2023-03-18 21:30:00","_EventEndDate":"2023-03-18 23:45:00","_EventStartDateUTC":"2023-03-18 20:30:00","_EventEndDateUTC":"2023-03-18 22:45:00","_EventShowMap":false,"_EventShowMapLink":false,"_EventURL":"https:\/\/link.dice.fm\/J90d5cbd5c4d","_EventCost":"ENTRADAS AGOTADAS","_EventCostDescription":"","_EventCurrencySymbol":"\u20ac","_EventCurrencyCode":"","_EventCurrencyPosition":"suffix","_EventDateTimeSeparator":"@","_EventTimeRangeSeparator":"-","_EventOrganizerID":[],"_EventVenueID":[0],"_OrganizerEmail":"","_OrganizerPhone":"","_OrganizerWebsite":"","_VenueAddress":"","_VenueCity":"","_VenueCountry":"","_VenueProvince":"","_VenueState":"","_VenueZip":"","_VenuePhone":"","_VenueURL":"","_VenueStateProvince":"","_VenueLat":"","_VenueLng":"","_VenueShowMap":false,"_VenueShowMapLink":false,"_tribe_blocks_recurrence_rules":"","_tribe_blocks_recurrence_description":"","_tribe_blocks_recurrence_exclusions":"","_ecp_custom_2":"","_tribe_events_status":"","_tribe_events_status_reason":"","_tribe_events_is_hybrid":"","_tribe_events_is_virtual":"","_tribe_events_virtual_video_source":"","_tribe_events_virtual_embed_video":"","_tribe_events_virtual_linked_button_text":"","_tribe_events_virtual_linked_button":"","_tribe_events_virtual_show_embed_at":"","_tribe_events_virtual_show_embed_to":[],"_tribe_events_virtual_show_on_event":"","_tribe_events_virtual_show_on_views":"","_tribe_events_virtual_url":"","footnotes":""},"tags":[13030,13029,13048,13032,13043,1363,8869,13036,2865,9147,9146,13046,13039,13040,13050,10244,13033,13031,8970,13038,10245,13037,13034,13258,13042,13049,1355,13035,13259,13041,13045,13047,13044,10394,13260],"tribe_events_cat":[8963],"class_list":["post-25567","tribe_events","type-tribe_events","status-publish","has-post-thumbnail","hentry","tag-adios-amores-2","tag-adios-amores","tag-album-of-the-month","tag-ana-valladares","tag-brian-jonestown-massacre","tag-cafe-la-palma","tag-cafe-la-palma-2","tag-charlotte","tag-conciertos-cafe-la-palma","tag-conciertos-madrid","tag-conciertos-malasana","tag-dani-canto","tag-france-gall","tag-francoise-hardy","tag-glasgow","tag-ground-control","tag-guille-briales","tag-iman-amar","tag-indie","tag-jeanette","tag-joan-vich","tag-la-fuente","tag-la-mina","tag-laura-katze","tag-lole-y-manuel","tag-monorail","tag-pop","tag-raul-perez","tag-regular","tag-shadows","tag-snap-clap-club-2","tag-sus-mejores-canciones","tag-the-electric-prunes","tag-uk","tag-un-ritual","tribe_events_cat-concierto","cat_concierto"],"uagb_featured_image_src":{"full":["https:\/\/cafelapalma.com\/wp-content\/uploads\/2023\/01\/Adios-Amores-2-VERT-1.jpg",1821,2731,false],"thumbnail":["https:\/\/cafelapalma.com\/wp-content\/uploads\/2023\/01\/Adios-Amores-2-VERT-1-150x150.jpg",150,150,true],"medium":["https:\/\/cafelapalma.com\/wp-content\/uploads\/2023\/01\/Adios-Amores-2-VERT-1-200x300.jpg",200,300,true],"medium_large":["https:\/\/cafelapalma.com\/wp-content\/uploads\/2023\/01\/Adios-Amores-2-VERT-1-768x1152.jpg",768,1152,true],"large":["https:\/\/cafelapalma.com\/wp-content\/uploads\/2023\/01\/Adios-Amores-2-VERT-1-693x1040.jpg",693,1040,true],"1536x1536":["https:\/\/cafelapalma.com\/wp-content\/uploads\/2023\/01\/Adios-Amores-2-VERT-1-1024x1536.jpg",1024,1536,true],"2048x2048":["https:\/\/cafelapalma.com\/wp-content\/uploads\/2023\/01\/Adios-Amores-2-VERT-1-1366x2048.jpg",1366,2048,true],"trp-custom-language-flag":["https:\/\/cafelapalma.com\/wp-content\/uploads\/2023\/01\/Adios-Amores-2-VERT-1.jpg",8,12,false],"blossom-feminine-slider":["https:\/\/cafelapalma.com\/wp-content\/uploads\/2023\/01\/Adios-Amores-2-VERT-1-1821x649.jpg",1821,649,true],"blossom-feminine-featured":["https:\/\/cafelapalma.com\/wp-content\/uploads\/2023\/01\/Adios-Amores-2-VERT-1-1410x600.jpg",1410,600,true],"blossom-feminine-with-sidebar":["https:\/\/cafelapalma.com\/wp-content\/uploads\/2023\/01\/Adios-Amores-2-VERT-1-1020x600.jpg",1020,600,true],"blossom-feminine-blog":["https:\/\/cafelapalma.com\/wp-content\/uploads\/2023\/01\/Adios-Amores-2-VERT-1-435x435.jpg",435,435,true],"blossom-feminine-cat":["https:\/\/cafelapalma.com\/wp-content\/uploads\/2023\/01\/Adios-Amores-2-VERT-1-450x300.jpg",450,300,true],"blossom-feminine-related":["https:\/\/cafelapalma.com\/wp-content\/uploads\/2023\/01\/Adios-Amores-2-VERT-1-320x200.jpg",320,200,true],"blossom-feminine-schema":["https:\/\/cafelapalma.com\/wp-content\/uploads\/2023\/01\/Adios-Amores-2-VERT-1-40x60.jpg",40,60,true]},"uagb_author_info":{"display_name":"Victor","author_link":"https:\/\/cafelapalma.com\/en\/author\/comunicacion\/"},"uagb_comment_info":0,"uagb_excerpt":"Iman Amar y Ana Valladares, con la ayuda de Guille Briales, dan forma a ADI\u00d3S AMORES, el secreto mejor guardado -hasta ahora- del pop nacional. Desde finales de 2019 llevan asombrando a quien las escucha. Grabando siempre en el estudio La Mina, con Ra\u00fal P\u00e9rez, basta escuchar \u201cCharlotte\u201d y \u201cLa fuente\u201d, sus dos primeros singles,&hellip;","_links":{"self":[{"href":"https:\/\/cafelapalma.com\/en\/wp-json\/wp\/v2\/tribe_events\/25567","targetHints":{"allow":["GET"]}}],"collection":[{"href":"https:\/\/cafelapalma.com\/en\/wp-json\/wp\/v2\/tribe_events"}],"about":[{"href":"https:\/\/cafelapalma.com\/en\/wp-json\/wp\/v2\/types\/tribe_events"}],"author":[{"embeddable":true,"href":"https:\/\/cafelapalma.com\/en\/wp-json\/wp\/v2\/users\/2"}],"version-history":[{"count":0,"href":"https:\/\/cafelapalma.com\/en\/wp-json\/wp\/v2\/tribe_events\/25567\/revisions"}],"wp:featuredmedia":[{"embeddable":true,"href":"https:\/\/cafelapalma.com\/en\/wp-json\/wp\/v2\/media\/25570"}],"wp:attachment":[{"href":"https:\/\/cafelapalma.com\/en\/wp-json\/wp\/v2\/media?parent=25567"}],"wp:term":[{"taxonomy":"post_tag","embeddable":true,"href":"https:\/\/cafelapalma.com\/en\/wp-json\/wp\/v2\/tags?post=25567"},{"taxonomy":"tribe_events_cat","embeddable":true,"href":"https:\/\/cafelapalma.com\/en\/wp-json\/wp\/v2\/tribe_events_cat?post=25567"}],"curies":[{"name":"wp","href":"https:\/\/api.w.org\/{rel}","templated":true}]}}