{"id":25572,"date":"2023-01-17T17:01:56","date_gmt":"2023-01-17T16:01:56","guid":{"rendered":"https:\/\/cafelapalma.com\/?post_type=tribe_events&#038;p=25572"},"modified":"2023-01-17T17:01:58","modified_gmt":"2023-01-17T16:01:58","slug":"the-magic-mor-henko","status":"publish","type":"tribe_events","link":"https:\/\/cafelapalma.com\/en\/programacion\/the-magic-mor-henko\/","title":{"rendered":"THE MAGIC MOR + HENKO"},"content":{"rendered":"<div  class=\"tribe-events-schedule tribe-clearfix\" >\n\t<p class=\"tribe-events-schedule__datetime\">\n\t\t<span class=\"tribe-events-schedule__date tribe-events-schedule__date--start\">\n\t\t\t23  February  2023\t\t<\/span>\n\n\t\t\t\t\t<span class=\"tribe-events-schedule__separator tribe-events-schedule__separator--date\">\n\t\t\t\t@\t\t\t<\/span>\n\t\t\t<span class=\"tribe-events-schedule__time tribe-events-schedule__time--start\">\n\t\t\t\t21:00\t\t\t<\/span>\n\t\t\n\t\t\t\t\t\t\t\t\t<span class=\"tribe-events-schedule__separator tribe-events-schedule__separator--time\">\n\t\t\t\t\t&#8211;\t\t\t\t<\/span>\n\t\t\t\n\t\t\t\t\t\t\t<span class=\"tribe-events-schedule__time tribe-events-schedule__time--end\">\n\t\t\t\t\t23:30\t\t\t\t<\/span>\n\t\t\t\n\t\t\t\t\t\t<\/p>\n<\/div>\n\n\n<div  class=\"tribe-block tribe-block__event-price\" >\n\t\t\t<span class=\"tribe-block__event-price__cost\"> 10\u20ac <\/span>\n\t\t\t\t<span class=\"tribe-block__event-price__description\">+ gg Anticipada | 12\u20ac Taquilla<\/span>\n\t<\/div>\n\n\n\n<div style=\"height:100px\" aria-hidden=\"true\" class=\"wp-block-spacer\"><\/div>\n\n\n\n<div class=\"wp-block-columns is-layout-flex wp-container-core-columns-is-layout-8f761849 wp-block-columns-is-layout-flex\">\n<div class=\"wp-block-column is-layout-flow wp-block-column-is-layout-flow\" style=\"flex-basis:33.33%\">\n<figure class=\"wp-block-image size-large\"><img loading=\"lazy\" decoding=\"async\" width=\"832\" height=\"1040\" src=\"https:\/\/cafelapalma.com\/wp-content\/uploads\/2023\/01\/MAGIC-MOR-A3-832x1040.png\" alt=\"\" class=\"wp-image-25573\" srcset=\"https:\/\/cafelapalma.com\/wp-content\/uploads\/2023\/01\/MAGIC-MOR-A3-832x1040.png 832w, https:\/\/cafelapalma.com\/wp-content\/uploads\/2023\/01\/MAGIC-MOR-A3-240x300.png 240w, https:\/\/cafelapalma.com\/wp-content\/uploads\/2023\/01\/MAGIC-MOR-A3-768x960.png 768w, https:\/\/cafelapalma.com\/wp-content\/uploads\/2023\/01\/MAGIC-MOR-A3-48x60.png 48w, https:\/\/cafelapalma.com\/wp-content\/uploads\/2023\/01\/MAGIC-MOR-A3.png 1080w\" sizes=\"auto, (max-width: 832px) 100vw, 832px\" \/><\/figure>\n\n\n<div  class=\"tribe-block tribe-block__event-website\" >\n\t<a\n\t\thref=\"https:\/\/link.dice.fm\/F0f33ea3a6c5\"\n\t\ttarget=\"_self\"\n\t\t\t>\n\t\tBUY TICKETS\t<\/a>\n<\/div>\n<\/div>\n\n\n\n<div class=\"wp-block-column is-layout-flow wp-block-column-is-layout-flow\" style=\"flex-basis:66.66%\">\n<p class=\"has-text-align-left wp-block-paragraph\">Se autodenominan \u201c<em>rara avis<\/em>\u201d, pero en realidad son\u00a0una banda excepcional<strong> <\/strong>cuyas melod\u00edas recuerdan <strong>The Flaming Lips<\/strong>, <strong>Animal Collective<\/strong> o\u00a0<strong>Arcade Fire<\/strong>, pero con un toque personal que a nadie deja indiferente. <strong>THE MAGIC MOR<\/strong>\u00a0sorprenden por su\u00a0<strong>explosivo sonido pop colorido con toques de rock psicod\u00e9lico<\/strong>. Su primer trabajo, <em><strong>\u201cThe Magic Boooooom\u200b!\u200b!\u200b!\u201d<\/strong><\/em>, consigui\u00f3 llamar la atenci\u00f3n de la cr\u00edtica, que esperaba impaciente una segunda entrega que se hizo esperar. Hubo que esperar hasta 2018 para disfrutar de <em><strong>\u201cMove The Lines To Make Circles\u201d<\/strong><\/em>, un\u00a0flamante y redondo segundo trabajo<strong>\u00a0<\/strong>que les llev\u00f3 de gira por\u00a0festivales de renombre\u00a0como el FIB o Monkey Week.<\/p>\n\n\n\n<p class=\"has-text-align-left wp-block-paragraph\">Desde entonces, la banda gaditana no ha cesado en su\u00a0b\u00fasqueda de un sonido m\u00e1s refinado, pura orfebrer\u00eda mel\u00f3mana. As\u00ed, tras mucho trabajo y dedicaci\u00f3n, ya podemos decir que el\u00a0tercer disco\u00a0de estudio de <strong>The Magic Mor<\/strong> es una realidad. Este trabajo, titulado <em>\u201c<strong>Abstract Minds in Complex Mazes<\/strong>\u201d<\/em> resultar\u00e1 familiar a esos afortunados que ya hab\u00edan podido escucharlo cuando los gaditanos telonearon a\u00a0<strong>Rufus T.<\/strong>\u00a0<strong>Firefly <\/strong>y\u00a0<strong>Le\u00f3n Benavente<\/strong>\u00a0en algunos de sus conciertos. De hecho, de alguna manera nos trae recuerdos del sonido de los primeros, as\u00ed como de otras bandas nacionales como\u00a0<strong>Mucho<\/strong>\u00a0y otras tantas internacionales de la talla de\u00a0<strong>The Vaccines<\/strong> o <strong>Placebo<\/strong>.<\/p>\n\n\n\n<p class=\"has-text-align-left wp-block-paragraph\"><strong>HENKO<\/strong> est\u00e1 compuesto por cinco m\u00fasicos de <strong>Ciudad Real<\/strong>, que anteriormente se encontraban en otras bandas y que cimentan su m\u00fasica alrededor de una bater\u00eda, un bajo, un teclado y una flauta travesera, un vocalista y dos guitarras. Sus referentes internacionales son <strong>Pink Floyd <\/strong>y <strong>Radiohead<\/strong>, y dentro del territorio nacional <strong>Standstill<\/strong>, <strong>Rufus T. Firefly<\/strong> y <strong>Havalina<\/strong>.<\/p>\n<\/div>\n<\/div>\n\n\n\n<div style=\"height:100px\" aria-hidden=\"true\" class=\"wp-block-spacer\"><\/div>\n\n\n\n<hr class=\"wp-block-separator has-alpha-channel-opacity is-style-wide\"\/>\n\n\n\n<div style=\"height:100px\" aria-hidden=\"true\" class=\"wp-block-spacer\"><\/div>\n\n\n<h2 class=\"tribe-block__related-events__title\">Related Events<\/h2>\n\n<ul  class=\"tribe-related-events tribe-clearfix\" >\n\t\t\t<li>\n\t\n<div class=\"tribe-related-events-thumbnail\">\n\t<a href=\"https:\/\/cafelapalma.com\/en\/programacion\/funkin-donuts\/\" class=\"url\" rel=\"bookmark\" tabindex=\"-1\" aria-hidden=\"true\"><img loading=\"lazy\" decoding=\"async\" width=\"693\" height=\"1040\" src=\"https:\/\/cafelapalma.com\/wp-content\/uploads\/2026\/07\/FD-vert2-bn-693x1040.jpg\" class=\"attachment-large size-large wp-post-image\" alt=\"\" \/><\/a>\n<\/div>\n\t<div class=\"tribe-related-event-info\">\n\t<h3 class=\"tribe-related-events-title\">\n\t\t<a href=\"https:\/\/cafelapalma.com\/en\/programacion\/funkin-donuts\/\" class=\"tribe-event-url\" rel=\"bookmark\">\n\t\t\tFUNKIN&#8217; DONUTS\t\t<\/a>\n\t<\/h3>\n\t<span class=\"tribe-event-date-start\">5  September@22:00<\/span><span class=\"tribe-event-time\">23:45<\/span><\/div>\n<\/li>\n\t\t\t<li>\n\t\n<div class=\"tribe-related-events-thumbnail\">\n\t<a href=\"https:\/\/cafelapalma.com\/en\/programacion\/backstage-le-petit-truffle-mayo\/\" class=\"url\" rel=\"bookmark\" tabindex=\"-1\" aria-hidden=\"true\"><img loading=\"lazy\" decoding=\"async\" width=\"780\" height=\"1040\" src=\"https:\/\/cafelapalma.com\/wp-content\/uploads\/2026\/07\/Imagen-TruffleMayo-LePetit-i-1-780x1040.png\" class=\"attachment-large size-large wp-post-image\" alt=\"\" \/><\/a>\n<\/div>\n\t<div class=\"tribe-related-event-info\">\n\t<h3 class=\"tribe-related-events-title\">\n\t\t<a href=\"https:\/\/cafelapalma.com\/en\/programacion\/backstage-le-petit-truffle-mayo\/\" class=\"tribe-event-url\" rel=\"bookmark\">\n\t\t\tBACKSTAGE: LE PETIT + TRUFFLE MAYO\t\t<\/a>\n\t<\/h3>\n\t<span class=\"tribe-event-date-start\">5  September@23:55<\/span><\/div>\n<\/li>\n\t\t\t<li>\n\t\n<div class=\"tribe-related-events-thumbnail\">\n\t<a href=\"https:\/\/cafelapalma.com\/en\/programacion\/willie-deville-concierto-benefico-x-venezuela\/\" class=\"url\" rel=\"bookmark\" tabindex=\"-1\" aria-hidden=\"true\"><img loading=\"lazy\" decoding=\"async\" width=\"1020\" height=\"531\" src=\"https:\/\/cafelapalma.com\/wp-content\/uploads\/2026\/08\/Willie-deville-1100x572-1-1040x541.jpg\" class=\"attachment-large size-large wp-post-image\" alt=\"\" \/><\/a>\n<\/div>\n\t<div class=\"tribe-related-event-info\">\n\t<h3 class=\"tribe-related-events-title\">\n\t\t<a href=\"https:\/\/cafelapalma.com\/en\/programacion\/willie-deville-concierto-benefico-x-venezuela\/\" class=\"tribe-event-url\" rel=\"bookmark\">\n\t\t\tWILLIE DEVILLE: CONCIERTO BEN\u00c9FICO X VENEZUELA\t\t<\/a>\n\t<\/h3>\n\t<span class=\"tribe-event-date-start\">6  September@21:00<\/span><span class=\"tribe-event-time\">23:45<\/span><\/div>\n<\/li>\n\t<\/ul>","protected":false},"excerpt":{"rendered":"<p>Se autodenominan \u201crara avis\u201d, pero en realidad son\u00a0una banda excepcional cuyas melod\u00edas recuerdan The Flaming Lips, Animal Collective o\u00a0Arcade Fire, pero con un toque personal que a nadie deja indiferente. THE MAGIC MOR\u00a0sorprenden por su\u00a0explosivo sonido pop colorido con toques de rock psicod\u00e9lico. Su primer trabajo, \u201cThe Magic Boooooom\u200b!\u200b!\u200b!\u201d, consigui\u00f3 llamar la atenci\u00f3n de la &hellip; <\/p>","protected":false},"author":2,"featured_media":25574,"template":"","meta":{"_tec_requires_first_save":false,"_uag_custom_page_level_css":"","loftloader_page_shortcode":"","_EventAllDay":false,"_EventTimezone":"Europe\/Madrid","_EventStartDate":"2023-02-23 21:00:00","_EventEndDate":"2023-02-23 23:30:00","_EventStartDateUTC":"2023-02-23 20:00:00","_EventEndDateUTC":"2023-02-23 22:30:00","_EventShowMap":false,"_EventShowMapLink":false,"_EventURL":"https:\/\/link.dice.fm\/F0f33ea3a6c5","_EventCost":"10","_EventCostDescription":"","_EventCurrencySymbol":"\u20ac","_EventCurrencyCode":"","_EventCurrencyPosition":"suffix","_EventDateTimeSeparator":"@","_EventTimeRangeSeparator":"-","_EventOrganizerID":[],"_EventVenueID":[0],"_OrganizerEmail":"","_OrganizerPhone":"","_OrganizerWebsite":"","_VenueAddress":"","_VenueCity":"","_VenueCountry":"","_VenueProvince":"","_VenueState":"","_VenueZip":"","_VenuePhone":"","_VenueURL":"","_VenueStateProvince":"","_VenueLat":"","_VenueLng":"","_VenueShowMap":false,"_VenueShowMapLink":false,"_tribe_blocks_recurrence_rules":"","_tribe_blocks_recurrence_description":"","_tribe_blocks_recurrence_exclusions":"","_ecp_custom_2":"","_tribe_events_status":"","_tribe_events_status_reason":"","_tribe_events_is_hybrid":"","_tribe_events_is_virtual":"","_tribe_events_virtual_video_source":"","_tribe_events_virtual_embed_video":"","_tribe_events_virtual_linked_button_text":"","_tribe_events_virtual_linked_button":"","_tribe_events_virtual_show_embed_at":"","_tribe_events_virtual_show_embed_to":[],"_tribe_events_virtual_show_on_event":"","_tribe_events_virtual_show_on_views":"","_tribe_events_virtual_url":"","footnotes":""},"tags":[13056,1363,8869,2865,9147,9146,13053,8970,13051,13058,13055,13059,9379,1355,1354,13057,13054,13052],"tribe_events_cat":[8963],"class_list":["post-25572","tribe_events","type-tribe_events","status-publish","has-post-thumbnail","hentry","tag-abstract-minds-in-complex-mazes","tag-cafe-la-palma","tag-cafe-la-palma-2","tag-conciertos-cafe-la-palma","tag-conciertos-madrid","tag-conciertos-malasana","tag-henko","tag-indie","tag-kraut","tag-leon-benavente","tag-move-the-lines-to-make-circles","tag-mucho","tag-noise","tag-pop","tag-rock","tag-rufus-t-firefly-2","tag-the-magic-boooooom","tag-the-magic-mor","tribe_events_cat-concierto","cat_concierto"],"uagb_featured_image_src":{"full":["https:\/\/cafelapalma.com\/wp-content\/uploads\/2023\/01\/TMM-SQARE.jpg",2048,2048,false],"thumbnail":["https:\/\/cafelapalma.com\/wp-content\/uploads\/2023\/01\/TMM-SQARE-150x150.jpg",150,150,true],"medium":["https:\/\/cafelapalma.com\/wp-content\/uploads\/2023\/01\/TMM-SQARE-300x300.jpg",300,300,true],"medium_large":["https:\/\/cafelapalma.com\/wp-content\/uploads\/2023\/01\/TMM-SQARE-768x768.jpg",768,768,true],"large":["https:\/\/cafelapalma.com\/wp-content\/uploads\/2023\/01\/TMM-SQARE-1040x1040.jpg",1020,1020,true],"1536x1536":["https:\/\/cafelapalma.com\/wp-content\/uploads\/2023\/01\/TMM-SQARE-1536x1536.jpg",1536,1536,true],"2048x2048":["https:\/\/cafelapalma.com\/wp-content\/uploads\/2023\/01\/TMM-SQARE-2048x2048.jpg",2048,2048,true],"trp-custom-language-flag":["https:\/\/cafelapalma.com\/wp-content\/uploads\/2023\/01\/TMM-SQARE.jpg",12,12,false],"blossom-feminine-slider":["https:\/\/cafelapalma.com\/wp-content\/uploads\/2023\/01\/TMM-SQARE-1920x649.jpg",1920,649,true],"blossom-feminine-featured":["https:\/\/cafelapalma.com\/wp-content\/uploads\/2023\/01\/TMM-SQARE-1410x600.jpg",1410,600,true],"blossom-feminine-with-sidebar":["https:\/\/cafelapalma.com\/wp-content\/uploads\/2023\/01\/TMM-SQARE-1020x600.jpg",1020,600,true],"blossom-feminine-blog":["https:\/\/cafelapalma.com\/wp-content\/uploads\/2023\/01\/TMM-SQARE-435x435.jpg",435,435,true],"blossom-feminine-cat":["https:\/\/cafelapalma.com\/wp-content\/uploads\/2023\/01\/TMM-SQARE-450x300.jpg",450,300,true],"blossom-feminine-related":["https:\/\/cafelapalma.com\/wp-content\/uploads\/2023\/01\/TMM-SQARE-320x200.jpg",320,200,true],"blossom-feminine-schema":["https:\/\/cafelapalma.com\/wp-content\/uploads\/2023\/01\/TMM-SQARE-60x60.jpg",60,60,true]},"uagb_author_info":{"display_name":"Victor","author_link":"https:\/\/cafelapalma.com\/en\/author\/comunicacion\/"},"uagb_comment_info":0,"uagb_excerpt":"Se autodenominan \u201crara avis\u201d, pero en realidad son\u00a0una banda excepcional cuyas melod\u00edas recuerdan The Flaming Lips, Animal Collective o\u00a0Arcade Fire, pero con un toque personal que a nadie deja indiferente. THE MAGIC MOR\u00a0sorprenden por su\u00a0explosivo sonido pop colorido con toques de rock psicod\u00e9lico. Su primer trabajo, \u201cThe Magic Boooooom\u200b!\u200b!\u200b!\u201d, consigui\u00f3 llamar la atenci\u00f3n de la&hellip;","_links":{"self":[{"href":"https:\/\/cafelapalma.com\/en\/wp-json\/wp\/v2\/tribe_events\/25572","targetHints":{"allow":["GET"]}}],"collection":[{"href":"https:\/\/cafelapalma.com\/en\/wp-json\/wp\/v2\/tribe_events"}],"about":[{"href":"https:\/\/cafelapalma.com\/en\/wp-json\/wp\/v2\/types\/tribe_events"}],"author":[{"embeddable":true,"href":"https:\/\/cafelapalma.com\/en\/wp-json\/wp\/v2\/users\/2"}],"version-history":[{"count":0,"href":"https:\/\/cafelapalma.com\/en\/wp-json\/wp\/v2\/tribe_events\/25572\/revisions"}],"wp:featuredmedia":[{"embeddable":true,"href":"https:\/\/cafelapalma.com\/en\/wp-json\/wp\/v2\/media\/25574"}],"wp:attachment":[{"href":"https:\/\/cafelapalma.com\/en\/wp-json\/wp\/v2\/media?parent=25572"}],"wp:term":[{"taxonomy":"post_tag","embeddable":true,"href":"https:\/\/cafelapalma.com\/en\/wp-json\/wp\/v2\/tags?post=25572"},{"taxonomy":"tribe_events_cat","embeddable":true,"href":"https:\/\/cafelapalma.com\/en\/wp-json\/wp\/v2\/tribe_events_cat?post=25572"}],"curies":[{"name":"wp","href":"https:\/\/api.w.org\/{rel}","templated":true}]}}