{"id":25625,"date":"2023-01-23T18:07:43","date_gmt":"2023-01-23T17:07:43","guid":{"rendered":"https:\/\/cafelapalma.com\/programacion\/mi-ro-mayo-22-copy\/"},"modified":"2023-01-24T11:22:57","modified_gmt":"2023-01-24T10:22:57","slug":"miro-live-enero-23","status":"publish","type":"tribe_events","link":"https:\/\/cafelapalma.com\/en\/programacion\/miro-live-enero-23\/","title":{"rendered":"MI.RO (Live Set)"},"content":{"rendered":"<div  class=\"tribe-events-schedule tribe-clearfix\" >\n\t<p class=\"tribe-events-schedule__datetime\">\n\t\t<span class=\"tribe-events-schedule__date tribe-events-schedule__date--start\">\n\t\t\t03  January  2023\t\t<\/span>\n\n\t\t\t\t\t<span class=\"tribe-events-schedule__separator tribe-events-schedule__separator--date\">\n\t\t\t\t@\t\t\t<\/span>\n\t\t\t<span class=\"tribe-events-schedule__time tribe-events-schedule__time--start\">\n\t\t\t\t22:00\t\t\t<\/span>\n\t\t\n\t\t\t\t\t\t\t\t\t<span class=\"tribe-events-schedule__separator tribe-events-schedule__separator--time\">\n\t\t\t\t\t&#8211;\t\t\t\t<\/span>\n\t\t\t\n\t\t\t\t\t\t\t<span class=\"tribe-events-schedule__time tribe-events-schedule__time--end\">\n\t\t\t\t\t23:45\t\t\t\t<\/span>\n\t\t\t\n\t\t\t\t\t\t<\/p>\n<\/div>\n\n\n<div  class=\"tribe-block tribe-block__event-price\" >\n\t\t\t<span class=\"tribe-block__event-price__cost\"> 8\u20ac <\/span>\n\t\t\t\t<span class=\"tribe-block__event-price__description\">+ gg Anticipada | 10\u20ac Taquilla<\/span>\n\t<\/div>\n\n\n\n<div style=\"height:100px\" aria-hidden=\"true\" class=\"wp-block-spacer\"><\/div>\n\n\n\n<div class=\"wp-block-columns is-layout-flex wp-container-core-columns-is-layout-8f761849 wp-block-columns-is-layout-flex\">\n<div class=\"wp-block-column is-layout-flow wp-block-column-is-layout-flow\" style=\"flex-basis:33.33%\">\n<figure class=\"wp-block-image size-large\"><img loading=\"lazy\" decoding=\"async\" width=\"683\" height=\"1024\" src=\"https:\/\/cafelapalma.com\/wp-content\/uploads\/2014\/12\/Fernando-Gullon-13dic2014-11-de-33-683x1024.jpg\" alt=\"\" class=\"wp-image-3045\" srcset=\"https:\/\/cafelapalma.com\/wp-content\/uploads\/2014\/12\/Fernando-Gullon-13dic2014-11-de-33-683x1024.jpg 683w, https:\/\/cafelapalma.com\/wp-content\/uploads\/2014\/12\/Fernando-Gullon-13dic2014-11-de-33-200x300.jpg 200w\" sizes=\"auto, (max-width: 683px) 100vw, 683px\" \/><\/figure>\n<\/div>\n\n\n\n<div class=\"wp-block-column is-layout-flow wp-block-column-is-layout-flow\" style=\"flex-basis:66.66%\">\n<div style=\"height:100px\" aria-hidden=\"true\" class=\"wp-block-spacer\"><\/div>\n\n\n\n<p class=\"has-text-align-left wp-block-paragraph\"><strong>MI.RO<\/strong> es el proyecto paralelo del veterano DJ y productor <strong>Fernando Gull\u00f3n<\/strong>, <em>enfant terrible<\/em> de la escena espa\u00f1ola. Durante toda su carrera ha publicado trabajos en sellos discogr\u00e1ficos nacionales e internacionales como <strong>Rotten City<\/strong>, <strong>Spa In Disco<\/strong>, <strong>Bo\u00eete<\/strong>, <strong>Espacio Cielo<\/strong>, <strong>Nein<\/strong>, <strong>La Volta Ros<\/strong>, <strong>Critical Mondays<\/strong> o <strong>Paradise Children<\/strong>. En 2021 public\u00f3 dos EP&#8217;s junto <strong>Yula Kasp<\/strong> in <strong>Dischi Autunno <\/strong>(subsello de <strong>Correspondant<\/strong>) con remixes de <strong>Nadia D&#8217;Alo<\/strong> (<strong>Hivern Discs<\/strong>), <strong>Mogambo <\/strong>(<strong>Dischi Autunno<\/strong>) y <strong>Curses<\/strong>, adem\u00e1s de nuevos Eps y su \u00e1lbum de debut.<\/p>\n\n\n\n<p class=\"has-text-align-left wp-block-paragraph\">En esta ocasi\u00f3n, y para comenzar con los fastos del <strong>28 ANIVERSARIO<\/strong> de <strong>CAFE LA PALMA<\/strong>, el artista montar\u00e1 en <em>live set<\/em> acompa\u00f1ado de contrabajo el\u00e9ctrico y percusi\u00f3n.<\/p>\n<\/div>\n<\/div>\n\n\n\n<div style=\"height:100px\" aria-hidden=\"true\" class=\"wp-block-spacer\"><\/div>\n\n\n\n<hr class=\"wp-block-separator has-css-opacity is-style-wide\"\/>\n\n\n\n<div style=\"height:100px\" aria-hidden=\"true\" class=\"wp-block-spacer\"><\/div>\n\n\n<h2 class=\"tribe-block__related-events__title\">Related Events<\/h2>\n\n<ul  class=\"tribe-related-events tribe-clearfix\" >\n\t\t\t<li>\n\t\n<div class=\"tribe-related-events-thumbnail\">\n\t<a href=\"https:\/\/cafelapalma.com\/en\/programacion\/funkin-donuts\/\" class=\"url\" rel=\"bookmark\" tabindex=\"-1\" aria-hidden=\"true\"><img loading=\"lazy\" decoding=\"async\" width=\"693\" height=\"1040\" src=\"https:\/\/cafelapalma.com\/wp-content\/uploads\/2026\/07\/FD-vert2-bn-693x1040.jpg\" class=\"attachment-large size-large wp-post-image\" alt=\"\" \/><\/a>\n<\/div>\n\t<div class=\"tribe-related-event-info\">\n\t<h3 class=\"tribe-related-events-title\">\n\t\t<a href=\"https:\/\/cafelapalma.com\/en\/programacion\/funkin-donuts\/\" class=\"tribe-event-url\" rel=\"bookmark\">\n\t\t\tFUNKIN&#8217; DONUTS\t\t<\/a>\n\t<\/h3>\n\t<span class=\"tribe-event-date-start\">5  September@22:00<\/span><span class=\"tribe-event-time\">23:45<\/span><\/div>\n<\/li>\n\t\t\t<li>\n\t\n<div class=\"tribe-related-events-thumbnail\">\n\t<a href=\"https:\/\/cafelapalma.com\/en\/programacion\/backstage-le-petit-truffle-mayo\/\" class=\"url\" rel=\"bookmark\" tabindex=\"-1\" aria-hidden=\"true\"><img loading=\"lazy\" decoding=\"async\" width=\"780\" height=\"1040\" src=\"https:\/\/cafelapalma.com\/wp-content\/uploads\/2026\/07\/Imagen-TruffleMayo-LePetit-i-1-780x1040.png\" class=\"attachment-large size-large wp-post-image\" alt=\"\" \/><\/a>\n<\/div>\n\t<div class=\"tribe-related-event-info\">\n\t<h3 class=\"tribe-related-events-title\">\n\t\t<a href=\"https:\/\/cafelapalma.com\/en\/programacion\/backstage-le-petit-truffle-mayo\/\" class=\"tribe-event-url\" rel=\"bookmark\">\n\t\t\tBACKSTAGE: LE PETIT + TRUFFLE MAYO\t\t<\/a>\n\t<\/h3>\n\t<span class=\"tribe-event-date-start\">5  September@23:55<\/span><\/div>\n<\/li>\n\t\t\t<li>\n\t\n<div class=\"tribe-related-events-thumbnail\">\n\t<a href=\"https:\/\/cafelapalma.com\/en\/programacion\/willie-deville-concierto-benefico-x-venezuela\/\" class=\"url\" rel=\"bookmark\" tabindex=\"-1\" aria-hidden=\"true\"><img loading=\"lazy\" decoding=\"async\" width=\"1020\" height=\"531\" src=\"https:\/\/cafelapalma.com\/wp-content\/uploads\/2026\/08\/Willie-deville-1100x572-1-1040x541.jpg\" class=\"attachment-large size-large wp-post-image\" alt=\"\" \/><\/a>\n<\/div>\n\t<div class=\"tribe-related-event-info\">\n\t<h3 class=\"tribe-related-events-title\">\n\t\t<a href=\"https:\/\/cafelapalma.com\/en\/programacion\/willie-deville-concierto-benefico-x-venezuela\/\" class=\"tribe-event-url\" rel=\"bookmark\">\n\t\t\tWILLIE DEVILLE: CONCIERTO BEN\u00c9FICO X VENEZUELA\t\t<\/a>\n\t<\/h3>\n\t<span class=\"tribe-event-date-start\">6  September@21:00<\/span><span class=\"tribe-event-time\">23:45<\/span><\/div>\n<\/li>\n\t<\/ul>","protected":false},"excerpt":{"rendered":"<p>MI.RO es el proyecto paralelo del veterano DJ y productor Fernando Gull\u00f3n, enfant terrible de la escena espa\u00f1ola. Durante toda su carrera ha publicado trabajos en sellos discogr\u00e1ficos nacionales e internacionales como Rotten City, Spa In Disco, Bo\u00eete, Espacio Cielo, Nein, La Volta Ros, Critical Mondays o Paradise Children. En 2021 public\u00f3 dos EP&#8217;s junto &hellip; <\/p>","protected":false},"author":2,"featured_media":2268,"template":"","meta":{"_tec_requires_first_save":false,"_uag_custom_page_level_css":"","loftloader_page_shortcode":"","_EventAllDay":false,"_EventTimezone":"Europe\/Madrid","_EventStartDate":"2023-01-03 22:00:00","_EventEndDate":"2023-01-03 23:45:00","_EventStartDateUTC":"2023-01-03 21:00:00","_EventEndDateUTC":"2023-01-03 22:45:00","_EventShowMap":false,"_EventShowMapLink":false,"_EventURL":"https:\/\/link.dice.fm\/Q30d8f5d7b37","_EventCost":"8","_EventCostDescription":"","_EventCurrencySymbol":"\u20ac","_EventCurrencyCode":"","_EventCurrencyPosition":"suffix","_EventDateTimeSeparator":"@","_EventTimeRangeSeparator":"-","_EventOrganizerID":[],"_EventVenueID":[0],"_OrganizerEmail":"","_OrganizerPhone":"","_OrganizerWebsite":"","_VenueAddress":"","_VenueCity":"","_VenueCountry":"","_VenueProvince":"","_VenueState":"","_VenueZip":"","_VenuePhone":"","_VenueURL":"","_VenueStateProvince":"","_VenueLat":"","_VenueLng":"","_VenueShowMap":false,"_VenueShowMapLink":false,"_tribe_blocks_recurrence_rules":"","_tribe_blocks_recurrence_description":"","_tribe_blocks_recurrence_exclusions":"","_ecp_custom_2":"","_tribe_events_status":"","_tribe_events_status_reason":"","_tribe_events_is_hybrid":"","_tribe_events_is_virtual":"","_tribe_events_virtual_video_source":"","_tribe_events_virtual_embed_video":"","_tribe_events_virtual_linked_button_text":"","_tribe_events_virtual_linked_button":"","_tribe_events_virtual_show_embed_at":"","_tribe_events_virtual_show_embed_to":[],"_tribe_events_virtual_show_on_event":"","_tribe_events_virtual_show_on_views":"","_tribe_events_virtual_url":"","footnotes":""},"tags":[1363,9226,9227,1357,10107,10106],"tribe_events_cat":[8963],"class_list":["post-25625","tribe_events","type-tribe_events","status-publish","has-post-thumbnail","hentry","tag-cafe-la-palma","tag-djs-madrid","tag-djs-malasana","tag-electronica","tag-fernando-gullon","tag-mi-ro","tribe_events_cat-concierto","cat_concierto"],"uagb_featured_image_src":{"full":["https:\/\/cafelapalma.com\/wp-content\/uploads\/2014\/09\/gullon.jpg",720,480,false],"thumbnail":["https:\/\/cafelapalma.com\/wp-content\/uploads\/2014\/09\/gullon-150x150.jpg",150,150,true],"medium":["https:\/\/cafelapalma.com\/wp-content\/uploads\/2014\/09\/gullon-300x200.jpg",300,200,true],"medium_large":["https:\/\/cafelapalma.com\/wp-content\/uploads\/2014\/09\/gullon.jpg",720,480,false],"large":["https:\/\/cafelapalma.com\/wp-content\/uploads\/2014\/09\/gullon.jpg",720,480,false],"1536x1536":["https:\/\/cafelapalma.com\/wp-content\/uploads\/2014\/09\/gullon.jpg",720,480,false],"2048x2048":["https:\/\/cafelapalma.com\/wp-content\/uploads\/2014\/09\/gullon.jpg",720,480,false],"trp-custom-language-flag":["https:\/\/cafelapalma.com\/wp-content\/uploads\/2014\/09\/gullon.jpg",18,12,false],"blossom-feminine-slider":["https:\/\/cafelapalma.com\/wp-content\/uploads\/2014\/09\/gullon.jpg",720,480,false],"blossom-feminine-featured":["https:\/\/cafelapalma.com\/wp-content\/uploads\/2014\/09\/gullon.jpg",720,480,false],"blossom-feminine-with-sidebar":["https:\/\/cafelapalma.com\/wp-content\/uploads\/2014\/09\/gullon.jpg",720,480,false],"blossom-feminine-blog":["https:\/\/cafelapalma.com\/wp-content\/uploads\/2014\/09\/gullon.jpg",435,290,false],"blossom-feminine-cat":["https:\/\/cafelapalma.com\/wp-content\/uploads\/2014\/09\/gullon.jpg",450,300,false],"blossom-feminine-related":["https:\/\/cafelapalma.com\/wp-content\/uploads\/2014\/09\/gullon.jpg",300,200,false],"blossom-feminine-schema":["https:\/\/cafelapalma.com\/wp-content\/uploads\/2014\/09\/gullon.jpg",90,60,false]},"uagb_author_info":{"display_name":"Victor","author_link":"https:\/\/cafelapalma.com\/en\/author\/comunicacion\/"},"uagb_comment_info":0,"uagb_excerpt":"MI.RO es el proyecto paralelo del veterano DJ y productor Fernando Gull\u00f3n, enfant terrible de la escena espa\u00f1ola. Durante toda su carrera ha publicado trabajos en sellos discogr\u00e1ficos nacionales e internacionales como Rotten City, Spa In Disco, Bo\u00eete, Espacio Cielo, Nein, La Volta Ros, Critical Mondays o Paradise Children. En 2021 public\u00f3 dos EP&#8217;s junto&hellip;","_links":{"self":[{"href":"https:\/\/cafelapalma.com\/en\/wp-json\/wp\/v2\/tribe_events\/25625","targetHints":{"allow":["GET"]}}],"collection":[{"href":"https:\/\/cafelapalma.com\/en\/wp-json\/wp\/v2\/tribe_events"}],"about":[{"href":"https:\/\/cafelapalma.com\/en\/wp-json\/wp\/v2\/types\/tribe_events"}],"author":[{"embeddable":true,"href":"https:\/\/cafelapalma.com\/en\/wp-json\/wp\/v2\/users\/2"}],"version-history":[{"count":0,"href":"https:\/\/cafelapalma.com\/en\/wp-json\/wp\/v2\/tribe_events\/25625\/revisions"}],"wp:featuredmedia":[{"embeddable":true,"href":"https:\/\/cafelapalma.com\/en\/wp-json\/wp\/v2\/media\/2268"}],"wp:attachment":[{"href":"https:\/\/cafelapalma.com\/en\/wp-json\/wp\/v2\/media?parent=25625"}],"wp:term":[{"taxonomy":"post_tag","embeddable":true,"href":"https:\/\/cafelapalma.com\/en\/wp-json\/wp\/v2\/tags?post=25625"},{"taxonomy":"tribe_events_cat","embeddable":true,"href":"https:\/\/cafelapalma.com\/en\/wp-json\/wp\/v2\/tribe_events_cat?post=25625"}],"curies":[{"name":"wp","href":"https:\/\/api.w.org\/{rel}","templated":true}]}}