{"id":25705,"date":"2023-02-07T11:02:47","date_gmt":"2023-02-07T10:02:47","guid":{"rendered":"https:\/\/cafelapalma.com\/?post_type=tribe_events&#038;p=25705"},"modified":"2023-02-08T13:10:37","modified_gmt":"2023-02-08T12:10:37","slug":"deteresa-ale-vaez","status":"publish","type":"tribe_events","link":"https:\/\/cafelapalma.com\/en\/programacion\/deteresa-ale-vaez\/","title":{"rendered":"DeTeresa + ALE VAEZ"},"content":{"rendered":"<div  class=\"tribe-events-schedule tribe-clearfix\" >\n\t<p class=\"tribe-events-schedule__datetime\">\n\t\t<span class=\"tribe-events-schedule__date tribe-events-schedule__date--start\">\n\t\t\t16  March  2023\t\t<\/span>\n\n\t\t\t\t\t<span class=\"tribe-events-schedule__separator tribe-events-schedule__separator--date\">\n\t\t\t\t@\t\t\t<\/span>\n\t\t\t<span class=\"tribe-events-schedule__time tribe-events-schedule__time--start\">\n\t\t\t\t21:00\t\t\t<\/span>\n\t\t\n\t\t\t\t\t\t\t\t\t<span class=\"tribe-events-schedule__separator tribe-events-schedule__separator--time\">\n\t\t\t\t\t&#8211;\t\t\t\t<\/span>\n\t\t\t\n\t\t\t\t\t\t\t<span class=\"tribe-events-schedule__time tribe-events-schedule__time--end\">\n\t\t\t\t\t23:45\t\t\t\t<\/span>\n\t\t\t\n\t\t\t\t\t\t<\/p>\n<\/div>\n\n\n<div  class=\"tribe-block tribe-block__event-price\" >\n\t\t\t<span class=\"tribe-block__event-price__cost\"> 8\u20ac <\/span>\n\t\t\t\t<span class=\"tribe-block__event-price__description\">+ gg Anticipada | 10\u20ac Taquilla<\/span>\n\t<\/div>\n\n\n\n<div style=\"height:100px\" aria-hidden=\"true\" class=\"wp-block-spacer\"><\/div>\n\n\n\n<div class=\"wp-block-columns is-layout-flex wp-container-core-columns-is-layout-8f761849 wp-block-columns-is-layout-flex\">\n<div class=\"wp-block-column is-layout-flow wp-block-column-is-layout-flow\" style=\"flex-basis:33.33%\">\n<figure class=\"wp-block-image size-full\"><img loading=\"lazy\" decoding=\"async\" width=\"432\" height=\"605\" src=\"https:\/\/cafelapalma.com\/wp-content\/uploads\/2023\/02\/DETERSA-ALE-VAEZ-A3-LOW.jpg\" alt=\"\" class=\"wp-image-25733\" srcset=\"https:\/\/cafelapalma.com\/wp-content\/uploads\/2023\/02\/DETERSA-ALE-VAEZ-A3-LOW.jpg 432w, https:\/\/cafelapalma.com\/wp-content\/uploads\/2023\/02\/DETERSA-ALE-VAEZ-A3-LOW-214x300.jpg 214w, https:\/\/cafelapalma.com\/wp-content\/uploads\/2023\/02\/DETERSA-ALE-VAEZ-A3-LOW-43x60.jpg 43w\" sizes=\"auto, (max-width: 432px) 100vw, 432px\" \/><\/figure>\n\n\n<div  class=\"tribe-block tribe-block__event-website\" >\n\t<a\n\t\thref=\"https:\/\/link.dice.fm\/Paf438bf91e5\"\n\t\ttarget=\"_self\"\n\t\t\t>\n\t\tBUY TICKETS\t<\/a>\n<\/div>\n<\/div>\n\n\n\n<div class=\"wp-block-column is-layout-flow wp-block-column-is-layout-flow\" style=\"flex-basis:66.66%\">\n<div style=\"height:100px\" aria-hidden=\"true\" class=\"wp-block-spacer\"><\/div>\n\n\n\n<p class=\"has-text-align-left wp-block-paragraph\"><strong>DeTeresa <\/strong>es una artista espa\u00f1ola afincada en <strong>Madrid<\/strong>. Desde muy joven se form\u00f3 en canto, baile e interpretaci\u00f3n y recientemente se gradu\u00f3 en Composici\u00f3n Moderna. Su educaci\u00f3n en teatro musical junto con su inter\u00e9s por la diversidad cultural y la m\u00fasica mainstream la han llevado a crear un sonido \u00fanico, categorizado como &#8216;pop carism\u00e1tico&#8217;. Recientemente ha terminado su primer \u00e1lbum que se estrenara en oto\u00f1o de 2023.<\/p>\n\n\n\n<p class=\"has-text-align-left wp-block-paragraph\"><strong>Ale Vaez<\/strong> (<strong>Segovia<\/strong>,1997) y con base en <strong>Madrid <\/strong>comienza su carrera musical en 2019 de la mano de un potente universo visual. Su m\u00fasica y las influencias m\u00e1s variadas viajan desde el sentimiento m\u00e1s desnudo hasta el pop m\u00e1s brillante, y que tras lanzar su primer EP, se embarca en el viaje de hacia la <strong><em>CALMA<\/em><\/strong>, con su nuevo sencillo <strong><em>PERFECTO<\/em><\/strong>, que habla del amor en tono despreocupado. Este a\u00f1o, Ale, nos va a regalar nueva m\u00fasica que nos har\u00e1 disfrutar de esa esencia fresca que le caracteriza.<\/p>\n<\/div>\n<\/div>\n\n\n\n<div style=\"height:100px\" aria-hidden=\"true\" class=\"wp-block-spacer\"><\/div>\n\n\n\n<hr class=\"wp-block-separator has-alpha-channel-opacity is-style-wide\"\/>\n\n\n\n<div style=\"height:100px\" aria-hidden=\"true\" class=\"wp-block-spacer\"><\/div>\n\n\n<h2 class=\"tribe-block__related-events__title\">Related Events<\/h2>\n\n<ul  class=\"tribe-related-events tribe-clearfix\" >\n\t\t\t<li>\n\t\n<div class=\"tribe-related-events-thumbnail\">\n\t<a href=\"https:\/\/cafelapalma.com\/en\/programacion\/willie-deville-concierto-benefico-x-venezuela\/\" class=\"url\" rel=\"bookmark\" tabindex=\"-1\" aria-hidden=\"true\"><img loading=\"lazy\" decoding=\"async\" width=\"1020\" height=\"531\" src=\"https:\/\/cafelapalma.com\/wp-content\/uploads\/2026\/08\/Willie-deville-1100x572-1-1040x541.jpg\" class=\"attachment-large size-large wp-post-image\" alt=\"\" \/><\/a>\n<\/div>\n\t<div class=\"tribe-related-event-info\">\n\t<h3 class=\"tribe-related-events-title\">\n\t\t<a href=\"https:\/\/cafelapalma.com\/en\/programacion\/willie-deville-concierto-benefico-x-venezuela\/\" class=\"tribe-event-url\" rel=\"bookmark\">\n\t\t\tWILLIE DEVILLE: CONCIERTO BEN\u00c9FICO X VENEZUELA\t\t<\/a>\n\t<\/h3>\n\t<span class=\"tribe-event-date-start\">6  September@21:00<\/span><span class=\"tribe-event-time\">23:45<\/span><\/div>\n<\/li>\n\t\t\t<li>\n\t\n<div class=\"tribe-related-events-thumbnail\">\n\t<a href=\"https:\/\/cafelapalma.com\/en\/programacion\/new-boix\/\" class=\"url\" rel=\"bookmark\" tabindex=\"-1\" aria-hidden=\"true\"><img loading=\"lazy\" decoding=\"async\" width=\"694\" height=\"1040\" src=\"https:\/\/cafelapalma.com\/wp-content\/uploads\/2026\/05\/WhatsApp-Image-2026-04-29-at-12.00.28-694x1040.jpeg\" class=\"attachment-large size-large wp-post-image\" alt=\"\" \/><\/a>\n<\/div>\n\t<div class=\"tribe-related-event-info\">\n\t<h3 class=\"tribe-related-events-title\">\n\t\t<a href=\"https:\/\/cafelapalma.com\/en\/programacion\/new-boix\/\" class=\"tribe-event-url\" rel=\"bookmark\">\n\t\t\tNEW BOIX\t\t<\/a>\n\t<\/h3>\n\t<span class=\"tribe-event-date-start\">10  September@22:00<\/span><span class=\"tribe-event-time\">23:45<\/span><\/div>\n<\/li>\n\t\t\t<li>\n\t\n<div class=\"tribe-related-events-thumbnail\">\n\t<a href=\"https:\/\/cafelapalma.com\/en\/programacion\/eric-rohmer-seasunday\/\" class=\"url\" rel=\"bookmark\" tabindex=\"-1\" aria-hidden=\"true\"><img loading=\"lazy\" decoding=\"async\" width=\"693\" height=\"1040\" src=\"https:\/\/cafelapalma.com\/wp-content\/uploads\/2026\/07\/ERIC-ROHMER-VERTICAL-1-693x1040.jpg\" class=\"attachment-large size-large wp-post-image\" alt=\"\" \/><\/a>\n<\/div>\n\t<div class=\"tribe-related-event-info\">\n\t<h3 class=\"tribe-related-events-title\">\n\t\t<a href=\"https:\/\/cafelapalma.com\/en\/programacion\/eric-rohmer-seasunday\/\" class=\"tribe-event-url\" rel=\"bookmark\">\n\t\t\tERIC ROHMER + SEASUNDAY\t\t<\/a>\n\t<\/h3>\n\t<span class=\"tribe-event-date-start\">11  September@21:00<\/span><span class=\"tribe-event-time\">23:45<\/span><\/div>\n<\/li>\n\t<\/ul>","protected":false},"excerpt":{"rendered":"<p>DeTeresa es una artista espa\u00f1ola afincada en Madrid. Desde muy joven se form\u00f3 en canto, baile e interpretaci\u00f3n y recientemente se gradu\u00f3 en Composici\u00f3n Moderna. Su educaci\u00f3n en teatro musical junto con su inter\u00e9s por la diversidad cultural y la m\u00fasica mainstream la han llevado a crear un sonido \u00fanico, categorizado como &#8216;pop carism\u00e1tico&#8217;. Recientemente &hellip; <\/p>","protected":false},"author":2,"featured_media":25707,"template":"","meta":{"_tec_requires_first_save":false,"_uag_custom_page_level_css":"","loftloader_page_shortcode":"","_EventAllDay":false,"_EventTimezone":"Europe\/Madrid","_EventStartDate":"2023-03-16 21:00:00","_EventEndDate":"2023-03-16 23:45:00","_EventStartDateUTC":"2023-03-16 20:00:00","_EventEndDateUTC":"2023-03-16 22:45:00","_EventShowMap":false,"_EventShowMapLink":false,"_EventURL":"https:\/\/link.dice.fm\/Paf438bf91e5","_EventCost":"8","_EventCostDescription":"","_EventCurrencySymbol":"\u20ac","_EventCurrencyCode":"","_EventCurrencyPosition":"suffix","_EventDateTimeSeparator":"@","_EventTimeRangeSeparator":"-","_EventOrganizerID":[],"_EventVenueID":[0],"_OrganizerEmail":"","_OrganizerPhone":"","_OrganizerWebsite":"","_VenueAddress":"","_VenueCity":"","_VenueCountry":"","_VenueProvince":"","_VenueState":"","_VenueZip":"","_VenuePhone":"","_VenueURL":"","_VenueStateProvince":"","_VenueLat":"","_VenueLng":"","_VenueShowMap":false,"_VenueShowMapLink":false,"_tribe_blocks_recurrence_rules":"","_tribe_blocks_recurrence_description":"","_tribe_blocks_recurrence_exclusions":"","_ecp_custom_2":"","_tribe_events_status":"","_tribe_events_status_reason":"","_tribe_events_is_hybrid":"","_tribe_events_is_virtual":"","_tribe_events_virtual_video_source":"","_tribe_events_virtual_embed_video":"","_tribe_events_virtual_linked_button_text":"","_tribe_events_virtual_linked_button":"","_tribe_events_virtual_show_embed_at":"","_tribe_events_virtual_show_embed_to":[],"_tribe_events_virtual_show_on_event":"","_tribe_events_virtual_show_on_views":"","_tribe_events_virtual_url":"","footnotes":""},"tags":[13149,1363,8869,2865,9147,9146,13148,13150,13144,1355,13151,13147,13145,13146,11233],"tribe_events_cat":[8963],"class_list":["post-25705","tribe_events","type-tribe_events","status-publish","has-post-thumbnail","hentry","tag-ale-vaez","tag-cafe-la-palma","tag-cafe-la-palma-2","tag-conciertos-cafe-la-palma","tag-conciertos-madrid","tag-conciertos-malasana","tag-deteresa","tag-futurachicapop","tag-mainstream","tag-pop","tag-sofia-amores","tag-warne-chapell","tag-warner","tag-warner-music","tag-warner-music-spain","tribe_events_cat-concierto","cat_concierto"],"uagb_featured_image_src":{"full":["https:\/\/cafelapalma.com\/wp-content\/uploads\/2023\/02\/image00001.jpeg",720,1008,false],"thumbnail":["https:\/\/cafelapalma.com\/wp-content\/uploads\/2023\/02\/image00001-150x150.jpeg",150,150,true],"medium":["https:\/\/cafelapalma.com\/wp-content\/uploads\/2023\/02\/image00001-214x300.jpeg",214,300,true],"medium_large":["https:\/\/cafelapalma.com\/wp-content\/uploads\/2023\/02\/image00001.jpeg",720,1008,false],"large":["https:\/\/cafelapalma.com\/wp-content\/uploads\/2023\/02\/image00001.jpeg",720,1008,false],"1536x1536":["https:\/\/cafelapalma.com\/wp-content\/uploads\/2023\/02\/image00001.jpeg",720,1008,false],"2048x2048":["https:\/\/cafelapalma.com\/wp-content\/uploads\/2023\/02\/image00001.jpeg",720,1008,false],"trp-custom-language-flag":["https:\/\/cafelapalma.com\/wp-content\/uploads\/2023\/02\/image00001.jpeg",9,12,false],"blossom-feminine-slider":["https:\/\/cafelapalma.com\/wp-content\/uploads\/2023\/02\/image00001-720x649.jpeg",720,649,true],"blossom-feminine-featured":["https:\/\/cafelapalma.com\/wp-content\/uploads\/2023\/02\/image00001-720x600.jpeg",720,600,true],"blossom-feminine-with-sidebar":["https:\/\/cafelapalma.com\/wp-content\/uploads\/2023\/02\/image00001-720x600.jpeg",720,600,true],"blossom-feminine-blog":["https:\/\/cafelapalma.com\/wp-content\/uploads\/2023\/02\/image00001-435x435.jpeg",435,435,true],"blossom-feminine-cat":["https:\/\/cafelapalma.com\/wp-content\/uploads\/2023\/02\/image00001-450x300.jpeg",450,300,true],"blossom-feminine-related":["https:\/\/cafelapalma.com\/wp-content\/uploads\/2023\/02\/image00001-320x200.jpeg",320,200,true],"blossom-feminine-schema":["https:\/\/cafelapalma.com\/wp-content\/uploads\/2023\/02\/image00001-43x60.jpeg",43,60,true]},"uagb_author_info":{"display_name":"Victor","author_link":"https:\/\/cafelapalma.com\/en\/author\/comunicacion\/"},"uagb_comment_info":0,"uagb_excerpt":"DeTeresa es una artista espa\u00f1ola afincada en Madrid. Desde muy joven se form\u00f3 en canto, baile e interpretaci\u00f3n y recientemente se gradu\u00f3 en Composici\u00f3n Moderna. Su educaci\u00f3n en teatro musical junto con su inter\u00e9s por la diversidad cultural y la m\u00fasica mainstream la han llevado a crear un sonido \u00fanico, categorizado como &#8216;pop carism\u00e1tico&#8217;. Recientemente&hellip;","_links":{"self":[{"href":"https:\/\/cafelapalma.com\/en\/wp-json\/wp\/v2\/tribe_events\/25705","targetHints":{"allow":["GET"]}}],"collection":[{"href":"https:\/\/cafelapalma.com\/en\/wp-json\/wp\/v2\/tribe_events"}],"about":[{"href":"https:\/\/cafelapalma.com\/en\/wp-json\/wp\/v2\/types\/tribe_events"}],"author":[{"embeddable":true,"href":"https:\/\/cafelapalma.com\/en\/wp-json\/wp\/v2\/users\/2"}],"version-history":[{"count":0,"href":"https:\/\/cafelapalma.com\/en\/wp-json\/wp\/v2\/tribe_events\/25705\/revisions"}],"wp:featuredmedia":[{"embeddable":true,"href":"https:\/\/cafelapalma.com\/en\/wp-json\/wp\/v2\/media\/25707"}],"wp:attachment":[{"href":"https:\/\/cafelapalma.com\/en\/wp-json\/wp\/v2\/media?parent=25705"}],"wp:term":[{"taxonomy":"post_tag","embeddable":true,"href":"https:\/\/cafelapalma.com\/en\/wp-json\/wp\/v2\/tags?post=25705"},{"taxonomy":"tribe_events_cat","embeddable":true,"href":"https:\/\/cafelapalma.com\/en\/wp-json\/wp\/v2\/tribe_events_cat?post=25705"}],"curies":[{"name":"wp","href":"https:\/\/api.w.org\/{rel}","templated":true}]}}